{"id":194628,"date":"2023-10-06T09:03:05","date_gmt":"2023-10-06T07:03:05","guid":{"rendered":"https:\/\/www.studium.uni-mainz.de\/history-histoire-ma\/"},"modified":"2026-03-31T14:14:34","modified_gmt":"2026-03-31T12:14:34","slug":"history-histoire-dijon-ma","status":"publish","type":"page","link":"https:\/\/www.studium.uni-mainz.de\/en\/choosing-your-degree-program\/courses-offered\/history-histoire-dijon-ma\/","title":{"rendered":"History\/Histoire Dijon MA"},"content":{"rendered":"<jgu-base-pageheader react-props=\"{\n    &quot;items&quot;: [\n        {\n            &quot;box&quot;: {\n                &quot;index&quot;: &quot;History\\\/Histoire (M.A.)&quot;,\n                &quot;title&quot;: &quot;Study History Internationally&quot;,\n                &quot;link&quot;: {\n                    &quot;url&quot;: &quot;&quot;,\n                    &quot;title&quot;: &quot;Learn more&quot;\n                }\n            },\n            &quot;color&quot;: &quot;dark&quot;,\n            &quot;image&quot;: {\n                &quot;url&quot;: &quot;https:\\\/\\\/cms.zdv.uni-mainz.de\\\/studium\\\/wp-content\\\/uploads\\\/sites\\\/12\\\/2025\\\/09\\\/Geschichte-MA-Dijon.jpeg&quot;,\n                &quot;id&quot;: 191010,\n                &quot;caption&quot;: &quot;A Colored roof tile in dijon city - France&quot;,\n                &quot;credit&quot;: &quot;\\u00a9chris3d\\\/stock.adobe.com&quot;,\n                &quot;title&quot;: &quot;Colored roof tile in dijon city - France&quot;,\n                &quot;width&quot;: 1250,\n                &quot;height&quot;: 700,\n                &quot;srcset&quot;: &quot;https:\\\/\\\/cms.zdv.uni-mainz.de\\\/studium\\\/wp-content\\\/uploads\\\/sites\\\/12\\\/2025\\\/09\\\/Geschichte-MA-Dijon.jpeg 1250w, https:\\\/\\\/cms.zdv.uni-mainz.de\\\/studium\\\/wp-content\\\/uploads\\\/sites\\\/12\\\/2025\\\/09\\\/Geschichte-MA-Dijon-300x168.jpeg 300w, https:\\\/\\\/cms.zdv.uni-mainz.de\\\/studium\\\/wp-content\\\/uploads\\\/sites\\\/12\\\/2025\\\/09\\\/Geschichte-MA-Dijon-1024x573.jpeg 1024w, https:\\\/\\\/cms.zdv.uni-mainz.de\\\/studium\\\/wp-content\\\/uploads\\\/sites\\\/12\\\/2025\\\/09\\\/Geschichte-MA-Dijon-768x430.jpeg 768w&quot;\n            },\n            &quot;imgCredit&quot;: &quot;&quot;,\n            &quot;useVideo&quot;: false,\n            &quot;video&quot;: false\n        }\n    ],\n    &quot;type&quot;: &quot;default&quot;,\n    &quot;useBreadcrumb&quot;: true,\n    &quot;align&quot;: &quot;full&quot;,\n    &quot;quicklinks&quot;: {\n        &quot;show&quot;: false,\n        &quot;selects&quot;: []\n    }\n}\">\n<\/jgu-base-pageheader>\n\n<jgu-base-anchornavigation react-props=\"{\n    &quot;align&quot;: &quot;wide&quot;,\n    &quot;theme&quot;: &quot;white&quot;\n}\">\n    \n<\/jgu-base-anchornavigation>\n\n<div\n\tclass=\"jgu-anchorpoint\"\n\tid=\"facts-figures\"\n\tdata-label=\"Facts &amp;amp; figures\"\n\tdata-hide-in-nav=\"false\"\n\ttabindex=\"0\"\n\tdata-initial-scroll=\"true\"\n><\/div>\n\n\n<jgu-base-section react-props=\"{&quot;color&quot;:&quot;light&quot;,&quot;align&quot;:&quot;wide&quot;,&quot;padding&quot;:&quot;medium&quot;}\">\n<div class=\"jgu-bgsection bg bg-light \"><div class=\"content padding-medium\"><jgu-base-heading react-props=\"{\n    &quot;index&quot;: &quot;Facts &amp;amp; figures&quot;,\n    &quot;tags&quot;: {\n        &quot;htmlTag&quot;: &quot;h2&quot;,\n        &quot;classTag&quot;: &quot;&quot;,\n        &quot;tag&quot;: &quot;h2&quot;\n    },\n    &quot;heading&quot;: &quot;&lt;strong&gt;At a glance&lt;\\\/strong&gt;&quot;,\n    &quot;textAlign&quot;: &quot;left&quot;,\n    &quot;anchor&quot;: &quot;&quot;,\n    &quot;color&quot;: &quot;red&quot;\n}\"><\/jgu-base-heading>\n\n\n<jgu-base-keyfacts react-props=\"{\n    &quot;align&quot;: &quot;wide&quot;\n}\">\n<jgu-base-keyfactsitem react-props=\"{\n    &quot;index&quot;: &quot;Degree&quot;,\n    &quot;text&quot;: &quot;Master of Arts (Germany), Master Recherche (France)&quot;,\n    &quot;description&quot;: &quot;German-French degree program&quot;,\n    &quot;icon&quot;: &quot;jgu-icon-abschluss&quot;,\n    &quot;wide&quot;: false,\n    &quot;showReadMore&quot;: false,\n    &quot;characterLimit&quot;: 500,\n    &quot;visibleLines&quot;: 3\n}\">\n    \n<\/jgu-base-keyfactsitem>\n\n<jgu-base-keyfactsitem react-props=\"{\n    &quot;index&quot;: &quot;Admission requirements&quot;,\n    &quot;text&quot;: &quot;Non-selective admission&quot;,\n    &quot;icon&quot;: &quot;jgu-icon-zulassungsbedingungen-zulassungsfrei&quot;,\n    &quot;description&quot;: &quot;&quot;,\n    &quot;wide&quot;: false,\n    &quot;showReadMore&quot;: false,\n    &quot;characterLimit&quot;: 500,\n    &quot;visibleLines&quot;: 3\n}\">\n    \n<\/jgu-base-keyfactsitem>\n\n<jgu-base-keyfactsitem react-props=\"{\n    &quot;index&quot;: &quot;Standard period of study&quot;,\n    &quot;text&quot;: &quot;4 semesters&quot;,\n    &quot;icon&quot;: &quot;jgu-icon-studienzeit&quot;,\n    &quot;description&quot;: &quot;&quot;,\n    &quot;wide&quot;: false,\n    &quot;showReadMore&quot;: false,\n    &quot;characterLimit&quot;: 500,\n    &quot;visibleLines&quot;: 3\n}\">\n    \n<\/jgu-base-keyfactsitem>\n\n<jgu-base-keyfactsitem react-props=\"{\n    &quot;index&quot;: &quot;Main languages of instruction&quot;,\n    &quot;text&quot;: &quot;German, French &quot;,\n    &quot;icon&quot;: &quot;jgu-icon-sprachen&quot;,\n    &quot;description&quot;: &quot;&quot;,\n    &quot;wide&quot;: false,\n    &quot;showReadMore&quot;: false,\n    &quot;characterLimit&quot;: 500,\n    &quot;visibleLines&quot;: 3\n}\">\n    \n<\/jgu-base-keyfactsitem>\n\n<jgu-base-keyfactsitem react-props=\"{\n    &quot;index&quot;: &quot;Start of degree program&quot;,\n    &quot;text&quot;: &quot;Summer and winter semester&quot;,\n    &quot;description&quot;: &quot;Beginning studies in the winter semester is recommended&lt;br&gt;&lt;a href=\\&quot;#infos-zur-bewerbung\\&quot; data-type=\\&quot;internal\\&quot; data-id=\\&quot;#infos-zur-bewerbung\\&quot;&gt;Deadlines and application&lt;\\\/a&gt;&quot;,\n    &quot;icon&quot;: &quot;jgu-icon-studienbeginn&quot;,\n    &quot;wide&quot;: false,\n    &quot;showReadMore&quot;: false,\n    &quot;characterLimit&quot;: 500,\n    &quot;visibleLines&quot;: 3\n}\">\n    \n<\/jgu-base-keyfactsitem>\n\n<jgu-base-keyfactsitem react-props=\"{\n    &quot;index&quot;: &quot;Credit points&quot;,\n    &quot;text&quot;: &quot;120 ECTS&quot;,\n    &quot;icon&quot;: &quot;jgu-icon-cp&quot;,\n    &quot;description&quot;: &quot;&quot;,\n    &quot;wide&quot;: false,\n    &quot;showReadMore&quot;: false,\n    &quot;characterLimit&quot;: 500,\n    &quot;visibleLines&quot;: 3\n}\">\n    \n<\/jgu-base-keyfactsitem>\n\n<jgu-base-keyfactsitem react-props=\"{\n    &quot;index&quot;: &quot;Special characteristics&quot;,\n    &quot;text&quot;: &quot;International degree program&quot;,\n    &quot;description&quot;: &quot;German-French double degree; study at JGU and the Universit\\u00e9 Bourgogne Europe in Dijon (France)&quot;,\n    &quot;wide&quot;: true,\n    &quot;icon&quot;: &quot;jgu-icon-besonderheiten&quot;,\n    &quot;showReadMore&quot;: false,\n    &quot;characterLimit&quot;: 500,\n    &quot;visibleLines&quot;: 3\n}\">\n    \n<\/jgu-base-keyfactsitem>\n<\/jgu-base-keyfacts><\/div><\/div>\n<\/jgu-base-section>\n\n<jgu-base-section react-props=\"{&quot;color&quot;:&quot;white&quot;,&quot;align&quot;:&quot;wide&quot;,&quot;padding&quot;:&quot;medium&quot;}\">\n<div class=\"jgu-bgsection bg bg-white \"><div class=\"content padding-medium\"><div\n\tclass=\"jgu-anchorpoint\"\n\tid=\"degree-overview\"\n\tdata-label=\"Degree overview\"\n\tdata-hide-in-nav=\"false\"\n\ttabindex=\"0\"\n\tdata-initial-scroll=\"true\"\n><\/div>\n\n\n<jgu-base-heading react-props=\"{\n    &quot;index&quot;: &quot;Degree overview&quot;,\n    &quot;tags&quot;: {\n        &quot;htmlTag&quot;: &quot;h2&quot;,\n        &quot;classTag&quot;: &quot;&quot;,\n        &quot;tag&quot;: &quot;h2&quot;\n    },\n    &quot;heading&quot;: &quot;&lt;strong&gt;What does the degree program cover?&lt;\\\/strong&gt;&quot;,\n    &quot;textAlign&quot;: &quot;left&quot;,\n    &quot;anchor&quot;: &quot;&quot;,\n    &quot;color&quot;: &quot;red&quot;\n}\"><\/jgu-base-heading>\n\n\n<jgu-base-collapsiblearea class=\"is-layout-flow wp-block-jgu-collapsible-area-is-layout-flow\" react-props=\"{&quot;visibleLines&quot;:10,&quot;collapse&quot;:&quot;always&quot;,&quot;collapsedHeight&quot;:150,&quot;content&quot;:&quot;\\n\\n&lt;p class=\\&quot;has-big-font-size\\&quot;&gt;Would you like to understand historical developments from a supra-regional perspective? Do you see history as more than the story of individual nations? Are you convinced that humanity can and should learn from the international exchange of historical experiences? If so, the binational master&#039;s program in History\\\/Histoire (M.A.) could be the perfect fit for you.&lt;\\\/p&gt;\\n\\n\\n\\n&lt;p&gt;What makes this program special: During this &lt;strong&gt;binational master\\u2019s program&lt;\\\/strong&gt; you will spend one year at Johannes Gutenberg University Mainz and one year at the Universit\\u00e9 Bourgogne Europe in Dijon. This way, you will not only gain valuable international experience but also earn two degrees \\u2013 a Master of Arts and the French Master Recherche.&lt;\\\/p&gt;\\n\\n\\n\\n\\n&lt;p class=\\&quot;has-big-font-size\\&quot;&gt;In this program, you will deepen your understanding of cultural developments and the processes of human change over time. You deal not only with &lt;strong&gt;historical achievements&lt;\\\/strong&gt;, but also with &lt;strong&gt;crises, ruptures and failures&lt;\\\/strong&gt; \\u2013 all within a broad temporal and regional scope: from Antiquity to the present, from Europe\\u2019s core to global interdependencies. European history is always viewed in the context of cross-cultural and transnational dynamics.&lt;\\\/p&gt;\\n\\n\\n\\n&lt;p class=\\&quot;has-big-font-size\\&quot;&gt;As a historian, you will use &lt;strong&gt;a wide variety of sources&lt;\\\/strong&gt; \\u2013 from texts and material remains to visual and digital evidence \\u2013 to gain in-depth insights into the structures and motivations of human action, political and economic orders, as well as social and cultural patterns.&lt;\\\/p&gt;\\n\\n\\n\\n&lt;p class=\\&quot;has-big-font-size\\&quot;&gt;The master&#039;s program focuses on the independent, methodically reflected analysis of sources and research literature. You will expand your ability to critically scrutinize complex historical contexts, process information in a differentiated way, and develop new research questions in a problem-oriented manner.&lt;\\\/p&gt;\\n\\n&quot;,&quot;className&quot;:&quot;alignwide &quot;}\"><\/jgu-base-collapsiblearea>\n\n<jgu-base-accordion react-props=\"{&quot;selected&quot;:2,&quot;align&quot;:&quot;wide&quot;,&quot;hasAllOpenButton&quot;:true,&quot;onlyOne&quot;:false,&quot;initAllClosed&quot;:true,&quot;enableSearch&quot;:false}\">\n    \n<jgu-base-accordionitem react-props=\"{&quot;title&quot;:&quot;What are the prerequisites?&quot;,&quot;init&quot;:false,&quot;slug&quot;:&quot;what-are-the-prerequisites&quot;,&quot;align&quot;:&quot;wide&quot;,&quot;customSlug&quot;:false}\">\n    \n\n<ul class=\"wp-block-list\">\n<li>Curiosity about how history is handled in academia<\/li>\n\n\n\n<li>Analytical thinking and argumentation skills<\/li>\n\n\n\n<li>An understanding of and interest in language<\/li>\n\n\n\n<li>The competence and willingness to carefully read and analyze complex texts<\/li>\n\n\n\n<li>Enjoyment in formulating texts and an appreciation of linguistic precision<\/li>\n<\/ul>\n\n\n<jgu-base-heading react-props=\"{\n    &quot;tags&quot;: {\n        &quot;htmlTag&quot;: &quot;h2&quot;,\n        &quot;classTag&quot;: &quot;h3&quot;,\n        &quot;tag&quot;: &quot;h2.h3&quot;\n    },\n    &quot;heading&quot;: &quot;Entrance requirements&quot;,\n    &quot;textAlign&quot;: &quot;left&quot;,\n    &quot;anchor&quot;: &quot;&quot;,\n    &quot;index&quot;: &quot;&quot;,\n    &quot;color&quot;: &quot;red&quot;\n}\"><\/jgu-base-heading>\n\n\n\n<p class=\"has-big-font-size\">A bachelor&#8217;s degree with a history component of at least 55 credit points is required, in which the three major periods of European history (Ancient History, Middle Ages, Modern Times) were studied. Missing knowledge in one of the three epochs must usually be made up within one semester.<\/p>\n\n\n\n<p>You must also provide proof of French language proficiency to be admitted to the program, either by<\/p>\n\n\n\n<ul class=\"wp-block-list\">\n<li>having taken at least five years of French at school, in which you received a minimum of 5 points or the grade \u201cadequate\u201d (\u201causreichend\u201d),<\/li>\n\n\n\n<li>submitting <a data-info-popup-body=\"B2 level French proficiency can be proven through:\n\na) a university degree in a French-language degree program\nb) a DELF B2 certificate\nc) a TCF B2 certificate with \u00ab\u00e9preuves compl\u00e9mentaires expression \u00e9crite et expression orale\u00bb\nd) a TELC French B2 certificate with the result \u201eassez bien,\u201c \u201ebien,\u201c or \u201etr\u00e8s bien\u201c\ne) a \u201eCertificat pratique de langue fran\u00e7aise\u201d (B2 or B2\/C1) Lettres Sorbonne Universit\u00e9\nf) a UNIcert\u00ae II certificate\" data-info-popup-headline=\"French B2\" class=\"jgu-with-info-popup\">certificates for French at a B2 level<\/a>,<\/li>\n\n\n\n<li>presenting a university entrance qualification earned at a French-language school, or<\/li>\n\n\n\n<li>by presenting an Abi-Bac (simultaneous achievement of the German Abitur (Abi) and the French <i>baccalaur\u00e9at<\/i> (Bac)).<\/li>\n<\/ul>\n\n\n\n\n<p>If you <strong>have not yet received your bachelor&#8217;s degree certificate by the application deadline<\/strong>, but have earned at least 135 credits in your bachelor&#8217;s program, you must apply by the set deadline with a transcript (certified copy issued by your university) of all coursework and exams completed to date, including your average grade to date.<\/p>\n\n\n\n\n<p>Applicants who have not obtained a university entrance qualification at a German-speaking institution or a degree in a German-speaking course must provide proof of sufficient German language skills. These must correspond to the level DSH-2 of the &#8220;German Language Proficiency Examination for Admission to Higher Education for Foreign Applicants&#8221; and must be proven by the time of enrollment at JGU.<\/p>\n\n\n\n<p>Good to know: The legally binding basis for selection, admission and enrollment is the text of the entrance requirements as specified in Section 2 of the currently valid <a data-info-popup-body=\"The legally binding basis of a degree program; it defines the rights and obligations of students as well as the requirements, procedures, and assessment of examinations and other assessed coursework.\" data-info-popup-headline=\"Examination regulations\" class=\"jgu-with-info-popup\">examination regulations<\/a> and, where applicable, in the appendix.<\/p>\n\n\n\n\n<p class=\"has-big-font-size\">You can find more information in the master&#8217;s degree program\u2019s <a href=\"https:\/\/sl.uni-mainz.de\/geschichte\/\">examination regulations<\/a>.<\/p>\n\n\n<\/jgu-base-accordionitem>\n\n<jgu-base-accordionitem react-props=\"{&quot;title&quot;:&quot;How is the degree program structured?&quot;,&quot;init&quot;:false,&quot;slug&quot;:&quot;how-is-the-degree-program-structured&quot;,&quot;align&quot;:&quot;wide&quot;,&quot;customSlug&quot;:false}\">\n    \n\n<p class=\"has-big-font-size\"><\/p>\n\n\n\n<p class=\"has-big-font-size\">When you enroll, you choose your <strong>epochal focus<\/strong>. You can choose between Ancient History \/ Histoire ancienne, Medieval History \/ Histoire m\u00e9di\u00e9vale, or Modern and Contemporary History \/ Histoire moderne et contemporaine. Depending on your decision, your studies will take different forms.<\/p>\n\n\n\n<div style=\"height:10px\" aria-hidden=\"true\" class=\"wp-block-spacer\"><\/div>\n\n\n\n<p class=\"has-big-font-size\">Focus on <strong>Modern and Contemporary History \/ Histoire moderne et contemporaine<\/strong><\/p>\n\n\n\n<p class=\"has-big-font-size\">1st semester in Mainz<\/p>\n\n\n\n<ul class=\"wp-block-list\">\n<li>Lecture and practice class on culture and cultural encounter<\/li>\n\n\n\n<li>Language course or tutorial<\/li>\n\n\n\n<li>Lecture and seminars on the epochal focus of Modern Times<\/li>\n\n\n\n<li>Compulsory internship<\/li>\n<\/ul>\n\n\n\n<p class=\"has-big-font-size\">2nd semester in Mainz<\/p>\n\n\n\n<ul class=\"wp-block-list\">\n<li>Lecture, seminars, and practice classes on the epochal focus of Modern Times<\/li>\n\n\n\n<li>Term paper as part of the final module<\/li>\n<\/ul>\n\n\n\n<p class=\"has-big-font-size\">3rd semester in Dijon<\/p>\n\n\n\n<ul class=\"wp-block-list\">\n<li>M\u00e9diations interculturelles<\/li>\n\n\n\n<li>S\u00e9minaire de sp\u00e9cialit\u00e9<\/li>\n\n\n\n<li>Histoire et m\u00e9thodologie des sciences sociales<\/li>\n\n\n\n<li>M\u00e9moire<\/li>\n\n\n\n<li>Accompagnement du travail de recherche<\/li>\n\n\n\n<li>Specialization course<\/li>\n<\/ul>\n\n\n\n<p class=\"has-big-font-size\">4th semester in Dijon<\/p>\n\n\n\n<ul class=\"wp-block-list\">\n<li>M\u00e9diations interculturelles<\/li>\n\n\n\n<li>Reading list<\/li>\n\n\n\n<li>M\u00e9moire<\/li>\n\n\n\n<li>Accompagnement du travail de recherche<\/li>\n\n\n\n<li>Specialization course<\/li>\n<\/ul>\n\n\n\n<div style=\"height:20px\" aria-hidden=\"true\" class=\"wp-block-spacer\"><\/div>\n\n\n\n<p class=\"has-big-font-size\">Focus on <strong>Ancient History \/ Histoire ancienne, or Medieval History \/ Histoire m\u00e9di\u00e9vale<\/strong><\/p>\n\n\n\n<p class=\"has-big-font-size\">1st and 2nd semesters in Mainz are identical to the specialization in Modern and Contemporary History with the respective epochal focus.<\/p>\n\n\n\n<p class=\"has-big-font-size\">3rd semester in Dijon<\/p>\n\n\n\n<ul class=\"wp-block-list\">\n<li>Introduction \u00e0 la communication interculturelle<\/li>\n\n\n\n<li>S\u00e9minaire disciplinaire<\/li>\n\n\n\n<li>S\u00e9minaire g\u00e9n\u00e9ral<\/li>\n\n\n\n<li>Histoire et m\u00e9thode des Sciences Humaines et Sociales<\/li>\n\n\n\n<li>M\u00e9moire et encadrement de la recherche<\/li>\n\n\n\n<li>Specialization course<\/li>\n<\/ul>\n\n\n\n<p class=\"has-big-font-size\">4th semester in Dijon<\/p>\n\n\n\n<ul class=\"wp-block-list\">\n<li>Intercultural Communication Theory<\/li>\n\n\n\n<li>S\u00e9minaire disciplinaire<\/li>\n\n\n\n<li>S\u00e9minaire g\u00e9n\u00e9ral<\/li>\n\n\n\n<li>Histoire et m\u00e9thode des Sciences Humaines et Sociales<\/li>\n\n\n\n<li>M\u00e9moire et encadrement de la recherche<\/li>\n\n\n\n<li>Specialization course<\/li>\n<\/ul>\n\n\n\n<div style=\"height:60px\" aria-hidden=\"true\" class=\"wp-block-spacer\"><\/div>\n\n\n\n<p class=\"has-big-font-size\"><strong>Stays abroad<\/strong><\/p>\n\n\n\n<p>After studying in Mainz for the first two semesters, you will spend the following two (semesters 3 and 4) at the Universit\u00e9 Bourgogne Europe (UBE) in Dijon. You will immerse yourself in the language and culture of France and learn how to think in French. Thanks to a variety of funding programs such as Erasmus+ and the Franco-German University\u2019s mobility scholarships, it is possible to receive financial support during your stay abroad.<\/p>\n\n\n\n\n<div style=\"height:60px\" aria-hidden=\"true\" class=\"wp-block-spacer\"><\/div>\n\n\n\n<p class=\"has-big-font-size\"><strong>Internships<\/strong><\/p>\n\n\n\n<p class=\"has-big-font-size\">We recommend completing the compulsory internship from the specialization module in the first or second semester.<\/p>\n\n\n\n<p>Voluntary internships are another good opportunity to obtain more in-depth insight into a professional field.<\/p>\n\n\n\n<p>An internship allows you to discover whether everyday life in a particular occupation suits your career expectations and interests. You can gain qualifications for a professional field and acquire important professional and personal skills to start a career. An internship helps you both shape your career path, and mold the remainder of your course sequence \u2013 in particular by selecting specializations that suit your practical experience.<\/p>\n\n\n\n<p class=\"has-big-font-size\">You can find further information and relevant internships on the <strong><a href=\"https:\/\/www.studium.uni-mainz.de\/en\/during-your-studies\/career-orientation\/\" data-type=\"page\" data-id=\"4360\">Career Service<\/a><\/strong> website.<\/p>\n\n\n\n<\/jgu-base-accordionitem>\n\n<jgu-base-accordionitem react-props=\"{&quot;title&quot;:&quot;What happens after graduation?&quot;,&quot;init&quot;:false,&quot;slug&quot;:&quot;what-happens-after-graduation&quot;,&quot;align&quot;:&quot;wide&quot;,&quot;customSlug&quot;:false}\">\n    \n\n<p class=\"has-big-font-size\">Typical professional paths for historians include the following:<\/p>\n\n\n\n<ul class=\"wp-block-list\">\n<li>Archival work<\/li>\n\n\n\n<li>Museum work<\/li>\n\n\n\n<li>Research<\/li>\n\n\n\n<li>Publishing<\/li>\n\n\n\n<li>Journalism<\/li>\n\n\n\n<li>Media<\/li>\n\n\n\n<li>Foundation work<\/li>\n<\/ul>\n\n\n\n<p class=\"has-big-font-size\">Yet our graduates work in many more fields than these. Historians collect and structure data, scrutinize its origins and genesis, and place even the smallest facts in superordinate contexts. Therefore, studying history prepares you ideally for many professions:<\/p>\n\n\n\n<ul class=\"wp-block-list\">\n<li>Politics<\/li>\n\n\n\n<li>Public administration<\/li>\n\n\n\n<li>Human resources<\/li>\n\n\n\n<li>Press and public relations<\/li>\n\n\n\n<li>Marketing<\/li>\n\n\n\n<li>Corporate consulting<\/li>\n\n\n\n<li>Sales<\/li>\n<\/ul>\n\n\n\n<p><strong>Not sure what to do after graduation? Don\u2019t worry!<\/strong><\/p>\n\n\n\n<p>A university degree generally does not prepare you for a single profession but qualifies you for a wide range of career paths \u2013 for example, in research, in a typical profession related to your field of study, or in one of many other academic fields.<\/p>\n\n\n\n<p>This is why career orientation is also part of your studies. Gaining practical experience is key, and you can do so through internships, working student positions, part-time jobs or voluntary work, for example.<\/p>\n\n\n\n<p class=\"has-big-font-size\"><strong><a href=\"https:\/\/www.studium.uni-mainz.de\/en\/during-your-studies\/career-orientation\/\" data-type=\"page\" data-id=\"4360\">JGU&#8217;s Career Service<\/a><\/strong> will support you throughout the entire process with information, advice, workshops and numerous events \u2013 from career orientation and working on your profile and skills to finding your dream job and successfully applying for it.<\/p>\n\n\n\n<\/jgu-base-accordionitem>\n\n<\/jgu-base-accordion>\n<\/div><\/div>\n<\/jgu-base-section>\n\n<jgu-base-section react-props=\"{&quot;color&quot;:&quot;light&quot;,&quot;align&quot;:&quot;wide&quot;,&quot;padding&quot;:&quot;medium&quot;}\">\n<div class=\"jgu-bgsection bg bg-light \"><div class=\"content padding-medium\"><jgu-base-slider react-props=\"{&quot;slidesCount&quot;:4,&quot;responsiveSettings&quot;:{&quot;mobile&quot;:{&quot;perPage&quot;:1,&quot;arrows&quot;:true,&quot;pagination&quot;:false},&quot;tablet&quot;:{&quot;perPage&quot;:4,&quot;arrows&quot;:true,&quot;pagination&quot;:false},&quot;desktop&quot;:{&quot;perPage&quot;:4,&quot;arrows&quot;:true,&quot;pagination&quot;:false},&quot;desktop-xl&quot;:{&quot;perPage&quot;:4,&quot;arrows&quot;:true,&quot;pagination&quot;:false}},&quot;type&quot;:&quot;&quot;,&quot;template&quot;:&quot;&quot;,&quot;useNumbers&quot;:false,&quot;perPage&quot;:4,&quot;scrollDistance&quot;:&quot;screen&quot;}\">\n    \n<jgu-base-teaserbox react-props=\"{\n    &quot;headline&quot;: {\n        &quot;htmlTag&quot;: &quot;h2&quot;,\n        &quot;classTag&quot;: &quot;h4&quot;,\n        &quot;tag&quot;: &quot;h2.h4&quot;\n    },\n    &quot;color&quot;: &quot;blue&quot;,\n    &quot;title&quot;: &quot;Learn more&quot;,\n    &quot;excerpt&quot;: &quot;Would you like to find out more about the degree program\\u2019s content, focus, and structure?&lt;br&gt;&lt;br&gt;More detailed information as well as the module catalog and degree plan can be found on the department\\u2019s website.&quot;,\n    &quot;linkTitle&quot;: &quot;Learn more&quot;,\n    &quot;link&quot;: {\n        &quot;url&quot;: &quot;https:\\\/\\\/www.geschichte.uni-mainz.de\\\/studium-und-lehre\\\/masterstudiengange-mainz-dijon\\\/&quot;,\n        &quot;opensInNewTab&quot;: true,\n        &quot;title&quot;: &quot;https:\\\/\\\/www.ftmk.uni-mainz.de\\\/b-a-studiengang-theaterwissenschaft\\\/&quot;,\n        &quot;id&quot;: &quot;http:\\\/\\\/www.obama-institute.com\\\/ma\\\/&quot;,\n        &quot;type&quot;: &quot;link&quot;\n    },\n    &quot;textPositionBottom&quot;: true,\n    &quot;template&quot;: &quot;red_h4&quot;,\n    &quot;align&quot;: &quot;wide&quot;,\n    &quot;icon&quot;: &quot;&quot;,\n    &quot;iconColor&quot;: &quot;default&quot;,\n    &quot;isCalendar&quot;: false,\n    &quot;iconBoxed&quot;: false,\n    &quot;useLinkList&quot;: false,\n    &quot;linkList&quot;: {},\n    &quot;hideThumbnail&quot;: false,\n    &quot;type&quot;: &quot;boxed&quot;,\n    &quot;index&quot;: &quot;&quot;,\n    &quot;linkStyle&quot;: &quot;default&quot;,\n    &quot;overboxImage&quot;: false,\n    &quot;differingHeadlineColor&quot;: false,\n    &quot;headlineColor&quot;: &quot;&quot;,\n    &quot;video&quot;: {\n        &quot;provider&quot;: &quot;youtube&quot;,\n        &quot;id&quot;: &quot;&quot;,\n        &quot;poster&quot;: &quot;&quot;\n    },\n    &quot;audioUrl&quot;: &quot;&quot;,\n    &quot;unbound&quot;: false\n}\">\n    \n<\/jgu-base-teaserbox>\n\n<jgu-base-teaserbox react-props=\"{\n    &quot;headline&quot;: {\n        &quot;htmlTag&quot;: &quot;h2&quot;,\n        &quot;classTag&quot;: &quot;h4&quot;,\n        &quot;tag&quot;: &quot;h2.h4&quot;\n    },\n    &quot;color&quot;: &quot;orange&quot;,\n    &quot;title&quot;: &quot;Precursory bachelor\\u2019s degree programs at JGU&quot;,\n    &quot;linkTitle&quot;: &quot;Learn more&quot;,\n    &quot;template&quot;: &quot;red_h4&quot;,\n    &quot;align&quot;: &quot;wide&quot;,\n    &quot;icon&quot;: &quot;&quot;,\n    &quot;iconColor&quot;: &quot;default&quot;,\n    &quot;isCalendar&quot;: false,\n    &quot;iconBoxed&quot;: false,\n    &quot;useLinkList&quot;: false,\n    &quot;linkList&quot;: {},\n    &quot;hideThumbnail&quot;: false,\n    &quot;type&quot;: &quot;boxed&quot;,\n    &quot;index&quot;: &quot;&quot;,\n    &quot;excerpt&quot;: &quot;&quot;,\n    &quot;linkStyle&quot;: &quot;default&quot;,\n    &quot;overboxImage&quot;: false,\n    &quot;differingHeadlineColor&quot;: false,\n    &quot;headlineColor&quot;: &quot;&quot;,\n    &quot;textPositionBottom&quot;: false,\n    &quot;video&quot;: {\n        &quot;provider&quot;: &quot;youtube&quot;,\n        &quot;id&quot;: &quot;&quot;,\n        &quot;poster&quot;: &quot;&quot;\n    },\n    &quot;audioUrl&quot;: &quot;&quot;,\n    &quot;unbound&quot;: false\n}\">\n    \n<jgu-base-listitem react-props=\"{\n    &quot;title&quot;: &quot;&lt;a href=\\&quot;https:\\\/\\\/www.studium.uni-mainz.de\\\/en\\\/choosing-your-degree-program\\\/courses-offered\\\/history-ba\\\/\\&quot; data-type=\\&quot;page\\&quot; data-id=\\&quot;105\\&quot;&gt;History (B.A.)&lt;\\\/a&gt; &quot;,\n    &quot;uuid&quot;: &quot;1675697094656&quot;,\n    &quot;link&quot;: {\n        &quot;url&quot;: &quot;https:\\\/\\\/www.studium.uni-mainz.de\\\/en\\\/choosing-your-degree-program\\\/courses-offered\\\/history-ba\\\/&quot;\n    },\n    &quot;align&quot;: &quot;wide&quot;,\n    &quot;showInActions&quot;: false,\n    &quot;allowNesting&quot;: true,\n    &quot;icon&quot;: &quot;&quot;,\n    &quot;showExpandableContent&quot;: false,\n    &quot;expandableContent&quot;: &quot;&quot;\n}\">\n    \n<\/jgu-base-listitem>\n\n<jgu-base-listitem react-props=\"{\n    &quot;title&quot;: &quot;&lt;a href=\\&quot;https:\\\/\\\/www.studium.uni-mainz.de\\\/en\\\/choosing-your-degree-program\\\/courses-offered\\\/history-histoire-dijon-ba\\\/\\&quot; data-type=\\&quot;page\\&quot; data-id=\\&quot;312\\&quot;&gt;History\\\/Histoire (B.A.) (German-French degree program)&lt;\\\/a&gt;&quot;,\n    &quot;uuid&quot;: &quot;1713783841498&quot;,\n    &quot;link&quot;: {\n        &quot;url&quot;: &quot;https:\\\/\\\/www.studium.uni-mainz.de\\\/en\\\/choosing-your-degree-program\\\/courses-offered\\\/history-histoire-dijon-ba\\\/&quot;\n    },\n    &quot;align&quot;: &quot;wide&quot;,\n    &quot;showInActions&quot;: false,\n    &quot;allowNesting&quot;: true,\n    &quot;icon&quot;: &quot;&quot;,\n    &quot;showExpandableContent&quot;: false,\n    &quot;expandableContent&quot;: &quot;&quot;\n}\">\n    \n<\/jgu-base-listitem>\n\n<\/jgu-base-teaserbox>\n\n<jgu-base-teaserbox react-props=\"{\n    &quot;headline&quot;: {\n        &quot;htmlTag&quot;: &quot;h2&quot;,\n        &quot;classTag&quot;: &quot;h4&quot;,\n        &quot;tag&quot;: &quot;h2.h4&quot;\n    },\n    &quot;color&quot;: &quot;blue-gray&quot;,\n    &quot;title&quot;: &quot;Further information&quot;,\n    &quot;linkTitle&quot;: &quot;Learn more&quot;,\n    &quot;template&quot;: &quot;red_h4&quot;,\n    &quot;align&quot;: &quot;wide&quot;,\n    &quot;icon&quot;: &quot;&quot;,\n    &quot;iconColor&quot;: &quot;default&quot;,\n    &quot;isCalendar&quot;: false,\n    &quot;iconBoxed&quot;: false,\n    &quot;useLinkList&quot;: false,\n    &quot;linkList&quot;: {},\n    &quot;hideThumbnail&quot;: false,\n    &quot;type&quot;: &quot;boxed&quot;,\n    &quot;index&quot;: &quot;&quot;,\n    &quot;excerpt&quot;: &quot;&quot;,\n    &quot;linkStyle&quot;: &quot;default&quot;,\n    &quot;overboxImage&quot;: false,\n    &quot;differingHeadlineColor&quot;: false,\n    &quot;headlineColor&quot;: &quot;&quot;,\n    &quot;textPositionBottom&quot;: false,\n    &quot;video&quot;: {\n        &quot;provider&quot;: &quot;youtube&quot;,\n        &quot;id&quot;: &quot;&quot;,\n        &quot;poster&quot;: &quot;&quot;\n    },\n    &quot;audioUrl&quot;: &quot;&quot;,\n    &quot;unbound&quot;: false\n}\">\n    \n<jgu-base-listitem react-props=\"{\n    &quot;title&quot;: &quot;&lt;a href=\\&quot;https:\\\/\\\/sl.uni-mainz.de\\\/geschichte\\\/\\&quot; data-type=\\&quot;link\\&quot; data-id=\\&quot;https:\\\/\\\/sl.uni-mainz.de\\\/american-studies\\\/\\&quot; target=\\&quot;_blank\\&quot; rel=\\&quot;noreferrer noopener\\&quot;&gt;Examination regulations&lt;\\\/a&gt;&quot;,\n    &quot;uuid&quot;: &quot;1676040239582&quot;,\n    &quot;link&quot;: {\n        &quot;url&quot;: &quot;https:\\\/\\\/sl.uni-mainz.de\\\/geschichte\\\/&quot;\n    },\n    &quot;align&quot;: &quot;wide&quot;,\n    &quot;showInActions&quot;: false,\n    &quot;allowNesting&quot;: true,\n    &quot;icon&quot;: &quot;&quot;,\n    &quot;showExpandableContent&quot;: false,\n    &quot;expandableContent&quot;: &quot;&quot;\n}\">\n    \n<\/jgu-base-listitem>\n\n<jgu-base-listitem react-props=\"{\n    &quot;title&quot;: &quot;&lt;a href=\\&quot;https:\\\/\\\/www.dijon.uni-mainz.de\\\/\\&quot; target=\\&quot;_blank\\&quot; rel=\\&quot;noreferrer noopener\\&quot;&gt;Dijon Office&lt;\\\/a&gt;&quot;,\n    &quot;uuid&quot;: &quot;1757582477709&quot;,\n    &quot;link&quot;: {\n        &quot;url&quot;: &quot;https:\\\/\\\/www.dijon.uni-mainz.de\\\/&quot;\n    },\n    &quot;align&quot;: &quot;wide&quot;,\n    &quot;showInActions&quot;: false,\n    &quot;allowNesting&quot;: true,\n    &quot;icon&quot;: &quot;&quot;,\n    &quot;showExpandableContent&quot;: false,\n    &quot;expandableContent&quot;: &quot;&quot;\n}\">\n    \n<\/jgu-base-listitem>\n\n<jgu-base-listitem react-props=\"{\n    &quot;title&quot;: &quot;&lt;a href=\\&quot;https:\\\/\\\/www.geschichte.uni-mainz.de\\&quot; data-type=\\&quot;link\\&quot; data-id=\\&quot;http:\\\/\\\/www.obama-institute.com\\&quot; target=\\&quot;_blank\\&quot; rel=\\&quot;noreferrer noopener\\&quot;&gt;Department of History&lt;\\\/a&gt;&quot;,\n    &quot;uuid&quot;: &quot;1676040239582&quot;,\n    &quot;link&quot;: {\n        &quot;url&quot;: &quot;https:\\\/\\\/www.geschichte.uni-mainz.de&quot;\n    },\n    &quot;align&quot;: &quot;wide&quot;,\n    &quot;showInActions&quot;: false,\n    &quot;allowNesting&quot;: true,\n    &quot;icon&quot;: &quot;&quot;,\n    &quot;showExpandableContent&quot;: false,\n    &quot;expandableContent&quot;: &quot;&quot;\n}\">\n    \n<\/jgu-base-listitem>\n\n<jgu-base-listitem react-props=\"{\n    &quot;title&quot;: &quot;&lt;a href=\\&quot;https:\\\/\\\/www.geku.uni-mainz.de\\\/\\&quot; target=\\&quot;_blank\\&quot; rel=\\&quot;noreferrer noopener\\&quot;&gt;Faculty 07 \\u2013 History and Cultural Studies&lt;\\\/a&gt;&quot;,\n    &quot;uuid&quot;: &quot;1675695322903&quot;,\n    &quot;link&quot;: {\n        &quot;url&quot;: &quot;https:\\\/\\\/www.geku.uni-mainz.de\\\/&quot;\n    },\n    &quot;align&quot;: &quot;wide&quot;,\n    &quot;showInActions&quot;: false,\n    &quot;allowNesting&quot;: true,\n    &quot;icon&quot;: &quot;&quot;,\n    &quot;showExpandableContent&quot;: false,\n    &quot;expandableContent&quot;: &quot;&quot;\n}\">\n    \n<\/jgu-base-listitem>\n\n<jgu-base-listitem react-props=\"{\n    &quot;title&quot;: &quot;&lt;a href=\\&quot;https:\\\/\\\/www.fachschaft.geschichte.uni-mainz.de\\\/\\&quot; target=\\&quot;_blank\\&quot; rel=\\&quot;noreferrer noopener\\&quot;&gt;Student Council | History&lt;\\\/a&gt;&quot;,\n    &quot;uuid&quot;: &quot;1757587064410&quot;,\n    &quot;link&quot;: {\n        &quot;url&quot;: &quot;https:\\\/\\\/www.fachschaft.geschichte.uni-mainz.de\\\/&quot;\n    },\n    &quot;align&quot;: &quot;wide&quot;,\n    &quot;showInActions&quot;: false,\n    &quot;allowNesting&quot;: true,\n    &quot;icon&quot;: &quot;&quot;,\n    &quot;showExpandableContent&quot;: false,\n    &quot;expandableContent&quot;: &quot;&quot;\n}\">\n    \n<\/jgu-base-listitem>\n\n<jgu-base-listitem react-props=\"{\n    &quot;title&quot;: &quot;&lt;a href=\\&quot;https:\\\/\\\/www.instagram.com\\\/fachschaft_geschichte_mainz\\\/\\&quot; target=\\&quot;_blank\\&quot; rel=\\&quot;noreferrer noopener\\&quot;&gt;Instagram: Student Council | History&lt;\\\/a&gt;&quot;,\n    &quot;uuid&quot;: &quot;1675695322903&quot;,\n    &quot;link&quot;: {\n        &quot;url&quot;: &quot;https:\\\/\\\/www.instagram.com\\\/fachschaft_geschichte_mainz\\\/&quot;\n    },\n    &quot;align&quot;: &quot;wide&quot;,\n    &quot;showInActions&quot;: false,\n    &quot;allowNesting&quot;: true,\n    &quot;icon&quot;: &quot;&quot;,\n    &quot;showExpandableContent&quot;: false,\n    &quot;expandableContent&quot;: &quot;&quot;\n}\">\n    \n<\/jgu-base-listitem>\n\n<jgu-base-listitem react-props=\"{\n    &quot;title&quot;: &quot;&lt;a href=\\&quot;https:\\\/\\\/www.instagram.com\\\/cursus.mzdj\\\/\\&quot; target=\\&quot;_blank\\&quot; rel=\\&quot;noreferrer noopener\\&quot;&gt;Instagram: Mainz-Dijon degree programs&lt;\\\/a&gt;&quot;,\n    &quot;uuid&quot;: &quot;1757582518092&quot;,\n    &quot;link&quot;: {\n        &quot;url&quot;: &quot;https:\\\/\\\/www.instagram.com\\\/cursus.mzdj\\\/&quot;\n    },\n    &quot;align&quot;: &quot;wide&quot;,\n    &quot;showInActions&quot;: false,\n    &quot;allowNesting&quot;: true,\n    &quot;icon&quot;: &quot;&quot;,\n    &quot;showExpandableContent&quot;: false,\n    &quot;expandableContent&quot;: &quot;&quot;\n}\">\n    \n<\/jgu-base-listitem>\n\n<jgu-base-listitem react-props=\"{\n    &quot;title&quot;: &quot;&lt;a href=\\&quot;https:\\\/\\\/www.facebook.com\\\/cursus.mzdj\\&quot;&gt;Facebook: Mainz-Dijon degree programs&lt;\\\/a&gt;&quot;,\n    &quot;uuid&quot;: &quot;1757582518773&quot;,\n    &quot;link&quot;: {\n        &quot;url&quot;: &quot;https:\\\/\\\/www.facebook.com\\\/cursus.mzdj&quot;\n    },\n    &quot;align&quot;: &quot;wide&quot;,\n    &quot;showInActions&quot;: false,\n    &quot;allowNesting&quot;: true,\n    &quot;icon&quot;: &quot;&quot;,\n    &quot;showExpandableContent&quot;: false,\n    &quot;expandableContent&quot;: &quot;&quot;\n}\">\n    \n<\/jgu-base-listitem>\n\n<\/jgu-base-teaserbox>\n\n<jgu-base-teaserbox react-props=\"{\n    &quot;headline&quot;: {\n        &quot;htmlTag&quot;: &quot;h2&quot;,\n        &quot;classTag&quot;: &quot;h4&quot;,\n        &quot;tag&quot;: &quot;h2.h4&quot;\n    },\n    &quot;useLinklist&quot;: true,\n    &quot;color&quot;: &quot;red&quot;,\n    &quot;title&quot;: &quot;Career orientation and transition to a profession &lt;br&gt;&quot;,\n    &quot;linkTitle&quot;: &quot;Learn more&quot;,\n    &quot;template&quot;: &quot;red_h4&quot;,\n    &quot;align&quot;: &quot;wide&quot;,\n    &quot;icon&quot;: &quot;&quot;,\n    &quot;iconColor&quot;: &quot;default&quot;,\n    &quot;isCalendar&quot;: false,\n    &quot;iconBoxed&quot;: false,\n    &quot;useLinkList&quot;: false,\n    &quot;linkList&quot;: {},\n    &quot;hideThumbnail&quot;: false,\n    &quot;type&quot;: &quot;boxed&quot;,\n    &quot;index&quot;: &quot;&quot;,\n    &quot;excerpt&quot;: &quot;&quot;,\n    &quot;linkStyle&quot;: &quot;default&quot;,\n    &quot;overboxImage&quot;: false,\n    &quot;differingHeadlineColor&quot;: false,\n    &quot;headlineColor&quot;: &quot;&quot;,\n    &quot;textPositionBottom&quot;: false,\n    &quot;video&quot;: {\n        &quot;provider&quot;: &quot;youtube&quot;,\n        &quot;id&quot;: &quot;&quot;,\n        &quot;poster&quot;: &quot;&quot;\n    },\n    &quot;audioUrl&quot;: &quot;&quot;,\n    &quot;unbound&quot;: false\n}\">\n    \n<jgu-base-listitem react-props=\"{\n    &quot;title&quot;: &quot;&lt;a href=\\&quot;https:\\\/\\\/www.studium.uni-mainz.de\\\/en\\\/during-your-studies\\\/career-orientation\\\/\\&quot; data-type=\\&quot;page\\&quot; data-id=\\&quot;4360\\&quot;&gt;Career orientation\\\/Career Service&lt;\\\/a&gt;&quot;,\n    &quot;uuid&quot;: &quot;1712566557220&quot;,\n    &quot;link&quot;: {\n        &quot;url&quot;: &quot;https:\\\/\\\/www.studium.uni-mainz.de\\\/en\\\/during-your-studies\\\/career-orientation\\\/&quot;\n    },\n    &quot;align&quot;: &quot;wide&quot;,\n    &quot;showInActions&quot;: false,\n    &quot;allowNesting&quot;: true,\n    &quot;icon&quot;: &quot;&quot;,\n    &quot;showExpandableContent&quot;: false,\n    &quot;expandableContent&quot;: &quot;&quot;\n}\">\n    \n<\/jgu-base-listitem>\n\n<jgu-base-listitem react-props=\"{\n    &quot;title&quot;: &quot;&lt;a href=\\&quot;https:\\\/\\\/uni-mainz.jobteaser.com\\\/\\&quot; target=\\&quot;_blank\\&quot; rel=\\&quot;noreferrer noopener\\&quot;&gt;Career Center &amp;amp; Job Portal&lt;\\\/a&gt; (via JobTeaser)&lt;br&gt;(Log in using your JGU account)&quot;,\n    &quot;uuid&quot;: &quot;1712566558278&quot;,\n    &quot;link&quot;: {\n        &quot;url&quot;: &quot;https:\\\/\\\/uni-mainz.jobteaser.com\\\/&quot;\n    },\n    &quot;align&quot;: &quot;wide&quot;,\n    &quot;showInActions&quot;: false,\n    &quot;allowNesting&quot;: true,\n    &quot;icon&quot;: &quot;&quot;,\n    &quot;showExpandableContent&quot;: false,\n    &quot;expandableContent&quot;: &quot;&quot;\n}\">\n    \n<\/jgu-base-listitem>\n\n<jgu-base-listitem react-props=\"{\n    &quot;title&quot;: &quot;&lt;a href=\\&quot;https:\\\/\\\/research.uni-mainz.de\\\/\\&quot; target=\\&quot;_blank\\&quot; rel=\\&quot;noreferrer noopener\\&quot;&gt;JGU\\u2019s Startup Center&lt;\\\/a&gt;&quot;,\n    &quot;uuid&quot;: &quot;1712566478308&quot;,\n    &quot;link&quot;: {\n        &quot;url&quot;: &quot;https:\\\/\\\/forschung.uni-mainz.de\\\/startup-center\\\/&quot;\n    },\n    &quot;align&quot;: &quot;wide&quot;,\n    &quot;showInActions&quot;: false,\n    &quot;allowNesting&quot;: true,\n    &quot;icon&quot;: &quot;&quot;,\n    &quot;showExpandableContent&quot;: false,\n    &quot;expandableContent&quot;: &quot;&quot;\n}\">\n    \n<\/jgu-base-listitem>\n\n<jgu-base-listitem react-props=\"{\n    &quot;title&quot;: &quot;&lt;a href=\\&quot;https:\\\/\\\/gkk.uni-mainz.de\\\/en\\\/\\&quot;&gt;Gutenberg Council for Academic Careers&lt;\\\/a&gt;&quot;,\n    &quot;uuid&quot;: &quot;1712566513720&quot;,\n    &quot;link&quot;: {\n        &quot;url&quot;: &quot;https:\\\/\\\/www.nachwuchs.uni-mainz.de\\\/gutenberg-nachwuchskolleg\\\/&quot;\n    },\n    &quot;align&quot;: &quot;wide&quot;,\n    &quot;showInActions&quot;: false,\n    &quot;allowNesting&quot;: true,\n    &quot;icon&quot;: &quot;&quot;,\n    &quot;showExpandableContent&quot;: false,\n    &quot;expandableContent&quot;: &quot;&quot;\n}\">\n    \n<\/jgu-base-listitem>\n\n<\/jgu-base-teaserbox>\n\n\n<\/jgu-base-slider>\n<\/div><\/div>\n<\/jgu-base-section>\n\n<jgu-base-section react-props=\"{&quot;color&quot;:&quot;white&quot;,&quot;align&quot;:&quot;wide&quot;,&quot;padding&quot;:&quot;medium&quot;}\">\n<div class=\"jgu-bgsection bg bg-white \"><div class=\"content padding-medium\"><div\n\tclass=\"jgu-anchorpoint\"\n\tid=\"learn-how-to-apply\"\n\tdata-label=\"Learn how to apply\"\n\tdata-hide-in-nav=\"false\"\n\ttabindex=\"0\"\n\tdata-initial-scroll=\"true\"\n><\/div>\n\n\n<jgu-base-heading react-props=\"{\n    &quot;index&quot;: &quot;Application&quot;,\n    &quot;tags&quot;: {\n        &quot;htmlTag&quot;: &quot;h2&quot;,\n        &quot;classTag&quot;: &quot;&quot;,\n        &quot;tag&quot;: &quot;h2&quot;\n    },\n    &quot;heading&quot;: &quot;Just a few steps to a spot at university&quot;,\n    &quot;textAlign&quot;: &quot;left&quot;,\n    &quot;anchor&quot;: &quot;&quot;,\n    &quot;color&quot;: &quot;red&quot;\n}\"><\/jgu-base-heading>\n\n\n\n<div class=\"wp-block-columns is-layout-flex wp-container-core-columns-is-layout-9d6595d7 wp-block-columns-is-layout-flex\">\n<div class=\"wp-block-column is-layout-flow wp-block-column-is-layout-flow\" style=\"flex-basis:66.66%\">\n<p class=\"has-big-font-size\">Found the degree program of your choice? <br>Your dream degree program is just an online application away! <br><br>We will show you how to apply for a spot at JGU and what you need to consider regarding <strong>requirements<\/strong>, <strong>admissions<\/strong> and <strong>application<\/strong> deadlines. <\/p>\n\n\n\n\n<div style=\"height:90px\" aria-hidden=\"true\" class=\"wp-block-spacer\"><\/div>\n\n\n<jgu-base-modal react-props=\"{&quot;text&quot;:&quot;Learn how to apply&quot;,&quot;buttonStyling&quot;:&quot;primary&quot;,&quot;children&quot;:&quot;\\n&lt;jgu-base-heading react-props=\\&quot;{\\n    &amp;quot;tags&amp;quot;: {\\n        &amp;quot;htmlTag&amp;quot;: &amp;quot;h2&amp;quot;,\\n        &amp;quot;classTag&amp;quot;: &amp;quot;&amp;quot;,\\n        &amp;quot;tag&amp;quot;: &amp;quot;h2&amp;quot;\\n    },\\n    &amp;quot;heading&amp;quot;: &amp;quot;Just a few steps to a spot at university&amp;quot;,\\n    &amp;quot;textAlign&amp;quot;: &amp;quot;left&amp;quot;,\\n    &amp;quot;anchor&amp;quot;: &amp;quot;&amp;quot;,\\n    &amp;quot;index&amp;quot;: &amp;quot;&amp;quot;,\\n    &amp;quot;color&amp;quot;: &amp;quot;red&amp;quot;\\n}\\&quot;&gt;&lt;\\\/jgu-base-heading&gt;\\n\\n\\n&lt;jgu-base-processsequence react-props=\\&quot;{\\n    &amp;quot;collapsible&amp;quot;: false,\\n    &amp;quot;color&amp;quot;: &amp;quot;red&amp;quot;,\\n    &amp;quot;hideImageOutline&amp;quot;: false,\\n    &amp;quot;limitWidth&amp;quot;: false,\\n    &amp;quot;showIndex&amp;quot;: true,\\n    &amp;quot;allowImages&amp;quot;: true\\n}\\&quot;&gt;\\n&lt;jgu-base-processsequenceitem react-props=\\&quot;{\\n    &amp;quot;blockIndex&amp;quot;: 0,\\n    &amp;quot;image&amp;quot;: {\\n        &amp;quot;id&amp;quot;: 2118,\\n        &amp;quot;url&amp;quot;: &amp;quot;https:\\\\\\\/\\\\\\\/cms.zdv.uni-mainz.de\\\\\\\/studium\\\\\\\/wp-content\\\\\\\/uploads\\\\\\\/sites\\\\\\\/12\\\\\\\/2023\\\\\\\/03\\\\\\\/Wie-und-wo-muss-ich-mich-bewerben_quadratisch.png&amp;quot;,\\n        &amp;quot;hideCredit&amp;quot;: true,\\n        &amp;quot;credit&amp;quot;: &amp;quot;Rebekka Sch\\\\u00f6nefu\\\\u00df&amp;quot;,\\n        &amp;quot;title&amp;quot;: &amp;quot;Wie und wo muss ich mich bewerben_quadratisch&amp;quot;,\\n        &amp;quot;width&amp;quot;: 2086,\\n        &amp;quot;height&amp;quot;: 2086,\\n        &amp;quot;srcset&amp;quot;: &amp;quot;https:\\\\\\\/\\\\\\\/cms.zdv.uni-mainz.de\\\\\\\/studium\\\\\\\/wp-content\\\\\\\/uploads\\\\\\\/sites\\\\\\\/12\\\\\\\/2023\\\\\\\/03\\\\\\\/Wie-und-wo-muss-ich-mich-bewerben_quadratisch.png 2086w, https:\\\\\\\/\\\\\\\/cms.zdv.uni-mainz.de\\\\\\\/studium\\\\\\\/wp-content\\\\\\\/uploads\\\\\\\/sites\\\\\\\/12\\\\\\\/2023\\\\\\\/03\\\\\\\/Wie-und-wo-muss-ich-mich-bewerben_quadratisch-300x300.png 300w, https:\\\\\\\/\\\\\\\/cms.zdv.uni-mainz.de\\\\\\\/studium\\\\\\\/wp-content\\\\\\\/uploads\\\\\\\/sites\\\\\\\/12\\\\\\\/2023\\\\\\\/03\\\\\\\/Wie-und-wo-muss-ich-mich-bewerben_quadratisch-1024x1024.png 1024w, https:\\\\\\\/\\\\\\\/cms.zdv.uni-mainz.de\\\\\\\/studium\\\\\\\/wp-content\\\\\\\/uploads\\\\\\\/sites\\\\\\\/12\\\\\\\/2023\\\\\\\/03\\\\\\\/Wie-und-wo-muss-ich-mich-bewerben_quadratisch-150x150.png 150w, https:\\\\\\\/\\\\\\\/cms.zdv.uni-mainz.de\\\\\\\/studium\\\\\\\/wp-content\\\\\\\/uploads\\\\\\\/sites\\\\\\\/12\\\\\\\/2023\\\\\\\/03\\\\\\\/Wie-und-wo-muss-ich-mich-bewerben_quadratisch-768x768.png 768w, https:\\\\\\\/\\\\\\\/cms.zdv.uni-mainz.de\\\\\\\/studium\\\\\\\/wp-content\\\\\\\/uploads\\\\\\\/sites\\\\\\\/12\\\\\\\/2023\\\\\\\/03\\\\\\\/Wie-und-wo-muss-ich-mich-bewerben_quadratisch-1536x1536.png 1536w, https:\\\\\\\/\\\\\\\/cms.zdv.uni-mainz.de\\\\\\\/studium\\\\\\\/wp-content\\\\\\\/uploads\\\\\\\/sites\\\\\\\/12\\\\\\\/2023\\\\\\\/03\\\\\\\/Wie-und-wo-muss-ich-mich-bewerben_quadratisch-2048x2048.png 2048w&amp;quot;\\n    },\\n    &amp;quot;title&amp;quot;: &amp;quot;How and where do I apply?&amp;quot;,\\n    &amp;quot;collapsible&amp;quot;: false,\\n    &amp;quot;allowImages&amp;quot;: true,\\n    &amp;quot;color&amp;quot;: &amp;quot;red&amp;quot;,\\n    &amp;quot;showIndex&amp;quot;: true,\\n    &amp;quot;content&amp;quot;: &amp;quot;\\\\n\\\\n&amp;lt;p class=\\\\&amp;quot;has-big-font-size\\\\&amp;quot;&amp;gt;&amp;lt;strong&amp;gt;Two-stage application process&amp;lt;\\\\\\\/strong&amp;gt; for &amp;lt;em&amp;gt;integrated M.A. programs (Dijon)&amp;lt;\\\\\\\/em&amp;gt;:&amp;lt;\\\\\\\/p&amp;gt;\\\\n\\\\n\\\\n\\\\n&amp;lt;p class=\\\\&amp;quot;has-big-font-size\\\\&amp;quot;&amp;gt;The application process for the Mainz\\\\u2013Dijon M.A. degree program consists of two stages.  This is necessary because, in this program, you are enrolled at both partner universities from the very first semester, so it must be confirmed in advance that you meet the entrance requirements at both Mainz and Dijon.&amp;lt;\\\\\\\/p&amp;gt;\\\\n\\\\n\\\\n\\\\n&amp;lt;ul class=\\\\&amp;quot;wp-block-list\\\\&amp;quot;&amp;gt;\\\\n&amp;lt;li&amp;gt;&amp;lt;a href=\\\\&amp;quot;https:\\\\\\\/\\\\\\\/www.dijon.uni-mainz.de\\\\\\\/ma-master-recherche-bewerbung\\\\\\\/#Erster_Schritt:_Vorab-Meldung_beim_Dijonbro\\\\&amp;quot; target=\\\\&amp;quot;_blank\\\\&amp;quot; rel=\\\\&amp;quot;noreferrer noopener\\\\&amp;quot;&amp;gt;Step 1: \\\\u00a0\\\\u00a0Preliminary registration with the Dijon Office &amp;lt;\\\\\\\/a&amp;gt;(deadline for registration for the winter semester: &amp;lt;strong&amp;gt;March 31&amp;lt;\\\\\\\/strong&amp;gt;; deadline for the summer semester: &amp;lt;strong&amp;gt;September 30&amp;lt;\\\\\\\/strong&amp;gt;)&amp;lt;\\\\\\\/li&amp;gt;\\\\n\\\\n\\\\n\\\\n&amp;lt;li&amp;gt;&amp;lt;a href=\\\\&amp;quot;https:\\\\\\\/\\\\\\\/www.dijon.uni-mainz.de\\\\\\\/ma-master-recherche-bewerbung\\\\\\\/#Zweiter_Schritt:_Online-Bewerbung_an_den_Universitten_Mainz_und_Dijon\\\\&amp;quot; target=\\\\&amp;quot;_blank\\\\&amp;quot; rel=\\\\&amp;quot;noreferrer noopener\\\\&amp;quot;&amp;gt;Step 2: Step 2: Online application to the Universities of Mainz and Dijon&amp;lt;\\\\\\\/a&amp;gt;&amp;lt;\\\\\\\/li&amp;gt;\\\\n&amp;lt;\\\\\\\/ul&amp;gt;\\\\n\\\\n\\\\n\\\\n&amp;lt;p class=\\\\&amp;quot;has-big-font-size\\\\&amp;quot;&amp;gt;All information and contact persons for the two-stage application process can be found on the &amp;lt;a href=\\\\&amp;quot;https:\\\\\\\/\\\\\\\/www.dijon.uni-mainz.de\\\\\\\/ma-master-recherche-bewerbung\\\\\\\/\\\\&amp;quot; data-type=\\\\&amp;quot;link\\\\&amp;quot; data-id=\\\\&amp;quot;https:\\\\\\\/\\\\\\\/www.dijon.uni-mainz.de\\\\\\\/ma-master-recherche-bewerbung\\\\\\\/\\\\&amp;quot; target=\\\\&amp;quot;_blank\\\\&amp;quot; rel=\\\\&amp;quot;noreferrer noopener\\\\&amp;quot;&amp;gt;Dijon Office website&amp;lt;\\\\\\\/a&amp;gt;.&amp;lt;\\\\\\\/p&amp;gt;\\\\n\\\\n\\\\n\\\\n&amp;lt;p class=\\\\&amp;quot;has-big-font-size\\\\&amp;quot;&amp;gt;&amp;lt;strong&amp;gt;French language proficiency&amp;lt;\\\\\\\/strong&amp;gt;&amp;lt;\\\\\\\/p&amp;gt;\\\\n\\\\n\\\\n\\\\n&amp;lt;p class=\\\\&amp;quot;has-big-font-size\\\\&amp;quot;&amp;gt;Proof of French language proficiency can be provided by&amp;lt;\\\\\\\/p&amp;gt;\\\\n\\\\n\\\\n\\\\n&amp;lt;ul class=\\\\&amp;quot;wp-block-list\\\\&amp;quot;&amp;gt;\\\\n&amp;lt;li&amp;gt;having taken at least five years of French at school, in which you received a minimum of 5 points or the grade \\\\u201cadequate\\\\u201d (\\\\u201causreichend\\\\u201d),&amp;lt;\\\\\\\/li&amp;gt;\\\\n\\\\n\\\\n\\\\n&amp;lt;li&amp;gt;submitting &amp;lt;strong&amp;gt;certificates for French at a B2 level&amp;lt;\\\\\\\/strong&amp;gt;,&amp;lt;\\\\\\\/li&amp;gt;\\\\n\\\\n\\\\n\\\\n&amp;lt;li&amp;gt;presenting a university entrance qualification earned at a French-language school, or&amp;lt;\\\\\\\/li&amp;gt;\\\\n\\\\n\\\\n\\\\n&amp;lt;li&amp;gt;by presenting an Abi-Bac (simultaneous achievement of the German Abitur (Abi) and the French &amp;lt;i&amp;gt;baccalaur\\\\u00e9at&amp;lt;\\\\\\\/i&amp;gt; (Bac)).&amp;lt;\\\\\\\/li&amp;gt;\\\\n&amp;lt;\\\\\\\/ul&amp;gt;\\\\n\\\\n\\\\n\\\\n\\\\n&amp;lt;div style=\\\\&amp;quot;height:60px\\\\&amp;quot; aria-hidden=\\\\&amp;quot;true\\\\&amp;quot; class=\\\\&amp;quot;wp-block-spacer\\\\&amp;quot;&amp;gt;&amp;lt;\\\\\\\/div&amp;gt;\\\\n\\\\n\\\\n\\\\n&amp;lt;p class=\\\\&amp;quot;has-big-font-size\\\\&amp;quot;&amp;gt;&amp;lt;strong&amp;gt;International applicants&amp;lt;\\\\\\\/strong&amp;gt;:&amp;lt;\\\\\\\/p&amp;gt;\\\\n\\\\n\\\\n\\\\n&amp;lt;p class=\\\\&amp;quot;has-big-font-size\\\\&amp;quot;&amp;gt;Did you obtain your education outside of Germany? If this is the case, you should look into applying for a &amp;lt;a href=\\\\&amp;quot;https:\\\\\\\/\\\\\\\/www.studium.uni-mainz.de\\\\\\\/en\\\\\\\/your-application\\\\\\\/applying-with-international-certificates\\\\\\\/recognition\\\\\\\/\\\\&amp;quot;&amp;gt;Certificate of Recognition&amp;lt;\\\\\\\/a&amp;gt; and check for potentially required &amp;lt;a href=\\\\&amp;quot;https:\\\\\\\/\\\\\\\/www.studium.uni-mainz.de\\\\\\\/en\\\\\\\/your-application\\\\\\\/applying-with-international-certificates\\\\\\\/language-proficiency\\\\\\\/\\\\&amp;quot;&amp;gt;German language proficiency&amp;lt;\\\\\\\/a&amp;gt;. &amp;lt;\\\\\\\/p&amp;gt;\\\\n\\\\n\\\\n\\\\n&amp;lt;p class=\\\\&amp;quot;has-big-font-size\\\\&amp;quot;&amp;gt;Required German language skills\\\\\\\/certificates for this degree program: &amp;lt;\\\\\\\/p&amp;gt;\\\\n\\\\n\\\\n\\\\n\\\\n&amp;lt;p class=\\\\&amp;quot;has-big-font-size\\\\&amp;quot;&amp;gt;&amp;lt;strong&amp;gt;DSH-2&amp;lt;\\\\\\\/strong&amp;gt;&amp;lt;\\\\\\\/p&amp;gt;\\\\n\\\\n&amp;quot;\\n}\\&quot;&gt;\\n&lt;\\\/jgu-base-processsequenceitem&gt;\\n\\n&lt;jgu-base-processsequenceitem react-props=\\&quot;{\\n    &amp;quot;blockIndex&amp;quot;: 1,\\n    &amp;quot;image&amp;quot;: {\\n        &amp;quot;id&amp;quot;: 2112,\\n        &amp;quot;url&amp;quot;: &amp;quot;https:\\\\\\\/\\\\\\\/cms.zdv.uni-mainz.de\\\\\\\/studium\\\\\\\/wp-content\\\\\\\/uploads\\\\\\\/sites\\\\\\\/12\\\\\\\/2023\\\\\\\/03\\\\\\\/Bis-wann-muss-ich-mich-bewerben_quadratisch.png&amp;quot;,\\n        &amp;quot;hideCredit&amp;quot;: true,\\n        &amp;quot;credit&amp;quot;: &amp;quot;Rebekka Sch\\\\u00f6nefu\\\\u00df&amp;quot;,\\n        &amp;quot;title&amp;quot;: &amp;quot;Bis wann muss ich mich bewerben_quadratisch&amp;quot;,\\n        &amp;quot;width&amp;quot;: 1808,\\n        &amp;quot;height&amp;quot;: 1808,\\n        &amp;quot;srcset&amp;quot;: &amp;quot;https:\\\\\\\/\\\\\\\/cms.zdv.uni-mainz.de\\\\\\\/studium\\\\\\\/wp-content\\\\\\\/uploads\\\\\\\/sites\\\\\\\/12\\\\\\\/2023\\\\\\\/03\\\\\\\/Bis-wann-muss-ich-mich-bewerben_quadratisch.png 1808w, https:\\\\\\\/\\\\\\\/cms.zdv.uni-mainz.de\\\\\\\/studium\\\\\\\/wp-content\\\\\\\/uploads\\\\\\\/sites\\\\\\\/12\\\\\\\/2023\\\\\\\/03\\\\\\\/Bis-wann-muss-ich-mich-bewerben_quadratisch-300x300.png 300w, https:\\\\\\\/\\\\\\\/cms.zdv.uni-mainz.de\\\\\\\/studium\\\\\\\/wp-content\\\\\\\/uploads\\\\\\\/sites\\\\\\\/12\\\\\\\/2023\\\\\\\/03\\\\\\\/Bis-wann-muss-ich-mich-bewerben_quadratisch-1024x1024.png 1024w, https:\\\\\\\/\\\\\\\/cms.zdv.uni-mainz.de\\\\\\\/studium\\\\\\\/wp-content\\\\\\\/uploads\\\\\\\/sites\\\\\\\/12\\\\\\\/2023\\\\\\\/03\\\\\\\/Bis-wann-muss-ich-mich-bewerben_quadratisch-150x150.png 150w, https:\\\\\\\/\\\\\\\/cms.zdv.uni-mainz.de\\\\\\\/studium\\\\\\\/wp-content\\\\\\\/uploads\\\\\\\/sites\\\\\\\/12\\\\\\\/2023\\\\\\\/03\\\\\\\/Bis-wann-muss-ich-mich-bewerben_quadratisch-768x768.png 768w, https:\\\\\\\/\\\\\\\/cms.zdv.uni-mainz.de\\\\\\\/studium\\\\\\\/wp-content\\\\\\\/uploads\\\\\\\/sites\\\\\\\/12\\\\\\\/2023\\\\\\\/03\\\\\\\/Bis-wann-muss-ich-mich-bewerben_quadratisch-1536x1536.png 1536w&amp;quot;\\n    },\\n    &amp;quot;title&amp;quot;: &amp;quot;When are applications due?&amp;quot;,\\n    &amp;quot;collapsible&amp;quot;: false,\\n    &amp;quot;allowImages&amp;quot;: true,\\n    &amp;quot;color&amp;quot;: &amp;quot;red&amp;quot;,\\n    &amp;quot;showIndex&amp;quot;: true,\\n    &amp;quot;content&amp;quot;: &amp;quot;\\\\n\\\\n&amp;lt;p&amp;gt;&amp;lt;strong&amp;gt;Winter semester application period&amp;lt;\\\\\\\/strong&amp;gt;&amp;lt;br&amp;gt;From the beginning of April until September 01&amp;lt;\\\\\\\/p&amp;gt;\\\\n\\\\n\\\\n\\\\n&amp;lt;p&amp;gt;&amp;lt;strong&amp;gt;Summer semester application period&amp;lt;\\\\\\\/strong&amp;gt;&amp;lt;br&amp;gt;From the beginning of October to March 01&amp;lt;\\\\\\\/p&amp;gt;\\\\n\\\\n\\\\n\\\\n&amp;lt;jgu-base-button style=\\\\&amp;quot;display: flex; flex-wrap: wrap; column-gap: 30px; max-width: 100%; flex-direction: row; justify-content: left\\\\&amp;quot;&amp;gt;\\\\n  \\\\n&amp;lt;jgu-base-buttonitem react-props=\\\\&amp;quot;{\\\\n    &amp;amp;quot;text&amp;amp;quot;: &amp;amp;quot;JGU online application portal&amp;amp;quot;,\\\\n    &amp;amp;quot;link&amp;amp;quot;: {\\\\n        &amp;amp;quot;url&amp;amp;quot;: &amp;amp;quot;https:\\\\\\\\\\\\\\\/\\\\\\\\\\\\\\\/jogustine.uni-mainz.de\\\\\\\\\\\\\\\/&amp;amp;quot;,\\\\n        &amp;amp;quot;linkTarget&amp;amp;quot;: &amp;amp;quot;&amp;amp;quot;,\\\\n        &amp;amp;quot;rel&amp;amp;quot;: &amp;amp;quot;&amp;amp;quot;,\\\\n        &amp;amp;quot;opensInNewTab&amp;amp;quot;: true\\\\n    },\\\\n    &amp;amp;quot;align&amp;amp;quot;: &amp;amp;quot;left&amp;amp;quot;,\\\\n    &amp;amp;quot;styling&amp;amp;quot;: &amp;amp;quot;primary&amp;amp;quot;,\\\\n    &amp;amp;quot;icon&amp;amp;quot;: &amp;amp;quot;arrow-right-solid&amp;amp;quot;,\\\\n    &amp;amp;quot;type&amp;amp;quot;: &amp;amp;quot;default&amp;amp;quot;,\\\\n    &amp;amp;quot;iconBefore&amp;amp;quot;: false,\\\\n    &amp;amp;quot;isSmall&amp;amp;quot;: false,\\\\n    &amp;amp;quot;fullWidth&amp;amp;quot;: false,\\\\n    &amp;amp;quot;className&amp;amp;quot;: &amp;amp;quot;&amp;amp;quot;\\\\n}\\\\&amp;quot;&amp;gt;&amp;lt;\\\\\\\/jgu-base-buttonitem&amp;gt;\\\\n\\\\n&amp;lt;\\\\\\\/jgu-base-button&amp;gt;\\\\n\\\\n&amp;quot;\\n}\\&quot;&gt;\\n&lt;\\\/jgu-base-processsequenceitem&gt;\\n\\n&lt;jgu-base-processsequenceitem react-props=\\&quot;{\\n    &amp;quot;blockIndex&amp;quot;: 2,\\n    &amp;quot;image&amp;quot;: {\\n        &amp;quot;id&amp;quot;: 2109,\\n        &amp;quot;url&amp;quot;: &amp;quot;https:\\\\\\\/\\\\\\\/cms.zdv.uni-mainz.de\\\\\\\/studium\\\\\\\/wp-content\\\\\\\/uploads\\\\\\\/sites\\\\\\\/12\\\\\\\/2023\\\\\\\/03\\\\\\\/Bescheid-erhalten_quadratisch.png&amp;quot;,\\n        &amp;quot;hideCredit&amp;quot;: true,\\n        &amp;quot;credit&amp;quot;: &amp;quot;Rebekka Sch\\\\u00f6nefu\\\\u00df&amp;quot;,\\n        &amp;quot;title&amp;quot;: &amp;quot;Bescheid erhalten_quadratisch&amp;quot;,\\n        &amp;quot;width&amp;quot;: 2170,\\n        &amp;quot;height&amp;quot;: 2170,\\n        &amp;quot;srcset&amp;quot;: &amp;quot;https:\\\\\\\/\\\\\\\/cms.zdv.uni-mainz.de\\\\\\\/studium\\\\\\\/wp-content\\\\\\\/uploads\\\\\\\/sites\\\\\\\/12\\\\\\\/2023\\\\\\\/03\\\\\\\/Bescheid-erhalten_quadratisch.png 2170w, https:\\\\\\\/\\\\\\\/cms.zdv.uni-mainz.de\\\\\\\/studium\\\\\\\/wp-content\\\\\\\/uploads\\\\\\\/sites\\\\\\\/12\\\\\\\/2023\\\\\\\/03\\\\\\\/Bescheid-erhalten_quadratisch-300x300.png 300w, https:\\\\\\\/\\\\\\\/cms.zdv.uni-mainz.de\\\\\\\/studium\\\\\\\/wp-content\\\\\\\/uploads\\\\\\\/sites\\\\\\\/12\\\\\\\/2023\\\\\\\/03\\\\\\\/Bescheid-erhalten_quadratisch-1024x1024.png 1024w, https:\\\\\\\/\\\\\\\/cms.zdv.uni-mainz.de\\\\\\\/studium\\\\\\\/wp-content\\\\\\\/uploads\\\\\\\/sites\\\\\\\/12\\\\\\\/2023\\\\\\\/03\\\\\\\/Bescheid-erhalten_quadratisch-150x150.png 150w, https:\\\\\\\/\\\\\\\/cms.zdv.uni-mainz.de\\\\\\\/studium\\\\\\\/wp-content\\\\\\\/uploads\\\\\\\/sites\\\\\\\/12\\\\\\\/2023\\\\\\\/03\\\\\\\/Bescheid-erhalten_quadratisch-768x768.png 768w, https:\\\\\\\/\\\\\\\/cms.zdv.uni-mainz.de\\\\\\\/studium\\\\\\\/wp-content\\\\\\\/uploads\\\\\\\/sites\\\\\\\/12\\\\\\\/2023\\\\\\\/03\\\\\\\/Bescheid-erhalten_quadratisch-1536x1536.png 1536w, https:\\\\\\\/\\\\\\\/cms.zdv.uni-mainz.de\\\\\\\/studium\\\\\\\/wp-content\\\\\\\/uploads\\\\\\\/sites\\\\\\\/12\\\\\\\/2023\\\\\\\/03\\\\\\\/Bescheid-erhalten_quadratisch-2048x2048.png 2048w&amp;quot;\\n    },\\n    &amp;quot;title&amp;quot;: &amp;quot;Is it hard to get in?&amp;quot;,\\n    &amp;quot;collapsible&amp;quot;: false,\\n    &amp;quot;allowImages&amp;quot;: true,\\n    &amp;quot;color&amp;quot;: &amp;quot;red&amp;quot;,\\n    &amp;quot;showIndex&amp;quot;: true,\\n    &amp;quot;content&amp;quot;: &amp;quot;\\\\n\\\\n&amp;lt;p class=\\\\&amp;quot;has-big-font-size\\\\&amp;quot;&amp;gt;This degree program is &amp;lt;strong&amp;gt;non-selective&amp;lt;\\\\\\\/strong&amp;gt;; it therefore does not have a numerus clausus (NC). &amp;lt;\\\\\\\/p&amp;gt;\\\\n\\\\n\\\\n\\\\n&amp;lt;p class=\\\\&amp;quot;has-big-font-size\\\\&amp;quot;&amp;gt;If you fulfill the entrance requirements and properly apply on time, you will receive a spot at the university.&amp;lt;\\\\\\\/p&amp;gt;\\\\n\\\\n\\\\n&amp;quot;\\n}\\&quot;&gt;\\n&lt;\\\/jgu-base-processsequenceitem&gt;\\n\\n&lt;jgu-base-processsequenceitem react-props=\\&quot;{\\n    &amp;quot;blockIndex&amp;quot;: 3,\\n    &amp;quot;image&amp;quot;: {\\n        &amp;quot;id&amp;quot;: 2115,\\n        &amp;quot;url&amp;quot;: &amp;quot;https:\\\\\\\/\\\\\\\/cms.zdv.uni-mainz.de\\\\\\\/studium\\\\\\\/wp-content\\\\\\\/uploads\\\\\\\/sites\\\\\\\/12\\\\\\\/2023\\\\\\\/03\\\\\\\/Wann-und-wie-geht-es-los_quaratisch.png&amp;quot;,\\n        &amp;quot;hideCredit&amp;quot;: true,\\n        &amp;quot;credit&amp;quot;: &amp;quot;Rebekka Sch\\\\u00f6nefu\\\\u00df&amp;quot;,\\n        &amp;quot;title&amp;quot;: &amp;quot;Wann und wie geht es los_quaratisch&amp;quot;,\\n        &amp;quot;width&amp;quot;: 1636,\\n        &amp;quot;height&amp;quot;: 1635,\\n        &amp;quot;srcset&amp;quot;: &amp;quot;https:\\\\\\\/\\\\\\\/cms.zdv.uni-mainz.de\\\\\\\/studium\\\\\\\/wp-content\\\\\\\/uploads\\\\\\\/sites\\\\\\\/12\\\\\\\/2023\\\\\\\/03\\\\\\\/Wann-und-wie-geht-es-los_quaratisch.png 1636w, https:\\\\\\\/\\\\\\\/cms.zdv.uni-mainz.de\\\\\\\/studium\\\\\\\/wp-content\\\\\\\/uploads\\\\\\\/sites\\\\\\\/12\\\\\\\/2023\\\\\\\/03\\\\\\\/Wann-und-wie-geht-es-los_quaratisch-300x300.png 300w, https:\\\\\\\/\\\\\\\/cms.zdv.uni-mainz.de\\\\\\\/studium\\\\\\\/wp-content\\\\\\\/uploads\\\\\\\/sites\\\\\\\/12\\\\\\\/2023\\\\\\\/03\\\\\\\/Wann-und-wie-geht-es-los_quaratisch-1024x1024.png 1024w, https:\\\\\\\/\\\\\\\/cms.zdv.uni-mainz.de\\\\\\\/studium\\\\\\\/wp-content\\\\\\\/uploads\\\\\\\/sites\\\\\\\/12\\\\\\\/2023\\\\\\\/03\\\\\\\/Wann-und-wie-geht-es-los_quaratisch-150x150.png 150w, https:\\\\\\\/\\\\\\\/cms.zdv.uni-mainz.de\\\\\\\/studium\\\\\\\/wp-content\\\\\\\/uploads\\\\\\\/sites\\\\\\\/12\\\\\\\/2023\\\\\\\/03\\\\\\\/Wann-und-wie-geht-es-los_quaratisch-768x768.png 768w, https:\\\\\\\/\\\\\\\/cms.zdv.uni-mainz.de\\\\\\\/studium\\\\\\\/wp-content\\\\\\\/uploads\\\\\\\/sites\\\\\\\/12\\\\\\\/2023\\\\\\\/03\\\\\\\/Wann-und-wie-geht-es-los_quaratisch-1536x1536.png 1536w&amp;quot;\\n    },\\n    &amp;quot;title&amp;quot;: &amp;quot;What happens next?&amp;quot;,\\n    &amp;quot;collapsible&amp;quot;: false,\\n    &amp;quot;allowImages&amp;quot;: true,\\n    &amp;quot;color&amp;quot;: &amp;quot;red&amp;quot;,\\n    &amp;quot;showIndex&amp;quot;: true,\\n    &amp;quot;content&amp;quot;: &amp;quot;\\\\n\\\\n&amp;lt;p class=\\\\&amp;quot;has-big-font-size\\\\&amp;quot;&amp;gt;After successfully applying, you will receive an &amp;lt;strong&amp;gt;official letter of admission&amp;lt;\\\\\\\/strong&amp;gt; from us, which will tell you how and by when you will need to accept your spot at the university and apply for enrollment. We will subsequently notify you about the status of your enrollment. &amp;lt;\\\\\\\/p&amp;gt;\\\\n\\\\n\\\\n\\\\n&amp;lt;p class=\\\\&amp;quot;has-big-font-size\\\\&amp;quot;&amp;gt;We offer various &amp;lt;strong&amp;gt;programs and information prior to the start of the semester&amp;lt;\\\\\\\/strong&amp;gt; to help prepare you for the start of your studies before you get to know JGU and your subject during the &amp;lt;strong&amp;gt;introduction week&amp;lt;\\\\\\\/strong&amp;gt;. The &amp;lt;strong&amp;gt;lecture period&amp;lt;\\\\\\\/strong&amp;gt; begins one week later, marking the start of your courses.&amp;lt;\\\\\\\/p&amp;gt;\\\\n\\\\n\\\\n&amp;lt;jgu-base-button style=\\\\&amp;quot;display: flex; flex-wrap: wrap; column-gap: 30px; max-width: 100%; flex-direction: row; justify-content: left\\\\&amp;quot;&amp;gt;\\\\n  \\\\n&amp;lt;jgu-base-buttonitem react-props=\\\\&amp;quot;{\\\\n    &amp;amp;quot;text&amp;amp;quot;: &amp;amp;quot;Starting your studies&amp;amp;quot;,\\\\n    &amp;amp;quot;link&amp;amp;quot;: {\\\\n        &amp;amp;quot;url&amp;amp;quot;: &amp;amp;quot;https:\\\\\\\\\\\\\\\/\\\\\\\\\\\\\\\/www.studium.uni-mainz.de\\\\\\\\\\\\\\\/en\\\\\\\\\\\\\\\/starting-your-studies\\\\\\\\\\\\\\\/&amp;amp;quot;,\\\\n        &amp;amp;quot;linkTarget&amp;amp;quot;: &amp;amp;quot;&amp;amp;quot;,\\\\n        &amp;amp;quot;rel&amp;amp;quot;: &amp;amp;quot;&amp;amp;quot;,\\\\n        &amp;amp;quot;opensInNewTab&amp;amp;quot;: false,\\\\n        &amp;amp;quot;title&amp;amp;quot;: &amp;amp;quot;Mein Studienstart&amp;amp;quot;,\\\\n        &amp;amp;quot;id&amp;amp;quot;: 4312,\\\\n        &amp;amp;quot;type&amp;amp;quot;: &amp;amp;quot;page&amp;amp;quot;,\\\\n        &amp;amp;quot;kind&amp;amp;quot;: &amp;amp;quot;post-type&amp;amp;quot;\\\\n    },\\\\n    &amp;amp;quot;align&amp;amp;quot;: &amp;amp;quot;left&amp;amp;quot;,\\\\n    &amp;amp;quot;styling&amp;amp;quot;: &amp;amp;quot;primary&amp;amp;quot;,\\\\n    &amp;amp;quot;icon&amp;amp;quot;: &amp;amp;quot;arrow-right-solid&amp;amp;quot;,\\\\n    &amp;amp;quot;type&amp;amp;quot;: &amp;amp;quot;default&amp;amp;quot;,\\\\n    &amp;amp;quot;iconBefore&amp;amp;quot;: false,\\\\n    &amp;amp;quot;isSmall&amp;amp;quot;: false,\\\\n    &amp;amp;quot;fullWidth&amp;amp;quot;: false,\\\\n    &amp;amp;quot;className&amp;amp;quot;: &amp;amp;quot;&amp;amp;quot;\\\\n}\\\\&amp;quot;&amp;gt;&amp;lt;\\\\\\\/jgu-base-buttonitem&amp;gt;\\\\n\\\\n&amp;lt;\\\\\\\/jgu-base-button&amp;gt;\\\\n\\\\n&amp;lt;jgu-base-button style=\\\\&amp;quot;display: flex; flex-wrap: wrap; column-gap: 30px; max-width: 100%; flex-direction: row; justify-content: left\\\\&amp;quot;&amp;gt;\\\\n  \\\\n&amp;lt;jgu-base-buttonitem react-props=\\\\&amp;quot;{\\\\n    &amp;amp;quot;text&amp;amp;quot;: &amp;amp;quot;Lecture periods&amp;amp;quot;,\\\\n    &amp;amp;quot;link&amp;amp;quot;: {\\\\n        &amp;amp;quot;url&amp;amp;quot;: &amp;amp;quot;https:\\\\\\\\\\\\\\\/\\\\\\\\\\\\\\\/www.studium.uni-mainz.de\\\\\\\\\\\\\\\/en\\\\\\\\\\\\\\\/during-your-studies\\\\\\\\\\\\\\\/dates-and-deadlines\\\\\\\\\\\\\\\/&amp;amp;quot;,\\\\n        &amp;amp;quot;linkTarget&amp;amp;quot;: &amp;amp;quot;&amp;amp;quot;,\\\\n        &amp;amp;quot;rel&amp;amp;quot;: &amp;amp;quot;&amp;amp;quot;,\\\\n        &amp;amp;quot;opensInNewTab&amp;amp;quot;: false,\\\\n        &amp;amp;quot;title&amp;amp;quot;: &amp;amp;quot;Fristen &amp;amp;amp; Termine&amp;amp;quot;,\\\\n        &amp;amp;quot;id&amp;amp;quot;: 5266,\\\\n        &amp;amp;quot;type&amp;amp;quot;: &amp;amp;quot;page&amp;amp;quot;,\\\\n        &amp;amp;quot;kind&amp;amp;quot;: &amp;amp;quot;post-type&amp;amp;quot;\\\\n    },\\\\n    &amp;amp;quot;align&amp;amp;quot;: &amp;amp;quot;left&amp;amp;quot;,\\\\n    &amp;amp;quot;styling&amp;amp;quot;: &amp;amp;quot;primary&amp;amp;quot;,\\\\n    &amp;amp;quot;icon&amp;amp;quot;: &amp;amp;quot;arrow-right-solid&amp;amp;quot;,\\\\n    &amp;amp;quot;type&amp;amp;quot;: &amp;amp;quot;default&amp;amp;quot;,\\\\n    &amp;amp;quot;iconBefore&amp;amp;quot;: false,\\\\n    &amp;amp;quot;isSmall&amp;amp;quot;: false,\\\\n    &amp;amp;quot;fullWidth&amp;amp;quot;: false,\\\\n    &amp;amp;quot;className&amp;amp;quot;: &amp;amp;quot;&amp;amp;quot;\\\\n}\\\\&amp;quot;&amp;gt;&amp;lt;\\\\\\\/jgu-base-buttonitem&amp;gt;\\\\n\\\\n&amp;lt;\\\\\\\/jgu-base-button&amp;gt;\\\\n\\\\n&amp;quot;\\n}\\&quot;&gt;\\n&lt;\\\/jgu-base-processsequenceitem&gt;\\n&lt;\\\/jgu-base-processsequence&gt;\\n&quot;}\">\n    \n<jgu-base-heading react-props=\"{\n    &quot;tags&quot;: {\n        &quot;htmlTag&quot;: &quot;h2&quot;,\n        &quot;classTag&quot;: &quot;&quot;,\n        &quot;tag&quot;: &quot;h2&quot;\n    },\n    &quot;heading&quot;: &quot;Just a few steps to a spot at university&quot;,\n    &quot;textAlign&quot;: &quot;left&quot;,\n    &quot;anchor&quot;: &quot;&quot;,\n    &quot;index&quot;: &quot;&quot;,\n    &quot;color&quot;: &quot;red&quot;\n}\"><\/jgu-base-heading>\n\n\n<jgu-base-processsequence react-props=\"{\n    &quot;collapsible&quot;: false,\n    &quot;color&quot;: &quot;red&quot;,\n    &quot;hideImageOutline&quot;: false,\n    &quot;limitWidth&quot;: false,\n    &quot;showIndex&quot;: true,\n    &quot;allowImages&quot;: true\n}\">\n<jgu-base-processsequenceitem react-props=\"{\n    &quot;blockIndex&quot;: 0,\n    &quot;image&quot;: {\n        &quot;id&quot;: 2118,\n        &quot;url&quot;: &quot;https:\\\/\\\/cms.zdv.uni-mainz.de\\\/studium\\\/wp-content\\\/uploads\\\/sites\\\/12\\\/2023\\\/03\\\/Wie-und-wo-muss-ich-mich-bewerben_quadratisch.png&quot;,\n        &quot;hideCredit&quot;: true,\n        &quot;credit&quot;: &quot;Rebekka Sch\\u00f6nefu\\u00df&quot;,\n        &quot;title&quot;: &quot;Wie und wo muss ich mich bewerben_quadratisch&quot;,\n        &quot;width&quot;: 2086,\n        &quot;height&quot;: 2086,\n        &quot;srcset&quot;: &quot;https:\\\/\\\/cms.zdv.uni-mainz.de\\\/studium\\\/wp-content\\\/uploads\\\/sites\\\/12\\\/2023\\\/03\\\/Wie-und-wo-muss-ich-mich-bewerben_quadratisch.png 2086w, https:\\\/\\\/cms.zdv.uni-mainz.de\\\/studium\\\/wp-content\\\/uploads\\\/sites\\\/12\\\/2023\\\/03\\\/Wie-und-wo-muss-ich-mich-bewerben_quadratisch-300x300.png 300w, https:\\\/\\\/cms.zdv.uni-mainz.de\\\/studium\\\/wp-content\\\/uploads\\\/sites\\\/12\\\/2023\\\/03\\\/Wie-und-wo-muss-ich-mich-bewerben_quadratisch-1024x1024.png 1024w, https:\\\/\\\/cms.zdv.uni-mainz.de\\\/studium\\\/wp-content\\\/uploads\\\/sites\\\/12\\\/2023\\\/03\\\/Wie-und-wo-muss-ich-mich-bewerben_quadratisch-150x150.png 150w, https:\\\/\\\/cms.zdv.uni-mainz.de\\\/studium\\\/wp-content\\\/uploads\\\/sites\\\/12\\\/2023\\\/03\\\/Wie-und-wo-muss-ich-mich-bewerben_quadratisch-768x768.png 768w, https:\\\/\\\/cms.zdv.uni-mainz.de\\\/studium\\\/wp-content\\\/uploads\\\/sites\\\/12\\\/2023\\\/03\\\/Wie-und-wo-muss-ich-mich-bewerben_quadratisch-1536x1536.png 1536w, https:\\\/\\\/cms.zdv.uni-mainz.de\\\/studium\\\/wp-content\\\/uploads\\\/sites\\\/12\\\/2023\\\/03\\\/Wie-und-wo-muss-ich-mich-bewerben_quadratisch-2048x2048.png 2048w&quot;\n    },\n    &quot;title&quot;: &quot;How and where do I apply?&quot;,\n    &quot;collapsible&quot;: false,\n    &quot;allowImages&quot;: true,\n    &quot;color&quot;: &quot;red&quot;,\n    &quot;showIndex&quot;: true,\n    &quot;content&quot;: &quot;\\n\\n&lt;p class=\\&quot;has-big-font-size\\&quot;&gt;&lt;strong&gt;Two-stage application process&lt;\\\/strong&gt; for &lt;em&gt;integrated M.A. programs (Dijon)&lt;\\\/em&gt;:&lt;\\\/p&gt;\\n\\n\\n\\n&lt;p class=\\&quot;has-big-font-size\\&quot;&gt;The application process for the Mainz\\u2013Dijon M.A. degree program consists of two stages.  This is necessary because, in this program, you are enrolled at both partner universities from the very first semester, so it must be confirmed in advance that you meet the entrance requirements at both Mainz and Dijon.&lt;\\\/p&gt;\\n\\n\\n\\n&lt;ul class=\\&quot;wp-block-list\\&quot;&gt;\\n&lt;li&gt;&lt;a href=\\&quot;https:\\\/\\\/www.dijon.uni-mainz.de\\\/ma-master-recherche-bewerbung\\\/#Erster_Schritt:_Vorab-Meldung_beim_Dijonbro\\&quot; target=\\&quot;_blank\\&quot; rel=\\&quot;noreferrer noopener\\&quot;&gt;Step 1: \\u00a0\\u00a0Preliminary registration with the Dijon Office &lt;\\\/a&gt;(deadline for registration for the winter semester: &lt;strong&gt;March 31&lt;\\\/strong&gt;; deadline for the summer semester: &lt;strong&gt;September 30&lt;\\\/strong&gt;)&lt;\\\/li&gt;\\n\\n\\n\\n&lt;li&gt;&lt;a href=\\&quot;https:\\\/\\\/www.dijon.uni-mainz.de\\\/ma-master-recherche-bewerbung\\\/#Zweiter_Schritt:_Online-Bewerbung_an_den_Universitten_Mainz_und_Dijon\\&quot; target=\\&quot;_blank\\&quot; rel=\\&quot;noreferrer noopener\\&quot;&gt;Step 2: Step 2: Online application to the Universities of Mainz and Dijon&lt;\\\/a&gt;&lt;\\\/li&gt;\\n&lt;\\\/ul&gt;\\n\\n\\n\\n&lt;p class=\\&quot;has-big-font-size\\&quot;&gt;All information and contact persons for the two-stage application process can be found on the &lt;a href=\\&quot;https:\\\/\\\/www.dijon.uni-mainz.de\\\/ma-master-recherche-bewerbung\\\/\\&quot; data-type=\\&quot;link\\&quot; data-id=\\&quot;https:\\\/\\\/www.dijon.uni-mainz.de\\\/ma-master-recherche-bewerbung\\\/\\&quot; target=\\&quot;_blank\\&quot; rel=\\&quot;noreferrer noopener\\&quot;&gt;Dijon Office website&lt;\\\/a&gt;.&lt;\\\/p&gt;\\n\\n\\n\\n&lt;p class=\\&quot;has-big-font-size\\&quot;&gt;&lt;strong&gt;French language proficiency&lt;\\\/strong&gt;&lt;\\\/p&gt;\\n\\n\\n\\n&lt;p class=\\&quot;has-big-font-size\\&quot;&gt;Proof of French language proficiency can be provided by&lt;\\\/p&gt;\\n\\n\\n\\n&lt;ul class=\\&quot;wp-block-list\\&quot;&gt;\\n&lt;li&gt;having taken at least five years of French at school, in which you received a minimum of 5 points or the grade \\u201cadequate\\u201d (\\u201causreichend\\u201d),&lt;\\\/li&gt;\\n\\n\\n\\n&lt;li&gt;submitting &lt;strong&gt;certificates for French at a B2 level&lt;\\\/strong&gt;,&lt;\\\/li&gt;\\n\\n\\n\\n&lt;li&gt;presenting a university entrance qualification earned at a French-language school, or&lt;\\\/li&gt;\\n\\n\\n\\n&lt;li&gt;by presenting an Abi-Bac (simultaneous achievement of the German Abitur (Abi) and the French &lt;i&gt;baccalaur\\u00e9at&lt;\\\/i&gt; (Bac)).&lt;\\\/li&gt;\\n&lt;\\\/ul&gt;\\n\\n\\n\\n\\n&lt;div style=\\&quot;height:60px\\&quot; aria-hidden=\\&quot;true\\&quot; class=\\&quot;wp-block-spacer\\&quot;&gt;&lt;\\\/div&gt;\\n\\n\\n\\n&lt;p class=\\&quot;has-big-font-size\\&quot;&gt;&lt;strong&gt;International applicants&lt;\\\/strong&gt;:&lt;\\\/p&gt;\\n\\n\\n\\n&lt;p class=\\&quot;has-big-font-size\\&quot;&gt;Did you obtain your education outside of Germany? If this is the case, you should look into applying for a &lt;a href=\\&quot;https:\\\/\\\/www.studium.uni-mainz.de\\\/en\\\/your-application\\\/applying-with-international-certificates\\\/recognition\\\/\\&quot;&gt;Certificate of Recognition&lt;\\\/a&gt; and check for potentially required &lt;a href=\\&quot;https:\\\/\\\/www.studium.uni-mainz.de\\\/en\\\/your-application\\\/applying-with-international-certificates\\\/language-proficiency\\\/\\&quot;&gt;German language proficiency&lt;\\\/a&gt;. &lt;\\\/p&gt;\\n\\n\\n\\n&lt;p class=\\&quot;has-big-font-size\\&quot;&gt;Required German language skills\\\/certificates for this degree program: &lt;\\\/p&gt;\\n\\n\\n\\n\\n&lt;p class=\\&quot;has-big-font-size\\&quot;&gt;&lt;strong&gt;DSH-2&lt;\\\/strong&gt;&lt;\\\/p&gt;\\n\\n&quot;\n}\">\n<\/jgu-base-processsequenceitem>\n\n<jgu-base-processsequenceitem react-props=\"{\n    &quot;blockIndex&quot;: 1,\n    &quot;image&quot;: {\n        &quot;id&quot;: 2112,\n        &quot;url&quot;: &quot;https:\\\/\\\/cms.zdv.uni-mainz.de\\\/studium\\\/wp-content\\\/uploads\\\/sites\\\/12\\\/2023\\\/03\\\/Bis-wann-muss-ich-mich-bewerben_quadratisch.png&quot;,\n        &quot;hideCredit&quot;: true,\n        &quot;credit&quot;: &quot;Rebekka Sch\\u00f6nefu\\u00df&quot;,\n        &quot;title&quot;: &quot;Bis wann muss ich mich bewerben_quadratisch&quot;,\n        &quot;width&quot;: 1808,\n        &quot;height&quot;: 1808,\n        &quot;srcset&quot;: &quot;https:\\\/\\\/cms.zdv.uni-mainz.de\\\/studium\\\/wp-content\\\/uploads\\\/sites\\\/12\\\/2023\\\/03\\\/Bis-wann-muss-ich-mich-bewerben_quadratisch.png 1808w, https:\\\/\\\/cms.zdv.uni-mainz.de\\\/studium\\\/wp-content\\\/uploads\\\/sites\\\/12\\\/2023\\\/03\\\/Bis-wann-muss-ich-mich-bewerben_quadratisch-300x300.png 300w, https:\\\/\\\/cms.zdv.uni-mainz.de\\\/studium\\\/wp-content\\\/uploads\\\/sites\\\/12\\\/2023\\\/03\\\/Bis-wann-muss-ich-mich-bewerben_quadratisch-1024x1024.png 1024w, https:\\\/\\\/cms.zdv.uni-mainz.de\\\/studium\\\/wp-content\\\/uploads\\\/sites\\\/12\\\/2023\\\/03\\\/Bis-wann-muss-ich-mich-bewerben_quadratisch-150x150.png 150w, https:\\\/\\\/cms.zdv.uni-mainz.de\\\/studium\\\/wp-content\\\/uploads\\\/sites\\\/12\\\/2023\\\/03\\\/Bis-wann-muss-ich-mich-bewerben_quadratisch-768x768.png 768w, https:\\\/\\\/cms.zdv.uni-mainz.de\\\/studium\\\/wp-content\\\/uploads\\\/sites\\\/12\\\/2023\\\/03\\\/Bis-wann-muss-ich-mich-bewerben_quadratisch-1536x1536.png 1536w&quot;\n    },\n    &quot;title&quot;: &quot;When are applications due?&quot;,\n    &quot;collapsible&quot;: false,\n    &quot;allowImages&quot;: true,\n    &quot;color&quot;: &quot;red&quot;,\n    &quot;showIndex&quot;: true,\n    &quot;content&quot;: &quot;\\n\\n&lt;p&gt;&lt;strong&gt;Winter semester application period&lt;\\\/strong&gt;&lt;br&gt;From the beginning of April until September 01&lt;\\\/p&gt;\\n\\n\\n\\n&lt;p&gt;&lt;strong&gt;Summer semester application period&lt;\\\/strong&gt;&lt;br&gt;From the beginning of October to March 01&lt;\\\/p&gt;\\n\\n\\n\\n&lt;jgu-base-button style=\\&quot;display: flex; flex-wrap: wrap; column-gap: 30px; max-width: 100%; flex-direction: row; justify-content: left\\&quot;&gt;\\n  \\n&lt;jgu-base-buttonitem react-props=\\&quot;{\\n    &amp;quot;text&amp;quot;: &amp;quot;JGU online application portal&amp;quot;,\\n    &amp;quot;link&amp;quot;: {\\n        &amp;quot;url&amp;quot;: &amp;quot;https:\\\\\\\/\\\\\\\/jogustine.uni-mainz.de\\\\\\\/&amp;quot;,\\n        &amp;quot;linkTarget&amp;quot;: &amp;quot;&amp;quot;,\\n        &amp;quot;rel&amp;quot;: &amp;quot;&amp;quot;,\\n        &amp;quot;opensInNewTab&amp;quot;: true\\n    },\\n    &amp;quot;align&amp;quot;: &amp;quot;left&amp;quot;,\\n    &amp;quot;styling&amp;quot;: &amp;quot;primary&amp;quot;,\\n    &amp;quot;icon&amp;quot;: &amp;quot;arrow-right-solid&amp;quot;,\\n    &amp;quot;type&amp;quot;: &amp;quot;default&amp;quot;,\\n    &amp;quot;iconBefore&amp;quot;: false,\\n    &amp;quot;isSmall&amp;quot;: false,\\n    &amp;quot;fullWidth&amp;quot;: false,\\n    &amp;quot;className&amp;quot;: &amp;quot;&amp;quot;\\n}\\&quot;&gt;&lt;\\\/jgu-base-buttonitem&gt;\\n\\n&lt;\\\/jgu-base-button&gt;\\n\\n&quot;\n}\">\n<\/jgu-base-processsequenceitem>\n\n<jgu-base-processsequenceitem react-props=\"{\n    &quot;blockIndex&quot;: 2,\n    &quot;image&quot;: {\n        &quot;id&quot;: 2109,\n        &quot;url&quot;: &quot;https:\\\/\\\/cms.zdv.uni-mainz.de\\\/studium\\\/wp-content\\\/uploads\\\/sites\\\/12\\\/2023\\\/03\\\/Bescheid-erhalten_quadratisch.png&quot;,\n        &quot;hideCredit&quot;: true,\n        &quot;credit&quot;: &quot;Rebekka Sch\\u00f6nefu\\u00df&quot;,\n        &quot;title&quot;: &quot;Bescheid erhalten_quadratisch&quot;,\n        &quot;width&quot;: 2170,\n        &quot;height&quot;: 2170,\n        &quot;srcset&quot;: &quot;https:\\\/\\\/cms.zdv.uni-mainz.de\\\/studium\\\/wp-content\\\/uploads\\\/sites\\\/12\\\/2023\\\/03\\\/Bescheid-erhalten_quadratisch.png 2170w, https:\\\/\\\/cms.zdv.uni-mainz.de\\\/studium\\\/wp-content\\\/uploads\\\/sites\\\/12\\\/2023\\\/03\\\/Bescheid-erhalten_quadratisch-300x300.png 300w, https:\\\/\\\/cms.zdv.uni-mainz.de\\\/studium\\\/wp-content\\\/uploads\\\/sites\\\/12\\\/2023\\\/03\\\/Bescheid-erhalten_quadratisch-1024x1024.png 1024w, https:\\\/\\\/cms.zdv.uni-mainz.de\\\/studium\\\/wp-content\\\/uploads\\\/sites\\\/12\\\/2023\\\/03\\\/Bescheid-erhalten_quadratisch-150x150.png 150w, https:\\\/\\\/cms.zdv.uni-mainz.de\\\/studium\\\/wp-content\\\/uploads\\\/sites\\\/12\\\/2023\\\/03\\\/Bescheid-erhalten_quadratisch-768x768.png 768w, https:\\\/\\\/cms.zdv.uni-mainz.de\\\/studium\\\/wp-content\\\/uploads\\\/sites\\\/12\\\/2023\\\/03\\\/Bescheid-erhalten_quadratisch-1536x1536.png 1536w, https:\\\/\\\/cms.zdv.uni-mainz.de\\\/studium\\\/wp-content\\\/uploads\\\/sites\\\/12\\\/2023\\\/03\\\/Bescheid-erhalten_quadratisch-2048x2048.png 2048w&quot;\n    },\n    &quot;title&quot;: &quot;Is it hard to get in?&quot;,\n    &quot;collapsible&quot;: false,\n    &quot;allowImages&quot;: true,\n    &quot;color&quot;: &quot;red&quot;,\n    &quot;showIndex&quot;: true,\n    &quot;content&quot;: &quot;\\n\\n&lt;p class=\\&quot;has-big-font-size\\&quot;&gt;This degree program is &lt;strong&gt;non-selective&lt;\\\/strong&gt;; it therefore does not have a numerus clausus (NC). &lt;\\\/p&gt;\\n\\n\\n\\n&lt;p class=\\&quot;has-big-font-size\\&quot;&gt;If you fulfill the entrance requirements and properly apply on time, you will receive a spot at the university.&lt;\\\/p&gt;\\n\\n\\n&quot;\n}\">\n<\/jgu-base-processsequenceitem>\n\n<jgu-base-processsequenceitem react-props=\"{\n    &quot;blockIndex&quot;: 3,\n    &quot;image&quot;: {\n        &quot;id&quot;: 2115,\n        &quot;url&quot;: &quot;https:\\\/\\\/cms.zdv.uni-mainz.de\\\/studium\\\/wp-content\\\/uploads\\\/sites\\\/12\\\/2023\\\/03\\\/Wann-und-wie-geht-es-los_quaratisch.png&quot;,\n        &quot;hideCredit&quot;: true,\n        &quot;credit&quot;: &quot;Rebekka Sch\\u00f6nefu\\u00df&quot;,\n        &quot;title&quot;: &quot;Wann und wie geht es los_quaratisch&quot;,\n        &quot;width&quot;: 1636,\n        &quot;height&quot;: 1635,\n        &quot;srcset&quot;: &quot;https:\\\/\\\/cms.zdv.uni-mainz.de\\\/studium\\\/wp-content\\\/uploads\\\/sites\\\/12\\\/2023\\\/03\\\/Wann-und-wie-geht-es-los_quaratisch.png 1636w, https:\\\/\\\/cms.zdv.uni-mainz.de\\\/studium\\\/wp-content\\\/uploads\\\/sites\\\/12\\\/2023\\\/03\\\/Wann-und-wie-geht-es-los_quaratisch-300x300.png 300w, https:\\\/\\\/cms.zdv.uni-mainz.de\\\/studium\\\/wp-content\\\/uploads\\\/sites\\\/12\\\/2023\\\/03\\\/Wann-und-wie-geht-es-los_quaratisch-1024x1024.png 1024w, https:\\\/\\\/cms.zdv.uni-mainz.de\\\/studium\\\/wp-content\\\/uploads\\\/sites\\\/12\\\/2023\\\/03\\\/Wann-und-wie-geht-es-los_quaratisch-150x150.png 150w, https:\\\/\\\/cms.zdv.uni-mainz.de\\\/studium\\\/wp-content\\\/uploads\\\/sites\\\/12\\\/2023\\\/03\\\/Wann-und-wie-geht-es-los_quaratisch-768x768.png 768w, https:\\\/\\\/cms.zdv.uni-mainz.de\\\/studium\\\/wp-content\\\/uploads\\\/sites\\\/12\\\/2023\\\/03\\\/Wann-und-wie-geht-es-los_quaratisch-1536x1536.png 1536w&quot;\n    },\n    &quot;title&quot;: &quot;What happens next?&quot;,\n    &quot;collapsible&quot;: false,\n    &quot;allowImages&quot;: true,\n    &quot;color&quot;: &quot;red&quot;,\n    &quot;showIndex&quot;: true,\n    &quot;content&quot;: &quot;\\n\\n&lt;p class=\\&quot;has-big-font-size\\&quot;&gt;After successfully applying, you will receive an &lt;strong&gt;official letter of admission&lt;\\\/strong&gt; from us, which will tell you how and by when you will need to accept your spot at the university and apply for enrollment. We will subsequently notify you about the status of your enrollment. &lt;\\\/p&gt;\\n\\n\\n\\n&lt;p class=\\&quot;has-big-font-size\\&quot;&gt;We offer various &lt;strong&gt;programs and information prior to the start of the semester&lt;\\\/strong&gt; to help prepare you for the start of your studies before you get to know JGU and your subject during the &lt;strong&gt;introduction week&lt;\\\/strong&gt;. The &lt;strong&gt;lecture period&lt;\\\/strong&gt; begins one week later, marking the start of your courses.&lt;\\\/p&gt;\\n\\n\\n&lt;jgu-base-button style=\\&quot;display: flex; flex-wrap: wrap; column-gap: 30px; max-width: 100%; flex-direction: row; justify-content: left\\&quot;&gt;\\n  \\n&lt;jgu-base-buttonitem react-props=\\&quot;{\\n    &amp;quot;text&amp;quot;: &amp;quot;Starting your studies&amp;quot;,\\n    &amp;quot;link&amp;quot;: {\\n        &amp;quot;url&amp;quot;: &amp;quot;https:\\\\\\\/\\\\\\\/www.studium.uni-mainz.de\\\\\\\/en\\\\\\\/starting-your-studies\\\\\\\/&amp;quot;,\\n        &amp;quot;linkTarget&amp;quot;: &amp;quot;&amp;quot;,\\n        &amp;quot;rel&amp;quot;: &amp;quot;&amp;quot;,\\n        &amp;quot;opensInNewTab&amp;quot;: false,\\n        &amp;quot;title&amp;quot;: &amp;quot;Mein Studienstart&amp;quot;,\\n        &amp;quot;id&amp;quot;: 4312,\\n        &amp;quot;type&amp;quot;: &amp;quot;page&amp;quot;,\\n        &amp;quot;kind&amp;quot;: &amp;quot;post-type&amp;quot;\\n    },\\n    &amp;quot;align&amp;quot;: &amp;quot;left&amp;quot;,\\n    &amp;quot;styling&amp;quot;: &amp;quot;primary&amp;quot;,\\n    &amp;quot;icon&amp;quot;: &amp;quot;arrow-right-solid&amp;quot;,\\n    &amp;quot;type&amp;quot;: &amp;quot;default&amp;quot;,\\n    &amp;quot;iconBefore&amp;quot;: false,\\n    &amp;quot;isSmall&amp;quot;: false,\\n    &amp;quot;fullWidth&amp;quot;: false,\\n    &amp;quot;className&amp;quot;: &amp;quot;&amp;quot;\\n}\\&quot;&gt;&lt;\\\/jgu-base-buttonitem&gt;\\n\\n&lt;\\\/jgu-base-button&gt;\\n\\n&lt;jgu-base-button style=\\&quot;display: flex; flex-wrap: wrap; column-gap: 30px; max-width: 100%; flex-direction: row; justify-content: left\\&quot;&gt;\\n  \\n&lt;jgu-base-buttonitem react-props=\\&quot;{\\n    &amp;quot;text&amp;quot;: &amp;quot;Lecture periods&amp;quot;,\\n    &amp;quot;link&amp;quot;: {\\n        &amp;quot;url&amp;quot;: &amp;quot;https:\\\\\\\/\\\\\\\/www.studium.uni-mainz.de\\\\\\\/en\\\\\\\/during-your-studies\\\\\\\/dates-and-deadlines\\\\\\\/&amp;quot;,\\n        &amp;quot;linkTarget&amp;quot;: &amp;quot;&amp;quot;,\\n        &amp;quot;rel&amp;quot;: &amp;quot;&amp;quot;,\\n        &amp;quot;opensInNewTab&amp;quot;: false,\\n        &amp;quot;title&amp;quot;: &amp;quot;Fristen &amp;amp; Termine&amp;quot;,\\n        &amp;quot;id&amp;quot;: 5266,\\n        &amp;quot;type&amp;quot;: &amp;quot;page&amp;quot;,\\n        &amp;quot;kind&amp;quot;: &amp;quot;post-type&amp;quot;\\n    },\\n    &amp;quot;align&amp;quot;: &amp;quot;left&amp;quot;,\\n    &amp;quot;styling&amp;quot;: &amp;quot;primary&amp;quot;,\\n    &amp;quot;icon&amp;quot;: &amp;quot;arrow-right-solid&amp;quot;,\\n    &amp;quot;type&amp;quot;: &amp;quot;default&amp;quot;,\\n    &amp;quot;iconBefore&amp;quot;: false,\\n    &amp;quot;isSmall&amp;quot;: false,\\n    &amp;quot;fullWidth&amp;quot;: false,\\n    &amp;quot;className&amp;quot;: &amp;quot;&amp;quot;\\n}\\&quot;&gt;&lt;\\\/jgu-base-buttonitem&gt;\\n\\n&lt;\\\/jgu-base-button&gt;\\n\\n&quot;\n}\">\n<\/jgu-base-processsequenceitem>\n<\/jgu-base-processsequence>\n\n<\/jgu-base-modal><\/div>\n\n\n\n<div class=\"wp-block-column is-layout-flow wp-block-column-is-layout-flow\" style=\"flex-basis:33.33%\"><jgu-base-image react-props=\"{\n    &quot;image&quot;: {\n        &quot;url&quot;: &quot;https:\\\/\\\/cms.zdv.uni-mainz.de\\\/studium\\\/wp-content\\\/uploads\\\/sites\\\/12\\\/2023\\\/02\\\/Student_Laptop.png&quot;,\n        &quot;id&quot;: 63,\n        &quot;hideCredit&quot;: true,\n        &quot;hideImageDescription&quot;: true,\n        &quot;darkBackground&quot;: false,\n        &quot;alt&quot;: &quot;Eine m\\u00e4nnliche Person arbeitet an einem Laptop. Neben dem Mann liegen ein Rucksack und B\\u00fccher.&quot;,\n        &quot;caption&quot;: &quot;Illustration eines Studenten, der am Laptop arbeitet&quot;,\n        &quot;credit&quot;: &quot;\\u00a9 Rebekka Sch\\u00f6nefu\\u00df Grafikdesign\\\/Illustration&quot;,\n        &quot;description&quot;: &quot;Eine m\\u00e4nnliche Person arbeitet an einem Laptop. Neben dem Mann liegen ein Rucksack und B\\u00fccher.&quot;,\n        &quot;title&quot;: &quot;Student_Laptop&quot;,\n        &quot;width&quot;: 2098,\n        &quot;height&quot;: 2169,\n        &quot;srcset&quot;: &quot;https:\\\/\\\/cms.zdv.uni-mainz.de\\\/studium\\\/wp-content\\\/uploads\\\/sites\\\/12\\\/2023\\\/02\\\/Student_Laptop.png 2098w, https:\\\/\\\/cms.zdv.uni-mainz.de\\\/studium\\\/wp-content\\\/uploads\\\/sites\\\/12\\\/2023\\\/02\\\/Student_Laptop-290x300.png 290w, https:\\\/\\\/cms.zdv.uni-mainz.de\\\/studium\\\/wp-content\\\/uploads\\\/sites\\\/12\\\/2023\\\/02\\\/Student_Laptop-990x1024.png 990w, https:\\\/\\\/cms.zdv.uni-mainz.de\\\/studium\\\/wp-content\\\/uploads\\\/sites\\\/12\\\/2023\\\/02\\\/Student_Laptop-768x794.png 768w, https:\\\/\\\/cms.zdv.uni-mainz.de\\\/studium\\\/wp-content\\\/uploads\\\/sites\\\/12\\\/2023\\\/02\\\/Student_Laptop-1486x1536.png 1486w, https:\\\/\\\/cms.zdv.uni-mainz.de\\\/studium\\\/wp-content\\\/uploads\\\/sites\\\/12\\\/2023\\\/02\\\/Student_Laptop-1981x2048.png 1981w&quot;\n    },\n    &quot;align&quot;: &quot;&quot;,\n    &quot;hasLightbox&quot;: false,\n    &quot;caption&quot;: &quot;&quot;,\n    &quot;imgWidth&quot;: 0,\n    &quot;link&quot;: {\n        &quot;url&quot;: &quot;&quot;,\n        &quot;target&quot;: &quot;&quot;,\n        &quot;rel&quot;: &quot;&quot;\n    }\n}\" class=\"align-\">\n    \n<\/jgu-base-image><\/div>\n<\/div>\n<\/div><\/div>\n<\/jgu-base-section>\n\n<jgu-base-section react-props=\"{&quot;color&quot;:&quot;light&quot;,&quot;align&quot;:&quot;wide&quot;,&quot;padding&quot;:&quot;medium&quot;}\">\n<div class=\"jgu-bgsection bg bg-light \"><div class=\"content padding-medium\"><div\n\tclass=\"jgu-anchorpoint\"\n\tid=\"service-advising\"\n\tdata-label=\"Service &amp;amp; advising\"\n\tdata-hide-in-nav=\"false\"\n\ttabindex=\"0\"\n\tdata-initial-scroll=\"true\"\n><\/div>\n\n\n<jgu-base-heading react-props=\"{\n    &quot;index&quot;: &quot;Service &amp;amp; advising&quot;,\n    &quot;tags&quot;: {\n        &quot;htmlTag&quot;: &quot;h2&quot;,\n        &quot;classTag&quot;: &quot;&quot;,\n        &quot;tag&quot;: &quot;h2&quot;\n    },\n    &quot;heading&quot;: &quot;&lt;strong&gt;Looking for more information?&lt;\\\/strong&gt;&quot;,\n    &quot;textAlign&quot;: &quot;left&quot;,\n    &quot;anchor&quot;: &quot;&quot;,\n    &quot;color&quot;: &quot;red&quot;\n}\"><\/jgu-base-heading>\n\n\n\n<div class=\"wp-block-columns is-layout-flex wp-container-core-columns-is-layout-9d6595d7 wp-block-columns-is-layout-flex\">\n<div class=\"wp-block-column is-layout-flow wp-block-column-is-layout-flow\" style=\"flex-basis:33.33%\"><jgu-base-image react-props=\"{\n    &quot;image&quot;: {\n        &quot;url&quot;: &quot;https:\\\/\\\/cms.zdv.uni-mainz.de\\\/studium\\\/wp-content\\\/uploads\\\/sites\\\/12\\\/2023\\\/08\\\/Beratung_03_Rahmen.svg&quot;,\n        &quot;id&quot;: 18014,\n        &quot;darkBackground&quot;: true,\n        &quot;credit&quot;: &quot;\\u00a9 Rebekka Sch\\u00f6nefu\\u00df Grafikdesign\\\/Illustration&quot;,\n        &quot;title&quot;: &quot;Beratung_03_Rahmen&quot;\n    },\n    &quot;align&quot;: &quot;&quot;,\n    &quot;hasLightbox&quot;: false,\n    &quot;caption&quot;: &quot;&quot;,\n    &quot;imgWidth&quot;: 0,\n    &quot;link&quot;: {\n        &quot;url&quot;: &quot;&quot;,\n        &quot;target&quot;: &quot;&quot;,\n        &quot;rel&quot;: &quot;&quot;\n    }\n}\" class=\"align-\">\n    \n<\/jgu-base-image><\/div>\n\n\n\n<div class=\"wp-block-column is-layout-flow wp-block-column-is-layout-flow\" style=\"flex-basis:66.66%\"><jgu-base-tabs react-props=\"{\n    &quot;autoRatio&quot;: false,\n    &quot;layout&quot;: {\n        &quot;type&quot;: &quot;flex&quot;,\n        &quot;flexWrap&quot;: &quot;nowrap&quot;,\n        &quot;justifyContent&quot;: &quot;left&quot;,\n        &quot;orientation&quot;: &quot;vertical&quot;\n    },\n    &quot;align&quot;: &quot;wide&quot;,\n    &quot;selected&quot;: 1,\n    &quot;ratio&quot;: 0,\n    &quot;stackMobile&quot;: false,\n    &quot;hasAllOpenButton&quot;: true,\n    &quot;onlyOne&quot;: false,\n    &quot;initAllClosed&quot;: true,\n    &quot;enableSearch&quot;: false\n}\">\n    \n<jgu-base-tabsitem react-props=\"{\n    &quot;title&quot;: &quot;Student Advisory Center&quot;,\n    &quot;slug&quot;: &quot;student-advisory-center&quot;,\n    &quot;align&quot;: &quot;wide&quot;,\n    &quot;customSlug&quot;: false\n}\">\n    \n\n<p class=\"has-big-font-size\">Do you need support in choosing the right master\u2019s degree program? Do you have questions about the application procedure, the selection process or simply can\u2019t make up your mind?<\/p>\n\n\n\n<p class=\"has-big-font-size\">The Student Advisory Center is here to help!<\/p>\n\n\n<jgu-base-contactcard react-props=\"{\n    &quot;name&quot;: &quot;Student Advisory Center (ZSB)&quot;,\n    &quot;align&quot;: &quot;wide&quot;,\n    &quot;actions&quot;: [],\n    &quot;color&quot;: &quot;default&quot;\n}\">\n    \n<jgu-base-listitem react-props=\"{\n    &quot;icon&quot;: &quot;envelope-solid&quot;,\n    &quot;title&quot;: &quot;&lt;a href=\\&quot;mailto:zsb@uni-mainz.de\\&quot;&gt;zsb@uni-mainz.de&lt;\\\/a&gt;&quot;,\n    &quot;uuid&quot;: &quot;1692005074190&quot;,\n    &quot;link&quot;: {\n        &quot;url&quot;: &quot;mailto:zsb@uni-mainz.de&quot;\n    },\n    &quot;align&quot;: &quot;wide&quot;,\n    &quot;showInActions&quot;: false,\n    &quot;allowNesting&quot;: true,\n    &quot;showExpandableContent&quot;: false,\n    &quot;expandableContent&quot;: &quot;&quot;\n}\">\n    \n<\/jgu-base-listitem>\n\n<jgu-base-listitem react-props=\"{\n    &quot;icon&quot;: &quot;phone-solid&quot;,\n    &quot;title&quot;: &quot;&lt;a href=\\&quot;tel:+49 6131 39-22122\\&quot;&gt;+49 6131 39-22122&lt;\\\/a&gt; (hotline)&lt;br&gt;&lt;br&gt;Service hours:&lt;br&gt;Mon, Wed, Thu, 9:00 am\\u201312:00\\u00a0noon and 1:00\\u20134:00\\u00a0pm&lt;br&gt;Tues, 10:00\\u00a0am\\u201312:00\\u00a0noon and 1:00\\u20134:00\\u00a0pm&lt;br&gt;Fri, 9:00\\u00a0am\\u201312:00\\u00a0noon&quot;,\n    &quot;uuid&quot;: &quot;1692005506040&quot;,\n    &quot;link&quot;: {\n        &quot;url&quot;: &quot;tel:+49 6131 39-22122&quot;\n    },\n    &quot;align&quot;: &quot;wide&quot;,\n    &quot;showInActions&quot;: false,\n    &quot;allowNesting&quot;: true,\n    &quot;showExpandableContent&quot;: false,\n    &quot;expandableContent&quot;: &quot;&quot;\n}\">\n    \n<\/jgu-base-listitem>\n\n<jgu-base-listitem react-props=\"{\n    &quot;icon&quot;: &quot;map-marker-alt-solid&quot;,\n    &quot;title&quot;: &quot;Visitors\\u2019 address:&lt;br&gt;&lt;br&gt;Student Service Center&lt;br&gt;Forum universitatis &lt;br&gt;Entrance 1, 2nd floor &lt;br&gt;Johann-Joachim-Becher-Weg 2 &lt;br&gt;55128 Mainz, Germany&quot;,\n    &quot;uuid&quot;: &quot;1692005529395&quot;,\n    &quot;link&quot;: {\n        &quot;url&quot;: null\n    },\n    &quot;align&quot;: &quot;wide&quot;,\n    &quot;showInActions&quot;: false,\n    &quot;allowNesting&quot;: true,\n    &quot;showExpandableContent&quot;: false,\n    &quot;expandableContent&quot;: &quot;&quot;\n}\">\n    \n<\/jgu-base-listitem>\n\n<jgu-base-listitem react-props=\"{\n    &quot;icon&quot;: &quot;map-solid&quot;,\n    &quot;title&quot;: &quot;&lt;a href=\\&quot;https:\\\/\\\/startseite.uni-mainz.de\\\/campusplan\\\/\\&quot; data-type=\\&quot;link\\&quot; data-id=\\&quot;https:\\\/\\\/startseite.uni-mainz.de\\\/campusplan\\\/\\&quot;&gt;Campus map&lt;\\\/a&gt;&quot;,\n    &quot;uuid&quot;: &quot;1692005566325&quot;,\n    &quot;link&quot;: {\n        &quot;url&quot;: &quot;https:\\\/\\\/startseite.uni-mainz.de\\\/campusplan\\\/&quot;\n    },\n    &quot;align&quot;: &quot;wide&quot;,\n    &quot;showInActions&quot;: false,\n    &quot;allowNesting&quot;: true,\n    &quot;showExpandableContent&quot;: false,\n    &quot;expandableContent&quot;: &quot;&quot;\n}\">\n    \n<\/jgu-base-listitem>\n\n<jgu-base-listitem react-props=\"{\n    &quot;icon&quot;: &quot;arrow-right-solid&quot;,\n    &quot;title&quot;: &quot;&lt;a href=\\&quot;https:\\\/\\\/cms.zdv.uni-mainz.de\\\/studium\\\/0-landingpage-studium-platzhalter\\\/mein-studium\\\/service_beratung\\\/zsb\\\/\\&quot; data-type=\\&quot;page\\&quot; data-id=\\&quot;4372\\&quot;&gt;www.studium.uni-mainz.de\\\/zsb&lt;\\\/a&gt;&quot;,\n    &quot;uuid&quot;: &quot;1692005651114&quot;,\n    &quot;link&quot;: {\n        &quot;url&quot;: &quot;https:\\\/\\\/www.studium.uni-mainz.de\\\/en\\\/during-your-studies\\\/service-advising\\\/student-advisory-center\\\/&quot;\n    },\n    &quot;align&quot;: &quot;wide&quot;,\n    &quot;showInActions&quot;: false,\n    &quot;allowNesting&quot;: true,\n    &quot;showExpandableContent&quot;: false,\n    &quot;expandableContent&quot;: &quot;&quot;\n}\">\n    \n<\/jgu-base-listitem>\n\n<jgu-base-listitem react-props=\"{\n    &quot;icon&quot;: &quot;calendar-solid&quot;,\n    &quot;title&quot;: &quot;Advising appointments are available via video, by phone or in person. &lt;br&gt;&lt;br&gt;Appointments can be made via the &lt;a href=\\&quot;tel:+4961313922122\\&quot;&gt;hotline&lt;\\\/a&gt; (see contact details and service hours above). &lt;br&gt; &lt;br&gt;We are also happy to answer short questions via email.&quot;,\n    &quot;uuid&quot;: &quot;1692005784247&quot;,\n    &quot;align&quot;: &quot;wide&quot;,\n    &quot;showInActions&quot;: false,\n    &quot;allowNesting&quot;: true,\n    &quot;showExpandableContent&quot;: false,\n    &quot;expandableContent&quot;: &quot;&quot;,\n    &quot;link&quot;: {\n        &quot;url&quot;: &quot;&quot;\n    }\n}\">\n    \n<\/jgu-base-listitem>\n\n<\/jgu-base-contactcard>\n\n\n<\/jgu-base-tabsitem>\n\n<jgu-base-tabsitem react-props=\"{\n    &quot;title&quot;: &quot;Academic Advisory Office&quot;,\n    &quot;slug&quot;: &quot;academic-advisory-office&quot;,\n    &quot;align&quot;: &quot;wide&quot;,\n    &quot;customSlug&quot;: false\n}\">\n    \n\n<p class=\"has-big-font-size\">Do you have questions about a specific degree program? If you do, feel free to contact the responsible <strong>academic advisory office<\/strong>.<\/p>\n\n\n\n<p class=\"has-big-font-size\">The academic advisory offices are the best points of contact for the following topics:<\/p>\n\n\n\n<ul class=\"has-big-font-size wp-block-list\">\n<li>Structure and content of the program of study<\/li>\n\n\n\n<li>Planning your course schedule<\/li>\n\n\n\n<li>Recognition of credits and examinations when changing subject or university<\/li>\n\n\n\n<li>Examination process<\/li>\n<\/ul>\n\n\n\n<jgu-base-heading react-props=\"{\n    &quot;tags&quot;: {\n        &quot;htmlTag&quot;: &quot;h2&quot;,\n        &quot;classTag&quot;: &quot;h5&quot;,\n        &quot;tag&quot;: &quot;h2.h5&quot;\n    },\n    &quot;heading&quot;: &quot;Orientation in the entry phase&lt;br&gt;Academic Advisory Office&lt;br&gt;Recognition of coursework&quot;,\n    &quot;textAlign&quot;: &quot;left&quot;,\n    &quot;anchor&quot;: &quot;&quot;,\n    &quot;index&quot;: &quot;&quot;,\n    &quot;color&quot;: &quot;red&quot;\n}\"><\/jgu-base-heading>\n\n\n<jgu-base-idm-person react-props=\"{\n    &quot;id&quot;: &quot;2184&quot;,\n    &quot;organizationId&quot;: 752,\n    &quot;roleId&quot;: 40,\n    &quot;name&quot;: &quot;&quot;,\n    &quot;link&quot;: &quot;idm&quot;,\n    &quot;skipDetails&quot;: [],\n    &quot;align&quot;: &quot;left&quot;,\n    &quot;color&quot;: &quot;default&quot;,\n    &quot;mode&quot;: &quot;edit&quot;,\n    &quot;linkType&quot;: &quot;idm&quot;\n}\">\n        \n<\/jgu-base-idm-person>\n\n\n<jgu-base-heading react-props=\"{\n    &quot;tags&quot;: {\n        &quot;htmlTag&quot;: &quot;h2&quot;,\n        &quot;classTag&quot;: &quot;h5&quot;,\n        &quot;tag&quot;: &quot;h2.h5&quot;\n    },\n    &quot;heading&quot;: &quot;Studienfachberatung Neuere Geschichte | Dijon-Studieng\\u00e4nge&quot;,\n    &quot;textAlign&quot;: &quot;left&quot;,\n    &quot;anchor&quot;: &quot;&quot;,\n    &quot;index&quot;: &quot;&quot;,\n    &quot;color&quot;: &quot;red&quot;\n}\"><\/jgu-base-heading>\n\n\n<jgu-base-heading react-props=\"{\n    &quot;tags&quot;: {\n        &quot;htmlTag&quot;: &quot;h2&quot;,\n        &quot;classTag&quot;: &quot;h5&quot;,\n        &quot;tag&quot;: &quot;h2.h5&quot;\n    },\n    &quot;heading&quot;: &quot;Recognition of coursework and examinations&lt;br&gt;Advising on a career in history&lt;br&gt;(on leave until the winter semester 2025\\\/26)&quot;,\n    &quot;textAlign&quot;: &quot;left&quot;,\n    &quot;anchor&quot;: &quot;&quot;,\n    &quot;index&quot;: &quot;&quot;,\n    &quot;color&quot;: &quot;red&quot;\n}\"><\/jgu-base-heading>\n\n\n<jgu-base-idm-person react-props=\"{\n    &quot;id&quot;: &quot;1074&quot;,\n    &quot;organizationId&quot;: 752,\n    &quot;roleId&quot;: 40,\n    &quot;name&quot;: &quot;&quot;,\n    &quot;link&quot;: &quot;idm&quot;,\n    &quot;skipDetails&quot;: [],\n    &quot;align&quot;: &quot;left&quot;,\n    &quot;color&quot;: &quot;default&quot;,\n    &quot;mode&quot;: &quot;edit&quot;,\n    &quot;linkType&quot;: &quot;idm&quot;\n}\">\n        \n<\/jgu-base-idm-person>\n\n\n<jgu-base-heading react-props=\"{\n    &quot;tags&quot;: {\n        &quot;htmlTag&quot;: &quot;h2&quot;,\n        &quot;classTag&quot;: &quot;h5&quot;,\n        &quot;tag&quot;: &quot;h2.h5&quot;\n    },\n    &quot;heading&quot;: &quot;Orientation in the entry phase&lt;br&gt;Support for students with children and for students with disabilities&lt;br&gt;Contact for the pre-university program (for school pupils)&quot;,\n    &quot;textAlign&quot;: &quot;left&quot;,\n    &quot;anchor&quot;: &quot;&quot;,\n    &quot;index&quot;: &quot;&quot;,\n    &quot;color&quot;: &quot;red&quot;\n}\"><\/jgu-base-heading>\n\n\n<jgu-base-idm-person react-props=\"{\n    &quot;id&quot;: &quot;1445&quot;,\n    &quot;organizationId&quot;: 2025,\n    &quot;roleId&quot;: 40,\n    &quot;name&quot;: &quot;&quot;,\n    &quot;link&quot;: &quot;idm&quot;,\n    &quot;skipDetails&quot;: [],\n    &quot;align&quot;: &quot;left&quot;,\n    &quot;color&quot;: &quot;default&quot;,\n    &quot;mode&quot;: &quot;edit&quot;,\n    &quot;linkType&quot;: &quot;idm&quot;\n}\">\n        \n<\/jgu-base-idm-person>\n\n\n<jgu-base-heading react-props=\"{\n    &quot;tags&quot;: {\n        &quot;htmlTag&quot;: &quot;h2&quot;,\n        &quot;classTag&quot;: &quot;h5&quot;,\n        &quot;tag&quot;: &quot;h2.h5&quot;\n    },\n    &quot;heading&quot;: &quot;Advising on how to finance and plan your studies and on a career in history&quot;,\n    &quot;textAlign&quot;: &quot;left&quot;,\n    &quot;anchor&quot;: &quot;&quot;,\n    &quot;index&quot;: &quot;&quot;,\n    &quot;color&quot;: &quot;red&quot;\n}\"><\/jgu-base-heading>\n\n\n<jgu-base-idm-person react-props=\"{\n    &quot;id&quot;: &quot;3359&quot;,\n    &quot;organizationId&quot;: 752,\n    &quot;roleId&quot;: 40,\n    &quot;name&quot;: &quot;&quot;,\n    &quot;link&quot;: &quot;idm&quot;,\n    &quot;skipDetails&quot;: [],\n    &quot;align&quot;: &quot;left&quot;,\n    &quot;color&quot;: &quot;default&quot;,\n    &quot;mode&quot;: &quot;edit&quot;,\n    &quot;linkType&quot;: &quot;idm&quot;\n}\">\n        \n<\/jgu-base-idm-person>\n\n\n<jgu-base-heading react-props=\"{\n    &quot;tags&quot;: {\n        &quot;htmlTag&quot;: &quot;h2&quot;,\n        &quot;classTag&quot;: &quot;h5&quot;,\n        &quot;tag&quot;: &quot;h2.h5&quot;\n    },\n    &quot;heading&quot;: &quot;Advising on stays abroad (aside from Dijon degree programs)&lt;br&gt;Recognition of Erasmus credits&quot;,\n    &quot;textAlign&quot;: &quot;left&quot;,\n    &quot;anchor&quot;: &quot;&quot;,\n    &quot;index&quot;: &quot;&quot;,\n    &quot;color&quot;: &quot;red&quot;\n}\"><\/jgu-base-heading>\n\n\n<jgu-base-idm-person react-props=\"{\n    &quot;id&quot;: &quot;1333&quot;,\n    &quot;organizationId&quot;: 752,\n    &quot;roleId&quot;: 40,\n    &quot;name&quot;: &quot;&quot;,\n    &quot;link&quot;: &quot;idm&quot;,\n    &quot;skipDetails&quot;: [],\n    &quot;align&quot;: &quot;left&quot;,\n    &quot;color&quot;: &quot;default&quot;,\n    &quot;mode&quot;: &quot;edit&quot;,\n    &quot;linkType&quot;: &quot;idm&quot;\n}\">\n        \n<\/jgu-base-idm-person>\n\n\n\n<p>bis auf weiteres beurlaubt.<\/p>\n\n\n<\/jgu-base-tabsitem>\n\n<jgu-base-tabsitem react-props=\"{\n    &quot;title&quot;: &quot;Dijon Office&quot;,\n    &quot;slug&quot;: &quot;dijon-office&quot;,\n    &quot;align&quot;: &quot;wide&quot;,\n    &quot;customSlug&quot;: false\n}\">\n    \n\n<p class=\"has-big-font-size\">The Dijon Office manages, organizes, and coordinates the binational integrated Mainz\/Dijon degree programs as well as the trinational programs with Bologna (Italy) and Sherbrooke (Canada). <\/p>\n\n\n\n<p class=\"has-big-font-size\">The staff of the Dijon Office advise prospective students and support enrolled students with administrative matters outside the examination regulations, from enrollment through graduation and beyond.<\/p>\n\n\n<jgu-base-idm-organization react-props=\"{\n    &quot;id&quot;: &quot;3423&quot;,\n    &quot;link&quot;: &quot;idm&quot;,\n    &quot;layout&quot;: &quot;default&quot;,\n    &quot;displayOptions&quot;: {\n        &quot;portraits&quot;: true,\n        &quot;role&quot;: true,\n        &quot;organization&quot;: true,\n        &quot;personAddress&quot;: true,\n        &quot;officeHours&quot;: true,\n        &quot;room&quot;: true,\n        &quot;email&quot;: true,\n        &quot;phone&quot;: true,\n        &quot;website&quot;: true,\n        &quot;departmentAddress&quot;: true\n    },\n    &quot;depth&quot;: &quot;0&quot;,\n    &quot;startlevel&quot;: 2,\n    &quot;skip&quot;: [],\n    &quot;skipRoles&quot;: [],\n    &quot;roleIds&quot;: [],\n    &quot;align&quot;: &quot;left&quot;,\n    &quot;color&quot;: &quot;default&quot;,\n    &quot;mode&quot;: &quot;edit&quot;\n}\">\n        \n<\/jgu-base-idm-organization>\n\n\n\n<\/jgu-base-tabsitem>\n\n<jgu-base-tabsitem react-props=\"{\n    &quot;title&quot;: &quot;Student Council&quot;,\n    &quot;slug&quot;: &quot;student-council&quot;,\n    &quot;align&quot;: &quot;wide&quot;,\n    &quot;customSlug&quot;: false\n}\">\n    \n\n<p class=\"has-big-font-size\">Are you looking for information and advice from students in your (future) program of study?<br>Then get in touch with your <strong>student council<\/strong>!<\/p>\n\n\n\n<p class=\"has-big-font-size\">They represent students\u2019 interests and would be happy to hear from you!<\/p>\n\n\n\n<jgu-base-contactcard react-props=\"{\n    &quot;name&quot;: &quot;Student Council | &lt;a href=\\&quot;https:\\\/\\\/www.studium.uni-mainz.de\\\/fachschaften\\\/#collapse32\\&quot;&gt;History&lt;\\\/a&gt;&quot;,\n    &quot;actions&quot;: [],\n    &quot;align&quot;: &quot;wide&quot;,\n    &quot;color&quot;: &quot;default&quot;\n}\">\n    \n<jgu-base-listitem react-props=\"{\n    &quot;icon&quot;: &quot;envelope-solid&quot;,\n    &quot;title&quot;: &quot;&lt;a href=\\&quot;mailto:Fachschaft-geschichte@uni-mainz.de\\&quot;&gt;Fachschaft-geschichte@uni-mainz.de&lt;\\\/a&gt;&quot;,\n    &quot;uuid&quot;: &quot;1695202928092&quot;,\n    &quot;link&quot;: {\n        &quot;url&quot;: &quot;mailto:Fachschaft-geschichte@uni-mainz.de&quot;\n    },\n    &quot;align&quot;: &quot;wide&quot;,\n    &quot;showInActions&quot;: false,\n    &quot;allowNesting&quot;: true,\n    &quot;showExpandableContent&quot;: false,\n    &quot;expandableContent&quot;: &quot;&quot;\n}\">\n    \n<\/jgu-base-listitem>\n\n<jgu-base-listitem react-props=\"{\n    &quot;icon&quot;: &quot;phone-solid&quot;,\n    &quot;title&quot;: &quot;&lt;a href=\\&quot;tel:+49 6131 39-23165\\&quot;&gt;+49 6131 39-23165&lt;\\\/a&gt;&quot;,\n    &quot;uuid&quot;: &quot;1695202980666&quot;,\n    &quot;link&quot;: {\n        &quot;url&quot;: &quot;tel:+49 6131 39-23165&quot;\n    },\n    &quot;align&quot;: &quot;wide&quot;,\n    &quot;showInActions&quot;: false,\n    &quot;allowNesting&quot;: true,\n    &quot;showExpandableContent&quot;: false,\n    &quot;expandableContent&quot;: &quot;&quot;\n}\">\n    \n<\/jgu-base-listitem>\n\n<jgu-base-listitem react-props=\"{\n    &quot;icon&quot;: &quot;map-marker-alt-solid&quot;,\n    &quot;title&quot;: &quot;Visitors\\u2019 address:&lt;br&gt;&lt;br&gt;Jakob-Welder-Weg 18 (Philosophicum)&lt;br&gt;Room 00-547&quot;,\n    &quot;uuid&quot;: &quot;1695202994404&quot;,\n    &quot;align&quot;: &quot;wide&quot;,\n    &quot;showInActions&quot;: false,\n    &quot;allowNesting&quot;: true,\n    &quot;showExpandableContent&quot;: false,\n    &quot;expandableContent&quot;: &quot;&quot;,\n    &quot;link&quot;: {\n        &quot;url&quot;: &quot;&quot;\n    }\n}\">\n    \n<\/jgu-base-listitem>\n\n<jgu-base-listitem react-props=\"{\n    &quot;icon&quot;: &quot;arrow-right-solid&quot;,\n    &quot;title&quot;: &quot;&lt;a href=\\&quot;https:\\\/\\\/www.fachschaft.geschichte.uni-mainz.de\\\/\\&quot; data-type=\\&quot;link\\&quot; data-id=\\&quot;https:\\\/\\\/www.fachschaft.wiwi.uni-mainz.de\\\/\\&quot; target=\\&quot;_blank\\&quot; rel=\\&quot;noreferrer noopener\\&quot;&gt;Homepage&lt;\\\/a&gt;&quot;,\n    &quot;uuid&quot;: &quot;1695203029384&quot;,\n    &quot;link&quot;: {\n        &quot;url&quot;: &quot;https:\\\/\\\/www.fachschaft.geschichte.uni-mainz.de\\\/&quot;\n    },\n    &quot;align&quot;: &quot;wide&quot;,\n    &quot;showInActions&quot;: false,\n    &quot;allowNesting&quot;: true,\n    &quot;showExpandableContent&quot;: false,\n    &quot;expandableContent&quot;: &quot;&quot;\n}\">\n    \n<\/jgu-base-listitem>\n\n<jgu-base-listitem react-props=\"{\n    &quot;icon&quot;: &quot;map-solid&quot;,\n    &quot;title&quot;: &quot;&lt;a href=\\&quot;https:\\\/\\\/homepage.uni-mainz.de\\\/campus-map\\\/\\&quot; data-type=\\&quot;link\\&quot; data-id=\\&quot;https:\\\/\\\/startseite.uni-mainz.de\\\/campusplan\\\/\\&quot; target=\\&quot;_blank\\&quot; rel=\\&quot;noreferrer noopener\\&quot;&gt;Campus map&lt;\\\/a&gt;&quot;,\n    &quot;uuid&quot;: &quot;1695203077190&quot;,\n    &quot;link&quot;: {\n        &quot;url&quot;: &quot;https:\\\/\\\/startseite.uni-mainz.de\\\/campusplan\\\/&quot;\n    },\n    &quot;align&quot;: &quot;wide&quot;,\n    &quot;showInActions&quot;: false,\n    &quot;allowNesting&quot;: true,\n    &quot;showExpandableContent&quot;: false,\n    &quot;expandableContent&quot;: &quot;&quot;\n}\">\n    \n<\/jgu-base-listitem>\n\n<\/jgu-base-contactcard>\n\n\n<\/jgu-base-tabsitem>\n\n<\/jgu-base-tabs>\n\n\n<p class=\"has-big-font-size\"><\/p>\n<\/div>\n<\/div>\n<\/div><\/div>\n<\/jgu-base-section>    <div style=\"display: none\">\n        \n    <\/div>","protected":false},"excerpt":{"rendered":"","protected":false},"author":127,"featured_media":0,"parent":45944,"menu_order":0,"comment_status":"closed","ping_status":"closed","template":"","meta":{"footnotes":""},"categories":[],"tags":[],"class_list":["post-194628","page","type-page","status-publish","hentry"],"content_raw":"<!-- wp:jgu\/pageheader {\"items\":[{\"box\":{\"index\":\"History\/Histoire (M.A.)\",\"title\":\"Study History Internationally\",\"link\":{\"url\":\"\",\"title\":\"Learn more\"}},\"color\":\"dark\",\"image\":{\"url\":null,\"id\":191010},\"imgCredit\":\"\",\"useVideo\":false,\"video\":false}],\"type\":\"default\",\"useBreadcrumb\":true} \/-->\n\n<!-- wp:jgu\/anchornavigation \/-->\n\n<!-- wp:jgu\/anchorpoint {\"title\":\"Facts \\u0026amp; figures\",\"slug\":\"facts-figures\"} \/-->\n\n<!-- wp:jgu\/section {\"color\":\"light\"} -->\n<div class=\"jgu-bgsection bg bg-light \"><div class=\"content padding-medium\"><!-- wp:jgu\/heading {\"index\":\"Facts \\u0026amp; figures\",\"tags\":{\"htmlTag\":\"h2\",\"classTag\":\"\",\"tag\":\"h2\"},\"heading\":\"\\u003cstrong\\u003eAt a glance\\u003c\/strong\\u003e\"} \/-->\n\n<!-- wp:jgu\/key-facts -->\n<!-- wp:jgu\/key-facts-item {\"index\":\"Degree\",\"text\":\"Master of Arts (Germany), Master Recherche (France)\",\"description\":\"German-French degree program\",\"icon\":\"jgu-icon-abschluss\"} \/-->\n\n<!-- wp:jgu\/key-facts-item {\"index\":\"Admission requirements\",\"text\":\"Non-selective admission\",\"icon\":\"jgu-icon-zulassungsbedingungen-zulassungsfrei\"} \/-->\n\n<!-- wp:jgu\/key-facts-item {\"index\":\"Standard period of study\",\"text\":\"4 semesters\",\"icon\":\"jgu-icon-studienzeit\"} \/-->\n\n<!-- wp:jgu\/key-facts-item {\"index\":\"Main languages of instruction\",\"text\":\"German, French \",\"icon\":\"jgu-icon-sprachen\"} \/-->\n\n<!-- wp:jgu\/key-facts-item {\"index\":\"Start of degree program\",\"text\":\"Summer and winter semester\",\"description\":\"Beginning studies in the winter semester is recommended\\u003cbr\\u003e\\u003ca href=\\u0022#infos-zur-bewerbung\\u0022 data-type=\\u0022internal\\u0022 data-id=\\u0022#infos-zur-bewerbung\\u0022\\u003eDeadlines and application\\u003c\/a\\u003e\",\"icon\":\"jgu-icon-studienbeginn\"} \/-->\n\n<!-- wp:jgu\/key-facts-item {\"index\":\"Credit points\",\"text\":\"120 ECTS\",\"icon\":\"jgu-icon-cp\"} \/-->\n\n<!-- wp:jgu\/key-facts-item {\"index\":\"Special characteristics\",\"text\":\"International degree program\",\"description\":\"German-French double degree; study at JGU and the Universit\u00e9 Bourgogne Europe in Dijon (France)\",\"wide\":true,\"icon\":\"jgu-icon-besonderheiten\"} \/-->\n<!-- \/wp:jgu\/key-facts --><\/div><\/div>\n<!-- \/wp:jgu\/section -->\n\n<!-- wp:jgu\/section {\"color\":\"white\"} -->\n<div class=\"jgu-bgsection bg bg-white \"><div class=\"content padding-medium\"><!-- wp:jgu\/anchorpoint {\"title\":\"Degree overview\",\"slug\":\"degree-overview\"} \/-->\n\n<!-- wp:jgu\/heading {\"index\":\"Degree overview\",\"tags\":{\"htmlTag\":\"h2\",\"classTag\":\"\",\"tag\":\"h2\"},\"heading\":\"\\u003cstrong\\u003eWhat does the degree program cover?\\u003c\/strong\\u003e\"} \/-->\n\n<!-- wp:jgu\/collapsible-area {\"visibleLines\":10} -->\n<!-- wp:paragraph -->\n<p class=\"has-big-font-size\">Would you like to understand historical developments from a supra-regional perspective? Do you see history as more than the story of individual nations? Are you convinced that humanity can and should learn from the international exchange of historical experiences? If so, the binational master's program in History\/Histoire (M.A.) could be the perfect fit for you.<\/p>\n<!-- \/wp:paragraph -->\n\n<!-- wp:block {\"ref\":179664} \/-->\n\n<!-- wp:paragraph -->\n<p class=\"has-big-font-size\">In this program, you will deepen your understanding of cultural developments and the processes of human change over time. You deal not only with <strong>historical achievements<\/strong>, but also with <strong>crises, ruptures and failures<\/strong> \u2013 all within a broad temporal and regional scope: from Antiquity to the present, from Europe\u2019s core to global interdependencies. European history is always viewed in the context of cross-cultural and transnational dynamics.<\/p>\n<!-- \/wp:paragraph -->\n\n<!-- wp:paragraph -->\n<p class=\"has-big-font-size\">As a historian, you will use <strong>a wide variety of sources<\/strong> \u2013 from texts and material remains to visual and digital evidence \u2013 to gain in-depth insights into the structures and motivations of human action, political and economic orders, as well as social and cultural patterns.<\/p>\n<!-- \/wp:paragraph -->\n\n<!-- wp:paragraph -->\n<p class=\"has-big-font-size\">The master's program focuses on the independent, methodically reflected analysis of sources and research literature. You will expand your ability to critically scrutinize complex historical contexts, process information in a differentiated way, and develop new research questions in a problem-oriented manner.<\/p>\n<!-- \/wp:paragraph -->\n<!-- \/wp:jgu\/collapsible-area -->\n\n<!-- wp:jgu\/accordion {\"selected\":2} -->\n<!-- wp:jgu\/accordion-item {\"title\":\"What are the prerequisites?\",\"init\":false,\"slug\":\"what-are-the-prerequisites\"} -->\n<!-- wp:list -->\n<ul class=\"wp-block-list\"><!-- wp:list-item -->\n<li>Curiosity about how history is handled in academia<\/li>\n<!-- \/wp:list-item -->\n\n<!-- wp:list-item -->\n<li>Analytical thinking and argumentation skills<\/li>\n<!-- \/wp:list-item -->\n\n<!-- wp:list-item -->\n<li>An understanding of and interest in language<\/li>\n<!-- \/wp:list-item -->\n\n<!-- wp:list-item -->\n<li>The competence and willingness to carefully read and analyze complex texts<\/li>\n<!-- \/wp:list-item -->\n\n<!-- wp:list-item -->\n<li>Enjoyment in formulating texts and an appreciation of linguistic precision<\/li>\n<!-- \/wp:list-item --><\/ul>\n<!-- \/wp:list -->\n\n<!-- wp:jgu\/heading {\"tags\":{\"htmlTag\":\"h2\",\"classTag\":\"h3\",\"tag\":\"h2.h3\"},\"heading\":\"Entrance requirements\"} \/-->\n\n<!-- wp:paragraph -->\n<p class=\"has-big-font-size\">A bachelor's degree with a history component of at least 55 credit points is required, in which the three major periods of European history (Ancient History, Middle Ages, Modern Times) were studied. Missing knowledge in one of the three epochs must usually be made up within one semester.<\/p>\n<!-- \/wp:paragraph -->\n\n<!-- wp:block {\"ref\":179788} \/-->\n\n<!-- wp:block {\"ref\":135635} \/-->\n\n<!-- wp:block {\"ref\":137165} \/-->\n\n<!-- wp:block {\"ref\":137239} \/-->\n\n<!-- wp:paragraph -->\n<p class=\"has-big-font-size\">You can find more information in the master's degree program\u2019s <a href=\"https:\/\/sl.uni-mainz.de\/geschichte\/\">examination regulations<\/a>.<\/p>\n<!-- \/wp:paragraph -->\n<!-- \/wp:jgu\/accordion-item -->\n\n<!-- wp:jgu\/accordion-item {\"title\":\"How is the degree program structured?\",\"init\":false,\"slug\":\"how-is-the-degree-program-structured\"} -->\n<!-- wp:paragraph -->\n<p class=\"has-big-font-size\"><\/p>\n<!-- \/wp:paragraph -->\n\n<!-- wp:paragraph -->\n<p class=\"has-big-font-size\">When you enroll, you choose your <strong>epochal focus<\/strong>. You can choose between Ancient History \/ Histoire ancienne, Medieval History \/ Histoire m\u00e9di\u00e9vale, or Modern and Contemporary History \/ Histoire moderne et contemporaine. Depending on your decision, your studies will take different forms.<\/p>\n<!-- \/wp:paragraph -->\n\n<!-- wp:spacer {\"height\":\"10px\"} -->\n<div style=\"height:10px\" aria-hidden=\"true\" class=\"wp-block-spacer\"><\/div>\n<!-- \/wp:spacer -->\n\n<!-- wp:paragraph -->\n<p class=\"has-big-font-size\">Focus on <strong>Modern and Contemporary History \/ Histoire moderne et contemporaine<\/strong><\/p>\n<!-- \/wp:paragraph -->\n\n<!-- wp:paragraph -->\n<p class=\"has-big-font-size\">1st semester in Mainz<\/p>\n<!-- \/wp:paragraph -->\n\n<!-- wp:list -->\n<ul class=\"wp-block-list\"><!-- wp:list-item -->\n<li>Lecture and practice class on culture and cultural encounter<\/li>\n<!-- \/wp:list-item -->\n\n<!-- wp:list-item -->\n<li>Language course or tutorial<\/li>\n<!-- \/wp:list-item -->\n\n<!-- wp:list-item -->\n<li>Lecture and seminars on the epochal focus of Modern Times<\/li>\n<!-- \/wp:list-item -->\n\n<!-- wp:list-item -->\n<li>Compulsory internship<\/li>\n<!-- \/wp:list-item --><\/ul>\n<!-- \/wp:list -->\n\n<!-- wp:paragraph -->\n<p class=\"has-big-font-size\">2nd semester in Mainz<\/p>\n<!-- \/wp:paragraph -->\n\n<!-- wp:list -->\n<ul class=\"wp-block-list\"><!-- wp:list-item -->\n<li>Lecture, seminars, and practice classes on the epochal focus of Modern Times<\/li>\n<!-- \/wp:list-item -->\n\n<!-- wp:list-item -->\n<li>Term paper as part of the final module<\/li>\n<!-- \/wp:list-item --><\/ul>\n<!-- \/wp:list -->\n\n<!-- wp:paragraph -->\n<p class=\"has-big-font-size\">3rd semester in Dijon<\/p>\n<!-- \/wp:paragraph -->\n\n<!-- wp:list -->\n<ul class=\"wp-block-list\"><!-- wp:list-item -->\n<li>M\u00e9diations interculturelles<\/li>\n<!-- \/wp:list-item -->\n\n<!-- wp:list-item -->\n<li>S\u00e9minaire de sp\u00e9cialit\u00e9<\/li>\n<!-- \/wp:list-item -->\n\n<!-- wp:list-item -->\n<li>Histoire et m\u00e9thodologie des sciences sociales<\/li>\n<!-- \/wp:list-item -->\n\n<!-- wp:list-item -->\n<li>M\u00e9moire<\/li>\n<!-- \/wp:list-item -->\n\n<!-- wp:list-item -->\n<li>Accompagnement du travail de recherche<\/li>\n<!-- \/wp:list-item -->\n\n<!-- wp:list-item -->\n<li>Specialization course<\/li>\n<!-- \/wp:list-item --><\/ul>\n<!-- \/wp:list -->\n\n<!-- wp:paragraph -->\n<p class=\"has-big-font-size\">4th semester in Dijon<\/p>\n<!-- \/wp:paragraph -->\n\n<!-- wp:list -->\n<ul class=\"wp-block-list\"><!-- wp:list-item -->\n<li>M\u00e9diations interculturelles<\/li>\n<!-- \/wp:list-item -->\n\n<!-- wp:list-item -->\n<li>Reading list<\/li>\n<!-- \/wp:list-item -->\n\n<!-- wp:list-item -->\n<li>M\u00e9moire<\/li>\n<!-- \/wp:list-item -->\n\n<!-- wp:list-item -->\n<li>Accompagnement du travail de recherche<\/li>\n<!-- \/wp:list-item -->\n\n<!-- wp:list-item -->\n<li>Specialization course<\/li>\n<!-- \/wp:list-item --><\/ul>\n<!-- \/wp:list -->\n\n<!-- wp:spacer {\"height\":\"20px\"} -->\n<div style=\"height:20px\" aria-hidden=\"true\" class=\"wp-block-spacer\"><\/div>\n<!-- \/wp:spacer -->\n\n<!-- wp:paragraph -->\n<p class=\"has-big-font-size\">Focus on <strong>Ancient History \/ Histoire ancienne, or Medieval History \/ Histoire m\u00e9di\u00e9vale<\/strong><\/p>\n<!-- \/wp:paragraph -->\n\n<!-- wp:paragraph -->\n<p class=\"has-big-font-size\">1st and 2nd semesters in Mainz are identical to the specialization in Modern and Contemporary History with the respective epochal focus.<\/p>\n<!-- \/wp:paragraph -->\n\n<!-- wp:paragraph -->\n<p class=\"has-big-font-size\">3rd semester in Dijon<\/p>\n<!-- \/wp:paragraph -->\n\n<!-- wp:list -->\n<ul class=\"wp-block-list\"><!-- wp:list-item -->\n<li>Introduction \u00e0 la communication interculturelle<\/li>\n<!-- \/wp:list-item -->\n\n<!-- wp:list-item -->\n<li>S\u00e9minaire disciplinaire<\/li>\n<!-- \/wp:list-item -->\n\n<!-- wp:list-item -->\n<li>S\u00e9minaire g\u00e9n\u00e9ral<\/li>\n<!-- \/wp:list-item -->\n\n<!-- wp:list-item -->\n<li>Histoire et m\u00e9thode des Sciences Humaines et Sociales<\/li>\n<!-- \/wp:list-item -->\n\n<!-- wp:list-item -->\n<li>M\u00e9moire et encadrement de la recherche<\/li>\n<!-- \/wp:list-item -->\n\n<!-- wp:list-item -->\n<li>Specialization course<\/li>\n<!-- \/wp:list-item --><\/ul>\n<!-- \/wp:list -->\n\n<!-- wp:paragraph -->\n<p class=\"has-big-font-size\">4th semester in Dijon<\/p>\n<!-- \/wp:paragraph -->\n\n<!-- wp:list -->\n<ul class=\"wp-block-list\"><!-- wp:list-item -->\n<li>Intercultural Communication Theory<\/li>\n<!-- \/wp:list-item -->\n\n<!-- wp:list-item -->\n<li>S\u00e9minaire disciplinaire<\/li>\n<!-- \/wp:list-item -->\n\n<!-- wp:list-item -->\n<li>S\u00e9minaire g\u00e9n\u00e9ral<\/li>\n<!-- \/wp:list-item -->\n\n<!-- wp:list-item -->\n<li>Histoire et m\u00e9thode des Sciences Humaines et Sociales<\/li>\n<!-- \/wp:list-item -->\n\n<!-- wp:list-item -->\n<li>M\u00e9moire et encadrement de la recherche<\/li>\n<!-- \/wp:list-item -->\n\n<!-- wp:list-item -->\n<li>Specialization course<\/li>\n<!-- \/wp:list-item --><\/ul>\n<!-- \/wp:list -->\n\n<!-- wp:spacer {\"height\":\"60px\"} -->\n<div style=\"height:60px\" aria-hidden=\"true\" class=\"wp-block-spacer\"><\/div>\n<!-- \/wp:spacer -->\n\n<!-- wp:paragraph -->\n<p class=\"has-big-font-size\"><strong>Stays abroad<\/strong><\/p>\n<!-- \/wp:paragraph -->\n\n<!-- wp:block {\"ref\":179686} \/-->\n\n<!-- wp:spacer {\"height\":\"60px\"} -->\n<div style=\"height:60px\" aria-hidden=\"true\" class=\"wp-block-spacer\"><\/div>\n<!-- \/wp:spacer -->\n\n<!-- wp:paragraph -->\n<p class=\"has-big-font-size\"><strong>Internships<\/strong><\/p>\n<!-- \/wp:paragraph -->\n\n<!-- wp:paragraph -->\n<p class=\"has-big-font-size\">We recommend completing the compulsory internship from the specialization module in the first or second semester.<\/p>\n<!-- \/wp:paragraph -->\n\n<!-- wp:block {\"ref\":345} \/-->\n<!-- \/wp:jgu\/accordion-item -->\n\n<!-- wp:jgu\/accordion-item {\"title\":\"What happens after graduation?\",\"init\":false,\"slug\":\"what-happens-after-graduation\"} -->\n<!-- wp:paragraph -->\n<p class=\"has-big-font-size\">Typical professional paths for historians include the following:<\/p>\n<!-- \/wp:paragraph -->\n\n<!-- wp:list -->\n<ul class=\"wp-block-list\"><!-- wp:list-item -->\n<li>Archival work<\/li>\n<!-- \/wp:list-item -->\n\n<!-- wp:list-item -->\n<li>Museum work<\/li>\n<!-- \/wp:list-item -->\n\n<!-- wp:list-item -->\n<li>Research<\/li>\n<!-- \/wp:list-item -->\n\n<!-- wp:list-item -->\n<li>Publishing<\/li>\n<!-- \/wp:list-item -->\n\n<!-- wp:list-item -->\n<li>Journalism<\/li>\n<!-- \/wp:list-item -->\n\n<!-- wp:list-item -->\n<li>Media<\/li>\n<!-- \/wp:list-item -->\n\n<!-- wp:list-item -->\n<li>Foundation work<\/li>\n<!-- \/wp:list-item --><\/ul>\n<!-- \/wp:list -->\n\n<!-- wp:paragraph -->\n<p class=\"has-big-font-size\">Yet our graduates work in many more fields than these. Historians collect and structure data, scrutinize its origins and genesis, and place even the smallest facts in superordinate contexts. Therefore, studying history prepares you ideally for many professions:<\/p>\n<!-- \/wp:paragraph -->\n\n<!-- wp:list -->\n<ul class=\"wp-block-list\"><!-- wp:list-item -->\n<li>Politics<\/li>\n<!-- \/wp:list-item -->\n\n<!-- wp:list-item -->\n<li>Public administration<\/li>\n<!-- \/wp:list-item -->\n\n<!-- wp:list-item -->\n<li>Human resources<\/li>\n<!-- \/wp:list-item -->\n\n<!-- wp:list-item -->\n<li>Press and public relations<\/li>\n<!-- \/wp:list-item -->\n\n<!-- wp:list-item -->\n<li>Marketing<\/li>\n<!-- \/wp:list-item -->\n\n<!-- wp:list-item -->\n<li>Corporate consulting<\/li>\n<!-- \/wp:list-item -->\n\n<!-- wp:list-item -->\n<li>Sales<\/li>\n<!-- \/wp:list-item --><\/ul>\n<!-- \/wp:list -->\n\n<!-- wp:block {\"ref\":348} \/-->\n<!-- \/wp:jgu\/accordion-item -->\n<!-- \/wp:jgu\/accordion --><\/div><\/div>\n<!-- \/wp:jgu\/section -->\n\n<!-- wp:jgu\/section {\"color\":\"light\"} -->\n<div class=\"jgu-bgsection bg bg-light \"><div class=\"content padding-medium\"><!-- wp:jgu\/slider {\"slidesCount\":4,\"responsiveSettings\":{\"mobile\":{\"perPage\":1,\"arrows\":true,\"pagination\":false},\"tablet\":{\"perPage\":4,\"arrows\":true,\"pagination\":false},\"desktop\":{\"perPage\":4,\"arrows\":true,\"pagination\":false},\"desktop-xl\":{\"perPage\":4,\"arrows\":true,\"pagination\":false}}} -->\n<!-- wp:jgu\/teaserbox {\"headline\":{\"htmlTag\":\"h2\",\"classTag\":\"h4\",\"tag\":\"h2.h4\"},\"color\":\"blue\",\"title\":\"Learn more\",\"excerpt\":\"Would you like to find out more about the degree program\u2019s content, focus, and structure?\\u003cbr\\u003e\\u003cbr\\u003eMore detailed information as well as the module catalog and degree plan can be found on the department\u2019s website.\",\"linkTitle\":\"Learn more\",\"link\":{\"url\":\"https:\/\/www.geschichte.uni-mainz.de\/studium-und-lehre\/masterstudiengange-mainz-dijon\/\",\"opensInNewTab\":true,\"title\":\"https:\/\/www.ftmk.uni-mainz.de\/b-a-studiengang-theaterwissenschaft\/\",\"id\":\"http:\/\/www.obama-institute.com\/ma\/\",\"type\":\"link\"},\"textPositionBottom\":true,\"template\":\"red_h4\"} \/-->\n\n<!-- wp:jgu\/teaserbox {\"headline\":{\"htmlTag\":\"h2\",\"classTag\":\"h4\",\"tag\":\"h2.h4\"},\"color\":\"orange\",\"title\":\"Precursory bachelor\u2019s degree programs at JGU\",\"linkTitle\":\"Learn more\",\"template\":\"red_h4\"} -->\n<!-- wp:jgu\/list-item {\"title\":\"\\u003ca href=\\u0022https:\/\/www.studium.uni-mainz.de\/en\/choosing-your-degree-program\/courses-offered\/history-ba\/\\u0022 data-type=\\u0022page\\u0022 data-id=\\u0022105\\u0022\\u003eHistory (B.A.)\\u003c\/a\\u003e \",\"uuid\":\"1675697094656\",\"link\":{\"url\":\"https:\/\/www.studium.uni-mainz.de\/en\/choosing-your-degree-program\/courses-offered\/history-ba\/\"}} \/-->\n\n<!-- wp:jgu\/list-item {\"title\":\"\\u003ca href=\\u0022https:\/\/www.studium.uni-mainz.de\/en\/choosing-your-degree-program\/courses-offered\/history-histoire-dijon-ba\/\\u0022 data-type=\\u0022page\\u0022 data-id=\\u0022312\\u0022\\u003eHistory\/Histoire (B.A.) (German-French degree program)\\u003c\/a\\u003e\",\"uuid\":\"1713783841498\",\"link\":{\"url\":\"https:\/\/www.studium.uni-mainz.de\/en\/choosing-your-degree-program\/courses-offered\/history-histoire-dijon-ba\/\"}} \/-->\n<!-- \/wp:jgu\/teaserbox -->\n\n<!-- wp:jgu\/teaserbox {\"headline\":{\"htmlTag\":\"h2\",\"classTag\":\"h4\",\"tag\":\"h2.h4\"},\"color\":\"blue-gray\",\"title\":\"Further information\",\"linkTitle\":\"Learn more\",\"template\":\"red_h4\"} -->\n<!-- wp:jgu\/list-item {\"title\":\"\\u003ca href=\\u0022https:\/\/sl.uni-mainz.de\/geschichte\/\\u0022 data-type=\\u0022link\\u0022 data-id=\\u0022https:\/\/sl.uni-mainz.de\/american-studies\/\\u0022 target=\\u0022_blank\\u0022 rel=\\u0022noreferrer noopener\\u0022\\u003eExamination regulations\\u003c\/a\\u003e\",\"uuid\":\"1676040239582\",\"link\":{\"url\":\"https:\/\/sl.uni-mainz.de\/geschichte\/\"}} \/-->\n\n<!-- wp:jgu\/list-item {\"title\":\"\\u003ca href=\\u0022https:\/\/www.dijon.uni-mainz.de\/\\u0022 target=\\u0022_blank\\u0022 rel=\\u0022noreferrer noopener\\u0022\\u003eDijon Office\\u003c\/a\\u003e\",\"uuid\":\"1757582477709\",\"link\":{\"url\":\"https:\/\/www.dijon.uni-mainz.de\/\"}} \/-->\n\n<!-- wp:jgu\/list-item {\"title\":\"\\u003ca href=\\u0022https:\/\/www.geschichte.uni-mainz.de\\u0022 data-type=\\u0022link\\u0022 data-id=\\u0022http:\/\/www.obama-institute.com\\u0022 target=\\u0022_blank\\u0022 rel=\\u0022noreferrer noopener\\u0022\\u003eDepartment of History\\u003c\/a\\u003e\",\"uuid\":\"1676040239582\",\"link\":{\"url\":\"https:\/\/www.geschichte.uni-mainz.de\"}} \/-->\n\n<!-- wp:jgu\/list-item {\"title\":\"\\u003ca href=\\u0022https:\/\/www.geku.uni-mainz.de\/\\u0022 target=\\u0022_blank\\u0022 rel=\\u0022noreferrer noopener\\u0022\\u003eFaculty 07 \u2013 History and Cultural Studies\\u003c\/a\\u003e\",\"uuid\":\"1675695322903\",\"link\":{\"url\":\"https:\/\/www.geku.uni-mainz.de\/\"}} \/-->\n\n<!-- wp:jgu\/list-item {\"title\":\"\\u003ca href=\\u0022https:\/\/www.fachschaft.geschichte.uni-mainz.de\/\\u0022 target=\\u0022_blank\\u0022 rel=\\u0022noreferrer noopener\\u0022\\u003eStudent Council | History\\u003c\/a\\u003e\",\"uuid\":\"1757587064410\",\"link\":{\"url\":\"https:\/\/www.fachschaft.geschichte.uni-mainz.de\/\"}} \/-->\n\n<!-- wp:jgu\/list-item {\"title\":\"\\u003ca href=\\u0022https:\/\/www.instagram.com\/fachschaft_geschichte_mainz\/\\u0022 target=\\u0022_blank\\u0022 rel=\\u0022noreferrer noopener\\u0022\\u003eInstagram: Student Council | History\\u003c\/a\\u003e\",\"uuid\":\"1675695322903\",\"link\":{\"url\":\"https:\/\/www.instagram.com\/fachschaft_geschichte_mainz\/\"}} \/-->\n\n<!-- wp:jgu\/list-item {\"title\":\"\\u003ca href=\\u0022https:\/\/www.instagram.com\/cursus.mzdj\/\\u0022 target=\\u0022_blank\\u0022 rel=\\u0022noreferrer noopener\\u0022\\u003eInstagram: Mainz-Dijon degree programs\\u003c\/a\\u003e\",\"uuid\":\"1757582518092\",\"link\":{\"url\":\"https:\/\/www.instagram.com\/cursus.mzdj\/\"}} \/-->\n\n<!-- wp:jgu\/list-item {\"title\":\"\\u003ca href=\\u0022https:\/\/www.facebook.com\/cursus.mzdj\\u0022\\u003eFacebook: Mainz-Dijon degree programs\\u003c\/a\\u003e\",\"uuid\":\"1757582518773\",\"link\":{\"url\":\"https:\/\/www.facebook.com\/cursus.mzdj\"}} \/-->\n<!-- \/wp:jgu\/teaserbox -->\n\n<!-- wp:block {\"ref\":96905} \/-->\n<!-- \/wp:jgu\/slider --><\/div><\/div>\n<!-- \/wp:jgu\/section -->\n\n<!-- wp:jgu\/section {\"color\":\"white\"} -->\n<div class=\"jgu-bgsection bg bg-white \"><div class=\"content padding-medium\"><!-- wp:jgu\/anchorpoint {\"title\":\"Learn how to apply\",\"slug\":\"learn-how-to-apply\"} \/-->\n\n<!-- wp:jgu\/heading {\"index\":\"Application\",\"tags\":{\"htmlTag\":\"h2\",\"classTag\":\"\",\"tag\":\"h2\"},\"heading\":\"Just a few steps to a spot at university\"} \/-->\n\n<!-- wp:columns {\"className\":\"\"} -->\n<div class=\"wp-block-columns\"><!-- wp:column {\"width\":\"66.66%\"} -->\n<div class=\"wp-block-column\" style=\"flex-basis:66.66%\"><!-- wp:block {\"ref\":69} \/-->\n\n<!-- wp:spacer -->\n<div style=\"height:90px\" aria-hidden=\"true\" class=\"wp-block-spacer\"><\/div>\n<!-- \/wp:spacer -->\n\n<!-- wp:jgu\/modal {\"text\":\"Learn how to apply\"} -->\n<!-- wp:jgu\/heading {\"tags\":{\"htmlTag\":\"h2\",\"classTag\":\"\",\"tag\":\"h2\"},\"heading\":\"Just a few steps to a spot at university\"} \/-->\n\n<!-- wp:jgu\/process-sequence -->\n<!-- wp:jgu\/process-sequence-item {\"blockIndex\":0,\"image\":{\"id\":2118,\"url\":null,\"hideCredit\":true},\"title\":\"How and where do I apply?\"} -->\n<!-- wp:block {\"ref\":191057} \/-->\n\n<!-- wp:spacer {\"height\":\"60px\"} -->\n<div style=\"height:60px\" aria-hidden=\"true\" class=\"wp-block-spacer\"><\/div>\n<!-- \/wp:spacer -->\n\n<!-- wp:block {\"ref\":981} \/-->\n\n<!-- wp:paragraph {\"className\":\"has-big-font-size\"} -->\n<p class=\"has-big-font-size\"><strong>DSH-2<\/strong><\/p>\n<!-- \/wp:paragraph -->\n<!-- \/wp:jgu\/process-sequence-item -->\n\n<!-- wp:jgu\/process-sequence-item {\"blockIndex\":1,\"image\":{\"id\":2112,\"url\":null,\"hideCredit\":true},\"title\":\"When are applications due?\"} -->\n<!-- wp:block {\"ref\":108945} \/-->\n\n<!-- wp:block {\"ref\":53618} \/-->\n<!-- \/wp:jgu\/process-sequence-item -->\n\n<!-- wp:jgu\/process-sequence-item {\"blockIndex\":2,\"image\":{\"id\":2109,\"url\":null,\"hideCredit\":true},\"title\":\"Is it hard to get in?\"} -->\n<!-- wp:block {\"ref\":990} \/-->\n<!-- \/wp:jgu\/process-sequence-item -->\n\n<!-- wp:jgu\/process-sequence-item {\"blockIndex\":3,\"image\":{\"id\":2115,\"url\":null,\"hideCredit\":true},\"title\":\"What happens next?\"} -->\n<!-- wp:block {\"ref\":1002} \/-->\n<!-- \/wp:jgu\/process-sequence-item -->\n<!-- \/wp:jgu\/process-sequence -->\n<!-- \/wp:jgu\/modal --><\/div>\n<!-- \/wp:column -->\n\n<!-- wp:column {\"width\":\"33.33%\"} -->\n<div class=\"wp-block-column\" style=\"flex-basis:33.33%\"><!-- wp:jgu\/image {\"image\":{\"url\":null,\"id\":63,\"hideCredit\":true,\"hideImageDescription\":true,\"darkBackground\":false}} \/--><\/div>\n<!-- \/wp:column --><\/div>\n<!-- \/wp:columns --><\/div><\/div>\n<!-- \/wp:jgu\/section -->\n\n<!-- wp:jgu\/section {\"color\":\"light\"} -->\n<div class=\"jgu-bgsection bg bg-light \"><div class=\"content padding-medium\"><!-- wp:jgu\/anchorpoint {\"title\":\"Service \\u0026amp; advising\",\"slug\":\"service-advising\"} \/-->\n\n<!-- wp:jgu\/heading {\"index\":\"Service \\u0026amp; advising\",\"tags\":{\"htmlTag\":\"h2\",\"classTag\":\"\",\"tag\":\"h2\"},\"heading\":\"\\u003cstrong\\u003eLooking for more information?\\u003c\/strong\\u003e\"} \/-->\n\n<!-- wp:columns {\"className\":\"\"} -->\n<div class=\"wp-block-columns\"><!-- wp:column {\"width\":\"33.33%\"} -->\n<div class=\"wp-block-column\" style=\"flex-basis:33.33%\"><!-- wp:jgu\/image {\"image\":{\"url\":null,\"id\":18014,\"darkBackground\":true}} \/--><\/div>\n<!-- \/wp:column -->\n\n<!-- wp:column {\"width\":\"66.66%\"} -->\n<div class=\"wp-block-column\" style=\"flex-basis:66.66%\"><!-- wp:jgu\/tabs {\"autoRatio\":false,\"layout\":{\"type\":\"flex\",\"flexWrap\":\"nowrap\",\"justifyContent\":\"left\",\"orientation\":\"vertical\"}} -->\n<!-- wp:jgu\/tabs-item {\"title\":\"Student Advisory Center\",\"slug\":\"student-advisory-center\"} -->\n<!-- wp:paragraph {\"className\":\"has-big-font-size\"} -->\n<p class=\"has-big-font-size\">Do you need support in choosing the right master\u2019s degree program? Do you have questions about the application procedure, the selection process or simply can\u2019t make up your mind?<\/p>\n<!-- \/wp:paragraph -->\n\n<!-- wp:paragraph {\"className\":\"has-big-font-size\"} -->\n<p class=\"has-big-font-size\">The Student Advisory Center is here to help!<\/p>\n<!-- \/wp:paragraph -->\n\n<!-- wp:block {\"ref\":18905} \/-->\n<!-- \/wp:jgu\/tabs-item -->\n\n<!-- wp:jgu\/tabs-item {\"title\":\"Academic Advisory Office\",\"slug\":\"academic-advisory-office\"} -->\n<!-- wp:block {\"ref\":73587} \/-->\n\n<!-- wp:jgu\/heading {\"tags\":{\"htmlTag\":\"h2\",\"classTag\":\"h5\",\"tag\":\"h2.h5\"},\"heading\":\"Orientation in the entry phase\\u003cbr\\u003eAcademic Advisory Office\\u003cbr\\u003eRecognition of coursework\"} \/-->\n\n<!-- wp:block {\"ref\":36257} \/-->\n\n<!-- wp:jgu\/heading {\"tags\":{\"htmlTag\":\"h2\",\"classTag\":\"h5\",\"tag\":\"h2.h5\"},\"heading\":\"Recognition of coursework and examinations\\u003cbr\\u003eAdvising on a career in history\\u003cbr\\u003e(on leave until the winter semester 2025\/26)\"} \/-->\n\n<!-- wp:block {\"ref\":69324} \/-->\n\n<!-- wp:jgu\/heading {\"tags\":{\"htmlTag\":\"h2\",\"classTag\":\"h5\",\"tag\":\"h2.h5\"},\"heading\":\"Orientation in the entry phase\\u003cbr\\u003eSupport for students with children and for students with disabilities\\u003cbr\\u003eContact for the pre-university program (for school pupils)\"} \/-->\n\n<!-- wp:block {\"ref\":35171} \/-->\n\n<!-- wp:jgu\/heading {\"tags\":{\"htmlTag\":\"h2\",\"classTag\":\"h5\",\"tag\":\"h2.h5\"},\"heading\":\"Advising on how to finance and plan your studies and on a career in history\"} \/-->\n\n<!-- wp:block {\"ref\":69312} \/-->\n\n<!-- wp:jgu\/heading {\"tags\":{\"htmlTag\":\"h2\",\"classTag\":\"h5\",\"tag\":\"h2.h5\"},\"heading\":\"Advising on stays abroad (aside from Dijon degree programs)\\u003cbr\\u003eRecognition of Erasmus credits\"} \/-->\n\n<!-- wp:block {\"ref\":69339} \/-->\n<!-- \/wp:jgu\/tabs-item -->\n\n<!-- wp:jgu\/tabs-item {\"title\":\"Dijon Office\",\"slug\":\"dijon-office\"} -->\n<!-- wp:block {\"ref\":77987} \/-->\n<!-- \/wp:jgu\/tabs-item -->\n\n<!-- wp:jgu\/tabs-item {\"title\":\"Student Council\",\"slug\":\"student-council\"} -->\n<!-- wp:block {\"ref\":77141} \/-->\n\n<!-- wp:block {\"ref\":33881} \/-->\n<!-- \/wp:jgu\/tabs-item -->\n<!-- \/wp:jgu\/tabs -->\n\n<!-- wp:paragraph {\"className\":\"has-big-font-size\"} -->\n<p class=\"has-big-font-size\"><\/p>\n<!-- \/wp:paragraph --><\/div>\n<!-- \/wp:column --><\/div>\n<!-- \/wp:columns --><\/div><\/div>\n<!-- \/wp:jgu\/section -->","_links":{"self":[{"href":"https:\/\/www.studium.uni-mainz.de\/en\/wp-json\/wp\/v2\/pages\/194628","targetHints":{"allow":["GET"]}}],"collection":[{"href":"https:\/\/www.studium.uni-mainz.de\/en\/wp-json\/wp\/v2\/pages"}],"about":[{"href":"https:\/\/www.studium.uni-mainz.de\/en\/wp-json\/wp\/v2\/types\/page"}],"author":[{"embeddable":true,"href":"https:\/\/www.studium.uni-mainz.de\/en\/wp-json\/wp\/v2\/users\/127"}],"replies":[{"embeddable":true,"href":"https:\/\/www.studium.uni-mainz.de\/en\/wp-json\/wp\/v2\/comments?post=194628"}],"version-history":[{"count":6,"href":"https:\/\/www.studium.uni-mainz.de\/en\/wp-json\/wp\/v2\/pages\/194628\/revisions"}],"predecessor-version":[{"id":207023,"href":"https:\/\/www.studium.uni-mainz.de\/en\/wp-json\/wp\/v2\/pages\/194628\/revisions\/207023"}],"up":[{"embeddable":true,"href":"https:\/\/www.studium.uni-mainz.de\/en\/wp-json\/wp\/v2\/pages\/45944"}],"wp:attachment":[{"href":"https:\/\/www.studium.uni-mainz.de\/en\/wp-json\/wp\/v2\/media?parent=194628"}],"wp:term":[{"taxonomy":"category","embeddable":true,"href":"https:\/\/www.studium.uni-mainz.de\/en\/wp-json\/wp\/v2\/categories?post=194628"},{"taxonomy":"post_tag","embeddable":true,"href":"https:\/\/www.studium.uni-mainz.de\/en\/wp-json\/wp\/v2\/tags?post=194628"}],"curies":[{"name":"wp","href":"https:\/\/api.w.org\/{rel}","templated":true}]}}