{"id":207430,"date":"2025-02-20T11:54:51","date_gmt":"2025-02-20T10:54:51","guid":{"rendered":"https:\/\/www.studium.uni-mainz.de\/byzantine-studies-perspectives-on-the-global-middle-ages-ma\/"},"modified":"2026-04-08T14:12:39","modified_gmt":"2026-04-08T12:12:39","slug":"byzantine-studies-ma","status":"publish","type":"page","link":"https:\/\/www.studium.uni-mainz.de\/en\/choosing-your-degree-program\/courses-offered\/byzantine-studies-ma\/","title":{"rendered":"Byzantine Studies: Perspectives on the Global Middle Ages MA"},"content":{"rendered":"<jgu-base-pageheader react-props=\"{\n    &quot;items&quot;: [\n        {\n            &quot;box&quot;: {\n                &quot;index&quot;: &quot;Byzantine Studies: Perspectives on the Global Middle Ages (M.A.)&quot;,\n                &quot;title&quot;: &quot;Triple Degree Master in Cyprus, Venice, and Mainz&quot;,\n                &quot;link&quot;: {\n                    &quot;url&quot;: &quot;&quot;,\n                    &quot;title&quot;: &quot;Learn more&quot;\n                }\n            },\n            &quot;color&quot;: &quot;dark&quot;,\n            &quot;image&quot;: {\n                &quot;url&quot;: &quot;https:\\\/\\\/cms.zdv.uni-mainz.de\\\/studium\\\/wp-content\\\/uploads\\\/sites\\\/12\\\/2023\\\/11\\\/default.jpg&quot;,\n                &quot;id&quot;: 53687,\n                &quot;credit&quot;: &quot;\\u00a9 Foto: Alexander Sell&quot;,\n                &quot;caption&quot;: &quot;Studierende vor dem Haupteingang der Universit\\u00e4t am Forum universitatis&quot;,\n                &quot;title&quot;: &quot;default&quot;,\n                &quot;width&quot;: 1250,\n                &quot;height&quot;: 700,\n                &quot;srcset&quot;: &quot;https:\\\/\\\/cms.zdv.uni-mainz.de\\\/studium\\\/wp-content\\\/uploads\\\/sites\\\/12\\\/2023\\\/11\\\/default.jpg 1250w, https:\\\/\\\/cms.zdv.uni-mainz.de\\\/studium\\\/wp-content\\\/uploads\\\/sites\\\/12\\\/2023\\\/11\\\/default-300x168.jpg 300w, https:\\\/\\\/cms.zdv.uni-mainz.de\\\/studium\\\/wp-content\\\/uploads\\\/sites\\\/12\\\/2023\\\/11\\\/default-1024x573.jpg 1024w, https:\\\/\\\/cms.zdv.uni-mainz.de\\\/studium\\\/wp-content\\\/uploads\\\/sites\\\/12\\\/2023\\\/11\\\/default-768x430.jpg 768w&quot;\n            },\n            &quot;imgCredit&quot;: &quot;&quot;,\n            &quot;useVideo&quot;: false,\n            &quot;video&quot;: false\n        }\n    ],\n    &quot;type&quot;: &quot;default&quot;,\n    &quot;useBreadcrumb&quot;: true,\n    &quot;align&quot;: &quot;full&quot;,\n    &quot;quicklinks&quot;: {\n        &quot;show&quot;: false,\n        &quot;selects&quot;: []\n    }\n}\">\n<\/jgu-base-pageheader>\n\n<jgu-base-anchornavigation react-props=\"{\n    &quot;align&quot;: &quot;wide&quot;,\n    &quot;theme&quot;: &quot;white&quot;\n}\">\n    \n<\/jgu-base-anchornavigation>\n\n\n<div style=\"height:60px\" aria-hidden=\"true\" class=\"wp-block-spacer\"><\/div>\n\n\n<jgu-base-notificationbanner react-props=\"{\n    &quot;children&quot;: &quot;&quot;,\n    &quot;icon&quot;: &quot;exclamation-triangle-solid&quot;,\n    &quot;iconColor&quot;: &quot;red&quot;,\n    &quot;showCloseButton&quot;: false,\n    &quot;position&quot;: &quot;top&quot;,\n    &quot;styling&quot;: &quot;inline&quot;,\n    &quot;bgColor&quot;: &quot;light&quot;,\n    &quot;isPreview&quot;: false\n}\">\n    \n\n<p class=\"has-big-font-size\">This is a new degree program starting in the winter semester of 2026\/27&nbsp;\u2013 subject to approval by the responsible committees.<\/p>\n\n\n<\/jgu-base-notificationbanner>\n\n\n\n<div style=\"height:60px\" aria-hidden=\"true\" class=\"wp-block-spacer\"><\/div>\n\n\n<div\n\tclass=\"jgu-anchorpoint\"\n\tid=\"facts-figures\"\n\tdata-label=\"Facts &amp;amp; figures\"\n\tdata-hide-in-nav=\"false\"\n\ttabindex=\"0\"\n\tdata-initial-scroll=\"true\"\n><\/div>\n\n\n<jgu-base-section react-props=\"{&quot;color&quot;:&quot;light&quot;,&quot;align&quot;:&quot;wide&quot;,&quot;padding&quot;:&quot;medium&quot;}\">\n<div class=\"jgu-bgsection bg bg-light \"><div class=\"content padding-medium\"><jgu-base-heading react-props=\"{\n    &quot;index&quot;: &quot;Facts &amp;amp; figures&quot;,\n    &quot;tags&quot;: {\n        &quot;htmlTag&quot;: &quot;h2&quot;,\n        &quot;classTag&quot;: &quot;&quot;,\n        &quot;tag&quot;: &quot;h2&quot;\n    },\n    &quot;heading&quot;: &quot;&lt;strong&gt;At a glance&lt;\\\/strong&gt;&quot;,\n    &quot;textAlign&quot;: &quot;left&quot;,\n    &quot;anchor&quot;: &quot;&quot;,\n    &quot;color&quot;: &quot;red&quot;\n}\"><\/jgu-base-heading>\n\n\n<jgu-base-keyfacts react-props=\"{\n    &quot;align&quot;: &quot;wide&quot;\n}\">\n<jgu-base-keyfactsitem react-props=\"{\n    &quot;index&quot;: &quot;Degree&quot;,\n    &quot;text&quot;: &quot;Master of Arts&quot;,\n    &quot;icon&quot;: &quot;jgu-icon-abschluss&quot;,\n    &quot;description&quot;: &quot;&quot;,\n    &quot;wide&quot;: false,\n    &quot;showReadMore&quot;: false,\n    &quot;characterLimit&quot;: 500,\n    &quot;visibleLines&quot;: 3\n}\">\n    \n<\/jgu-base-keyfactsitem>\n\n<jgu-base-keyfactsitem react-props=\"{\n    &quot;index&quot;: &quot;Admission requirements&quot;,\n    &quot;text&quot;: &quot;Selective admission&quot;,\n    &quot;icon&quot;: &quot;jgu-icon-zulassungsbedingungen_zulassungsbeschraenkt&quot;,\n    &quot;description&quot;: &quot;&quot;,\n    &quot;wide&quot;: false,\n    &quot;showReadMore&quot;: false,\n    &quot;characterLimit&quot;: 500,\n    &quot;visibleLines&quot;: 3\n}\">\n    \n<\/jgu-base-keyfactsitem>\n\n<jgu-base-keyfactsitem react-props=\"{\n    &quot;index&quot;: &quot;Standard period of study&quot;,\n    &quot;text&quot;: &quot;4 semesters&quot;,\n    &quot;icon&quot;: &quot;jgu-icon-studienzeit&quot;,\n    &quot;description&quot;: &quot;&quot;,\n    &quot;wide&quot;: false,\n    &quot;showReadMore&quot;: false,\n    &quot;characterLimit&quot;: 500,\n    &quot;visibleLines&quot;: 3\n}\">\n    \n<\/jgu-base-keyfactsitem>\n\n<jgu-base-keyfactsitem react-props=\"{\n    &quot;index&quot;: &quot;Main language of instruction&quot;,\n    &quot;text&quot;: &quot;English&quot;,\n    &quot;icon&quot;: &quot;jgu-icon-sprachen&quot;,\n    &quot;description&quot;: &quot;&quot;,\n    &quot;wide&quot;: false,\n    &quot;showReadMore&quot;: false,\n    &quot;characterLimit&quot;: 500,\n    &quot;visibleLines&quot;: 3\n}\">\n    \n<\/jgu-base-keyfactsitem>\n\n<jgu-base-keyfactsitem react-props=\"{\n    &quot;index&quot;: &quot;Start of degree program&quot;,\n    &quot;text&quot;: &quot;Winter semester&quot;,\n    &quot;description&quot;: &quot;&lt;a href=\\&quot;#learn-how-to-apply\\&quot; data-type=\\&quot;internal\\&quot; data-id=\\&quot;#learn-how-to-apply\\&quot;&gt;Deadlines and application&lt;\\\/a&gt;&quot;,\n    &quot;icon&quot;: &quot;jgu-icon-studienbeginn&quot;,\n    &quot;wide&quot;: false,\n    &quot;showReadMore&quot;: false,\n    &quot;characterLimit&quot;: 500,\n    &quot;visibleLines&quot;: 3\n}\">\n    \n<\/jgu-base-keyfactsitem>\n\n<jgu-base-keyfactsitem react-props=\"{\n    &quot;index&quot;: &quot;Credits&quot;,\n    &quot;text&quot;: &quot;120 ECTS&quot;,\n    &quot;icon&quot;: &quot;jgu-icon-cp&quot;,\n    &quot;description&quot;: &quot;&quot;,\n    &quot;wide&quot;: false,\n    &quot;showReadMore&quot;: false,\n    &quot;characterLimit&quot;: 500,\n    &quot;visibleLines&quot;: 3\n}\">\n    \n<\/jgu-base-keyfactsitem>\n\n<jgu-base-keyfactsitem react-props=\"{\n    &quot;index&quot;: &quot;Special characteristics&quot;,\n    &quot;text&quot;: &quot;International degree program&quot;,\n    &quot;description&quot;: &quot;European Joint Degree&quot;,\n    &quot;icon&quot;: &quot;jgu-icon-besonderheiten&quot;,\n    &quot;wide&quot;: false,\n    &quot;showReadMore&quot;: false,\n    &quot;characterLimit&quot;: 500,\n    &quot;visibleLines&quot;: 3\n}\">\n    \n<\/jgu-base-keyfactsitem>\n<\/jgu-base-keyfacts><\/div><\/div>\n<\/jgu-base-section>\n\n<jgu-base-section react-props=\"{&quot;color&quot;:&quot;white&quot;,&quot;align&quot;:&quot;wide&quot;,&quot;padding&quot;:&quot;medium&quot;}\">\n<div class=\"jgu-bgsection bg bg-white \"><div class=\"content padding-medium\"><div\n\tclass=\"jgu-anchorpoint\"\n\tid=\"degree-overview\"\n\tdata-label=\"Degree overview\"\n\tdata-hide-in-nav=\"false\"\n\ttabindex=\"0\"\n\tdata-initial-scroll=\"true\"\n><\/div>\n\n\n<jgu-base-heading react-props=\"{\n    &quot;index&quot;: &quot;Degree overview&quot;,\n    &quot;tags&quot;: {\n        &quot;htmlTag&quot;: &quot;h2&quot;,\n        &quot;classTag&quot;: &quot;&quot;,\n        &quot;tag&quot;: &quot;h2&quot;\n    },\n    &quot;heading&quot;: &quot;&lt;strong&gt;What does the degree program cover?&lt;\\\/strong&gt;&quot;,\n    &quot;textAlign&quot;: &quot;left&quot;,\n    &quot;anchor&quot;: &quot;&quot;,\n    &quot;color&quot;: &quot;red&quot;\n}\"><\/jgu-base-heading>\n\n\n<jgu-base-collapsiblearea class=\"is-layout-flow wp-block-jgu-collapsible-area-is-layout-flow\" react-props=\"{&quot;visibleLines&quot;:10,&quot;collapse&quot;:&quot;always&quot;,&quot;collapsedHeight&quot;:150,&quot;content&quot;:&quot;\\n\\n&lt;p class=\\&quot;has-big-font-size\\&quot;&gt;In this master&#039;s degree program, you will deepen your understanding of the Byzantine Empire as a central player in pre-modern global interdependencies. In doing so, you will not view Byzantium in isolation, but in the context of the Global Middle Ages: As a political, cultural, and religious link between Europe, North Africa, and Asia, as well as a mediator between empires, religious communities, and areas of knowledge. You will gain insights into processes of conflict, negotiation, and coexistence, while also studying the long-term cultural legacies of Byzantium.&lt;\\\/p&gt;\\n\\n\\n\\n&lt;p class=\\&quot;has-big-font-size\\&quot;&gt;Particular emphasis is placed on research-oriented learning and international mobility. You will study at three renowned universities in Cyprus, Venice, and Mainz, and profit from diverse academic cultures as well as direct access to manuscripts, archives, museums, and archaeological contexts.&lt;\\\/p&gt;\\n\\n\\n\\n&lt;p class=\\&quot;has-big-font-size\\&quot;&gt;During your degree program, you will work on an interdisciplinary basis using approaches from history, philology, archaeology, and art history. Working with historical sources \\u2013 from texts and rhetorical traditions to material evidence, monuments, and visual media \\u2013 as well as examining topics such as identity, transfer of knowledge, religion, emotions, and cultural exchange, plays an important role in this degree program. The degree program enables you to understand Byzantium as part of an interconnected Afro-Eurasian region and to relate historical experiences of the medieval Mediterranean to current global challenges.&lt;\\\/p&gt;\\n\\n&quot;,&quot;className&quot;:&quot;alignwide &quot;}\"><\/jgu-base-collapsiblearea>\n\n<jgu-base-accordion react-props=\"{&quot;selected&quot;:2,&quot;align&quot;:&quot;wide&quot;,&quot;hasAllOpenButton&quot;:true,&quot;onlyOne&quot;:false,&quot;initAllClosed&quot;:true,&quot;enableSearch&quot;:false}\">\n    \n<jgu-base-accordionitem react-props=\"{&quot;title&quot;:&quot;What are the prerequisites?&quot;,&quot;init&quot;:false,&quot;slug&quot;:&quot;what-are-the-prerequisites&quot;,&quot;align&quot;:&quot;wide&quot;,&quot;customSlug&quot;:false}\">\n    \n\n<ul class=\"wp-block-list\">\n<li>A passion for history and global connections<\/li>\n\n\n\n<li>An interest in medieval research and Byzantium<\/li>\n\n\n\n<li>A desire to study in three countries with students from different countries of origin<\/li>\n\n\n\n<li>Good English skills: Knowledge of at least one additional language relevant to Byzantine studies \u2013 such as Greek, German, Italian, French, Turkish, Russian or Arabic \u2013 can also be an advantage.<\/li>\n<\/ul>\n\n\n\n<p class=\"has-big-font-size\"><\/p>\n\n\n<jgu-base-heading react-props=\"{\n    &quot;tags&quot;: {\n        &quot;htmlTag&quot;: &quot;h2&quot;,\n        &quot;classTag&quot;: &quot;h3&quot;,\n        &quot;tag&quot;: &quot;h2.h3&quot;\n    },\n    &quot;heading&quot;: &quot;Entrance requirements&quot;,\n    &quot;textAlign&quot;: &quot;left&quot;,\n    &quot;anchor&quot;: &quot;&quot;,\n    &quot;index&quot;: &quot;&quot;,\n    &quot;color&quot;: &quot;red&quot;\n}\"><\/jgu-base-heading>\n\n\n\n<p class=\"has-big-font-size\">Entrance requirements for the master&#8217;s degree program Byzantine Studies: Perspectives on the Global Middle Ages  are: <\/p>\n\n\n\n<p class=\"has-big-font-size\">Proof of a bachelor\u2019s degree of at least 180 credit points in one of the following subjects<\/p>\n\n\n\n<ul class=\"wp-block-list\">\n<li><strong>History<\/strong><\/li>\n\n\n\n<li><strong>Classical Philology<\/strong><\/li>\n\n\n\n<li><strong>Archaeology<\/strong><\/li>\n\n\n\n<li><strong>Art History<\/strong><\/li>\n<\/ul>\n\n\n\n<p class=\"has-big-font-size\">or in a related subject at a university, or a degree that is not substantially different from this.<\/p>\n\n\n\n<p class=\"has-big-font-size\">Qualifications that were not part of the bachelor&#8217;s degree program may also be recognized. The examination committee is the responsible deciding authority.<\/p>\n\n\n\n<p class=\"has-big-font-size\"><a data-info-popup-body=\"Recognized documents or equivalent credentials include, for example:\n\u2981\tA university degree from an English-language degree program\n\u2981\tIELTS (International English Language Testing System), minimum score of 5.5\n\u2981\tTOEFL (Test of English as a Foreign Language), minimum score of 72 \n\u2981\tTelc English B2\" data-info-popup-headline=\"Proof of English language skills\" class=\"jgu-with-info-popup\">Proof of English language skills<\/a> corresponding to at least level B2.<\/p>\n\n\n\n<p>If you <strong>have not yet received your bachelor&#8217;s degree certificate by the application deadline<\/strong>, but have earned at least 135 credits in your bachelor&#8217;s program, you must apply by the set deadline with a transcript (certified copy issued by your university) of all coursework and exams completed to date, including your average grade to date.<\/p>\n\n\n\n\n<p class=\"has-big-font-size\">Applications for the program are submitted through the University of Cyprus Student Administration. Applicants must submit the application and required supporting documents in the specified form and by the deadline.<\/p>\n\n\n\n<p>Good to know: The legally binding basis for selection, admission and enrollment is the text of the entrance requirements as specified in Section 2 of the currently valid <a data-info-popup-body=\"The legally binding basis of a degree program; it defines the rights and obligations of students as well as the requirements, procedures, and assessment of examinations and other assessed coursework.\" data-info-popup-headline=\"Examination regulations\" class=\"jgu-with-info-popup\">examination regulations<\/a> and, where applicable, in the appendix.<\/p>\n\n\n\n\n<p class=\"has-big-font-size\">The <a href=\"https:\/\/ordnungen.he.uni-mainz.de\/byzantinistik\/\" data-type=\"link\" data-id=\"https:\/\/ordnungen.he.uni-mainz.de\/byzantinistik\/\">examination regulations<\/a> provide further details. <\/p>\n\n\n<\/jgu-base-accordionitem>\n\n<jgu-base-accordionitem react-props=\"{&quot;title&quot;:&quot;How is the degree program structured?&quot;,&quot;init&quot;:false,&quot;slug&quot;:&quot;how-is-the-degree-program-structured&quot;,&quot;align&quot;:&quot;wide&quot;,&quot;customSlug&quot;:false}\">\n    \n\n<p class=\"has-big-font-size\">Program structure<\/p>\n\n\n\n<p class=\"has-big-font-size\"><strong>1st semester in Cyprus<\/strong><\/p>\n\n\n\n<ul class=\"wp-block-list\">\n<li>Byzantine Culture<\/li>\n\n\n\n<li>Byzantium and the Latin West<\/li>\n\n\n\n<li>Practice and Employability I (internships e.g. at UNESCO)<\/li>\n<\/ul>\n\n\n\n<p class=\"has-big-font-size\"><strong>2nd semester in Venice<\/strong><\/p>\n\n\n\n<ul class=\"wp-block-list\">\n<li>Byzantium in the Religious Landscape of Western Eurasia<\/li>\n\n\n\n<li>Byzantium in the Material Landscape of Western Eurasia<\/li>\n\n\n\n<li>Practice and Employability II (internships in cultural heritage institutions such as the Biblioteca Marciana, the Archivio di Stato, etc.)<\/li>\n<\/ul>\n\n\n\n<p class=\"has-big-font-size\"><strong>3rd semester in Mainz<\/strong><\/p>\n\n\n\n<ul class=\"wp-block-list\">\n<li>Byzantium and the Islamicate World<\/li>\n\n\n\n<li>Beyond Byzantium: Transregional Encounters and Dynamics of Reception<\/li>\n\n\n\n<li>Practice and Employability &amp; Academic Writing (internships offered by, among others: Leibniz Center for Archaeology (LEIAZA), Icon-Museum Frankfurt)<\/li>\n<\/ul>\n\n\n\n<p class=\"has-big-font-size\"><strong>4th semester at the partner university where the master&#8217;s thesis is written<\/strong><\/p>\n\n\n\n<ul class=\"wp-block-list\">\n<li>Master\u2019s thesis<\/li>\n\n\n\n<li>Final oral examination<\/li>\n<\/ul>\n\n\n\n<div style=\"height:60px\" aria-hidden=\"true\" class=\"wp-block-spacer\"><\/div>\n\n\n\n<p class=\"has-big-font-size\"><strong>Internships<\/strong><\/p>\n\n\n\n<p class=\"has-big-font-size\">Employability plays a major role in the degree program. Internships at all three locations are therefore an integral part of your program of study, with placements offered by renowned institutions such as the Cyprus National Commission for UNESCO, the Biblioteca Nazionale Marciana Venice, the Leibniz Center for Archaeology (LEIZA) Mainz, and the Icon Museum Frankfurt.<\/p>\n\n\n\n<p class=\"has-big-font-size\">This program of study does not include a mandatory internship. However, voluntary internships are a great way to gain insight into a professional field.<\/p>\n\n\n\n<p class=\"has-big-font-size\">An internship allows you to discover whether everyday life in a particular occupation suits your career expectations and interests. You can gain qualifications for a professional field and acquire important professional and personal skills to start a career. An internship helps you both shape your career path, and mold the remainder of your course sequence \u2013 in particular by selecting specializations that suit your practical experience.<\/p>\n\n\n\n<p class=\"has-big-font-size\">You can find further information and relevant internships on the <strong><a href=\"https:\/\/www.studium.uni-mainz.de\/en\/during-your-studies\/career-orientation\/\" data-type=\"page\" data-id=\"4360\">Career Service<\/a><\/strong> website.<\/p>\n\n\n\n\n<div style=\"height:60px\" aria-hidden=\"true\" class=\"wp-block-spacer\"><\/div>\n\n\n\n<p class=\"has-big-font-size\"><strong>Stays abroad<\/strong><\/p>\n\n\n\n<p class=\"has-big-font-size\">Byzantine Studies: Perspectives on the Global Middle Ages (M.A.) is a transnational and interdisciplinary degree program offered jointly by the University of Cyprus, the Universit\u00e0 Ca&#8217; Foscari Venezia, and the Johannes Gutenberg University Mainz. You will study successively at all three institutions and ultimately choose one at which to write your master&#8217;s thesis.<\/p>\n\n\n<\/jgu-base-accordionitem>\n\n<jgu-base-accordionitem react-props=\"{&quot;title&quot;:&quot;What happens after graduation?&quot;,&quot;init&quot;:false,&quot;slug&quot;:&quot;what-happens-after-graduation&quot;,&quot;align&quot;:&quot;wide&quot;,&quot;customSlug&quot;:false}\">\n    \n\n<p class=\"has-big-font-size\">The degree program prepares you for both an academic career and a range of professional opportunities beyond academia. This includes the following areas:<\/p>\n\n\n\n<ul class=\"wp-block-list\">\n<li>Museum work<\/li>\n\n\n\n<li>Communicating history in various media<\/li>\n\n\n\n<li>Archival and library work<\/li>\n\n\n\n<li>Academic publishing<\/li>\n\n\n\n<li>Cultural management<\/li>\n\n\n\n<li>Active involvement in NGOs<\/li>\n<\/ul>\n\n\n\n<p class=\"has-big-font-size\">In addition to the internships firmly anchored in the degree program, you will acquire a set of four key skills for your professional career as part of your studies:<\/p>\n\n\n\n<ul class=\"wp-block-list\">\n<li>Methodological competence: in-depth knowledge of the history of the Byzantine Empire and its interconnections within the medieval world, historical theories and methods, scientific writing and presenting, methods of digital humanities<\/li>\n\n\n\n<li>Social competence: Collaboration is fundamental in science and beyond. The degree program promotes teamwork, effective communication, and negotiation skills.<\/li>\n\n\n\n<li>Intercultural competence: By studying at a different partner university each semester, students immerse themselves in different academic traditions and cultural contexts.<\/li>\n\n\n\n<li>Self-competence: Self-awareness and self-discipline (Assessment formats prepare students for independent work. The practical modules allow them to select partner institutions according to their own talents and interests.)<\/li>\n<\/ul>\n\n\n\n<div style=\"height:60px\" aria-hidden=\"true\" class=\"wp-block-spacer\"><\/div>\n\n\n\n<p><strong>Not sure what to do after graduation? Don\u2019t worry!<\/strong><\/p>\n\n\n\n<p>A university degree generally does not prepare you for a single profession but qualifies you for a wide range of career paths \u2013 for example, in research, in a typical profession related to your field of study, or in one of many other academic fields.<\/p>\n\n\n\n<p>This is why career orientation is also part of your studies. Gaining practical experience is key, and you can do so through internships, working student positions, part-time jobs or voluntary work, for example.<\/p>\n\n\n\n<p class=\"has-big-font-size\"><strong><a href=\"https:\/\/www.studium.uni-mainz.de\/en\/during-your-studies\/career-orientation\/\" data-type=\"page\" data-id=\"4360\">JGU&#8217;s Career Service<\/a><\/strong> will support you throughout the entire process with information, advice, workshops and numerous events \u2013 from career orientation and working on your profile and skills to finding your dream job and successfully applying for it.<\/p>\n\n\n\n<\/jgu-base-accordionitem>\n\n<\/jgu-base-accordion>\n<\/div><\/div>\n<\/jgu-base-section>\n\n<jgu-base-section react-props=\"{&quot;color&quot;:&quot;light&quot;,&quot;align&quot;:&quot;wide&quot;,&quot;padding&quot;:&quot;medium&quot;}\">\n<div class=\"jgu-bgsection bg bg-light \"><div class=\"content padding-medium\"><jgu-base-slider react-props=\"{&quot;slidesCount&quot;:4,&quot;responsiveSettings&quot;:{&quot;mobile&quot;:{&quot;perPage&quot;:1,&quot;arrows&quot;:true,&quot;pagination&quot;:false},&quot;tablet&quot;:{&quot;perPage&quot;:4,&quot;arrows&quot;:true,&quot;pagination&quot;:false},&quot;desktop&quot;:{&quot;perPage&quot;:4,&quot;arrows&quot;:true,&quot;pagination&quot;:false},&quot;desktop-xl&quot;:{&quot;perPage&quot;:4,&quot;arrows&quot;:true,&quot;pagination&quot;:false}},&quot;type&quot;:&quot;&quot;,&quot;template&quot;:&quot;&quot;,&quot;useNumbers&quot;:false,&quot;perPage&quot;:4,&quot;scrollDistance&quot;:&quot;screen&quot;}\">\n    \n<jgu-base-teaserbox react-props=\"{\n    &quot;headline&quot;: {\n        &quot;htmlTag&quot;: &quot;h2&quot;,\n        &quot;classTag&quot;: &quot;h4&quot;,\n        &quot;tag&quot;: &quot;h2.h4&quot;\n    },\n    &quot;color&quot;: &quot;blue&quot;,\n    &quot;title&quot;: &quot;Learn more&quot;,\n    &quot;excerpt&quot;: &quot;Would you like to find out more about the degree program\\u2019s content, focus, and structure?&lt;br&gt;&lt;br&gt;More detailed information as well as the module catalog and degree plan can be found on the department\\u2019s website.&quot;,\n    &quot;linkTitle&quot;: &quot;Learn more&quot;,\n    &quot;link&quot;: {\n        &quot;url&quot;: &quot;https:\\\/\\\/byzantinistik.geschichte.uni-mainz.de\\\/en\\\/&quot;,\n        &quot;opensInNewTab&quot;: true,\n        &quot;title&quot;: &quot;https:\\\/\\\/www.ftmk.uni-mainz.de\\\/b-a-studiengang-theaterwissenschaft\\\/&quot;,\n        &quot;id&quot;: &quot;https:\\\/\\\/byzantinistik.geschichte.uni-mainz.de\\\/en\\\/&quot;,\n        &quot;type&quot;: &quot;link&quot;\n    },\n    &quot;textPositionBottom&quot;: true,\n    &quot;template&quot;: &quot;red_h4&quot;,\n    &quot;align&quot;: &quot;wide&quot;,\n    &quot;icon&quot;: &quot;&quot;,\n    &quot;iconColor&quot;: &quot;default&quot;,\n    &quot;isCalendar&quot;: false,\n    &quot;iconBoxed&quot;: false,\n    &quot;useLinkList&quot;: false,\n    &quot;linkList&quot;: {},\n    &quot;hideThumbnail&quot;: false,\n    &quot;type&quot;: &quot;boxed&quot;,\n    &quot;index&quot;: &quot;&quot;,\n    &quot;linkStyle&quot;: &quot;default&quot;,\n    &quot;overboxImage&quot;: false,\n    &quot;differingHeadlineColor&quot;: false,\n    &quot;headlineColor&quot;: &quot;&quot;,\n    &quot;video&quot;: {\n        &quot;provider&quot;: &quot;youtube&quot;,\n        &quot;id&quot;: &quot;&quot;,\n        &quot;poster&quot;: &quot;&quot;\n    },\n    &quot;audioUrl&quot;: &quot;&quot;,\n    &quot;unbound&quot;: false\n}\">\n    \n<\/jgu-base-teaserbox>\n\n<jgu-base-teaserbox react-props=\"{\n    &quot;headline&quot;: {\n        &quot;htmlTag&quot;: &quot;h2&quot;,\n        &quot;classTag&quot;: &quot;h4&quot;,\n        &quot;tag&quot;: &quot;h2.h4&quot;\n    },\n    &quot;useLinkList&quot;: true,\n    &quot;linkList&quot;: {\n        &quot;0&quot;: {\n            &quot;text&quot;: &quot;&lt;a href=\\&quot;https:\\\/\\\/www.studium.uni-mainz.de\\\/studienwahl\\\/studienangebot\\\/alpha-ba\\\/\\&quot; data-type=\\&quot;link\\&quot; data-id=\\&quot;https:\\\/\\\/www.studium.uni-mainz.de\\\/studienwahl\\\/studienangebot\\\/alpha-ba\\\/\\&quot;&gt;Arch\\u00e4ologien und Philologien in den Altertumswissenschaften (ALPHA) (B.A.)&lt;\\\/a&gt;&quot;,\n            &quot;icon&quot;: &quot;info&quot;,\n            &quot;link&quot;: {\n                &quot;url&quot;: &quot;https:\\\/\\\/www.studium.uni-mainz.de\\\/en\\\/choosing-your-degree-program\\\/courses-offered\\\/alpha-ba\\\/&quot;\n            }\n        },\n        &quot;1&quot;: {\n            &quot;text&quot;: &quot;oder auch Studieng\\u00e4nge aus den Bereichen Geschichte, klassische Philologie und Kunstgeschichte oder arch\\u00e4ologische Beif\\u00e4cher.&quot;,\n            &quot;icon&quot;: &quot;info&quot;,\n            &quot;link&quot;: {\n                &quot;url&quot;: &quot;&quot;\n            }\n        },\n        &quot;2&quot;: {\n            &quot;text&quot;: &quot;&amp;lt;a href=https:\\\/\\\/www.studium.uni-mainz.de\\\/en\\\/choosing-your-degree-program\\\/courses-offered\\\/byzantine-studies-ma\\\/&quot;,\n            &quot;icon&quot;: &quot;info&quot;,\n            &quot;link&quot;: {\n                &quot;url&quot;: &quot;https:\\\/\\\/www.studium.uni-mainz.de\\\/en\\\/choosing-your-degree-program\\\/courses-offered\\\/byzantine-studies-ma\\\/&quot;\n            }\n        }\n    },\n    &quot;color&quot;: &quot;orange&quot;,\n    &quot;title&quot;: &quot;Precursory bachelor\\u2019s degree programs at JGU&quot;,\n    &quot;linkTitle&quot;: &quot;Learn more&quot;,\n    &quot;template&quot;: &quot;linkList&quot;,\n    &quot;align&quot;: &quot;wide&quot;,\n    &quot;icon&quot;: &quot;&quot;,\n    &quot;iconColor&quot;: &quot;default&quot;,\n    &quot;isCalendar&quot;: false,\n    &quot;iconBoxed&quot;: false,\n    &quot;hideThumbnail&quot;: false,\n    &quot;type&quot;: &quot;boxed&quot;,\n    &quot;index&quot;: &quot;&quot;,\n    &quot;excerpt&quot;: &quot;&quot;,\n    &quot;linkStyle&quot;: &quot;default&quot;,\n    &quot;overboxImage&quot;: false,\n    &quot;differingHeadlineColor&quot;: false,\n    &quot;headlineColor&quot;: &quot;&quot;,\n    &quot;textPositionBottom&quot;: false,\n    &quot;video&quot;: {\n        &quot;provider&quot;: &quot;youtube&quot;,\n        &quot;id&quot;: &quot;&quot;,\n        &quot;poster&quot;: &quot;&quot;\n    },\n    &quot;audioUrl&quot;: &quot;&quot;,\n    &quot;unbound&quot;: false\n}\">\n    \n<jgu-base-listitem react-props=\"{\n    &quot;allowNesting&quot;: false,\n    &quot;title&quot;: &quot;&lt;a href=\\&quot;https:\\\/\\\/www.studium.uni-mainz.de\\\/en\\\/choosing-your-degree-program\\\/courses-offered\\\/alpha-ba\\\/\\&quot;&gt;Archaeology and Philology in Ancient Studies (ALPHA, B.A.)&lt;\\\/a&gt;&quot;,\n    &quot;uuid&quot;: &quot;1774515116836&quot;,\n    &quot;link&quot;: {\n        &quot;url&quot;: &quot;https:\\\/\\\/www.studium.uni-mainz.de\\\/en\\\/choosing-your-degree-program\\\/courses-offered\\\/alpha-ba\\\/&quot;\n    },\n    &quot;align&quot;: &quot;wide&quot;,\n    &quot;showInActions&quot;: false,\n    &quot;icon&quot;: &quot;&quot;,\n    &quot;showExpandableContent&quot;: false,\n    &quot;expandableContent&quot;: &quot;&quot;\n}\">\n    \n<\/jgu-base-listitem>\n\n<jgu-base-listitem react-props=\"{\n    &quot;allowNesting&quot;: false,\n    &quot;title&quot;: &quot;or degree programs in the fields of history, classical philology, and art history or archaeological minor subjects.&quot;,\n    &quot;uuid&quot;: &quot;1774515125152&quot;,\n    &quot;align&quot;: &quot;wide&quot;,\n    &quot;showInActions&quot;: false,\n    &quot;icon&quot;: &quot;&quot;,\n    &quot;showExpandableContent&quot;: false,\n    &quot;expandableContent&quot;: &quot;&quot;,\n    &quot;link&quot;: {\n        &quot;url&quot;: &quot;&quot;\n    }\n}\">\n    \n<\/jgu-base-listitem>\n\n<jgu-base-listitem react-props=\"{\n    &quot;allowNesting&quot;: false,\n    &quot;title&quot;: &quot;&lt;a href=\\&quot;https:\\\/\\\/www.studium.uni-mainz.de\\\/studienwahl\\\/studienangebot\\\/byzantine-studies-ma\\\/#was-soll-ich-mitbringen\\&quot; data-type=\\&quot;link\\&quot; data-id=\\&quot;https:\\\/\\\/www.studium.uni-mainz.de\\\/studienwahl\\\/studienangebot\\\/byzantine-studies-ma\\\/#was-soll-ich-mitbringen\\&quot;&gt;Entrance requirements&lt;\\\/a&gt;&quot;,\n    &quot;uuid&quot;: &quot;1774515136734&quot;,\n    &quot;link&quot;: {\n        &quot;url&quot;: &quot;https:\\\/\\\/www.studium.uni-mainz.de\\\/en\\\/choosing-your-degree-program\\\/courses-offered\\\/byzantine-studies-ma\\\/&quot;\n    },\n    &quot;align&quot;: &quot;wide&quot;,\n    &quot;showInActions&quot;: false,\n    &quot;icon&quot;: &quot;&quot;,\n    &quot;showExpandableContent&quot;: false,\n    &quot;expandableContent&quot;: &quot;&quot;\n}\">\n    \n<\/jgu-base-listitem>\n\n<\/jgu-base-teaserbox>\n\n<jgu-base-teaserbox react-props=\"{\n    &quot;headline&quot;: {\n        &quot;htmlTag&quot;: &quot;h2&quot;,\n        &quot;classTag&quot;: &quot;h4&quot;,\n        &quot;tag&quot;: &quot;h2.h4&quot;\n    },\n    &quot;useLinkList&quot;: true,\n    &quot;linkList&quot;: {\n        &quot;0&quot;: {\n            &quot;text&quot;: &quot;&lt;a href=\\&quot;https:\\\/\\\/ordnungen.he.uni-mainz.de\\\/byzantinistik\\\/\\&quot; data-type=\\&quot;link\\&quot; data-id=\\&quot;https:\\\/\\\/sl.uni-mainz.de\\\/buchwissenschaft\\\/\\&quot; target=\\&quot;_blank\\&quot; rel=\\&quot;noreferrer noopener\\&quot;&gt;Pr\\u00fcfungsordnung&lt;\\\/a&gt;&quot;,\n            &quot;icon&quot;: &quot;info&quot;,\n            &quot;link&quot;: {\n                &quot;url&quot;: &quot;https:\\\/\\\/ordnungen.he.uni-mainz.de\\\/byzantinistik\\\/&quot;\n            }\n        },\n        &quot;1&quot;: {\n            &quot;text&quot;: &quot;&lt;a href=\\&quot;https:\\\/\\\/byzantinistik.geschichte.uni-mainz.de\\\/en\\\/\\&quot; data-type=\\&quot;link\\&quot; data-id=\\&quot;https:\\\/\\\/byzantinistik.geschichte.uni-mainz.de\\\/en\\\/\\&quot; target=\\&quot;_blank\\&quot; rel=\\&quot;noreferrer noopener\\&quot;&gt;Faculty 07 - Historical Seminar&lt;\\\/a&gt;&quot;,\n            &quot;icon&quot;: &quot;info&quot;,\n            &quot;link&quot;: {\n                &quot;url&quot;: &quot;https:\\\/\\\/byzantinistik.geschichte.uni-mainz.de\\\/en\\\/&quot;\n            }\n        },\n        &quot;2&quot;: {\n            &quot;text&quot;: &quot;&lt;a href=\\&quot;https:\\\/\\\/www.fachschaft.geschichte.uni-mainz.de\\\/\\&quot; data-type=\\&quot;link\\&quot; data-id=\\&quot;https:\\\/\\\/www.fachschaft.geschichte.uni-mainz.de\\\/\\&quot; target=\\&quot;_blank\\&quot; rel=\\&quot;noreferrer noopener\\&quot;&gt;Fachschaft Geschichte&lt;\\\/a&gt;&quot;,\n            &quot;icon&quot;: &quot;info&quot;,\n            &quot;link&quot;: {\n                &quot;url&quot;: &quot;https:\\\/\\\/www.fachschaft.geschichte.uni-mainz.de\\\/&quot;\n            }\n        },\n        &quot;3&quot;: {\n            &quot;text&quot;: &quot;&lt;a href=\\&quot;https:\\\/\\\/www.instagram.com\\\/fachschaft_geschichte_mainz\\\/\\&quot; data-type=\\&quot;link\\&quot; data-id=\\&quot;https:\\\/\\\/www.instagram.com\\\/fachschaft_geschichte_mainz\\\/\\&quot; target=\\&quot;_blank\\&quot; rel=\\&quot;noreferrer noopener\\&quot;&gt;Instagram: Fachschaft Geschichte&lt;\\\/a&gt;&quot;,\n            &quot;icon&quot;: &quot;info&quot;,\n            &quot;link&quot;: {\n                &quot;url&quot;: &quot;https:\\\/\\\/www.instagram.com\\\/fachschaft_geschichte_mainz\\\/&quot;\n            }\n        }\n    },\n    &quot;color&quot;: &quot;blue-gray&quot;,\n    &quot;title&quot;: &quot;Further information&quot;,\n    &quot;linkTitle&quot;: &quot;Learn more&quot;,\n    &quot;template&quot;: &quot;linkList&quot;,\n    &quot;align&quot;: &quot;wide&quot;,\n    &quot;icon&quot;: &quot;&quot;,\n    &quot;iconColor&quot;: &quot;default&quot;,\n    &quot;isCalendar&quot;: false,\n    &quot;iconBoxed&quot;: false,\n    &quot;hideThumbnail&quot;: false,\n    &quot;type&quot;: &quot;boxed&quot;,\n    &quot;index&quot;: &quot;&quot;,\n    &quot;excerpt&quot;: &quot;&quot;,\n    &quot;linkStyle&quot;: &quot;default&quot;,\n    &quot;overboxImage&quot;: false,\n    &quot;differingHeadlineColor&quot;: false,\n    &quot;headlineColor&quot;: &quot;&quot;,\n    &quot;textPositionBottom&quot;: false,\n    &quot;video&quot;: {\n        &quot;provider&quot;: &quot;youtube&quot;,\n        &quot;id&quot;: &quot;&quot;,\n        &quot;poster&quot;: &quot;&quot;\n    },\n    &quot;audioUrl&quot;: &quot;&quot;,\n    &quot;unbound&quot;: false\n}\">\n    \n<jgu-base-listitem react-props=\"{\n    &quot;allowNesting&quot;: false,\n    &quot;title&quot;: &quot;&lt;a href=\\&quot;https:\\\/\\\/ordnungen.he.uni-mainz.de\\\/byzantinistik\\\/\\&quot; data-type=\\&quot;link\\&quot; data-id=\\&quot;https:\\\/\\\/sl.uni-mainz.de\\\/buchwissenschaft\\\/\\&quot; target=\\&quot;_blank\\&quot; rel=\\&quot;noreferrer noopener\\&quot;&gt;Examination regulations (in German)&lt;\\\/a&gt;&quot;,\n    &quot;uuid&quot;: &quot;1676040239582&quot;,\n    &quot;link&quot;: {\n        &quot;url&quot;: &quot;https:\\\/\\\/ordnungen.he.uni-mainz.de\\\/byzantinistik\\\/&quot;\n    },\n    &quot;align&quot;: &quot;wide&quot;,\n    &quot;showInActions&quot;: false,\n    &quot;icon&quot;: &quot;&quot;,\n    &quot;showExpandableContent&quot;: false,\n    &quot;expandableContent&quot;: &quot;&quot;\n}\">\n    \n<\/jgu-base-listitem>\n\n<jgu-base-listitem react-props=\"{\n    &quot;allowNesting&quot;: false,\n    &quot;title&quot;: &quot;&lt;a href=\\&quot;https:\\\/\\\/byzantinistik.geschichte.uni-mainz.de\\\/en\\\/\\&quot; data-type=\\&quot;link\\&quot; data-id=\\&quot;https:\\\/\\\/byzantinistik.geschichte.uni-mainz.de\\\/en\\\/\\&quot; target=\\&quot;_blank\\&quot; rel=\\&quot;noreferrer noopener\\&quot;&gt;Faculty 07 - Historical Seminar&lt;\\\/a&gt;&quot;,\n    &quot;uuid&quot;: &quot;1675695322903&quot;,\n    &quot;link&quot;: {\n        &quot;url&quot;: &quot;https:\\\/\\\/byzantinistik.geschichte.uni-mainz.de\\\/en\\\/&quot;\n    },\n    &quot;align&quot;: &quot;wide&quot;,\n    &quot;showInActions&quot;: false,\n    &quot;icon&quot;: &quot;&quot;,\n    &quot;showExpandableContent&quot;: false,\n    &quot;expandableContent&quot;: &quot;&quot;\n}\">\n    \n<\/jgu-base-listitem>\n\n<jgu-base-listitem react-props=\"{\n    &quot;allowNesting&quot;: false,\n    &quot;title&quot;: &quot;&lt;a href=\\&quot;https:\\\/\\\/www.fachschaft.geschichte.uni-mainz.de\\\/\\&quot; data-type=\\&quot;link\\&quot; data-id=\\&quot;https:\\\/\\\/www.fachschaft.geschichte.uni-mainz.de\\\/\\&quot; target=\\&quot;_blank\\&quot; rel=\\&quot;noreferrer noopener\\&quot;&gt;Student Council | History&lt;\\\/a&gt;&quot;,\n    &quot;uuid&quot;: &quot;1675695342860&quot;,\n    &quot;link&quot;: {\n        &quot;url&quot;: &quot;https:\\\/\\\/www.fachschaft.geschichte.uni-mainz.de\\\/&quot;\n    },\n    &quot;align&quot;: &quot;wide&quot;,\n    &quot;showInActions&quot;: false,\n    &quot;icon&quot;: &quot;&quot;,\n    &quot;showExpandableContent&quot;: false,\n    &quot;expandableContent&quot;: &quot;&quot;\n}\">\n    \n<\/jgu-base-listitem>\n\n<jgu-base-listitem react-props=\"{\n    &quot;allowNesting&quot;: false,\n    &quot;title&quot;: &quot;&lt;a href=\\&quot;https:\\\/\\\/www.instagram.com\\\/fachschaft_geschichte_mainz\\\/\\&quot; data-type=\\&quot;link\\&quot; data-id=\\&quot;https:\\\/\\\/www.instagram.com\\\/fachschaft_geschichte_mainz\\\/\\&quot; target=\\&quot;_blank\\&quot; rel=\\&quot;noreferrer noopener\\&quot;&gt;Instagram: Student Council | History&lt;\\\/a&gt;&quot;,\n    &quot;uuid&quot;: &quot;1675695342860&quot;,\n    &quot;link&quot;: {\n        &quot;url&quot;: &quot;https:\\\/\\\/www.instagram.com\\\/fachschaft_geschichte_mainz\\\/&quot;\n    },\n    &quot;align&quot;: &quot;wide&quot;,\n    &quot;showInActions&quot;: false,\n    &quot;icon&quot;: &quot;&quot;,\n    &quot;showExpandableContent&quot;: false,\n    &quot;expandableContent&quot;: &quot;&quot;\n}\">\n    \n<\/jgu-base-listitem>\n\n<\/jgu-base-teaserbox>\n\n<jgu-base-teaserbox react-props=\"{\n    &quot;headline&quot;: {\n        &quot;htmlTag&quot;: &quot;h2&quot;,\n        &quot;classTag&quot;: &quot;h4&quot;,\n        &quot;tag&quot;: &quot;h2.h4&quot;\n    },\n    &quot;useLinklist&quot;: true,\n    &quot;color&quot;: &quot;red&quot;,\n    &quot;title&quot;: &quot;Career orientation and transition to a profession &lt;br&gt;&quot;,\n    &quot;linkTitle&quot;: &quot;Learn more&quot;,\n    &quot;template&quot;: &quot;red_h4&quot;,\n    &quot;align&quot;: &quot;wide&quot;,\n    &quot;icon&quot;: &quot;&quot;,\n    &quot;iconColor&quot;: &quot;default&quot;,\n    &quot;isCalendar&quot;: false,\n    &quot;iconBoxed&quot;: false,\n    &quot;useLinkList&quot;: false,\n    &quot;linkList&quot;: {},\n    &quot;hideThumbnail&quot;: false,\n    &quot;type&quot;: &quot;boxed&quot;,\n    &quot;index&quot;: &quot;&quot;,\n    &quot;excerpt&quot;: &quot;&quot;,\n    &quot;linkStyle&quot;: &quot;default&quot;,\n    &quot;overboxImage&quot;: false,\n    &quot;differingHeadlineColor&quot;: false,\n    &quot;headlineColor&quot;: &quot;&quot;,\n    &quot;textPositionBottom&quot;: false,\n    &quot;video&quot;: {\n        &quot;provider&quot;: &quot;youtube&quot;,\n        &quot;id&quot;: &quot;&quot;,\n        &quot;poster&quot;: &quot;&quot;\n    },\n    &quot;audioUrl&quot;: &quot;&quot;,\n    &quot;unbound&quot;: false\n}\">\n    \n<jgu-base-listitem react-props=\"{\n    &quot;title&quot;: &quot;&lt;a href=\\&quot;https:\\\/\\\/www.studium.uni-mainz.de\\\/en\\\/during-your-studies\\\/career-orientation\\\/\\&quot; data-type=\\&quot;page\\&quot; data-id=\\&quot;4360\\&quot;&gt;Career orientation\\\/Career Service&lt;\\\/a&gt;&quot;,\n    &quot;uuid&quot;: &quot;1712566557220&quot;,\n    &quot;link&quot;: {\n        &quot;url&quot;: &quot;https:\\\/\\\/www.studium.uni-mainz.de\\\/en\\\/during-your-studies\\\/career-orientation\\\/&quot;\n    },\n    &quot;align&quot;: &quot;wide&quot;,\n    &quot;showInActions&quot;: false,\n    &quot;allowNesting&quot;: true,\n    &quot;icon&quot;: &quot;&quot;,\n    &quot;showExpandableContent&quot;: false,\n    &quot;expandableContent&quot;: &quot;&quot;\n}\">\n    \n<\/jgu-base-listitem>\n\n<jgu-base-listitem react-props=\"{\n    &quot;title&quot;: &quot;&lt;a href=\\&quot;https:\\\/\\\/uni-mainz.jobteaser.com\\\/\\&quot; target=\\&quot;_blank\\&quot; rel=\\&quot;noreferrer noopener\\&quot;&gt;Career Center &amp;amp; Job Portal&lt;\\\/a&gt; (via JobTeaser)&lt;br&gt;(Log in using your JGU account)&quot;,\n    &quot;uuid&quot;: &quot;1712566558278&quot;,\n    &quot;link&quot;: {\n        &quot;url&quot;: &quot;https:\\\/\\\/uni-mainz.jobteaser.com\\\/&quot;\n    },\n    &quot;align&quot;: &quot;wide&quot;,\n    &quot;showInActions&quot;: false,\n    &quot;allowNesting&quot;: true,\n    &quot;icon&quot;: &quot;&quot;,\n    &quot;showExpandableContent&quot;: false,\n    &quot;expandableContent&quot;: &quot;&quot;\n}\">\n    \n<\/jgu-base-listitem>\n\n<jgu-base-listitem react-props=\"{\n    &quot;title&quot;: &quot;&lt;a href=\\&quot;https:\\\/\\\/research.uni-mainz.de\\\/\\&quot; target=\\&quot;_blank\\&quot; rel=\\&quot;noreferrer noopener\\&quot;&gt;JGU\\u2019s Startup Center&lt;\\\/a&gt;&quot;,\n    &quot;uuid&quot;: &quot;1712566478308&quot;,\n    &quot;link&quot;: {\n        &quot;url&quot;: &quot;https:\\\/\\\/forschung.uni-mainz.de\\\/startup-center\\\/&quot;\n    },\n    &quot;align&quot;: &quot;wide&quot;,\n    &quot;showInActions&quot;: false,\n    &quot;allowNesting&quot;: true,\n    &quot;icon&quot;: &quot;&quot;,\n    &quot;showExpandableContent&quot;: false,\n    &quot;expandableContent&quot;: &quot;&quot;\n}\">\n    \n<\/jgu-base-listitem>\n\n<jgu-base-listitem react-props=\"{\n    &quot;title&quot;: &quot;&lt;a href=\\&quot;https:\\\/\\\/gkk.uni-mainz.de\\\/en\\\/\\&quot;&gt;Gutenberg Council for Academic Careers&lt;\\\/a&gt;&quot;,\n    &quot;uuid&quot;: &quot;1712566513720&quot;,\n    &quot;link&quot;: {\n        &quot;url&quot;: &quot;https:\\\/\\\/www.nachwuchs.uni-mainz.de\\\/gutenberg-nachwuchskolleg\\\/&quot;\n    },\n    &quot;align&quot;: &quot;wide&quot;,\n    &quot;showInActions&quot;: false,\n    &quot;allowNesting&quot;: true,\n    &quot;icon&quot;: &quot;&quot;,\n    &quot;showExpandableContent&quot;: false,\n    &quot;expandableContent&quot;: &quot;&quot;\n}\">\n    \n<\/jgu-base-listitem>\n\n<\/jgu-base-teaserbox>\n\n\n<\/jgu-base-slider>\n<\/div><\/div>\n<\/jgu-base-section>\n\n<jgu-base-section react-props=\"{&quot;color&quot;:&quot;white&quot;,&quot;align&quot;:&quot;wide&quot;,&quot;padding&quot;:&quot;medium&quot;}\">\n<div class=\"jgu-bgsection bg bg-white \"><div class=\"content padding-medium\"><div\n\tclass=\"jgu-anchorpoint\"\n\tid=\"learn-how-to-apply\"\n\tdata-label=\"Learn how to apply\"\n\tdata-hide-in-nav=\"false\"\n\ttabindex=\"0\"\n\tdata-initial-scroll=\"true\"\n><\/div>\n\n\n<jgu-base-heading react-props=\"{\n    &quot;index&quot;: &quot;Applications&quot;,\n    &quot;tags&quot;: {\n        &quot;htmlTag&quot;: &quot;h2&quot;,\n        &quot;classTag&quot;: &quot;&quot;,\n        &quot;tag&quot;: &quot;h2&quot;\n    },\n    &quot;heading&quot;: &quot;Just a few steps to a spot at university&quot;,\n    &quot;textAlign&quot;: &quot;left&quot;,\n    &quot;anchor&quot;: &quot;&quot;,\n    &quot;color&quot;: &quot;red&quot;\n}\"><\/jgu-base-heading>\n\n\n\n<div class=\"wp-block-columns is-layout-flex wp-container-core-columns-is-layout-9d6595d7 wp-block-columns-is-layout-flex\">\n<div class=\"wp-block-column is-layout-flow wp-block-column-is-layout-flow\" style=\"flex-basis:66.66%\">\n<p class=\"has-big-font-size\">Found the degree program of your choice? <br>Your dream degree program is just an online application away! <br><br>We will show you how to apply for a spot at JGU and what you need to consider regarding <strong>requirements<\/strong>, <strong>admissions<\/strong> and <strong>application<\/strong> deadlines. <\/p>\n\n\n\n\n<div style=\"height:90px\" aria-hidden=\"true\" class=\"wp-block-spacer\"><\/div>\n\n\n<jgu-base-modal react-props=\"{&quot;text&quot;:&quot;Learn how to apply&quot;,&quot;buttonStyling&quot;:&quot;primary&quot;,&quot;children&quot;:&quot;\\n&lt;jgu-base-heading react-props=\\&quot;{\\n    &amp;quot;tags&amp;quot;: {\\n        &amp;quot;htmlTag&amp;quot;: &amp;quot;h2&amp;quot;,\\n        &amp;quot;classTag&amp;quot;: &amp;quot;&amp;quot;,\\n        &amp;quot;tag&amp;quot;: &amp;quot;h2&amp;quot;\\n    },\\n    &amp;quot;heading&amp;quot;: &amp;quot;Just a few steps to a spot at university&amp;quot;,\\n    &amp;quot;textAlign&amp;quot;: &amp;quot;left&amp;quot;,\\n    &amp;quot;anchor&amp;quot;: &amp;quot;&amp;quot;,\\n    &amp;quot;index&amp;quot;: &amp;quot;&amp;quot;,\\n    &amp;quot;color&amp;quot;: &amp;quot;red&amp;quot;\\n}\\&quot;&gt;&lt;\\\/jgu-base-heading&gt;\\n\\n\\n&lt;jgu-base-processsequence react-props=\\&quot;{\\n    &amp;quot;collapsible&amp;quot;: false,\\n    &amp;quot;color&amp;quot;: &amp;quot;red&amp;quot;,\\n    &amp;quot;hideImageOutline&amp;quot;: false,\\n    &amp;quot;limitWidth&amp;quot;: false,\\n    &amp;quot;showIndex&amp;quot;: true,\\n    &amp;quot;allowImages&amp;quot;: true\\n}\\&quot;&gt;\\n&lt;jgu-base-processsequenceitem react-props=\\&quot;{\\n    &amp;quot;blockIndex&amp;quot;: 0,\\n    &amp;quot;image&amp;quot;: {\\n        &amp;quot;id&amp;quot;: 2118,\\n        &amp;quot;url&amp;quot;: &amp;quot;https:\\\\\\\/\\\\\\\/cms.zdv.uni-mainz.de\\\\\\\/studium\\\\\\\/wp-content\\\\\\\/uploads\\\\\\\/sites\\\\\\\/12\\\\\\\/2023\\\\\\\/03\\\\\\\/Wie-und-wo-muss-ich-mich-bewerben_quadratisch.png&amp;quot;,\\n        &amp;quot;hideCredit&amp;quot;: true,\\n        &amp;quot;credit&amp;quot;: &amp;quot;Rebekka Sch\\\\u00f6nefu\\\\u00df&amp;quot;,\\n        &amp;quot;title&amp;quot;: &amp;quot;Wie und wo muss ich mich bewerben_quadratisch&amp;quot;,\\n        &amp;quot;width&amp;quot;: 2086,\\n        &amp;quot;height&amp;quot;: 2086,\\n        &amp;quot;srcset&amp;quot;: &amp;quot;https:\\\\\\\/\\\\\\\/cms.zdv.uni-mainz.de\\\\\\\/studium\\\\\\\/wp-content\\\\\\\/uploads\\\\\\\/sites\\\\\\\/12\\\\\\\/2023\\\\\\\/03\\\\\\\/Wie-und-wo-muss-ich-mich-bewerben_quadratisch.png 2086w, https:\\\\\\\/\\\\\\\/cms.zdv.uni-mainz.de\\\\\\\/studium\\\\\\\/wp-content\\\\\\\/uploads\\\\\\\/sites\\\\\\\/12\\\\\\\/2023\\\\\\\/03\\\\\\\/Wie-und-wo-muss-ich-mich-bewerben_quadratisch-300x300.png 300w, https:\\\\\\\/\\\\\\\/cms.zdv.uni-mainz.de\\\\\\\/studium\\\\\\\/wp-content\\\\\\\/uploads\\\\\\\/sites\\\\\\\/12\\\\\\\/2023\\\\\\\/03\\\\\\\/Wie-und-wo-muss-ich-mich-bewerben_quadratisch-1024x1024.png 1024w, https:\\\\\\\/\\\\\\\/cms.zdv.uni-mainz.de\\\\\\\/studium\\\\\\\/wp-content\\\\\\\/uploads\\\\\\\/sites\\\\\\\/12\\\\\\\/2023\\\\\\\/03\\\\\\\/Wie-und-wo-muss-ich-mich-bewerben_quadratisch-150x150.png 150w, https:\\\\\\\/\\\\\\\/cms.zdv.uni-mainz.de\\\\\\\/studium\\\\\\\/wp-content\\\\\\\/uploads\\\\\\\/sites\\\\\\\/12\\\\\\\/2023\\\\\\\/03\\\\\\\/Wie-und-wo-muss-ich-mich-bewerben_quadratisch-768x768.png 768w, https:\\\\\\\/\\\\\\\/cms.zdv.uni-mainz.de\\\\\\\/studium\\\\\\\/wp-content\\\\\\\/uploads\\\\\\\/sites\\\\\\\/12\\\\\\\/2023\\\\\\\/03\\\\\\\/Wie-und-wo-muss-ich-mich-bewerben_quadratisch-1536x1536.png 1536w, https:\\\\\\\/\\\\\\\/cms.zdv.uni-mainz.de\\\\\\\/studium\\\\\\\/wp-content\\\\\\\/uploads\\\\\\\/sites\\\\\\\/12\\\\\\\/2023\\\\\\\/03\\\\\\\/Wie-und-wo-muss-ich-mich-bewerben_quadratisch-2048x2048.png 2048w&amp;quot;\\n    },\\n    &amp;quot;title&amp;quot;: &amp;quot;How and where do I apply?&amp;quot;,\\n    &amp;quot;collapsible&amp;quot;: false,\\n    &amp;quot;allowImages&amp;quot;: true,\\n    &amp;quot;color&amp;quot;: &amp;quot;red&amp;quot;,\\n    &amp;quot;showIndex&amp;quot;: true,\\n    &amp;quot;content&amp;quot;: &amp;quot;\\\\n\\\\n&amp;lt;p class=\\\\&amp;quot;has-big-font-size\\\\&amp;quot;&amp;gt;You must apply through the &amp;lt;a href=\\\\&amp;quot;https:\\\\\\\/\\\\\\\/www.ucy.ac.cy\\\\\\\/byz\\\\\\\/application\\\\\\\/?lang=en\\\\&amp;quot; data-type=\\\\&amp;quot;link\\\\&amp;quot; data-id=\\\\&amp;quot;https:\\\\\\\/\\\\\\\/sigarra.up.pt\\\\\\\/flup\\\\\\\/en\\\\\\\/WEB_BASE.GERA_PAGINA?p_pagina=2249\\\\&amp;quot; target=\\\\&amp;quot;_blank\\\\&amp;quot; rel=\\\\&amp;quot;noreferrer noopener\\\\&amp;quot;&amp;gt;University of Cyprus (UCY)&amp;lt;\\\\\\\/a&amp;gt;.&amp;lt;\\\\\\\/p&amp;gt;\\\\n\\\\n&amp;quot;\\n}\\&quot;&gt;\\n&lt;\\\/jgu-base-processsequenceitem&gt;\\n\\n&lt;jgu-base-processsequenceitem react-props=\\&quot;{\\n    &amp;quot;blockIndex&amp;quot;: 1,\\n    &amp;quot;image&amp;quot;: {\\n        &amp;quot;id&amp;quot;: 2112,\\n        &amp;quot;url&amp;quot;: &amp;quot;https:\\\\\\\/\\\\\\\/cms.zdv.uni-mainz.de\\\\\\\/studium\\\\\\\/wp-content\\\\\\\/uploads\\\\\\\/sites\\\\\\\/12\\\\\\\/2023\\\\\\\/03\\\\\\\/Bis-wann-muss-ich-mich-bewerben_quadratisch.png&amp;quot;,\\n        &amp;quot;hideCredit&amp;quot;: true,\\n        &amp;quot;credit&amp;quot;: &amp;quot;Rebekka Sch\\\\u00f6nefu\\\\u00df&amp;quot;,\\n        &amp;quot;title&amp;quot;: &amp;quot;Bis wann muss ich mich bewerben_quadratisch&amp;quot;,\\n        &amp;quot;width&amp;quot;: 1808,\\n        &amp;quot;height&amp;quot;: 1808,\\n        &amp;quot;srcset&amp;quot;: &amp;quot;https:\\\\\\\/\\\\\\\/cms.zdv.uni-mainz.de\\\\\\\/studium\\\\\\\/wp-content\\\\\\\/uploads\\\\\\\/sites\\\\\\\/12\\\\\\\/2023\\\\\\\/03\\\\\\\/Bis-wann-muss-ich-mich-bewerben_quadratisch.png 1808w, https:\\\\\\\/\\\\\\\/cms.zdv.uni-mainz.de\\\\\\\/studium\\\\\\\/wp-content\\\\\\\/uploads\\\\\\\/sites\\\\\\\/12\\\\\\\/2023\\\\\\\/03\\\\\\\/Bis-wann-muss-ich-mich-bewerben_quadratisch-300x300.png 300w, https:\\\\\\\/\\\\\\\/cms.zdv.uni-mainz.de\\\\\\\/studium\\\\\\\/wp-content\\\\\\\/uploads\\\\\\\/sites\\\\\\\/12\\\\\\\/2023\\\\\\\/03\\\\\\\/Bis-wann-muss-ich-mich-bewerben_quadratisch-1024x1024.png 1024w, https:\\\\\\\/\\\\\\\/cms.zdv.uni-mainz.de\\\\\\\/studium\\\\\\\/wp-content\\\\\\\/uploads\\\\\\\/sites\\\\\\\/12\\\\\\\/2023\\\\\\\/03\\\\\\\/Bis-wann-muss-ich-mich-bewerben_quadratisch-150x150.png 150w, https:\\\\\\\/\\\\\\\/cms.zdv.uni-mainz.de\\\\\\\/studium\\\\\\\/wp-content\\\\\\\/uploads\\\\\\\/sites\\\\\\\/12\\\\\\\/2023\\\\\\\/03\\\\\\\/Bis-wann-muss-ich-mich-bewerben_quadratisch-768x768.png 768w, https:\\\\\\\/\\\\\\\/cms.zdv.uni-mainz.de\\\\\\\/studium\\\\\\\/wp-content\\\\\\\/uploads\\\\\\\/sites\\\\\\\/12\\\\\\\/2023\\\\\\\/03\\\\\\\/Bis-wann-muss-ich-mich-bewerben_quadratisch-1536x1536.png 1536w&amp;quot;\\n    },\\n    &amp;quot;title&amp;quot;: &amp;quot;When are applications due?&amp;quot;,\\n    &amp;quot;collapsible&amp;quot;: false,\\n    &amp;quot;allowImages&amp;quot;: true,\\n    &amp;quot;color&amp;quot;: &amp;quot;red&amp;quot;,\\n    &amp;quot;showIndex&amp;quot;: true,\\n    &amp;quot;content&amp;quot;: &amp;quot;\\\\n\\\\n&amp;lt;p class=\\\\&amp;quot;has-big-font-size\\\\&amp;quot;&amp;gt;&amp;lt;strong&amp;gt;Winter semester application deadline&amp;lt;\\\\\\\/strong&amp;gt;&amp;lt;\\\\\\\/p&amp;gt;\\\\n\\\\n\\\\n\\\\n&amp;lt;p class=\\\\&amp;quot;has-big-font-size\\\\&amp;quot;&amp;gt;This will be announced by the Graduate School of the University of Cyprus, UCY (in spring for admission in September). You can find the information on the &amp;lt;a href=\\\\&amp;quot;https:\\\\\\\/\\\\\\\/www.ucy.ac.cy\\\\\\\/byz\\\\\\\/application\\\\\\\/?lang=en\\\\&amp;quot; data-type=\\\\&amp;quot;link\\\\&amp;quot; data-id=\\\\&amp;quot;https:\\\\\\\/\\\\\\\/sigarra.up.pt\\\\\\\/flup\\\\\\\/en\\\\\\\/WEB_BASE.GERA_PAGINA?p_pagina=2249\\\\&amp;quot; target=\\\\&amp;quot;_blank\\\\&amp;quot; rel=\\\\&amp;quot;noreferrer noopener\\\\&amp;quot;&amp;gt;UCY&amp;lt;\\\\\\\/a&amp;gt; website.&amp;lt;\\\\\\\/p&amp;gt;\\\\n\\\\n&amp;quot;\\n}\\&quot;&gt;\\n&lt;\\\/jgu-base-processsequenceitem&gt;\\n\\n&lt;jgu-base-processsequenceitem react-props=\\&quot;{\\n    &amp;quot;blockIndex&amp;quot;: 2,\\n    &amp;quot;image&amp;quot;: {\\n        &amp;quot;id&amp;quot;: 2109,\\n        &amp;quot;url&amp;quot;: &amp;quot;https:\\\\\\\/\\\\\\\/cms.zdv.uni-mainz.de\\\\\\\/studium\\\\\\\/wp-content\\\\\\\/uploads\\\\\\\/sites\\\\\\\/12\\\\\\\/2023\\\\\\\/03\\\\\\\/Bescheid-erhalten_quadratisch.png&amp;quot;,\\n        &amp;quot;hideCredit&amp;quot;: true,\\n        &amp;quot;credit&amp;quot;: &amp;quot;Rebekka Sch\\\\u00f6nefu\\\\u00df&amp;quot;,\\n        &amp;quot;title&amp;quot;: &amp;quot;Bescheid erhalten_quadratisch&amp;quot;,\\n        &amp;quot;width&amp;quot;: 2170,\\n        &amp;quot;height&amp;quot;: 2170,\\n        &amp;quot;srcset&amp;quot;: &amp;quot;https:\\\\\\\/\\\\\\\/cms.zdv.uni-mainz.de\\\\\\\/studium\\\\\\\/wp-content\\\\\\\/uploads\\\\\\\/sites\\\\\\\/12\\\\\\\/2023\\\\\\\/03\\\\\\\/Bescheid-erhalten_quadratisch.png 2170w, https:\\\\\\\/\\\\\\\/cms.zdv.uni-mainz.de\\\\\\\/studium\\\\\\\/wp-content\\\\\\\/uploads\\\\\\\/sites\\\\\\\/12\\\\\\\/2023\\\\\\\/03\\\\\\\/Bescheid-erhalten_quadratisch-300x300.png 300w, https:\\\\\\\/\\\\\\\/cms.zdv.uni-mainz.de\\\\\\\/studium\\\\\\\/wp-content\\\\\\\/uploads\\\\\\\/sites\\\\\\\/12\\\\\\\/2023\\\\\\\/03\\\\\\\/Bescheid-erhalten_quadratisch-1024x1024.png 1024w, https:\\\\\\\/\\\\\\\/cms.zdv.uni-mainz.de\\\\\\\/studium\\\\\\\/wp-content\\\\\\\/uploads\\\\\\\/sites\\\\\\\/12\\\\\\\/2023\\\\\\\/03\\\\\\\/Bescheid-erhalten_quadratisch-150x150.png 150w, https:\\\\\\\/\\\\\\\/cms.zdv.uni-mainz.de\\\\\\\/studium\\\\\\\/wp-content\\\\\\\/uploads\\\\\\\/sites\\\\\\\/12\\\\\\\/2023\\\\\\\/03\\\\\\\/Bescheid-erhalten_quadratisch-768x768.png 768w, https:\\\\\\\/\\\\\\\/cms.zdv.uni-mainz.de\\\\\\\/studium\\\\\\\/wp-content\\\\\\\/uploads\\\\\\\/sites\\\\\\\/12\\\\\\\/2023\\\\\\\/03\\\\\\\/Bescheid-erhalten_quadratisch-1536x1536.png 1536w, https:\\\\\\\/\\\\\\\/cms.zdv.uni-mainz.de\\\\\\\/studium\\\\\\\/wp-content\\\\\\\/uploads\\\\\\\/sites\\\\\\\/12\\\\\\\/2023\\\\\\\/03\\\\\\\/Bescheid-erhalten_quadratisch-2048x2048.png 2048w&amp;quot;\\n    },\\n    &amp;quot;title&amp;quot;: &amp;quot;Is it hard to get in?&amp;quot;,\\n    &amp;quot;collapsible&amp;quot;: false,\\n    &amp;quot;allowImages&amp;quot;: true,\\n    &amp;quot;color&amp;quot;: &amp;quot;red&amp;quot;,\\n    &amp;quot;showIndex&amp;quot;: true,\\n    &amp;quot;content&amp;quot;: &amp;quot;\\\\n\\\\n&amp;lt;p class=\\\\&amp;quot;has-big-font-size\\\\&amp;quot;&amp;gt;This degree program is &amp;lt;strong&amp;gt;selective&amp;lt;\\\\\\\/strong&amp;gt;; it therefore has a &amp;lt;i&amp;gt;numerus clausus&amp;lt;\\\\\\\/i&amp;gt; (NC). &amp;lt;\\\\\\\/p&amp;gt;\\\\n\\\\n\\\\n\\\\n&amp;lt;p class=\\\\&amp;quot;has-big-font-size\\\\&amp;quot;&amp;gt;If you fulfill the entrance requirements and properly apply on time, you will take part in the selection procedure. Spots for the first academic semester will be allocated according to the following &amp;lt;strong&amp;gt;selection criteria&amp;lt;\\\\\\\/strong&amp;gt;:&amp;lt;\\\\\\\/p&amp;gt;\\\\n\\\\n\\\\n\\\\n&amp;lt;ul class=\\\\&amp;quot;has-big-font-size wp-block-list\\\\&amp;quot;&amp;gt;\\\\n&amp;lt;li&amp;gt;80% based on the grade of the previous university degree (usually the grade of the bachelor\\\\u2019s degree) &amp;lt;\\\\\\\/li&amp;gt;\\\\n\\\\n\\\\n\\\\n&amp;lt;li&amp;gt;20% according to wait time&amp;lt;\\\\\\\/li&amp;gt;\\\\n&amp;lt;\\\\\\\/ul&amp;gt;\\\\n\\\\n\\\\n&amp;lt;jgu-base-button style=\\\\&amp;quot;display: flex; flex-wrap: wrap; column-gap: 30px; max-width: 100%; flex-direction: row; justify-content: left\\\\&amp;quot;&amp;gt;\\\\n  \\\\n&amp;lt;jgu-base-buttonitem react-props=\\\\&amp;quot;{\\\\n    &amp;amp;quot;text&amp;amp;quot;: &amp;amp;quot;Selection limits (NC values)&amp;amp;quot;,\\\\n    &amp;amp;quot;link&amp;amp;quot;: {\\\\n        &amp;amp;quot;url&amp;amp;quot;: &amp;amp;quot;https:\\\\\\\\\\\\\\\/\\\\\\\\\\\\\\\/www.studium.uni-mainz.de\\\\\\\\\\\\\\\/en\\\\\\\\\\\\\\\/your-application\\\\\\\\\\\\\\\/application-process\\\\\\\\\\\\\\\/selection-process-nc\\\\\\\\\\\\\\\/nc-master\\\\\\\\\\\\\\\/&amp;amp;quot;,\\\\n        &amp;amp;quot;linkTarget&amp;amp;quot;: &amp;amp;quot;&amp;amp;quot;,\\\\n        &amp;amp;quot;rel&amp;amp;quot;: &amp;amp;quot;&amp;amp;quot;\\\\n    },\\\\n    &amp;amp;quot;align&amp;amp;quot;: &amp;amp;quot;left&amp;amp;quot;,\\\\n    &amp;amp;quot;styling&amp;amp;quot;: &amp;amp;quot;primary&amp;amp;quot;,\\\\n    &amp;amp;quot;icon&amp;amp;quot;: &amp;amp;quot;arrow-right-solid&amp;amp;quot;,\\\\n    &amp;amp;quot;type&amp;amp;quot;: &amp;amp;quot;default&amp;amp;quot;,\\\\n    &amp;amp;quot;iconBefore&amp;amp;quot;: false,\\\\n    &amp;amp;quot;isSmall&amp;amp;quot;: false,\\\\n    &amp;amp;quot;fullWidth&amp;amp;quot;: false,\\\\n    &amp;amp;quot;className&amp;amp;quot;: &amp;amp;quot;&amp;amp;quot;\\\\n}\\\\&amp;quot;&amp;gt;&amp;lt;\\\\\\\/jgu-base-buttonitem&amp;gt;\\\\n\\\\n&amp;lt;\\\\\\\/jgu-base-button&amp;gt;\\\\n\\\\n\\\\n\\\\n&amp;lt;div style=\\\\&amp;quot;height:60px\\\\&amp;quot; aria-hidden=\\\\&amp;quot;true\\\\&amp;quot; class=\\\\&amp;quot;wp-block-spacer\\\\&amp;quot;&amp;gt;&amp;lt;\\\\\\\/div&amp;gt;\\\\n\\\\n\\\\n\\\\n&amp;lt;p class=\\\\&amp;quot;has-big-font-size\\\\&amp;quot;&amp;gt;In the selection procedure for master\\\\u2019s degree programs, no distinction is made between applicants with bachelor\\\\u2019s degrees earned in Germany and applicants with bachelor\\\\u2019s degrees earned in other countries. The selection criteria of grade and wait time apply universally to all applicants.&amp;lt;\\\\\\\/p&amp;gt;\\\\n\\\\n\\\\n\\\\n&amp;lt;p class=\\\\&amp;quot;has-big-font-size\\\\&amp;quot;&amp;gt;For applicants with &amp;lt;a href=\\\\&amp;quot;https:\\\\\\\/\\\\\\\/www.studium.uni-mainz.de\\\\\\\/en\\\\\\\/your-application\\\\\\\/applying-with-international-certificates\\\\\\\/recognition\\\\\\\/\\\\&amp;quot;&amp;gt;a foreign degree&amp;lt;\\\\\\\/a&amp;gt;, the date used to calculate the wait time is taken from the certificate that formally grants access to the master\\\\u2019s degree program.&amp;lt;\\\\\\\/p&amp;gt;\\\\n\\\\n\\\\n&amp;quot;\\n}\\&quot;&gt;\\n&lt;\\\/jgu-base-processsequenceitem&gt;\\n\\n&lt;jgu-base-processsequenceitem react-props=\\&quot;{\\n    &amp;quot;blockIndex&amp;quot;: 3,\\n    &amp;quot;image&amp;quot;: {\\n        &amp;quot;id&amp;quot;: 2115,\\n        &amp;quot;url&amp;quot;: &amp;quot;https:\\\\\\\/\\\\\\\/cms.zdv.uni-mainz.de\\\\\\\/studium\\\\\\\/wp-content\\\\\\\/uploads\\\\\\\/sites\\\\\\\/12\\\\\\\/2023\\\\\\\/03\\\\\\\/Wann-und-wie-geht-es-los_quaratisch.png&amp;quot;,\\n        &amp;quot;hideCredit&amp;quot;: true,\\n        &amp;quot;credit&amp;quot;: &amp;quot;Rebekka Sch\\\\u00f6nefu\\\\u00df&amp;quot;,\\n        &amp;quot;title&amp;quot;: &amp;quot;Wann und wie geht es los_quaratisch&amp;quot;,\\n        &amp;quot;width&amp;quot;: 1636,\\n        &amp;quot;height&amp;quot;: 1635,\\n        &amp;quot;srcset&amp;quot;: &amp;quot;https:\\\\\\\/\\\\\\\/cms.zdv.uni-mainz.de\\\\\\\/studium\\\\\\\/wp-content\\\\\\\/uploads\\\\\\\/sites\\\\\\\/12\\\\\\\/2023\\\\\\\/03\\\\\\\/Wann-und-wie-geht-es-los_quaratisch.png 1636w, https:\\\\\\\/\\\\\\\/cms.zdv.uni-mainz.de\\\\\\\/studium\\\\\\\/wp-content\\\\\\\/uploads\\\\\\\/sites\\\\\\\/12\\\\\\\/2023\\\\\\\/03\\\\\\\/Wann-und-wie-geht-es-los_quaratisch-300x300.png 300w, https:\\\\\\\/\\\\\\\/cms.zdv.uni-mainz.de\\\\\\\/studium\\\\\\\/wp-content\\\\\\\/uploads\\\\\\\/sites\\\\\\\/12\\\\\\\/2023\\\\\\\/03\\\\\\\/Wann-und-wie-geht-es-los_quaratisch-1024x1024.png 1024w, https:\\\\\\\/\\\\\\\/cms.zdv.uni-mainz.de\\\\\\\/studium\\\\\\\/wp-content\\\\\\\/uploads\\\\\\\/sites\\\\\\\/12\\\\\\\/2023\\\\\\\/03\\\\\\\/Wann-und-wie-geht-es-los_quaratisch-150x150.png 150w, https:\\\\\\\/\\\\\\\/cms.zdv.uni-mainz.de\\\\\\\/studium\\\\\\\/wp-content\\\\\\\/uploads\\\\\\\/sites\\\\\\\/12\\\\\\\/2023\\\\\\\/03\\\\\\\/Wann-und-wie-geht-es-los_quaratisch-768x768.png 768w, https:\\\\\\\/\\\\\\\/cms.zdv.uni-mainz.de\\\\\\\/studium\\\\\\\/wp-content\\\\\\\/uploads\\\\\\\/sites\\\\\\\/12\\\\\\\/2023\\\\\\\/03\\\\\\\/Wann-und-wie-geht-es-los_quaratisch-1536x1536.png 1536w&amp;quot;\\n    },\\n    &amp;quot;title&amp;quot;: &amp;quot;What happens next?&amp;quot;,\\n    &amp;quot;collapsible&amp;quot;: false,\\n    &amp;quot;allowImages&amp;quot;: true,\\n    &amp;quot;color&amp;quot;: &amp;quot;red&amp;quot;,\\n    &amp;quot;showIndex&amp;quot;: true,\\n    &amp;quot;content&amp;quot;: &amp;quot;\\\\n\\\\n&amp;lt;p class=\\\\&amp;quot;has-big-font-size\\\\&amp;quot;&amp;gt;After successfully applying, you will receive an &amp;lt;strong&amp;gt;official letter of admission&amp;lt;\\\\\\\/strong&amp;gt; from us, which will tell you how and by when you will need to accept your spot at the university and apply for enrollment. We will subsequently notify you about the status of your enrollment. &amp;lt;\\\\\\\/p&amp;gt;\\\\n\\\\n\\\\n\\\\n&amp;lt;p class=\\\\&amp;quot;has-big-font-size\\\\&amp;quot;&amp;gt;We offer various &amp;lt;strong&amp;gt;programs and information prior to the start of the semester&amp;lt;\\\\\\\/strong&amp;gt; to help prepare you for the start of your studies before you get to know JGU and your subject during the &amp;lt;strong&amp;gt;introduction week&amp;lt;\\\\\\\/strong&amp;gt;. The &amp;lt;strong&amp;gt;lecture period&amp;lt;\\\\\\\/strong&amp;gt; begins one week later, marking the start of your courses.&amp;lt;\\\\\\\/p&amp;gt;\\\\n\\\\n\\\\n&amp;lt;jgu-base-button style=\\\\&amp;quot;display: flex; flex-wrap: wrap; column-gap: 30px; max-width: 100%; flex-direction: row; justify-content: left\\\\&amp;quot;&amp;gt;\\\\n  \\\\n&amp;lt;jgu-base-buttonitem react-props=\\\\&amp;quot;{\\\\n    &amp;amp;quot;text&amp;amp;quot;: &amp;amp;quot;Starting your studies&amp;amp;quot;,\\\\n    &amp;amp;quot;link&amp;amp;quot;: {\\\\n        &amp;amp;quot;url&amp;amp;quot;: &amp;amp;quot;https:\\\\\\\\\\\\\\\/\\\\\\\\\\\\\\\/www.studium.uni-mainz.de\\\\\\\\\\\\\\\/en\\\\\\\\\\\\\\\/starting-your-studies\\\\\\\\\\\\\\\/&amp;amp;quot;,\\\\n        &amp;amp;quot;linkTarget&amp;amp;quot;: &amp;amp;quot;&amp;amp;quot;,\\\\n        &amp;amp;quot;rel&amp;amp;quot;: &amp;amp;quot;&amp;amp;quot;,\\\\n        &amp;amp;quot;opensInNewTab&amp;amp;quot;: false,\\\\n        &amp;amp;quot;title&amp;amp;quot;: &amp;amp;quot;Mein Studienstart&amp;amp;quot;,\\\\n        &amp;amp;quot;id&amp;amp;quot;: 4312,\\\\n        &amp;amp;quot;type&amp;amp;quot;: &amp;amp;quot;page&amp;amp;quot;,\\\\n        &amp;amp;quot;kind&amp;amp;quot;: &amp;amp;quot;post-type&amp;amp;quot;\\\\n    },\\\\n    &amp;amp;quot;align&amp;amp;quot;: &amp;amp;quot;left&amp;amp;quot;,\\\\n    &amp;amp;quot;styling&amp;amp;quot;: &amp;amp;quot;primary&amp;amp;quot;,\\\\n    &amp;amp;quot;icon&amp;amp;quot;: &amp;amp;quot;arrow-right-solid&amp;amp;quot;,\\\\n    &amp;amp;quot;type&amp;amp;quot;: &amp;amp;quot;default&amp;amp;quot;,\\\\n    &amp;amp;quot;iconBefore&amp;amp;quot;: false,\\\\n    &amp;amp;quot;isSmall&amp;amp;quot;: false,\\\\n    &amp;amp;quot;fullWidth&amp;amp;quot;: false,\\\\n    &amp;amp;quot;className&amp;amp;quot;: &amp;amp;quot;&amp;amp;quot;\\\\n}\\\\&amp;quot;&amp;gt;&amp;lt;\\\\\\\/jgu-base-buttonitem&amp;gt;\\\\n\\\\n&amp;lt;\\\\\\\/jgu-base-button&amp;gt;\\\\n\\\\n&amp;lt;jgu-base-button style=\\\\&amp;quot;display: flex; flex-wrap: wrap; column-gap: 30px; max-width: 100%; flex-direction: row; justify-content: left\\\\&amp;quot;&amp;gt;\\\\n  \\\\n&amp;lt;jgu-base-buttonitem react-props=\\\\&amp;quot;{\\\\n    &amp;amp;quot;text&amp;amp;quot;: &amp;amp;quot;Lecture periods&amp;amp;quot;,\\\\n    &amp;amp;quot;link&amp;amp;quot;: {\\\\n        &amp;amp;quot;url&amp;amp;quot;: &amp;amp;quot;https:\\\\\\\\\\\\\\\/\\\\\\\\\\\\\\\/www.studium.uni-mainz.de\\\\\\\\\\\\\\\/en\\\\\\\\\\\\\\\/during-your-studies\\\\\\\\\\\\\\\/dates-and-deadlines\\\\\\\\\\\\\\\/&amp;amp;quot;,\\\\n        &amp;amp;quot;linkTarget&amp;amp;quot;: &amp;amp;quot;&amp;amp;quot;,\\\\n        &amp;amp;quot;rel&amp;amp;quot;: &amp;amp;quot;&amp;amp;quot;,\\\\n        &amp;amp;quot;opensInNewTab&amp;amp;quot;: false,\\\\n        &amp;amp;quot;title&amp;amp;quot;: &amp;amp;quot;Fristen &amp;amp;amp; Termine&amp;amp;quot;,\\\\n        &amp;amp;quot;id&amp;amp;quot;: 5266,\\\\n        &amp;amp;quot;type&amp;amp;quot;: &amp;amp;quot;page&amp;amp;quot;,\\\\n        &amp;amp;quot;kind&amp;amp;quot;: &amp;amp;quot;post-type&amp;amp;quot;\\\\n    },\\\\n    &amp;amp;quot;align&amp;amp;quot;: &amp;amp;quot;left&amp;amp;quot;,\\\\n    &amp;amp;quot;styling&amp;amp;quot;: &amp;amp;quot;primary&amp;amp;quot;,\\\\n    &amp;amp;quot;icon&amp;amp;quot;: &amp;amp;quot;arrow-right-solid&amp;amp;quot;,\\\\n    &amp;amp;quot;type&amp;amp;quot;: &amp;amp;quot;default&amp;amp;quot;,\\\\n    &amp;amp;quot;iconBefore&amp;amp;quot;: false,\\\\n    &amp;amp;quot;isSmall&amp;amp;quot;: false,\\\\n    &amp;amp;quot;fullWidth&amp;amp;quot;: false,\\\\n    &amp;amp;quot;className&amp;amp;quot;: &amp;amp;quot;&amp;amp;quot;\\\\n}\\\\&amp;quot;&amp;gt;&amp;lt;\\\\\\\/jgu-base-buttonitem&amp;gt;\\\\n\\\\n&amp;lt;\\\\\\\/jgu-base-button&amp;gt;\\\\n\\\\n&amp;quot;\\n}\\&quot;&gt;\\n&lt;\\\/jgu-base-processsequenceitem&gt;\\n&lt;\\\/jgu-base-processsequence&gt;\\n&quot;}\">\n    \n<jgu-base-heading react-props=\"{\n    &quot;tags&quot;: {\n        &quot;htmlTag&quot;: &quot;h2&quot;,\n        &quot;classTag&quot;: &quot;&quot;,\n        &quot;tag&quot;: &quot;h2&quot;\n    },\n    &quot;heading&quot;: &quot;Just a few steps to a spot at university&quot;,\n    &quot;textAlign&quot;: &quot;left&quot;,\n    &quot;anchor&quot;: &quot;&quot;,\n    &quot;index&quot;: &quot;&quot;,\n    &quot;color&quot;: &quot;red&quot;\n}\"><\/jgu-base-heading>\n\n\n<jgu-base-processsequence react-props=\"{\n    &quot;collapsible&quot;: false,\n    &quot;color&quot;: &quot;red&quot;,\n    &quot;hideImageOutline&quot;: false,\n    &quot;limitWidth&quot;: false,\n    &quot;showIndex&quot;: true,\n    &quot;allowImages&quot;: true\n}\">\n<jgu-base-processsequenceitem react-props=\"{\n    &quot;blockIndex&quot;: 0,\n    &quot;image&quot;: {\n        &quot;id&quot;: 2118,\n        &quot;url&quot;: &quot;https:\\\/\\\/cms.zdv.uni-mainz.de\\\/studium\\\/wp-content\\\/uploads\\\/sites\\\/12\\\/2023\\\/03\\\/Wie-und-wo-muss-ich-mich-bewerben_quadratisch.png&quot;,\n        &quot;hideCredit&quot;: true,\n        &quot;credit&quot;: &quot;Rebekka Sch\\u00f6nefu\\u00df&quot;,\n        &quot;title&quot;: &quot;Wie und wo muss ich mich bewerben_quadratisch&quot;,\n        &quot;width&quot;: 2086,\n        &quot;height&quot;: 2086,\n        &quot;srcset&quot;: &quot;https:\\\/\\\/cms.zdv.uni-mainz.de\\\/studium\\\/wp-content\\\/uploads\\\/sites\\\/12\\\/2023\\\/03\\\/Wie-und-wo-muss-ich-mich-bewerben_quadratisch.png 2086w, https:\\\/\\\/cms.zdv.uni-mainz.de\\\/studium\\\/wp-content\\\/uploads\\\/sites\\\/12\\\/2023\\\/03\\\/Wie-und-wo-muss-ich-mich-bewerben_quadratisch-300x300.png 300w, https:\\\/\\\/cms.zdv.uni-mainz.de\\\/studium\\\/wp-content\\\/uploads\\\/sites\\\/12\\\/2023\\\/03\\\/Wie-und-wo-muss-ich-mich-bewerben_quadratisch-1024x1024.png 1024w, https:\\\/\\\/cms.zdv.uni-mainz.de\\\/studium\\\/wp-content\\\/uploads\\\/sites\\\/12\\\/2023\\\/03\\\/Wie-und-wo-muss-ich-mich-bewerben_quadratisch-150x150.png 150w, https:\\\/\\\/cms.zdv.uni-mainz.de\\\/studium\\\/wp-content\\\/uploads\\\/sites\\\/12\\\/2023\\\/03\\\/Wie-und-wo-muss-ich-mich-bewerben_quadratisch-768x768.png 768w, https:\\\/\\\/cms.zdv.uni-mainz.de\\\/studium\\\/wp-content\\\/uploads\\\/sites\\\/12\\\/2023\\\/03\\\/Wie-und-wo-muss-ich-mich-bewerben_quadratisch-1536x1536.png 1536w, https:\\\/\\\/cms.zdv.uni-mainz.de\\\/studium\\\/wp-content\\\/uploads\\\/sites\\\/12\\\/2023\\\/03\\\/Wie-und-wo-muss-ich-mich-bewerben_quadratisch-2048x2048.png 2048w&quot;\n    },\n    &quot;title&quot;: &quot;How and where do I apply?&quot;,\n    &quot;collapsible&quot;: false,\n    &quot;allowImages&quot;: true,\n    &quot;color&quot;: &quot;red&quot;,\n    &quot;showIndex&quot;: true,\n    &quot;content&quot;: &quot;\\n\\n&lt;p class=\\&quot;has-big-font-size\\&quot;&gt;You must apply through the &lt;a href=\\&quot;https:\\\/\\\/www.ucy.ac.cy\\\/byz\\\/application\\\/?lang=en\\&quot; data-type=\\&quot;link\\&quot; data-id=\\&quot;https:\\\/\\\/sigarra.up.pt\\\/flup\\\/en\\\/WEB_BASE.GERA_PAGINA?p_pagina=2249\\&quot; target=\\&quot;_blank\\&quot; rel=\\&quot;noreferrer noopener\\&quot;&gt;University of Cyprus (UCY)&lt;\\\/a&gt;.&lt;\\\/p&gt;\\n\\n&quot;\n}\">\n<\/jgu-base-processsequenceitem>\n\n<jgu-base-processsequenceitem react-props=\"{\n    &quot;blockIndex&quot;: 1,\n    &quot;image&quot;: {\n        &quot;id&quot;: 2112,\n        &quot;url&quot;: &quot;https:\\\/\\\/cms.zdv.uni-mainz.de\\\/studium\\\/wp-content\\\/uploads\\\/sites\\\/12\\\/2023\\\/03\\\/Bis-wann-muss-ich-mich-bewerben_quadratisch.png&quot;,\n        &quot;hideCredit&quot;: true,\n        &quot;credit&quot;: &quot;Rebekka Sch\\u00f6nefu\\u00df&quot;,\n        &quot;title&quot;: &quot;Bis wann muss ich mich bewerben_quadratisch&quot;,\n        &quot;width&quot;: 1808,\n        &quot;height&quot;: 1808,\n        &quot;srcset&quot;: &quot;https:\\\/\\\/cms.zdv.uni-mainz.de\\\/studium\\\/wp-content\\\/uploads\\\/sites\\\/12\\\/2023\\\/03\\\/Bis-wann-muss-ich-mich-bewerben_quadratisch.png 1808w, https:\\\/\\\/cms.zdv.uni-mainz.de\\\/studium\\\/wp-content\\\/uploads\\\/sites\\\/12\\\/2023\\\/03\\\/Bis-wann-muss-ich-mich-bewerben_quadratisch-300x300.png 300w, https:\\\/\\\/cms.zdv.uni-mainz.de\\\/studium\\\/wp-content\\\/uploads\\\/sites\\\/12\\\/2023\\\/03\\\/Bis-wann-muss-ich-mich-bewerben_quadratisch-1024x1024.png 1024w, https:\\\/\\\/cms.zdv.uni-mainz.de\\\/studium\\\/wp-content\\\/uploads\\\/sites\\\/12\\\/2023\\\/03\\\/Bis-wann-muss-ich-mich-bewerben_quadratisch-150x150.png 150w, https:\\\/\\\/cms.zdv.uni-mainz.de\\\/studium\\\/wp-content\\\/uploads\\\/sites\\\/12\\\/2023\\\/03\\\/Bis-wann-muss-ich-mich-bewerben_quadratisch-768x768.png 768w, https:\\\/\\\/cms.zdv.uni-mainz.de\\\/studium\\\/wp-content\\\/uploads\\\/sites\\\/12\\\/2023\\\/03\\\/Bis-wann-muss-ich-mich-bewerben_quadratisch-1536x1536.png 1536w&quot;\n    },\n    &quot;title&quot;: &quot;When are applications due?&quot;,\n    &quot;collapsible&quot;: false,\n    &quot;allowImages&quot;: true,\n    &quot;color&quot;: &quot;red&quot;,\n    &quot;showIndex&quot;: true,\n    &quot;content&quot;: &quot;\\n\\n&lt;p class=\\&quot;has-big-font-size\\&quot;&gt;&lt;strong&gt;Winter semester application deadline&lt;\\\/strong&gt;&lt;\\\/p&gt;\\n\\n\\n\\n&lt;p class=\\&quot;has-big-font-size\\&quot;&gt;This will be announced by the Graduate School of the University of Cyprus, UCY (in spring for admission in September). You can find the information on the &lt;a href=\\&quot;https:\\\/\\\/www.ucy.ac.cy\\\/byz\\\/application\\\/?lang=en\\&quot; data-type=\\&quot;link\\&quot; data-id=\\&quot;https:\\\/\\\/sigarra.up.pt\\\/flup\\\/en\\\/WEB_BASE.GERA_PAGINA?p_pagina=2249\\&quot; target=\\&quot;_blank\\&quot; rel=\\&quot;noreferrer noopener\\&quot;&gt;UCY&lt;\\\/a&gt; website.&lt;\\\/p&gt;\\n\\n&quot;\n}\">\n<\/jgu-base-processsequenceitem>\n\n<jgu-base-processsequenceitem react-props=\"{\n    &quot;blockIndex&quot;: 2,\n    &quot;image&quot;: {\n        &quot;id&quot;: 2109,\n        &quot;url&quot;: &quot;https:\\\/\\\/cms.zdv.uni-mainz.de\\\/studium\\\/wp-content\\\/uploads\\\/sites\\\/12\\\/2023\\\/03\\\/Bescheid-erhalten_quadratisch.png&quot;,\n        &quot;hideCredit&quot;: true,\n        &quot;credit&quot;: &quot;Rebekka Sch\\u00f6nefu\\u00df&quot;,\n        &quot;title&quot;: &quot;Bescheid erhalten_quadratisch&quot;,\n        &quot;width&quot;: 2170,\n        &quot;height&quot;: 2170,\n        &quot;srcset&quot;: &quot;https:\\\/\\\/cms.zdv.uni-mainz.de\\\/studium\\\/wp-content\\\/uploads\\\/sites\\\/12\\\/2023\\\/03\\\/Bescheid-erhalten_quadratisch.png 2170w, https:\\\/\\\/cms.zdv.uni-mainz.de\\\/studium\\\/wp-content\\\/uploads\\\/sites\\\/12\\\/2023\\\/03\\\/Bescheid-erhalten_quadratisch-300x300.png 300w, https:\\\/\\\/cms.zdv.uni-mainz.de\\\/studium\\\/wp-content\\\/uploads\\\/sites\\\/12\\\/2023\\\/03\\\/Bescheid-erhalten_quadratisch-1024x1024.png 1024w, https:\\\/\\\/cms.zdv.uni-mainz.de\\\/studium\\\/wp-content\\\/uploads\\\/sites\\\/12\\\/2023\\\/03\\\/Bescheid-erhalten_quadratisch-150x150.png 150w, https:\\\/\\\/cms.zdv.uni-mainz.de\\\/studium\\\/wp-content\\\/uploads\\\/sites\\\/12\\\/2023\\\/03\\\/Bescheid-erhalten_quadratisch-768x768.png 768w, https:\\\/\\\/cms.zdv.uni-mainz.de\\\/studium\\\/wp-content\\\/uploads\\\/sites\\\/12\\\/2023\\\/03\\\/Bescheid-erhalten_quadratisch-1536x1536.png 1536w, https:\\\/\\\/cms.zdv.uni-mainz.de\\\/studium\\\/wp-content\\\/uploads\\\/sites\\\/12\\\/2023\\\/03\\\/Bescheid-erhalten_quadratisch-2048x2048.png 2048w&quot;\n    },\n    &quot;title&quot;: &quot;Is it hard to get in?&quot;,\n    &quot;collapsible&quot;: false,\n    &quot;allowImages&quot;: true,\n    &quot;color&quot;: &quot;red&quot;,\n    &quot;showIndex&quot;: true,\n    &quot;content&quot;: &quot;\\n\\n&lt;p class=\\&quot;has-big-font-size\\&quot;&gt;This degree program is &lt;strong&gt;selective&lt;\\\/strong&gt;; it therefore has a &lt;i&gt;numerus clausus&lt;\\\/i&gt; (NC). &lt;\\\/p&gt;\\n\\n\\n\\n&lt;p class=\\&quot;has-big-font-size\\&quot;&gt;If you fulfill the entrance requirements and properly apply on time, you will take part in the selection procedure. Spots for the first academic semester will be allocated according to the following &lt;strong&gt;selection criteria&lt;\\\/strong&gt;:&lt;\\\/p&gt;\\n\\n\\n\\n&lt;ul class=\\&quot;has-big-font-size wp-block-list\\&quot;&gt;\\n&lt;li&gt;80% based on the grade of the previous university degree (usually the grade of the bachelor\\u2019s degree) &lt;\\\/li&gt;\\n\\n\\n\\n&lt;li&gt;20% according to wait time&lt;\\\/li&gt;\\n&lt;\\\/ul&gt;\\n\\n\\n&lt;jgu-base-button style=\\&quot;display: flex; flex-wrap: wrap; column-gap: 30px; max-width: 100%; flex-direction: row; justify-content: left\\&quot;&gt;\\n  \\n&lt;jgu-base-buttonitem react-props=\\&quot;{\\n    &amp;quot;text&amp;quot;: &amp;quot;Selection limits (NC values)&amp;quot;,\\n    &amp;quot;link&amp;quot;: {\\n        &amp;quot;url&amp;quot;: &amp;quot;https:\\\\\\\/\\\\\\\/www.studium.uni-mainz.de\\\\\\\/en\\\\\\\/your-application\\\\\\\/application-process\\\\\\\/selection-process-nc\\\\\\\/nc-master\\\\\\\/&amp;quot;,\\n        &amp;quot;linkTarget&amp;quot;: &amp;quot;&amp;quot;,\\n        &amp;quot;rel&amp;quot;: &amp;quot;&amp;quot;\\n    },\\n    &amp;quot;align&amp;quot;: &amp;quot;left&amp;quot;,\\n    &amp;quot;styling&amp;quot;: &amp;quot;primary&amp;quot;,\\n    &amp;quot;icon&amp;quot;: &amp;quot;arrow-right-solid&amp;quot;,\\n    &amp;quot;type&amp;quot;: &amp;quot;default&amp;quot;,\\n    &amp;quot;iconBefore&amp;quot;: false,\\n    &amp;quot;isSmall&amp;quot;: false,\\n    &amp;quot;fullWidth&amp;quot;: false,\\n    &amp;quot;className&amp;quot;: &amp;quot;&amp;quot;\\n}\\&quot;&gt;&lt;\\\/jgu-base-buttonitem&gt;\\n\\n&lt;\\\/jgu-base-button&gt;\\n\\n\\n\\n&lt;div style=\\&quot;height:60px\\&quot; aria-hidden=\\&quot;true\\&quot; class=\\&quot;wp-block-spacer\\&quot;&gt;&lt;\\\/div&gt;\\n\\n\\n\\n&lt;p class=\\&quot;has-big-font-size\\&quot;&gt;In the selection procedure for master\\u2019s degree programs, no distinction is made between applicants with bachelor\\u2019s degrees earned in Germany and applicants with bachelor\\u2019s degrees earned in other countries. The selection criteria of grade and wait time apply universally to all applicants.&lt;\\\/p&gt;\\n\\n\\n\\n&lt;p class=\\&quot;has-big-font-size\\&quot;&gt;For applicants with &lt;a href=\\&quot;https:\\\/\\\/www.studium.uni-mainz.de\\\/en\\\/your-application\\\/applying-with-international-certificates\\\/recognition\\\/\\&quot;&gt;a foreign degree&lt;\\\/a&gt;, the date used to calculate the wait time is taken from the certificate that formally grants access to the master\\u2019s degree program.&lt;\\\/p&gt;\\n\\n\\n&quot;\n}\">\n<\/jgu-base-processsequenceitem>\n\n<jgu-base-processsequenceitem react-props=\"{\n    &quot;blockIndex&quot;: 3,\n    &quot;image&quot;: {\n        &quot;id&quot;: 2115,\n        &quot;url&quot;: &quot;https:\\\/\\\/cms.zdv.uni-mainz.de\\\/studium\\\/wp-content\\\/uploads\\\/sites\\\/12\\\/2023\\\/03\\\/Wann-und-wie-geht-es-los_quaratisch.png&quot;,\n        &quot;hideCredit&quot;: true,\n        &quot;credit&quot;: &quot;Rebekka Sch\\u00f6nefu\\u00df&quot;,\n        &quot;title&quot;: &quot;Wann und wie geht es los_quaratisch&quot;,\n        &quot;width&quot;: 1636,\n        &quot;height&quot;: 1635,\n        &quot;srcset&quot;: &quot;https:\\\/\\\/cms.zdv.uni-mainz.de\\\/studium\\\/wp-content\\\/uploads\\\/sites\\\/12\\\/2023\\\/03\\\/Wann-und-wie-geht-es-los_quaratisch.png 1636w, https:\\\/\\\/cms.zdv.uni-mainz.de\\\/studium\\\/wp-content\\\/uploads\\\/sites\\\/12\\\/2023\\\/03\\\/Wann-und-wie-geht-es-los_quaratisch-300x300.png 300w, https:\\\/\\\/cms.zdv.uni-mainz.de\\\/studium\\\/wp-content\\\/uploads\\\/sites\\\/12\\\/2023\\\/03\\\/Wann-und-wie-geht-es-los_quaratisch-1024x1024.png 1024w, https:\\\/\\\/cms.zdv.uni-mainz.de\\\/studium\\\/wp-content\\\/uploads\\\/sites\\\/12\\\/2023\\\/03\\\/Wann-und-wie-geht-es-los_quaratisch-150x150.png 150w, https:\\\/\\\/cms.zdv.uni-mainz.de\\\/studium\\\/wp-content\\\/uploads\\\/sites\\\/12\\\/2023\\\/03\\\/Wann-und-wie-geht-es-los_quaratisch-768x768.png 768w, https:\\\/\\\/cms.zdv.uni-mainz.de\\\/studium\\\/wp-content\\\/uploads\\\/sites\\\/12\\\/2023\\\/03\\\/Wann-und-wie-geht-es-los_quaratisch-1536x1536.png 1536w&quot;\n    },\n    &quot;title&quot;: &quot;What happens next?&quot;,\n    &quot;collapsible&quot;: false,\n    &quot;allowImages&quot;: true,\n    &quot;color&quot;: &quot;red&quot;,\n    &quot;showIndex&quot;: true,\n    &quot;content&quot;: &quot;\\n\\n&lt;p class=\\&quot;has-big-font-size\\&quot;&gt;After successfully applying, you will receive an &lt;strong&gt;official letter of admission&lt;\\\/strong&gt; from us, which will tell you how and by when you will need to accept your spot at the university and apply for enrollment. We will subsequently notify you about the status of your enrollment. &lt;\\\/p&gt;\\n\\n\\n\\n&lt;p class=\\&quot;has-big-font-size\\&quot;&gt;We offer various &lt;strong&gt;programs and information prior to the start of the semester&lt;\\\/strong&gt; to help prepare you for the start of your studies before you get to know JGU and your subject during the &lt;strong&gt;introduction week&lt;\\\/strong&gt;. The &lt;strong&gt;lecture period&lt;\\\/strong&gt; begins one week later, marking the start of your courses.&lt;\\\/p&gt;\\n\\n\\n&lt;jgu-base-button style=\\&quot;display: flex; flex-wrap: wrap; column-gap: 30px; max-width: 100%; flex-direction: row; justify-content: left\\&quot;&gt;\\n  \\n&lt;jgu-base-buttonitem react-props=\\&quot;{\\n    &amp;quot;text&amp;quot;: &amp;quot;Starting your studies&amp;quot;,\\n    &amp;quot;link&amp;quot;: {\\n        &amp;quot;url&amp;quot;: &amp;quot;https:\\\\\\\/\\\\\\\/www.studium.uni-mainz.de\\\\\\\/en\\\\\\\/starting-your-studies\\\\\\\/&amp;quot;,\\n        &amp;quot;linkTarget&amp;quot;: &amp;quot;&amp;quot;,\\n        &amp;quot;rel&amp;quot;: &amp;quot;&amp;quot;,\\n        &amp;quot;opensInNewTab&amp;quot;: false,\\n        &amp;quot;title&amp;quot;: &amp;quot;Mein Studienstart&amp;quot;,\\n        &amp;quot;id&amp;quot;: 4312,\\n        &amp;quot;type&amp;quot;: &amp;quot;page&amp;quot;,\\n        &amp;quot;kind&amp;quot;: &amp;quot;post-type&amp;quot;\\n    },\\n    &amp;quot;align&amp;quot;: &amp;quot;left&amp;quot;,\\n    &amp;quot;styling&amp;quot;: &amp;quot;primary&amp;quot;,\\n    &amp;quot;icon&amp;quot;: &amp;quot;arrow-right-solid&amp;quot;,\\n    &amp;quot;type&amp;quot;: &amp;quot;default&amp;quot;,\\n    &amp;quot;iconBefore&amp;quot;: false,\\n    &amp;quot;isSmall&amp;quot;: false,\\n    &amp;quot;fullWidth&amp;quot;: false,\\n    &amp;quot;className&amp;quot;: &amp;quot;&amp;quot;\\n}\\&quot;&gt;&lt;\\\/jgu-base-buttonitem&gt;\\n\\n&lt;\\\/jgu-base-button&gt;\\n\\n&lt;jgu-base-button style=\\&quot;display: flex; flex-wrap: wrap; column-gap: 30px; max-width: 100%; flex-direction: row; justify-content: left\\&quot;&gt;\\n  \\n&lt;jgu-base-buttonitem react-props=\\&quot;{\\n    &amp;quot;text&amp;quot;: &amp;quot;Lecture periods&amp;quot;,\\n    &amp;quot;link&amp;quot;: {\\n        &amp;quot;url&amp;quot;: &amp;quot;https:\\\\\\\/\\\\\\\/www.studium.uni-mainz.de\\\\\\\/en\\\\\\\/during-your-studies\\\\\\\/dates-and-deadlines\\\\\\\/&amp;quot;,\\n        &amp;quot;linkTarget&amp;quot;: &amp;quot;&amp;quot;,\\n        &amp;quot;rel&amp;quot;: &amp;quot;&amp;quot;,\\n        &amp;quot;opensInNewTab&amp;quot;: false,\\n        &amp;quot;title&amp;quot;: &amp;quot;Fristen &amp;amp; Termine&amp;quot;,\\n        &amp;quot;id&amp;quot;: 5266,\\n        &amp;quot;type&amp;quot;: &amp;quot;page&amp;quot;,\\n        &amp;quot;kind&amp;quot;: &amp;quot;post-type&amp;quot;\\n    },\\n    &amp;quot;align&amp;quot;: &amp;quot;left&amp;quot;,\\n    &amp;quot;styling&amp;quot;: &amp;quot;primary&amp;quot;,\\n    &amp;quot;icon&amp;quot;: &amp;quot;arrow-right-solid&amp;quot;,\\n    &amp;quot;type&amp;quot;: &amp;quot;default&amp;quot;,\\n    &amp;quot;iconBefore&amp;quot;: false,\\n    &amp;quot;isSmall&amp;quot;: false,\\n    &amp;quot;fullWidth&amp;quot;: false,\\n    &amp;quot;className&amp;quot;: &amp;quot;&amp;quot;\\n}\\&quot;&gt;&lt;\\\/jgu-base-buttonitem&gt;\\n\\n&lt;\\\/jgu-base-button&gt;\\n\\n&quot;\n}\">\n<\/jgu-base-processsequenceitem>\n<\/jgu-base-processsequence>\n\n<\/jgu-base-modal><\/div>\n\n\n\n<div class=\"wp-block-column is-layout-flow wp-block-column-is-layout-flow\" style=\"flex-basis:33.33%\"><jgu-base-image react-props=\"{\n    &quot;image&quot;: {\n        &quot;url&quot;: &quot;https:\\\/\\\/cms.zdv.uni-mainz.de\\\/studium\\\/wp-content\\\/uploads\\\/sites\\\/12\\\/2023\\\/02\\\/Student_Laptop.png&quot;,\n        &quot;id&quot;: 63,\n        &quot;hideCredit&quot;: true,\n        &quot;hideImageDescription&quot;: true,\n        &quot;darkBackground&quot;: false,\n        &quot;alt&quot;: &quot;Eine m\\u00e4nnliche Person arbeitet an einem Laptop. Neben dem Mann liegen ein Rucksack und B\\u00fccher.&quot;,\n        &quot;caption&quot;: &quot;Illustration eines Studenten, der am Laptop arbeitet&quot;,\n        &quot;credit&quot;: &quot;\\u00a9 Rebekka Sch\\u00f6nefu\\u00df Grafikdesign\\\/Illustration&quot;,\n        &quot;description&quot;: &quot;Eine m\\u00e4nnliche Person arbeitet an einem Laptop. Neben dem Mann liegen ein Rucksack und B\\u00fccher.&quot;,\n        &quot;title&quot;: &quot;Student_Laptop&quot;,\n        &quot;width&quot;: 2098,\n        &quot;height&quot;: 2169,\n        &quot;srcset&quot;: &quot;https:\\\/\\\/cms.zdv.uni-mainz.de\\\/studium\\\/wp-content\\\/uploads\\\/sites\\\/12\\\/2023\\\/02\\\/Student_Laptop.png 2098w, https:\\\/\\\/cms.zdv.uni-mainz.de\\\/studium\\\/wp-content\\\/uploads\\\/sites\\\/12\\\/2023\\\/02\\\/Student_Laptop-290x300.png 290w, https:\\\/\\\/cms.zdv.uni-mainz.de\\\/studium\\\/wp-content\\\/uploads\\\/sites\\\/12\\\/2023\\\/02\\\/Student_Laptop-990x1024.png 990w, https:\\\/\\\/cms.zdv.uni-mainz.de\\\/studium\\\/wp-content\\\/uploads\\\/sites\\\/12\\\/2023\\\/02\\\/Student_Laptop-768x794.png 768w, https:\\\/\\\/cms.zdv.uni-mainz.de\\\/studium\\\/wp-content\\\/uploads\\\/sites\\\/12\\\/2023\\\/02\\\/Student_Laptop-1486x1536.png 1486w, https:\\\/\\\/cms.zdv.uni-mainz.de\\\/studium\\\/wp-content\\\/uploads\\\/sites\\\/12\\\/2023\\\/02\\\/Student_Laptop-1981x2048.png 1981w&quot;\n    },\n    &quot;align&quot;: &quot;&quot;,\n    &quot;hasLightbox&quot;: false,\n    &quot;caption&quot;: &quot;&quot;,\n    &quot;imgWidth&quot;: 0,\n    &quot;link&quot;: {\n        &quot;url&quot;: &quot;&quot;,\n        &quot;target&quot;: &quot;&quot;,\n        &quot;rel&quot;: &quot;&quot;\n    }\n}\" class=\"align-\">\n    \n<\/jgu-base-image><\/div>\n<\/div>\n<\/div><\/div>\n<\/jgu-base-section>\n\n<jgu-base-section react-props=\"{&quot;color&quot;:&quot;light&quot;,&quot;align&quot;:&quot;wide&quot;,&quot;padding&quot;:&quot;medium&quot;}\">\n<div class=\"jgu-bgsection bg bg-light \"><div class=\"content padding-medium\"><div\n\tclass=\"jgu-anchorpoint\"\n\tid=\"service-advising\"\n\tdata-label=\"Service &amp;amp; advising\"\n\tdata-hide-in-nav=\"false\"\n\ttabindex=\"0\"\n\tdata-initial-scroll=\"true\"\n><\/div>\n\n\n<jgu-base-heading react-props=\"{\n    &quot;index&quot;: &quot;Service &amp;amp; advising&quot;,\n    &quot;tags&quot;: {\n        &quot;htmlTag&quot;: &quot;h2&quot;,\n        &quot;classTag&quot;: &quot;&quot;,\n        &quot;tag&quot;: &quot;h2&quot;\n    },\n    &quot;heading&quot;: &quot;&lt;strong&gt;Looking for more information?&lt;\\\/strong&gt;&quot;,\n    &quot;textAlign&quot;: &quot;left&quot;,\n    &quot;anchor&quot;: &quot;&quot;,\n    &quot;color&quot;: &quot;red&quot;\n}\"><\/jgu-base-heading>\n\n\n\n<div class=\"wp-block-columns is-layout-flex wp-container-core-columns-is-layout-9d6595d7 wp-block-columns-is-layout-flex\">\n<div class=\"wp-block-column is-layout-flow wp-block-column-is-layout-flow\" style=\"flex-basis:33.33%\"><jgu-base-image react-props=\"{\n    &quot;image&quot;: {\n        &quot;url&quot;: &quot;https:\\\/\\\/cms.zdv.uni-mainz.de\\\/studium\\\/wp-content\\\/uploads\\\/sites\\\/12\\\/2023\\\/08\\\/Beratung_03_Rahmen.svg&quot;,\n        &quot;id&quot;: 18014,\n        &quot;darkBackground&quot;: true,\n        &quot;credit&quot;: &quot;\\u00a9 Rebekka Sch\\u00f6nefu\\u00df Grafikdesign\\\/Illustration&quot;,\n        &quot;title&quot;: &quot;Beratung_03_Rahmen&quot;\n    },\n    &quot;align&quot;: &quot;&quot;,\n    &quot;hasLightbox&quot;: false,\n    &quot;caption&quot;: &quot;&quot;,\n    &quot;imgWidth&quot;: 0,\n    &quot;link&quot;: {\n        &quot;url&quot;: &quot;&quot;,\n        &quot;target&quot;: &quot;&quot;,\n        &quot;rel&quot;: &quot;&quot;\n    }\n}\" class=\"align-\">\n    \n<\/jgu-base-image><\/div>\n\n\n\n<div class=\"wp-block-column is-layout-flow wp-block-column-is-layout-flow\" style=\"flex-basis:66.66%\"><jgu-base-tabs react-props=\"{\n    &quot;autoRatio&quot;: false,\n    &quot;layout&quot;: {\n        &quot;type&quot;: &quot;flex&quot;,\n        &quot;flexWrap&quot;: &quot;nowrap&quot;,\n        &quot;justifyContent&quot;: &quot;left&quot;,\n        &quot;orientation&quot;: &quot;vertical&quot;\n    },\n    &quot;align&quot;: &quot;wide&quot;,\n    &quot;selected&quot;: 1,\n    &quot;ratio&quot;: 0,\n    &quot;stackMobile&quot;: false,\n    &quot;hasAllOpenButton&quot;: true,\n    &quot;onlyOne&quot;: false,\n    &quot;initAllClosed&quot;: true,\n    &quot;enableSearch&quot;: false\n}\">\n    \n<jgu-base-tabsitem react-props=\"{\n    &quot;title&quot;: &quot;Student Advisory Center&quot;,\n    &quot;slug&quot;: &quot;student-advisory-center&quot;,\n    &quot;align&quot;: &quot;wide&quot;,\n    &quot;customSlug&quot;: false\n}\">\n    \n\n<p class=\"has-big-font-size\">Do you need support in choosing the right master\u2019s degree program? Do you have questions about the application procedure, the selection process or simply can\u2019t make up your mind?<\/p>\n\n\n\n<p class=\"has-big-font-size\">The Student Advisory Center is here to help!<\/p>\n\n\n<jgu-base-contactcard react-props=\"{\n    &quot;name&quot;: &quot;Student Advisory Center (ZSB)&quot;,\n    &quot;align&quot;: &quot;wide&quot;,\n    &quot;actions&quot;: [],\n    &quot;color&quot;: &quot;default&quot;\n}\">\n    \n<jgu-base-listitem react-props=\"{\n    &quot;icon&quot;: &quot;envelope-solid&quot;,\n    &quot;title&quot;: &quot;&lt;a href=\\&quot;mailto:zsb@uni-mainz.de\\&quot;&gt;zsb@uni-mainz.de&lt;\\\/a&gt;&quot;,\n    &quot;uuid&quot;: &quot;1692005074190&quot;,\n    &quot;link&quot;: {\n        &quot;url&quot;: &quot;mailto:zsb@uni-mainz.de&quot;\n    },\n    &quot;align&quot;: &quot;wide&quot;,\n    &quot;showInActions&quot;: false,\n    &quot;allowNesting&quot;: true,\n    &quot;showExpandableContent&quot;: false,\n    &quot;expandableContent&quot;: &quot;&quot;\n}\">\n    \n<\/jgu-base-listitem>\n\n<jgu-base-listitem react-props=\"{\n    &quot;icon&quot;: &quot;phone-solid&quot;,\n    &quot;title&quot;: &quot;&lt;a href=\\&quot;tel:+49 6131 39-22122\\&quot;&gt;+49 6131 39-22122&lt;\\\/a&gt; (hotline)&lt;br&gt;&lt;br&gt;Service hours:&lt;br&gt;Mon, Wed, Thu, 9:00 am\\u201312:00\\u00a0noon and 1:00\\u20134:00\\u00a0pm&lt;br&gt;Tues, 10:00\\u00a0am\\u201312:00\\u00a0noon and 1:00\\u20134:00\\u00a0pm&lt;br&gt;Fri, 9:00\\u00a0am\\u201312:00\\u00a0noon&quot;,\n    &quot;uuid&quot;: &quot;1692005506040&quot;,\n    &quot;link&quot;: {\n        &quot;url&quot;: &quot;tel:+49 6131 39-22122&quot;\n    },\n    &quot;align&quot;: &quot;wide&quot;,\n    &quot;showInActions&quot;: false,\n    &quot;allowNesting&quot;: true,\n    &quot;showExpandableContent&quot;: false,\n    &quot;expandableContent&quot;: &quot;&quot;\n}\">\n    \n<\/jgu-base-listitem>\n\n<jgu-base-listitem react-props=\"{\n    &quot;icon&quot;: &quot;map-marker-alt-solid&quot;,\n    &quot;title&quot;: &quot;Visitors\\u2019 address:&lt;br&gt;&lt;br&gt;Student Service Center&lt;br&gt;Forum universitatis &lt;br&gt;Entrance 1, 2nd floor &lt;br&gt;Johann-Joachim-Becher-Weg 2 &lt;br&gt;55128 Mainz, Germany&quot;,\n    &quot;uuid&quot;: &quot;1692005529395&quot;,\n    &quot;link&quot;: {\n        &quot;url&quot;: null\n    },\n    &quot;align&quot;: &quot;wide&quot;,\n    &quot;showInActions&quot;: false,\n    &quot;allowNesting&quot;: true,\n    &quot;showExpandableContent&quot;: false,\n    &quot;expandableContent&quot;: &quot;&quot;\n}\">\n    \n<\/jgu-base-listitem>\n\n<jgu-base-listitem react-props=\"{\n    &quot;icon&quot;: &quot;map-solid&quot;,\n    &quot;title&quot;: &quot;&lt;a href=\\&quot;https:\\\/\\\/startseite.uni-mainz.de\\\/campusplan\\\/\\&quot; data-type=\\&quot;link\\&quot; data-id=\\&quot;https:\\\/\\\/startseite.uni-mainz.de\\\/campusplan\\\/\\&quot;&gt;Campus map&lt;\\\/a&gt;&quot;,\n    &quot;uuid&quot;: &quot;1692005566325&quot;,\n    &quot;link&quot;: {\n        &quot;url&quot;: &quot;https:\\\/\\\/startseite.uni-mainz.de\\\/campusplan\\\/&quot;\n    },\n    &quot;align&quot;: &quot;wide&quot;,\n    &quot;showInActions&quot;: false,\n    &quot;allowNesting&quot;: true,\n    &quot;showExpandableContent&quot;: false,\n    &quot;expandableContent&quot;: &quot;&quot;\n}\">\n    \n<\/jgu-base-listitem>\n\n<jgu-base-listitem react-props=\"{\n    &quot;icon&quot;: &quot;arrow-right-solid&quot;,\n    &quot;title&quot;: &quot;&lt;a href=\\&quot;https:\\\/\\\/cms.zdv.uni-mainz.de\\\/studium\\\/0-landingpage-studium-platzhalter\\\/mein-studium\\\/service_beratung\\\/zsb\\\/\\&quot; data-type=\\&quot;page\\&quot; data-id=\\&quot;4372\\&quot;&gt;www.studium.uni-mainz.de\\\/zsb&lt;\\\/a&gt;&quot;,\n    &quot;uuid&quot;: &quot;1692005651114&quot;,\n    &quot;link&quot;: {\n        &quot;url&quot;: &quot;https:\\\/\\\/www.studium.uni-mainz.de\\\/en\\\/during-your-studies\\\/service-advising\\\/student-advisory-center\\\/&quot;\n    },\n    &quot;align&quot;: &quot;wide&quot;,\n    &quot;showInActions&quot;: false,\n    &quot;allowNesting&quot;: true,\n    &quot;showExpandableContent&quot;: false,\n    &quot;expandableContent&quot;: &quot;&quot;\n}\">\n    \n<\/jgu-base-listitem>\n\n<jgu-base-listitem react-props=\"{\n    &quot;icon&quot;: &quot;calendar-solid&quot;,\n    &quot;title&quot;: &quot;Advising appointments are available via video, by phone or in person. &lt;br&gt;&lt;br&gt;Appointments can be made via the &lt;a href=\\&quot;tel:+4961313922122\\&quot;&gt;hotline&lt;\\\/a&gt; (see contact details and service hours above). &lt;br&gt; &lt;br&gt;We are also happy to answer short questions via email.&quot;,\n    &quot;uuid&quot;: &quot;1692005784247&quot;,\n    &quot;align&quot;: &quot;wide&quot;,\n    &quot;showInActions&quot;: false,\n    &quot;allowNesting&quot;: true,\n    &quot;showExpandableContent&quot;: false,\n    &quot;expandableContent&quot;: &quot;&quot;,\n    &quot;link&quot;: {\n        &quot;url&quot;: &quot;&quot;\n    }\n}\">\n    \n<\/jgu-base-listitem>\n\n<\/jgu-base-contactcard>\n\n\n<\/jgu-base-tabsitem>\n\n<jgu-base-tabsitem react-props=\"{\n    &quot;title&quot;: &quot;Academic Advisory Office&quot;,\n    &quot;slug&quot;: &quot;academic-advisory-office&quot;,\n    &quot;align&quot;: &quot;wide&quot;,\n    &quot;customSlug&quot;: false\n}\">\n    \n\n<p class=\"has-big-font-size\">Do you have questions about a specific degree program? If you do, feel free to contact the responsible <strong>academic advisory office<\/strong>.<\/p>\n\n\n\n<p class=\"has-big-font-size\">The academic advisory offices are the best points of contact for the following topics:<\/p>\n\n\n\n<ul class=\"has-big-font-size wp-block-list\">\n<li>Structure and content of the program of study<\/li>\n\n\n\n<li>Planning your course schedule<\/li>\n\n\n\n<li>Recognition of credits and examinations when changing subject or university<\/li>\n\n\n\n<li>Examination procedures<\/li>\n<\/ul>\n\n\n<jgu-base-button style=\"display: flex; flex-wrap: wrap; column-gap: 30px; max-width: 100%; flex-direction: row; justify-content: left\">\n  \n<jgu-base-buttonitem react-props=\"{\n    &quot;text&quot;: &quot;All academic advisory offices&quot;,\n    &quot;link&quot;: {\n        &quot;url&quot;: &quot;https:\\\/\\\/cms.zdv.uni-mainz.de\\\/studium\\\/en\\\/academic-advisory-offices\\\/&quot;,\n        &quot;linkTarget&quot;: &quot;&quot;,\n        &quot;rel&quot;: &quot;&quot;,\n        &quot;id&quot;: 23221,\n        &quot;title&quot;: &quot;Studienfachberatung&quot;,\n        &quot;type&quot;: &quot;page&quot;,\n        &quot;kind&quot;: &quot;post-type&quot;\n    },\n    &quot;align&quot;: &quot;left&quot;,\n    &quot;styling&quot;: &quot;primary&quot;,\n    &quot;icon&quot;: &quot;arrow-right-solid&quot;,\n    &quot;type&quot;: &quot;default&quot;,\n    &quot;iconBefore&quot;: false,\n    &quot;isSmall&quot;: false,\n    &quot;fullWidth&quot;: false,\n    &quot;className&quot;: &quot;&quot;\n}\"><\/jgu-base-buttonitem>\n\n<\/jgu-base-button>\n\n<jgu-base-button style=\"display: flex; flex-wrap: wrap; column-gap: 30px; max-width: 100%; flex-direction: row; justify-content: left\">\n  \n<jgu-base-buttonitem react-props=\"{\n    &quot;text&quot;: &quot;All academic advisory services&quot;,\n    &quot;link&quot;: {\n        &quot;url&quot;: &quot;https:\\\/\\\/www.studium.uni-mainz.de\\\/en\\\/during-your-studies\\\/service-advising\\\/academic-advisory-offices\\\/&quot;,\n        &quot;linkTarget&quot;: &quot;&quot;,\n        &quot;rel&quot;: &quot;&quot;,\n        &quot;id&quot;: 23221,\n        &quot;title&quot;: &quot;Studienfachberatung&quot;,\n        &quot;type&quot;: &quot;page&quot;,\n        &quot;kind&quot;: &quot;post-type&quot;,\n        &quot;opensInNewTab&quot;: true\n    },\n    &quot;align&quot;: &quot;left&quot;,\n    &quot;styling&quot;: &quot;primary&quot;,\n    &quot;icon&quot;: &quot;arrow-right-solid&quot;,\n    &quot;type&quot;: &quot;default&quot;,\n    &quot;iconBefore&quot;: false,\n    &quot;isSmall&quot;: false,\n    &quot;fullWidth&quot;: false,\n    &quot;className&quot;: &quot;&quot;\n}\"><\/jgu-base-buttonitem>\n\n<\/jgu-base-button>\n\n<\/jgu-base-tabsitem>\n\n<jgu-base-tabsitem react-props=\"{\n    &quot;title&quot;: &quot;Student Council&quot;,\n    &quot;slug&quot;: &quot;student-council&quot;,\n    &quot;align&quot;: &quot;wide&quot;,\n    &quot;customSlug&quot;: false\n}\">\n    \n\n<p class=\"has-big-font-size\">Are you looking for information and advice from students in your (future) program of study?<br>Then get in touch with your <strong>student council<\/strong>!<\/p>\n\n\n\n<p class=\"has-big-font-size\">They represent students\u2019 interests and would be happy to hear from you!<\/p>\n\n\n\n<jgu-base-contactcard react-props=\"{\n    &quot;name&quot;: &quot;Student Council | &lt;a href=\\&quot;https:\\\/\\\/www.studium.uni-mainz.de\\\/fachschaften\\\/#collapse32\\&quot;&gt;History&lt;\\\/a&gt;&quot;,\n    &quot;actions&quot;: [],\n    &quot;align&quot;: &quot;wide&quot;,\n    &quot;color&quot;: &quot;default&quot;\n}\">\n    \n<jgu-base-listitem react-props=\"{\n    &quot;icon&quot;: &quot;envelope-solid&quot;,\n    &quot;title&quot;: &quot;&lt;a href=\\&quot;mailto:Fachschaft-geschichte@uni-mainz.de\\&quot;&gt;Fachschaft-geschichte@uni-mainz.de&lt;\\\/a&gt;&quot;,\n    &quot;uuid&quot;: &quot;1695202928092&quot;,\n    &quot;link&quot;: {\n        &quot;url&quot;: &quot;mailto:Fachschaft-geschichte@uni-mainz.de&quot;\n    },\n    &quot;align&quot;: &quot;wide&quot;,\n    &quot;showInActions&quot;: false,\n    &quot;allowNesting&quot;: true,\n    &quot;showExpandableContent&quot;: false,\n    &quot;expandableContent&quot;: &quot;&quot;\n}\">\n    \n<\/jgu-base-listitem>\n\n<jgu-base-listitem react-props=\"{\n    &quot;icon&quot;: &quot;phone-solid&quot;,\n    &quot;title&quot;: &quot;&lt;a href=\\&quot;tel:+49 6131 39-23165\\&quot;&gt;+49 6131 39-23165&lt;\\\/a&gt;&quot;,\n    &quot;uuid&quot;: &quot;1695202980666&quot;,\n    &quot;link&quot;: {\n        &quot;url&quot;: &quot;tel:+49 6131 39-23165&quot;\n    },\n    &quot;align&quot;: &quot;wide&quot;,\n    &quot;showInActions&quot;: false,\n    &quot;allowNesting&quot;: true,\n    &quot;showExpandableContent&quot;: false,\n    &quot;expandableContent&quot;: &quot;&quot;\n}\">\n    \n<\/jgu-base-listitem>\n\n<jgu-base-listitem react-props=\"{\n    &quot;icon&quot;: &quot;map-marker-alt-solid&quot;,\n    &quot;title&quot;: &quot;Visitors\\u2019 address:&lt;br&gt;&lt;br&gt;Jakob-Welder-Weg 18 (Philosophicum)&lt;br&gt;Room 00-547&quot;,\n    &quot;uuid&quot;: &quot;1695202994404&quot;,\n    &quot;align&quot;: &quot;wide&quot;,\n    &quot;showInActions&quot;: false,\n    &quot;allowNesting&quot;: true,\n    &quot;showExpandableContent&quot;: false,\n    &quot;expandableContent&quot;: &quot;&quot;,\n    &quot;link&quot;: {\n        &quot;url&quot;: &quot;&quot;\n    }\n}\">\n    \n<\/jgu-base-listitem>\n\n<jgu-base-listitem react-props=\"{\n    &quot;icon&quot;: &quot;arrow-right-solid&quot;,\n    &quot;title&quot;: &quot;&lt;a href=\\&quot;https:\\\/\\\/www.fachschaft.geschichte.uni-mainz.de\\\/\\&quot; data-type=\\&quot;link\\&quot; data-id=\\&quot;https:\\\/\\\/www.fachschaft.wiwi.uni-mainz.de\\\/\\&quot; target=\\&quot;_blank\\&quot; rel=\\&quot;noreferrer noopener\\&quot;&gt;Homepage&lt;\\\/a&gt;&quot;,\n    &quot;uuid&quot;: &quot;1695203029384&quot;,\n    &quot;link&quot;: {\n        &quot;url&quot;: &quot;https:\\\/\\\/www.fachschaft.geschichte.uni-mainz.de\\\/&quot;\n    },\n    &quot;align&quot;: &quot;wide&quot;,\n    &quot;showInActions&quot;: false,\n    &quot;allowNesting&quot;: true,\n    &quot;showExpandableContent&quot;: false,\n    &quot;expandableContent&quot;: &quot;&quot;\n}\">\n    \n<\/jgu-base-listitem>\n\n<jgu-base-listitem react-props=\"{\n    &quot;icon&quot;: &quot;map-solid&quot;,\n    &quot;title&quot;: &quot;&lt;a href=\\&quot;https:\\\/\\\/homepage.uni-mainz.de\\\/campus-map\\\/\\&quot; data-type=\\&quot;link\\&quot; data-id=\\&quot;https:\\\/\\\/startseite.uni-mainz.de\\\/campusplan\\\/\\&quot; target=\\&quot;_blank\\&quot; rel=\\&quot;noreferrer noopener\\&quot;&gt;Campus map&lt;\\\/a&gt;&quot;,\n    &quot;uuid&quot;: &quot;1695203077190&quot;,\n    &quot;link&quot;: {\n        &quot;url&quot;: &quot;https:\\\/\\\/startseite.uni-mainz.de\\\/campusplan\\\/&quot;\n    },\n    &quot;align&quot;: &quot;wide&quot;,\n    &quot;showInActions&quot;: false,\n    &quot;allowNesting&quot;: true,\n    &quot;showExpandableContent&quot;: false,\n    &quot;expandableContent&quot;: &quot;&quot;\n}\">\n    \n<\/jgu-base-listitem>\n\n<\/jgu-base-contactcard>\n\n\n<\/jgu-base-tabsitem>\n\n<\/jgu-base-tabs>\n\n\n<p class=\"has-big-font-size\"><\/p>\n<\/div>\n<\/div>\n<\/div><\/div>\n<\/jgu-base-section>    <div style=\"display: none\">\n        \n    <\/div>","protected":false},"excerpt":{"rendered":"","protected":false},"author":30,"featured_media":0,"parent":45944,"menu_order":0,"comment_status":"closed","ping_status":"closed","template":"","meta":{"footnotes":""},"categories":[],"tags":[],"class_list":["post-207430","page","type-page","status-publish","hentry"],"content_raw":"<!-- wp:jgu\/pageheader {\"items\":[{\"box\":{\"index\":\"Byzantine Studies: Perspectives on the Global Middle Ages (M.A.)\",\"title\":\"Triple Degree Master in Cyprus, Venice, and Mainz\",\"link\":{\"url\":\"\",\"title\":\"Learn more\"}},\"color\":\"dark\",\"image\":{\"url\":null,\"id\":53687,\"credit\":\"\"},\"imgCredit\":\"\",\"useVideo\":false,\"video\":false}],\"type\":\"default\",\"useBreadcrumb\":true} \/-->\n\n<!-- wp:jgu\/anchornavigation \/-->\n\n<!-- wp:spacer {\"height\":\"60px\"} -->\n<div style=\"height:60px\" aria-hidden=\"true\" class=\"wp-block-spacer\"><\/div>\n<!-- \/wp:spacer -->\n\n<!-- wp:jgu\/notification-banner -->\n<!-- wp:paragraph -->\n<p class=\"has-big-font-size\">This is a new degree program starting in the winter semester of 2026\/27&nbsp;\u2013 subject to approval by the responsible committees.<\/p>\n<!-- \/wp:paragraph -->\n<!-- \/wp:jgu\/notification-banner -->\n\n<!-- wp:spacer {\"height\":\"60px\"} -->\n<div style=\"height:60px\" aria-hidden=\"true\" class=\"wp-block-spacer\"><\/div>\n<!-- \/wp:spacer -->\n\n<!-- wp:jgu\/anchorpoint {\"title\":\"Facts \\u0026amp; figures\",\"slug\":\"facts-figures\"} \/-->\n\n<!-- wp:jgu\/section {\"color\":\"light\"} -->\n<div class=\"jgu-bgsection bg bg-light \"><div class=\"content padding-medium\"><!-- wp:jgu\/heading {\"index\":\"Facts \\u0026amp; figures\",\"tags\":{\"htmlTag\":\"h2\",\"classTag\":\"\",\"tag\":\"h2\"},\"heading\":\"\\u003cstrong\\u003eAt a glance\\u003c\/strong\\u003e\"} \/-->\n\n<!-- wp:jgu\/key-facts -->\n<!-- wp:jgu\/key-facts-item {\"index\":\"Degree\",\"text\":\"Master of Arts\",\"icon\":\"jgu-icon-abschluss\"} \/-->\n\n<!-- wp:jgu\/key-facts-item {\"index\":\"Admission requirements\",\"text\":\"Selective admission\",\"icon\":\"jgu-icon-zulassungsbedingungen_zulassungsbeschraenkt\"} \/-->\n\n<!-- wp:jgu\/key-facts-item {\"index\":\"Standard period of study\",\"text\":\"4 semesters\",\"icon\":\"jgu-icon-studienzeit\"} \/-->\n\n<!-- wp:jgu\/key-facts-item {\"index\":\"Main language of instruction\",\"text\":\"English\",\"icon\":\"jgu-icon-sprachen\"} \/-->\n\n<!-- wp:jgu\/key-facts-item {\"index\":\"Start of degree program\",\"text\":\"Winter semester\",\"description\":\"\\u003ca href=\\u0022#learn-how-to-apply\\u0022 data-type=\\u0022internal\\u0022 data-id=\\u0022#learn-how-to-apply\\u0022\\u003eDeadlines and application\\u003c\/a\\u003e\",\"icon\":\"jgu-icon-studienbeginn\"} \/-->\n\n<!-- wp:jgu\/key-facts-item {\"index\":\"Credits\",\"text\":\"120 ECTS\",\"icon\":\"jgu-icon-cp\"} \/-->\n\n<!-- wp:jgu\/key-facts-item {\"index\":\"Special characteristics\",\"text\":\"International degree program\",\"description\":\"European Joint Degree\",\"icon\":\"jgu-icon-besonderheiten\"} \/-->\n<!-- \/wp:jgu\/key-facts --><\/div><\/div>\n<!-- \/wp:jgu\/section -->\n\n<!-- wp:jgu\/section {\"color\":\"white\"} -->\n<div class=\"jgu-bgsection bg bg-white \"><div class=\"content padding-medium\"><!-- wp:jgu\/anchorpoint {\"title\":\"Degree overview\",\"slug\":\"degree-overview\"} \/-->\n\n<!-- wp:jgu\/heading {\"index\":\"Degree overview\",\"tags\":{\"htmlTag\":\"h2\",\"classTag\":\"\",\"tag\":\"h2\"},\"heading\":\"\\u003cstrong\\u003eWhat does the degree program cover?\\u003c\/strong\\u003e\"} \/-->\n\n<!-- wp:jgu\/collapsible-area {\"visibleLines\":10} -->\n<!-- wp:paragraph -->\n<p class=\"has-big-font-size\">In this master's degree program, you will deepen your understanding of the Byzantine Empire as a central player in pre-modern global interdependencies. In doing so, you will not view Byzantium in isolation, but in the context of the Global Middle Ages: As a political, cultural, and religious link between Europe, North Africa, and Asia, as well as a mediator between empires, religious communities, and areas of knowledge. You will gain insights into processes of conflict, negotiation, and coexistence, while also studying the long-term cultural legacies of Byzantium.<\/p>\n<!-- \/wp:paragraph -->\n\n<!-- wp:paragraph -->\n<p class=\"has-big-font-size\">Particular emphasis is placed on research-oriented learning and international mobility. You will study at three renowned universities in Cyprus, Venice, and Mainz, and profit from diverse academic cultures as well as direct access to manuscripts, archives, museums, and archaeological contexts.<\/p>\n<!-- \/wp:paragraph -->\n\n<!-- wp:paragraph -->\n<p class=\"has-big-font-size\">During your degree program, you will work on an interdisciplinary basis using approaches from history, philology, archaeology, and art history. Working with historical sources \u2013 from texts and rhetorical traditions to material evidence, monuments, and visual media \u2013 as well as examining topics such as identity, transfer of knowledge, religion, emotions, and cultural exchange, plays an important role in this degree program. The degree program enables you to understand Byzantium as part of an interconnected Afro-Eurasian region and to relate historical experiences of the medieval Mediterranean to current global challenges.<\/p>\n<!-- \/wp:paragraph -->\n<!-- \/wp:jgu\/collapsible-area -->\n\n<!-- wp:jgu\/accordion {\"selected\":2} -->\n<!-- wp:jgu\/accordion-item {\"title\":\"What are the prerequisites?\",\"init\":false,\"slug\":\"what-are-the-prerequisites\"} -->\n<!-- wp:list -->\n<ul class=\"wp-block-list\"><!-- wp:list-item -->\n<li>A passion for history and global connections<\/li>\n<!-- \/wp:list-item -->\n\n<!-- wp:list-item -->\n<li>An interest in medieval research and Byzantium<\/li>\n<!-- \/wp:list-item -->\n\n<!-- wp:list-item -->\n<li>A desire to study in three countries with students from different countries of origin<\/li>\n<!-- \/wp:list-item -->\n\n<!-- wp:list-item -->\n<li>Good English skills: Knowledge of at least one additional language relevant to Byzantine studies \u2013 such as Greek, German, Italian, French, Turkish, Russian or Arabic \u2013 can also be an advantage.<\/li>\n<!-- \/wp:list-item --><\/ul>\n<!-- \/wp:list -->\n\n<!-- wp:paragraph -->\n<p class=\"has-big-font-size\"><\/p>\n<!-- \/wp:paragraph -->\n\n<!-- wp:jgu\/heading {\"tags\":{\"htmlTag\":\"h2\",\"classTag\":\"h3\",\"tag\":\"h2.h3\"},\"heading\":\"Entrance requirements\"} \/-->\n\n<!-- wp:paragraph -->\n<p class=\"has-big-font-size\">Entrance requirements for the master's degree program Byzantine Studies: Perspectives on the Global Middle Ages  are: <\/p>\n<!-- \/wp:paragraph -->\n\n<!-- wp:paragraph -->\n<p class=\"has-big-font-size\">Proof of a bachelor\u2019s degree of at least 180 credit points in one of the following subjects<\/p>\n<!-- \/wp:paragraph -->\n\n<!-- wp:list -->\n<ul class=\"wp-block-list\"><!-- wp:list-item -->\n<li><strong>History<\/strong><\/li>\n<!-- \/wp:list-item -->\n\n<!-- wp:list-item -->\n<li><strong>Classical Philology<\/strong><\/li>\n<!-- \/wp:list-item -->\n\n<!-- wp:list-item -->\n<li><strong>Archaeology<\/strong><\/li>\n<!-- \/wp:list-item -->\n\n<!-- wp:list-item -->\n<li><strong>Art History<\/strong><\/li>\n<!-- \/wp:list-item --><\/ul>\n<!-- \/wp:list -->\n\n<!-- wp:paragraph -->\n<p class=\"has-big-font-size\">or in a related subject at a university, or a degree that is not substantially different from this.<\/p>\n<!-- \/wp:paragraph -->\n\n<!-- wp:paragraph -->\n<p class=\"has-big-font-size\">Qualifications that were not part of the bachelor's degree program may also be recognized. The examination committee is the responsible deciding authority.<\/p>\n<!-- \/wp:paragraph -->\n\n<!-- wp:paragraph -->\n<p class=\"has-big-font-size\"><a data-info-popup-body=\"Recognized documents or equivalent credentials include, for example:\n\u2981\tA university degree from an English-language degree program\n\u2981\tIELTS (International English Language Testing System), minimum score of 5.5\n\u2981\tTOEFL (Test of English as a Foreign Language), minimum score of 72 \n\u2981\tTelc English B2\" data-info-popup-headline=\"Proof of English language skills\" class=\"jgu-with-info-popup\">Proof of English language skills<\/a> corresponding to at least level B2.<\/p>\n<!-- \/wp:paragraph -->\n\n<!-- wp:block {\"ref\":135635} \/-->\n\n<!-- wp:paragraph -->\n<p class=\"has-big-font-size\">Applications for the program are submitted through the University of Cyprus Student Administration. Applicants must submit the application and required supporting documents in the specified form and by the deadline.<\/p>\n<!-- \/wp:paragraph -->\n\n<!-- wp:block {\"ref\":137239} \/-->\n\n<!-- wp:paragraph -->\n<p class=\"has-big-font-size\">The <a href=\"https:\/\/ordnungen.he.uni-mainz.de\/byzantinistik\/\" data-type=\"link\" data-id=\"https:\/\/ordnungen.he.uni-mainz.de\/byzantinistik\/\">examination regulations<\/a> provide further details. <\/p>\n<!-- \/wp:paragraph -->\n<!-- \/wp:jgu\/accordion-item -->\n\n<!-- wp:jgu\/accordion-item {\"title\":\"How is the degree program structured?\",\"init\":false,\"slug\":\"how-is-the-degree-program-structured\"} -->\n<!-- wp:paragraph -->\n<p class=\"has-big-font-size\">Program structure<\/p>\n<!-- \/wp:paragraph -->\n\n<!-- wp:paragraph -->\n<p class=\"has-big-font-size\"><strong>1st semester in Cyprus<\/strong><\/p>\n<!-- \/wp:paragraph -->\n\n<!-- wp:list -->\n<ul class=\"wp-block-list\"><!-- wp:list-item -->\n<li>Byzantine Culture<\/li>\n<!-- \/wp:list-item -->\n\n<!-- wp:list-item -->\n<li>Byzantium and the Latin West<\/li>\n<!-- \/wp:list-item -->\n\n<!-- wp:list-item -->\n<li>Practice and Employability I (internships e.g. at UNESCO)<\/li>\n<!-- \/wp:list-item --><\/ul>\n<!-- \/wp:list -->\n\n<!-- wp:paragraph -->\n<p class=\"has-big-font-size\"><strong>2nd semester in Venice<\/strong><\/p>\n<!-- \/wp:paragraph -->\n\n<!-- wp:list -->\n<ul class=\"wp-block-list\"><!-- wp:list-item -->\n<li>Byzantium in the Religious Landscape of Western Eurasia<\/li>\n<!-- \/wp:list-item -->\n\n<!-- wp:list-item -->\n<li>Byzantium in the Material Landscape of Western Eurasia<\/li>\n<!-- \/wp:list-item -->\n\n<!-- wp:list-item -->\n<li>Practice and Employability II (internships in cultural heritage institutions such as the Biblioteca Marciana, the Archivio di Stato, etc.)<\/li>\n<!-- \/wp:list-item --><\/ul>\n<!-- \/wp:list -->\n\n<!-- wp:paragraph -->\n<p class=\"has-big-font-size\"><strong>3rd semester in Mainz<\/strong><\/p>\n<!-- \/wp:paragraph -->\n\n<!-- wp:list -->\n<ul class=\"wp-block-list\"><!-- wp:list-item -->\n<li>Byzantium and the Islamicate World<\/li>\n<!-- \/wp:list-item -->\n\n<!-- wp:list-item -->\n<li>Beyond Byzantium: Transregional Encounters and Dynamics of Reception<\/li>\n<!-- \/wp:list-item -->\n\n<!-- wp:list-item -->\n<li>Practice and Employability &amp; Academic Writing (internships offered by, among others: Leibniz Center for Archaeology (LEIAZA), Icon-Museum Frankfurt)<\/li>\n<!-- \/wp:list-item --><\/ul>\n<!-- \/wp:list -->\n\n<!-- wp:paragraph -->\n<p class=\"has-big-font-size\"><strong>4th semester at the partner university where the master's thesis is written<\/strong><\/p>\n<!-- \/wp:paragraph -->\n\n<!-- wp:list -->\n<ul class=\"wp-block-list\"><!-- wp:list-item -->\n<li>Master\u2019s thesis<\/li>\n<!-- \/wp:list-item -->\n\n<!-- wp:list-item -->\n<li>Final oral examination<\/li>\n<!-- \/wp:list-item --><\/ul>\n<!-- \/wp:list -->\n\n<!-- wp:spacer {\"height\":\"60px\"} -->\n<div style=\"height:60px\" aria-hidden=\"true\" class=\"wp-block-spacer\"><\/div>\n<!-- \/wp:spacer -->\n\n<!-- wp:paragraph -->\n<p class=\"has-big-font-size\"><strong>Internships<\/strong><\/p>\n<!-- \/wp:paragraph -->\n\n<!-- wp:paragraph -->\n<p class=\"has-big-font-size\">Employability plays a major role in the degree program. Internships at all three locations are therefore an integral part of your program of study, with placements offered by renowned institutions such as the Cyprus National Commission for UNESCO, the Biblioteca Nazionale Marciana Venice, the Leibniz Center for Archaeology (LEIZA) Mainz, and the Icon Museum Frankfurt.<\/p>\n<!-- \/wp:paragraph -->\n\n<!-- wp:block {\"ref\":429} \/-->\n\n<!-- wp:spacer {\"height\":\"60px\"} -->\n<div style=\"height:60px\" aria-hidden=\"true\" class=\"wp-block-spacer\"><\/div>\n<!-- \/wp:spacer -->\n\n<!-- wp:paragraph -->\n<p class=\"has-big-font-size\"><strong>Stays abroad<\/strong><\/p>\n<!-- \/wp:paragraph -->\n\n<!-- wp:paragraph -->\n<p class=\"has-big-font-size\">Byzantine Studies: Perspectives on the Global Middle Ages (M.A.) is a transnational and interdisciplinary degree program offered jointly by the University of Cyprus, the Universit\u00e0 Ca' Foscari Venezia, and the Johannes Gutenberg University Mainz. You will study successively at all three institutions and ultimately choose one at which to write your master's thesis.<\/p>\n<!-- \/wp:paragraph -->\n<!-- \/wp:jgu\/accordion-item -->\n\n<!-- wp:jgu\/accordion-item {\"title\":\"What happens after graduation?\",\"init\":false,\"slug\":\"what-happens-after-graduation\"} -->\n<!-- wp:paragraph -->\n<p class=\"has-big-font-size\">The degree program prepares you for both an academic career and a range of professional opportunities beyond academia. This includes the following areas:<\/p>\n<!-- \/wp:paragraph -->\n\n<!-- wp:list -->\n<ul class=\"wp-block-list\"><!-- wp:list-item -->\n<li>Museum work<\/li>\n<!-- \/wp:list-item -->\n\n<!-- wp:list-item -->\n<li>Communicating history in various media<\/li>\n<!-- \/wp:list-item -->\n\n<!-- wp:list-item -->\n<li>Archival and library work<\/li>\n<!-- \/wp:list-item -->\n\n<!-- wp:list-item -->\n<li>Academic publishing<\/li>\n<!-- \/wp:list-item -->\n\n<!-- wp:list-item -->\n<li>Cultural management<\/li>\n<!-- \/wp:list-item -->\n\n<!-- wp:list-item -->\n<li>Active involvement in NGOs<\/li>\n<!-- \/wp:list-item --><\/ul>\n<!-- \/wp:list -->\n\n<!-- wp:paragraph -->\n<p class=\"has-big-font-size\">In addition to the internships firmly anchored in the degree program, you will acquire a set of four key skills for your professional career as part of your studies:<\/p>\n<!-- \/wp:paragraph -->\n\n<!-- wp:list -->\n<ul class=\"wp-block-list\"><!-- wp:list-item -->\n<li>Methodological competence: in-depth knowledge of the history of the Byzantine Empire and its interconnections within the medieval world, historical theories and methods, scientific writing and presenting, methods of digital humanities<\/li>\n<!-- \/wp:list-item -->\n\n<!-- wp:list-item -->\n<li>Social competence: Collaboration is fundamental in science and beyond. The degree program promotes teamwork, effective communication, and negotiation skills.<\/li>\n<!-- \/wp:list-item -->\n\n<!-- wp:list-item -->\n<li>Intercultural competence: By studying at a different partner university each semester, students immerse themselves in different academic traditions and cultural contexts.<\/li>\n<!-- \/wp:list-item -->\n\n<!-- wp:list-item -->\n<li>Self-competence: Self-awareness and self-discipline (Assessment formats prepare students for independent work. The practical modules allow them to select partner institutions according to their own talents and interests.)<\/li>\n<!-- \/wp:list-item --><\/ul>\n<!-- \/wp:list -->\n\n<!-- wp:spacer {\"height\":\"60px\"} -->\n<div style=\"height:60px\" aria-hidden=\"true\" class=\"wp-block-spacer\"><\/div>\n<!-- \/wp:spacer -->\n\n<!-- wp:block {\"ref\":348} \/-->\n<!-- \/wp:jgu\/accordion-item -->\n<!-- \/wp:jgu\/accordion --><\/div><\/div>\n<!-- \/wp:jgu\/section -->\n\n<!-- wp:jgu\/section {\"color\":\"light\"} -->\n<div class=\"jgu-bgsection bg bg-light \"><div class=\"content padding-medium\"><!-- wp:jgu\/slider {\"slidesCount\":4,\"responsiveSettings\":{\"mobile\":{\"perPage\":1,\"arrows\":true,\"pagination\":false},\"tablet\":{\"perPage\":4,\"arrows\":true,\"pagination\":false},\"desktop\":{\"perPage\":4,\"arrows\":true,\"pagination\":false},\"desktop-xl\":{\"perPage\":4,\"arrows\":true,\"pagination\":false}}} -->\n<!-- wp:jgu\/teaserbox {\"headline\":{\"htmlTag\":\"h2\",\"classTag\":\"h4\",\"tag\":\"h2.h4\"},\"color\":\"blue\",\"title\":\"Learn more\",\"excerpt\":\"Would you like to find out more about the degree program\u2019s content, focus, and structure?\\u003cbr\\u003e\\u003cbr\\u003eMore detailed information as well as the module catalog and degree plan can be found on the department\u2019s website.\",\"linkTitle\":\"Learn more\",\"link\":{\"url\":\"https:\/\/byzantinistik.geschichte.uni-mainz.de\/en\/\",\"opensInNewTab\":true,\"title\":\"https:\/\/www.ftmk.uni-mainz.de\/b-a-studiengang-theaterwissenschaft\/\",\"id\":\"https:\/\/byzantinistik.geschichte.uni-mainz.de\/en\/\",\"type\":\"link\"},\"textPositionBottom\":true,\"template\":\"red_h4\"} \/-->\n\n<!-- wp:jgu\/teaserbox {\"headline\":{\"htmlTag\":\"h2\",\"classTag\":\"h4\",\"tag\":\"h2.h4\"},\"useLinkList\":true,\"linkList\":[{\"text\":\"\\u003ca href=\\u0022https:\/\/www.studium.uni-mainz.de\/studienwahl\/studienangebot\/alpha-ba\/\\u0022 data-type=\\u0022link\\u0022 data-id=\\u0022https:\/\/www.studium.uni-mainz.de\/studienwahl\/studienangebot\/alpha-ba\/\\u0022\\u003eArch\u00e4ologien und Philologien in den Altertumswissenschaften (ALPHA) (B.A.)\\u003c\/a\\u003e\",\"icon\":\"info\",\"link\":{\"url\":\"https:\/\/www.studium.uni-mainz.de\/en\/choosing-your-degree-program\/courses-offered\/alpha-ba\/\"}},{\"text\":\"oder auch Studieng\u00e4nge aus den Bereichen Geschichte, klassische Philologie und Kunstgeschichte oder arch\u00e4ologische Beif\u00e4cher.\",\"icon\":\"info\",\"link\":{\"url\":\"\"}},{\"text\":\"\\u0026lt;a href=https:\/\/www.studium.uni-mainz.de\/en\/choosing-your-degree-program\/courses-offered\/byzantine-studies-ma\/\",\"icon\":\"info\",\"link\":{\"url\":\"https:\/\/www.studium.uni-mainz.de\/en\/choosing-your-degree-program\/courses-offered\/byzantine-studies-ma\/\"}}],\"color\":\"orange\",\"title\":\"Precursory bachelor\u2019s degree programs at JGU\",\"linkTitle\":\"Learn more\",\"template\":\"linkList\"} -->\n<!-- wp:jgu\/list-item {\"allowNesting\":false,\"title\":\"\\u003ca href=\\u0022https:\/\/www.studium.uni-mainz.de\/en\/choosing-your-degree-program\/courses-offered\/alpha-ba\/\\u0022\\u003eArchaeology and Philology in Ancient Studies (ALPHA, B.A.)\\u003c\/a\\u003e\",\"uuid\":\"1774515116836\",\"link\":{\"url\":\"https:\/\/www.studium.uni-mainz.de\/en\/choosing-your-degree-program\/courses-offered\/alpha-ba\/\"}} \/-->\n\n<!-- wp:jgu\/list-item {\"allowNesting\":false,\"title\":\"or degree programs in the fields of history, classical philology, and art history or archaeological minor subjects.\",\"uuid\":\"1774515125152\"} \/-->\n\n<!-- wp:jgu\/list-item {\"allowNesting\":false,\"title\":\"\\u003ca href=\\u0022https:\/\/www.studium.uni-mainz.de\/studienwahl\/studienangebot\/byzantine-studies-ma\/#was-soll-ich-mitbringen\\u0022 data-type=\\u0022link\\u0022 data-id=\\u0022https:\/\/www.studium.uni-mainz.de\/studienwahl\/studienangebot\/byzantine-studies-ma\/#was-soll-ich-mitbringen\\u0022\\u003eEntrance requirements\\u003c\/a\\u003e\",\"uuid\":\"1774515136734\",\"link\":{\"url\":\"https:\/\/www.studium.uni-mainz.de\/en\/choosing-your-degree-program\/courses-offered\/byzantine-studies-ma\/\"}} \/-->\n<!-- \/wp:jgu\/teaserbox -->\n\n<!-- wp:jgu\/teaserbox {\"headline\":{\"htmlTag\":\"h2\",\"classTag\":\"h4\",\"tag\":\"h2.h4\"},\"useLinkList\":true,\"linkList\":[{\"text\":\"\\u003ca href=\\u0022https:\/\/ordnungen.he.uni-mainz.de\/byzantinistik\/\\u0022 data-type=\\u0022link\\u0022 data-id=\\u0022https:\/\/sl.uni-mainz.de\/buchwissenschaft\/\\u0022 target=\\u0022_blank\\u0022 rel=\\u0022noreferrer noopener\\u0022\\u003ePr\u00fcfungsordnung\\u003c\/a\\u003e\",\"icon\":\"info\",\"link\":{\"url\":\"https:\/\/ordnungen.he.uni-mainz.de\/byzantinistik\/\"}},{\"text\":\"\\u003ca href=\\u0022https:\/\/byzantinistik.geschichte.uni-mainz.de\/en\/\\u0022 data-type=\\u0022link\\u0022 data-id=\\u0022https:\/\/byzantinistik.geschichte.uni-mainz.de\/en\/\\u0022 target=\\u0022_blank\\u0022 rel=\\u0022noreferrer noopener\\u0022\\u003eFaculty 07 - Historical Seminar\\u003c\/a\\u003e\",\"icon\":\"info\",\"link\":{\"url\":\"https:\/\/byzantinistik.geschichte.uni-mainz.de\/en\/\"}},{\"text\":\"\\u003ca href=\\u0022https:\/\/www.fachschaft.geschichte.uni-mainz.de\/\\u0022 data-type=\\u0022link\\u0022 data-id=\\u0022https:\/\/www.fachschaft.geschichte.uni-mainz.de\/\\u0022 target=\\u0022_blank\\u0022 rel=\\u0022noreferrer noopener\\u0022\\u003eFachschaft Geschichte\\u003c\/a\\u003e\",\"icon\":\"info\",\"link\":{\"url\":\"https:\/\/www.fachschaft.geschichte.uni-mainz.de\/\"}},{\"text\":\"\\u003ca href=\\u0022https:\/\/www.instagram.com\/fachschaft_geschichte_mainz\/\\u0022 data-type=\\u0022link\\u0022 data-id=\\u0022https:\/\/www.instagram.com\/fachschaft_geschichte_mainz\/\\u0022 target=\\u0022_blank\\u0022 rel=\\u0022noreferrer noopener\\u0022\\u003eInstagram: Fachschaft Geschichte\\u003c\/a\\u003e\",\"icon\":\"info\",\"link\":{\"url\":\"https:\/\/www.instagram.com\/fachschaft_geschichte_mainz\/\"}}],\"color\":\"blue-gray\",\"title\":\"Further information\",\"linkTitle\":\"Learn more\",\"template\":\"linkList\"} -->\n<!-- wp:jgu\/list-item {\"allowNesting\":false,\"title\":\"\\u003ca href=\\u0022https:\/\/ordnungen.he.uni-mainz.de\/byzantinistik\/\\u0022 data-type=\\u0022link\\u0022 data-id=\\u0022https:\/\/sl.uni-mainz.de\/buchwissenschaft\/\\u0022 target=\\u0022_blank\\u0022 rel=\\u0022noreferrer noopener\\u0022\\u003eExamination regulations (in German)\\u003c\/a\\u003e\",\"uuid\":\"1676040239582\",\"link\":{\"url\":\"https:\/\/ordnungen.he.uni-mainz.de\/byzantinistik\/\"}} \/-->\n\n<!-- wp:jgu\/list-item {\"allowNesting\":false,\"title\":\"\\u003ca href=\\u0022https:\/\/byzantinistik.geschichte.uni-mainz.de\/en\/\\u0022 data-type=\\u0022link\\u0022 data-id=\\u0022https:\/\/byzantinistik.geschichte.uni-mainz.de\/en\/\\u0022 target=\\u0022_blank\\u0022 rel=\\u0022noreferrer noopener\\u0022\\u003eFaculty 07 - Historical Seminar\\u003c\/a\\u003e\",\"uuid\":\"1675695322903\",\"link\":{\"url\":\"https:\/\/byzantinistik.geschichte.uni-mainz.de\/en\/\"}} \/-->\n\n<!-- wp:jgu\/list-item {\"allowNesting\":false,\"title\":\"\\u003ca href=\\u0022https:\/\/www.fachschaft.geschichte.uni-mainz.de\/\\u0022 data-type=\\u0022link\\u0022 data-id=\\u0022https:\/\/www.fachschaft.geschichte.uni-mainz.de\/\\u0022 target=\\u0022_blank\\u0022 rel=\\u0022noreferrer noopener\\u0022\\u003eStudent Council | History\\u003c\/a\\u003e\",\"uuid\":\"1675695342860\",\"link\":{\"url\":\"https:\/\/www.fachschaft.geschichte.uni-mainz.de\/\"}} \/-->\n\n<!-- wp:jgu\/list-item {\"allowNesting\":false,\"title\":\"\\u003ca href=\\u0022https:\/\/www.instagram.com\/fachschaft_geschichte_mainz\/\\u0022 data-type=\\u0022link\\u0022 data-id=\\u0022https:\/\/www.instagram.com\/fachschaft_geschichte_mainz\/\\u0022 target=\\u0022_blank\\u0022 rel=\\u0022noreferrer noopener\\u0022\\u003eInstagram: Student Council | History\\u003c\/a\\u003e\",\"uuid\":\"1675695342860\",\"link\":{\"url\":\"https:\/\/www.instagram.com\/fachschaft_geschichte_mainz\/\"}} \/-->\n<!-- \/wp:jgu\/teaserbox -->\n\n<!-- wp:block {\"ref\":96905} \/-->\n<!-- \/wp:jgu\/slider --><\/div><\/div>\n<!-- \/wp:jgu\/section -->\n\n<!-- wp:jgu\/section {\"color\":\"white\"} -->\n<div class=\"jgu-bgsection bg bg-white \"><div class=\"content padding-medium\"><!-- wp:jgu\/anchorpoint {\"title\":\"Learn how to apply\",\"slug\":\"learn-how-to-apply\"} \/-->\n\n<!-- wp:jgu\/heading {\"index\":\"Applications\",\"tags\":{\"htmlTag\":\"h2\",\"classTag\":\"\",\"tag\":\"h2\"},\"heading\":\"Just a few steps to a spot at university\"} \/-->\n\n<!-- wp:columns {\"className\":\"\"} -->\n<div class=\"wp-block-columns\"><!-- wp:column {\"width\":\"66.66%\"} -->\n<div class=\"wp-block-column\" style=\"flex-basis:66.66%\"><!-- wp:block {\"ref\":69} \/-->\n\n<!-- wp:spacer -->\n<div style=\"height:90px\" aria-hidden=\"true\" class=\"wp-block-spacer\"><\/div>\n<!-- \/wp:spacer -->\n\n<!-- wp:jgu\/modal {\"text\":\"Learn how to apply\"} -->\n<!-- wp:jgu\/heading {\"tags\":{\"htmlTag\":\"h2\",\"classTag\":\"\",\"tag\":\"h2\"},\"heading\":\"Just a few steps to a spot at university\"} \/-->\n\n<!-- wp:jgu\/process-sequence -->\n<!-- wp:jgu\/process-sequence-item {\"blockIndex\":0,\"image\":{\"id\":2118,\"url\":null,\"hideCredit\":true},\"title\":\"How and where do I apply?\"} -->\n<!-- wp:paragraph -->\n<p class=\"has-big-font-size\">You must apply through the <a href=\"https:\/\/www.ucy.ac.cy\/byz\/application\/?lang=en\" data-type=\"link\" data-id=\"https:\/\/sigarra.up.pt\/flup\/en\/WEB_BASE.GERA_PAGINA?p_pagina=2249\" target=\"_blank\" rel=\"noreferrer noopener\">University of Cyprus (UCY)<\/a>.<\/p>\n<!-- \/wp:paragraph -->\n<!-- \/wp:jgu\/process-sequence-item -->\n\n<!-- wp:jgu\/process-sequence-item {\"blockIndex\":1,\"image\":{\"id\":2112,\"url\":null,\"hideCredit\":true},\"title\":\"When are applications due?\"} -->\n<!-- wp:paragraph -->\n<p class=\"has-big-font-size\"><strong>Winter semester application deadline<\/strong><\/p>\n<!-- \/wp:paragraph -->\n\n<!-- wp:paragraph -->\n<p class=\"has-big-font-size\">This will be announced by the Graduate School of the University of Cyprus, UCY (in spring for admission in September). You can find the information on the <a href=\"https:\/\/www.ucy.ac.cy\/byz\/application\/?lang=en\" data-type=\"link\" data-id=\"https:\/\/sigarra.up.pt\/flup\/en\/WEB_BASE.GERA_PAGINA?p_pagina=2249\" target=\"_blank\" rel=\"noreferrer noopener\">UCY<\/a> website.<\/p>\n<!-- \/wp:paragraph -->\n<!-- \/wp:jgu\/process-sequence-item -->\n\n<!-- wp:jgu\/process-sequence-item {\"blockIndex\":2,\"image\":{\"id\":2109,\"url\":null,\"hideCredit\":true},\"title\":\"Is it hard to get in?\"} -->\n<!-- wp:block {\"ref\":85722} \/-->\n\n<!-- wp:spacer {\"height\":\"60px\"} -->\n<div style=\"height:60px\" aria-hidden=\"true\" class=\"wp-block-spacer\"><\/div>\n<!-- \/wp:spacer -->\n\n<!-- wp:block {\"ref\":85728} \/-->\n<!-- \/wp:jgu\/process-sequence-item -->\n\n<!-- wp:jgu\/process-sequence-item {\"blockIndex\":3,\"image\":{\"id\":2115,\"url\":null,\"hideCredit\":true},\"title\":\"What happens next?\"} -->\n<!-- wp:block {\"ref\":1002} \/-->\n<!-- \/wp:jgu\/process-sequence-item -->\n<!-- \/wp:jgu\/process-sequence -->\n<!-- \/wp:jgu\/modal --><\/div>\n<!-- \/wp:column -->\n\n<!-- wp:column {\"width\":\"33.33%\"} -->\n<div class=\"wp-block-column\" style=\"flex-basis:33.33%\"><!-- wp:jgu\/image {\"image\":{\"url\":null,\"id\":63,\"hideCredit\":true,\"hideImageDescription\":true,\"darkBackground\":false}} \/--><\/div>\n<!-- \/wp:column --><\/div>\n<!-- \/wp:columns --><\/div><\/div>\n<!-- \/wp:jgu\/section -->\n\n<!-- wp:jgu\/section {\"color\":\"light\"} -->\n<div class=\"jgu-bgsection bg bg-light \"><div class=\"content padding-medium\"><!-- wp:jgu\/anchorpoint {\"title\":\"Service \\u0026amp; advising\",\"slug\":\"service-advising\"} \/-->\n\n<!-- wp:jgu\/heading {\"index\":\"Service \\u0026amp; advising\",\"tags\":{\"htmlTag\":\"h2\",\"classTag\":\"\",\"tag\":\"h2\"},\"heading\":\"\\u003cstrong\\u003eLooking for more information?\\u003c\/strong\\u003e\"} \/-->\n\n<!-- wp:columns {\"className\":\"\"} -->\n<div class=\"wp-block-columns\"><!-- wp:column {\"width\":\"33.33%\"} -->\n<div class=\"wp-block-column\" style=\"flex-basis:33.33%\"><!-- wp:jgu\/image {\"image\":{\"url\":null,\"id\":18014,\"darkBackground\":true}} \/--><\/div>\n<!-- \/wp:column -->\n\n<!-- wp:column {\"width\":\"66.66%\"} -->\n<div class=\"wp-block-column\" style=\"flex-basis:66.66%\"><!-- wp:jgu\/tabs {\"autoRatio\":false,\"layout\":{\"type\":\"flex\",\"flexWrap\":\"nowrap\",\"justifyContent\":\"left\",\"orientation\":\"vertical\"}} -->\n<!-- wp:jgu\/tabs-item {\"title\":\"Student Advisory Center\",\"slug\":\"student-advisory-center\"} -->\n<!-- wp:paragraph {\"className\":\"has-big-font-size\"} -->\n<p class=\"has-big-font-size\">Do you need support in choosing the right master\u2019s degree program? Do you have questions about the application procedure, the selection process or simply can\u2019t make up your mind?<\/p>\n<!-- \/wp:paragraph -->\n\n<!-- wp:paragraph {\"className\":\"has-big-font-size\"} -->\n<p class=\"has-big-font-size\">The Student Advisory Center is here to help!<\/p>\n<!-- \/wp:paragraph -->\n\n<!-- wp:block {\"ref\":18905} \/-->\n<!-- \/wp:jgu\/tabs-item -->\n\n<!-- wp:jgu\/tabs-item {\"title\":\"Academic Advisory Office\",\"slug\":\"academic-advisory-office\"} -->\n<!-- wp:block {\"ref\":96} \/-->\n\n<!-- wp:jgu\/button -->\n<!-- wp:jgu\/button-item {\"text\":\"All academic advisory services\",\"link\":{\"url\":\"https:\/\/www.studium.uni-mainz.de\/en\/during-your-studies\/service-advising\/academic-advisory-offices\/\",\"linkTarget\":\"\",\"rel\":\"\",\"id\":23221,\"title\":\"Studienfachberatung\",\"type\":\"page\",\"kind\":\"post-type\",\"opensInNewTab\":true}} \/-->\n<!-- \/wp:jgu\/button -->\n<!-- \/wp:jgu\/tabs-item -->\n\n<!-- wp:jgu\/tabs-item {\"title\":\"Student Council\",\"slug\":\"student-council\"} -->\n<!-- wp:block {\"ref\":77141} \/-->\n\n<!-- wp:block {\"ref\":33881} \/-->\n<!-- \/wp:jgu\/tabs-item -->\n<!-- \/wp:jgu\/tabs -->\n\n<!-- wp:paragraph {\"className\":\"has-big-font-size\"} -->\n<p class=\"has-big-font-size\"><\/p>\n<!-- \/wp:paragraph --><\/div>\n<!-- \/wp:column --><\/div>\n<!-- \/wp:columns --><\/div><\/div>\n<!-- \/wp:jgu\/section -->","_links":{"self":[{"href":"https:\/\/www.studium.uni-mainz.de\/en\/wp-json\/wp\/v2\/pages\/207430","targetHints":{"allow":["GET"]}}],"collection":[{"href":"https:\/\/www.studium.uni-mainz.de\/en\/wp-json\/wp\/v2\/pages"}],"about":[{"href":"https:\/\/www.studium.uni-mainz.de\/en\/wp-json\/wp\/v2\/types\/page"}],"author":[{"embeddable":true,"href":"https:\/\/www.studium.uni-mainz.de\/en\/wp-json\/wp\/v2\/users\/30"}],"replies":[{"embeddable":true,"href":"https:\/\/www.studium.uni-mainz.de\/en\/wp-json\/wp\/v2\/comments?post=207430"}],"version-history":[{"count":9,"href":"https:\/\/www.studium.uni-mainz.de\/en\/wp-json\/wp\/v2\/pages\/207430\/revisions"}],"predecessor-version":[{"id":207462,"href":"https:\/\/www.studium.uni-mainz.de\/en\/wp-json\/wp\/v2\/pages\/207430\/revisions\/207462"}],"up":[{"embeddable":true,"href":"https:\/\/www.studium.uni-mainz.de\/en\/wp-json\/wp\/v2\/pages\/45944"}],"wp:attachment":[{"href":"https:\/\/www.studium.uni-mainz.de\/en\/wp-json\/wp\/v2\/media?parent=207430"}],"wp:term":[{"taxonomy":"category","embeddable":true,"href":"https:\/\/www.studium.uni-mainz.de\/en\/wp-json\/wp\/v2\/categories?post=207430"},{"taxonomy":"post_tag","embeddable":true,"href":"https:\/\/www.studium.uni-mainz.de\/en\/wp-json\/wp\/v2\/tags?post=207430"}],"curies":[{"name":"wp","href":"https:\/\/api.w.org\/{rel}","templated":true}]}}