{"id":76736,"date":"2023-06-12T15:06:04","date_gmt":"2023-06-12T13:06:04","guid":{"rendered":"https:\/\/www.studium.uni-mainz.de\/?page_id=76736"},"modified":"2026-03-27T10:37:23","modified_gmt":"2026-03-27T09:37:23","slug":"podcast","status":"publish","type":"page","link":"https:\/\/www.studium.uni-mainz.de\/en\/choosing-your-degree-program\/study-orientation\/podcast\/","title":{"rendered":"Podcast on choosing a degree program"},"content":{"rendered":"<jgu-base-pageheader react-props=\"{\n    &quot;items&quot;: [\n        {\n            &quot;box&quot;: {\n                &quot;index&quot;: &quot;Podcast&quot;,\n                &quot;title&quot;: &quot;Studieren! Aber was? Your Podcast on Choosing a Degree Program&quot;,\n                &quot;link&quot;: {\n                    &quot;url&quot;: &quot;&quot;,\n                    &quot;title&quot;: &quot;learn more&quot;\n                }\n            },\n            &quot;color&quot;: &quot;red&quot;,\n            &quot;image&quot;: {\n                &quot;url&quot;: &quot;https:\\\/\\\/cms.zdv.uni-mainz.de\\\/studium\\\/wp-content\\\/uploads\\\/sites\\\/12\\\/2023\\\/11\\\/Podcast_paffy-scaled.jpeg&quot;,\n                &quot;id&quot;: 48668,\n                &quot;alt&quot;: &quot;Studio condenser microphone with professional headphones and pop-up filter, on acoustic foam panel background with orange side light, copy space on right&quot;,\n                &quot;caption&quot;: &quot;Studio condenser microphone with professional headphones and pop-up filter, on acoustic foam panel background with orange side light, copy space on right&quot;,\n                &quot;credit&quot;: &quot;\\u00a9paffy\\\/stock.adobe.com &quot;,\n                &quot;title&quot;: &quot;Studio condenser microphone with professional headphones acoustic panel&quot;,\n                &quot;width&quot;: 2560,\n                &quot;height&quot;: 1708,\n                &quot;srcset&quot;: &quot;https:\\\/\\\/cms.zdv.uni-mainz.de\\\/studium\\\/wp-content\\\/uploads\\\/sites\\\/12\\\/2023\\\/11\\\/Podcast_paffy-scaled.jpeg 2560w, https:\\\/\\\/cms.zdv.uni-mainz.de\\\/studium\\\/wp-content\\\/uploads\\\/sites\\\/12\\\/2023\\\/11\\\/Podcast_paffy-300x200.jpeg 300w, https:\\\/\\\/cms.zdv.uni-mainz.de\\\/studium\\\/wp-content\\\/uploads\\\/sites\\\/12\\\/2023\\\/11\\\/Podcast_paffy-1024x683.jpeg 1024w, https:\\\/\\\/cms.zdv.uni-mainz.de\\\/studium\\\/wp-content\\\/uploads\\\/sites\\\/12\\\/2023\\\/11\\\/Podcast_paffy-768x512.jpeg 768w, https:\\\/\\\/cms.zdv.uni-mainz.de\\\/studium\\\/wp-content\\\/uploads\\\/sites\\\/12\\\/2023\\\/11\\\/Podcast_paffy-1536x1025.jpeg 1536w, https:\\\/\\\/cms.zdv.uni-mainz.de\\\/studium\\\/wp-content\\\/uploads\\\/sites\\\/12\\\/2023\\\/11\\\/Podcast_paffy-2048x1366.jpeg 2048w&quot;\n            },\n            &quot;imgCredit&quot;: &quot;&quot;,\n            &quot;useVideo&quot;: false,\n            &quot;video&quot;: false\n        }\n    ],\n    &quot;type&quot;: &quot;default&quot;,\n    &quot;useBreadcrumb&quot;: true,\n    &quot;align&quot;: &quot;full&quot;,\n    &quot;quicklinks&quot;: {\n        &quot;show&quot;: false,\n        &quot;selects&quot;: []\n    }\n}\">\n<\/jgu-base-pageheader>\n\n<jgu-base-anchornavigation react-props=\"{\n    &quot;align&quot;: &quot;wide&quot;,\n    &quot;theme&quot;: &quot;white&quot;\n}\">\n    \n<\/jgu-base-anchornavigation>\n\n<div\n\tclass=\"jgu-anchorpoint\"\n\tid=\"concept\"\n\tdata-label=\"Concept\"\n\tdata-hide-in-nav=\"false\"\n\ttabindex=\"0\"\n\tdata-initial-scroll=\"true\"\n><\/div>\n\n\n<jgu-base-section react-props=\"{&quot;color&quot;:&quot;white&quot;,&quot;align&quot;:&quot;wide&quot;,&quot;padding&quot;:&quot;medium&quot;}\">\n<div class=\"jgu-bgsection bg bg-white \"><div class=\"content padding-medium\"><jgu-base-heading react-props=\"{\n    &quot;index&quot;: &quot;Study orientation &amp;amp; choosing a degree program&quot;,\n    &quot;tags&quot;: {\n        &quot;htmlTag&quot;: &quot;h2&quot;,\n        &quot;classTag&quot;: &quot;&quot;,\n        &quot;tag&quot;: &quot;h2&quot;\n    },\n    &quot;heading&quot;: &quot;Studieren! Aber was? Your Podcast on Choosing a Degree Program&quot;,\n    &quot;textAlign&quot;: &quot;left&quot;,\n    &quot;anchor&quot;: &quot;&quot;,\n    &quot;color&quot;: &quot;red&quot;\n}\"><\/jgu-base-heading>\n\n\n\n<div class=\"wp-block-columns is-layout-flex wp-container-core-columns-is-layout-9d6595d7 wp-block-columns-is-layout-flex\">\n<div class=\"wp-block-column is-layout-flow wp-block-column-is-layout-flow\" style=\"flex-basis:60%\">\n<p class=\"has-big-font-size\">It is not always easy to find the right degree program. What\u2019s the best way to figure it out?<\/p>\n\n\n\n<p class=\"has-big-font-size\">In the podcast \u201cStudieren! Aber was?\u201d (\u201cStudy! But what?\u201d), academic advisors Franziska, Annabelle, and Julia provide simple <strong>tips and suggestions on how to find the right program of study for you<\/strong> and what you should look out for when choosing your degree. <\/p>\n\n\n\n<p class=\"has-big-font-size\">You can also learn more about <strong>individual subjects<\/strong>. Annabelle and Franziska each talk to a student at Mainz University and ask them what it is like to study a particular subject, what you need to know, and what career opportunities it opens up.<\/p>\n\n\n\n<p class=\"has-big-font-size\">Trying to find the right program of study? Let our podcast be your guide!<\/p>\n\n\n\n<p class=\"has-big-font-size\"><strong>Please note: All episodes of the podcast are in German.<\/strong> <\/p>\n\n\n\n<p class=\"has-big-font-size\">You can find them on all major podcast streaming platforms. <\/p>\n\n\n\n<p class=\"has-big-font-size\">Just browse and listen!<\/p>\n<\/div>\n\n\n\n<div class=\"wp-block-column is-vertically-aligned-bottom has-medium-font-size is-layout-flow wp-block-column-is-layout-flow\" style=\"flex-basis:33%\"><jgu-base-teaserbox react-props=\"{\n    &quot;headline&quot;: {\n        &quot;htmlTag&quot;: &quot;h2&quot;,\n        &quot;classTag&quot;: &quot;&quot;,\n        &quot;tag&quot;: &quot;h2&quot;\n    },\n    &quot;image&quot;: {\n        &quot;id&quot;: 104576,\n        &quot;url&quot;: &quot;https:\\\/\\\/cms.zdv.uni-mainz.de\\\/studium\\\/wp-content\\\/uploads\\\/sites\\\/12\\\/2024\\\/04\\\/Podcast_mitGast_04-1.svg&quot;,\n        &quot;credit&quot;: &quot;\\u00a9 Rebekka Sch\\u00f6nefu\\u00df Grafikdesign\\\/Illustration&quot;,\n        &quot;hideCredit&quot;: true,\n        &quot;caption&quot;: &quot;zwei Podcasterinnen mit Gast sitzen gemeinsam am Tisch und lachen w\\u00e4hrend einer Podcastaufnahme&quot;,\n        &quot;title&quot;: &quot;Podcast_mitGast_04&quot;\n    },\n    &quot;useLinkList&quot;: true,\n    &quot;linkList&quot;: {\n        &quot;0&quot;: {\n            &quot;text&quot;: &quot;&lt;a href=\\&quot;https:\\\/\\\/open.spotify.com\\\/show\\\/6hloQwuQ8y5wPMV67MyVAw#:~:text=In%20dieser%20LIVE%2DAufzeichung%20vom,nach%20dem%20passenden%20Studienfach%20sind.\\&quot; target=\\&quot;_blank\\&quot; rel=\\&quot;noreferrer noopener\\&quot;&gt;Spotify&lt;\\\/a&gt;&quot;,\n            &quot;icon&quot;: &quot;info&quot;,\n            &quot;link&quot;: {\n                &quot;url&quot;: &quot;https:\\\/\\\/open.spotify.com\\\/show\\\/6hloQwuQ8y5wPMV67MyVAw#:~:text=In%20dieser%20LIVE%2DAufzeichung%20vom,nach%20dem%20passenden%20Studienfach%20sind.&quot;\n            }\n        },\n        &quot;1&quot;: {\n            &quot;text&quot;: &quot;&lt;a href=\\&quot;https:\\\/\\\/podcasts.apple.com\\\/de\\\/podcast\\\/studieren-aber-was\\\/id1523620014\\&quot; target=\\&quot;_blank\\&quot; rel=\\&quot;noreferrer noopener\\&quot;&gt;Apple Podcasts&lt;\\\/a&gt;&quot;,\n            &quot;icon&quot;: &quot;info&quot;,\n            &quot;link&quot;: {\n                &quot;url&quot;: &quot;https:\\\/\\\/podcasts.apple.com\\\/de\\\/podcast\\\/studieren-aber-was\\\/id1523620014&quot;\n            }\n        },\n        &quot;2&quot;: {\n            &quot;text&quot;: &quot;&lt;a href=\\&quot;https:\\\/\\\/www.deezer.com\\\/de\\\/show\\\/1511382\\&quot; target=\\&quot;_blank\\&quot; rel=\\&quot;noreferrer noopener\\&quot;&gt;Deezer &lt;\\\/a&gt;&quot;,\n            &quot;icon&quot;: &quot;info&quot;,\n            &quot;link&quot;: {\n                &quot;url&quot;: &quot;https:\\\/\\\/www.deezer.com\\\/de\\\/show\\\/1511382&quot;\n            }\n        },\n        &quot;3&quot;: {\n            &quot;text&quot;: &quot;&lt;a href=\\&quot;https:\\\/\\\/music.amazon.de\\\/podcasts\\\/69cbe9d5-be1c-43b4-9309-76660e054067\\\/studieren-aber-was\\&quot; data-type=\\&quot;link\\&quot; data-id=\\&quot;https:\\\/\\\/music.amazon.de\\\/podcasts\\\/69cbe9d5-be1c-43b4-9309-76660e054067\\\/studieren-aber-was\\&quot; target=\\&quot;_blank\\&quot; rel=\\&quot;noreferrer noopener\\&quot;&gt;Amazon Music&lt;\\\/a&gt;&quot;,\n            &quot;icon&quot;: &quot;info&quot;,\n            &quot;link&quot;: {\n                &quot;url&quot;: &quot;https:\\\/\\\/music.amazon.de\\\/podcasts\\\/69cbe9d5-be1c-43b4-9309-76660e054067\\\/studieren-aber-was&quot;\n            }\n        },\n        &quot;4&quot;: {\n            &quot;text&quot;: &quot;&lt;a href=\\&quot;https:\\\/\\\/studieren-aber-was.podigee.io\\\/\\&quot;&gt;Podigee&lt;\\\/a&gt;&quot;,\n            &quot;icon&quot;: &quot;info&quot;,\n            &quot;link&quot;: {\n                &quot;url&quot;: &quot;https:\\\/\\\/studieren-aber-was.podigee.io\\\/&quot;\n            }\n        }\n    },\n    &quot;color&quot;: &quot;blue&quot;,\n    &quot;title&quot;: &quot;Where can I find the podcast?&quot;,\n    &quot;excerpt&quot;: &quot;You can find the podcast on all popular streaming platforms. &quot;,\n    &quot;linkTitle&quot;: &quot;learn more&quot;,\n    &quot;overboxImage&quot;: true,\n    &quot;template&quot;: &quot;linkList&quot;,\n    &quot;align&quot;: &quot;wide&quot;,\n    &quot;icon&quot;: &quot;&quot;,\n    &quot;iconColor&quot;: &quot;default&quot;,\n    &quot;isCalendar&quot;: false,\n    &quot;iconBoxed&quot;: false,\n    &quot;hideThumbnail&quot;: false,\n    &quot;type&quot;: &quot;boxed&quot;,\n    &quot;index&quot;: &quot;&quot;,\n    &quot;linkStyle&quot;: &quot;default&quot;,\n    &quot;differingHeadlineColor&quot;: false,\n    &quot;headlineColor&quot;: &quot;&quot;,\n    &quot;textPositionBottom&quot;: false,\n    &quot;video&quot;: {\n        &quot;provider&quot;: &quot;youtube&quot;,\n        &quot;id&quot;: &quot;&quot;,\n        &quot;poster&quot;: &quot;&quot;\n    },\n    &quot;audioUrl&quot;: &quot;&quot;,\n    &quot;unbound&quot;: false\n}\">\n    \n<jgu-base-listitem react-props=\"{\n    &quot;allowNesting&quot;: false,\n    &quot;title&quot;: &quot;&lt;a href=\\&quot;https:\\\/\\\/open.spotify.com\\\/show\\\/6hloQwuQ8y5wPMV67MyVAw#:~:text=In%20dieser%20LIVE%2DAufzeichung%20vom,nach%20dem%20passenden%20Studienfach%20sind.\\&quot; target=\\&quot;_blank\\&quot; rel=\\&quot;noreferrer noopener\\&quot;&gt;Spotify&lt;\\\/a&gt;&quot;,\n    &quot;uuid&quot;: &quot;1703240251929&quot;,\n    &quot;link&quot;: {\n        &quot;url&quot;: &quot;https:\\\/\\\/open.spotify.com\\\/show\\\/6hloQwuQ8y5wPMV67MyVAw#:~:text=In%20dieser%20LIVE%2DAufzeichung%20vom,nach%20dem%20passenden%20Studienfach%20sind.&quot;\n    },\n    &quot;align&quot;: &quot;wide&quot;,\n    &quot;showInActions&quot;: false,\n    &quot;icon&quot;: &quot;&quot;,\n    &quot;showExpandableContent&quot;: false,\n    &quot;expandableContent&quot;: &quot;&quot;\n}\">\n    \n<\/jgu-base-listitem>\n\n<jgu-base-listitem react-props=\"{\n    &quot;allowNesting&quot;: false,\n    &quot;title&quot;: &quot;&lt;a href=\\&quot;https:\\\/\\\/podcasts.apple.com\\\/de\\\/podcast\\\/studieren-aber-was\\\/id1523620014\\&quot; target=\\&quot;_blank\\&quot; rel=\\&quot;noreferrer noopener\\&quot;&gt;Apple Podcasts&lt;\\\/a&gt;&quot;,\n    &quot;uuid&quot;: &quot;1703240262623&quot;,\n    &quot;link&quot;: {\n        &quot;url&quot;: &quot;https:\\\/\\\/podcasts.apple.com\\\/de\\\/podcast\\\/studieren-aber-was\\\/id1523620014&quot;\n    },\n    &quot;align&quot;: &quot;wide&quot;,\n    &quot;showInActions&quot;: false,\n    &quot;icon&quot;: &quot;&quot;,\n    &quot;showExpandableContent&quot;: false,\n    &quot;expandableContent&quot;: &quot;&quot;\n}\">\n    \n<\/jgu-base-listitem>\n\n<jgu-base-listitem react-props=\"{\n    &quot;allowNesting&quot;: false,\n    &quot;title&quot;: &quot;&lt;a href=\\&quot;https:\\\/\\\/www.deezer.com\\\/de\\\/show\\\/1511382\\&quot; target=\\&quot;_blank\\&quot; rel=\\&quot;noreferrer noopener\\&quot;&gt;Deezer &lt;\\\/a&gt;&quot;,\n    &quot;uuid&quot;: &quot;1703240279107&quot;,\n    &quot;link&quot;: {\n        &quot;url&quot;: &quot;https:\\\/\\\/www.deezer.com\\\/de\\\/show\\\/1511382&quot;\n    },\n    &quot;align&quot;: &quot;wide&quot;,\n    &quot;showInActions&quot;: false,\n    &quot;icon&quot;: &quot;&quot;,\n    &quot;showExpandableContent&quot;: false,\n    &quot;expandableContent&quot;: &quot;&quot;\n}\">\n    \n<\/jgu-base-listitem>\n\n<jgu-base-listitem react-props=\"{\n    &quot;allowNesting&quot;: false,\n    &quot;title&quot;: &quot;&lt;a href=\\&quot;https:\\\/\\\/music.amazon.de\\\/podcasts\\\/69cbe9d5-be1c-43b4-9309-76660e054067\\\/studieren-aber-was\\&quot; data-type=\\&quot;link\\&quot; data-id=\\&quot;https:\\\/\\\/music.amazon.de\\\/podcasts\\\/69cbe9d5-be1c-43b4-9309-76660e054067\\\/studieren-aber-was\\&quot; target=\\&quot;_blank\\&quot; rel=\\&quot;noreferrer noopener\\&quot;&gt;Amazon Music&lt;\\\/a&gt;&quot;,\n    &quot;uuid&quot;: &quot;1703240291988&quot;,\n    &quot;link&quot;: {\n        &quot;url&quot;: &quot;https:\\\/\\\/music.amazon.de\\\/podcasts\\\/69cbe9d5-be1c-43b4-9309-76660e054067\\\/studieren-aber-was&quot;\n    },\n    &quot;align&quot;: &quot;wide&quot;,\n    &quot;showInActions&quot;: false,\n    &quot;icon&quot;: &quot;&quot;,\n    &quot;showExpandableContent&quot;: false,\n    &quot;expandableContent&quot;: &quot;&quot;\n}\">\n    \n<\/jgu-base-listitem>\n\n<jgu-base-listitem react-props=\"{\n    &quot;allowNesting&quot;: false,\n    &quot;title&quot;: &quot;&lt;a href=\\&quot;https:\\\/\\\/studieren-aber-was.podigee.io\\\/\\&quot;&gt;Podigee&lt;\\\/a&gt;&quot;,\n    &quot;uuid&quot;: &quot;1726739158548&quot;,\n    &quot;link&quot;: {\n        &quot;url&quot;: &quot;https:\\\/\\\/studieren-aber-was.podigee.io\\\/&quot;\n    },\n    &quot;align&quot;: &quot;wide&quot;,\n    &quot;showInActions&quot;: false,\n    &quot;icon&quot;: &quot;&quot;,\n    &quot;showExpandableContent&quot;: false,\n    &quot;expandableContent&quot;: &quot;&quot;\n}\">\n    \n<\/jgu-base-listitem>\n\n<\/jgu-base-teaserbox><\/div>\n<\/div>\n<\/div><\/div>\n<\/jgu-base-section>\n\n\n<div style=\"height:55px\" aria-hidden=\"true\" class=\"wp-block-spacer\"><\/div>\n\n\n<jgu-base-section react-props=\"{&quot;color&quot;:&quot;dark&quot;,&quot;align&quot;:&quot;wide&quot;,&quot;padding&quot;:&quot;medium&quot;}\">\n<div class=\"jgu-bgsection bg bg-dark \"><div class=\"content padding-medium\"><div\n\tclass=\"jgu-anchorpoint\"\n\tid=\"testimonials\"\n\tdata-label=\"Testimonials\"\n\tdata-hide-in-nav=\"false\"\n\ttabindex=\"0\"\n\tdata-initial-scroll=\"true\"\n><\/div>\n\n\n\n<div style=\"height:69px\" aria-hidden=\"true\" class=\"wp-block-spacer\"><\/div>\n\n\n<jgu-base-heading react-props=\"{\n    &quot;index&quot;: &quot;Testimonials&quot;,\n    &quot;color&quot;: &quot;default&quot;,\n    &quot;tags&quot;: {\n        &quot;htmlTag&quot;: &quot;h2&quot;,\n        &quot;classTag&quot;: &quot;&quot;,\n        &quot;tag&quot;: &quot;h2&quot;\n    },\n    &quot;heading&quot;: &quot;What do listeners of the podcast think?&quot;,\n    &quot;textAlign&quot;: &quot;left&quot;,\n    &quot;anchor&quot;: &quot;&quot;\n}\"><\/jgu-base-heading>\n\n\n\n<div class=\"wp-block-columns is-layout-flex wp-container-core-columns-is-layout-9d6595d7 wp-block-columns-is-layout-flex\">\n<div class=\"wp-block-column is-layout-flow wp-block-column-is-layout-flow\"><jgu-base-testimonial react-props=\"{\n    &quot;zitat&quot;: &quot;In the very first episodes, the podcast made me question my interests, skills, and values \\u2013 in short, myself. This helped me to get to know myself better so that I could find my way through the maze of subjects much more easily. The episodes on individual subjects helped me to include or rule out certain subjects according to my expectations and to make the decision that was best for me.&quot;,\n    &quot;subline&quot;: &quot;Sarah, secondary school graduate&quot;,\n    &quot;background&quot;: &quot;&quot;,\n    &quot;align&quot;: &quot;wide&quot;,\n    &quot;enableVideo&quot;: false,\n    &quot;video&quot;: {\n        &quot;provider&quot;: &quot;youtube&quot;,\n        &quot;id&quot;: &quot;&quot;,\n        &quot;poster&quot;: &quot;&quot;\n    },\n    &quot;title&quot;: &quot;&quot;,\n    &quot;buttonText&quot;: &quot;Play Video&quot;,\n    &quot;displayType&quot;: &quot;row&quot;,\n    &quot;color&quot;: &quot;red&quot;,\n    &quot;bigZitat&quot;: false,\n    &quot;useBackground&quot;: false,\n    &quot;fullWithImage&quot;: false\n}\"><\/jgu-base-testimonial><\/div>\n\n\n\n<div class=\"wp-block-column is-layout-flow wp-block-column-is-layout-flow\"><jgu-base-testimonial react-props=\"{\n    &quot;zitat&quot;: &quot;How I wish the podcast \\u201cStudieren! Aber was?\\u201d had existed when I was choosing my degree program! I particularly appreciate the fact that the students talk about their personal experiences and don&#039;t leave out the difficult parts of their choices. As someone who switched programs, it was reassuring to hear that I am not alone in this experience.&quot;,\n    &quot;subline&quot;: &quot;Jan, medical student&quot;,\n    &quot;background&quot;: &quot;&quot;,\n    &quot;align&quot;: &quot;wide&quot;,\n    &quot;enableVideo&quot;: false,\n    &quot;video&quot;: {\n        &quot;provider&quot;: &quot;youtube&quot;,\n        &quot;id&quot;: &quot;&quot;,\n        &quot;poster&quot;: &quot;&quot;\n    },\n    &quot;title&quot;: &quot;&quot;,\n    &quot;buttonText&quot;: &quot;Play Video&quot;,\n    &quot;displayType&quot;: &quot;row&quot;,\n    &quot;color&quot;: &quot;red&quot;,\n    &quot;bigZitat&quot;: false,\n    &quot;useBackground&quot;: false,\n    &quot;fullWithImage&quot;: false\n}\"><\/jgu-base-testimonial><\/div>\n\n\n\n<div class=\"wp-block-column is-layout-flow wp-block-column-is-layout-flow\"><jgu-base-testimonial react-props=\"{\n    &quot;zitat&quot;: &quot;Like many others, I didn&#039;t know what to do after graduating from secondary school. The podcast would have helped me a lot at the time to make a well-informed decision from the huge selection of subjects. I particularly like the authentic and often surprising insights that the students give into their subjects and how friendly the two presenters are.&quot;,\n    &quot;subline&quot;: &quot;Theresa, former university student&quot;,\n    &quot;background&quot;: &quot;&quot;,\n    &quot;align&quot;: &quot;wide&quot;,\n    &quot;enableVideo&quot;: false,\n    &quot;video&quot;: {\n        &quot;provider&quot;: &quot;youtube&quot;,\n        &quot;id&quot;: &quot;&quot;,\n        &quot;poster&quot;: &quot;&quot;\n    },\n    &quot;title&quot;: &quot;&quot;,\n    &quot;buttonText&quot;: &quot;Play Video&quot;,\n    &quot;displayType&quot;: &quot;row&quot;,\n    &quot;color&quot;: &quot;red&quot;,\n    &quot;bigZitat&quot;: false,\n    &quot;useBackground&quot;: false,\n    &quot;fullWithImage&quot;: false\n}\"><\/jgu-base-testimonial><\/div>\n<\/div>\n<\/div><\/div>\n<\/jgu-base-section>\n\n\n<div style=\"height:55px\" aria-hidden=\"true\" class=\"wp-block-spacer\"><\/div>\n\n\n<jgu-base-section react-props=\"{&quot;color&quot;:&quot;white&quot;,&quot;align&quot;:&quot;wide&quot;,&quot;padding&quot;:&quot;medium&quot;}\">\n<div class=\"jgu-bgsection bg bg-white \"><div class=\"content padding-medium\"><div\n\tclass=\"jgu-anchorpoint\"\n\tid=\"all-episodes\"\n\tdata-label=\"All episodes\"\n\tdata-hide-in-nav=\"false\"\n\ttabindex=\"0\"\n\tdata-initial-scroll=\"true\"\n><\/div>\n\n\n<jgu-base-heading react-props=\"{\n    &quot;index&quot;: &quot;Podcast episodes&quot;,\n    &quot;color&quot;: &quot;default&quot;,\n    &quot;tags&quot;: {\n        &quot;htmlTag&quot;: &quot;h2&quot;,\n        &quot;classTag&quot;: &quot;&quot;,\n        &quot;tag&quot;: &quot;h2&quot;\n    },\n    &quot;heading&quot;: &quot;All previous episodes at a glance&quot;,\n    &quot;textAlign&quot;: &quot;left&quot;,\n    &quot;anchor&quot;: &quot;&quot;\n}\"><\/jgu-base-heading>\n\n\n<jgu-base-alertbox react-props=\"{\n    &quot;children&quot;: &quot;&lt;strong&gt;Due to technical difficulties, the podcast episodes are currently only accessible over the most common external steaming platforms.&quot;,\n    &quot;icon&quot;: &quot;exclamation-triangle-solid&quot;,\n    &quot;iconColor&quot;: &quot;red&quot;,\n    &quot;headline&quot;: &quot;&quot;,\n    &quot;headlineColor&quot;: &quot;dark&quot;,\n    &quot;subline&quot;: &quot;&quot;,\n    &quot;iconOverHeadline&quot;: false,\n    &quot;isPreview&quot;: false\n}\">\n    \n<\/jgu-base-alertbox>\n\n\n<div class=\"wp-block-columns is-layout-flex wp-container-core-columns-is-layout-9d6595d7 wp-block-columns-is-layout-flex\">\n<div class=\"wp-block-column is-layout-flow wp-block-column-is-layout-flow\" style=\"flex-basis:33.33%\"><jgu-base-image react-props=\"{\n    &quot;image&quot;: {\n        &quot;url&quot;: &quot;https:\\\/\\\/cms.zdv.uni-mainz.de\\\/studium\\\/wp-content\\\/uploads\\\/sites\\\/12\\\/2023\\\/10\\\/Podcast_zuhause.svg&quot;,\n        &quot;id&quot;: 29543,\n        &quot;hideCredit&quot;: true,\n        &quot;alt&quot;: &quot;Illustration im Flat-Design von einer Podcasth\\u00f6rerin&quot;,\n        &quot;credit&quot;: &quot;\\u00a9 Rebekka Sch\\u00f6nefu\\u00df Grafikdesign\\\/Illustration&quot;,\n        &quot;title&quot;: &quot;Podcast_zuhause&quot;\n    },\n    &quot;align&quot;: &quot;&quot;,\n    &quot;hasLightbox&quot;: false,\n    &quot;caption&quot;: &quot;&quot;,\n    &quot;imgWidth&quot;: 0,\n    &quot;link&quot;: {\n        &quot;url&quot;: &quot;&quot;,\n        &quot;target&quot;: &quot;&quot;,\n        &quot;rel&quot;: &quot;&quot;\n    }\n}\" class=\"align-\">\n    \n<\/jgu-base-image><\/div>\n\n\n\n<div class=\"wp-block-column is-layout-flow wp-block-column-is-layout-flow\" style=\"flex-basis:66.66%\"><jgu-base-accordion react-props=\"{&quot;selected&quot;:1,&quot;hasAllOpenButton&quot;:false,&quot;onlyOne&quot;:true,&quot;enableSearch&quot;:true,&quot;align&quot;:&quot;wide&quot;,&quot;initAllClosed&quot;:true}\">\n    \n<jgu-base-accordionitem react-props=\"{&quot;title&quot;:&quot;Episode 57: Was macht man in Polonistik?&quot;,&quot;init&quot;:false,&quot;slug&quot;:&quot;episode-57-was-macht-man-in-polonistik&quot;,&quot;align&quot;:&quot;wide&quot;,&quot;customSlug&quot;:false}\">\n    \n\n<p class=\"has-big-font-size\">This episode falls into the category of linguistics and cultural studies. Our guest Zuzanna is a student of Slavic Studies with a focus on Polish Studies. If you are interested in eastern European cultures and languages and you want to take a closer look at the history, society and politics of this cultural space, then this degree program is the right one for you! Let\u2019s see what it\u2019s all about.<\/p>\n\n\n\n<div class=\"wp-block-columns is-layout-flex wp-container-core-columns-is-layout-9d6595d7 wp-block-columns-is-layout-flex\">\n<div class=\"wp-block-column is-vertically-aligned-top is-layout-flow wp-block-column-is-layout-flow\"><jgu-base-image react-props=\"{\n    &quot;image&quot;: {\n        &quot;url&quot;: &quot;https:\\\/\\\/cms.zdv.uni-mainz.de\\\/studium\\\/wp-content\\\/uploads\\\/sites\\\/12\\\/2023\\\/02\\\/Slavistik-Polonistik-BA.jpg&quot;,\n        &quot;id&quot;: 264,\n        &quot;credit&quot;: &quot;Robert\\\/ #187767428\\\/ stock.adobe.com&quot;,\n        &quot;title&quot;: &quot;\\u015awi\\u0119ty Szymon i palmy wielkanocne&quot;,\n        &quot;width&quot;: 1250,\n        &quot;height&quot;: 700,\n        &quot;srcset&quot;: &quot;https:\\\/\\\/cms.zdv.uni-mainz.de\\\/studium\\\/wp-content\\\/uploads\\\/sites\\\/12\\\/2023\\\/02\\\/Slavistik-Polonistik-BA.jpg 1250w, https:\\\/\\\/cms.zdv.uni-mainz.de\\\/studium\\\/wp-content\\\/uploads\\\/sites\\\/12\\\/2023\\\/02\\\/Slavistik-Polonistik-BA-300x168.jpg 300w, https:\\\/\\\/cms.zdv.uni-mainz.de\\\/studium\\\/wp-content\\\/uploads\\\/sites\\\/12\\\/2023\\\/02\\\/Slavistik-Polonistik-BA-1024x573.jpg 1024w, https:\\\/\\\/cms.zdv.uni-mainz.de\\\/studium\\\/wp-content\\\/uploads\\\/sites\\\/12\\\/2023\\\/02\\\/Slavistik-Polonistik-BA-768x430.jpg 768w&quot;\n    },\n    &quot;align&quot;: &quot;&quot;,\n    &quot;hasLightbox&quot;: false,\n    &quot;caption&quot;: &quot;&quot;,\n    &quot;imgWidth&quot;: 0,\n    &quot;link&quot;: {\n        &quot;url&quot;: &quot;&quot;,\n        &quot;target&quot;: &quot;&quot;,\n        &quot;rel&quot;: &quot;&quot;\n    }\n}\" class=\"align-\">\n    \n<\/jgu-base-image><\/div>\n\n\n\n<div class=\"wp-block-column is-layout-flow wp-block-column-is-layout-flow\"><jgu-base-alertbox react-props=\"{\n    &quot;headline&quot;: &quot;&lt;strong&gt;Links&lt;\\\/strong&gt;&quot;,\n    &quot;subline&quot;: &quot;&lt;a href=\\&quot;https:\\\/\\\/www.hochschulkompass.de\\\/en\\\/study-in-germany.html\\&quot; target=\\&quot;_blank\\&quot; rel=\\&quot;noreferrer noopener\\&quot;&gt;Higher Education Compass&lt;\\\/a&gt;&lt;br&gt;&lt;a href=\\&quot;https:\\\/\\\/www.studium.uni-mainz.de\\\/en\\\/choosing-your-degree-program\\\/courses-offered\\\/slavic-studies-eastern-european-studies-focus-polish-studies-ba\\\/\\&quot;&gt;Slavic\\u00a0\\\/\\u00a0Eastern European Studies\\u00a0\\u2013 Focus on Polish Studies (M.A.)&lt;br&gt;&lt;a href=\\&quot;https:\\\/\\\/www.instagram.com\\\/mainzerpolonicum\\\/\\&quot;&gt;Mainz Polonicum on Instagram&lt;\\\/a&gt;&lt;br&gt;&lt;br&gt;&quot;,\n    &quot;iconColor&quot;: &quot;red&quot;,\n    &quot;headlineColor&quot;: &quot;dark&quot;,\n    &quot;children&quot;: &quot;&quot;,\n    &quot;icon&quot;: &quot;&quot;,\n    &quot;iconOverHeadline&quot;: false,\n    &quot;isPreview&quot;: false\n}\">\n    \n<\/jgu-base-alertbox><\/div>\n<\/div>\n\n\n<\/jgu-base-accordionitem>\n\n<jgu-base-accordionitem react-props=\"{&quot;title&quot;:&quot;Episode 56: Was macht man in Portugiesisch?&quot;,&quot;init&quot;:false,&quot;slug&quot;:&quot;episode-56-was-macht-man-in-portugiesisch&quot;,&quot;align&quot;:&quot;wide&quot;,&quot;customSlug&quot;:false}\">\n    \n\n<p class=\"has-big-font-size\">With over 250 million speakers, Portuguese is one of the most widely spoken languages in the world. If you choose this program of study, you will become an expert on the countries and regions within Europe, the Americas, Africa, and Asia where Portuguese is spoken. You will learn to read, understand, and interpret Portuguese texts and get to know different cultures. The history of the Portuguese-speaking world also makes up a key component of the degree program. Sounds interesting? Then listen to what Mirco has to say about his program of study.<\/p>\n\n\n\n<div class=\"wp-block-columns is-layout-flex wp-container-core-columns-is-layout-9d6595d7 wp-block-columns-is-layout-flex\">\n<div class=\"wp-block-column is-vertically-aligned-top is-layout-flow wp-block-column-is-layout-flow\"><jgu-base-image react-props=\"{\n    &quot;image&quot;: {\n        &quot;url&quot;: &quot;https:\\\/\\\/cms.zdv.uni-mainz.de\\\/studium\\\/wp-content\\\/uploads\\\/sites\\\/12\\\/2023\\\/02\\\/Portugiesisch-BA.jpg&quot;,\n        &quot;id&quot;: 249,\n        &quot;caption&quot;: &quot;Traditional ornate portuguese decorative tiles (azulejos) on a building facade - close up photo in yellow, blue and white colors&quot;,\n        &quot;credit&quot;: &quot;MelissaMN\\\/ #318229986\\\/ stock.adobe.com&quot;,\n        &quot;title&quot;: &quot;Traditional ornate portuguese decorative tiles (azulejos) on a b&quot;,\n        &quot;width&quot;: 1250,\n        &quot;height&quot;: 700,\n        &quot;srcset&quot;: &quot;https:\\\/\\\/cms.zdv.uni-mainz.de\\\/studium\\\/wp-content\\\/uploads\\\/sites\\\/12\\\/2023\\\/02\\\/Portugiesisch-BA.jpg 1250w, https:\\\/\\\/cms.zdv.uni-mainz.de\\\/studium\\\/wp-content\\\/uploads\\\/sites\\\/12\\\/2023\\\/02\\\/Portugiesisch-BA-300x168.jpg 300w, https:\\\/\\\/cms.zdv.uni-mainz.de\\\/studium\\\/wp-content\\\/uploads\\\/sites\\\/12\\\/2023\\\/02\\\/Portugiesisch-BA-1024x573.jpg 1024w, https:\\\/\\\/cms.zdv.uni-mainz.de\\\/studium\\\/wp-content\\\/uploads\\\/sites\\\/12\\\/2023\\\/02\\\/Portugiesisch-BA-768x430.jpg 768w&quot;\n    },\n    &quot;link&quot;: {\n        &quot;url&quot;: &quot;https:\\\/\\\/www.studium.uni-mainz.de\\\/en\\\/choosing-your-degree-program\\\/courses-offered\\\/portuguese-ba\\\/&quot;,\n        &quot;linkTarget&quot;: &quot;_blank&quot;,\n        &quot;rel&quot;: &quot;noreferrer noopener&quot;\n    },\n    &quot;align&quot;: &quot;&quot;,\n    &quot;hasLightbox&quot;: false,\n    &quot;caption&quot;: &quot;&quot;,\n    &quot;imgWidth&quot;: 0\n}\" class=\"align-\">\n    \n<\/jgu-base-image><\/div>\n\n\n\n<div class=\"wp-block-column is-layout-flow wp-block-column-is-layout-flow\"><jgu-base-alertbox react-props=\"{\n    &quot;headline&quot;: &quot;&lt;strong&gt;Links&lt;\\\/strong&gt;&quot;,\n    &quot;subline&quot;: &quot;&lt;a href=\\&quot;https:\\\/\\\/www.hochschulkompass.de\\\/en\\\/study-in-germany.html\\&quot; target=\\&quot;_blank\\&quot; rel=\\&quot;noreferrer noopener\\&quot;&gt;Higher Education Compass&lt;\\\/a&gt;&lt;br&gt;&lt;a href=\\&quot;https:\\\/\\\/www.studium.uni-mainz.de\\\/en\\\/choosing-your-degree-program\\\/courses-offered\\\/portuguese-ba\\\/\\&quot; data-type=\\&quot;link\\&quot; data-id=\\&quot;https:\\\/\\\/www.studium.uni-mainz.de\\\/studienwahl\\\/studienangebot\\\/physik-bsc\\\/\\&quot; target=\\&quot;_blank\\&quot; rel=\\&quot;noreferrer noopener\\&quot;&gt;Portuguese degree description&lt;\\\/a&gt;&quot;,\n    &quot;iconColor&quot;: &quot;red&quot;,\n    &quot;headlineColor&quot;: &quot;dark&quot;,\n    &quot;children&quot;: &quot;&quot;,\n    &quot;icon&quot;: &quot;&quot;,\n    &quot;iconOverHeadline&quot;: false,\n    &quot;isPreview&quot;: false\n}\">\n    \n<\/jgu-base-alertbox><\/div>\n<\/div>\n\n\n<\/jgu-base-accordionitem>\n\n<jgu-base-accordionitem react-props=\"{&quot;title&quot;:&quot;Episode 55: Summer Special 2\\u00a0\\u2013 Studis geben Tipps zur Studienwahl (LIVE in Mainz)&quot;,&quot;init&quot;:false,&quot;slug&quot;:&quot;episode-55-summer-special-2-studis-geben-tipps-zur-studienwahl-live-in-mainz&quot;,&quot;align&quot;:&quot;wide&quot;,&quot;customSlug&quot;:false}\">\n    \n\n<p class=\"has-big-font-size\">We have recorded another LIVE episode. Similarly to last summer, we took to the stage during the university open house to speak with JGU students about the degree programs they chose. What helped you when deciding what to study? How did you overcome doubts? What tips do you have for those still deciding what to study?<\/p>\n\n\n\n<div class=\"wp-block-columns is-layout-flex wp-container-core-columns-is-layout-9d6595d7 wp-block-columns-is-layout-flex\">\n<div class=\"wp-block-column is-vertically-aligned-top is-layout-flow wp-block-column-is-layout-flow\"><jgu-base-image react-props=\"{\n    &quot;image&quot;: {\n        &quot;url&quot;: &quot;https:\\\/\\\/cms.zdv.uni-mainz.de\\\/studium\\\/wp-content\\\/uploads\\\/sites\\\/12\\\/2023\\\/08\\\/Buehne_TdoU_Foto\\u00a9-Stefan-F.-Saemmer-1.jpg&quot;,\n        &quot;id&quot;: 20462,\n        &quot;caption&quot;: &quot;JGU Tag der offenen Universit\\u00e4t 05.07.2023 &quot;,\n        &quot;credit&quot;: &quot;\\u00a9 Stefan S\\u00e4mmer&quot;,\n        &quot;title&quot;: &quot;JGU Tag der offenen Universit\\u00e4t 05.07.2023 Foto: Stefan S\\u00e4mmer&quot;,\n        &quot;width&quot;: 8165,\n        &quot;height&quot;: 5446,\n        &quot;srcset&quot;: &quot;https:\\\/\\\/cms.zdv.uni-mainz.de\\\/studium\\\/wp-content\\\/uploads\\\/sites\\\/12\\\/2023\\\/08\\\/Buehne_TdoU_Foto\\u00a9-Stefan-F.-Saemmer-1.jpg 8165w, https:\\\/\\\/cms.zdv.uni-mainz.de\\\/studium\\\/wp-content\\\/uploads\\\/sites\\\/12\\\/2023\\\/08\\\/Buehne_TdoU_Foto\\u00a9-Stefan-F.-Saemmer-1-300x200.jpg 300w, https:\\\/\\\/cms.zdv.uni-mainz.de\\\/studium\\\/wp-content\\\/uploads\\\/sites\\\/12\\\/2023\\\/08\\\/Buehne_TdoU_Foto\\u00a9-Stefan-F.-Saemmer-1-1024x683.jpg 1024w, https:\\\/\\\/cms.zdv.uni-mainz.de\\\/studium\\\/wp-content\\\/uploads\\\/sites\\\/12\\\/2023\\\/08\\\/Buehne_TdoU_Foto\\u00a9-Stefan-F.-Saemmer-1-768x512.jpg 768w, https:\\\/\\\/cms.zdv.uni-mainz.de\\\/studium\\\/wp-content\\\/uploads\\\/sites\\\/12\\\/2023\\\/08\\\/Buehne_TdoU_Foto\\u00a9-Stefan-F.-Saemmer-1-1536x1025.jpg 1536w&quot;\n    },\n    &quot;align&quot;: &quot;&quot;,\n    &quot;hasLightbox&quot;: false,\n    &quot;caption&quot;: &quot;&quot;,\n    &quot;imgWidth&quot;: 0,\n    &quot;link&quot;: {\n        &quot;url&quot;: &quot;&quot;,\n        &quot;target&quot;: &quot;&quot;,\n        &quot;rel&quot;: &quot;&quot;\n    }\n}\" class=\"align-\">\n    \n<\/jgu-base-image><\/div>\n\n\n\n<div class=\"wp-block-column is-layout-flow wp-block-column-is-layout-flow\"><jgu-base-alertbox react-props=\"{\n    &quot;headline&quot;: &quot;&lt;strong&gt;Links&lt;\\\/strong&gt;&quot;,\n    &quot;subline&quot;: &quot;&lt;a href=\\&quot;https:\\\/\\\/www.hochschulkompass.de\\\/en\\\/study-in-germany.html\\&quot; target=\\&quot;_blank\\&quot; rel=\\&quot;noreferrer noopener\\&quot;&gt;Higher Education Compass&lt;\\\/a&gt;&lt;br&gt;&lt;a href=\\&quot;https:\\\/\\\/studienwahl.de\\\/en\\&quot; target=\\&quot;_blank\\&quot; rel=\\&quot;noreferrer noopener\\&quot;&gt;Choosing your degree and study orientation&lt;\\\/a&gt;&lt;br&gt;&lt;a href=\\&quot;https:\\\/\\\/www.instagram.com\\\/unimainz\\\/\\&quot; target=\\&quot;_blank\\&quot; rel=\\&quot;noreferrer noopener\\&quot;&gt;JGU Mainz on Instagram&lt;\\\/a&gt;&lt;br&gt;&quot;,\n    &quot;iconColor&quot;: &quot;red&quot;,\n    &quot;headlineColor&quot;: &quot;dark&quot;,\n    &quot;children&quot;: &quot;&quot;,\n    &quot;icon&quot;: &quot;&quot;,\n    &quot;iconOverHeadline&quot;: false,\n    &quot;isPreview&quot;: false\n}\">\n    \n<\/jgu-base-alertbox><\/div>\n<\/div>\n\n\n<\/jgu-base-accordionitem>\n\n<jgu-base-accordionitem react-props=\"{&quot;title&quot;:&quot;Episode 54: Was macht man in Wirtschaftswissenschaften?&quot;,&quot;init&quot;:false,&quot;slug&quot;:&quot;episode-54-was-macht-man-in-wirtschaftswissenschaften&quot;,&quot;align&quot;:&quot;wide&quot;,&quot;customSlug&quot;:false}\">\n    \n\n<p class=\"has-big-font-size\">What is the economy and how does it work? If this question interests you and you are not afraid of numbers, Economics may be the right degree program for you!  Tristan tells us about it.<\/p>\n\n\n\n<div class=\"wp-block-columns is-layout-flex wp-container-core-columns-is-layout-9d6595d7 wp-block-columns-is-layout-flex\">\n<div class=\"wp-block-column is-vertically-aligned-top is-layout-flow wp-block-column-is-layout-flow\"><jgu-base-image react-props=\"{\n    &quot;image&quot;: {\n        &quot;url&quot;: &quot;https:\\\/\\\/cms.zdv.uni-mainz.de\\\/studium\\\/wp-content\\\/uploads\\\/sites\\\/12\\\/2023\\\/10\\\/Wirtschaftswissenschaften-BA.jpg&quot;,\n        &quot;id&quot;: 34886,\n        &quot;caption&quot;: &quot;Young Asian business financial team work together in project brainstorm meeting. Cooperate teamwork, strategy planning, small business startup company, or office coworker concept. Banner size&quot;,\n        &quot;credit&quot;: &quot;PaeGAG\\\/ #435636187\\\/ stock.adobe.com&quot;,\n        &quot;title&quot;: &quot;Wirtschaftswissenschaften BA&quot;,\n        &quot;width&quot;: 1250,\n        &quot;height&quot;: 700,\n        &quot;srcset&quot;: &quot;https:\\\/\\\/cms.zdv.uni-mainz.de\\\/studium\\\/wp-content\\\/uploads\\\/sites\\\/12\\\/2023\\\/10\\\/Wirtschaftswissenschaften-BA.jpg 1250w, https:\\\/\\\/cms.zdv.uni-mainz.de\\\/studium\\\/wp-content\\\/uploads\\\/sites\\\/12\\\/2023\\\/10\\\/Wirtschaftswissenschaften-BA-300x168.jpg 300w, https:\\\/\\\/cms.zdv.uni-mainz.de\\\/studium\\\/wp-content\\\/uploads\\\/sites\\\/12\\\/2023\\\/10\\\/Wirtschaftswissenschaften-BA-1024x573.jpg 1024w, https:\\\/\\\/cms.zdv.uni-mainz.de\\\/studium\\\/wp-content\\\/uploads\\\/sites\\\/12\\\/2023\\\/10\\\/Wirtschaftswissenschaften-BA-768x430.jpg 768w&quot;\n    },\n    &quot;link&quot;: {\n        &quot;url&quot;: &quot;https:\\\/\\\/www.studium.uni-mainz.de\\\/en\\\/choosing-your-degree-program\\\/courses-offered\\\/business-economics-bsc\\\/&quot;,\n        &quot;linkTarget&quot;: &quot;_blank&quot;,\n        &quot;rel&quot;: &quot;noreferrer noopener&quot;\n    },\n    &quot;align&quot;: &quot;&quot;,\n    &quot;hasLightbox&quot;: false,\n    &quot;caption&quot;: &quot;&quot;,\n    &quot;imgWidth&quot;: 0\n}\" class=\"align-\">\n    \n<\/jgu-base-image><\/div>\n\n\n\n<div class=\"wp-block-column is-layout-flow wp-block-column-is-layout-flow\"><jgu-base-alertbox react-props=\"{\n    &quot;headline&quot;: &quot;&lt;strong&gt;Links&lt;\\\/strong&gt;&quot;,\n    &quot;subline&quot;: &quot;&lt;a href=\\&quot;https:\\\/\\\/www.hochschulkompass.de\\\/en\\\/study-in-germany.html\\&quot; target=\\&quot;_blank\\&quot; rel=\\&quot;noreferrer noopener\\&quot;&gt;Higher Education Compass&lt;\\\/a&gt;&lt;br&gt;&lt;a href=\\&quot;https:\\\/\\\/www.studium.uni-mainz.de\\\/en\\\/choosing-your-degree-program\\\/courses-offered\\\/business-economics-bsc\\\/\\&quot; data-type=\\&quot;link\\&quot; data-id=\\&quot;https:\\\/\\\/www.studium.uni-mainz.de\\\/studienwahl\\\/studienangebot\\\/physik-bsc\\\/\\&quot; target=\\&quot;_blank\\&quot; rel=\\&quot;noreferrer noopener\\&quot;&gt;Economics degree description&lt;\\\/a&gt;&quot;,\n    &quot;children&quot;: &quot;&lt;br&gt;&quot;,\n    &quot;iconColor&quot;: &quot;red&quot;,\n    &quot;headlineColor&quot;: &quot;dark&quot;,\n    &quot;icon&quot;: &quot;&quot;,\n    &quot;iconOverHeadline&quot;: false,\n    &quot;isPreview&quot;: false\n}\">\n    \n<\/jgu-base-alertbox><\/div>\n<\/div>\n\n\n<\/jgu-base-accordionitem>\n\n<jgu-base-accordionitem react-props=\"{&quot;title&quot;:&quot;Episode 53: Studieren ohne Abitur?&quot;,&quot;init&quot;:false,&quot;slug&quot;:&quot;episode-53-studieren-ohne-abitur&quot;,&quot;align&quot;:&quot;wide&quot;,&quot;customSlug&quot;:false}\">\n    \n\n<p class=\"has-big-font-size\">Is it possible to study without a German <i>Abitur?<\/i> Yes, it is! In this special episode, Annabelle and Franziska talk about which requirements you will need to fulfill to be able to study without a German <i>Abitur<\/i>, for example, by providing proof of completed vocational training.<\/p>\n\n\n\n<div class=\"wp-block-columns is-layout-flex wp-container-core-columns-is-layout-9d6595d7 wp-block-columns-is-layout-flex\">\n<div class=\"wp-block-column is-vertically-aligned-top is-layout-flow wp-block-column-is-layout-flow\"><jgu-base-image react-props=\"{\n    &quot;image&quot;: {\n        &quot;url&quot;: &quot;https:\\\/\\\/cms.zdv.uni-mainz.de\\\/studium\\\/wp-content\\\/uploads\\\/sites\\\/12\\\/2023\\\/07\\\/Bewerbungsverfahren-LP-groesser-scaled.jpeg&quot;,\n        &quot;id&quot;: 10738,\n        &quot;alt&quot;: &quot;Aufnahme von oben: Studierende sitzt auf dem Boden, angelehnt an ein B\\u00fccherregal in der Bibliothek. Auf ihrem Scho\\u00df liegt ein Laptop, in der rechten Hand h\\u00e4lt sie ein Smartphone. Um sie herum jede Menge Unterlagen und Schreibutensilien.&quot;,\n        &quot;caption&quot;: &quot;Student laptop, phone screen and top view woman typing research project, university paper or study for college exam. School library, floor and e learning person search online for education info.&quot;,\n        &quot;credit&quot;: &quot;\\u00a9 A. Frank_peopleimages.com \\\/ adobe.stock&quot;,\n        &quot;title&quot;: &quot;Student laptop, phone screen and top view woman typing research project, university paper or study for college exam. School library, floor and e learning person search online for education info&quot;,\n        &quot;width&quot;: 2560,\n        &quot;height&quot;: 1709,\n        &quot;srcset&quot;: &quot;https:\\\/\\\/cms.zdv.uni-mainz.de\\\/studium\\\/wp-content\\\/uploads\\\/sites\\\/12\\\/2023\\\/07\\\/Bewerbungsverfahren-LP-groesser-scaled.jpeg 2560w, https:\\\/\\\/cms.zdv.uni-mainz.de\\\/studium\\\/wp-content\\\/uploads\\\/sites\\\/12\\\/2023\\\/07\\\/Bewerbungsverfahren-LP-groesser-300x200.jpeg 300w, https:\\\/\\\/cms.zdv.uni-mainz.de\\\/studium\\\/wp-content\\\/uploads\\\/sites\\\/12\\\/2023\\\/07\\\/Bewerbungsverfahren-LP-groesser-1024x683.jpeg 1024w, https:\\\/\\\/cms.zdv.uni-mainz.de\\\/studium\\\/wp-content\\\/uploads\\\/sites\\\/12\\\/2023\\\/07\\\/Bewerbungsverfahren-LP-groesser-768x513.jpeg 768w, https:\\\/\\\/cms.zdv.uni-mainz.de\\\/studium\\\/wp-content\\\/uploads\\\/sites\\\/12\\\/2023\\\/07\\\/Bewerbungsverfahren-LP-groesser-1536x1025.jpeg 1536w, https:\\\/\\\/cms.zdv.uni-mainz.de\\\/studium\\\/wp-content\\\/uploads\\\/sites\\\/12\\\/2023\\\/07\\\/Bewerbungsverfahren-LP-groesser-2048x1367.jpeg 2048w&quot;\n    },\n    &quot;align&quot;: &quot;&quot;,\n    &quot;hasLightbox&quot;: false,\n    &quot;caption&quot;: &quot;&quot;,\n    &quot;imgWidth&quot;: 0,\n    &quot;link&quot;: {\n        &quot;url&quot;: &quot;&quot;,\n        &quot;target&quot;: &quot;&quot;,\n        &quot;rel&quot;: &quot;&quot;\n    }\n}\" class=\"align-\">\n    \n<\/jgu-base-image><\/div>\n\n\n\n<div class=\"wp-block-column is-layout-flow wp-block-column-is-layout-flow\"><jgu-base-alertbox react-props=\"{\n    &quot;headline&quot;: &quot;&lt;strong&gt;Links&lt;\\\/strong&gt;&quot;,\n    &quot;subline&quot;: &quot;&lt;a href=\\&quot;https:\\\/\\\/studieren-ohne-abitur.de\\\/\\&quot; target=\\&quot;_blank\\&quot; rel=\\&quot;noreferrer noopener\\&quot;&gt;Studying without a German&lt;i&gt; Abitur&lt;\\\/i&gt;&lt;\\\/a&gt;&lt;br&gt;&lt;a href=\\&quot;https:\\\/\\\/www.studium.uni-mainz.de\\\/en\\\/your-application\\\/application-process\\\/studying-without-a-german-abitur\\\/\\&quot; data-type=\\&quot;link\\&quot; data-id=\\&quot;https:\\\/\\\/www.studium.uni-mainz.de\\\/studienwahl\\\/studienangebot\\\/physik-bsc\\\/\\&quot; target=\\&quot;_blank\\&quot; rel=\\&quot;noreferrer noopener\\&quot;&gt;Studying without a German &lt;i&gt;Abitur &lt;\\\/i&gt;at JGU&lt;\\\/a&gt;&lt;br&gt;&lt;a href=\\&quot;https:\\\/\\\/www.studium.uni-mainz.de\\\/en\\\/your-application\\\/application-process\\\/university-entrance-qualification\\\/\\&quot;&gt;University entrance qualification&lt;\\\/a&gt;&lt;br&gt;&lt;a href=\\&quot;https:\\\/\\\/www.studium-ohne-abitur-rlp.de\\\/\\&quot;&gt;Studying without a German &lt;i&gt;Abitur &lt;\\\/i&gt;in Rhineland-Palatinate&lt;\\\/a&gt;&lt;br&gt;&lt;a href=\\&quot;https:\\\/\\\/www.landesrecht.rlp.de\\\/bsrp\\\/document\\\/jlr-UniStudBVRP2010rahmen\\&quot;&gt;State ordinance on the direct university entrance qualification for professionally qualified applicants&lt;\\\/a&gt;&quot;,\n    &quot;iconColor&quot;: &quot;red&quot;,\n    &quot;headlineColor&quot;: &quot;dark&quot;,\n    &quot;children&quot;: &quot;&quot;,\n    &quot;icon&quot;: &quot;&quot;,\n    &quot;iconOverHeadline&quot;: false,\n    &quot;isPreview&quot;: false\n}\">\n    \n<\/jgu-base-alertbox><\/div>\n<\/div>\n\n\n<\/jgu-base-accordionitem>\n\n<jgu-base-accordionitem react-props=\"{&quot;title&quot;:&quot;Episode 52: Was macht man in Biologie?&quot;,&quot;init&quot;:false,&quot;slug&quot;:&quot;episode-52-was-macht-man-in-biologie&quot;,&quot;align&quot;:&quot;wide&quot;,&quot;customSlug&quot;:false}\">\n    \n\n<p class=\"has-big-font-size\">In the Biology degree program, you will delve into topics pertaining to all life forms&nbsp;\u2013 from humans, plants and animals down to microorganisms and viruses.  Biology is often referred to as \u201cthe science of life\u201d&nbsp;\u2013 and rightly so. It deals with both the broadness of everything that comprises all forms of life as well as with the distinctness of singular organisms. Listen to Robert tell us about it.<\/p>\n\n\n\n<div class=\"wp-block-columns is-layout-flex wp-container-core-columns-is-layout-9d6595d7 wp-block-columns-is-layout-flex\">\n<div class=\"wp-block-column is-vertically-aligned-top is-layout-flow wp-block-column-is-layout-flow\"><jgu-base-image react-props=\"{\n    &quot;image&quot;: {\n        &quot;url&quot;: &quot;https:\\\/\\\/cms.zdv.uni-mainz.de\\\/studium\\\/wp-content\\\/uploads\\\/sites\\\/12\\\/2023\\\/11\\\/Biologie-BSc.jpg&quot;,\n        &quot;id&quot;: 45035,\n        &quot;credit&quot;: &quot;\\u00a9Philipp Sprenger\\\/Mikrobiologie und Biotechnologie&quot;,\n        &quot;title&quot;: &quot;Biologie BSc&quot;,\n        &quot;width&quot;: 1250,\n        &quot;height&quot;: 700,\n        &quot;srcset&quot;: &quot;https:\\\/\\\/cms.zdv.uni-mainz.de\\\/studium\\\/wp-content\\\/uploads\\\/sites\\\/12\\\/2023\\\/11\\\/Biologie-BSc.jpg 1250w, https:\\\/\\\/cms.zdv.uni-mainz.de\\\/studium\\\/wp-content\\\/uploads\\\/sites\\\/12\\\/2023\\\/11\\\/Biologie-BSc-300x168.jpg 300w, https:\\\/\\\/cms.zdv.uni-mainz.de\\\/studium\\\/wp-content\\\/uploads\\\/sites\\\/12\\\/2023\\\/11\\\/Biologie-BSc-1024x573.jpg 1024w, https:\\\/\\\/cms.zdv.uni-mainz.de\\\/studium\\\/wp-content\\\/uploads\\\/sites\\\/12\\\/2023\\\/11\\\/Biologie-BSc-768x430.jpg 768w&quot;\n    },\n    &quot;link&quot;: {\n        &quot;url&quot;: &quot;https:\\\/\\\/www.studium.uni-mainz.de\\\/en\\\/choosing-your-degree-program\\\/courses-offered\\\/biology-bsc\\\/&quot;,\n        &quot;linkTarget&quot;: &quot;_blank&quot;,\n        &quot;rel&quot;: &quot;noreferrer noopener&quot;\n    },\n    &quot;align&quot;: &quot;&quot;,\n    &quot;hasLightbox&quot;: false,\n    &quot;caption&quot;: &quot;&quot;,\n    &quot;imgWidth&quot;: 0\n}\" class=\"align-\">\n    \n<\/jgu-base-image><\/div>\n\n\n\n<div class=\"wp-block-column is-layout-flow wp-block-column-is-layout-flow\"><jgu-base-alertbox react-props=\"{\n    &quot;headline&quot;: &quot;&lt;strong&gt;Links&lt;\\\/strong&gt;&quot;,\n    &quot;subline&quot;: &quot;&lt;a href=\\&quot;https:\\\/\\\/www.hochschulkompass.de\\\/en\\\/study-in-germany.html\\&quot; target=\\&quot;_blank\\&quot; rel=\\&quot;noreferrer noopener\\&quot;&gt;Higher Education Compass&lt;\\\/a&gt;&lt;br&gt;&lt;a href=\\&quot;https:\\\/\\\/www.studium.uni-mainz.de\\\/en\\\/choosing-your-degree-program\\\/courses-offered\\\/biology-bsc\\\/\\&quot; data-type=\\&quot;link\\&quot; data-id=\\&quot;https:\\\/\\\/www.studium.uni-mainz.de\\\/studienwahl\\\/studienangebot\\\/physik-bsc\\\/\\&quot; target=\\&quot;_blank\\&quot; rel=\\&quot;noreferrer noopener\\&quot;&gt;Biology degree description&lt;\\\/a&gt;&quot;,\n    &quot;children&quot;: &quot;&lt;br&gt;&quot;,\n    &quot;iconColor&quot;: &quot;red&quot;,\n    &quot;headlineColor&quot;: &quot;dark&quot;,\n    &quot;icon&quot;: &quot;&quot;,\n    &quot;iconOverHeadline&quot;: false,\n    &quot;isPreview&quot;: false\n}\">\n    \n<\/jgu-base-alertbox><\/div>\n<\/div>\n\n\n<\/jgu-base-accordionitem>\n\n<jgu-base-accordionitem react-props=\"{&quot;title&quot;:&quot;Episode 51: Was macht man in Englisch?&quot;,&quot;init&quot;:false,&quot;slug&quot;:&quot;episode-51-was-macht-man-in-englisch&quot;,&quot;align&quot;:&quot;wide&quot;,&quot;customSlug&quot;:false}\">\n    \n\n<p class=\"has-big-font-size\">Our guest, Lena, studies English Literature and Culture.This program of study examines literature and culture from the English-speaking world (aside from the US), and considers, for example, what texts can tell us about British and Commonwealth history as well as the associated cultures. At other universities, this program may be called English or British Studies. Let\u2019s hear what Lena has to say about her program.<\/p>\n\n\n\n<div class=\"wp-block-columns is-layout-flex wp-container-core-columns-is-layout-9d6595d7 wp-block-columns-is-layout-flex\">\n<div class=\"wp-block-column is-vertically-aligned-top is-layout-flow wp-block-column-is-layout-flow\"><jgu-base-image react-props=\"{\n    &quot;image&quot;: {\n        &quot;url&quot;: &quot;https:\\\/\\\/cms.zdv.uni-mainz.de\\\/studium\\\/wp-content\\\/uploads\\\/sites\\\/12\\\/2023\\\/02\\\/English-Literature-and-Culture-BA.jpg&quot;,\n        &quot;id&quot;: 138,\n        &quot;caption&quot;: &quot;Text of Shakespeare drama Romeo and Juliet on black and white display close up&quot;,\n        &quot;credit&quot;: &quot;Pavel Losevsky\\\/ #40494468\\\/ stock.adobe.com&quot;,\n        &quot;title&quot;: &quot;Text of Shakespeare drama Romeo and Juliet on black and white di&quot;,\n        &quot;width&quot;: 1250,\n        &quot;height&quot;: 700,\n        &quot;srcset&quot;: &quot;https:\\\/\\\/cms.zdv.uni-mainz.de\\\/studium\\\/wp-content\\\/uploads\\\/sites\\\/12\\\/2023\\\/02\\\/English-Literature-and-Culture-BA.jpg 1250w, https:\\\/\\\/cms.zdv.uni-mainz.de\\\/studium\\\/wp-content\\\/uploads\\\/sites\\\/12\\\/2023\\\/02\\\/English-Literature-and-Culture-BA-300x168.jpg 300w, https:\\\/\\\/cms.zdv.uni-mainz.de\\\/studium\\\/wp-content\\\/uploads\\\/sites\\\/12\\\/2023\\\/02\\\/English-Literature-and-Culture-BA-1024x573.jpg 1024w, https:\\\/\\\/cms.zdv.uni-mainz.de\\\/studium\\\/wp-content\\\/uploads\\\/sites\\\/12\\\/2023\\\/02\\\/English-Literature-and-Culture-BA-768x430.jpg 768w&quot;\n    },\n    &quot;link&quot;: {\n        &quot;url&quot;: &quot;https:\\\/\\\/www.studium.uni-mainz.de\\\/en\\\/choosing-your-degree-program\\\/courses-offered\\\/english-literature-and-culture-ba\\\/&quot;,\n        &quot;linkTarget&quot;: &quot;_blank&quot;,\n        &quot;rel&quot;: &quot;noreferrer noopener&quot;\n    },\n    &quot;align&quot;: &quot;&quot;,\n    &quot;hasLightbox&quot;: false,\n    &quot;caption&quot;: &quot;&quot;,\n    &quot;imgWidth&quot;: 0\n}\" class=\"align-\">\n    \n<\/jgu-base-image><\/div>\n\n\n\n<div class=\"wp-block-column is-layout-flow wp-block-column-is-layout-flow\"><jgu-base-alertbox react-props=\"{\n    &quot;headline&quot;: &quot;&lt;strong&gt;Links&lt;\\\/strong&gt;&quot;,\n    &quot;subline&quot;: &quot;&lt;a href=\\&quot;https:\\\/\\\/www.hochschulkompass.de\\\/en\\\/study-in-germany.html\\&quot; target=\\&quot;_blank\\&quot; rel=\\&quot;noreferrer noopener\\&quot;&gt;Higher Education Compass&lt;\\\/a&gt;&lt;br&gt;&lt;a href=\\&quot;https:\\\/\\\/www.studium.uni-mainz.de\\\/en\\\/choosing-your-degree-program\\\/courses-offered\\\/english-literature-and-culture-ba\\\/\\&quot; data-type=\\&quot;link\\&quot; data-id=\\&quot;https:\\\/\\\/www.studium.uni-mainz.de\\\/studienwahl\\\/studienangebot\\\/physik-bsc\\\/\\&quot; target=\\&quot;_blank\\&quot; rel=\\&quot;noreferrer noopener\\&quot;&gt;English Literature and Culture degree description&lt;\\\/a&gt;&lt;br&gt;&lt;br&gt;English-language TV series suggestions:&lt;br&gt;The Crown&lt;br&gt;The End of the F**ing World&lt;br&gt;Se* Education&lt;br&gt;Monty Python&#039;s Flying Circus&quot;,\n    &quot;children&quot;: &quot;&lt;br&gt;&quot;,\n    &quot;iconColor&quot;: &quot;red&quot;,\n    &quot;headlineColor&quot;: &quot;dark&quot;,\n    &quot;icon&quot;: &quot;&quot;,\n    &quot;iconOverHeadline&quot;: false,\n    &quot;isPreview&quot;: false\n}\">\n    \n<\/jgu-base-alertbox><\/div>\n<\/div>\n\n\n<\/jgu-base-accordionitem>\n\n<jgu-base-accordionitem react-props=\"{&quot;title&quot;:&quot;Episode 50: Was macht man in Geographie?&quot;,&quot;init&quot;:false,&quot;slug&quot;:&quot;episode-50-was-macht-man-in-geographie&quot;,&quot;align&quot;:&quot;wide&quot;,&quot;customSlug&quot;:false}\">\n    \n\n<p class=\"has-big-font-size\">Our global climate is a central topic of our day and the Geography degree program is one that addresses climate-related issues. To understand Geography is to understand human-environment relations. For this reason, this degree program encompasses a broader range of topics beyond climate, including associated social implications. Listen to what Marc has to say about what you will learn in this program of study.<\/p>\n\n\n\n<div class=\"wp-block-columns is-layout-flex wp-container-core-columns-is-layout-9d6595d7 wp-block-columns-is-layout-flex\">\n<div class=\"wp-block-column is-vertically-aligned-top is-layout-flow wp-block-column-is-layout-flow\"><jgu-base-image react-props=\"{\n    &quot;image&quot;: {\n        &quot;url&quot;: &quot;https:\\\/\\\/cms.zdv.uni-mainz.de\\\/studium\\\/wp-content\\\/uploads\\\/sites\\\/12\\\/2023\\\/02\\\/Geographie-BSc.jpg&quot;,\n        &quot;id&quot;: 777,\n        &quot;credit&quot;: &quot;eVEN\\\/ #323993274\\\/ stock.adobe.com&quot;,\n        &quot;title&quot;: &quot;Aerial view from above on a green and blue glacier river stream&quot;,\n        &quot;width&quot;: 1250,\n        &quot;height&quot;: 700,\n        &quot;srcset&quot;: &quot;https:\\\/\\\/cms.zdv.uni-mainz.de\\\/studium\\\/wp-content\\\/uploads\\\/sites\\\/12\\\/2023\\\/02\\\/Geographie-BSc.jpg 1250w, https:\\\/\\\/cms.zdv.uni-mainz.de\\\/studium\\\/wp-content\\\/uploads\\\/sites\\\/12\\\/2023\\\/02\\\/Geographie-BSc-300x168.jpg 300w, https:\\\/\\\/cms.zdv.uni-mainz.de\\\/studium\\\/wp-content\\\/uploads\\\/sites\\\/12\\\/2023\\\/02\\\/Geographie-BSc-1024x573.jpg 1024w, https:\\\/\\\/cms.zdv.uni-mainz.de\\\/studium\\\/wp-content\\\/uploads\\\/sites\\\/12\\\/2023\\\/02\\\/Geographie-BSc-768x430.jpg 768w&quot;\n    },\n    &quot;link&quot;: {\n        &quot;url&quot;: &quot;https:\\\/\\\/www.studium.uni-mainz.de\\\/en\\\/choosing-your-degree-program\\\/courses-offered\\\/geography-bsc\\\/&quot;,\n        &quot;linkTarget&quot;: &quot;_blank&quot;,\n        &quot;rel&quot;: &quot;noreferrer noopener&quot;\n    },\n    &quot;align&quot;: &quot;&quot;,\n    &quot;hasLightbox&quot;: false,\n    &quot;caption&quot;: &quot;&quot;,\n    &quot;imgWidth&quot;: 0\n}\" class=\"align-\">\n    \n<\/jgu-base-image><\/div>\n\n\n\n<div class=\"wp-block-column is-layout-flow wp-block-column-is-layout-flow\"><jgu-base-alertbox react-props=\"{\n    &quot;headline&quot;: &quot;&lt;strong&gt;Links&lt;\\\/strong&gt;&quot;,\n    &quot;subline&quot;: &quot;&lt;a href=\\&quot;https:\\\/\\\/www.hochschulkompass.de\\\/en\\\/study-in-germany.html\\&quot; target=\\&quot;_blank\\&quot; rel=\\&quot;noreferrer noopener\\&quot;&gt;Higher Education Compass&lt;\\\/a&gt;&lt;br&gt;&lt;a href=\\&quot;https:\\\/\\\/www.studium.uni-mainz.de\\\/en\\\/choosing-your-degree-program\\\/courses-offered\\\/geography-bsc\\\/\\&quot; data-type=\\&quot;link\\&quot; data-id=\\&quot;https:\\\/\\\/www.studium.uni-mainz.de\\\/studienwahl\\\/studienangebot\\\/physik-bsc\\\/\\&quot; target=\\&quot;_blank\\&quot; rel=\\&quot;noreferrer noopener\\&quot;&gt;Geography degree description&lt;\\\/a&gt;&quot;,\n    &quot;children&quot;: &quot;&lt;br&gt;&quot;,\n    &quot;iconColor&quot;: &quot;red&quot;,\n    &quot;headlineColor&quot;: &quot;dark&quot;,\n    &quot;icon&quot;: &quot;&quot;,\n    &quot;iconOverHeadline&quot;: false,\n    &quot;isPreview&quot;: false\n}\">\n    \n<\/jgu-base-alertbox><\/div>\n<\/div>\n\n\n<\/jgu-base-accordionitem>\n\n<jgu-base-accordionitem react-props=\"{&quot;title&quot;:&quot;Episode 49: Was macht man in Physik?&quot;,&quot;init&quot;:false,&quot;slug&quot;:&quot;episode-49-was-macht-man-in-physik&quot;,&quot;align&quot;:&quot;wide&quot;,&quot;customSlug&quot;:false}\">\n    \n\n<p class=\"has-big-font-size\">Physics is often considered the most fundamental field within the natural sciences. It allows us to understand the laws of the universe and of our world. How did the complex structures of matter in our world develop from a diffuse \u201cprimordial soup\u201d after the Big Bang? How do we know that the universe is expanding&nbsp;\u2013 and is evidently even accelerating? Where do the elements that first made life possible come from? Physics attempts to discover and describe the behavior of elementary particles, nuclei, atoms, solid materials, gases, liquids, and plasmas&nbsp;\u2013 just to name a few examples. Let\u2019s hear what Oscar has to say about this fascinating field.<\/p>\n\n\n\n<div class=\"wp-block-columns is-layout-flex wp-container-core-columns-is-layout-9d6595d7 wp-block-columns-is-layout-flex\">\n<div class=\"wp-block-column is-vertically-aligned-top is-layout-flow wp-block-column-is-layout-flow\"><jgu-base-image react-props=\"{\n    &quot;image&quot;: {\n        &quot;url&quot;: &quot;https:\\\/\\\/cms.zdv.uni-mainz.de\\\/studium\\\/wp-content\\\/uploads\\\/sites\\\/12\\\/2023\\\/02\\\/Physik-BSc.jpg&quot;,\n        &quot;id&quot;: 243,\n        &quot;credit&quot;: &quot;vchalup\\\/ #279215929\\\/ stock.adobe.com&quot;,\n        &quot;title&quot;: &quot;Physik BSc&quot;,\n        &quot;width&quot;: 1250,\n        &quot;height&quot;: 700,\n        &quot;srcset&quot;: &quot;https:\\\/\\\/cms.zdv.uni-mainz.de\\\/studium\\\/wp-content\\\/uploads\\\/sites\\\/12\\\/2023\\\/02\\\/Physik-BSc.jpg 1250w, https:\\\/\\\/cms.zdv.uni-mainz.de\\\/studium\\\/wp-content\\\/uploads\\\/sites\\\/12\\\/2023\\\/02\\\/Physik-BSc-300x168.jpg 300w, https:\\\/\\\/cms.zdv.uni-mainz.de\\\/studium\\\/wp-content\\\/uploads\\\/sites\\\/12\\\/2023\\\/02\\\/Physik-BSc-1024x573.jpg 1024w, https:\\\/\\\/cms.zdv.uni-mainz.de\\\/studium\\\/wp-content\\\/uploads\\\/sites\\\/12\\\/2023\\\/02\\\/Physik-BSc-768x430.jpg 768w&quot;\n    },\n    &quot;link&quot;: {\n        &quot;url&quot;: &quot;https:\\\/\\\/www.studium.uni-mainz.de\\\/en\\\/choosing-your-degree-program\\\/courses-offered\\\/physics-bsc\\\/&quot;,\n        &quot;linkTarget&quot;: &quot;_blank&quot;,\n        &quot;rel&quot;: &quot;noreferrer noopener&quot;\n    },\n    &quot;align&quot;: &quot;&quot;,\n    &quot;hasLightbox&quot;: false,\n    &quot;caption&quot;: &quot;&quot;,\n    &quot;imgWidth&quot;: 0\n}\" class=\"align-\">\n    \n<\/jgu-base-image><\/div>\n\n\n\n<div class=\"wp-block-column is-layout-flow wp-block-column-is-layout-flow\"><jgu-base-alertbox react-props=\"{\n    &quot;headline&quot;: &quot;&lt;strong&gt;Links&lt;\\\/strong&gt;&quot;,\n    &quot;subline&quot;: &quot;&lt;a href=\\&quot;https:\\\/\\\/www.hochschulkompass.de\\\/en\\\/study-in-germany.html\\&quot; target=\\&quot;_blank\\&quot; rel=\\&quot;noreferrer noopener\\&quot;&gt;Higher Education Compass&lt;\\\/a&gt;&lt;br&gt;&lt;a href=\\&quot;https:\\\/\\\/www.studium.uni-mainz.de\\\/en\\\/choosing-your-degree-program\\\/courses-offered\\\/physics-bsc\\\/\\&quot; data-type=\\&quot;link\\&quot; data-id=\\&quot;https:\\\/\\\/www.studium.uni-mainz.de\\\/studienwahl\\\/studienangebot\\\/physik-bsc\\\/\\&quot;&gt;Physics degree description&lt;\\\/a&gt;&quot;,\n    &quot;children&quot;: &quot;&lt;br&gt;&quot;,\n    &quot;iconColor&quot;: &quot;red&quot;,\n    &quot;headlineColor&quot;: &quot;dark&quot;,\n    &quot;icon&quot;: &quot;&quot;,\n    &quot;iconOverHeadline&quot;: false,\n    &quot;isPreview&quot;: false\n}\">\n    \n<\/jgu-base-alertbox><\/div>\n<\/div>\n\n\n<\/jgu-base-accordionitem>\n\n<jgu-base-accordionitem react-props=\"{&quot;title&quot;:&quot;Episode 48: Was macht man in Politikwissenschaft?&quot;,&quot;init&quot;:false,&quot;slug&quot;:&quot;episode-48-was-macht-man-in-politikwissenschaft&quot;,&quot;align&quot;:&quot;wide&quot;,&quot;customSlug&quot;:false}\">\n    \n\n<p class=\"has-big-font-size\">What motivates people to vote or not vote for a particular party? What actually constitutes a democracy as opposed to a dictatorship and how can it be protected? If you find such questions exciting, then Political Science might be the subject for you. Political Science student Julian tells you all about it.<\/p>\n\n\n\n<div class=\"wp-block-columns is-layout-flex wp-container-core-columns-is-layout-9d6595d7 wp-block-columns-is-layout-flex\">\n<div class=\"wp-block-column is-vertically-aligned-top is-layout-flow wp-block-column-is-layout-flow\"><jgu-base-image react-props=\"{\n    &quot;image&quot;: {\n        &quot;url&quot;: &quot;https:\\\/\\\/cms.zdv.uni-mainz.de\\\/studium\\\/wp-content\\\/uploads\\\/sites\\\/12\\\/2023\\\/02\\\/Politikwissenschaft-BA-1.jpg&quot;,\n        &quot;id&quot;: 1227,\n        &quot;credit&quot;: &quot;Delphotostock\\\/ #287344176\\\/ stock.adobe.com&quot;,\n        &quot;title&quot;: &quot;Politikwissenschaft BA&quot;,\n        &quot;width&quot;: 1250,\n        &quot;height&quot;: 700,\n        &quot;srcset&quot;: &quot;https:\\\/\\\/cms.zdv.uni-mainz.de\\\/studium\\\/wp-content\\\/uploads\\\/sites\\\/12\\\/2023\\\/02\\\/Politikwissenschaft-BA-1.jpg 1250w, https:\\\/\\\/cms.zdv.uni-mainz.de\\\/studium\\\/wp-content\\\/uploads\\\/sites\\\/12\\\/2023\\\/02\\\/Politikwissenschaft-BA-1-300x168.jpg 300w, https:\\\/\\\/cms.zdv.uni-mainz.de\\\/studium\\\/wp-content\\\/uploads\\\/sites\\\/12\\\/2023\\\/02\\\/Politikwissenschaft-BA-1-1024x573.jpg 1024w, https:\\\/\\\/cms.zdv.uni-mainz.de\\\/studium\\\/wp-content\\\/uploads\\\/sites\\\/12\\\/2023\\\/02\\\/Politikwissenschaft-BA-1-768x430.jpg 768w&quot;\n    },\n    &quot;link&quot;: {\n        &quot;url&quot;: &quot;https:\\\/\\\/www.studium.uni-mainz.de\\\/en\\\/choosing-your-degree-program\\\/courses-offered\\\/political-science-ba\\\/&quot;,\n        &quot;linkTarget&quot;: &quot;_blank&quot;,\n        &quot;rel&quot;: &quot;noreferrer noopener&quot;\n    },\n    &quot;align&quot;: &quot;&quot;,\n    &quot;hasLightbox&quot;: false,\n    &quot;caption&quot;: &quot;&quot;,\n    &quot;imgWidth&quot;: 0\n}\" class=\"align-\">\n    \n<\/jgu-base-image><\/div>\n\n\n\n<div class=\"wp-block-column is-layout-flow wp-block-column-is-layout-flow\"><jgu-base-alertbox react-props=\"{\n    &quot;headline&quot;: &quot;&lt;strong&gt;Links&lt;\\\/strong&gt;&quot;,\n    &quot;subline&quot;: &quot;&lt;a href=\\&quot;https:\\\/\\\/www.hochschulkompass.de\\\/en\\\/study-in-germany.html\\&quot; target=\\&quot;_blank\\&quot; rel=\\&quot;noreferrer noopener\\&quot;&gt;Higher Education Compass&lt;\\\/a&gt;&lt;br&gt;&lt;a href=\\&quot;https:\\\/\\\/www.studium.uni-mainz.de\\\/en\\\/choosing-your-degree-program\\\/courses-offered\\\/political-science-ba\\\/\\&quot; data-type=\\&quot;page\\&quot; data-id=\\&quot;1257\\&quot;&gt;Political Science degree description&lt;\\\/a&gt;&quot;,\n    &quot;children&quot;: &quot;&lt;strong&gt;&lt;i&gt;Mitte-Studie&lt;\\\/i&gt; from the intro:&lt;br&gt;&lt;\\\/strong&gt;&lt;a href=\\&quot;https:\\\/\\\/www.fes.de\\\/referat-demokratie-gesellschaft-und-innovation\\\/gegen-rechtsextremismus\\\/mitte-studie-2023\\&quot; target=\\&quot;_blank\\&quot; rel=\\&quot;noreferrer noopener\\&quot;&gt;Andreas Zick\\\/Beate K\\u00fcpper\\\/Nico Mokros: Die distanzierte Mitte. Rechtsextreme und demokratiegef\\u00e4hrdende Einstellungen in Deutschland 2022\\\/23&lt;\\\/a&gt;&lt;br&gt;&lt;br&gt;&lt;strong&gt;Our podcast and YouTube recommendations on the topic of politics:&lt;\\\/strong&gt;&lt;br&gt;&lt;a href=\\&quot;https:\\\/\\\/www.spiegel.de\\\/thema\\\/podcast_stimmenfang\\\/\\&quot; target=\\&quot;_blank\\&quot; rel=\\&quot;noreferrer noopener\\&quot;&gt;Stimmenfang&lt;\\\/a&gt;&lt;br&gt;&lt;a href=\\&quot;https:\\\/\\\/lagedernation.org\\\/\\&quot; target=\\&quot;_blank\\&quot; rel=\\&quot;noreferrer noopener\\&quot;&gt;Lage der Nation&lt;\\\/a&gt;&lt;br&gt;&lt;a href=\\&quot;https:\\\/\\\/www.zeit.de\\\/serie\\\/das-politikteil\\&quot; target=\\&quot;_blank\\&quot; rel=\\&quot;noreferrer noopener\\&quot;&gt;Das Politikteil&lt;\\\/a&gt;&lt;br&gt;&lt;a href=\\&quot;https:\\\/\\\/www.youtube.com\\\/@MrWissen2go\\&quot; target=\\&quot;_blank\\&quot; rel=\\&quot;noreferrer noopener\\&quot;&gt;MrWissen2Go&lt;\\\/a&gt;&lt;br&gt;&lt;a href=\\&quot;https:\\\/\\\/www.youtube.com\\\/channel\\\/UCfb7LAYCeJJiT3gyquv7V5Q\\&quot; target=\\&quot;_blank\\&quot; rel=\\&quot;noreferrer noopener\\&quot;&gt;DIE DA OBEN!&lt;\\\/a&gt;&lt;br&gt;&quot;,\n    &quot;iconColor&quot;: &quot;red&quot;,\n    &quot;headlineColor&quot;: &quot;dark&quot;,\n    &quot;icon&quot;: &quot;&quot;,\n    &quot;iconOverHeadline&quot;: false,\n    &quot;isPreview&quot;: false\n}\">\n    \n<\/jgu-base-alertbox><\/div>\n<\/div>\n\n\n<\/jgu-base-accordionitem>\n\n<jgu-base-accordionitem react-props=\"{&quot;title&quot;:&quot;Episode 47: Was macht man in Europ\\u00e4ische Literatur?&quot;,&quot;init&quot;:false,&quot;slug&quot;:&quot;episode-47-was-macht-man-in-europaische-literatur&quot;,&quot;align&quot;:&quot;wide&quot;,&quot;customSlug&quot;:false}\">\n    \n\n<p class=\"has-big-font-size\">If you are a real bookworm, then this might be the degree program for you. In this episode, we talk about literary studies. Sometimes you will find the subject under a different name, for example in Mainz it is called Comparative Literature\/European Literature (Komparatistik\/Europ\u00e4ische Literatur). Whatever the degree program is called, it&#8217;s all about literature. Our guest today, Luzie, studies Comparative Literature and researches and compares the literature of different European countries.<\/p>\n\n\n\n<div class=\"wp-block-columns is-layout-flex wp-container-core-columns-is-layout-9d6595d7 wp-block-columns-is-layout-flex\">\n<div class=\"wp-block-column is-layout-flow wp-block-column-is-layout-flow\"><jgu-base-image react-props=\"{\n    &quot;image&quot;: {\n        &quot;url&quot;: &quot;https:\\\/\\\/cms.zdv.uni-mainz.de\\\/studium\\\/wp-content\\\/uploads\\\/sites\\\/12\\\/2023\\\/02\\\/Komparatistik-BA-Dijon.jpg&quot;,\n        &quot;id&quot;: 198,\n        &quot;caption&quot;: &quot;Many different hardcover books on dark background, top view&quot;,\n        &quot;credit&quot;: &quot;New Africa\\\/ #304714324\\\/ stock.adobe.com&quot;,\n        &quot;title&quot;: &quot;Many different hardcover books on dark background, top view&quot;,\n        &quot;width&quot;: 1250,\n        &quot;height&quot;: 700,\n        &quot;srcset&quot;: &quot;https:\\\/\\\/cms.zdv.uni-mainz.de\\\/studium\\\/wp-content\\\/uploads\\\/sites\\\/12\\\/2023\\\/02\\\/Komparatistik-BA-Dijon.jpg 1250w, https:\\\/\\\/cms.zdv.uni-mainz.de\\\/studium\\\/wp-content\\\/uploads\\\/sites\\\/12\\\/2023\\\/02\\\/Komparatistik-BA-Dijon-300x168.jpg 300w, https:\\\/\\\/cms.zdv.uni-mainz.de\\\/studium\\\/wp-content\\\/uploads\\\/sites\\\/12\\\/2023\\\/02\\\/Komparatistik-BA-Dijon-1024x573.jpg 1024w, https:\\\/\\\/cms.zdv.uni-mainz.de\\\/studium\\\/wp-content\\\/uploads\\\/sites\\\/12\\\/2023\\\/02\\\/Komparatistik-BA-Dijon-768x430.jpg 768w&quot;\n    },\n    &quot;link&quot;: {\n        &quot;url&quot;: &quot;https:\\\/\\\/www.studium.uni-mainz.de\\\/en\\\/choosing-your-degree-program\\\/courses-offered\\\/comparative-literature-european-literature-ba\\\/&quot;,\n        &quot;linkTarget&quot;: &quot;_blank&quot;,\n        &quot;rel&quot;: &quot;noreferrer noopener&quot;\n    },\n    &quot;align&quot;: &quot;&quot;,\n    &quot;hasLightbox&quot;: false,\n    &quot;caption&quot;: &quot;&quot;,\n    &quot;imgWidth&quot;: 0\n}\" class=\"align-\">\n    \n<\/jgu-base-image><\/div>\n\n\n\n<div class=\"wp-block-column is-layout-flow wp-block-column-is-layout-flow\"><jgu-base-alertbox react-props=\"{\n    &quot;headline&quot;: &quot;&lt;strong&gt;Links&lt;\\\/strong&gt;&quot;,\n    &quot;subline&quot;: &quot;&lt;a href=\\&quot;https:\\\/\\\/www.hochschulkompass.de\\\/en\\\/study-in-germany.html\\&quot; target=\\&quot;_blank\\&quot; rel=\\&quot;noreferrer noopener\\&quot;&gt;Higher Education Compass&lt;\\\/a&gt;&lt;br&gt;&lt;a href=\\&quot;https:\\\/\\\/www.studium.uni-mainz.de\\\/en\\\/choosing-your-degree-program\\\/courses-offered\\\/comparative-literature-european-literature-ba\\\/\\&quot; data-type=\\&quot;page\\&quot; data-id=\\&quot;918\\&quot;&gt;Comparative Literature degree description&lt;\\\/a&gt;&quot;,\n    &quot;children&quot;: &quot;&lt;strong&gt;Our reading tips for your perusal:&lt;\\\/strong&gt;&lt;br&gt;Nino Haratischwili: &lt;em&gt;Juja&lt;\\\/em&gt;. Novel. Scribe UK 2023, ISBN 9781914484018&lt;br&gt;Marlen Haushofer: &lt;em&gt;The Wall&lt;\\\/em&gt;. Novel. Vintage Classics 2022, ISBN 9781784878030&lt;br&gt;Gaito Gasdanow: &lt;em&gt;An Evening With Claire&lt;\\\/em&gt;. Novel.   Pushkin Press 2021, ISBN 9781782276050&lt;br&gt;Bonnie Garmus: &lt;em&gt;Lessons in Chemistry&lt;\\\/em&gt;. Novel.   Penguin Books 2023, ISBN 9781804990926&lt;br&gt;John Boyne: &lt;em&gt;The Heart\\u2019s Invisible Furies&lt;\\\/em&gt;. Novel.   Black Swan 2017, ISBN 9781784161002&lt;br&gt;Theodor Storm: &lt;em&gt;The Rider on the White Horse&lt;\\\/em&gt;. Novella. Start Publishing LLC, ISBN: 9781625580894&lt;br&gt;Benjamin von Stuckrad-Barre: &lt;em&gt;Noch wach?&lt;\\\/em&gt; Novel. Kiepenheuer and Witsch 2023, ISBN 978-3-462-00467-0&lt;br&gt;&quot;,\n    &quot;iconColor&quot;: &quot;red&quot;,\n    &quot;headlineColor&quot;: &quot;dark&quot;,\n    &quot;icon&quot;: &quot;&quot;,\n    &quot;iconOverHeadline&quot;: false,\n    &quot;isPreview&quot;: false\n}\">\n    \n<\/jgu-base-alertbox><\/div>\n<\/div>\n\n\n<\/jgu-base-accordionitem>\n\n<jgu-base-accordionitem react-props=\"{&quot;title&quot;:&quot;Episode 46: Was macht man in Pharmazie?&quot;,&quot;init&quot;:false,&quot;slug&quot;:&quot;episode-46-was-macht-man-in-pharmazie&quot;,&quot;align&quot;:&quot;wide&quot;,&quot;customSlug&quot;:false}\">\n    \n\n<p class=\"has-big-font-size\">Would you like to research new drugs in the lab? In this episode, Sophie, the daughter of a pharmacist, breaks down the stereotypes about studying Pharmaceutical Sciences and explains why she, too, is studying to become a pharmacist&nbsp;\u2212 a profession that is crucial to our healthcare system.<\/p>\n\n\n\n<div class=\"wp-block-columns is-layout-flex wp-container-core-columns-is-layout-9d6595d7 wp-block-columns-is-layout-flex\">\n<div class=\"wp-block-column is-layout-flow wp-block-column-is-layout-flow\"><jgu-base-image react-props=\"{\n    &quot;image&quot;: {\n        &quot;url&quot;: null,\n        &quot;id&quot;: 228\n    },\n    &quot;link&quot;: {\n        &quot;url&quot;: &quot;https:\\\/\\\/www.studium.uni-mainz.de\\\/en\\\/choosing-your-degree-program\\\/courses-offered\\\/pharmaceutical-sciences-ste\\\/&quot;,\n        &quot;linkTarget&quot;: &quot;_blank&quot;,\n        &quot;rel&quot;: &quot;noreferrer noopener&quot;\n    },\n    &quot;align&quot;: &quot;&quot;,\n    &quot;hasLightbox&quot;: false,\n    &quot;caption&quot;: &quot;&quot;,\n    &quot;imgWidth&quot;: 0\n}\" class=\"align-\">\n    \n<\/jgu-base-image><\/div>\n\n\n\n<div class=\"wp-block-column is-layout-flow wp-block-column-is-layout-flow\"><jgu-base-alertbox react-props=\"{\n    &quot;headline&quot;: &quot;&lt;strong&gt;Links&lt;\\\/strong&gt;&quot;,\n    &quot;subline&quot;: &quot;&lt;a href=\\&quot;https:\\\/\\\/www.hochschulkompass.de\\\/en\\\/study-in-germany.html\\&quot; target=\\&quot;_blank\\&quot; rel=\\&quot;noreferrer noopener\\&quot;&gt;Higher Education Compass&lt;\\\/a&gt;&lt;br&gt;&lt;a href=\\&quot;https:\\\/\\\/www.studium.uni-mainz.de\\\/en\\\/choosing-your-degree-program\\\/courses-offered\\\/pharmaceutical-sciences-ste\\\/\\&quot; data-type=\\&quot;page\\&quot; data-id=\\&quot;1182\\&quot;&gt;Pharmaceutical Sciences degree description&lt;\\\/a&gt;&lt;br&gt;&lt;a href=\\&quot;https:\\\/\\\/itb-academic-tests.org\\\/en\\\/participants\\\/full-service-tests\\\/phast\\\/\\&quot; target=\\&quot;_blank\\&quot; rel=\\&quot;noreferrer noopener\\&quot;&gt;Pharmaceutical Sciences aptitude test PhaST&lt;\\\/a&gt;&lt;br&gt;&lt;a href=\\&quot;https:\\\/\\\/www.hochschulstart.de\\\/\\&quot; target=\\&quot;_blank\\&quot; rel=\\&quot;noreferrer noopener\\&quot;&gt;Pharmaceutical Sciences application process&lt;\\\/a&gt;&quot;,\n    &quot;children&quot;: &quot;&lt;br&gt;&quot;,\n    &quot;iconColor&quot;: &quot;red&quot;,\n    &quot;headlineColor&quot;: &quot;dark&quot;,\n    &quot;icon&quot;: &quot;&quot;,\n    &quot;iconOverHeadline&quot;: false,\n    &quot;isPreview&quot;: false\n}\">\n    \n<\/jgu-base-alertbox><\/div>\n<\/div>\n\n\n<\/jgu-base-accordionitem>\n\n<jgu-base-accordionitem react-props=\"{&quot;title&quot;:&quot;Episode 45: Summer Special 1\\u00a0\\u2013 Studis geben Tipps zur Studienwahl (LIVE in Mainz)&quot;,&quot;init&quot;:false,&quot;slug&quot;:&quot;episode-45-summer-special-1-studis-geben-tipps-zur-studienwahl-live-in-mainz&quot;,&quot;align&quot;:&quot;wide&quot;,&quot;customSlug&quot;:false}\">\n    \n\n<p class=\"has-big-font-size\">In this LIVE recording from the university open house in Mainz, Annabelle and Franziska talk to four former guests of the podcast, students Jenny, Rachel, Jan and Marc, about their choice of studies and ask for tips for people who are currently trying to decide what to study.<\/p>\n\n\n\n<p class=\"has-big-font-size\">If you have any questions, just write to us at <a href=\"mailto:zsb@uni-mainz.de\">zsb@uni-mainz.de<\/a>.<\/p>\n\n\n\n<div class=\"wp-block-columns is-layout-flex wp-container-core-columns-is-layout-9d6595d7 wp-block-columns-is-layout-flex\">\n<div class=\"wp-block-column is-layout-flow wp-block-column-is-layout-flow\"><jgu-base-image react-props=\"{\n    &quot;image&quot;: {\n        &quot;url&quot;: &quot;https:\\\/\\\/cms.zdv.uni-mainz.de\\\/studium\\\/wp-content\\\/uploads\\\/sites\\\/12\\\/2023\\\/10\\\/TdoU_Foto\\u00a9-Stefan-F.-Saemmer-1-1.jpg&quot;,\n        &quot;id&quot;: 36959,\n        &quot;alt&quot;: &quot;Flyer vor Gutenberg-B\\u00fcste&quot;,\n        &quot;credit&quot;: &quot;\\u00a9 Stefan F. S\\u00e4mmer&quot;,\n        &quot;title&quot;: &quot;Flyer zum Tag der offenen Uni&quot;,\n        &quot;width&quot;: 8192,\n        &quot;height&quot;: 5464,\n        &quot;srcset&quot;: &quot;https:\\\/\\\/cms.zdv.uni-mainz.de\\\/studium\\\/wp-content\\\/uploads\\\/sites\\\/12\\\/2023\\\/10\\\/TdoU_Foto\\u00a9-Stefan-F.-Saemmer-1-1.jpg 8192w, https:\\\/\\\/cms.zdv.uni-mainz.de\\\/studium\\\/wp-content\\\/uploads\\\/sites\\\/12\\\/2023\\\/10\\\/TdoU_Foto\\u00a9-Stefan-F.-Saemmer-1-1-300x200.jpg 300w, https:\\\/\\\/cms.zdv.uni-mainz.de\\\/studium\\\/wp-content\\\/uploads\\\/sites\\\/12\\\/2023\\\/10\\\/TdoU_Foto\\u00a9-Stefan-F.-Saemmer-1-1-1024x683.jpg 1024w, https:\\\/\\\/cms.zdv.uni-mainz.de\\\/studium\\\/wp-content\\\/uploads\\\/sites\\\/12\\\/2023\\\/10\\\/TdoU_Foto\\u00a9-Stefan-F.-Saemmer-1-1-768x512.jpg 768w, https:\\\/\\\/cms.zdv.uni-mainz.de\\\/studium\\\/wp-content\\\/uploads\\\/sites\\\/12\\\/2023\\\/10\\\/TdoU_Foto\\u00a9-Stefan-F.-Saemmer-1-1-1536x1025.jpg 1536w&quot;\n    },\n    &quot;align&quot;: &quot;&quot;,\n    &quot;hasLightbox&quot;: false,\n    &quot;caption&quot;: &quot;&quot;,\n    &quot;imgWidth&quot;: 0,\n    &quot;link&quot;: {\n        &quot;url&quot;: &quot;&quot;,\n        &quot;target&quot;: &quot;&quot;,\n        &quot;rel&quot;: &quot;&quot;\n    }\n}\" class=\"align-\">\n    \n<\/jgu-base-image><\/div>\n\n\n\n<div class=\"wp-block-column is-layout-flow wp-block-column-is-layout-flow\"><jgu-base-alertbox react-props=\"{\n    &quot;headline&quot;: &quot;&lt;strong&gt;Links&lt;\\\/strong&gt;&quot;,\n    &quot;subline&quot;: &quot;&lt;a href=\\&quot;https:\\\/\\\/www.hochschulkompass.de\\\/en\\\/study-in-germany.html\\&quot; target=\\&quot;_blank\\&quot; rel=\\&quot;noreferrer noopener\\&quot;&gt;Higher Education Compass&lt;\\\/a&gt;&lt;br&gt;&lt;a href=\\&quot;https:\\\/\\\/studienwahl.de\\\/en\\&quot; target=\\&quot;_blank\\&quot; rel=\\&quot;noreferrer noopener\\&quot;&gt;Choosing a degree and initial orientation&lt;\\\/a&gt;&lt;br&gt;&lt;a href=\\&quot;https:\\\/\\\/www.instagram.com\\\/unimainz\\\/\\&quot; target=\\&quot;_blank\\&quot; rel=\\&quot;noreferrer noopener\\&quot;&gt;Photos from the university open house 2023 on Instagram&lt;\\\/a&gt;&quot;,\n    &quot;children&quot;: &quot;&lt;br&gt;&quot;,\n    &quot;iconColor&quot;: &quot;red&quot;,\n    &quot;headlineColor&quot;: &quot;dark&quot;,\n    &quot;icon&quot;: &quot;&quot;,\n    &quot;iconOverHeadline&quot;: false,\n    &quot;isPreview&quot;: false\n}\">\n    \n<\/jgu-base-alertbox><\/div>\n<\/div>\n\n\n\n<p class=\"has-big-font-size\"><\/p>\n\n\n<\/jgu-base-accordionitem>\n\n<jgu-base-accordionitem react-props=\"{&quot;title&quot;:&quot;Episode 44: Was macht man in Ethnologie?&quot;,&quot;init&quot;:false,&quot;slug&quot;:&quot;episode-44-was-macht-man-in-ethnologie&quot;,&quot;align&quot;:&quot;wide&quot;,&quot;customSlug&quot;:false}\">\n    \n\n<p class=\"has-big-font-size\">Are you interested in different living environments? Do you ever question how your own assumptions and behaviors have been shaped by your culture? Do you like to think outside the confines of your own bubble? Then perhaps Social and Cultural Anthropology is for you!<\/p>\n\n\n\n<div class=\"wp-block-columns is-layout-flex wp-container-core-columns-is-layout-9d6595d7 wp-block-columns-is-layout-flex\">\n<div class=\"wp-block-column is-layout-flow wp-block-column-is-layout-flow\"><jgu-base-image react-props=\"{\n    &quot;image&quot;: {\n        &quot;url&quot;: &quot;https:\\\/\\\/cms.zdv.uni-mainz.de\\\/studium\\\/wp-content\\\/uploads\\\/sites\\\/12\\\/2023\\\/02\\\/Ethnologie-BA.jpg&quot;,\n        &quot;id&quot;: 144,\n        &quot;credit&quot;: &quot;Dedraw Studio\\\/ #501948566\\\/ stock.adobe.com&quot;,\n        &quot;title&quot;: &quot;Mobile&quot;,\n        &quot;width&quot;: 1250,\n        &quot;height&quot;: 700,\n        &quot;srcset&quot;: &quot;https:\\\/\\\/cms.zdv.uni-mainz.de\\\/studium\\\/wp-content\\\/uploads\\\/sites\\\/12\\\/2023\\\/02\\\/Ethnologie-BA.jpg 1250w, https:\\\/\\\/cms.zdv.uni-mainz.de\\\/studium\\\/wp-content\\\/uploads\\\/sites\\\/12\\\/2023\\\/02\\\/Ethnologie-BA-300x168.jpg 300w, https:\\\/\\\/cms.zdv.uni-mainz.de\\\/studium\\\/wp-content\\\/uploads\\\/sites\\\/12\\\/2023\\\/02\\\/Ethnologie-BA-1024x573.jpg 1024w, https:\\\/\\\/cms.zdv.uni-mainz.de\\\/studium\\\/wp-content\\\/uploads\\\/sites\\\/12\\\/2023\\\/02\\\/Ethnologie-BA-768x430.jpg 768w&quot;\n    },\n    &quot;link&quot;: {\n        &quot;url&quot;: &quot;https:\\\/\\\/www.studium.uni-mainz.de\\\/en\\\/choosing-your-degree-program\\\/courses-offered\\\/social-cultural-anthropology-ba\\\/&quot;,\n        &quot;linkTarget&quot;: &quot;_blank&quot;,\n        &quot;rel&quot;: &quot;noreferrer noopener&quot;\n    },\n    &quot;align&quot;: &quot;&quot;,\n    &quot;hasLightbox&quot;: false,\n    &quot;caption&quot;: &quot;&quot;,\n    &quot;imgWidth&quot;: 0\n}\" class=\"align-\">\n    \n<\/jgu-base-image><\/div>\n\n\n\n<div class=\"wp-block-column is-layout-flow wp-block-column-is-layout-flow\"><jgu-base-alertbox react-props=\"{\n    &quot;headline&quot;: &quot;&lt;strong&gt;Links&lt;\\\/strong&gt;&quot;,\n    &quot;subline&quot;: &quot;&lt;a href=\\&quot;https:\\\/\\\/www.hochschulkompass.de\\\/en\\\/study-in-germany.html\\&quot; target=\\&quot;_blank\\&quot; rel=\\&quot;noreferrer noopener\\&quot;&gt;Higher Education Compass&lt;\\\/a&gt;&lt;br&gt;&lt;a href=\\&quot;https:\\\/\\\/www.studium.uni-mainz.de\\\/en\\\/choosing-your-degree-program\\\/courses-offered\\\/social-cultural-anthropology-ba\\\/\\&quot;&gt;Social and Cultural Anthropology degree description&lt;\\\/a&gt;&lt;br&gt;Cultural Anthropology on Instagram:\\u00a0&lt;a href=\\&quot;https:\\\/\\\/www.instagram.com\\\/ifeas_mainz\\\/\\&quot; target=\\&quot;_blank\\&quot; rel=\\&quot;noreferrer noopener\\&quot;&gt;ifeas_mainz&lt;\\\/a&gt;&quot;,\n    &quot;children&quot;: &quot;&lt;br&gt;&quot;,\n    &quot;iconColor&quot;: &quot;red&quot;,\n    &quot;headlineColor&quot;: &quot;dark&quot;,\n    &quot;icon&quot;: &quot;&quot;,\n    &quot;iconOverHeadline&quot;: false,\n    &quot;isPreview&quot;: false\n}\">\n    \n<\/jgu-base-alertbox><\/div>\n<\/div>\n\n\n<\/jgu-base-accordionitem>\n\n<jgu-base-accordionitem react-props=\"{&quot;title&quot;:&quot;Episode 43: Was macht man in Kunstgeschichte?&quot;,&quot;init&quot;:false,&quot;slug&quot;:&quot;episode-43-was-macht-man-in-kunstgeschichte&quot;,&quot;align&quot;:&quot;wide&quot;,&quot;customSlug&quot;:false}\">\n    \n\n<p class=\"has-big-font-size\">In this episode, we talk about the subject of Art History. Art is more than just painting \u2013 and even that is a huge field of knowledge and research. It comprises sculptures, architecture, photography, digital media, performances, and much more. In Art History, you can expect a vibrant examination of works of art of all kinds. Let&#8217;s see what Sophia, an enthusiastic Art History student, has to say about it.<\/p>\n\n\n\n<div class=\"wp-block-columns is-layout-flex wp-container-core-columns-is-layout-9d6595d7 wp-block-columns-is-layout-flex\">\n<div class=\"wp-block-column is-layout-flow wp-block-column-is-layout-flow\"><jgu-base-image react-props=\"{\n    &quot;image&quot;: {\n        &quot;url&quot;: &quot;https:\\\/\\\/cms.zdv.uni-mainz.de\\\/studium\\\/wp-content\\\/uploads\\\/sites\\\/12\\\/2023\\\/06\\\/Kunstgeschichte-BA.png&quot;,\n        &quot;id&quot;: 8080,\n        &quot;credit&quot;: &quot;\\u00a9 Jana Dennhard &quot;,\n        &quot;title&quot;: &quot;Kunstgeschichte-BA&quot;,\n        &quot;width&quot;: 1250,\n        &quot;height&quot;: 700,\n        &quot;srcset&quot;: &quot;https:\\\/\\\/cms.zdv.uni-mainz.de\\\/studium\\\/wp-content\\\/uploads\\\/sites\\\/12\\\/2023\\\/06\\\/Kunstgeschichte-BA.png 1250w, https:\\\/\\\/cms.zdv.uni-mainz.de\\\/studium\\\/wp-content\\\/uploads\\\/sites\\\/12\\\/2023\\\/06\\\/Kunstgeschichte-BA-300x168.png 300w, https:\\\/\\\/cms.zdv.uni-mainz.de\\\/studium\\\/wp-content\\\/uploads\\\/sites\\\/12\\\/2023\\\/06\\\/Kunstgeschichte-BA-1024x573.png 1024w, https:\\\/\\\/cms.zdv.uni-mainz.de\\\/studium\\\/wp-content\\\/uploads\\\/sites\\\/12\\\/2023\\\/06\\\/Kunstgeschichte-BA-768x430.png 768w&quot;\n    },\n    &quot;link&quot;: {\n        &quot;url&quot;: &quot;https:\\\/\\\/www.studium.uni-mainz.de\\\/en\\\/choosing-your-degree-program\\\/courses-offered\\\/art-history-ba\\\/&quot;,\n        &quot;linkTarget&quot;: &quot;_blank&quot;,\n        &quot;rel&quot;: &quot;noreferrer noopener&quot;\n    },\n    &quot;align&quot;: &quot;&quot;,\n    &quot;hasLightbox&quot;: false,\n    &quot;caption&quot;: &quot;&quot;,\n    &quot;imgWidth&quot;: 0\n}\" class=\"align-\">\n    \n<\/jgu-base-image><\/div>\n\n\n\n<div class=\"wp-block-column is-layout-flow wp-block-column-is-layout-flow\"><jgu-base-alertbox react-props=\"{\n    &quot;headline&quot;: &quot;&lt;strong&gt;Links&lt;\\\/strong&gt;&quot;,\n    &quot;subline&quot;: &quot;&lt;a href=\\&quot;https:\\\/\\\/www.hochschulkompass.de\\\/en\\\/study-in-germany.html\\&quot; target=\\&quot;_blank\\&quot; rel=\\&quot;noreferrer noopener\\&quot;&gt;Higher Education Compass&lt;\\\/a&gt;&lt;br&gt;&lt;a href=\\&quot;https:\\\/\\\/www.studium.uni-mainz.de\\\/en\\\/choosing-your-degree-program\\\/courses-offered\\\/art-history-ba\\\/\\&quot;&gt;Art History degree description&lt;\\\/a&gt;&lt;br&gt;&lt;a href=\\&quot;https:\\\/\\\/www.instagram.com\\\/part.mainz\\\/\\&quot; target=\\&quot;_blank\\&quot; rel=\\&quot;noreferrer noopener\\&quot;&gt;Sophia&#039;s project \\u201cPart\\u201d on Instagram&lt;\\\/a&gt;&lt;br&gt;&lt;a href=\\&quot;https:\\\/\\\/www.partpartpart.de\\\/\\&quot; target=\\&quot;_blank\\&quot; rel=\\&quot;noreferrer noopener\\&quot;&gt;\\u201cPart\\u201d website&lt;\\\/a&gt;&quot;,\n    &quot;children&quot;: &quot;&lt;br&gt;&quot;,\n    &quot;iconColor&quot;: &quot;red&quot;,\n    &quot;headlineColor&quot;: &quot;dark&quot;,\n    &quot;icon&quot;: &quot;&quot;,\n    &quot;iconOverHeadline&quot;: false,\n    &quot;isPreview&quot;: false\n}\">\n    \n<\/jgu-base-alertbox><\/div>\n<\/div>\n\n\n<\/jgu-base-accordionitem>\n\n<jgu-base-accordionitem react-props=\"{&quot;title&quot;:&quot;Episode 42: Was macht man in American Studies?&quot;,&quot;init&quot;:false,&quot;slug&quot;:&quot;episode-42-was-macht-man-in-american-studies&quot;,&quot;align&quot;:&quot;wide&quot;,&quot;customSlug&quot;:false}\">\n    \n\n<p class=\"has-big-font-size\">This episode is for anyone interested in the USA. In order to understand a country like the United States of America, you have to get to grips with its history, politics, and society, but also with its culture and media. Even though the US is a relatively young country, its development has played&nbsp;\u2013 and continues to play&nbsp;\u2212 a significant role in world affairs. In this episode, we talk to Jan, who is currently on a semester abroad in Texas, as he tells us about his favorite subject, American Studies.<\/p>\n\n\n\n<div class=\"wp-block-columns is-layout-flex wp-container-core-columns-is-layout-9d6595d7 wp-block-columns-is-layout-flex\">\n<div class=\"wp-block-column is-layout-flow wp-block-column-is-layout-flow\"><jgu-base-image react-props=\"{\n    &quot;image&quot;: {\n        &quot;url&quot;: &quot;https:\\\/\\\/cms.zdv.uni-mainz.de\\\/studium\\\/wp-content\\\/uploads\\\/sites\\\/12\\\/2023\\\/02\\\/American-Studies-BA.jpg&quot;,\n        &quot;id&quot;: 114,\n        &quot;credit&quot;: &quot;Janaka Dharmasena\\\/ #69834609\\\/ stock.adobe.com&quot;,\n        &quot;title&quot;: &quot;American Studies BA&quot;,\n        &quot;width&quot;: 1250,\n        &quot;height&quot;: 700,\n        &quot;srcset&quot;: &quot;https:\\\/\\\/cms.zdv.uni-mainz.de\\\/studium\\\/wp-content\\\/uploads\\\/sites\\\/12\\\/2023\\\/02\\\/American-Studies-BA.jpg 1250w, https:\\\/\\\/cms.zdv.uni-mainz.de\\\/studium\\\/wp-content\\\/uploads\\\/sites\\\/12\\\/2023\\\/02\\\/American-Studies-BA-300x168.jpg 300w, https:\\\/\\\/cms.zdv.uni-mainz.de\\\/studium\\\/wp-content\\\/uploads\\\/sites\\\/12\\\/2023\\\/02\\\/American-Studies-BA-1024x573.jpg 1024w, https:\\\/\\\/cms.zdv.uni-mainz.de\\\/studium\\\/wp-content\\\/uploads\\\/sites\\\/12\\\/2023\\\/02\\\/American-Studies-BA-768x430.jpg 768w&quot;\n    },\n    &quot;link&quot;: {\n        &quot;url&quot;: &quot;https:\\\/\\\/www.studium.uni-mainz.de\\\/en\\\/choosing-your-degree-program\\\/courses-offered\\\/american-studies-ba\\\/&quot;,\n        &quot;linkTarget&quot;: &quot;_blank&quot;,\n        &quot;rel&quot;: &quot;noreferrer noopener&quot;\n    },\n    &quot;align&quot;: &quot;&quot;,\n    &quot;hasLightbox&quot;: false,\n    &quot;caption&quot;: &quot;&quot;,\n    &quot;imgWidth&quot;: 0\n}\" class=\"align-\">\n    \n<\/jgu-base-image><\/div>\n\n\n\n<div class=\"wp-block-column is-layout-flow wp-block-column-is-layout-flow\"><jgu-base-alertbox react-props=\"{\n    &quot;headline&quot;: &quot;&lt;strong&gt;Links&lt;\\\/strong&gt;&quot;,\n    &quot;subline&quot;: &quot;&lt;a href=\\&quot;http:\\\/\\\/www.obama-institute.com\\\/\\&quot; target=\\&quot;_blank\\&quot; rel=\\&quot;noreferrer noopener\\&quot;&gt;Obama Institute Mainz&lt;\\\/a&gt;&lt;br&gt;&lt;a href=\\&quot;https:\\\/\\\/www.hochschulkompass.de\\\/en\\\/study-in-germany.html\\&quot; target=\\&quot;_blank\\&quot; rel=\\&quot;noreferrer noopener\\&quot;&gt;Higher Education Compass&lt;\\\/a&gt;&lt;br&gt;&lt;a href=\\&quot;https:\\\/\\\/www.studium.uni-mainz.de\\\/en\\\/choosing-your-degree-program\\\/courses-offered\\\/american-studies-b-a\\\/\\&quot;&gt;American Studies degree description&lt;\\\/a&gt;&quot;,\n    &quot;children&quot;: &quot;&lt;br&gt;&quot;,\n    &quot;iconColor&quot;: &quot;red&quot;,\n    &quot;headlineColor&quot;: &quot;dark&quot;,\n    &quot;icon&quot;: &quot;&quot;,\n    &quot;iconOverHeadline&quot;: false,\n    &quot;isPreview&quot;: false\n}\">\n    \n<\/jgu-base-alertbox><\/div>\n<\/div>\n\n\n<\/jgu-base-accordionitem>\n\n<jgu-base-accordionitem react-props=\"{&quot;title&quot;:&quot;Episode 41: Was macht man in Philosophie?&quot;,&quot;init&quot;:false,&quot;slug&quot;:&quot;episode-41-was-macht-man-in-philosophie&quot;,&quot;align&quot;:&quot;wide&quot;,&quot;customSlug&quot;:false}\">\n    \n\n<p class=\"has-big-font-size\">Have you ever asked yourself questions that somehow take your thoughts to a higher plane? Here are a few examples: What is time? Is the reality that we as humans can perceive real and does it actually exist? What are the limits of our thinking and knowledge? What is the meaning of everything? In this episode, we talk about the subject of Philosophy and have invited two students&nbsp;\u2013 Emily and Johannes&nbsp;\u2013 to give us the rundown. <\/p>\n\n\n\n<div class=\"wp-block-columns is-layout-flex wp-container-core-columns-is-layout-9d6595d7 wp-block-columns-is-layout-flex\">\n<div class=\"wp-block-column is-layout-flow wp-block-column-is-layout-flow\"><jgu-base-image react-props=\"{\n    &quot;image&quot;: {\n        &quot;url&quot;: &quot;https:\\\/\\\/cms.zdv.uni-mainz.de\\\/studium\\\/wp-content\\\/uploads\\\/sites\\\/12\\\/2023\\\/02\\\/Philosophie-BA.jpg&quot;,\n        &quot;id&quot;: 234,\n        &quot;caption&quot;: &quot;Close up of old English dictionary page with word philosophy&quot;,\n        &quot;credit&quot;: &quot;TungCheung\\\/ #110246000\\\/ stock.adobe.com&quot;,\n        &quot;title&quot;: &quot;Close up of old English dictionary page with word philosophy&quot;,\n        &quot;width&quot;: 1250,\n        &quot;height&quot;: 700,\n        &quot;srcset&quot;: &quot;https:\\\/\\\/cms.zdv.uni-mainz.de\\\/studium\\\/wp-content\\\/uploads\\\/sites\\\/12\\\/2023\\\/02\\\/Philosophie-BA.jpg 1250w, https:\\\/\\\/cms.zdv.uni-mainz.de\\\/studium\\\/wp-content\\\/uploads\\\/sites\\\/12\\\/2023\\\/02\\\/Philosophie-BA-300x168.jpg 300w, https:\\\/\\\/cms.zdv.uni-mainz.de\\\/studium\\\/wp-content\\\/uploads\\\/sites\\\/12\\\/2023\\\/02\\\/Philosophie-BA-1024x573.jpg 1024w, https:\\\/\\\/cms.zdv.uni-mainz.de\\\/studium\\\/wp-content\\\/uploads\\\/sites\\\/12\\\/2023\\\/02\\\/Philosophie-BA-768x430.jpg 768w&quot;\n    },\n    &quot;link&quot;: {\n        &quot;url&quot;: &quot;https:\\\/\\\/www.studium.uni-mainz.de\\\/en\\\/choosing-your-degree-program\\\/courses-offered\\\/philosophy-ba\\\/&quot;,\n        &quot;linkTarget&quot;: &quot;_blank&quot;,\n        &quot;rel&quot;: &quot;noreferrer noopener&quot;\n    },\n    &quot;align&quot;: &quot;&quot;,\n    &quot;hasLightbox&quot;: false,\n    &quot;caption&quot;: &quot;&quot;,\n    &quot;imgWidth&quot;: 0\n}\" class=\"align-\">\n    \n<\/jgu-base-image><\/div>\n\n\n\n<div class=\"wp-block-column is-layout-flow wp-block-column-is-layout-flow\"><jgu-base-alertbox react-props=\"{\n    &quot;headline&quot;: &quot;&lt;strong&gt;Links&lt;\\\/strong&gt;&quot;,\n    &quot;subline&quot;: &quot;&lt;a href=\\&quot;https:\\\/\\\/www.hochschulkompass.de\\\/en\\\/study-in-germany.html\\&quot; target=\\&quot;_blank\\&quot; rel=\\&quot;noreferrer noopener\\&quot;&gt;Higher Education Compass&lt;\\\/a&gt;&lt;br&gt;&lt;a href=\\&quot;https:\\\/\\\/www.studium.uni-mainz.de\\\/en\\\/choosing-your-degree-program\\\/courses-offered\\\/philosophy-ba\\\/\\&quot; data-type=\\&quot;page\\&quot; data-id=\\&quot;1194\\&quot;&gt;Philosophy degree description&lt;\\\/a&gt;&lt;br&gt;&quot;,\n    &quot;children&quot;: &quot;&lt;strong&gt;Johannes\\u2019s recommendations as an introduction to Philosophy:&lt;\\\/strong&gt;&lt;br&gt;&lt;em&gt;Book: &lt;\\\/em&gt;\\u201eDas Handwerk der Freiheit\\u201c by Peter Bieri, ISBN-10: 3596156475.&lt;br&gt;&lt;em&gt;Audiobook:&lt;\\\/em&gt; \\u201e&lt;a href=\\&quot;https:\\\/\\\/open.spotify.com\\\/album\\\/1dk00WIlSvTF87W956f9wM\\&quot; target=\\&quot;_blank\\&quot; rel=\\&quot;noreferrer noopener\\&quot;&gt;\\u00dcber das B\\u00f6se. Eine Vorlesung zu Fragen der Ethik.&lt;\\\/a&gt;\\u201c (\\u201cSome Questions of Moral Philosophy\\u201d) by Hannah Arendt.&lt;br&gt;&lt;br&gt;&lt;a href=\\&quot;https:\\\/\\\/www.youtube.com\\\/watch?v=SlNYVnCUvVg&amp;amp;list=PLiR8NqajHNPbaX2rBoA2z6IPGpU0IPlS2\\&quot; target=\\&quot;_blank\\&quot; rel=\\&quot;noreferrer noopener\\&quot;&gt;Entertaining interviews&lt;\\\/a&gt; of varying lengths between the French philosopher Gilles Deleuze and his student Claire Parnet: \\&quot;Ab\\u00e9c\\u00e9daire\\&quot; (French with English subtitles).&lt;br&gt;&quot;,\n    &quot;iconColor&quot;: &quot;red&quot;,\n    &quot;headlineColor&quot;: &quot;dark&quot;,\n    &quot;icon&quot;: &quot;&quot;,\n    &quot;iconOverHeadline&quot;: false,\n    &quot;isPreview&quot;: false\n}\">\n    \n<\/jgu-base-alertbox><\/div>\n<\/div>\n\n\n<\/jgu-base-accordionitem>\n\n<jgu-base-accordionitem react-props=\"{&quot;title&quot;:&quot;Episode 40: Was macht man in Mathematik?&quot;,&quot;init&quot;:false,&quot;slug&quot;:&quot;episode-40-was-macht-man-in-mathematik&quot;,&quot;align&quot;:&quot;wide&quot;,&quot;customSlug&quot;:false}\">\n    \n\n<p class=\"has-big-font-size\">The freedom and imagination of mathematical thought will help you invent new things and pursue innovative ideas and creative solutions for the various challenges facing society. Isabelle tells us how much fun this can be.<\/p>\n\n\n\n<div class=\"wp-block-columns is-layout-flex wp-container-core-columns-is-layout-9d6595d7 wp-block-columns-is-layout-flex\">\n<div class=\"wp-block-column is-layout-flow wp-block-column-is-layout-flow\"><jgu-base-image react-props=\"{\n    &quot;image&quot;: {\n        &quot;url&quot;: &quot;https:\\\/\\\/cms.zdv.uni-mainz.de\\\/studium\\\/wp-content\\\/uploads\\\/sites\\\/12\\\/2023\\\/02\\\/Mathematik-BSc.jpg&quot;,\n        &quot;id&quot;: 210,\n        &quot;credit&quot;: &quot;Open Studio\\\/ # 242851357\\\/ stock.adobe.com&quot;,\n        &quot;title&quot;: &quot;Mathematik BSc&quot;,\n        &quot;width&quot;: 1250,\n        &quot;height&quot;: 700,\n        &quot;srcset&quot;: &quot;https:\\\/\\\/cms.zdv.uni-mainz.de\\\/studium\\\/wp-content\\\/uploads\\\/sites\\\/12\\\/2023\\\/02\\\/Mathematik-BSc.jpg 1250w, https:\\\/\\\/cms.zdv.uni-mainz.de\\\/studium\\\/wp-content\\\/uploads\\\/sites\\\/12\\\/2023\\\/02\\\/Mathematik-BSc-300x168.jpg 300w, https:\\\/\\\/cms.zdv.uni-mainz.de\\\/studium\\\/wp-content\\\/uploads\\\/sites\\\/12\\\/2023\\\/02\\\/Mathematik-BSc-1024x573.jpg 1024w, https:\\\/\\\/cms.zdv.uni-mainz.de\\\/studium\\\/wp-content\\\/uploads\\\/sites\\\/12\\\/2023\\\/02\\\/Mathematik-BSc-768x430.jpg 768w&quot;\n    },\n    &quot;link&quot;: {\n        &quot;url&quot;: &quot;https:\\\/\\\/www.studium.uni-mainz.de\\\/en\\\/choosing-your-degree-program\\\/courses-offered\\\/mathematics-bsc\\\/&quot;,\n        &quot;linkTarget&quot;: &quot;_blank&quot;,\n        &quot;rel&quot;: &quot;noreferrer noopener&quot;\n    },\n    &quot;align&quot;: &quot;&quot;,\n    &quot;hasLightbox&quot;: false,\n    &quot;caption&quot;: &quot;&quot;,\n    &quot;imgWidth&quot;: 0\n}\" class=\"align-\">\n    \n<\/jgu-base-image><\/div>\n\n\n\n<div class=\"wp-block-column is-layout-flow wp-block-column-is-layout-flow\"><jgu-base-alertbox react-props=\"{\n    &quot;headline&quot;: &quot;&lt;strong&gt;Links&lt;\\\/strong&gt;&quot;,\n    &quot;subline&quot;: &quot;&lt;a href=\\&quot;https:\\\/\\\/www.hochschulkompass.de\\\/en\\\/study-in-germany.html\\&quot; target=\\&quot;_blank\\&quot; rel=\\&quot;noreferrer noopener\\&quot;&gt;Higher Education Compass&lt;\\\/a&gt;&lt;br&gt;&lt;a href=\\&quot;https:\\\/\\\/www.studium.uni-mainz.de\\\/en\\\/choosing-your-degree-program\\\/courses-offered\\\/mathematics-bsc\\\/\\&quot;&gt;Mathematics degree description&lt;\\\/a&gt;&lt;br&gt;&lt;a&gt;Studying math in Mainz&lt;\\\/a&gt;&lt;br&gt;&quot;,\n    &quot;children&quot;: &quot;&lt;br&gt;&quot;,\n    &quot;iconColor&quot;: &quot;red&quot;,\n    &quot;headlineColor&quot;: &quot;dark&quot;,\n    &quot;icon&quot;: &quot;&quot;,\n    &quot;iconOverHeadline&quot;: false,\n    &quot;isPreview&quot;: false\n}\">\n    \n<\/jgu-base-alertbox><\/div>\n<\/div>\n\n\n<\/jgu-base-accordionitem>\n\n<jgu-base-accordionitem react-props=\"{&quot;title&quot;:&quot;Episode 39: Was macht man in Informatik?&quot;,&quot;init&quot;:false,&quot;slug&quot;:&quot;episode-39-was-macht-man-in-informatik&quot;,&quot;align&quot;:&quot;wide&quot;,&quot;customSlug&quot;:false}\">\n    \n\n<p class=\"has-big-font-size\">Have you ever seen a self-driving car? Behind this phenomenon, as behind many things in our everyday lives, lies a computer system. How do you get a computer to automatically solve problems? This is just one part of what Computer Science is about. In today\u2019s society, information&nbsp;\u2013 in other words, data&nbsp;\u2013 plays an important role. Yet how is the flood of data stored and processed? And what impact does information technology have on our society and our daily lives? The Computer Science degree program provides answers to these questions, exploring both the opportunities and hazards inherent to the fields of data security, ethics and cybercrime. Computer Science student Markus tells us all about it.<\/p>\n\n\n\n<div class=\"wp-block-columns is-layout-flex wp-container-core-columns-is-layout-9d6595d7 wp-block-columns-is-layout-flex\">\n<div class=\"wp-block-column is-layout-flow wp-block-column-is-layout-flow\"><jgu-base-image react-props=\"{\n    &quot;image&quot;: {\n        &quot;url&quot;: &quot;https:\\\/\\\/cms.zdv.uni-mainz.de\\\/studium\\\/wp-content\\\/uploads\\\/sites\\\/12\\\/2023\\\/02\\\/Informatik-BSc.jpg&quot;,\n        &quot;id&quot;: 186,\n        &quot;credit&quot;: &quot;Sashkin\\\/ #297078136\\\/ stock.adobe.com&quot;,\n        &quot;title&quot;: &quot;Informatik BSc&quot;,\n        &quot;width&quot;: 1250,\n        &quot;height&quot;: 700,\n        &quot;srcset&quot;: &quot;https:\\\/\\\/cms.zdv.uni-mainz.de\\\/studium\\\/wp-content\\\/uploads\\\/sites\\\/12\\\/2023\\\/02\\\/Informatik-BSc.jpg 1250w, https:\\\/\\\/cms.zdv.uni-mainz.de\\\/studium\\\/wp-content\\\/uploads\\\/sites\\\/12\\\/2023\\\/02\\\/Informatik-BSc-300x168.jpg 300w, https:\\\/\\\/cms.zdv.uni-mainz.de\\\/studium\\\/wp-content\\\/uploads\\\/sites\\\/12\\\/2023\\\/02\\\/Informatik-BSc-1024x573.jpg 1024w, https:\\\/\\\/cms.zdv.uni-mainz.de\\\/studium\\\/wp-content\\\/uploads\\\/sites\\\/12\\\/2023\\\/02\\\/Informatik-BSc-768x430.jpg 768w&quot;\n    },\n    &quot;link&quot;: {\n        &quot;url&quot;: &quot;https:\\\/\\\/www.studium.uni-mainz.de\\\/en\\\/choosing-your-degree-program\\\/courses-offered\\\/computer-science-bsc\\\/&quot;,\n        &quot;linkTarget&quot;: &quot;_blank&quot;,\n        &quot;rel&quot;: &quot;noreferrer noopener&quot;\n    },\n    &quot;align&quot;: &quot;&quot;,\n    &quot;hasLightbox&quot;: false,\n    &quot;caption&quot;: &quot;&quot;,\n    &quot;imgWidth&quot;: 0\n}\" class=\"align-\">\n    \n<\/jgu-base-image><\/div>\n\n\n\n<div class=\"wp-block-column is-layout-flow wp-block-column-is-layout-flow\"><jgu-base-alertbox react-props=\"{\n    &quot;headline&quot;: &quot;&lt;strong&gt;Links&lt;\\\/strong&gt;&quot;,\n    &quot;subline&quot;: &quot;&lt;a href=\\&quot;https:\\\/\\\/www.hochschulkompass.de\\\/en\\\/study-in-germany.html\\&quot; target=\\&quot;_blank\\&quot; rel=\\&quot;noreferrer noopener\\&quot;&gt;Higher Education Compass&lt;\\\/a&gt;&lt;br&gt;&lt;a href=\\&quot;https:\\\/\\\/www.studium.uni-mainz.de\\\/en\\\/choosing-your-degree-program\\\/courses-offered\\\/computer-science-bsc\\\/\\&quot; data-type=\\&quot;page\\&quot; data-id=\\&quot;870\\&quot; target=\\&quot;_blank\\&quot; rel=\\&quot;noreferrer noopener\\&quot;&gt;Computer Science degree description&lt;\\\/a&gt;&lt;br&gt;&lt;br&gt;This page is also mentioned:&lt;br&gt;&lt;a href=\\&quot;https:\\\/\\\/studieren-ohne-abitur.de\\\/\\&quot; target=\\&quot;_blank\\&quot; rel=\\&quot;noreferrer noopener\\&quot;&gt;Studying without a German&lt;i&gt; Abitur&lt;\\\/i&gt;&lt;\\\/a&gt;&quot;,\n    &quot;children&quot;: &quot;&lt;br&gt;&quot;,\n    &quot;iconColor&quot;: &quot;red&quot;,\n    &quot;headlineColor&quot;: &quot;dark&quot;,\n    &quot;icon&quot;: &quot;&quot;,\n    &quot;iconOverHeadline&quot;: false,\n    &quot;isPreview&quot;: false\n}\">\n    \n<\/jgu-base-alertbox><\/div>\n<\/div>\n\n\n<\/jgu-base-accordionitem>\n\n<jgu-base-accordionitem react-props=\"{&quot;title&quot;:&quot;Episode 38: Was macht man im Sportstudium?&quot;,&quot;init&quot;:false,&quot;slug&quot;:&quot;episode-38-was-macht-man-im-sportstudium&quot;,&quot;align&quot;:&quot;wide&quot;,&quot;customSlug&quot;:false}\">\n    \n\n<p class=\"has-big-font-size\">If you are interested in understanding and communicating about sport and its effects on the body, in sports organizations and sports management, and if you enjoy playing sports yourself, then perhaps a Sport degree is for you. We ask Sport student Gloria all about it.<\/p>\n\n\n\n<div class=\"wp-block-columns is-layout-flex wp-container-core-columns-is-layout-9d6595d7 wp-block-columns-is-layout-flex\">\n<div class=\"wp-block-column is-layout-flow wp-block-column-is-layout-flow\"><jgu-base-image react-props=\"{\n    &quot;image&quot;: {\n        &quot;url&quot;: &quot;https:\\\/\\\/cms.zdv.uni-mainz.de\\\/studium\\\/wp-content\\\/uploads\\\/sites\\\/12\\\/2023\\\/02\\\/Sport-und-Sportwissenschaft.jpg&quot;,\n        &quot;id&quot;: 1788,\n        &quot;credit&quot;: &quot;metamorworks\\\/ #276059727\\\/ stock.adobe.com&quot;,\n        &quot;title&quot;: &quot;\\u30d8\\u30eb\\u30b9\\u30b1\\u30a2\\u30c6\\u30af\\u30ce\\u30ed\\u30b8\\u30fc&quot;,\n        &quot;width&quot;: 1037,\n        &quot;height&quot;: 583,\n        &quot;srcset&quot;: &quot;https:\\\/\\\/cms.zdv.uni-mainz.de\\\/studium\\\/wp-content\\\/uploads\\\/sites\\\/12\\\/2023\\\/02\\\/Sport-und-Sportwissenschaft.jpg 1037w, https:\\\/\\\/cms.zdv.uni-mainz.de\\\/studium\\\/wp-content\\\/uploads\\\/sites\\\/12\\\/2023\\\/02\\\/Sport-und-Sportwissenschaft-300x169.jpg 300w, https:\\\/\\\/cms.zdv.uni-mainz.de\\\/studium\\\/wp-content\\\/uploads\\\/sites\\\/12\\\/2023\\\/02\\\/Sport-und-Sportwissenschaft-1024x576.jpg 1024w, https:\\\/\\\/cms.zdv.uni-mainz.de\\\/studium\\\/wp-content\\\/uploads\\\/sites\\\/12\\\/2023\\\/02\\\/Sport-und-Sportwissenschaft-768x432.jpg 768w&quot;\n    },\n    &quot;link&quot;: {\n        &quot;url&quot;: &quot;https:\\\/\\\/www.studium.uni-mainz.de\\\/en\\\/choosing-your-degree-program\\\/courses-offered\\\/sport-and-sports-science-ba\\\/&quot;,\n        &quot;linkTarget&quot;: &quot;_blank&quot;,\n        &quot;rel&quot;: &quot;noreferrer noopener&quot;\n    },\n    &quot;align&quot;: &quot;&quot;,\n    &quot;hasLightbox&quot;: false,\n    &quot;caption&quot;: &quot;&quot;,\n    &quot;imgWidth&quot;: 0\n}\" class=\"align-\">\n    \n<\/jgu-base-image><\/div>\n\n\n\n<div class=\"wp-block-column is-layout-flow wp-block-column-is-layout-flow\"><jgu-base-alertbox react-props=\"{\n    &quot;headline&quot;: &quot;&lt;strong&gt;Links&lt;\\\/strong&gt;&quot;,\n    &quot;subline&quot;: &quot;&lt;a href=\\&quot;https:\\\/\\\/www.hochschulkompass.de\\\/en\\\/study-in-germany.html\\&quot; target=\\&quot;_blank\\&quot; rel=\\&quot;noreferrer noopener\\&quot;&gt;Higher Education Compass&lt;\\\/a&gt;&lt;br&gt;&lt;a href=\\&quot;https:\\\/\\\/www.studium.uni-mainz.de\\\/en\\\/choosing-your-degree-program\\\/courses-offered\\\/sport-and-sports-science-ba\\\/\\&quot;&gt;Sport and Sport Science degree description&lt;\\\/a&gt;&lt;br&gt;&lt;br&gt;This podcast is also mentioned:&lt;br&gt;&lt;a href=\\&quot;https:\\\/\\\/www.sportpaedagogik.uni-mainz.de\\\/one-and-a-half-sportsmen\\\/\\&quot; target=\\&quot;_blank\\&quot; rel=\\&quot;noreferrer noopener\\&quot;&gt;\\&quot;One and a half sportsmen\\&quot;&lt;\\\/a&gt;&lt;\\\/a&gt;&quot;,\n    &quot;children&quot;: &quot;&lt;br&gt;&quot;,\n    &quot;iconColor&quot;: &quot;red&quot;,\n    &quot;headlineColor&quot;: &quot;dark&quot;,\n    &quot;icon&quot;: &quot;&quot;,\n    &quot;iconOverHeadline&quot;: false,\n    &quot;isPreview&quot;: false\n}\">\n    \n<\/jgu-base-alertbox><\/div>\n<\/div>\n\n\n<\/jgu-base-accordionitem>\n\n<jgu-base-accordionitem react-props=\"{&quot;title&quot;:&quot;Episode 37: Was macht man in Evangelische Theologie?&quot;,&quot;init&quot;:false,&quot;slug&quot;:&quot;episode-37-was-macht-man-in-evangelische-theologie&quot;,&quot;align&quot;:&quot;wide&quot;,&quot;customSlug&quot;:false}\">\n    \n\n<p class=\"has-big-font-size\">Protestant Theology is a subject that is often associated with prejudices and misconceptions. Am I studying the Christian religion? Is this even a science or is it a matter of faith? Do you have to be a believer to study this? And what do you do during your studies? Do you read the Bible in every seminar? Are all the students completely devout? And then I have to become a pastor, right? Michelle is incredibly passionate about her Theology studies. She tells us all about it in this episode.<\/p>\n\n\n\n<div class=\"wp-block-columns is-layout-flex wp-container-core-columns-is-layout-9d6595d7 wp-block-columns-is-layout-flex\">\n<div class=\"wp-block-column is-layout-flow wp-block-column-is-layout-flow\"><jgu-base-image react-props=\"{\n    &quot;image&quot;: {\n        &quot;url&quot;: &quot;https:\\\/\\\/cms.zdv.uni-mainz.de\\\/studium\\\/wp-content\\\/uploads\\\/sites\\\/12\\\/2023\\\/06\\\/Evangelische-Theologie-BA.jpg&quot;,\n        &quot;id&quot;: 8044,\n        &quot;credit&quot;: &quot;pixelklex\\\/ #524128574\\\/ stock.adobe.com&quot;,\n        &quot;title&quot;: &quot;Colorful stained glass window in modern design with blue, red, v&quot;,\n        &quot;width&quot;: 1250,\n        &quot;height&quot;: 700,\n        &quot;srcset&quot;: &quot;https:\\\/\\\/cms.zdv.uni-mainz.de\\\/studium\\\/wp-content\\\/uploads\\\/sites\\\/12\\\/2023\\\/06\\\/Evangelische-Theologie-BA.jpg 1250w, https:\\\/\\\/cms.zdv.uni-mainz.de\\\/studium\\\/wp-content\\\/uploads\\\/sites\\\/12\\\/2023\\\/06\\\/Evangelische-Theologie-BA-300x168.jpg 300w, https:\\\/\\\/cms.zdv.uni-mainz.de\\\/studium\\\/wp-content\\\/uploads\\\/sites\\\/12\\\/2023\\\/06\\\/Evangelische-Theologie-BA-1024x573.jpg 1024w, https:\\\/\\\/cms.zdv.uni-mainz.de\\\/studium\\\/wp-content\\\/uploads\\\/sites\\\/12\\\/2023\\\/06\\\/Evangelische-Theologie-BA-768x430.jpg 768w&quot;\n    },\n    &quot;link&quot;: {\n        &quot;url&quot;: &quot;https:\\\/\\\/www.studium.uni-mainz.de\\\/en\\\/choosing-your-degree-program\\\/courses-offered\\\/protestant-theology-ba\\\/&quot;,\n        &quot;linkTarget&quot;: &quot;_blank&quot;,\n        &quot;rel&quot;: &quot;noreferrer noopener&quot;\n    },\n    &quot;align&quot;: &quot;&quot;,\n    &quot;hasLightbox&quot;: false,\n    &quot;caption&quot;: &quot;&quot;,\n    &quot;imgWidth&quot;: 0\n}\" class=\"align-\">\n    \n<\/jgu-base-image><\/div>\n\n\n\n<div class=\"wp-block-column is-layout-flow wp-block-column-is-layout-flow\"><jgu-base-alertbox react-props=\"{\n    &quot;headline&quot;: &quot;&lt;strong&gt;Links&lt;\\\/strong&gt;&quot;,\n    &quot;subline&quot;: &quot;&lt;a href=\\&quot;https:\\\/\\\/www.hochschulkompass.de\\\/en\\\/study-in-germany.html\\&quot; target=\\&quot;_blank\\&quot; rel=\\&quot;noreferrer noopener\\&quot;&gt;Higher Education Compass&lt;\\\/a&gt;&lt;br&gt;&lt;a href=\\&quot;https:\\\/\\\/www.studium.uni-mainz.de\\\/en\\\/choosing-your-degree-program\\\/courses-offered\\\/protestant-theology-ba\\\/\\&quot; data-type=\\&quot;page\\&quot; data-id=\\&quot;52070\\&quot;&gt;Protestant Theology degree description&lt;\\\/a&gt;&lt;br&gt;&lt;br&gt;The projects below are also mentioned:&lt;br&gt;Devotion Hotline: 06322 9883501&lt;br&gt;Instagram:\\u00a0&lt;a href=\\&quot;https:\\\/\\\/www.instagram.com\\\/mach_theologie\\\/\\&quot; target=\\&quot;_blank\\&quot; rel=\\&quot;noreferrer noopener\\&quot;&gt;mach_theologie&lt;\\\/a&gt;&quot;,\n    &quot;children&quot;: &quot;&lt;br&gt;&quot;,\n    &quot;iconColor&quot;: &quot;red&quot;,\n    &quot;headlineColor&quot;: &quot;dark&quot;,\n    &quot;icon&quot;: &quot;&quot;,\n    &quot;iconOverHeadline&quot;: false,\n    &quot;isPreview&quot;: false\n}\">\n    \n<\/jgu-base-alertbox><\/div>\n<\/div>\n\n\n<\/jgu-base-accordionitem>\n\n<jgu-base-accordionitem react-props=\"{&quot;title&quot;:&quot;Episode 36: Was macht man in Musikwissenschaft?&quot;,&quot;init&quot;:false,&quot;slug&quot;:&quot;episode-36-was-macht-man-in-musikwissenschaft&quot;,&quot;align&quot;:&quot;wide&quot;,&quot;customSlug&quot;:false}\">\n    \n\n<p class=\"has-big-font-size\">Discover the world of music and everything that goes with it&nbsp;\u2013 from the music of ancient Greece, to ancient Chinese music, to symphonies, Mozart, and techno. What do you actually do when you study Musicology? We ask Anja this question and more.<\/p>\n\n\n\n<div class=\"wp-block-columns is-layout-flex wp-container-core-columns-is-layout-9d6595d7 wp-block-columns-is-layout-flex\">\n<div class=\"wp-block-column is-layout-flow wp-block-column-is-layout-flow\"><jgu-base-image react-props=\"{\n    &quot;image&quot;: {\n        &quot;url&quot;: &quot;https:\\\/\\\/cms.zdv.uni-mainz.de\\\/studium\\\/wp-content\\\/uploads\\\/sites\\\/12\\\/2023\\\/11\\\/Musikwissenschaft-BA.jpeg&quot;,\n        &quot;id&quot;: 47339,\n        &quot;credit&quot;: &quot;\\u00a9Vlad\\\/stock.adobe.com&quot;,\n        &quot;title&quot;: &quot;Musikwissenschaft BA&quot;,\n        &quot;width&quot;: 1250,\n        &quot;height&quot;: 700,\n        &quot;srcset&quot;: &quot;https:\\\/\\\/cms.zdv.uni-mainz.de\\\/studium\\\/wp-content\\\/uploads\\\/sites\\\/12\\\/2023\\\/11\\\/Musikwissenschaft-BA.jpeg 1250w, https:\\\/\\\/cms.zdv.uni-mainz.de\\\/studium\\\/wp-content\\\/uploads\\\/sites\\\/12\\\/2023\\\/11\\\/Musikwissenschaft-BA-300x168.jpeg 300w, https:\\\/\\\/cms.zdv.uni-mainz.de\\\/studium\\\/wp-content\\\/uploads\\\/sites\\\/12\\\/2023\\\/11\\\/Musikwissenschaft-BA-1024x573.jpeg 1024w, https:\\\/\\\/cms.zdv.uni-mainz.de\\\/studium\\\/wp-content\\\/uploads\\\/sites\\\/12\\\/2023\\\/11\\\/Musikwissenschaft-BA-768x430.jpeg 768w&quot;\n    },\n    &quot;link&quot;: {\n        &quot;url&quot;: &quot;https:\\\/\\\/www.studium.uni-mainz.de\\\/en\\\/choosing-your-degree-program\\\/courses-offered\\\/musiocology-ba\\\/&quot;,\n        &quot;linkTarget&quot;: &quot;_blank&quot;,\n        &quot;rel&quot;: &quot;noreferrer noopener&quot;\n    },\n    &quot;align&quot;: &quot;&quot;,\n    &quot;hasLightbox&quot;: false,\n    &quot;caption&quot;: &quot;&quot;,\n    &quot;imgWidth&quot;: 0\n}\" class=\"align-\">\n    \n<\/jgu-base-image><\/div>\n\n\n\n<div class=\"wp-block-column is-layout-flow wp-block-column-is-layout-flow\"><jgu-base-alertbox react-props=\"{\n    &quot;headline&quot;: &quot;&lt;strong&gt;Links&lt;\\\/strong&gt;&quot;,\n    &quot;subline&quot;: &quot;&lt;a href=\\&quot;https:\\\/\\\/www.hochschulkompass.de\\\/en\\\/study-in-germany.html\\&quot; target=\\&quot;_blank\\&quot; rel=\\&quot;noreferrer noopener\\&quot;&gt;Higher Education Compass&lt;\\\/a&gt;&lt;br&gt;&lt;a href=\\&quot;https:\\\/\\\/www.studium.uni-mainz.de\\\/en\\\/choosing-your-degree-program\\\/courses-offered\\\/musiocology-ba\\\/\\&quot; data-type=\\&quot;page\\&quot; data-id=\\&quot;1098\\&quot;&gt;Musicology degree description&lt;\\\/a&gt;&lt;br&gt;&lt;br&gt;&lt;strong&gt;Listening recommendations&lt;\\\/strong&gt;:&lt;br&gt;&lt;a href=\\&quot;https:\\\/\\\/www.eule-findet-den-beat.de\\\/\\&quot; target=\\&quot;_blank\\&quot; rel=\\&quot;noreferrer noopener\\&quot;&gt;Eule findet den Beat&lt;\\\/a&gt;&lt;br&gt;&lt;a href=\\&quot;https:\\\/\\\/en.wikipedia.org\\\/wiki\\\/Anton%C3%ADn_Dvo%C5%99%C3%A1k\\&quot; target=\\&quot;_blank\\&quot; rel=\\&quot;noreferrer noopener\\&quot;&gt;Anton\\u00edn Dvo\\u0159\\u00e1k&lt;\\\/a&gt;&quot;,\n    &quot;children&quot;: &quot;&lt;br&gt;&quot;,\n    &quot;iconColor&quot;: &quot;red&quot;,\n    &quot;headlineColor&quot;: &quot;dark&quot;,\n    &quot;icon&quot;: &quot;&quot;,\n    &quot;iconOverHeadline&quot;: false,\n    &quot;isPreview&quot;: false\n}\">\n    \n<\/jgu-base-alertbox><\/div>\n<\/div>\n\n\n<\/jgu-base-accordionitem>\n\n<jgu-base-accordionitem react-props=\"{&quot;title&quot;:&quot;Episode 35: Was macht man in Filmwissenschaft?&quot;,&quot;init&quot;:false,&quot;slug&quot;:&quot;episode-35-was-macht-man-in-filmwissenschaft&quot;,&quot;align&quot;:&quot;wide&quot;,&quot;customSlug&quot;:false}\">\n    \n\n<p class=\"has-big-font-size\">This episode is for everyone who likes to watch movies. So if you can be found in the movie theater at every film festival, if you still discover new aspects and effects in films that you&#8217;ve already seen a hundred times, and if you&#8217;re interested in the different genres and narrative styles of films: Listen carefully to today\u2019s episode. Because today we&#8217;re talking about Film Studies and have invited student Paula to join us.<\/p>\n\n\n\n<div class=\"wp-block-columns is-layout-flex wp-container-core-columns-is-layout-9d6595d7 wp-block-columns-is-layout-flex\">\n<div class=\"wp-block-column is-layout-flow wp-block-column-is-layout-flow\"><jgu-base-image react-props=\"{\n    &quot;image&quot;: {\n        &quot;url&quot;: &quot;https:\\\/\\\/cms.zdv.uni-mainz.de\\\/studium\\\/wp-content\\\/uploads\\\/sites\\\/12\\\/2023\\\/11\\\/Filmwissenschaft-BA.jpeg&quot;,\n        &quot;id&quot;: 45047,\n        &quot;credit&quot;: &quot;\\u00a9Unleashed Design\\\/stock.adobe.com&quot;,\n        &quot;title&quot;: &quot;Filmwissenschaft BA&quot;,\n        &quot;width&quot;: 1250,\n        &quot;height&quot;: 700,\n        &quot;srcset&quot;: &quot;https:\\\/\\\/cms.zdv.uni-mainz.de\\\/studium\\\/wp-content\\\/uploads\\\/sites\\\/12\\\/2023\\\/11\\\/Filmwissenschaft-BA.jpeg 1250w, https:\\\/\\\/cms.zdv.uni-mainz.de\\\/studium\\\/wp-content\\\/uploads\\\/sites\\\/12\\\/2023\\\/11\\\/Filmwissenschaft-BA-300x168.jpeg 300w, https:\\\/\\\/cms.zdv.uni-mainz.de\\\/studium\\\/wp-content\\\/uploads\\\/sites\\\/12\\\/2023\\\/11\\\/Filmwissenschaft-BA-1024x573.jpeg 1024w, https:\\\/\\\/cms.zdv.uni-mainz.de\\\/studium\\\/wp-content\\\/uploads\\\/sites\\\/12\\\/2023\\\/11\\\/Filmwissenschaft-BA-768x430.jpeg 768w&quot;\n    },\n    &quot;link&quot;: {\n        &quot;url&quot;: &quot;https:\\\/\\\/www.studium.uni-mainz.de\\\/en\\\/choosing-your-degree-program\\\/courses-offered\\\/film-studies-ba\\\/&quot;,\n        &quot;linkTarget&quot;: &quot;_blank&quot;,\n        &quot;rel&quot;: &quot;noreferrer noopener&quot;\n    },\n    &quot;align&quot;: &quot;&quot;,\n    &quot;hasLightbox&quot;: false,\n    &quot;caption&quot;: &quot;&quot;,\n    &quot;imgWidth&quot;: 0\n}\" class=\"align-\">\n    \n<\/jgu-base-image><\/div>\n\n\n\n<div class=\"wp-block-column is-layout-flow wp-block-column-is-layout-flow\"><jgu-base-alertbox react-props=\"{\n    &quot;headline&quot;: &quot;&lt;strong&gt;Links&lt;\\\/strong&gt;&quot;,\n    &quot;subline&quot;: &quot;&lt;a href=\\&quot;https:\\\/\\\/www.hochschulkompass.de\\\/en\\\/study-in-germany.html\\&quot; target=\\&quot;_blank\\&quot; rel=\\&quot;noreferrer noopener\\&quot;&gt;Higher Education Compass&lt;\\\/a&gt;&lt;br&gt;&lt;a href=\\&quot;https:\\\/\\\/www.studium.uni-mainz.de\\\/en\\\/choosing-your-degree-program\\\/courses-offered\\\/film-studies-ba\\\/\\&quot; data-type=\\&quot;page\\&quot; data-id=\\&quot;618\\&quot;&gt;Film Studies degree description&lt;\\\/a&gt;&lt;br&gt;&lt;br&gt;&lt;strong&gt;Film recommendations&lt;\\\/strong&gt;:&lt;br&gt;&lt;a href=\\&quot;https:\\\/\\\/en.wikipedia.org\\\/wiki\\\/Howl%27s_Moving_Castle_(film)\\&quot; target=\\&quot;_blank\\&quot; rel=\\&quot;noreferrer noopener\\&quot;&gt;Howl&#039;s Moving Castle&lt;\\\/a&gt;&lt;br&gt;&lt;a href=\\&quot;https:\\\/\\\/de.wikipedia.org\\\/wiki\\\/Glei%C3%9Fendes_Gl%C3%BCck\\&quot; target=\\&quot;_blank\\&quot; rel=\\&quot;noreferrer noopener\\&quot;&gt;Glei\\u00dfendes Gl\\u00fcck (\\u201cOriginal Bliss\\u201d)&lt;\\\/a&gt;&lt;br&gt;&lt;a href=\\&quot;https:\\\/\\\/en.wikipedia.org\\\/wiki\\\/The_English_Patient_(film)\\&quot; target=\\&quot;_blank\\&quot; rel=\\&quot;noreferrer noopener\\&quot;&gt;The English Patient&lt;\\\/a&gt;&lt;br&gt;&lt;a href=\\&quot;https:\\\/\\\/en.wikipedia.org\\\/wiki\\\/The_Lord_of_the_Rings_(film_series)\\&quot; target=\\&quot;_blank\\&quot; rel=\\&quot;noreferrer noopener\\&quot;&gt;The Lord of the Rings&lt;\\\/a&gt;&quot;,\n    &quot;children&quot;: &quot;&lt;br&gt;&quot;,\n    &quot;iconColor&quot;: &quot;red&quot;,\n    &quot;headlineColor&quot;: &quot;dark&quot;,\n    &quot;icon&quot;: &quot;&quot;,\n    &quot;iconOverHeadline&quot;: false,\n    &quot;isPreview&quot;: false\n}\">\n    \n<\/jgu-base-alertbox><\/div>\n<\/div>\n\n\n<\/jgu-base-accordionitem>\n\n<jgu-base-accordionitem react-props=\"{&quot;title&quot;:&quot;Episode 34: Was macht man in Geowissenschaften?&quot;,&quot;init&quot;:false,&quot;slug&quot;:&quot;episode-34-was-macht-man-in-geowissenschaften&quot;,&quot;align&quot;:&quot;wide&quot;,&quot;customSlug&quot;:false}\">\n    \n\n<p class=\"has-big-font-size\">Dinosaurs, fossils, volcanoes, rocks, and earthquakes. What sounds like a collection of &#8220;How and Why Wonder Books&#8221; are all Geoscience topics. Julian talks about this exciting and important subject and explains why &#8220;we need more geologists.&#8221; In this episode, you can find out what Geosciences have to do with climate change, flood protection, and renewable energies.<\/p>\n\n\n\n<div class=\"wp-block-columns is-layout-flex wp-container-core-columns-is-layout-9d6595d7 wp-block-columns-is-layout-flex\">\n<div class=\"wp-block-column is-layout-flow wp-block-column-is-layout-flow\"><jgu-base-image react-props=\"{\n    &quot;image&quot;: {\n        &quot;url&quot;: &quot;https:\\\/\\\/cms.zdv.uni-mainz.de\\\/studium\\\/wp-content\\\/uploads\\\/sites\\\/12\\\/2023\\\/02\\\/Geowissenschaften-BSc.jpg&quot;,\n        &quot;id&quot;: 171,\n        &quot;caption&quot;: &quot;Mineral rock with two sparking spots&quot;,\n        &quot;credit&quot;: &quot;Roman Milert\\\/ #608505\\\/ stock.adobe.com&quot;,\n        &quot;title&quot;: &quot;mineral rock&quot;,\n        &quot;width&quot;: 1250,\n        &quot;height&quot;: 700,\n        &quot;srcset&quot;: &quot;https:\\\/\\\/cms.zdv.uni-mainz.de\\\/studium\\\/wp-content\\\/uploads\\\/sites\\\/12\\\/2023\\\/02\\\/Geowissenschaften-BSc.jpg 1250w, https:\\\/\\\/cms.zdv.uni-mainz.de\\\/studium\\\/wp-content\\\/uploads\\\/sites\\\/12\\\/2023\\\/02\\\/Geowissenschaften-BSc-300x168.jpg 300w, https:\\\/\\\/cms.zdv.uni-mainz.de\\\/studium\\\/wp-content\\\/uploads\\\/sites\\\/12\\\/2023\\\/02\\\/Geowissenschaften-BSc-1024x573.jpg 1024w, https:\\\/\\\/cms.zdv.uni-mainz.de\\\/studium\\\/wp-content\\\/uploads\\\/sites\\\/12\\\/2023\\\/02\\\/Geowissenschaften-BSc-768x430.jpg 768w&quot;\n    },\n    &quot;link&quot;: {\n        &quot;url&quot;: &quot;https:\\\/\\\/www.studium.uni-mainz.de\\\/en\\\/choosing-your-degree-program\\\/courses-offered\\\/geosciences-bsc\\\/&quot;,\n        &quot;linkTarget&quot;: &quot;_blank&quot;,\n        &quot;rel&quot;: &quot;noreferrer noopener&quot;\n    },\n    &quot;align&quot;: &quot;&quot;,\n    &quot;hasLightbox&quot;: false,\n    &quot;caption&quot;: &quot;&quot;,\n    &quot;imgWidth&quot;: 0\n}\" class=\"align-\">\n    \n<\/jgu-base-image><\/div>\n\n\n\n<div class=\"wp-block-column is-layout-flow wp-block-column-is-layout-flow\"><jgu-base-alertbox react-props=\"{\n    &quot;headline&quot;: &quot;&lt;strong&gt;Links&lt;\\\/strong&gt;&quot;,\n    &quot;subline&quot;: &quot;&lt;a href=\\&quot;https:\\\/\\\/www.hochschulkompass.de\\\/en\\\/study-in-germany.html\\&quot; target=\\&quot;_blank\\&quot; rel=\\&quot;noreferrer noopener\\&quot;&gt;Higher Education Compass&lt;\\\/a&gt;&lt;br&gt;&lt;a href=\\&quot;https:\\\/\\\/www.studium.uni-mainz.de\\\/en\\\/choosing-your-degree-program\\\/courses-offered\\\/geosciences-bsc\\\/\\&quot; data-type=\\&quot;page\\&quot; data-id=\\&quot;750\\&quot;&gt;Geosciences degree description&lt;\\\/a&gt;&lt;br&gt;&lt;a href=\\&quot;https:\\\/\\\/en.wikipedia.org\\\/wiki\\\/Mainz_Sand_Dunes\\&quot; target=\\&quot;_blank\\&quot; rel=\\&quot;noreferrer noopener\\&quot;&gt;Info on the Mainz Sand Dunes nature reserve&lt;\\\/a&gt;&quot;,\n    &quot;children&quot;: &quot;&lt;br&gt;&quot;,\n    &quot;iconColor&quot;: &quot;red&quot;,\n    &quot;headlineColor&quot;: &quot;dark&quot;,\n    &quot;icon&quot;: &quot;&quot;,\n    &quot;iconOverHeadline&quot;: false,\n    &quot;isPreview&quot;: false\n}\">\n    \n<\/jgu-base-alertbox><\/div>\n<\/div>\n\n\n<\/jgu-base-accordionitem>\n\n<jgu-base-accordionitem react-props=\"{&quot;title&quot;:&quot;Episode 33: Was macht man in Arch\\u00e4ologie?&quot;,&quot;init&quot;:false,&quot;slug&quot;:&quot;episode-33-was-macht-man-in-archaologie&quot;,&quot;align&quot;:&quot;wide&quot;,&quot;customSlug&quot;:false}\">\n    \n\n<p class=\"has-big-font-size\">Many years ago, archaeologists opened the alleged tomb of Jesus, which is said to be located in the Church of the Holy Sepulchre in Jerusalem. After comparing it with other archaeological tomb excavations, the mortar at the entrance could now be dated to 345 AD, the period in which, according to historical tradition, the Romans are said to have discovered Jesus&#8217; tomb and &#8220;secured&#8221; it. Isn&#8217;t that amazing? How do you date a find so precisely? Let&#8217;s start by asking what one actually does when studying Archaeology and whether what we read in such sensational articles really reflects the reality of research. Let&#8217;s ask someone who actually studies Archaeology: Florine.<\/p>\n\n\n\n<div class=\"wp-block-columns is-layout-flex wp-container-core-columns-is-layout-9d6595d7 wp-block-columns-is-layout-flex\">\n<div class=\"wp-block-column is-layout-flow wp-block-column-is-layout-flow\"><jgu-base-image react-props=\"{\n    &quot;image&quot;: {\n        &quot;url&quot;: &quot;https:\\\/\\\/cms.zdv.uni-mainz.de\\\/studium\\\/wp-content\\\/uploads\\\/sites\\\/12\\\/2024\\\/06\\\/Klassische-Archaeologie_Foto-\\u00a9-Klaus-Junker-II.jpg&quot;,\n        &quot;id&quot;: 122969,\n        &quot;credit&quot;: &quot;\\u00a9 Klaus Junker&quot;,\n        &quot;title&quot;: &quot;Klassische Arch\\u00e4ologie_Foto \\u00a9 Klaus Junker II&quot;,\n        &quot;width&quot;: 1979,\n        &quot;height&quot;: 1108,\n        &quot;srcset&quot;: &quot;https:\\\/\\\/cms.zdv.uni-mainz.de\\\/studium\\\/wp-content\\\/uploads\\\/sites\\\/12\\\/2024\\\/06\\\/Klassische-Archaeologie_Foto-\\u00a9-Klaus-Junker-II.jpg 1979w, https:\\\/\\\/cms.zdv.uni-mainz.de\\\/studium\\\/wp-content\\\/uploads\\\/sites\\\/12\\\/2024\\\/06\\\/Klassische-Archaeologie_Foto-\\u00a9-Klaus-Junker-II-300x168.jpg 300w, https:\\\/\\\/cms.zdv.uni-mainz.de\\\/studium\\\/wp-content\\\/uploads\\\/sites\\\/12\\\/2024\\\/06\\\/Klassische-Archaeologie_Foto-\\u00a9-Klaus-Junker-II-1024x573.jpg 1024w, https:\\\/\\\/cms.zdv.uni-mainz.de\\\/studium\\\/wp-content\\\/uploads\\\/sites\\\/12\\\/2024\\\/06\\\/Klassische-Archaeologie_Foto-\\u00a9-Klaus-Junker-II-768x430.jpg 768w, https:\\\/\\\/cms.zdv.uni-mainz.de\\\/studium\\\/wp-content\\\/uploads\\\/sites\\\/12\\\/2024\\\/06\\\/Klassische-Archaeologie_Foto-\\u00a9-Klaus-Junker-II-1536x860.jpg 1536w&quot;\n    },\n    &quot;link&quot;: {\n        &quot;url&quot;: &quot;https:\\\/\\\/www.studium.uni-mainz.de\\\/en\\\/choosing-your-degree-program\\\/courses-offered\\\/classical-archaeology-ba\\\/&quot;,\n        &quot;linkTarget&quot;: &quot;_blank&quot;,\n        &quot;rel&quot;: &quot;noreferrer noopener&quot;\n    },\n    &quot;align&quot;: &quot;&quot;,\n    &quot;hasLightbox&quot;: false,\n    &quot;caption&quot;: &quot;&quot;,\n    &quot;imgWidth&quot;: 0\n}\" class=\"align-\">\n    \n<\/jgu-base-image><\/div>\n\n\n\n<div class=\"wp-block-column is-layout-flow wp-block-column-is-layout-flow\"><jgu-base-alertbox react-props=\"{\n    &quot;headline&quot;: &quot;&lt;strong&gt;Links&lt;\\\/strong&gt;&quot;,\n    &quot;subline&quot;: &quot;&lt;a href=\\&quot;https:\\\/\\\/www.hochschulkompass.de\\\/en\\\/study-in-germany.html\\&quot; target=\\&quot;_blank\\&quot; rel=\\&quot;noreferrer noopener\\&quot;&gt;Higher Education Compass&lt;\\\/a&gt;&lt;br&gt;&lt;a href=\\&quot;https:\\\/\\\/www.studium.uni-mainz.de\\\/en\\\/choosing-your-degree-program\\\/courses-offered\\\/classical-archaeology-ba\\\/\\&quot; data-type=\\&quot;page\\&quot; data-id=\\&quot;909\\&quot; target=\\&quot;_blank\\&quot; rel=\\&quot;noreferrer noopener\\&quot;&gt;Archaeology degree description&lt;\\\/a&gt;&quot;,\n    &quot;children&quot;: &quot;Also mentioned: &lt;br&gt;&lt;a href=\\&quot;https:\\\/\\\/www.nationalgeographic.com\\\/premium\\\/article\\\/jesus-tomb-archaeology-jerusalem-christianity-rome\\&quot; target=\\&quot;_blank\\&quot; rel=\\&quot;noreferrer noopener\\&quot;&gt;National Geographic: \\u2018Exclusive: Age of Jesus Christ\\u2019s purported tomb revealed\\u2019&lt;\\\/a&gt;&quot;,\n    &quot;iconColor&quot;: &quot;red&quot;,\n    &quot;headlineColor&quot;: &quot;dark&quot;,\n    &quot;icon&quot;: &quot;&quot;,\n    &quot;iconOverHeadline&quot;: false,\n    &quot;isPreview&quot;: false\n}\">\n    \n<\/jgu-base-alertbox><\/div>\n<\/div>\n\n\n<\/jgu-base-accordionitem>\n\n<jgu-base-accordionitem react-props=\"{&quot;title&quot;:&quot;Episode 32: Was macht man in Kulturanthropologie?&quot;,&quot;init&quot;:false,&quot;slug&quot;:&quot;episode-32-was-macht-man-in-kulturanthropologie&quot;,&quot;align&quot;:&quot;wide&quot;,&quot;customSlug&quot;:false}\">\n    \n\n<p class=\"has-big-font-size\">What is culture? Is it just about countries and origins? Is it not also culture when people hang locks on bridges as a sign of their eternal love? Or when the crowds lie down on the grass in parks at the first rays of sunshine, stretch out slacklines, and play guitar? How do people actually organize their lives together? This is one of the central questions that Cultural Anthropology addresses. We ask Freya what else it is about.<\/p>\n\n\n\n<div class=\"wp-block-columns is-layout-flex wp-container-core-columns-is-layout-9d6595d7 wp-block-columns-is-layout-flex\">\n<div class=\"wp-block-column is-layout-flow wp-block-column-is-layout-flow\"><jgu-base-image react-props=\"{\n    &quot;image&quot;: {\n        &quot;url&quot;: &quot;https:\\\/\\\/cms.zdv.uni-mainz.de\\\/studium\\\/wp-content\\\/uploads\\\/sites\\\/12\\\/2023\\\/02\\\/Kulturanthropologie.jpg&quot;,\n        &quot;id&quot;: 204,\n        &quot;credit&quot;: &quot;machiavel007\\\/ #25533113\\\/ stock.adobe.com&quot;,\n        &quot;title&quot;: &quot;Kulturanthropologie&quot;,\n        &quot;width&quot;: 1250,\n        &quot;height&quot;: 700,\n        &quot;srcset&quot;: &quot;https:\\\/\\\/cms.zdv.uni-mainz.de\\\/studium\\\/wp-content\\\/uploads\\\/sites\\\/12\\\/2023\\\/02\\\/Kulturanthropologie.jpg 1250w, https:\\\/\\\/cms.zdv.uni-mainz.de\\\/studium\\\/wp-content\\\/uploads\\\/sites\\\/12\\\/2023\\\/02\\\/Kulturanthropologie-300x168.jpg 300w, https:\\\/\\\/cms.zdv.uni-mainz.de\\\/studium\\\/wp-content\\\/uploads\\\/sites\\\/12\\\/2023\\\/02\\\/Kulturanthropologie-1024x573.jpg 1024w, https:\\\/\\\/cms.zdv.uni-mainz.de\\\/studium\\\/wp-content\\\/uploads\\\/sites\\\/12\\\/2023\\\/02\\\/Kulturanthropologie-768x430.jpg 768w&quot;\n    },\n    &quot;link&quot;: {\n        &quot;url&quot;: &quot;https:\\\/\\\/www.studium.uni-mainz.de\\\/en\\\/choosing-your-degree-program\\\/courses-offered\\\/cultural-anthropology-ba\\\/&quot;,\n        &quot;linkTarget&quot;: &quot;_blank&quot;,\n        &quot;rel&quot;: &quot;noreferrer noopener&quot;\n    },\n    &quot;align&quot;: &quot;&quot;,\n    &quot;hasLightbox&quot;: false,\n    &quot;caption&quot;: &quot;&quot;,\n    &quot;imgWidth&quot;: 0\n}\" class=\"align-\">\n    \n<\/jgu-base-image><\/div>\n\n\n\n<div class=\"wp-block-column is-layout-flow wp-block-column-is-layout-flow\"><jgu-base-alertbox react-props=\"{\n    &quot;headline&quot;: &quot;&lt;strong&gt;Links&lt;\\\/strong&gt;&quot;,\n    &quot;subline&quot;: &quot;&lt;a href=\\&quot;https:\\\/\\\/www.hochschulkompass.de\\\/en\\\/study-in-germany.html\\&quot; target=\\&quot;_blank\\&quot; rel=\\&quot;noreferrer noopener\\&quot;&gt;Higher Education Compass&lt;\\\/a&gt;&lt;br&gt;&lt;a href=\\&quot;https:\\\/\\\/www.studium.uni-mainz.de\\\/en\\\/choosing-your-degree-program\\\/courses-offered\\\/cultural-anthropology-ba\\\/\\&quot; data-type=\\&quot;page\\&quot; data-id=\\&quot;939\\&quot; target=\\&quot;_blank\\&quot; rel=\\&quot;noreferrer noopener\\&quot;&gt;Cultural Anthropology degree description&lt;\\\/a&gt;&lt;br&gt;&lt;br&gt;&lt;a href=\\&quot;https:\\\/\\\/www.ftmk.uni-mainz.de\\\/\\&quot; target=\\&quot;_blank\\&quot; rel=\\&quot;noreferrer noopener\\&quot;&gt;Department of Film, Theater, Media and Cultural Studies&lt;\\\/a&gt;&quot;,\n    &quot;iconColor&quot;: &quot;red&quot;,\n    &quot;headlineColor&quot;: &quot;dark&quot;,\n    &quot;children&quot;: &quot;&quot;,\n    &quot;icon&quot;: &quot;&quot;,\n    &quot;iconOverHeadline&quot;: false,\n    &quot;isPreview&quot;: false\n}\">\n    \n<\/jgu-base-alertbox><\/div>\n<\/div>\n\n\n<\/jgu-base-accordionitem>\n\n<jgu-base-accordionitem react-props=\"{&quot;title&quot;:&quot;Episode 31: Was macht man in Germanistik?&quot;,&quot;init&quot;:false,&quot;slug&quot;:&quot;episode-31-was-macht-man-in-germanistik&quot;,&quot;align&quot;:&quot;wide&quot;,&quot;customSlug&quot;:false}\">\n    \n\n<p class=\"has-big-font-size\">Who among you has chosen German as an advanced course in school? Do you sometimes think that pursuing German Studies must be similar? Is German Studies just like German as a school subject, only the &#8220;extended version?&#8221; And what can you actually do with it after graduation? We ask someone who knows all about it: German Studies student Lisa.<\/p>\n\n\n\n<div class=\"wp-block-columns is-layout-flex wp-container-core-columns-is-layout-9d6595d7 wp-block-columns-is-layout-flex\">\n<div class=\"wp-block-column is-layout-flow wp-block-column-is-layout-flow\"><jgu-base-image react-props=\"{\n    &quot;image&quot;: {\n        &quot;url&quot;: &quot;https:\\\/\\\/cms.zdv.uni-mainz.de\\\/studium\\\/wp-content\\\/uploads\\\/sites\\\/12\\\/2023\\\/02\\\/Germanistik-BA.jpg&quot;,\n        &quot;id&quot;: 174,\n        &quot;credit&quot;: &quot;Steven-Ren\\\/ #64105687\\\/ stock.adobe.com&quot;,\n        &quot;title&quot;: &quot;Germanistik BA&quot;,\n        &quot;width&quot;: 1250,\n        &quot;height&quot;: 700,\n        &quot;srcset&quot;: &quot;https:\\\/\\\/cms.zdv.uni-mainz.de\\\/studium\\\/wp-content\\\/uploads\\\/sites\\\/12\\\/2023\\\/02\\\/Germanistik-BA.jpg 1250w, https:\\\/\\\/cms.zdv.uni-mainz.de\\\/studium\\\/wp-content\\\/uploads\\\/sites\\\/12\\\/2023\\\/02\\\/Germanistik-BA-300x168.jpg 300w, https:\\\/\\\/cms.zdv.uni-mainz.de\\\/studium\\\/wp-content\\\/uploads\\\/sites\\\/12\\\/2023\\\/02\\\/Germanistik-BA-1024x573.jpg 1024w, https:\\\/\\\/cms.zdv.uni-mainz.de\\\/studium\\\/wp-content\\\/uploads\\\/sites\\\/12\\\/2023\\\/02\\\/Germanistik-BA-768x430.jpg 768w&quot;\n    },\n    &quot;link&quot;: {\n        &quot;url&quot;: &quot;https:\\\/\\\/www.studium.uni-mainz.de\\\/en\\\/choosing-your-degree-program\\\/courses-offered\\\/german-studies-ba\\\/&quot;,\n        &quot;linkTarget&quot;: &quot;_blank&quot;,\n        &quot;rel&quot;: &quot;noreferrer noopener&quot;\n    },\n    &quot;align&quot;: &quot;&quot;,\n    &quot;hasLightbox&quot;: false,\n    &quot;caption&quot;: &quot;&quot;,\n    &quot;imgWidth&quot;: 0\n}\" class=\"align-\">\n    \n<\/jgu-base-image><\/div>\n\n\n\n<div class=\"wp-block-column is-layout-flow wp-block-column-is-layout-flow\"><jgu-base-alertbox react-props=\"{\n    &quot;headline&quot;: &quot;&lt;strong&gt;Links&lt;\\\/strong&gt;&quot;,\n    &quot;subline&quot;: &quot;&lt;a href=\\&quot;https:\\\/\\\/www.hochschulkompass.de\\\/en\\\/study-in-germany.html\\&quot; target=\\&quot;_blank\\&quot; rel=\\&quot;noreferrer noopener\\&quot;&gt;Higher Education Compass&lt;\\\/a&gt;&lt;br&gt;&lt;a href=\\&quot;https:\\\/\\\/www.studium.uni-mainz.de\\\/en\\\/choosing-your-degree-program\\\/courses-offered\\\/german-studies-ba\\\/\\&quot; data-type=\\&quot;page\\&quot; data-id=\\&quot;765\\&quot;&gt;German Studies degree description&lt;\\\/a&gt;&lt;br&gt;&quot;,\n    &quot;iconColor&quot;: &quot;red&quot;,\n    &quot;headlineColor&quot;: &quot;dark&quot;,\n    &quot;children&quot;: &quot;&quot;,\n    &quot;icon&quot;: &quot;&quot;,\n    &quot;iconOverHeadline&quot;: false,\n    &quot;isPreview&quot;: false\n}\">\n    \n<\/jgu-base-alertbox><\/div>\n<\/div>\n\n\n<\/jgu-base-accordionitem>\n\n<jgu-base-accordionitem react-props=\"{&quot;title&quot;:&quot;Episode 30: Was macht man in Theaterwissenschaft?&quot;,&quot;init&quot;:false,&quot;slug&quot;:&quot;episode-30-was-macht-man-in-theaterwissenschaft&quot;,&quot;align&quot;:&quot;wide&quot;,&quot;customSlug&quot;:false}\">\n    \n\n<p class=\"has-big-font-size\">What does TikTok have to do with theater? Student Leo tells us that every form of performance can be considered theater. Theater is a medium that can convey a wide variety of messages and socially relevant themes. Theater Studies examines theater as a medium and as a part of culture. And this exciting degree program is the subject of this episode.<\/p>\n\n\n\n<div class=\"wp-block-columns is-layout-flex wp-container-core-columns-is-layout-9d6595d7 wp-block-columns-is-layout-flex\">\n<div class=\"wp-block-column is-layout-flow wp-block-column-is-layout-flow\"><jgu-base-image react-props=\"{\n    &quot;image&quot;: {\n        &quot;url&quot;: &quot;https:\\\/\\\/cms.zdv.uni-mainz.de\\\/studium\\\/wp-content\\\/uploads\\\/sites\\\/12\\\/2023\\\/02\\\/Theaterwissenschaft-BA.jpg&quot;,\n        &quot;id&quot;: 285,\n        &quot;credit&quot;: &quot;Sam Moghadam Khamseh\\\/ # \\\/ unsplash.com&quot;,\n        &quot;title&quot;: &quot;Theaterwissenschaft BA&quot;,\n        &quot;width&quot;: 1250,\n        &quot;height&quot;: 700,\n        &quot;srcset&quot;: &quot;https:\\\/\\\/cms.zdv.uni-mainz.de\\\/studium\\\/wp-content\\\/uploads\\\/sites\\\/12\\\/2023\\\/02\\\/Theaterwissenschaft-BA.jpg 1250w, https:\\\/\\\/cms.zdv.uni-mainz.de\\\/studium\\\/wp-content\\\/uploads\\\/sites\\\/12\\\/2023\\\/02\\\/Theaterwissenschaft-BA-300x168.jpg 300w, https:\\\/\\\/cms.zdv.uni-mainz.de\\\/studium\\\/wp-content\\\/uploads\\\/sites\\\/12\\\/2023\\\/02\\\/Theaterwissenschaft-BA-1024x573.jpg 1024w, https:\\\/\\\/cms.zdv.uni-mainz.de\\\/studium\\\/wp-content\\\/uploads\\\/sites\\\/12\\\/2023\\\/02\\\/Theaterwissenschaft-BA-768x430.jpg 768w&quot;\n    },\n    &quot;link&quot;: {\n        &quot;url&quot;: &quot;https:\\\/\\\/www.studium.uni-mainz.de\\\/en\\\/choosing-your-degree-program\\\/courses-offered\\\/theater-studies-ba\\\/&quot;,\n        &quot;linkTarget&quot;: &quot;_blank&quot;,\n        &quot;rel&quot;: &quot;noreferrer noopener&quot;\n    },\n    &quot;align&quot;: &quot;&quot;,\n    &quot;hasLightbox&quot;: false,\n    &quot;caption&quot;: &quot;&quot;,\n    &quot;imgWidth&quot;: 0\n}\" class=\"align-\">\n    \n<\/jgu-base-image><\/div>\n\n\n\n<div class=\"wp-block-column is-layout-flow wp-block-column-is-layout-flow\"><jgu-base-alertbox react-props=\"{\n    &quot;headline&quot;: &quot;&lt;strong&gt;Links&lt;\\\/strong&gt;&quot;,\n    &quot;subline&quot;: &quot;&lt;a href=\\&quot;https:\\\/\\\/www.hochschulkompass.de\\\/en\\\/study-in-germany.html\\&quot; target=\\&quot;_blank\\&quot; rel=\\&quot;noreferrer noopener\\&quot;&gt;Higher Education Compass&lt;\\\/a&gt;&lt;br&gt;&lt;a href=\\&quot;https:\\\/\\\/www.studium.uni-mainz.de\\\/en\\\/choosing-your-degree-program\\\/courses-offered\\\/theater-studies-ba\\\/\\&quot; data-type=\\&quot;page\\&quot; data-id=\\&quot;1368\\&quot; target=\\&quot;_blank\\&quot; rel=\\&quot;noreferrer noopener\\&quot;&gt; Theater Studies degree description&lt;\\\/a&gt;&lt;br&gt;&lt;a href=\\&quot;https:\\\/\\\/www.ftmk.uni-mainz.de\\\/\\&quot; target=\\&quot;_blank\\&quot; rel=\\&quot;noreferrer noopener\\&quot;&gt;Department of Film, Theater, Media and Cultural Studies&lt;\\\/a&gt;&quot;,\n    &quot;iconColor&quot;: &quot;red&quot;,\n    &quot;headlineColor&quot;: &quot;dark&quot;,\n    &quot;children&quot;: &quot;&quot;,\n    &quot;icon&quot;: &quot;&quot;,\n    &quot;iconOverHeadline&quot;: false,\n    &quot;isPreview&quot;: false\n}\">\n    \n<\/jgu-base-alertbox><\/div>\n<\/div>\n\n\n<\/jgu-base-accordionitem>\n\n<jgu-base-accordionitem react-props=\"{&quot;title&quot;:&quot;Episode 29: Was macht man in Medizin?&quot;,&quot;init&quot;:false,&quot;slug&quot;:&quot;episode-29-was-macht-man-in-medizin&quot;,&quot;align&quot;:&quot;wide&quot;,&quot;customSlug&quot;:false}\">\n    \n\n<p class=\"has-big-font-size\">Do you know those little toy doctor&#8217;s kits for children? For many, it\u2019s been clear since childhood: I want to be a doctor! But what is it like to study Medicine and does reality match our imagination? We talk to medical student Jan.<\/p>\n\n\n\n<div class=\"wp-block-columns is-layout-flex wp-container-core-columns-is-layout-9d6595d7 wp-block-columns-is-layout-flex\">\n<div class=\"wp-block-column is-layout-flow wp-block-column-is-layout-flow\"><jgu-base-image react-props=\"{\n    &quot;image&quot;: {\n        &quot;url&quot;: &quot;https:\\\/\\\/cms.zdv.uni-mainz.de\\\/studium\\\/wp-content\\\/uploads\\\/sites\\\/12\\\/2023\\\/02\\\/Medizin-StE.jpg&quot;,\n        &quot;id&quot;: 213,\n        &quot;credit&quot;: &quot;Open Studio\\\/ #242851357\\\/ stock.adobe.com&quot;,\n        &quot;title&quot;: &quot;Medizin StE&quot;,\n        &quot;width&quot;: 1250,\n        &quot;height&quot;: 700,\n        &quot;srcset&quot;: &quot;https:\\\/\\\/cms.zdv.uni-mainz.de\\\/studium\\\/wp-content\\\/uploads\\\/sites\\\/12\\\/2023\\\/02\\\/Medizin-StE.jpg 1250w, https:\\\/\\\/cms.zdv.uni-mainz.de\\\/studium\\\/wp-content\\\/uploads\\\/sites\\\/12\\\/2023\\\/02\\\/Medizin-StE-300x168.jpg 300w, https:\\\/\\\/cms.zdv.uni-mainz.de\\\/studium\\\/wp-content\\\/uploads\\\/sites\\\/12\\\/2023\\\/02\\\/Medizin-StE-1024x573.jpg 1024w, https:\\\/\\\/cms.zdv.uni-mainz.de\\\/studium\\\/wp-content\\\/uploads\\\/sites\\\/12\\\/2023\\\/02\\\/Medizin-StE-768x430.jpg 768w&quot;\n    },\n    &quot;link&quot;: {\n        &quot;url&quot;: &quot;https:\\\/\\\/www.studium.uni-mainz.de\\\/en\\\/choosing-your-degree-program\\\/courses-offered\\\/medicine-ste\\\/&quot;,\n        &quot;linkTarget&quot;: &quot;_blank&quot;,\n        &quot;rel&quot;: &quot;noreferrer noopener&quot;\n    },\n    &quot;align&quot;: &quot;&quot;,\n    &quot;hasLightbox&quot;: false,\n    &quot;caption&quot;: &quot;&quot;,\n    &quot;imgWidth&quot;: 0\n}\" class=\"align-\">\n    \n<\/jgu-base-image><\/div>\n\n\n\n<div class=\"wp-block-column is-layout-flow wp-block-column-is-layout-flow\"><jgu-base-alertbox react-props=\"{\n    &quot;headline&quot;: &quot;&lt;strong&gt;Links&lt;\\\/strong&gt;&quot;,\n    &quot;subline&quot;: &quot;&lt;a href=\\&quot;https:\\\/\\\/www.hochschulkompass.de\\\/en\\\/study-in-germany.html\\&quot; target=\\&quot;_blank\\&quot; rel=\\&quot;noreferrer noopener\\&quot;&gt;Higher Education Compass&lt;\\\/a&gt;&lt;br&gt;&lt;a href=\\&quot;https:\\\/\\\/www.studium.uni-mainz.de\\\/en\\\/choosing-your-degree-program\\\/courses-offered\\\/medicine-ste\\\/\\&quot;&gt;Medicine degree description&lt;\\\/a&gt;&lt;br&gt;&lt;a href=\\&quot;https:\\\/\\\/www.studium.uni-mainz.de\\\/en\\\/your-application\\\/application-process\\\/european-applicants-for-pharmaceutical-sciences-dentistry-or-medicine\\\/\\&quot; target=\\&quot;_blank\\&quot; rel=\\&quot;noreferrer noopener\\&quot;&gt;Medicine Application Process&lt;\\\/a&gt;&lt;br&gt;&lt;a href=\\&quot;https:\\\/\\\/www.youtube.com\\\/watch?v=-8MW8jFjlrk\\&quot; target=\\&quot;_blank\\&quot; rel=\\&quot;noreferrer noopener\\&quot;&gt;Music video \\&quot;Keine Hose, Kein Problem!\\&quot; (\\u201cNo pants, no problem!\\u201d) Medimeisterschaften Mainz 2021 (Medical Students Championships)&lt;\\\/a&gt;&lt;br&gt;&lt;a href=\\&quot;https:\\\/\\\/www.youtube.com\\\/watch?v=iAl3irOh3Sw\\&quot; target=\\&quot;_blank\\&quot; rel=\\&quot;noreferrer noopener\\&quot;&gt;Music video \\&quot;Medicopter Mainz17\\&quot; Medimeisterschaften Mainz 2017 (Medical Students Championships)&lt;\\\/a&gt;&quot;,\n    &quot;iconColor&quot;: &quot;red&quot;,\n    &quot;headlineColor&quot;: &quot;dark&quot;,\n    &quot;children&quot;: &quot;&quot;,\n    &quot;icon&quot;: &quot;&quot;,\n    &quot;iconOverHeadline&quot;: false,\n    &quot;isPreview&quot;: false\n}\">\n    \n<\/jgu-base-alertbox><\/div>\n<\/div>\n\n\n<\/jgu-base-accordionitem>\n\n<jgu-base-accordionitem react-props=\"{&quot;title&quot;:&quot;Episode 28: Willkommen Annabelle&quot;,&quot;init&quot;:false,&quot;slug&quot;:&quot;episode-28-willkommen-annabelle&quot;,&quot;align&quot;:&quot;wide&quot;,&quot;customSlug&quot;:false}\">\n    \n\n<p class=\"has-big-font-size\">In this episode, we are not introducing you to a degree program, but rather to the new host of the podcast \u201cStudieren! Aber was?,\u201d together with Franziska. Welcome Annabelle!<\/p>\n\n\n\n<div class=\"wp-block-columns is-layout-flex wp-container-core-columns-is-layout-9d6595d7 wp-block-columns-is-layout-flex\">\n<div class=\"wp-block-column is-layout-flow wp-block-column-is-layout-flow\" style=\"flex-basis:50%\"><jgu-base-image react-props=\"{\n    &quot;image&quot;: {\n        &quot;url&quot;: &quot;https:\\\/\\\/cms.zdv.uni-mainz.de\\\/studium\\\/wp-content\\\/uploads\\\/sites\\\/12\\\/2024\\\/04\\\/zwei_Podcasterinnen-1.svg&quot;,\n        &quot;id&quot;: 104567,\n        &quot;credit&quot;: &quot;\\u00a9 Rebekka Sch\\u00f6nefu\\u00df Grafikdesign\\\/Illustration&quot;,\n        &quot;description&quot;: &quot;Zwei Podcasterinnen sitzen bei der Aufnahme und lachen&quot;,\n        &quot;title&quot;: &quot;zwei_Podcasterinnen&quot;\n    },\n    &quot;align&quot;: &quot;&quot;,\n    &quot;hasLightbox&quot;: false,\n    &quot;caption&quot;: &quot;&quot;,\n    &quot;imgWidth&quot;: 0,\n    &quot;link&quot;: {\n        &quot;url&quot;: &quot;&quot;,\n        &quot;target&quot;: &quot;&quot;,\n        &quot;rel&quot;: &quot;&quot;\n    }\n}\" class=\"align-\">\n    \n<\/jgu-base-image><\/div>\n<\/div>\n\n\n<\/jgu-base-accordionitem>\n\n<jgu-base-accordionitem react-props=\"{&quot;title&quot;:&quot;Episode 27: Was macht man in \\u00c4gyptologie?&quot;,&quot;init&quot;:false,&quot;slug&quot;:&quot;episode-27-was-macht-man-in-agyptologie&quot;,&quot;align&quot;:&quot;wide&quot;,&quot;customSlug&quot;:false}\">\n    \n\n<p class=\"has-big-font-size\">What do you think of when you hear \u201cAncient Egypt?\u201d Somehow it immediately conjures the same images in our heads: Pyramids, mummies, pharaohs, hieroglyphics. Egyptology is a small, specialized subject belonging to the realm of Ancient Studies. And student Mahsa tells us all about it.<\/p>\n\n\n\n<div class=\"wp-block-columns is-layout-flex wp-container-core-columns-is-layout-9d6595d7 wp-block-columns-is-layout-flex\">\n<div class=\"wp-block-column is-layout-flow wp-block-column-is-layout-flow\"><jgu-base-image react-props=\"{\n    &quot;image&quot;: {\n        &quot;url&quot;: &quot;https:\\\/\\\/cms.zdv.uni-mainz.de\\\/studium\\\/wp-content\\\/uploads\\\/sites\\\/12\\\/2024\\\/01\\\/Aegyptologie_c_makaule-scaled.jpg&quot;,\n        &quot;id&quot;: 69750,\n        &quot;caption&quot;: &quot;Ancient color egypt images and hieroglyphics on wall&quot;,\n        &quot;credit&quot;: &quot;\\u00a9 Adobe Stock | makaule&quot;,\n        &quot;title&quot;: &quot;Ancient color egypt images and hieroglyphics&quot;,\n        &quot;width&quot;: 2560,\n        &quot;height&quot;: 1433,\n        &quot;srcset&quot;: &quot;https:\\\/\\\/cms.zdv.uni-mainz.de\\\/studium\\\/wp-content\\\/uploads\\\/sites\\\/12\\\/2024\\\/01\\\/Aegyptologie_c_makaule-scaled.jpg 2560w, https:\\\/\\\/cms.zdv.uni-mainz.de\\\/studium\\\/wp-content\\\/uploads\\\/sites\\\/12\\\/2024\\\/01\\\/Aegyptologie_c_makaule-300x168.jpg 300w, https:\\\/\\\/cms.zdv.uni-mainz.de\\\/studium\\\/wp-content\\\/uploads\\\/sites\\\/12\\\/2024\\\/01\\\/Aegyptologie_c_makaule-1024x573.jpg 1024w, https:\\\/\\\/cms.zdv.uni-mainz.de\\\/studium\\\/wp-content\\\/uploads\\\/sites\\\/12\\\/2024\\\/01\\\/Aegyptologie_c_makaule-768x430.jpg 768w, https:\\\/\\\/cms.zdv.uni-mainz.de\\\/studium\\\/wp-content\\\/uploads\\\/sites\\\/12\\\/2024\\\/01\\\/Aegyptologie_c_makaule-1536x860.jpg 1536w, https:\\\/\\\/cms.zdv.uni-mainz.de\\\/studium\\\/wp-content\\\/uploads\\\/sites\\\/12\\\/2024\\\/01\\\/Aegyptologie_c_makaule-2048x1147.jpg 2048w&quot;\n    },\n    &quot;link&quot;: {\n        &quot;url&quot;: &quot;https:\\\/\\\/www.studium.uni-mainz.de\\\/en\\\/choosing-your-degree-program\\\/courses-offered\\\/egyptology-ba\\\/&quot;,\n        &quot;linkTarget&quot;: &quot;_blank&quot;,\n        &quot;rel&quot;: &quot;noreferrer noopener&quot;\n    },\n    &quot;align&quot;: &quot;&quot;,\n    &quot;hasLightbox&quot;: false,\n    &quot;caption&quot;: &quot;&quot;,\n    &quot;imgWidth&quot;: 0\n}\" class=\"align-\">\n    \n<\/jgu-base-image><\/div>\n\n\n\n<div class=\"wp-block-column is-layout-flow wp-block-column-is-layout-flow\"><jgu-base-alertbox react-props=\"{\n    &quot;headline&quot;: &quot;&lt;strong&gt;Links&lt;\\\/strong&gt;&quot;,\n    &quot;subline&quot;: &quot;&lt;a href=\\&quot;https:\\\/\\\/www.hochschulkompass.de\\\/en\\\/study-in-germany.html\\&quot; target=\\&quot;_blank\\&quot; rel=\\&quot;noreferrer noopener\\&quot;&gt;Higher Education Compass&lt;\\\/a&gt;&lt;br&gt;&lt;a href=\\&quot;https:\\\/\\\/www.studium.uni-mainz.de\\\/en\\\/choosing-your-degree-program\\\/courses-offered\\\/egyptology-ba\\\/\\&quot; data-type=\\&quot;page\\&quot; data-id=\\&quot;62012\\&quot;&gt;Egyptology degree description&lt;\\\/a&gt;&quot;,\n    &quot;iconColor&quot;: &quot;red&quot;,\n    &quot;headlineColor&quot;: &quot;dark&quot;,\n    &quot;children&quot;: &quot;&quot;,\n    &quot;icon&quot;: &quot;&quot;,\n    &quot;iconOverHeadline&quot;: false,\n    &quot;isPreview&quot;: false\n}\">\n    \n<\/jgu-base-alertbox><\/div>\n<\/div>\n\n\n<\/jgu-base-accordionitem>\n\n<jgu-base-accordionitem react-props=\"{&quot;title&quot;:&quot;Episode 26: Was macht man in Soziologie?&quot;,&quot;init&quot;:false,&quot;slug&quot;:&quot;episode-26-was-macht-man-in-soziologie&quot;,&quot;align&quot;:&quot;wide&quot;,&quot;customSlug&quot;:false}\">\n    \n\n<p class=\"has-big-font-size\">Have you ever wondered why we behave in a certain way in certain situations? We line up in queues when we wait. And when crossing a large pedestrian crossing, we manage not to bump into any of the people coming towards us, without saying a word. How do people behave within a society and how does it work? Sociology deals with all these questions and many more. Sociology student Elisa tells us all.<\/p>\n\n\n\n<div class=\"wp-block-columns is-layout-flex wp-container-core-columns-is-layout-9d6595d7 wp-block-columns-is-layout-flex\">\n<div class=\"wp-block-column is-layout-flow wp-block-column-is-layout-flow\"><jgu-base-image react-props=\"{\n    &quot;image&quot;: {\n        &quot;url&quot;: &quot;https:\\\/\\\/cms.zdv.uni-mainz.de\\\/studium\\\/wp-content\\\/uploads\\\/sites\\\/12\\\/2023\\\/02\\\/Soziologie-BA.jpg&quot;,\n        &quot;id&quot;: 273,\n        &quot;credit&quot;: &quot;Dmytro\\\/ #290340050\\\/ stock.adobe.com&quot;,\n        &quot;title&quot;: &quot;Soziologie BA&quot;,\n        &quot;width&quot;: 1250,\n        &quot;height&quot;: 700,\n        &quot;srcset&quot;: &quot;https:\\\/\\\/cms.zdv.uni-mainz.de\\\/studium\\\/wp-content\\\/uploads\\\/sites\\\/12\\\/2023\\\/02\\\/Soziologie-BA.jpg 1250w, https:\\\/\\\/cms.zdv.uni-mainz.de\\\/studium\\\/wp-content\\\/uploads\\\/sites\\\/12\\\/2023\\\/02\\\/Soziologie-BA-300x168.jpg 300w, https:\\\/\\\/cms.zdv.uni-mainz.de\\\/studium\\\/wp-content\\\/uploads\\\/sites\\\/12\\\/2023\\\/02\\\/Soziologie-BA-1024x573.jpg 1024w, https:\\\/\\\/cms.zdv.uni-mainz.de\\\/studium\\\/wp-content\\\/uploads\\\/sites\\\/12\\\/2023\\\/02\\\/Soziologie-BA-768x430.jpg 768w&quot;\n    },\n    &quot;link&quot;: {\n        &quot;url&quot;: &quot;https:\\\/\\\/www.studium.uni-mainz.de\\\/en\\\/choosing-your-degree-program\\\/courses-offered\\\/sociology-ba\\\/&quot;,\n        &quot;linkTarget&quot;: &quot;_blank&quot;,\n        &quot;rel&quot;: &quot;noreferrer noopener&quot;\n    },\n    &quot;align&quot;: &quot;&quot;,\n    &quot;hasLightbox&quot;: false,\n    &quot;caption&quot;: &quot;&quot;,\n    &quot;imgWidth&quot;: 0\n}\" class=\"align-\">\n    \n<\/jgu-base-image><\/div>\n\n\n\n<div class=\"wp-block-column is-layout-flow wp-block-column-is-layout-flow\"><jgu-base-alertbox react-props=\"{\n    &quot;headline&quot;: &quot;&lt;strong&gt;Links&lt;\\\/strong&gt;&quot;,\n    &quot;subline&quot;: &quot;&lt;a href=\\&quot;https:\\\/\\\/www.hochschulkompass.de\\\/en\\\/study-in-germany.html\\&quot; target=\\&quot;_blank\\&quot; rel=\\&quot;noreferrer noopener\\&quot;&gt;Higher Education Compass&lt;\\\/a&gt;&lt;br&gt;&lt;a href=\\&quot;https:\\\/\\\/www.studium.uni-mainz.de\\\/en\\\/choosing-your-degree-program\\\/courses-offered\\\/sociology-ba\\\/\\&quot;&gt;Sociology degree description&lt;\\\/a&gt;&lt;br&gt;&lt;a href=\\&quot;https:\\\/\\\/en.wikipedia.org\\\/wiki\\\/Erving_Goffman\\&quot; target=\\&quot;_blank\\&quot; rel=\\&quot;noreferrer noopener\\&quot;&gt;Erving Goffman&lt;\\\/a&gt;&lt;br&gt;&lt;a href=\\&quot;https:\\\/\\\/en.wikipedia.org\\\/wiki\\\/Role_theory\\&quot; target=\\&quot;_blank\\&quot; rel=\\&quot;noreferrer noopener\\&quot;&gt;Role theory&lt;\\\/a&gt;&lt;br&gt;&lt;a href=\\&quot;https:\\\/\\\/en.wikipedia.org\\\/wiki\\\/Habitus_(sociology)\\&quot; target=\\&quot;_blank\\&quot; rel=\\&quot;noreferrer noopener\\&quot;&gt;Habitus&lt;\\\/a&gt;&lt;br&gt;&lt;a href=\\&quot;https:\\\/\\\/www.bpb.de\\\/mediathek\\\/223639\\\/sozialisation\\&quot; target=\\&quot;_blank\\&quot; rel=\\&quot;noreferrer noopener\\&quot;&gt;Sozialisation (Socialization)&lt;\\\/a&gt;&lt;br&gt;&lt;a href=\\&quot;https:\\\/\\\/en.wikipedia.org\\\/wiki\\\/Social_environment\\&quot; target=\\&quot;_blank\\&quot; rel=\\&quot;noreferrer noopener\\&quot;&gt;Social environment&lt;\\\/a&gt;&lt;br&gt;&lt;a href=\\&quot;https:\\\/\\\/en.wikipedia.org\\\/wiki\\\/Sociology\\&quot; target=\\&quot;_blank\\&quot; rel=\\&quot;noreferrer noopener\\&quot;&gt;Sociology&lt;\\\/a&gt;&quot;,\n    &quot;iconColor&quot;: &quot;red&quot;,\n    &quot;headlineColor&quot;: &quot;dark&quot;,\n    &quot;children&quot;: &quot;&quot;,\n    &quot;icon&quot;: &quot;&quot;,\n    &quot;iconOverHeadline&quot;: false,\n    &quot;isPreview&quot;: false\n}\">\n    \n<\/jgu-base-alertbox><\/div>\n<\/div>\n\n\n<\/jgu-base-accordionitem>\n\n<jgu-base-accordionitem react-props=\"{&quot;title&quot;:&quot;Episode 25: Was macht man in Geschichte?&quot;,&quot;init&quot;:false,&quot;slug&quot;:&quot;episode-25-was-macht-man-in-geschichte&quot;,&quot;align&quot;:&quot;wide&quot;,&quot;customSlug&quot;:false}\">\n    \n\n<p class=\"has-big-font-size\">What do you have in mind when you think of studying history? Memorizing dates? School lessons about the French Revolution that make you wonder, \u201cWhy do I need to know this?\u201d Student Jan-Niclas explains why the past has an impact on all aspects of our world and that history is much more than just memorizing dates.<\/p>\n\n\n\n<div class=\"wp-block-columns is-layout-flex wp-container-core-columns-is-layout-9d6595d7 wp-block-columns-is-layout-flex\">\n<div class=\"wp-block-column is-layout-flow wp-block-column-is-layout-flow\"><jgu-base-image react-props=\"{\n    &quot;image&quot;: {\n        &quot;url&quot;: &quot;https:\\\/\\\/cms.zdv.uni-mainz.de\\\/studium\\\/wp-content\\\/uploads\\\/sites\\\/12\\\/2023\\\/02\\\/Geschichte-BA-BEd.jpg&quot;,\n        &quot;id&quot;: 177,\n        &quot;credit&quot;: &quot;adistock\\\/ #40572208\\\/ stock.adobe.com&quot;,\n        &quot;title&quot;: &quot;Geschichte BA BEd&quot;,\n        &quot;width&quot;: 1250,\n        &quot;height&quot;: 700,\n        &quot;srcset&quot;: &quot;https:\\\/\\\/cms.zdv.uni-mainz.de\\\/studium\\\/wp-content\\\/uploads\\\/sites\\\/12\\\/2023\\\/02\\\/Geschichte-BA-BEd.jpg 1250w, https:\\\/\\\/cms.zdv.uni-mainz.de\\\/studium\\\/wp-content\\\/uploads\\\/sites\\\/12\\\/2023\\\/02\\\/Geschichte-BA-BEd-300x168.jpg 300w, https:\\\/\\\/cms.zdv.uni-mainz.de\\\/studium\\\/wp-content\\\/uploads\\\/sites\\\/12\\\/2023\\\/02\\\/Geschichte-BA-BEd-1024x573.jpg 1024w, https:\\\/\\\/cms.zdv.uni-mainz.de\\\/studium\\\/wp-content\\\/uploads\\\/sites\\\/12\\\/2023\\\/02\\\/Geschichte-BA-BEd-768x430.jpg 768w&quot;\n    },\n    &quot;link&quot;: {\n        &quot;url&quot;: &quot;https:\\\/\\\/www.studium.uni-mainz.de\\\/en\\\/choosing-your-degree-program\\\/courses-offered\\\/history-ba\\\/&quot;,\n        &quot;linkTarget&quot;: &quot;_blank&quot;,\n        &quot;rel&quot;: &quot;noreferrer noopener&quot;\n    },\n    &quot;align&quot;: &quot;&quot;,\n    &quot;hasLightbox&quot;: false,\n    &quot;caption&quot;: &quot;&quot;,\n    &quot;imgWidth&quot;: 0\n}\" class=\"align-\">\n    \n<\/jgu-base-image><\/div>\n\n\n\n<div class=\"wp-block-column is-layout-flow wp-block-column-is-layout-flow\"><jgu-base-alertbox react-props=\"{\n    &quot;headline&quot;: &quot;&lt;strong&gt;Links&lt;\\\/strong&gt;&quot;,\n    &quot;subline&quot;: &quot;&lt;a href=\\&quot;https:\\\/\\\/www.hochschulkompass.de\\\/en\\\/study-in-germany.html\\&quot; target=\\&quot;_blank\\&quot; rel=\\&quot;noreferrer noopener\\&quot;&gt;Higher Education Compass&lt;\\\/a&gt;&lt;br&gt;&lt;a href=\\&quot;https:\\\/\\\/www.studium.uni-mainz.de\\\/en\\\/choosing-your-degree-program\\\/courses-offered\\\/history-ba\\\/\\&quot;&gt;History degree description&lt;\\\/a&gt;&lt;br&gt;&lt;a href=\\&quot;https:\\\/\\\/www.funk.net\\\/channel\\\/mrwissen2go-8423\\&quot; target=\\&quot;_blank\\&quot; rel=\\&quot;noreferrer noopener\\&quot;&gt;MrWissen2go&lt;\\\/a&gt;&quot;,\n    &quot;iconColor&quot;: &quot;red&quot;,\n    &quot;headlineColor&quot;: &quot;dark&quot;,\n    &quot;children&quot;: &quot;&quot;,\n    &quot;icon&quot;: &quot;&quot;,\n    &quot;iconOverHeadline&quot;: false,\n    &quot;isPreview&quot;: false\n}\">\n    \n<\/jgu-base-alertbox><\/div>\n<\/div>\n\n\n<\/jgu-base-accordionitem>\n\n<jgu-base-accordionitem react-props=\"{&quot;title&quot;:&quot;Episode 24: Und so geht es weiter&quot;,&quot;init&quot;:false,&quot;slug&quot;:&quot;episode-24-und-so-geht-es-weiter&quot;,&quot;align&quot;:&quot;wide&quot;,&quot;customSlug&quot;:false}\">\n    \n\n<p class=\"has-big-font-size\">We tell you what\u2019s happening next with the podcast. The good news: There are still many subjects to introduce you to, so we are far from finished. But there will be one small change&#8230;<\/p>\n\n\n\n<div class=\"wp-block-columns is-layout-flex wp-container-core-columns-is-layout-9d6595d7 wp-block-columns-is-layout-flex\">\n<div class=\"wp-block-column is-layout-flow wp-block-column-is-layout-flow\"><jgu-base-image react-props=\"{\n    &quot;image&quot;: {\n        &quot;url&quot;: &quot;https:\\\/\\\/cms.zdv.uni-mainz.de\\\/studium\\\/wp-content\\\/uploads\\\/sites\\\/12\\\/2024\\\/04\\\/Podcast_mitGast_04-1.svg&quot;,\n        &quot;id&quot;: 104576,\n        &quot;caption&quot;: &quot;zwei Podcasterinnen mit Gast sitzen gemeinsam am Tisch und lachen w\\u00e4hrend einer Podcastaufnahme&quot;,\n        &quot;credit&quot;: &quot;\\u00a9 Rebekka Sch\\u00f6nefu\\u00df Grafikdesign\\\/Illustration&quot;,\n        &quot;title&quot;: &quot;Podcast_mitGast_04&quot;\n    },\n    &quot;align&quot;: &quot;&quot;,\n    &quot;hasLightbox&quot;: false,\n    &quot;caption&quot;: &quot;&quot;,\n    &quot;imgWidth&quot;: 0,\n    &quot;link&quot;: {\n        &quot;url&quot;: &quot;&quot;,\n        &quot;target&quot;: &quot;&quot;,\n        &quot;rel&quot;: &quot;&quot;\n    }\n}\" class=\"align-\">\n    \n<\/jgu-base-image><\/div>\n\n\n\n<div class=\"wp-block-column is-layout-flow wp-block-column-is-layout-flow\"><\/div>\n<\/div>\n\n\n<\/jgu-base-accordionitem>\n\n<jgu-base-accordionitem react-props=\"{&quot;title&quot;:&quot;Episode 23: Was macht man in Erziehungswissenschaft?&quot;,&quot;init&quot;:false,&quot;slug&quot;:&quot;episode-23-was-macht-man-in-erziehungswissenschaft&quot;,&quot;align&quot;:&quot;wide&quot;,&quot;customSlug&quot;:false}\">\n    \n\n<p class=\"has-big-font-size\">Dajana explains that Educational Science is not just about education and children, but about people in various developmental phases of life. We also talk about what you can do with the degree after your studies.<\/p>\n\n\n\n<div class=\"wp-block-columns is-layout-flex wp-container-core-columns-is-layout-9d6595d7 wp-block-columns-is-layout-flex\">\n<div class=\"wp-block-column is-layout-flow wp-block-column-is-layout-flow\"><jgu-base-image react-props=\"{\n    &quot;image&quot;: {\n        &quot;url&quot;: &quot;https:\\\/\\\/cms.zdv.uni-mainz.de\\\/studium\\\/wp-content\\\/uploads\\\/sites\\\/12\\\/2023\\\/02\\\/Erziehungswissenschaft-BA.jpg&quot;,\n        &quot;id&quot;: 141,\n        &quot;credit&quot;: &quot;Julien Eichinger\\\/ #448431405\\\/ stock.adobe.com&quot;,\n        &quot;title&quot;: &quot;Erziehungswissenschaft BA&quot;,\n        &quot;width&quot;: 1250,\n        &quot;height&quot;: 700,\n        &quot;srcset&quot;: &quot;https:\\\/\\\/cms.zdv.uni-mainz.de\\\/studium\\\/wp-content\\\/uploads\\\/sites\\\/12\\\/2023\\\/02\\\/Erziehungswissenschaft-BA.jpg 1250w, https:\\\/\\\/cms.zdv.uni-mainz.de\\\/studium\\\/wp-content\\\/uploads\\\/sites\\\/12\\\/2023\\\/02\\\/Erziehungswissenschaft-BA-300x168.jpg 300w, https:\\\/\\\/cms.zdv.uni-mainz.de\\\/studium\\\/wp-content\\\/uploads\\\/sites\\\/12\\\/2023\\\/02\\\/Erziehungswissenschaft-BA-1024x573.jpg 1024w, https:\\\/\\\/cms.zdv.uni-mainz.de\\\/studium\\\/wp-content\\\/uploads\\\/sites\\\/12\\\/2023\\\/02\\\/Erziehungswissenschaft-BA-768x430.jpg 768w&quot;\n    },\n    &quot;link&quot;: {\n        &quot;url&quot;: &quot;https:\\\/\\\/www.studium.uni-mainz.de\\\/en\\\/choosing-your-degree-program\\\/courses-offered\\\/educational-sciences-ba\\\/&quot;\n    },\n    &quot;align&quot;: &quot;&quot;,\n    &quot;hasLightbox&quot;: false,\n    &quot;caption&quot;: &quot;&quot;,\n    &quot;imgWidth&quot;: 0\n}\" class=\"align-\">\n    \n<\/jgu-base-image><\/div>\n\n\n\n<div class=\"wp-block-column is-layout-flow wp-block-column-is-layout-flow\"><jgu-base-alertbox react-props=\"{\n    &quot;headline&quot;: &quot;&lt;strong&gt;Links&lt;\\\/strong&gt;&quot;,\n    &quot;subline&quot;: &quot;&lt;a href=\\&quot;https:\\\/\\\/www.hochschulkompass.de\\\/en\\\/study-in-germany.html\\&quot; target=\\&quot;_blank\\&quot; rel=\\&quot;noreferrer noopener\\&quot;&gt;Higher Education Compass&lt;\\\/a&gt;&lt;br&gt;&lt;a href=\\&quot;https:\\\/\\\/www.studium.uni-mainz.de\\\/en\\\/choosing-your-degree-program\\\/courses-offered\\\/educational-science-ba\\\/\\&quot;&gt;Educational Science degree description&lt;\\\/a&gt;&lt;br&gt;&lt;a href=\\&quot;https:\\\/\\\/en.wikipedia.org\\\/wiki\\\/Anthropology\\&quot; target=\\&quot;_blank\\&quot; rel=\\&quot;noreferrer noopener\\&quot;&gt;Wikipedia page about anthropology&lt;\\\/a&gt;&lt;br&gt;&lt;a href=\\&quot;https:\\\/\\\/en.wikipedia.org\\\/wiki\\\/Systems_theory\\&quot; target=\\&quot;_blank\\&quot; rel=\\&quot;noreferrer noopener\\&quot;&gt;Wikipedia page about systems theory&lt;\\\/a&gt;&lt;br&gt;&lt;a href=\\&quot;https:\\\/\\\/www.studierendenwerke.de\\\/themen\\\/studieren-mit-familie\\&quot; target=\\&quot;_blank\\&quot; rel=\\&quot;noreferrer noopener\\&quot;&gt;Information on studying as a parent&lt;\\\/a&gt;&quot;,\n    &quot;iconColor&quot;: &quot;red&quot;,\n    &quot;headlineColor&quot;: &quot;dark&quot;,\n    &quot;children&quot;: &quot;&quot;,\n    &quot;icon&quot;: &quot;&quot;,\n    &quot;iconOverHeadline&quot;: false,\n    &quot;isPreview&quot;: false\n}\">\n    \n<\/jgu-base-alertbox><\/div>\n<\/div>\n\n\n<\/jgu-base-accordionitem>\n\n<jgu-base-accordionitem react-props=\"{&quot;title&quot;:&quot;Episode 22: Was macht man in Meteorologie?&quot;,&quot;init&quot;:false,&quot;slug&quot;:&quot;episode-22-was-macht-man-in-meteorologie&quot;,&quot;align&quot;:&quot;wide&quot;,&quot;customSlug&quot;:false}\">\n    \n\n<p class=\"has-big-font-size\">What will the weather be like today? Have you ever wondered how predicting the weather actually works? And who is actually researching the climate and how it is changing? Meteorology is behind both. We talk to Florina about this subject.<\/p>\n\n\n\n<div class=\"wp-block-columns is-layout-flex wp-container-core-columns-is-layout-9d6595d7 wp-block-columns-is-layout-flex\">\n<div class=\"wp-block-column is-layout-flow wp-block-column-is-layout-flow\"><jgu-base-image react-props=\"{\n    &quot;image&quot;: {\n        &quot;url&quot;: &quot;https:\\\/\\\/cms.zdv.uni-mainz.de\\\/studium\\\/wp-content\\\/uploads\\\/sites\\\/12\\\/2023\\\/11\\\/Meteorologie-BSc.jpeg&quot;,\n        &quot;id&quot;: 45071,\n        &quot;credit&quot;: &quot;\\u00a9Holger\\\/stock.adobe.com&quot;,\n        &quot;title&quot;: &quot;Meteorologie BSc&quot;,\n        &quot;width&quot;: 1250,\n        &quot;height&quot;: 700,\n        &quot;srcset&quot;: &quot;https:\\\/\\\/cms.zdv.uni-mainz.de\\\/studium\\\/wp-content\\\/uploads\\\/sites\\\/12\\\/2023\\\/11\\\/Meteorologie-BSc.jpeg 1250w, https:\\\/\\\/cms.zdv.uni-mainz.de\\\/studium\\\/wp-content\\\/uploads\\\/sites\\\/12\\\/2023\\\/11\\\/Meteorologie-BSc-300x168.jpeg 300w, https:\\\/\\\/cms.zdv.uni-mainz.de\\\/studium\\\/wp-content\\\/uploads\\\/sites\\\/12\\\/2023\\\/11\\\/Meteorologie-BSc-1024x573.jpeg 1024w, https:\\\/\\\/cms.zdv.uni-mainz.de\\\/studium\\\/wp-content\\\/uploads\\\/sites\\\/12\\\/2023\\\/11\\\/Meteorologie-BSc-768x430.jpeg 768w&quot;\n    },\n    &quot;link&quot;: {\n        &quot;url&quot;: &quot;https:\\\/\\\/www.studium.uni-mainz.de\\\/en\\\/choosing-your-degree-program\\\/courses-offered\\\/meteorology-bsc\\\/&quot;,\n        &quot;linkTarget&quot;: &quot;_blank&quot;,\n        &quot;rel&quot;: &quot;noreferrer noopener&quot;\n    },\n    &quot;align&quot;: &quot;&quot;,\n    &quot;hasLightbox&quot;: false,\n    &quot;caption&quot;: &quot;&quot;,\n    &quot;imgWidth&quot;: 0\n}\" class=\"align-\">\n    \n<\/jgu-base-image><\/div>\n\n\n\n<div class=\"wp-block-column is-layout-flow wp-block-column-is-layout-flow\"><jgu-base-alertbox react-props=\"{\n    &quot;headline&quot;: &quot;&lt;strong&gt;Links&lt;\\\/strong&gt;&quot;,\n    &quot;subline&quot;: &quot;&lt;a href=\\&quot;https:\\\/\\\/www.dwd.de\\\/EN\\\/Home\\\/home_node.html;jsessionid=88713C8B0C4EB39A62BDBD27535F6650.live31083\\&quot; target=\\&quot;_blank\\&quot; rel=\\&quot;noreferrer noopener\\&quot;&gt;German Weather Service&lt;\\\/a&gt;&lt;br&gt;&lt;a href=\\&quot;https:\\\/\\\/www.studium.uni-mainz.de\\\/en\\\/choosing-your-degree-program\\\/courses-offered\\\/meteorology-bsc\\\/\\&quot;&gt;Meteorology degree description&lt;\\\/a&gt;&lt;br&gt;&lt;a href=\\&quot;https:\\\/\\\/www.youtube.com\\\/watch?v=XuBYGTFso8w\\&quot; target=\\&quot;_blank\\&quot; rel=\\&quot;noreferrer noopener\\&quot;&gt;Campus TV Quick Check Meteorologie&lt;\\\/a&gt;&lt;br&gt;&lt;a href=\\&quot;https:\\\/\\\/www.hochschulkompass.de\\\/en\\\/study-in-germany.html\\&quot; target=\\&quot;_blank\\&quot; rel=\\&quot;noreferrer noopener\\&quot;&gt;Higher Education Compass&lt;\\\/a&gt;&quot;,\n    &quot;iconColor&quot;: &quot;red&quot;,\n    &quot;headlineColor&quot;: &quot;dark&quot;,\n    &quot;children&quot;: &quot;&quot;,\n    &quot;icon&quot;: &quot;&quot;,\n    &quot;iconOverHeadline&quot;: false,\n    &quot;isPreview&quot;: false\n}\">\n    \n<\/jgu-base-alertbox><\/div>\n<\/div>\n\n\n<\/jgu-base-accordionitem>\n\n<jgu-base-accordionitem react-props=\"{&quot;title&quot;:&quot;Episode 21: Was macht man in Publizistik?&quot;,&quot;init&quot;:false,&quot;slug&quot;:&quot;episode-21-was-macht-man-in-publizistik&quot;,&quot;align&quot;:&quot;wide&quot;,&quot;customSlug&quot;:false}\">\n    \n\n<p class=\"has-big-font-size\">How does media affect us and our society? How does communication in social media work? In this episode, we talk to Till, who is studying Communication Studies. Heads up: This episode is for anyone who wants to study something to do with media.<\/p>\n\n\n\n<div class=\"wp-block-columns is-layout-flex wp-container-core-columns-is-layout-9d6595d7 wp-block-columns-is-layout-flex\">\n<div class=\"wp-block-column is-layout-flow wp-block-column-is-layout-flow\"><jgu-base-image react-props=\"{\n    &quot;image&quot;: {\n        &quot;url&quot;: &quot;https:\\\/\\\/cms.zdv.uni-mainz.de\\\/studium\\\/wp-content\\\/uploads\\\/sites\\\/12\\\/2023\\\/02\\\/Publizistik-BA.jpg&quot;,\n        &quot;id&quot;: 258,\n        &quot;credit&quot;: &quot;mitrija\\\/ #62583906\\\/ stock.adobe.com&quot;,\n        &quot;title&quot;: &quot;Close-up of folded newspapers&quot;,\n        &quot;width&quot;: 1250,\n        &quot;height&quot;: 700,\n        &quot;srcset&quot;: &quot;https:\\\/\\\/cms.zdv.uni-mainz.de\\\/studium\\\/wp-content\\\/uploads\\\/sites\\\/12\\\/2023\\\/02\\\/Publizistik-BA.jpg 1250w, https:\\\/\\\/cms.zdv.uni-mainz.de\\\/studium\\\/wp-content\\\/uploads\\\/sites\\\/12\\\/2023\\\/02\\\/Publizistik-BA-300x168.jpg 300w, https:\\\/\\\/cms.zdv.uni-mainz.de\\\/studium\\\/wp-content\\\/uploads\\\/sites\\\/12\\\/2023\\\/02\\\/Publizistik-BA-1024x573.jpg 1024w, https:\\\/\\\/cms.zdv.uni-mainz.de\\\/studium\\\/wp-content\\\/uploads\\\/sites\\\/12\\\/2023\\\/02\\\/Publizistik-BA-768x430.jpg 768w&quot;\n    },\n    &quot;link&quot;: {\n        &quot;url&quot;: &quot;https:\\\/\\\/www.studium.uni-mainz.de\\\/en\\\/choosing-your-degree-program\\\/courses-offered\\\/communication-studies-ba\\\/&quot;,\n        &quot;linkTarget&quot;: &quot;_blank&quot;,\n        &quot;rel&quot;: &quot;noreferrer noopener&quot;\n    },\n    &quot;align&quot;: &quot;&quot;,\n    &quot;hasLightbox&quot;: false,\n    &quot;caption&quot;: &quot;&quot;,\n    &quot;imgWidth&quot;: 0\n}\" class=\"align-\">\n    \n<\/jgu-base-image><\/div>\n\n\n\n<div class=\"wp-block-column is-layout-flow wp-block-column-is-layout-flow\"><jgu-base-alertbox react-props=\"{\n    &quot;headline&quot;: &quot;&lt;strong&gt;Links&lt;\\\/strong&gt;&quot;,\n    &quot;subline&quot;: &quot;&lt;a href=\\&quot;https:\\\/\\\/studienwahl.de\\\/en\\\/study-opportunities\\\/philology-cultural-sciences\\\/communication-media\\&quot; target=\\&quot;_blank\\&quot; rel=\\&quot;noreferrer noopener\\&quot;&gt;Communication and Media Studies&lt;\\\/a&gt;&lt;br&gt;&lt;a href=\\&quot;https:\\\/\\\/www.studium.uni-mainz.de\\\/en\\\/choosing-your-degree-program\\\/courses-offered\\\/communication-studies-ba\\\/\\&quot;&gt;Communication Studies Profile&lt;\\\/a&gt;&lt;br&gt;&lt;a href=\\&quot;https:\\\/\\\/www.dw.com\\\/de\\\/der-werther-effekt-wenn-selbstmord-zum-faszinosum-wird\\\/a-38882155\\&quot; target=\\&quot;_blank\\&quot; rel=\\&quot;noreferrer noopener\\&quot;&gt;Der Werther-Effekt (The Werther Effect)&lt;\\\/a&gt;&lt;br&gt;&lt;a href=\\&quot;https:\\\/\\\/en.wikipedia.org\\\/wiki\\\/Spiral_of_silence\\&quot; target=\\&quot;_blank\\&quot; rel=\\&quot;noreferrer noopener\\&quot;&gt;The spiral of silence&lt;\\\/a&gt;&quot;,\n    &quot;iconColor&quot;: &quot;red&quot;,\n    &quot;headlineColor&quot;: &quot;dark&quot;,\n    &quot;children&quot;: &quot;&quot;,\n    &quot;icon&quot;: &quot;&quot;,\n    &quot;iconOverHeadline&quot;: false,\n    &quot;isPreview&quot;: false\n}\">\n    \n<\/jgu-base-alertbox><\/div>\n<\/div>\n\n\n<\/jgu-base-accordionitem>\n\n<jgu-base-accordionitem react-props=\"{&quot;title&quot;:&quot;Episode 20: Was macht man in Buchwissenschaft?&quot;,&quot;init&quot;:false,&quot;slug&quot;:&quot;episode-20-was-macht-man-in-buchwissenschaft&quot;,&quot;align&quot;:&quot;wide&quot;,&quot;customSlug&quot;:false}\">\n    \n\n<p class=\"has-big-font-size\">Do people still read and what are they reading? Won&#8217;t books soon fall out of fashion anyway? Book Studies deals with these questions. Sarah, a Book Studies student, tells us more about it in this episode.<\/p>\n\n\n\n<div class=\"wp-block-columns is-layout-flex wp-container-core-columns-is-layout-9d6595d7 wp-block-columns-is-layout-flex\">\n<div class=\"wp-block-column is-layout-flow wp-block-column-is-layout-flow\"><jgu-base-image react-props=\"{\n    &quot;image&quot;: {\n        &quot;url&quot;: &quot;https:\\\/\\\/cms.zdv.uni-mainz.de\\\/studium\\\/wp-content\\\/uploads\\\/sites\\\/12\\\/2023\\\/02\\\/Buchwissenschaft-BA.jpg&quot;,\n        &quot;id&quot;: 123,\n        &quot;credit&quot;: &quot;rangizzz\\\/ #96668495\\\/ stock.adobe.com&quot;,\n        &quot;title&quot;: &quot;Buchwissenschaft BA&quot;,\n        &quot;width&quot;: 1250,\n        &quot;height&quot;: 700,\n        &quot;srcset&quot;: &quot;https:\\\/\\\/cms.zdv.uni-mainz.de\\\/studium\\\/wp-content\\\/uploads\\\/sites\\\/12\\\/2023\\\/02\\\/Buchwissenschaft-BA.jpg 1250w, https:\\\/\\\/cms.zdv.uni-mainz.de\\\/studium\\\/wp-content\\\/uploads\\\/sites\\\/12\\\/2023\\\/02\\\/Buchwissenschaft-BA-300x168.jpg 300w, https:\\\/\\\/cms.zdv.uni-mainz.de\\\/studium\\\/wp-content\\\/uploads\\\/sites\\\/12\\\/2023\\\/02\\\/Buchwissenschaft-BA-1024x573.jpg 1024w, https:\\\/\\\/cms.zdv.uni-mainz.de\\\/studium\\\/wp-content\\\/uploads\\\/sites\\\/12\\\/2023\\\/02\\\/Buchwissenschaft-BA-768x430.jpg 768w&quot;\n    },\n    &quot;link&quot;: {\n        &quot;url&quot;: &quot;https:\\\/\\\/www.studium.uni-mainz.de\\\/en\\\/choosing-your-degree-program\\\/courses-offered\\\/book-studies-ba\\\/&quot;,\n        &quot;linkTarget&quot;: &quot;_blank&quot;,\n        &quot;rel&quot;: &quot;noreferrer noopener&quot;\n    },\n    &quot;align&quot;: &quot;&quot;,\n    &quot;hasLightbox&quot;: false,\n    &quot;caption&quot;: &quot;&quot;,\n    &quot;imgWidth&quot;: 0\n}\" class=\"align-\">\n    \n<\/jgu-base-image><\/div>\n\n\n\n<div class=\"wp-block-column is-layout-flow wp-block-column-is-layout-flow\"><jgu-base-alertbox react-props=\"{\n    &quot;headline&quot;: &quot;&lt;strong&gt;Links&lt;\\\/strong&gt;&quot;,\n    &quot;subline&quot;: &quot;&lt;a href=\\&quot;https:\\\/\\\/www.studium.uni-mainz.de\\\/en\\\/choosing-your-degree-program\\\/courses-offered\\\/book-studies-ba\\\/\\&quot;&gt;Book Studies degree description&lt;\\\/a&gt;&lt;br&gt;&lt;a href=\\&quot;https:\\\/\\\/www.boersenverein.de\\\/english\\\/\\&quot; target=\\&quot;_blank\\&quot; rel=\\&quot;noreferrer noopener\\&quot;&gt;German Publishers and Booksellers Association&lt;\\\/a&gt;&lt;br&gt;&lt;a href=\\&quot;https:\\\/\\\/www.jungeverlagsmenschen.de\\\/\\&quot; target=\\&quot;_blank\\&quot; rel=\\&quot;noreferrer noopener\\&quot;&gt;Junge Verlags- und Medienmenschen&lt;\\\/a&gt;&quot;,\n    &quot;iconColor&quot;: &quot;red&quot;,\n    &quot;headlineColor&quot;: &quot;dark&quot;,\n    &quot;children&quot;: &quot;&quot;,\n    &quot;icon&quot;: &quot;&quot;,\n    &quot;iconOverHeadline&quot;: false,\n    &quot;isPreview&quot;: false\n}\">\n    \n<\/jgu-base-alertbox><\/div>\n<\/div>\n\n\n<\/jgu-base-accordionitem>\n\n<jgu-base-accordionitem react-props=\"{&quot;title&quot;:&quot;Episode 19: Kann man Dolmetschen und \\u00dcbersetzen studieren?&quot;,&quot;init&quot;:false,&quot;slug&quot;:&quot;episode-19-kann-man-dolmetschen-und-ubersetzen-studieren&quot;,&quot;align&quot;:&quot;wide&quot;,&quot;customSlug&quot;:false}\">\n    \n\n<p class=\"has-big-font-size\">What do you actually have to learn if you want to become an interpreter or translator? To find out, we talk to Dimitrios. He is a student of Language, Culture, Translation.<\/p>\n\n\n\n<div class=\"wp-block-columns is-layout-flex wp-container-core-columns-is-layout-9d6595d7 wp-block-columns-is-layout-flex\">\n<div class=\"wp-block-column is-layout-flow wp-block-column-is-layout-flow\"><jgu-base-image react-props=\"{\n    &quot;image&quot;: {\n        &quot;url&quot;: &quot;https:\\\/\\\/cms.zdv.uni-mainz.de\\\/studium\\\/wp-content\\\/uploads\\\/sites\\\/12\\\/2024\\\/02\\\/Translation-BA.jpg&quot;,\n        &quot;id&quot;: 78449,\n        &quot;credit&quot;: &quot;\\u00a9motortion\\\/#285539657\\\/stock.adobe.com&quot;,\n        &quot;title&quot;: &quot;Translation BA&quot;,\n        &quot;width&quot;: 1250,\n        &quot;height&quot;: 700,\n        &quot;srcset&quot;: &quot;https:\\\/\\\/cms.zdv.uni-mainz.de\\\/studium\\\/wp-content\\\/uploads\\\/sites\\\/12\\\/2024\\\/02\\\/Translation-BA.jpg 1250w, https:\\\/\\\/cms.zdv.uni-mainz.de\\\/studium\\\/wp-content\\\/uploads\\\/sites\\\/12\\\/2024\\\/02\\\/Translation-BA-300x168.jpg 300w, https:\\\/\\\/cms.zdv.uni-mainz.de\\\/studium\\\/wp-content\\\/uploads\\\/sites\\\/12\\\/2024\\\/02\\\/Translation-BA-1024x573.jpg 1024w, https:\\\/\\\/cms.zdv.uni-mainz.de\\\/studium\\\/wp-content\\\/uploads\\\/sites\\\/12\\\/2024\\\/02\\\/Translation-BA-768x430.jpg 768w&quot;\n    },\n    &quot;link&quot;: {\n        &quot;url&quot;: &quot;https:\\\/\\\/www.studium.uni-mainz.de\\\/en\\\/choosing-your-degree-program\\\/courses-offered\\\/translation-ba\\\/&quot;,\n        &quot;linkTarget&quot;: &quot;_blank&quot;,\n        &quot;rel&quot;: &quot;noreferrer noopener&quot;\n    },\n    &quot;align&quot;: &quot;&quot;,\n    &quot;hasLightbox&quot;: false,\n    &quot;caption&quot;: &quot;&quot;,\n    &quot;imgWidth&quot;: 0\n}\" class=\"align-\">\n    \n<\/jgu-base-image><\/div>\n\n\n\n<div class=\"wp-block-column is-layout-flow wp-block-column-is-layout-flow\"><jgu-base-alertbox react-props=\"{\n    &quot;headline&quot;: &quot;&lt;strong&gt;Links&lt;\\\/strong&gt;&quot;,\n    &quot;subline&quot;: &quot;&lt;a href=\\&quot;https:\\\/\\\/studium.fb06.uni-mainz.de\\\/information-studying-translating-interpreting-english\\\/\\&quot; target=\\&quot;_blank\\&quot; rel=\\&quot;noreferrer noopener\\&quot;&gt;Faculty of Translation Studies, Linguistics, and Cultural Studies&lt;\\\/a&gt;&lt;br&gt; &lt;br&gt;&lt;a href=\\&quot;https:\\\/\\\/asta.fb06.uni-mainz.de\\\/ftscast\\\/\\&quot; target=\\&quot;_blank\\&quot; rel=\\&quot;noreferrer noopener\\&quot;&gt;Podcast FTScast\\u00a0&lt;\\\/a&gt;&lt;br&gt;&lt;a href=\\&quot;https:\\\/\\\/www.studium.uni-mainz.de\\\/en\\\/choosing-your-degree-program\\\/courses-offered\\\/translation-ba\\\/\\&quot;&gt;Translation degree description&lt;\\\/a&gt;&quot;,\n    &quot;iconColor&quot;: &quot;red&quot;,\n    &quot;headlineColor&quot;: &quot;dark&quot;,\n    &quot;children&quot;: &quot;&quot;,\n    &quot;icon&quot;: &quot;&quot;,\n    &quot;iconOverHeadline&quot;: false,\n    &quot;isPreview&quot;: false\n}\">\n    \n<\/jgu-base-alertbox><\/div>\n<\/div>\n\n\n<\/jgu-base-accordionitem>\n\n<jgu-base-accordionitem react-props=\"{&quot;title&quot;:&quot;Episode 18: Wie bewirbt man sich auf einen Studienplatz?&quot;,&quot;init&quot;:false,&quot;slug&quot;:&quot;episode-18-wie-bewirbt-man-sich-auf-einen-studienplatz&quot;,&quot;align&quot;:&quot;wide&quot;,&quot;customSlug&quot;:false}\">\n    \n\n<p class=\"has-big-font-size\">How do you actually apply for a spot at the university? What does NC stand for? And what does wait time mean? Together with their colleague Meike, Franziska and Julia discuss what you should bear in mind when applying to university and dispel common application myths.<\/p>\n\n\n\n<div class=\"wp-block-columns is-layout-flex wp-container-core-columns-is-layout-9d6595d7 wp-block-columns-is-layout-flex\">\n<div class=\"wp-block-column is-layout-flow wp-block-column-is-layout-flow\"><jgu-base-image react-props=\"{\n    &quot;image&quot;: {\n        &quot;url&quot;: &quot;https:\\\/\\\/cms.zdv.uni-mainz.de\\\/studium\\\/wp-content\\\/uploads\\\/sites\\\/12\\\/2023\\\/07\\\/Bewerbungsverfahren-LP-groesser-scaled.jpeg&quot;,\n        &quot;id&quot;: 10738,\n        &quot;alt&quot;: &quot;Aufnahme von oben: Studierende sitzt auf dem Boden, angelehnt an ein B\\u00fccherregal in der Bibliothek. Auf ihrem Scho\\u00df liegt ein Laptop, in der rechten Hand h\\u00e4lt sie ein Smartphone. Um sie herum jede Menge Unterlagen und Schreibutensilien.&quot;,\n        &quot;caption&quot;: &quot;Student laptop, phone screen and top view woman typing research project, university paper or study for college exam. School library, floor and e learning person search online for education info.&quot;,\n        &quot;credit&quot;: &quot;\\u00a9 A. Frank_peopleimages.com \\\/ adobe.stock&quot;,\n        &quot;title&quot;: &quot;Student laptop, phone screen and top view woman typing research project, university paper or study for college exam. School library, floor and e learning person search online for education info&quot;,\n        &quot;width&quot;: 2560,\n        &quot;height&quot;: 1709,\n        &quot;srcset&quot;: &quot;https:\\\/\\\/cms.zdv.uni-mainz.de\\\/studium\\\/wp-content\\\/uploads\\\/sites\\\/12\\\/2023\\\/07\\\/Bewerbungsverfahren-LP-groesser-scaled.jpeg 2560w, https:\\\/\\\/cms.zdv.uni-mainz.de\\\/studium\\\/wp-content\\\/uploads\\\/sites\\\/12\\\/2023\\\/07\\\/Bewerbungsverfahren-LP-groesser-300x200.jpeg 300w, https:\\\/\\\/cms.zdv.uni-mainz.de\\\/studium\\\/wp-content\\\/uploads\\\/sites\\\/12\\\/2023\\\/07\\\/Bewerbungsverfahren-LP-groesser-1024x683.jpeg 1024w, https:\\\/\\\/cms.zdv.uni-mainz.de\\\/studium\\\/wp-content\\\/uploads\\\/sites\\\/12\\\/2023\\\/07\\\/Bewerbungsverfahren-LP-groesser-768x513.jpeg 768w, https:\\\/\\\/cms.zdv.uni-mainz.de\\\/studium\\\/wp-content\\\/uploads\\\/sites\\\/12\\\/2023\\\/07\\\/Bewerbungsverfahren-LP-groesser-1536x1025.jpeg 1536w, https:\\\/\\\/cms.zdv.uni-mainz.de\\\/studium\\\/wp-content\\\/uploads\\\/sites\\\/12\\\/2023\\\/07\\\/Bewerbungsverfahren-LP-groesser-2048x1367.jpeg 2048w&quot;\n    },\n    &quot;align&quot;: &quot;&quot;,\n    &quot;hasLightbox&quot;: false,\n    &quot;caption&quot;: &quot;&quot;,\n    &quot;imgWidth&quot;: 0,\n    &quot;link&quot;: {\n        &quot;url&quot;: &quot;&quot;,\n        &quot;target&quot;: &quot;&quot;,\n        &quot;rel&quot;: &quot;&quot;\n    }\n}\" class=\"align-\">\n    \n<\/jgu-base-image><\/div>\n\n\n\n<div class=\"wp-block-column is-layout-flow wp-block-column-is-layout-flow\"><jgu-base-alertbox react-props=\"{\n    &quot;headline&quot;: &quot;&lt;strong&gt;Links&lt;\\\/strong&gt;&quot;,\n    &quot;subline&quot;: &quot;&lt;a href=\\&quot;https:\\\/\\\/www.studium.uni-mainz.de\\\/en\\\/your-application\\\/\\&quot;&gt;Applying to JGU\\u00a0&lt;\\\/a&gt;&lt;br&gt;&lt;a href=\\&quot;http:\\\/\\\/www.hochschulstart.de\\\/startseite\\&quot; target=\\&quot;_blank\\&quot; rel=\\&quot;noreferrer noopener\\&quot;&gt;Application via Hochschulstart\\u00a0&lt;\\\/a&gt;&quot;,\n    &quot;iconColor&quot;: &quot;red&quot;,\n    &quot;headlineColor&quot;: &quot;dark&quot;,\n    &quot;children&quot;: &quot;&quot;,\n    &quot;icon&quot;: &quot;&quot;,\n    &quot;iconOverHeadline&quot;: false,\n    &quot;isPreview&quot;: false\n}\">\n    \n<\/jgu-base-alertbox><\/div>\n<\/div>\n\n\n<\/jgu-base-accordionitem>\n\n<jgu-base-accordionitem react-props=\"{&quot;title&quot;:&quot;Episode 17: Was macht man in Biomedizinischer Chemie?&quot;,&quot;init&quot;:false,&quot;slug&quot;:&quot;episode-17-was-macht-man-in-biomedizinischer-chemie&quot;,&quot;align&quot;:&quot;wide&quot;,&quot;customSlug&quot;:false}\">\n    \n\n<p class=\"has-big-font-size\">In recent months, one topic has attracted a great deal of public attention: The development of vaccines and drugs. Within a very short time, researchers have developed vaccines to protect against Covid-19. However, research into drugs to treat Covid-19 has also been in full swing since the start of the pandemic. We read and hear about vector vaccines and mRNA vaccines and already feel a bit like experts. The development of drugs involves research disciplines such as chemistry, medicine, and biology. Today we are talking to a real expert about a subject that is unique in the German academic landscape: Biomedical Chemistry.<\/p>\n\n\n\n<div class=\"wp-block-columns is-layout-flex wp-container-core-columns-is-layout-9d6595d7 wp-block-columns-is-layout-flex\">\n<div class=\"wp-block-column is-layout-flow wp-block-column-is-layout-flow\"><jgu-base-image react-props=\"{\n    &quot;image&quot;: {\n        &quot;url&quot;: &quot;https:\\\/\\\/cms.zdv.uni-mainz.de\\\/studium\\\/wp-content\\\/uploads\\\/sites\\\/12\\\/2023\\\/02\\\/Biomedizinische-Chemie-BSc.jpeg&quot;,\n        &quot;id&quot;: 120,\n        &quot;caption&quot;: &quot;Modern Medical Research Laboratory with Microscope and Test Tubes with Biochemicals on the Desk. Scientific Lab Biotechnology Development Center of High-Tech Equipment, Technology.&quot;,\n        &quot;credit&quot;: &quot;Gorodenkoff\\\/ #416534332\\\/ stock.adobe.com&quot;,\n        &quot;title&quot;: &quot;Modern Medical Research Laboratory with Microscope and Test Tube&quot;,\n        &quot;width&quot;: 1250,\n        &quot;height&quot;: 700,\n        &quot;srcset&quot;: &quot;https:\\\/\\\/cms.zdv.uni-mainz.de\\\/studium\\\/wp-content\\\/uploads\\\/sites\\\/12\\\/2023\\\/02\\\/Biomedizinische-Chemie-BSc.jpeg 1250w, https:\\\/\\\/cms.zdv.uni-mainz.de\\\/studium\\\/wp-content\\\/uploads\\\/sites\\\/12\\\/2023\\\/02\\\/Biomedizinische-Chemie-BSc-300x168.jpeg 300w, https:\\\/\\\/cms.zdv.uni-mainz.de\\\/studium\\\/wp-content\\\/uploads\\\/sites\\\/12\\\/2023\\\/02\\\/Biomedizinische-Chemie-BSc-1024x573.jpeg 1024w, https:\\\/\\\/cms.zdv.uni-mainz.de\\\/studium\\\/wp-content\\\/uploads\\\/sites\\\/12\\\/2023\\\/02\\\/Biomedizinische-Chemie-BSc-768x430.jpeg 768w&quot;\n    },\n    &quot;link&quot;: {\n        &quot;url&quot;: &quot;https:\\\/\\\/www.studium.uni-mainz.de\\\/en\\\/choosing-your-degree-program\\\/courses-offered\\\/biomedical-chemistry-bsc\\\/&quot;,\n        &quot;linkTarget&quot;: &quot;_blank&quot;,\n        &quot;rel&quot;: &quot;noreferrer noopener&quot;\n    },\n    &quot;align&quot;: &quot;&quot;,\n    &quot;hasLightbox&quot;: false,\n    &quot;caption&quot;: &quot;&quot;,\n    &quot;imgWidth&quot;: 0\n}\" class=\"align-\">\n    \n<\/jgu-base-image><\/div>\n\n\n\n<div class=\"wp-block-column is-layout-flow wp-block-column-is-layout-flow\"><jgu-base-alertbox react-props=\"{\n    &quot;headline&quot;: &quot;&lt;strong&gt;Links&lt;\\\/strong&gt;&quot;,\n    &quot;subline&quot;: &quot;&lt;br&gt;&lt;a href=\\&quot;https:\\\/\\\/www.youtube.com\\\/watch?v=1FtG172VM1w\\&quot; target=\\&quot;_blank\\&quot; rel=\\&quot;noreferrer noopener\\&quot;&gt;Quick Check \\u201cBiomedizinische Chemie\\u201d (\\&quot;Biomedical Chemistry\\&quot;) by CampusTV Mainz&lt;\\\/a&gt;&lt;br&gt;&lt;a href=\\&quot;https:\\\/\\\/www.studium.uni-mainz.de\\\/en\\\/choosing-your-degree-program\\\/courses-offered\\\/biomedical-chemistry-bsc\\\/\\&quot;&gt;Biomedical Chemistry degree description&lt;\\\/a&gt;&lt;br&gt;&lt;a href=\\&quot;https:\\\/\\\/www.youtube.com\\\/channel\\\/UCyHDQ5C6z1NDmJ4g6SerW8g\\&quot; target=\\&quot;_blank\\&quot; rel=\\&quot;noreferrer noopener\\&quot;&gt;mailab YouTube channel&lt;\\\/a&gt;&quot;,\n    &quot;iconColor&quot;: &quot;red&quot;,\n    &quot;headlineColor&quot;: &quot;dark&quot;,\n    &quot;children&quot;: &quot;&quot;,\n    &quot;icon&quot;: &quot;&quot;,\n    &quot;iconOverHeadline&quot;: false,\n    &quot;isPreview&quot;: false\n}\">\n    \n<\/jgu-base-alertbox><\/div>\n<\/div>\n\n\n<\/jgu-base-accordionitem>\n\n<jgu-base-accordionitem react-props=\"{&quot;title&quot;:&quot;Episode 16: Was macht man in Jura?&quot;,&quot;init&quot;:false,&quot;slug&quot;:&quot;episode-16-was-macht-man-in-jura&quot;,&quot;align&quot;:&quot;wide&quot;,&quot;customSlug&quot;:false}\">\n    \n\n<p class=\"has-big-font-size\">Law is a degree course that somehow everyone has heard of. Student Felix explains what exactly it involves.<\/p>\n\n\n\n<div class=\"wp-block-columns is-layout-flex wp-container-core-columns-is-layout-9d6595d7 wp-block-columns-is-layout-flex\">\n<div class=\"wp-block-column is-layout-flow wp-block-column-is-layout-flow\"><jgu-base-image react-props=\"{\n    &quot;image&quot;: {\n        &quot;url&quot;: &quot;https:\\\/\\\/cms.zdv.uni-mainz.de\\\/studium\\\/wp-content\\\/uploads\\\/sites\\\/12\\\/2023\\\/02\\\/Rechtswissenschaft-StE.jpg&quot;,\n        &quot;id&quot;: 261,\n        &quot;credit&quot;: &quot;izzetugutmen\\\/ #78544902\\\/ stock.adobe.com&quot;,\n        &quot;title&quot;: &quot;justice&quot;,\n        &quot;width&quot;: 1250,\n        &quot;height&quot;: 700,\n        &quot;srcset&quot;: &quot;https:\\\/\\\/cms.zdv.uni-mainz.de\\\/studium\\\/wp-content\\\/uploads\\\/sites\\\/12\\\/2023\\\/02\\\/Rechtswissenschaft-StE.jpg 1250w, https:\\\/\\\/cms.zdv.uni-mainz.de\\\/studium\\\/wp-content\\\/uploads\\\/sites\\\/12\\\/2023\\\/02\\\/Rechtswissenschaft-StE-300x168.jpg 300w, https:\\\/\\\/cms.zdv.uni-mainz.de\\\/studium\\\/wp-content\\\/uploads\\\/sites\\\/12\\\/2023\\\/02\\\/Rechtswissenschaft-StE-1024x573.jpg 1024w, https:\\\/\\\/cms.zdv.uni-mainz.de\\\/studium\\\/wp-content\\\/uploads\\\/sites\\\/12\\\/2023\\\/02\\\/Rechtswissenschaft-StE-768x430.jpg 768w&quot;\n    },\n    &quot;link&quot;: {\n        &quot;url&quot;: &quot;https:\\\/\\\/www.studium.uni-mainz.de\\\/en\\\/choosing-your-degree-program\\\/courses-offered\\\/law-state-examination\\\/&quot;,\n        &quot;linkTarget&quot;: &quot;_blank&quot;,\n        &quot;rel&quot;: &quot;noreferrer noopener&quot;\n    },\n    &quot;align&quot;: &quot;&quot;,\n    &quot;hasLightbox&quot;: false,\n    &quot;caption&quot;: &quot;&quot;,\n    &quot;imgWidth&quot;: 0\n}\" class=\"align-\">\n    \n<\/jgu-base-image><\/div>\n\n\n\n<div class=\"wp-block-column is-layout-flow wp-block-column-is-layout-flow\"><jgu-base-alertbox react-props=\"{\n    &quot;headline&quot;: &quot;&lt;strong&gt;Links&lt;\\\/strong&gt;&quot;,\n    &quot;subline&quot;: &quot;&lt;br&gt;&lt;a href=\\&quot;https:\\\/\\\/studienwahl.de\\\/en\\\/study-opportunities\\\/law-social-sciences\\\/law-sciences\\&quot; target=\\&quot;_blank\\&quot; rel=\\&quot;noreferrer noopener\\&quot;&gt;Law on studienwahl.de&lt;\\\/a&gt;&lt;br&gt;&lt;a href=\\&quot;https:\\\/\\\/www.studium.uni-mainz.de\\\/en\\\/choosing-your-degree-program\\\/courses-offered\\\/law-state-examination\\\/\\&quot;&gt;Law degree description&lt;\\\/a&gt;&quot;,\n    &quot;iconColor&quot;: &quot;red&quot;,\n    &quot;headlineColor&quot;: &quot;dark&quot;,\n    &quot;children&quot;: &quot;&quot;,\n    &quot;icon&quot;: &quot;&quot;,\n    &quot;iconOverHeadline&quot;: false,\n    &quot;isPreview&quot;: false\n}\">\n    \n<\/jgu-base-alertbox><\/div>\n<\/div>\n\n\n<\/jgu-base-accordionitem>\n\n<jgu-base-accordionitem react-props=\"{&quot;title&quot;:&quot;Episode 15: Was macht man in Wirtschaftsp\\u00e4dagogik?&quot;,&quot;init&quot;:false,&quot;slug&quot;:&quot;episode-15-was-macht-man-in-wirtschaftspadagogik&quot;,&quot;align&quot;:&quot;wide&quot;,&quot;customSlug&quot;:false}\">\n    \n\n<p class=\"has-big-font-size\">Franziska and Julia ask Holger about his studies in Business Education. He talks about the content of this exciting combination and the wide range of career opportunities after graduation.<\/p>\n\n\n\n<div class=\"wp-block-columns is-layout-flex wp-container-core-columns-is-layout-9d6595d7 wp-block-columns-is-layout-flex\">\n<div class=\"wp-block-column is-layout-flow wp-block-column-is-layout-flow\"><jgu-base-image react-props=\"{\n    &quot;image&quot;: {\n        &quot;url&quot;: &quot;https:\\\/\\\/cms.zdv.uni-mainz.de\\\/studium\\\/wp-content\\\/uploads\\\/sites\\\/12\\\/2023\\\/02\\\/Wirtschaftspaedagogik-BSc.jpeg&quot;,\n        &quot;id&quot;: 1674,\n        &quot;caption&quot;: &quot;Close up diverse business people writing notes on stickers, attached to financial and marketing paper documents. Young employees managing working processes or preparing project results presentation.&quot;,\n        &quot;credit&quot;: &quot;fizkes\\\/ #382879605\\\/ stock.adobe.com&quot;,\n        &quot;title&quot;: &quot;Close up diverse business people writing notes on stickers.&quot;,\n        &quot;width&quot;: 1250,\n        &quot;height&quot;: 703,\n        &quot;srcset&quot;: &quot;https:\\\/\\\/cms.zdv.uni-mainz.de\\\/studium\\\/wp-content\\\/uploads\\\/sites\\\/12\\\/2023\\\/02\\\/Wirtschaftspaedagogik-BSc.jpeg 1250w, https:\\\/\\\/cms.zdv.uni-mainz.de\\\/studium\\\/wp-content\\\/uploads\\\/sites\\\/12\\\/2023\\\/02\\\/Wirtschaftspaedagogik-BSc-300x169.jpeg 300w, https:\\\/\\\/cms.zdv.uni-mainz.de\\\/studium\\\/wp-content\\\/uploads\\\/sites\\\/12\\\/2023\\\/02\\\/Wirtschaftspaedagogik-BSc-1024x576.jpeg 1024w, https:\\\/\\\/cms.zdv.uni-mainz.de\\\/studium\\\/wp-content\\\/uploads\\\/sites\\\/12\\\/2023\\\/02\\\/Wirtschaftspaedagogik-BSc-768x432.jpeg 768w&quot;\n    },\n    &quot;link&quot;: {\n        &quot;url&quot;: &quot;https:\\\/\\\/www.studium.uni-mainz.de\\\/en\\\/choosing-your-degree-program\\\/courses-offered\\\/business-education-bsc\\\/&quot;,\n        &quot;linkTarget&quot;: &quot;_blank&quot;,\n        &quot;rel&quot;: &quot;noreferrer noopener&quot;\n    },\n    &quot;align&quot;: &quot;&quot;,\n    &quot;hasLightbox&quot;: false,\n    &quot;caption&quot;: &quot;&quot;,\n    &quot;imgWidth&quot;: 0\n}\" class=\"align-\">\n    \n<\/jgu-base-image><\/div>\n\n\n\n<div class=\"wp-block-column is-layout-flow wp-block-column-is-layout-flow\"><jgu-base-alertbox react-props=\"{\n    &quot;headline&quot;: &quot;&lt;strong&gt;Links&lt;\\\/strong&gt;&quot;,\n    &quot;subline&quot;: &quot;&lt;br&gt;&lt;a href=\\&quot;https:\\\/\\\/www.hochschulkompass.de\\\/en\\\/study-in-germany.html\\&quot; target=\\&quot;_blank\\&quot; rel=\\&quot;noreferrer noopener\\&quot;&gt;Higher Education Compass&lt;\\\/a&gt;&lt;br&gt;&lt;a href=\\&quot;https:\\\/\\\/www.studium.uni-mainz.de\\\/en\\\/choosing-your-degree-program\\\/courses-offered\\\/business-education-bsc\\\/\\&quot;&gt;Business Education degree description&lt;\\\/a&gt;&lt;br&gt;&lt;a href=\\&quot;https:\\\/\\\/studienwahl.de\\\/en\\\/study-opportunities\\\/economic-sciences0\\&quot; target=\\&quot;_blank\\&quot; rel=\\&quot;noreferrer noopener\\&quot;&gt;Economics on studienwahl.de&lt;\\\/a&gt;&quot;,\n    &quot;iconColor&quot;: &quot;red&quot;,\n    &quot;headlineColor&quot;: &quot;dark&quot;,\n    &quot;children&quot;: &quot;&quot;,\n    &quot;icon&quot;: &quot;&quot;,\n    &quot;iconOverHeadline&quot;: false,\n    &quot;isPreview&quot;: false\n}\">\n    \n<\/jgu-base-alertbox><\/div>\n<\/div>\n\n\n<\/jgu-base-accordionitem>\n\n<jgu-base-accordionitem react-props=\"{&quot;title&quot;:&quot;Episode 14: Was macht man im Lehramt?&quot;,&quot;init&quot;:false,&quot;slug&quot;:&quot;episode-14-was-macht-man-im-lehramt&quot;,&quot;align&quot;:&quot;wide&quot;,&quot;customSlug&quot;:false}\">\n    \n\n<p class=\"has-big-font-size\">In this episode, student Marc talks about his studies to become a teacher at a German <i>Gymnasium<\/i> (secondary school). Franziska and Julia chat to him about how this degree program is structured, how you prepare to be a teacher, and what the career prospects are.<\/p>\n\n\n\n<div class=\"wp-block-columns is-layout-flex wp-container-core-columns-is-layout-9d6595d7 wp-block-columns-is-layout-flex\">\n<div class=\"wp-block-column is-layout-flow wp-block-column-is-layout-flow\"><jgu-base-image react-props=\"{\n    &quot;image&quot;: {\n        &quot;url&quot;: &quot;https:\\\/\\\/cms.zdv.uni-mainz.de\\\/studium\\\/wp-content\\\/uploads\\\/sites\\\/12\\\/2023\\\/10\\\/Bildungswissenschaften-BEd.jpg&quot;,\n        &quot;id&quot;: 29669,\n        &quot;alt&quot;: &quot;Mehrere St\\u00fchle stehen in einem Klassenraum in der Schule auf den Tischen. Im Hintergrund ist eine zusammengeklappte Kreidetafel zu sehen,&quot;,\n        &quot;credit&quot;: &quot;Corri Seizinger\\\/ #363151356\\\/ stock.adobe.com&quot;,\n        &quot;description&quot;: &quot;Mehrere St\\u00fchle stehen in einem Klassenraum in der Schule auf den Tischen. Im Hintergrund ist eine zusammengeklappte Kreidetafel zu sehen,&quot;,\n        &quot;title&quot;: &quot;Bildungswissenschaften-BEd&quot;,\n        &quot;width&quot;: 1250,\n        &quot;height&quot;: 700,\n        &quot;srcset&quot;: &quot;https:\\\/\\\/cms.zdv.uni-mainz.de\\\/studium\\\/wp-content\\\/uploads\\\/sites\\\/12\\\/2023\\\/10\\\/Bildungswissenschaften-BEd.jpg 1250w, https:\\\/\\\/cms.zdv.uni-mainz.de\\\/studium\\\/wp-content\\\/uploads\\\/sites\\\/12\\\/2023\\\/10\\\/Bildungswissenschaften-BEd-300x168.jpg 300w, https:\\\/\\\/cms.zdv.uni-mainz.de\\\/studium\\\/wp-content\\\/uploads\\\/sites\\\/12\\\/2023\\\/10\\\/Bildungswissenschaften-BEd-1024x573.jpg 1024w, https:\\\/\\\/cms.zdv.uni-mainz.de\\\/studium\\\/wp-content\\\/uploads\\\/sites\\\/12\\\/2023\\\/10\\\/Bildungswissenschaften-BEd-768x430.jpg 768w&quot;\n    },\n    &quot;align&quot;: &quot;&quot;,\n    &quot;hasLightbox&quot;: false,\n    &quot;caption&quot;: &quot;&quot;,\n    &quot;imgWidth&quot;: 0,\n    &quot;link&quot;: {\n        &quot;url&quot;: &quot;&quot;,\n        &quot;target&quot;: &quot;&quot;,\n        &quot;rel&quot;: &quot;&quot;\n    }\n}\" class=\"align-\">\n    \n<\/jgu-base-image><\/div>\n\n\n\n<div class=\"wp-block-column is-layout-flow wp-block-column-is-layout-flow\"><jgu-base-alertbox react-props=\"{\n    &quot;headline&quot;: &quot;&lt;strong&gt;Links&lt;\\\/strong&gt;&quot;,\n    &quot;subline&quot;: &quot;&lt;br&gt;&lt;a href=\\&quot;https:\\\/\\\/www.hochschulkompass.de\\\/en\\\/study-in-germany.html\\&quot; target=\\&quot;_blank\\&quot; rel=\\&quot;noreferrer noopener\\&quot;&gt;Higher Education Compass&lt;\\\/a&gt;&lt;br&gt;&lt;a href=\\&quot;https:\\\/\\\/www.studium.uni-mainz.de\\\/en\\\/choosing-your-degree-program\\\/study-orientation\\\/taster-days\\\/\\&quot;&gt;Taster days at JGU&lt;\\\/a&gt;&lt;br&gt;&lt;a href=\\&quot;https:\\\/\\\/studienwahl.de\\\/studiengaenge-studienfelder\\\/lehraemter\\&quot; target=\\&quot;_blank\\&quot; rel=\\&quot;noreferrer noopener\\&quot;&gt;Teacher Education Programs on studienwahl.de&lt;\\\/a&gt;&lt;br&gt;&lt;a href=\\&quot;https:\\\/\\\/www.career.uni-mainz.de\\\/fuer-studierende-und-absolvent-innen\\\/veranstaltungen\\\/\\&quot; target=\\&quot;_blank\\&quot; rel=\\&quot;noreferrer noopener\\&quot;&gt;Workshop: Alternative Professions with a Teacher Education Degree&lt;\\\/a&gt;&quot;,\n    &quot;iconColor&quot;: &quot;red&quot;,\n    &quot;headlineColor&quot;: &quot;dark&quot;,\n    &quot;children&quot;: &quot;&quot;,\n    &quot;icon&quot;: &quot;&quot;,\n    &quot;iconOverHeadline&quot;: false,\n    &quot;isPreview&quot;: false\n}\">\n    \n<\/jgu-base-alertbox><\/div>\n<\/div>\n\n\n<\/jgu-base-accordionitem>\n\n<jgu-base-accordionitem react-props=\"{&quot;title&quot;:&quot;Episode 13: Was macht man in Psychologie?&quot;,&quot;init&quot;:false,&quot;slug&quot;:&quot;episode-13-was-macht-man-in-psychologie&quot;,&quot;align&quot;:&quot;wide&quot;,&quot;customSlug&quot;:false}\">\n    \n\n<p class=\"has-big-font-size\">This episode is about studying Psychology. What exactly are you going to deal with there? What can you do after graduation? And what are the chances of getting a spot at the university? Franziska and Julia talk about these and other questions with Beate Lipps, psychologist and head of the Student Advisory Center at Mainz University.<\/p>\n\n\n\n<div class=\"wp-block-columns is-layout-flex wp-container-core-columns-is-layout-9d6595d7 wp-block-columns-is-layout-flex\">\n<div class=\"wp-block-column is-layout-flow wp-block-column-is-layout-flow\"><jgu-base-image react-props=\"{\n    &quot;image&quot;: {\n        &quot;url&quot;: &quot;https:\\\/\\\/cms.zdv.uni-mainz.de\\\/studium\\\/wp-content\\\/uploads\\\/sites\\\/12\\\/2023\\\/02\\\/Psychologische-Psychotherapie.jpg&quot;,\n        &quot;id&quot;: 255,\n        &quot;caption&quot;: &quot;Schizophrenia psychiatric disease and mental disorder as a psychiatry and psychology concept for human abnormal personality behavior and mood illness in a 3D illustration style.&quot;,\n        &quot;credit&quot;: &quot;freshidea\\\/ #294978260\\\/ stock.adobe.com&quot;,\n        &quot;title&quot;: &quot;Schizophrenia Mental Disorder&quot;,\n        &quot;width&quot;: 1250,\n        &quot;height&quot;: 700,\n        &quot;srcset&quot;: &quot;https:\\\/\\\/cms.zdv.uni-mainz.de\\\/studium\\\/wp-content\\\/uploads\\\/sites\\\/12\\\/2023\\\/02\\\/Psychologische-Psychotherapie.jpg 1250w, https:\\\/\\\/cms.zdv.uni-mainz.de\\\/studium\\\/wp-content\\\/uploads\\\/sites\\\/12\\\/2023\\\/02\\\/Psychologische-Psychotherapie-300x168.jpg 300w, https:\\\/\\\/cms.zdv.uni-mainz.de\\\/studium\\\/wp-content\\\/uploads\\\/sites\\\/12\\\/2023\\\/02\\\/Psychologische-Psychotherapie-1024x573.jpg 1024w, https:\\\/\\\/cms.zdv.uni-mainz.de\\\/studium\\\/wp-content\\\/uploads\\\/sites\\\/12\\\/2023\\\/02\\\/Psychologische-Psychotherapie-768x430.jpg 768w&quot;\n    },\n    &quot;link&quot;: {\n        &quot;url&quot;: &quot;https:\\\/\\\/www.studium.uni-mainz.de\\\/en\\\/choosing-your-degree-program\\\/courses-offered\\\/psychology-psychotherapy-bsc\\\/&quot;,\n        &quot;linkTarget&quot;: &quot;_blank&quot;,\n        &quot;rel&quot;: &quot;noreferrer noopener&quot;\n    },\n    &quot;align&quot;: &quot;&quot;,\n    &quot;hasLightbox&quot;: false,\n    &quot;caption&quot;: &quot;&quot;,\n    &quot;imgWidth&quot;: 0\n}\" class=\"align-\">\n    \n<\/jgu-base-image><\/div>\n\n\n\n<div class=\"wp-block-column is-layout-flow wp-block-column-is-layout-flow\"><jgu-base-alertbox react-props=\"{\n    &quot;headline&quot;: &quot;&lt;strong&gt;Links&lt;\\\/strong&gt;&quot;,\n    &quot;subline&quot;: &quot;&lt;br&gt;&lt;a href=\\&quot;https:\\\/\\\/www.studium.uni-mainz.de\\\/en\\\/choosing-your-degree-program\\\/courses-offered\\\/psychology-psychotherapy-bsc\\\/\\&quot;&gt;Psychology &amp;amp; Psychotherapy degree description&lt;\\\/a&gt;&lt;br&gt;&lt;a href=\\&quot;https:\\\/\\\/www.hochschulkompass.de\\\/en\\\/study-in-germany.html\\&quot; target=\\&quot;_blank\\&quot; rel=\\&quot;noreferrer noopener\\&quot;&gt;Higher Education Compass&lt;\\\/a&gt;&lt;br&gt;&lt;a href=\\&quot;https:\\\/\\\/hochschulstart.de\\\/startseite\\&quot; target=\\&quot;_blank\\&quot; rel=\\&quot;noreferrer noopener\\&quot;&gt;Hochschulstart&lt;\\\/a&gt;&lt;br&gt;&lt;a href=\\&quot;https:\\\/\\\/www.daad.de\\\/en\\\/\\&quot; target=\\&quot;_blank\\&quot; rel=\\&quot;noreferrer noopener\\&quot;&gt;German Academic Exchange Service (DAAD)&lt;\\\/a&gt;&lt;br&gt;&lt;a href=\\&quot;https:\\\/\\\/www.studium.uni-mainz.de\\\/en\\\/choosing-your-degree-program\\\/study-orientation\\\/taster-days\\\/\\&quot;&gt;Taster days at JGU&lt;\\\/a&gt;&lt;br&gt;&lt;a href=\\&quot;https:\\\/\\\/studienwahl.de\\\/en\\\/study-opportunities\\\/medical-health-sciences-psychology-sports\\\/psychology\\&quot; target=\\&quot;_blank\\&quot; rel=\\&quot;noreferrer noopener\\&quot;&gt;General information on the subject of Psychology&lt;\\\/a&gt;&lt;br&gt;&lt;a href=\\&quot;https:\\\/\\\/www.osa-portal.de\\\/\\&quot; target=\\&quot;_blank\\&quot; rel=\\&quot;noreferrer noopener\\&quot;&gt;Online self-assessments for study orientation&lt;\\\/a&gt;&quot;,\n    &quot;iconColor&quot;: &quot;red&quot;,\n    &quot;headlineColor&quot;: &quot;dark&quot;,\n    &quot;children&quot;: &quot;&quot;,\n    &quot;icon&quot;: &quot;&quot;,\n    &quot;iconOverHeadline&quot;: false,\n    &quot;isPreview&quot;: false\n}\">\n    \n<\/jgu-base-alertbox><\/div>\n<\/div>\n\n\n<\/jgu-base-accordionitem>\n\n<jgu-base-accordionitem react-props=\"{&quot;title&quot;:&quot;Episode 12: Wie finanziere ich mein Studium?&quot;,&quot;init&quot;:false,&quot;slug&quot;:&quot;episode-12-wie-finanziere-ich-mein-studium&quot;,&quot;align&quot;:&quot;wide&quot;,&quot;customSlug&quot;:false}\">\n    \n\n<p class=\"has-big-font-size\">For many people, starting a degree course also means moving out, discovering a new city, standing on your own two feet. Some are financially supported by their parents, while others need to become partially or fully self-sufficient. Whatever your situation, sooner or later the question will arise: What costs will I incur during my studies? And how can I finance my studies? In this episode, Franziska and Julia talk about the costs of studying and about BAf\u00f6G, scholarships and more.<\/p>\n\n\n\n<div class=\"wp-block-columns is-layout-flex wp-container-core-columns-is-layout-9d6595d7 wp-block-columns-is-layout-flex\">\n<div class=\"wp-block-column is-layout-flow wp-block-column-is-layout-flow\"><jgu-base-image react-props=\"{\n    &quot;image&quot;: {\n        &quot;url&quot;: &quot;https:\\\/\\\/cms.zdv.uni-mainz.de\\\/studium\\\/wp-content\\\/uploads\\\/sites\\\/12\\\/2023\\\/09\\\/Beratung.png&quot;,\n        &quot;id&quot;: 27580,\n        &quot;alt&quot;: &quot;Illustration im Flat-Design von zwei Studierenden, die sich unterhalten, \\u00fcber ihnen eine Sprechblase mit Frage - und eine mit Ausrufezeichen&quot;,\n        &quot;credit&quot;: &quot;\\u00a9 Rebekka Sch\\u00f6nefu\\u00df Grafikdesign\\\/Illustration&quot;,\n        &quot;title&quot;: &quot;Beratung&quot;,\n        &quot;width&quot;: 896,\n        &quot;height&quot;: 550,\n        &quot;srcset&quot;: &quot;https:\\\/\\\/cms.zdv.uni-mainz.de\\\/studium\\\/wp-content\\\/uploads\\\/sites\\\/12\\\/2023\\\/09\\\/Beratung.png 896w, https:\\\/\\\/cms.zdv.uni-mainz.de\\\/studium\\\/wp-content\\\/uploads\\\/sites\\\/12\\\/2023\\\/09\\\/Beratung-300x184.png 300w, https:\\\/\\\/cms.zdv.uni-mainz.de\\\/studium\\\/wp-content\\\/uploads\\\/sites\\\/12\\\/2023\\\/09\\\/Beratung-768x471.png 768w&quot;\n    },\n    &quot;align&quot;: &quot;&quot;,\n    &quot;hasLightbox&quot;: false,\n    &quot;caption&quot;: &quot;&quot;,\n    &quot;imgWidth&quot;: 0,\n    &quot;link&quot;: {\n        &quot;url&quot;: &quot;&quot;,\n        &quot;target&quot;: &quot;&quot;,\n        &quot;rel&quot;: &quot;&quot;\n    }\n}\" class=\"align-\">\n    \n<\/jgu-base-image><\/div>\n\n\n\n<div class=\"wp-block-column is-layout-flow wp-block-column-is-layout-flow\"><jgu-base-alertbox react-props=\"{\n    &quot;headline&quot;: &quot;&lt;strong&gt;Links&lt;\\\/strong&gt;&quot;,\n    &quot;subline&quot;: &quot;&lt;br&gt;&lt;a href=\\&quot;https:\\\/\\\/www.studierendenwerke.de\\\/en\\\/topics\\\/studienfinanzierung\\&quot; target=\\&quot;_blank\\&quot; rel=\\&quot;noreferrer noopener\\&quot;&gt;&lt;i&gt;Deutsches Studierendenwerk&lt;\\\/i&gt; on the topic of financing your studies&lt;\\\/a&gt;&lt;br&gt;&lt;a href=\\&quot;https:\\\/\\\/www.studium.uni-mainz.de\\\/en\\\/during-your-studies\\\/organizing-your-studies\\\/financing-your-studies\\\/\\&quot;&gt;Financing your studies&lt;\\\/a&gt;&lt;br&gt;&lt;a href=\\&quot;https:\\\/\\\/www.xn--bafg-7qa.de\\\/\\&quot; target=\\&quot;_blank\\&quot; rel=\\&quot;noreferrer noopener\\&quot;&gt;BAF\\u00f6G&lt;\\\/a&gt;&lt;br&gt;&lt;a href=\\&quot;https:\\\/\\\/www.stipendiumplus.de\\\/en\\\/dein-plus\\\/stipendiumplus-who-we-are.html\\&quot; target=\\&quot;_blank\\&quot; rel=\\&quot;noreferrer noopener\\&quot;&gt;&lt;i&gt;Stipendium plus&lt;\\\/i&gt; scholarships&lt;\\\/a&gt;&lt;br&gt;The \\u201cScholarship Guide\\u201d has been discontinued. Further research options can be found on the following \\u201cAptitude Guide\\u201d &lt;a href=\\&quot;https:\\\/\\\/www.begabungslotse.de\\\/themen\\\/stipendium\\\/suchmaschinen-fuer-stipendien\\&quot; data-type=\\&quot;link\\&quot; data-id=\\&quot;https:\\\/\\\/www.begabungslotse.de\\\/themen\\\/stipendium\\\/suchmaschinen-fuer-stipendien\\&quot; target=\\&quot;_blank\\&quot; rel=\\&quot;noreferrer noopener\\&quot;&gt;webpage&lt;\\\/a&gt;&quot;,\n    &quot;iconColor&quot;: &quot;red&quot;,\n    &quot;headlineColor&quot;: &quot;dark&quot;,\n    &quot;children&quot;: &quot;&quot;,\n    &quot;icon&quot;: &quot;&quot;,\n    &quot;iconOverHeadline&quot;: false,\n    &quot;isPreview&quot;: false\n}\">\n    \n<\/jgu-base-alertbox><\/div>\n<\/div>\n\n\n<\/jgu-base-accordionitem>\n\n<jgu-base-accordionitem react-props=\"{&quot;title&quot;:&quot;Episode 11: Wie lebe ich mich an der Uni ein?&quot;,&quot;init&quot;:false,&quot;slug&quot;:&quot;episode-11-wie-lebe-ich-mich-an-der-uni-ein&quot;,&quot;align&quot;:&quot;wide&quot;,&quot;customSlug&quot;:false}\">\n    \n\n<p class=\"has-big-font-size\">When you start your studies, you enter a completely new phase of your life. Many of you are moving to a new city, you have to find a new apartment, your old friends are suddenly spread all over the country. What does student life actually look like? How does one get to know people or find an apartment? What\u2019s the best way to get settled into this new phase of life? That&#8217;s what we&#8217;re talking about today with <a href=\"https:\/\/www.studium.uni-mainz.de\/en\/choosing-your-degree-program\/study-orientation-2\/student-ambassadors\/\">student ambassador<\/a> Jenny.<\/p>\n\n\n\n<div class=\"wp-block-columns is-layout-flex wp-container-core-columns-is-layout-9d6595d7 wp-block-columns-is-layout-flex\">\n<div class=\"wp-block-column is-layout-flow wp-block-column-is-layout-flow\"><jgu-base-image react-props=\"{\n    &quot;image&quot;: {\n        &quot;url&quot;: &quot;https:\\\/\\\/cms.zdv.uni-mainz.de\\\/studium\\\/wp-content\\\/uploads\\\/sites\\\/12\\\/2023\\\/10\\\/Studienbotschafter_Schule-des-Sehens_bearbeitet-1-scaled.jpg&quot;,\n        &quot;id&quot;: 38105,\n        &quot;credit&quot;: &quot;\\u00a9 Annabelle Sch\\u00fclein | ZSB&quot;,\n        &quot;title&quot;: &quot;Studienbotschafter_Schule-des-Sehens_bearbeitet-1&quot;,\n        &quot;width&quot;: 2560,\n        &quot;height&quot;: 1493,\n        &quot;srcset&quot;: &quot;https:\\\/\\\/cms.zdv.uni-mainz.de\\\/studium\\\/wp-content\\\/uploads\\\/sites\\\/12\\\/2023\\\/10\\\/Studienbotschafter_Schule-des-Sehens_bearbeitet-1-scaled.jpg 2560w, https:\\\/\\\/cms.zdv.uni-mainz.de\\\/studium\\\/wp-content\\\/uploads\\\/sites\\\/12\\\/2023\\\/10\\\/Studienbotschafter_Schule-des-Sehens_bearbeitet-1-300x175.jpg 300w, https:\\\/\\\/cms.zdv.uni-mainz.de\\\/studium\\\/wp-content\\\/uploads\\\/sites\\\/12\\\/2023\\\/10\\\/Studienbotschafter_Schule-des-Sehens_bearbeitet-1-1024x597.jpg 1024w, https:\\\/\\\/cms.zdv.uni-mainz.de\\\/studium\\\/wp-content\\\/uploads\\\/sites\\\/12\\\/2023\\\/10\\\/Studienbotschafter_Schule-des-Sehens_bearbeitet-1-768x448.jpg 768w, https:\\\/\\\/cms.zdv.uni-mainz.de\\\/studium\\\/wp-content\\\/uploads\\\/sites\\\/12\\\/2023\\\/10\\\/Studienbotschafter_Schule-des-Sehens_bearbeitet-1-1536x896.jpg 1536w, https:\\\/\\\/cms.zdv.uni-mainz.de\\\/studium\\\/wp-content\\\/uploads\\\/sites\\\/12\\\/2023\\\/10\\\/Studienbotschafter_Schule-des-Sehens_bearbeitet-1-2048x1195.jpg 2048w&quot;\n    },\n    &quot;align&quot;: &quot;&quot;,\n    &quot;hasLightbox&quot;: false,\n    &quot;caption&quot;: &quot;&quot;,\n    &quot;imgWidth&quot;: 0,\n    &quot;link&quot;: {\n        &quot;url&quot;: &quot;&quot;,\n        &quot;target&quot;: &quot;&quot;,\n        &quot;rel&quot;: &quot;&quot;\n    }\n}\" class=\"align-\">\n    \n<\/jgu-base-image><\/div>\n\n\n\n<div class=\"wp-block-column is-layout-flow wp-block-column-is-layout-flow\"><jgu-base-alertbox react-props=\"{\n    &quot;headline&quot;: &quot;&lt;strong&gt;Links&lt;\\\/strong&gt;&quot;,\n    &quot;subline&quot;: &quot;&lt;br&gt;&lt;a href=\\&quot;https:\\\/\\\/www.studium.uni-mainz.de\\\/en\\\/starting-your-studies\\\/student-life\\\/\\&quot;&gt;Student life&lt;\\\/a&gt;&lt;br&gt;&lt;a href=\\&quot;https:\\\/\\\/www.studierendenwerk-mainz.de\\\/en\\\/wohnen\\&quot; target=\\&quot;_blank\\&quot; rel=\\&quot;noreferrer noopener\\&quot;&gt;Living in Mainz&lt;\\\/a&gt;&lt;br&gt;&lt;a href=\\&quot;https:\\\/\\\/asta.uni-mainz.de\\\/service\\\/hochschulgruppen\\\/\\&quot; target=\\&quot;_blank\\&quot; rel=\\&quot;noreferrer noopener\\&quot;&gt;University Clubs&lt;\\\/a&gt;&quot;,\n    &quot;iconColor&quot;: &quot;red&quot;,\n    &quot;headlineColor&quot;: &quot;dark&quot;,\n    &quot;children&quot;: &quot;&quot;,\n    &quot;icon&quot;: &quot;&quot;,\n    &quot;iconOverHeadline&quot;: false,\n    &quot;isPreview&quot;: false\n}\">\n    \n<\/jgu-base-alertbox><\/div>\n<\/div>\n\n\n<\/jgu-base-accordionitem>\n\n<jgu-base-accordionitem react-props=\"{&quot;title&quot;:&quot;Episode 10: Wie laufen die ersten Tage an der Uni ab?&quot;,&quot;init&quot;:false,&quot;slug&quot;:&quot;episode-10-wie-laufen-die-ersten-tage-an-der-uni-ab&quot;,&quot;align&quot;:&quot;wide&quot;,&quot;customSlug&quot;:false}\">\n    \n\n<p class=\"has-big-font-size\">At university, seemingly everything is different from school. How do I find my way around in the first few days? Do I get support or do I have to find everything myself? In this episode, Franziska and Julia talk to <a href=\"https:\/\/www.studium.uni-mainz.de\/en\/choosing-your-degree-program\/study-orientation-2\/student-ambassadors\/\">student ambassador<\/a> Pascal. Pascal talks about what the first days at university are like and what he noticed was the greatest difference between school and university.<\/p>\n\n\n\n<div class=\"wp-block-columns is-layout-flex wp-container-core-columns-is-layout-9d6595d7 wp-block-columns-is-layout-flex\">\n<div class=\"wp-block-column is-layout-flow wp-block-column-is-layout-flow\"><jgu-base-image react-props=\"{\n    &quot;image&quot;: {\n        &quot;url&quot;: &quot;https:\\\/\\\/cms.zdv.uni-mainz.de\\\/studium\\\/wp-content\\\/uploads\\\/sites\\\/12\\\/2024\\\/08\\\/Studienbeginn.jpg&quot;,\n        &quot;id&quot;: 134958,\n        &quot;caption&quot;: &quot;JGU Tag der offenen Universit\\u00e4t 05.07.2023 Foto: Stefan S\\u00e4mmer&quot;,\n        &quot;credit&quot;: &quot;\\u00a9 Stefan S\\u00e4mmer | JGU&quot;,\n        &quot;title&quot;: &quot;JGU Tag der offenen Universit\\u00e4t 05.07.2023 Foto: Stefan S\\u00e4mmer&quot;,\n        &quot;width&quot;: 1250,\n        &quot;height&quot;: 700,\n        &quot;srcset&quot;: &quot;https:\\\/\\\/cms.zdv.uni-mainz.de\\\/studium\\\/wp-content\\\/uploads\\\/sites\\\/12\\\/2024\\\/08\\\/Studienbeginn.jpg 1250w, https:\\\/\\\/cms.zdv.uni-mainz.de\\\/studium\\\/wp-content\\\/uploads\\\/sites\\\/12\\\/2024\\\/08\\\/Studienbeginn-300x168.jpg 300w, https:\\\/\\\/cms.zdv.uni-mainz.de\\\/studium\\\/wp-content\\\/uploads\\\/sites\\\/12\\\/2024\\\/08\\\/Studienbeginn-1024x573.jpg 1024w, https:\\\/\\\/cms.zdv.uni-mainz.de\\\/studium\\\/wp-content\\\/uploads\\\/sites\\\/12\\\/2024\\\/08\\\/Studienbeginn-768x430.jpg 768w&quot;\n    },\n    &quot;align&quot;: &quot;&quot;,\n    &quot;hasLightbox&quot;: false,\n    &quot;caption&quot;: &quot;&quot;,\n    &quot;imgWidth&quot;: 0,\n    &quot;link&quot;: {\n        &quot;url&quot;: &quot;&quot;,\n        &quot;target&quot;: &quot;&quot;,\n        &quot;rel&quot;: &quot;&quot;\n    }\n}\" class=\"align-\">\n    \n<\/jgu-base-image><\/div>\n\n\n\n<div class=\"wp-block-column is-layout-flow wp-block-column-is-layout-flow\"><jgu-base-alertbox react-props=\"{\n    &quot;headline&quot;: &quot;&lt;strong&gt;Links&lt;\\\/strong&gt;&quot;,\n    &quot;subline&quot;: &quot;&lt;br&gt;&lt;a href=\\&quot;https:\\\/\\\/www.studium.uni-mainz.de\\\/en\\\/starting-your-studies\\\/student-life\\\/\\&quot;&gt;Student life&lt;\\\/a&gt;&lt;br&gt;&lt;a href=\\&quot;https:\\\/\\\/www.studium.uni-mainz.de\\\/en\\\/choosing-your-degree-program\\\/study-orientation-2\\\/student-ambassadors\\\/\\&quot;&gt;Student ambassadors&lt;\\\/a&gt;&quot;,\n    &quot;iconColor&quot;: &quot;red&quot;,\n    &quot;headlineColor&quot;: &quot;dark&quot;,\n    &quot;children&quot;: &quot;&quot;,\n    &quot;icon&quot;: &quot;&quot;,\n    &quot;iconOverHeadline&quot;: false,\n    &quot;isPreview&quot;: false\n}\">\n    \n<\/jgu-base-alertbox><\/div>\n<\/div>\n\n\n<\/jgu-base-accordionitem>\n\n<jgu-base-accordionitem react-props=\"{&quot;title&quot;:&quot;Episode 9: Wie treffe ich eine gute Entscheidung?&quot;,&quot;init&quot;:false,&quot;slug&quot;:&quot;episode-9-wie-treffe-ich-eine-gute-entscheidung&quot;,&quot;align&quot;:&quot;wide&quot;,&quot;customSlug&quot;:false}\">\n    \n\n<p class=\"has-big-font-size\">How do you actually make a good decision? Should you listen to your head or your gut? And if you make the wrong decision now, will it affect the rest of your life? In this episode, Franziska and Julia tell you how to make a good, reasoned decision and what will help you to do so.<audio><\/audio><\/p>\n\n\n\n<div class=\"wp-block-columns is-layout-flex wp-container-core-columns-is-layout-9d6595d7 wp-block-columns-is-layout-flex\">\n<div class=\"wp-block-column is-layout-flow wp-block-column-is-layout-flow\"><jgu-base-image react-props=\"{\n    &quot;image&quot;: {\n        &quot;url&quot;: &quot;https:\\\/\\\/cms.zdv.uni-mainz.de\\\/studium\\\/wp-content\\\/uploads\\\/sites\\\/12\\\/2024\\\/08\\\/Apfel.jpg&quot;,\n        &quot;id&quot;: 131682,\n        &quot;credit&quot;: &quot;Fotolia&quot;,\n        &quot;title&quot;: &quot;Apples background&quot;,\n        &quot;width&quot;: 2472,\n        &quot;height&quot;: 1497,\n        &quot;srcset&quot;: &quot;https:\\\/\\\/cms.zdv.uni-mainz.de\\\/studium\\\/wp-content\\\/uploads\\\/sites\\\/12\\\/2024\\\/08\\\/Apfel.jpg 2472w, https:\\\/\\\/cms.zdv.uni-mainz.de\\\/studium\\\/wp-content\\\/uploads\\\/sites\\\/12\\\/2024\\\/08\\\/Apfel-300x182.jpg 300w, https:\\\/\\\/cms.zdv.uni-mainz.de\\\/studium\\\/wp-content\\\/uploads\\\/sites\\\/12\\\/2024\\\/08\\\/Apfel-1024x620.jpg 1024w, https:\\\/\\\/cms.zdv.uni-mainz.de\\\/studium\\\/wp-content\\\/uploads\\\/sites\\\/12\\\/2024\\\/08\\\/Apfel-768x465.jpg 768w, https:\\\/\\\/cms.zdv.uni-mainz.de\\\/studium\\\/wp-content\\\/uploads\\\/sites\\\/12\\\/2024\\\/08\\\/Apfel-1536x930.jpg 1536w, https:\\\/\\\/cms.zdv.uni-mainz.de\\\/studium\\\/wp-content\\\/uploads\\\/sites\\\/12\\\/2024\\\/08\\\/Apfel-2048x1240.jpg 2048w&quot;\n    },\n    &quot;align&quot;: &quot;&quot;,\n    &quot;hasLightbox&quot;: false,\n    &quot;caption&quot;: &quot;&quot;,\n    &quot;imgWidth&quot;: 0,\n    &quot;link&quot;: {\n        &quot;url&quot;: &quot;&quot;,\n        &quot;target&quot;: &quot;&quot;,\n        &quot;rel&quot;: &quot;&quot;\n    }\n}\" class=\"align-\">\n    \n<\/jgu-base-image><\/div>\n\n\n\n<div class=\"wp-block-column is-layout-flow wp-block-column-is-layout-flow\"><jgu-base-alertbox react-props=\"{\n    &quot;headline&quot;: &quot;&lt;strong&gt;Links&lt;\\\/strong&gt;&quot;,\n    &quot;subline&quot;: &quot;&lt;br&gt;&quot;,\n    &quot;iconColor&quot;: &quot;red&quot;,\n    &quot;headlineColor&quot;: &quot;dark&quot;,\n    &quot;children&quot;: &quot;&quot;,\n    &quot;icon&quot;: &quot;&quot;,\n    &quot;iconOverHeadline&quot;: false,\n    &quot;isPreview&quot;: false\n}\">\n    \n<\/jgu-base-alertbox><\/div>\n<\/div>\n\n\n<\/jgu-base-accordionitem>\n\n<jgu-base-accordionitem react-props=\"{&quot;title&quot;:&quot;Episode 8: Wie steuern meine Werte meine Studienwahl?&quot;,&quot;init&quot;:false,&quot;slug&quot;:&quot;episode-8-wie-steuern-meine-werte-meine-studienwahl&quot;,&quot;align&quot;:&quot;wide&quot;,&quot;customSlug&quot;:false}\">\n    \n\n<p class=\"has-big-font-size\">Have you ever thought about your values? It\u2019s not something you think about all the time. What are values anyway? And why should I be concerned about them when choosing a degree program? In this episode, Franziska and Julia want to take a look at this often neglected topic with you, because it is very important not only for your choice of degree program, but for any decision that steers your life in a new direction.<\/p>\n\n\n\n<div class=\"wp-block-columns is-layout-flex wp-container-core-columns-is-layout-9d6595d7 wp-block-columns-is-layout-flex\">\n<div class=\"wp-block-column is-layout-flow wp-block-column-is-layout-flow\"><jgu-base-image react-props=\"{\n    &quot;image&quot;: {\n        &quot;url&quot;: &quot;https:\\\/\\\/cms.zdv.uni-mainz.de\\\/studium\\\/wp-content\\\/uploads\\\/sites\\\/12\\\/2024\\\/07\\\/Philosophie-MEd.jpeg&quot;,\n        &quot;id&quot;: 129061,\n        &quot;caption&quot;: &quot;Werte, Gesellschaft, Ethik, Leitbild, Haltung, Deutschland, Wort, Moral, Tugend, Kompass, Wertekompass, Wertegesellschaft, Demokratie, Wertevermittlung, Nadel, Kompassnadel, BRD, Illustration, 3D, Symbol, Ideal, Text, Buchstaben, Hinweis, Symbolbild, Metapher, Grafik, Hintergrund, Vintage, symbolisch, retro, Symbolik&quot;,\n        &quot;credit&quot;: &quot;\\u00a9bluedesign\\\/stock.adobe.com&quot;,\n        &quot;title&quot;: &quot;Kompassnadel in Richtung Werte&quot;,\n        &quot;width&quot;: 1250,\n        &quot;height&quot;: 700,\n        &quot;srcset&quot;: &quot;https:\\\/\\\/cms.zdv.uni-mainz.de\\\/studium\\\/wp-content\\\/uploads\\\/sites\\\/12\\\/2024\\\/07\\\/Philosophie-MEd.jpeg 1250w, https:\\\/\\\/cms.zdv.uni-mainz.de\\\/studium\\\/wp-content\\\/uploads\\\/sites\\\/12\\\/2024\\\/07\\\/Philosophie-MEd-300x168.jpeg 300w, https:\\\/\\\/cms.zdv.uni-mainz.de\\\/studium\\\/wp-content\\\/uploads\\\/sites\\\/12\\\/2024\\\/07\\\/Philosophie-MEd-1024x573.jpeg 1024w, https:\\\/\\\/cms.zdv.uni-mainz.de\\\/studium\\\/wp-content\\\/uploads\\\/sites\\\/12\\\/2024\\\/07\\\/Philosophie-MEd-768x430.jpeg 768w&quot;\n    },\n    &quot;align&quot;: &quot;&quot;,\n    &quot;hasLightbox&quot;: false,\n    &quot;caption&quot;: &quot;&quot;,\n    &quot;imgWidth&quot;: 0,\n    &quot;link&quot;: {\n        &quot;url&quot;: &quot;&quot;,\n        &quot;target&quot;: &quot;&quot;,\n        &quot;rel&quot;: &quot;&quot;\n    }\n}\" class=\"align-\">\n    \n<\/jgu-base-image><\/div>\n\n\n\n<div class=\"wp-block-column is-layout-flow wp-block-column-is-layout-flow\"><jgu-base-alertbox react-props=\"{\n    &quot;headline&quot;: &quot;&lt;strong&gt;Links&lt;\\\/strong&gt;&quot;,\n    &quot;subline&quot;: &quot;&lt;br&gt;Recommended site: &lt;a href=\\&quot;https:\\\/\\\/einguterplan.de\\\/werte\\\/\\&quot; target=\\&quot;_blank\\&quot; rel=\\&quot;noreferrer noopener\\&quot;&gt;https:\\\/\\\/einguterplan.de\\\/werte\\\/&quot;,\n    &quot;iconColor&quot;: &quot;red&quot;,\n    &quot;headlineColor&quot;: &quot;dark&quot;,\n    &quot;children&quot;: &quot;&quot;,\n    &quot;icon&quot;: &quot;&quot;,\n    &quot;iconOverHeadline&quot;: false,\n    &quot;isPreview&quot;: false\n}\">\n    \n<\/jgu-base-alertbox><\/div>\n<\/div>\n\n\n<\/jgu-base-accordionitem>\n\n<jgu-base-accordionitem react-props=\"{&quot;title&quot;:&quot;Episode 7: Was kann ich nach meinem Studium werden?&quot;,&quot;init&quot;:false,&quot;slug&quot;:&quot;episode-7-was-kann-ich-nach-meinem-studium-werden&quot;,&quot;align&quot;:&quot;wide&quot;,&quot;customSlug&quot;:false}\">\n    \n\n<p class=\"has-big-font-size\">What can I actually become if I study a subject in the humanities? Can I only become a teacher if I have a teaching degree?<br>In this episode, Franziska and Julia, along with their colleague Magdalena from the Career Service, discuss what paths are open to them after graduation and how they can prepare for their careers while still studying.<\/p>\n\n\n\n<div class=\"wp-block-columns is-layout-flex wp-container-core-columns-is-layout-9d6595d7 wp-block-columns-is-layout-flex\">\n<div class=\"wp-block-column is-layout-flow wp-block-column-is-layout-flow\"><jgu-base-image react-props=\"{\n    &quot;image&quot;: {\n        &quot;url&quot;: &quot;https:\\\/\\\/cms.zdv.uni-mainz.de\\\/studium\\\/wp-content\\\/uploads\\\/sites\\\/12\\\/2023\\\/07\\\/AdobeStock_424365965-scaled.jpeg&quot;,\n        &quot;id&quot;: 10234,\n        &quot;alt&quot;: &quot;Promovierende schaut aus einer Gruppe heraus in die Kamera, die anderen Promovierenden sind unscharf&quot;,\n        &quot;caption&quot;: &quot;education, graduation and people concept - group of happy international students in mortar boards and bachelor gowns with diplomas&quot;,\n        &quot;credit&quot;: &quot;\\u00a9  .shock\\\/stock.adobe.com&quot;,\n        &quot;title&quot;: &quot;Group of diverse international graduating students celebrating&quot;,\n        &quot;width&quot;: 2560,\n        &quot;height&quot;: 1707,\n        &quot;srcset&quot;: &quot;https:\\\/\\\/cms.zdv.uni-mainz.de\\\/studium\\\/wp-content\\\/uploads\\\/sites\\\/12\\\/2023\\\/07\\\/AdobeStock_424365965-scaled.jpeg 2560w, https:\\\/\\\/cms.zdv.uni-mainz.de\\\/studium\\\/wp-content\\\/uploads\\\/sites\\\/12\\\/2023\\\/07\\\/AdobeStock_424365965-300x200.jpeg 300w, https:\\\/\\\/cms.zdv.uni-mainz.de\\\/studium\\\/wp-content\\\/uploads\\\/sites\\\/12\\\/2023\\\/07\\\/AdobeStock_424365965-1024x683.jpeg 1024w, https:\\\/\\\/cms.zdv.uni-mainz.de\\\/studium\\\/wp-content\\\/uploads\\\/sites\\\/12\\\/2023\\\/07\\\/AdobeStock_424365965-768x512.jpeg 768w, https:\\\/\\\/cms.zdv.uni-mainz.de\\\/studium\\\/wp-content\\\/uploads\\\/sites\\\/12\\\/2023\\\/07\\\/AdobeStock_424365965-1536x1024.jpeg 1536w, https:\\\/\\\/cms.zdv.uni-mainz.de\\\/studium\\\/wp-content\\\/uploads\\\/sites\\\/12\\\/2023\\\/07\\\/AdobeStock_424365965-2048x1365.jpeg 2048w&quot;\n    },\n    &quot;align&quot;: &quot;&quot;,\n    &quot;hasLightbox&quot;: false,\n    &quot;caption&quot;: &quot;&quot;,\n    &quot;imgWidth&quot;: 0,\n    &quot;link&quot;: {\n        &quot;url&quot;: &quot;&quot;,\n        &quot;target&quot;: &quot;&quot;,\n        &quot;rel&quot;: &quot;&quot;\n    }\n}\" class=\"align-\">\n    \n<\/jgu-base-image><\/div>\n\n\n\n<div class=\"wp-block-column is-layout-flow wp-block-column-is-layout-flow\"><jgu-base-alertbox react-props=\"{\n    &quot;headline&quot;: &quot;&lt;strong&gt;Links&lt;\\\/strong&gt;&quot;,\n    &quot;subline&quot;: &quot;&lt;br&gt;&lt;a href=\\&quot;https:\\\/\\\/www.whatchado.com\\\/de\\\/\\&quot; target=\\&quot;_blank\\&quot; rel=\\&quot;noreferrer noopener\\&quot;&gt;https:\\\/\\\/www.whatchado.com\\\/de\\\/&lt;\\\/a&gt;&quot;,\n    &quot;iconColor&quot;: &quot;red&quot;,\n    &quot;headlineColor&quot;: &quot;dark&quot;,\n    &quot;children&quot;: &quot;&quot;,\n    &quot;icon&quot;: &quot;&quot;,\n    &quot;iconOverHeadline&quot;: false,\n    &quot;isPreview&quot;: false\n}\">\n    \n<\/jgu-base-alertbox><\/div>\n<\/div>\n\n\n<\/jgu-base-accordionitem>\n\n<jgu-base-accordionitem react-props=\"{&quot;title&quot;:&quot;Episode 6: Was hilft mir, eine Auswahl zu treffen?&quot;,&quot;init&quot;:false,&quot;slug&quot;:&quot;episode-6-was-hilft-mir-eine-auswahl-zu-treffen&quot;,&quot;align&quot;:&quot;wide&quot;,&quot;customSlug&quot;:false}\">\n    \n\n<p class=\"has-big-font-size\">In order to choose the right subject, it helps to determine what you actually want beforehand. Franziska and Julia tell you what role your own criteria play in choosing a degree program and why they can make the decision easier.<\/p>\n\n\n\n<div class=\"wp-block-columns is-layout-flex wp-container-core-columns-is-layout-9d6595d7 wp-block-columns-is-layout-flex\">\n<div class=\"wp-block-column is-layout-flow wp-block-column-is-layout-flow\"><jgu-base-image react-props=\"{\n    &quot;image&quot;: {\n        &quot;url&quot;: &quot;https:\\\/\\\/cms.zdv.uni-mainz.de\\\/studium\\\/wp-content\\\/uploads\\\/sites\\\/12\\\/2024\\\/09\\\/Epidemiologie-MSc.jpeg&quot;,\n        &quot;id&quot;: 135593,\n        &quot;caption&quot;: &quot;red and blue checkers symbolizing a contagious epidemic, 3d illustration&quot;,\n        &quot;credit&quot;: &quot;\\u00a9Paulista\\\/stock.adobe.com&quot;,\n        &quot;title&quot;: &quot;concept of Infectious disease spreading within a population&quot;,\n        &quot;width&quot;: 1250,\n        &quot;height&quot;: 700,\n        &quot;srcset&quot;: &quot;https:\\\/\\\/cms.zdv.uni-mainz.de\\\/studium\\\/wp-content\\\/uploads\\\/sites\\\/12\\\/2024\\\/09\\\/Epidemiologie-MSc.jpeg 1250w, https:\\\/\\\/cms.zdv.uni-mainz.de\\\/studium\\\/wp-content\\\/uploads\\\/sites\\\/12\\\/2024\\\/09\\\/Epidemiologie-MSc-300x168.jpeg 300w, https:\\\/\\\/cms.zdv.uni-mainz.de\\\/studium\\\/wp-content\\\/uploads\\\/sites\\\/12\\\/2024\\\/09\\\/Epidemiologie-MSc-1024x573.jpeg 1024w, https:\\\/\\\/cms.zdv.uni-mainz.de\\\/studium\\\/wp-content\\\/uploads\\\/sites\\\/12\\\/2024\\\/09\\\/Epidemiologie-MSc-768x430.jpeg 768w&quot;\n    },\n    &quot;align&quot;: &quot;&quot;,\n    &quot;hasLightbox&quot;: false,\n    &quot;caption&quot;: &quot;&quot;,\n    &quot;imgWidth&quot;: 0,\n    &quot;link&quot;: {\n        &quot;url&quot;: &quot;&quot;,\n        &quot;target&quot;: &quot;&quot;,\n        &quot;rel&quot;: &quot;&quot;\n    }\n}\" class=\"align-\">\n    \n<\/jgu-base-image><\/div>\n\n\n\n<div class=\"wp-block-column is-layout-flow wp-block-column-is-layout-flow\"><\/div>\n<\/div>\n\n\n<\/jgu-base-accordionitem>\n\n<jgu-base-accordionitem react-props=\"{&quot;title&quot;:&quot;Episode 5: Wie kann ich in ein Studienfach reinschnuppern?&quot;,&quot;init&quot;:false,&quot;slug&quot;:&quot;episode-5-wie-kann-ich-in-ein-studienfach-reinschnuppern&quot;,&quot;align&quot;:&quot;wide&quot;,&quot;customSlug&quot;:false}\">\n    \n\n<p class=\"has-big-font-size\">Is there a way to preview a study program? How can I find out whether I will like the content of the program? In this episode, Franziska and Julia show you a few ways to get a taste of the courses and get as realistic a picture as possible of what to expect.<\/p>\n\n\n\n<div class=\"wp-block-columns is-layout-flex wp-container-core-columns-is-layout-9d6595d7 wp-block-columns-is-layout-flex\">\n<div class=\"wp-block-column is-layout-flow wp-block-column-is-layout-flow\"><jgu-base-image react-props=\"{\n    &quot;image&quot;: {\n        &quot;url&quot;: &quot;https:\\\/\\\/cms.zdv.uni-mainz.de\\\/studium\\\/wp-content\\\/uploads\\\/sites\\\/12\\\/2023\\\/06\\\/Schnuppertag_03.svg&quot;,\n        &quot;id&quot;: 4810,\n        &quot;alt&quot;: &quot;Illustration mit vier Personen die miteinander diskutieren&quot;,\n        &quot;credit&quot;: &quot;\\u00a9 Rebekka Sch\\u00f6nefu\\u00df Grafikdesign\\\/Illustration&quot;,\n        &quot;title&quot;: &quot;Schnuppertag&quot;\n    },\n    &quot;align&quot;: &quot;&quot;,\n    &quot;hasLightbox&quot;: false,\n    &quot;caption&quot;: &quot;&quot;,\n    &quot;imgWidth&quot;: 0,\n    &quot;link&quot;: {\n        &quot;url&quot;: &quot;&quot;,\n        &quot;target&quot;: &quot;&quot;,\n        &quot;rel&quot;: &quot;&quot;\n    }\n}\" class=\"align-\">\n    \n<\/jgu-base-image><\/div>\n\n\n\n<div class=\"wp-block-column is-layout-flow wp-block-column-is-layout-flow\"><jgu-base-alertbox react-props=\"{\n    &quot;headline&quot;: &quot;&lt;strong&gt;Links&lt;\\\/strong&gt;&quot;,\n    &quot;subline&quot;: &quot;&lt;br&gt;&lt;a href=\\&quot;https:\\\/\\\/www.studium.uni-mainz.de\\\/en\\\/choosing-your-degree-program\\\/study-orientation\\\/taster-days\\\/\\&quot; data-type=\\&quot;page\\&quot; data-id=\\&quot;4195\\&quot;&gt;Taster Days&lt;\\\/a&gt;&quot;,\n    &quot;iconColor&quot;: &quot;red&quot;,\n    &quot;headlineColor&quot;: &quot;dark&quot;,\n    &quot;children&quot;: &quot;&quot;,\n    &quot;icon&quot;: &quot;&quot;,\n    &quot;iconOverHeadline&quot;: false,\n    &quot;isPreview&quot;: false\n}\">\n    \n<\/jgu-base-alertbox><\/div>\n<\/div>\n\n\n<\/jgu-base-accordionitem>\n\n<jgu-base-accordionitem react-props=\"{&quot;title&quot;:&quot;Episode 4: Wie erkenne ich meine eigenen Interessen und F\\u00e4higkeiten?&quot;,&quot;init&quot;:false,&quot;slug&quot;:&quot;episode-4-wie-erkenne-ich-meine-eigenen-interessen-und-fahigkeiten&quot;,&quot;align&quot;:&quot;wide&quot;,&quot;customSlug&quot;:false}\">\n    \n\n<p class=\"has-big-font-size\">When choosing a degree course, many only pay attention to which subjects they liked at school. Our interests and abilities often reveal themselves in everyday life. Franziska and Julia tell you how you can discover what your interests and abilities are, using two simple methods. They also explain why it is so important to pay attention to what you enjoy and what you are good at when choosing a program of study.<\/p>\n\n\n\n<div class=\"wp-block-columns is-layout-flex wp-container-core-columns-is-layout-9d6595d7 wp-block-columns-is-layout-flex\">\n<div class=\"wp-block-column is-layout-flow wp-block-column-is-layout-flow\"><jgu-base-image react-props=\"{\n    &quot;image&quot;: {\n        &quot;url&quot;: &quot;https:\\\/\\\/cms.zdv.uni-mainz.de\\\/studium\\\/wp-content\\\/uploads\\\/sites\\\/12\\\/2023\\\/07\\\/AdobeStock_419378452-scaled.jpeg&quot;,\n        &quot;id&quot;: 11575,\n        &quot;alt&quot;: &quot;Junge Frau mit Pinsel in der Hand und Farbpalette lacht in die Kamera.&quot;,\n        &quot;caption&quot;: &quot;Happy artist female standing next to the easel with canvas painting something in her art studio. A young woman painter in transparent eyeglasses draws in the workshop.&quot;,\n        &quot;credit&quot;: &quot;\\u00a9 iuricazac\\\/stock.adobe.com&quot;,\n        &quot;title&quot;: &quot;Happy artist female standing next to the easel with canvas painting something in her art studio. A young woman painter in transparent eyeglasses draws in the workshop.&quot;,\n        &quot;width&quot;: 2560,\n        &quot;height&quot;: 1709,\n        &quot;srcset&quot;: &quot;https:\\\/\\\/cms.zdv.uni-mainz.de\\\/studium\\\/wp-content\\\/uploads\\\/sites\\\/12\\\/2023\\\/07\\\/AdobeStock_419378452-scaled.jpeg 2560w, https:\\\/\\\/cms.zdv.uni-mainz.de\\\/studium\\\/wp-content\\\/uploads\\\/sites\\\/12\\\/2023\\\/07\\\/AdobeStock_419378452-300x200.jpeg 300w, https:\\\/\\\/cms.zdv.uni-mainz.de\\\/studium\\\/wp-content\\\/uploads\\\/sites\\\/12\\\/2023\\\/07\\\/AdobeStock_419378452-1024x683.jpeg 1024w, https:\\\/\\\/cms.zdv.uni-mainz.de\\\/studium\\\/wp-content\\\/uploads\\\/sites\\\/12\\\/2023\\\/07\\\/AdobeStock_419378452-768x513.jpeg 768w, https:\\\/\\\/cms.zdv.uni-mainz.de\\\/studium\\\/wp-content\\\/uploads\\\/sites\\\/12\\\/2023\\\/07\\\/AdobeStock_419378452-1536x1025.jpeg 1536w, https:\\\/\\\/cms.zdv.uni-mainz.de\\\/studium\\\/wp-content\\\/uploads\\\/sites\\\/12\\\/2023\\\/07\\\/AdobeStock_419378452-2048x1367.jpeg 2048w&quot;\n    },\n    &quot;align&quot;: &quot;&quot;,\n    &quot;hasLightbox&quot;: false,\n    &quot;caption&quot;: &quot;&quot;,\n    &quot;imgWidth&quot;: 0,\n    &quot;link&quot;: {\n        &quot;url&quot;: &quot;&quot;,\n        &quot;target&quot;: &quot;&quot;,\n        &quot;rel&quot;: &quot;&quot;\n    }\n}\" class=\"align-\">\n    \n<\/jgu-base-image><\/div>\n\n\n\n<div class=\"wp-block-column is-layout-flow wp-block-column-is-layout-flow\"><\/div>\n<\/div>\n\n\n<\/jgu-base-accordionitem>\n\n<jgu-base-accordionitem react-props=\"{&quot;title&quot;:&quot;Episode 3: Wie bewerbe ich mich f\\u00fcr Medizin?&quot;,&quot;init&quot;:false,&quot;slug&quot;:&quot;episode-3-wie-bewerbe-ich-mich-fur-medizin&quot;,&quot;align&quot;:&quot;wide&quot;,&quot;customSlug&quot;:false}\">\n    \n\n<p class=\"has-big-font-size\">Receiving a place to study Medicine can seem like winning the lottery. But why is it so difficult to get into Medicine? Today, Franziska has invited her colleague Meike to join the podcast and together they explain the new application process for Medicine that has been put into place this year. Is it easier to get a place to study Medicine now? Are things other than your school grades taken into account?<\/p>\n\n\n\n<div class=\"wp-block-columns is-layout-flex wp-container-core-columns-is-layout-9d6595d7 wp-block-columns-is-layout-flex\">\n<div class=\"wp-block-column is-layout-flow wp-block-column-is-layout-flow\"><jgu-base-image react-props=\"{\n    &quot;image&quot;: {\n        &quot;url&quot;: &quot;https:\\\/\\\/cms.zdv.uni-mainz.de\\\/studium\\\/wp-content\\\/uploads\\\/sites\\\/12\\\/2023\\\/07\\\/Bewerbungsverfahren-LP-groesser-scaled.jpeg&quot;,\n        &quot;id&quot;: 10738,\n        &quot;alt&quot;: &quot;Aufnahme von oben: Studierende sitzt auf dem Boden, angelehnt an ein B\\u00fccherregal in der Bibliothek. Auf ihrem Scho\\u00df liegt ein Laptop, in der rechten Hand h\\u00e4lt sie ein Smartphone. Um sie herum jede Menge Unterlagen und Schreibutensilien.&quot;,\n        &quot;caption&quot;: &quot;Student laptop, phone screen and top view woman typing research project, university paper or study for college exam. School library, floor and e learning person search online for education info.&quot;,\n        &quot;credit&quot;: &quot;\\u00a9 A. Frank_peopleimages.com \\\/ adobe.stock&quot;,\n        &quot;title&quot;: &quot;Student laptop, phone screen and top view woman typing research project, university paper or study for college exam. School library, floor and e learning person search online for education info&quot;,\n        &quot;width&quot;: 2560,\n        &quot;height&quot;: 1709,\n        &quot;srcset&quot;: &quot;https:\\\/\\\/cms.zdv.uni-mainz.de\\\/studium\\\/wp-content\\\/uploads\\\/sites\\\/12\\\/2023\\\/07\\\/Bewerbungsverfahren-LP-groesser-scaled.jpeg 2560w, https:\\\/\\\/cms.zdv.uni-mainz.de\\\/studium\\\/wp-content\\\/uploads\\\/sites\\\/12\\\/2023\\\/07\\\/Bewerbungsverfahren-LP-groesser-300x200.jpeg 300w, https:\\\/\\\/cms.zdv.uni-mainz.de\\\/studium\\\/wp-content\\\/uploads\\\/sites\\\/12\\\/2023\\\/07\\\/Bewerbungsverfahren-LP-groesser-1024x683.jpeg 1024w, https:\\\/\\\/cms.zdv.uni-mainz.de\\\/studium\\\/wp-content\\\/uploads\\\/sites\\\/12\\\/2023\\\/07\\\/Bewerbungsverfahren-LP-groesser-768x513.jpeg 768w, https:\\\/\\\/cms.zdv.uni-mainz.de\\\/studium\\\/wp-content\\\/uploads\\\/sites\\\/12\\\/2023\\\/07\\\/Bewerbungsverfahren-LP-groesser-1536x1025.jpeg 1536w, https:\\\/\\\/cms.zdv.uni-mainz.de\\\/studium\\\/wp-content\\\/uploads\\\/sites\\\/12\\\/2023\\\/07\\\/Bewerbungsverfahren-LP-groesser-2048x1367.jpeg 2048w&quot;\n    },\n    &quot;align&quot;: &quot;&quot;,\n    &quot;hasLightbox&quot;: false,\n    &quot;caption&quot;: &quot;&quot;,\n    &quot;imgWidth&quot;: 0,\n    &quot;link&quot;: {\n        &quot;url&quot;: &quot;&quot;,\n        &quot;target&quot;: &quot;&quot;,\n        &quot;rel&quot;: &quot;&quot;\n    }\n}\" class=\"align-\">\n    \n<\/jgu-base-image><\/div>\n\n\n\n<div class=\"wp-block-column is-layout-flow wp-block-column-is-layout-flow\"><jgu-base-alertbox react-props=\"{\n    &quot;headline&quot;: &quot;&lt;strong&gt;Links&lt;\\\/strong&gt;&quot;,\n    &quot;subline&quot;: &quot;&lt;br&gt;In our study portal you will find detailed information about the &lt;a href=\\&quot;https:\\\/\\\/www.studium.uni-mainz.de\\\/en\\\/your-application\\\/application-process\\\/selection-process-nc\\\/\\&quot;&gt;selection procedure&lt;\\\/a&gt;\\u00a0and on applying based on\\u00a0&lt;a href=\\&quot;https:\\\/\\\/www.studium.uni-mainz.de\\\/en\\\/your-application\\\/application-process\\\/studying-without-a-german-abitur\\\/\\&quot;&gt;vocational training&lt;\\\/a&gt;.&lt;br&gt;&lt;br&gt;Further information is also available on the application portal\\u00a0&lt;a href=\\&quot;https:\\\/\\\/www.hochschulstart.de\\\/\\&quot; target=\\&quot;_blank\\&quot; rel=\\&quot;noreferrer noopener\\&quot;&gt;hochschulstart&lt;\\\/a&gt;.&quot;,\n    &quot;iconColor&quot;: &quot;red&quot;,\n    &quot;headlineColor&quot;: &quot;dark&quot;,\n    &quot;children&quot;: &quot;&quot;,\n    &quot;icon&quot;: &quot;&quot;,\n    &quot;iconOverHeadline&quot;: false,\n    &quot;isPreview&quot;: false\n}\">\n    \n<\/jgu-base-alertbox><\/div>\n<\/div>\n\n\n<\/jgu-base-accordionitem>\n\n<jgu-base-accordionitem react-props=\"{&quot;title&quot;:&quot;Episode 2: Wie gut sind Studienwahltests?&quot;,&quot;init&quot;:false,&quot;slug&quot;:&quot;episode-2-wie-gut-sind-studienwahltests&quot;,&quot;align&quot;:&quot;wide&quot;,&quot;customSlug&quot;:false}\">\n    \n\n<p class=\"has-big-font-size\">There are so many aptitude tests from so many different providers on the internet \u2212 enough to make your head spin. Are the tests reliable? And which ones are actually recommended?<\/p>\n\n\n\n<div class=\"wp-block-columns is-layout-flex wp-container-core-columns-is-layout-9d6595d7 wp-block-columns-is-layout-flex\">\n<div class=\"wp-block-column is-layout-flow wp-block-column-is-layout-flow\"><jgu-base-image react-props=\"{\n    &quot;image&quot;: {\n        &quot;url&quot;: &quot;https:\\\/\\\/cms.zdv.uni-mainz.de\\\/studium\\\/wp-content\\\/uploads\\\/sites\\\/12\\\/2024\\\/04\\\/zwei_Lernende.svg&quot;,\n        &quot;id&quot;: 103730,\n        &quot;credit&quot;: &quot;\\u00a9 Rebekka Sch\\u00f6nefu\\u00df Grafikdesign\\\/Illustration&quot;,\n        &quot;title&quot;: &quot;zwei_Lernende&quot;\n    },\n    &quot;align&quot;: &quot;&quot;,\n    &quot;hasLightbox&quot;: false,\n    &quot;caption&quot;: &quot;&quot;,\n    &quot;imgWidth&quot;: 0,\n    &quot;link&quot;: {\n        &quot;url&quot;: &quot;&quot;,\n        &quot;target&quot;: &quot;&quot;,\n        &quot;rel&quot;: &quot;&quot;\n    }\n}\" class=\"align-\">\n    \n<\/jgu-base-image><\/div>\n\n\n\n<div class=\"wp-block-column is-layout-flow wp-block-column-is-layout-flow\"><jgu-base-alertbox react-props=\"{\n    &quot;headline&quot;: &quot;&lt;strong&gt;Links&lt;\\\/strong&gt;&quot;,\n    &quot;subline&quot;: &quot;&lt;br&gt;The following tests are recommended in the episode:\\u00a0&lt;a href=\\&quot;https:\\\/\\\/www.was-studiere-ich.de\\\/\\&quot; target=\\&quot;_blank\\&quot; rel=\\&quot;noreferrer noopener\\&quot;&gt;www.was-studiere-ich.de&lt;\\\/a&gt;\\u00a0and the study choice test by the German Federal Employment Agency\\u00a0&lt;a href=\\&quot;https:\\\/\\\/www.arbeitsagentur.de\\\/bildung\\\/welche-ausbildung-welches-studium-passt\\&quot; target=\\&quot;_blank\\&quot; rel=\\&quot;noreferrer noopener\\&quot;&gt;Check-U&lt;\\\/a&gt;&quot;,\n    &quot;iconColor&quot;: &quot;red&quot;,\n    &quot;headlineColor&quot;: &quot;dark&quot;,\n    &quot;children&quot;: &quot;&quot;,\n    &quot;icon&quot;: &quot;&quot;,\n    &quot;iconOverHeadline&quot;: false,\n    &quot;isPreview&quot;: false\n}\">\n    \n<\/jgu-base-alertbox><\/div>\n<\/div>\n\n\n<\/jgu-base-accordionitem>\n\n<jgu-base-accordionitem react-props=\"{&quot;title&quot;:&quot;Episode 1: Wo finde ich Infos, was es alles gibt?&quot;,&quot;init&quot;:false,&quot;slug&quot;:&quot;episode-1-wo-finde-ich-infos-was-es-alles-gibt&quot;,&quot;align&quot;:&quot;wide&quot;,&quot;customSlug&quot;:false}\">\n    \n\n<p class=\"has-big-font-size\">The range of degree programs on offer in Germany is huge, so how do you find out what&#8217;s out there? Franziska and Julia will tell you the best places to look and how to go about it. They also reveal how you can narrow down your selection.<\/p>\n\n\n\n<div class=\"wp-block-columns is-layout-flex wp-container-core-columns-is-layout-9d6595d7 wp-block-columns-is-layout-flex\">\n<div class=\"wp-block-column is-layout-flow wp-block-column-is-layout-flow\"><jgu-base-image react-props=\"{\n    &quot;image&quot;: {\n        &quot;url&quot;: &quot;https:\\\/\\\/cms.zdv.uni-mainz.de\\\/studium\\\/wp-content\\\/uploads\\\/sites\\\/12\\\/2023\\\/06\\\/verwirrt.svg&quot;,\n        &quot;id&quot;: 4900,\n        &quot;alt&quot;: &quot;Illustration im Flat-Design: Studierende h\\u00e4lt Laptop in der einen Hand, die andere Hand streckt sie fragend in die H\\u00f6he und schaut verwirrt&quot;,\n        &quot;credit&quot;: &quot;\\u00a9 Rebekka Sch\\u00f6nefu\\u00df Grafikdesign\\\/Illustration&quot;,\n        &quot;title&quot;: &quot;verwirrt&quot;\n    },\n    &quot;align&quot;: &quot;&quot;,\n    &quot;hasLightbox&quot;: false,\n    &quot;caption&quot;: &quot;&quot;,\n    &quot;imgWidth&quot;: 0,\n    &quot;link&quot;: {\n        &quot;url&quot;: &quot;&quot;,\n        &quot;target&quot;: &quot;&quot;,\n        &quot;rel&quot;: &quot;&quot;\n    }\n}\" class=\"align-\">\n    \n<\/jgu-base-image><\/div>\n\n\n\n<div class=\"wp-block-column is-layout-flow wp-block-column-is-layout-flow\"><jgu-base-alertbox react-props=\"{\n    &quot;headline&quot;: &quot;&lt;strong&gt;Links&lt;\\\/strong&gt;&quot;,\n    &quot;subline&quot;: &quot;&lt;br&gt;&lt;a href=\\&quot;https:\\\/\\\/studienwahl.de\\\/en\\&quot; target=\\&quot;_blank\\&quot; rel=\\&quot;noreferrer noopener\\&quot;&gt;www.studienwahl.de&lt;\\\/a&gt;\\u00a0&lt;br&gt;&lt;a href=\\&quot;https:\\\/\\\/www.hochschulkompass.de\\\/en\\\/study-in-germany.html\\&quot; target=\\&quot;_blank\\&quot; rel=\\&quot;noreferrer noopener\\&quot;&gt;www.hochschulkompass.de&lt;\\\/a&gt;&quot;,\n    &quot;iconColor&quot;: &quot;red&quot;,\n    &quot;headlineColor&quot;: &quot;dark&quot;,\n    &quot;children&quot;: &quot;&quot;,\n    &quot;icon&quot;: &quot;&quot;,\n    &quot;iconOverHeadline&quot;: false,\n    &quot;isPreview&quot;: false\n}\">\n    \n<\/jgu-base-alertbox><\/div>\n<\/div>\n\n\n<\/jgu-base-accordionitem>\n\n<\/jgu-base-accordion>\n<\/div>\n<\/div>\n<\/div><\/div>\n<\/jgu-base-section>\n\n<jgu-base-section react-props=\"{&quot;color&quot;:&quot;light&quot;,&quot;align&quot;:&quot;wide&quot;,&quot;padding&quot;:&quot;medium&quot;}\">\n<div class=\"jgu-bgsection bg bg-light \"><div class=\"content padding-medium\"><div\n\tclass=\"jgu-anchorpoint\"\n\tid=\"service-advising\"\n\tdata-label=\"Service &amp;amp; advising\"\n\tdata-hide-in-nav=\"false\"\n\ttabindex=\"0\"\n\tdata-initial-scroll=\"true\"\n><\/div>\n\n\n<jgu-base-heading react-props=\"{\n    &quot;index&quot;: &quot;Service &amp;amp; advising&quot;,\n    &quot;tags&quot;: {\n        &quot;htmlTag&quot;: &quot;h2&quot;,\n        &quot;classTag&quot;: &quot;&quot;,\n        &quot;tag&quot;: &quot;h2&quot;\n    },\n    &quot;heading&quot;: &quot;&lt;strong&gt;Looking for more information?&lt;\\\/strong&gt;&quot;,\n    &quot;textAlign&quot;: &quot;left&quot;,\n    &quot;anchor&quot;: &quot;&quot;,\n    &quot;color&quot;: &quot;red&quot;\n}\"><\/jgu-base-heading>\n\n\n\n<div class=\"wp-block-columns is-layout-flex wp-container-core-columns-is-layout-9d6595d7 wp-block-columns-is-layout-flex\">\n<div class=\"wp-block-column is-vertically-aligned-center is-layout-flow wp-block-column-is-layout-flow\" style=\"flex-basis:33.33%\"><jgu-base-image react-props=\"{\n    &quot;image&quot;: {\n        &quot;url&quot;: &quot;https:\\\/\\\/cms.zdv.uni-mainz.de\\\/studium\\\/wp-content\\\/uploads\\\/sites\\\/12\\\/2024\\\/04\\\/zwei_Podcasterinnen-1.svg&quot;,\n        &quot;id&quot;: 104567,\n        &quot;hideCredit&quot;: true,\n        &quot;credit&quot;: &quot;\\u00a9 Rebekka Sch\\u00f6nefu\\u00df Grafikdesign\\\/Illustration&quot;,\n        &quot;description&quot;: &quot;Zwei Podcasterinnen sitzen bei der Aufnahme und lachen&quot;,\n        &quot;title&quot;: &quot;zwei_Podcasterinnen&quot;\n    },\n    &quot;width&quot;: 100,\n    &quot;align&quot;: &quot;&quot;,\n    &quot;hasLightbox&quot;: false,\n    &quot;caption&quot;: &quot;&quot;,\n    &quot;imgWidth&quot;: 0,\n    &quot;link&quot;: {\n        &quot;url&quot;: &quot;&quot;,\n        &quot;target&quot;: &quot;&quot;,\n        &quot;rel&quot;: &quot;&quot;\n    }\n}\" class=\"align-\">\n    \n<\/jgu-base-image><\/div>\n\n\n\n<div class=\"wp-block-column is-layout-flow wp-block-column-is-layout-flow\" style=\"flex-basis:66.66%\"><jgu-base-tabs react-props=\"{\n    &quot;autoRatio&quot;: false,\n    &quot;stackMobile&quot;: true,\n    &quot;hasAllOpenButton&quot;: false,\n    &quot;onlyOne&quot;: true,\n    &quot;initAllClosed&quot;: false,\n    &quot;layout&quot;: {\n        &quot;type&quot;: &quot;flex&quot;,\n        &quot;flexWrap&quot;: &quot;nowrap&quot;,\n        &quot;justifyContent&quot;: &quot;left&quot;,\n        &quot;orientation&quot;: &quot;vertical&quot;\n    },\n    &quot;align&quot;: &quot;wide&quot;,\n    &quot;selected&quot;: 1,\n    &quot;ratio&quot;: 0,\n    &quot;enableSearch&quot;: false\n}\">\n    \n<jgu-base-tabsitem react-props=\"{\n    &quot;title&quot;: &quot;Podcasters&quot;,\n    &quot;slug&quot;: &quot;podcasters&quot;,\n    &quot;align&quot;: &quot;wide&quot;,\n    &quot;customSlug&quot;: false\n}\">\n    \n\n<p class=\"has-big-font-size\">Do you have questions, ideas, or feedback about the podcast? <\/p>\n\n\n\n<p class=\"has-big-font-size\">Would you like to share what you\u2019ve learned about studying with other people? <\/p>\n\n\n\n<p class=\"has-big-font-size\">The podcasters Franziska and Annabelle are happy to receive your emails at <strong>zsb@uni-mainz.de<\/strong>! <\/p>\n\n\n<\/jgu-base-tabsitem>\n\n<jgu-base-tabsitem react-props=\"{\n    &quot;title&quot;: &quot;Student Advisory Center&quot;,\n    &quot;slug&quot;: &quot;student-advisory-center&quot;,\n    &quot;align&quot;: &quot;wide&quot;,\n    &quot;customSlug&quot;: false\n}\">\n    \n\n<p class=\"has-big-font-size\">Not sure what subject suits you? Don\u2019t know what your chance of securing a place at the university is? Or just can\u2019t decide what comes next?<\/p>\n\n\n\n<p class=\"has-big-font-size\">Call the hotline below to make an appointment with the <b>Student Advisory Center<\/b>. They can advise you in all study-related matters. <br>The advisors will be happy to help you in person, by phone, or online with the following:<\/p>\n\n\n\n<ul class=\"has-big-font-size wp-block-list\">\n<li>Choice of degree &amp; subject combination<\/li>\n\n\n\n<li>Change of subject<\/li>\n\n\n\n<li>Overcoming doubts &amp; decision-making guidance<\/li>\n\n\n\n<li>Application strategies<\/li>\n\n\n\n<li>Career orientation during your studies<\/li>\n\n\n\n<li>And much more &#8230;<\/li>\n<\/ul>\n\n\n\n<p class=\"has-big-font-size\">Call the hotline to make an appointment!<\/p>\n\n\n<jgu-base-contactcard react-props=\"{\n    &quot;name&quot;: &quot;Student Advisory Center (ZSB)&quot;,\n    &quot;align&quot;: &quot;wide&quot;,\n    &quot;actions&quot;: [],\n    &quot;color&quot;: &quot;default&quot;\n}\">\n    \n<jgu-base-listitem react-props=\"{\n    &quot;icon&quot;: &quot;envelope-solid&quot;,\n    &quot;title&quot;: &quot;&lt;a href=\\&quot;mailto:zsb@uni-mainz.de\\&quot;&gt;zsb@uni-mainz.de&lt;\\\/a&gt;&quot;,\n    &quot;uuid&quot;: &quot;1692005074190&quot;,\n    &quot;link&quot;: {\n        &quot;url&quot;: &quot;mailto:zsb@uni-mainz.de&quot;\n    },\n    &quot;align&quot;: &quot;wide&quot;,\n    &quot;showInActions&quot;: false,\n    &quot;allowNesting&quot;: true,\n    &quot;showExpandableContent&quot;: false,\n    &quot;expandableContent&quot;: &quot;&quot;\n}\">\n    \n<\/jgu-base-listitem>\n\n<jgu-base-listitem react-props=\"{\n    &quot;icon&quot;: &quot;phone-solid&quot;,\n    &quot;title&quot;: &quot;&lt;a href=\\&quot;tel:+49 6131 39-22122\\&quot;&gt;+49 6131 39-22122&lt;\\\/a&gt; (hotline)&lt;br&gt;&lt;br&gt;Service hours:&lt;br&gt;Mon, Wed, Thu, 9:00 am\\u201312:00\\u00a0noon and 1:00\\u20134:00\\u00a0pm&lt;br&gt;Tues, 10:00\\u00a0am\\u201312:00\\u00a0noon and 1:00\\u20134:00\\u00a0pm&lt;br&gt;Fri, 9:00\\u00a0am\\u201312:00\\u00a0noon&quot;,\n    &quot;uuid&quot;: &quot;1692005506040&quot;,\n    &quot;link&quot;: {\n        &quot;url&quot;: &quot;tel:+49 6131 39-22122&quot;\n    },\n    &quot;align&quot;: &quot;wide&quot;,\n    &quot;showInActions&quot;: false,\n    &quot;allowNesting&quot;: true,\n    &quot;showExpandableContent&quot;: false,\n    &quot;expandableContent&quot;: &quot;&quot;\n}\">\n    \n<\/jgu-base-listitem>\n\n<jgu-base-listitem react-props=\"{\n    &quot;icon&quot;: &quot;map-marker-alt-solid&quot;,\n    &quot;title&quot;: &quot;Visitors\\u2019 address:&lt;br&gt;&lt;br&gt;Student Service Center&lt;br&gt;Forum universitatis &lt;br&gt;Entrance 1, 2nd floor &lt;br&gt;Johann-Joachim-Becher-Weg 2 &lt;br&gt;55128 Mainz, Germany&quot;,\n    &quot;uuid&quot;: &quot;1692005529395&quot;,\n    &quot;link&quot;: {\n        &quot;url&quot;: null\n    },\n    &quot;align&quot;: &quot;wide&quot;,\n    &quot;showInActions&quot;: false,\n    &quot;allowNesting&quot;: true,\n    &quot;showExpandableContent&quot;: false,\n    &quot;expandableContent&quot;: &quot;&quot;\n}\">\n    \n<\/jgu-base-listitem>\n\n<jgu-base-listitem react-props=\"{\n    &quot;icon&quot;: &quot;map-solid&quot;,\n    &quot;title&quot;: &quot;&lt;a href=\\&quot;https:\\\/\\\/startseite.uni-mainz.de\\\/campusplan\\\/\\&quot; data-type=\\&quot;link\\&quot; data-id=\\&quot;https:\\\/\\\/startseite.uni-mainz.de\\\/campusplan\\\/\\&quot;&gt;Campus map&lt;\\\/a&gt;&quot;,\n    &quot;uuid&quot;: &quot;1692005566325&quot;,\n    &quot;link&quot;: {\n        &quot;url&quot;: &quot;https:\\\/\\\/startseite.uni-mainz.de\\\/campusplan\\\/&quot;\n    },\n    &quot;align&quot;: &quot;wide&quot;,\n    &quot;showInActions&quot;: false,\n    &quot;allowNesting&quot;: true,\n    &quot;showExpandableContent&quot;: false,\n    &quot;expandableContent&quot;: &quot;&quot;\n}\">\n    \n<\/jgu-base-listitem>\n\n<jgu-base-listitem react-props=\"{\n    &quot;icon&quot;: &quot;arrow-right-solid&quot;,\n    &quot;title&quot;: &quot;&lt;a href=\\&quot;https:\\\/\\\/cms.zdv.uni-mainz.de\\\/studium\\\/0-landingpage-studium-platzhalter\\\/mein-studium\\\/service_beratung\\\/zsb\\\/\\&quot; data-type=\\&quot;page\\&quot; data-id=\\&quot;4372\\&quot;&gt;www.studium.uni-mainz.de\\\/zsb&lt;\\\/a&gt;&quot;,\n    &quot;uuid&quot;: &quot;1692005651114&quot;,\n    &quot;link&quot;: {\n        &quot;url&quot;: &quot;https:\\\/\\\/www.studium.uni-mainz.de\\\/en\\\/during-your-studies\\\/service-advising\\\/student-advisory-center\\\/&quot;\n    },\n    &quot;align&quot;: &quot;wide&quot;,\n    &quot;showInActions&quot;: false,\n    &quot;allowNesting&quot;: true,\n    &quot;showExpandableContent&quot;: false,\n    &quot;expandableContent&quot;: &quot;&quot;\n}\">\n    \n<\/jgu-base-listitem>\n\n<jgu-base-listitem react-props=\"{\n    &quot;icon&quot;: &quot;calendar-solid&quot;,\n    &quot;title&quot;: &quot;Advising appointments are available via video, by phone or in person. &lt;br&gt;&lt;br&gt;Appointments can be made via the &lt;a href=\\&quot;tel:+4961313922122\\&quot;&gt;hotline&lt;\\\/a&gt; (see contact details and service hours above). &lt;br&gt; &lt;br&gt;We are also happy to answer short questions via email.&quot;,\n    &quot;uuid&quot;: &quot;1692005784247&quot;,\n    &quot;align&quot;: &quot;wide&quot;,\n    &quot;showInActions&quot;: false,\n    &quot;allowNesting&quot;: true,\n    &quot;showExpandableContent&quot;: false,\n    &quot;expandableContent&quot;: &quot;&quot;,\n    &quot;link&quot;: {\n        &quot;url&quot;: &quot;&quot;\n    }\n}\">\n    \n<\/jgu-base-listitem>\n\n<\/jgu-base-contactcard>\n\n\n\n<\/jgu-base-tabsitem>\n\n<\/jgu-base-tabs><\/div>\n<\/div>\n<\/div><\/div>\n<\/jgu-base-section>\n\n<jgu-base-section react-props=\"{&quot;color&quot;:&quot;white&quot;,&quot;align&quot;:&quot;wide&quot;,&quot;padding&quot;:&quot;medium&quot;}\">\n<div class=\"jgu-bgsection bg bg-white \"><div class=\"content padding-medium\"><jgu-base-heading react-props=\"{\n    &quot;color&quot;: &quot;default&quot;,\n    &quot;tags&quot;: {\n        &quot;htmlTag&quot;: &quot;h2&quot;,\n        &quot;classTag&quot;: &quot;&quot;,\n        &quot;tag&quot;: &quot;h2&quot;\n    },\n    &quot;heading&quot;: &quot;Good to know&quot;,\n    &quot;textAlign&quot;: &quot;left&quot;,\n    &quot;anchor&quot;: &quot;&quot;,\n    &quot;index&quot;: &quot;&quot;\n}\"><\/jgu-base-heading>\n\n\n\n<div class=\"wp-block-columns is-layout-flex wp-container-core-columns-is-layout-9d6595d7 wp-block-columns-is-layout-flex\">\n<div class=\"wp-block-column is-layout-flow wp-block-column-is-layout-flow\"><jgu-base-teaserbox react-props=\"{\n    &quot;headline&quot;: {\n        &quot;htmlTag&quot;: &quot;h2&quot;,\n        &quot;classTag&quot;: &quot;&quot;,\n        &quot;tag&quot;: &quot;h2&quot;\n    },\n    &quot;image&quot;: {\n        &quot;id&quot;: 5203,\n        &quot;url&quot;: &quot;https:\\\/\\\/cms.zdv.uni-mainz.de\\\/studium\\\/wp-content\\\/uploads\\\/sites\\\/12\\\/2023\\\/06\\\/Campus_kennenlernen.svg&quot;,\n        &quot;hideCredit&quot;: true,\n        &quot;alt&quot;: &quot;Illustration im Flat-Design von einer Studierenden, die vor der Gutenberg-Statue ein Selfie mit ihrem Smartphone macht&quot;,\n        &quot;credit&quot;: &quot;\\u00a9 Rebekka Sch\\u00f6nefu\\u00df Grafikdesign\\\/Illustration&quot;,\n        &quot;title&quot;: &quot;Campus_kennenlernen&quot;\n    },\n    &quot;color&quot;: &quot;blue&quot;,\n    &quot;index&quot;: &quot;Why JGU?&quot;,\n    &quot;title&quot;: &quot;What our university has to offer&quot;,\n    &quot;linkTitle&quot;: &quot;learn more&quot;,\n    &quot;link&quot;: {\n        &quot;url&quot;: &quot;https:\\\/\\\/www.studium.uni-mainz.de\\\/en\\\/choosing-your-degree-program\\\/why-choose-jgu\\\/&quot;,\n        &quot;title&quot;: &quot;&quot;\n    },\n    &quot;overboxImage&quot;: true,\n    &quot;template&quot;: &quot;red_h4&quot;,\n    &quot;align&quot;: &quot;wide&quot;,\n    &quot;icon&quot;: &quot;&quot;,\n    &quot;iconColor&quot;: &quot;default&quot;,\n    &quot;isCalendar&quot;: false,\n    &quot;iconBoxed&quot;: false,\n    &quot;useLinkList&quot;: false,\n    &quot;linkList&quot;: {},\n    &quot;hideThumbnail&quot;: false,\n    &quot;type&quot;: &quot;boxed&quot;,\n    &quot;excerpt&quot;: &quot;&quot;,\n    &quot;linkStyle&quot;: &quot;default&quot;,\n    &quot;differingHeadlineColor&quot;: false,\n    &quot;headlineColor&quot;: &quot;&quot;,\n    &quot;textPositionBottom&quot;: false,\n    &quot;video&quot;: {\n        &quot;provider&quot;: &quot;youtube&quot;,\n        &quot;id&quot;: &quot;&quot;,\n        &quot;poster&quot;: &quot;&quot;\n    },\n    &quot;audioUrl&quot;: &quot;&quot;,\n    &quot;unbound&quot;: false\n}\">\n    \n<\/jgu-base-teaserbox><\/div>\n\n\n\n<div class=\"wp-block-column is-layout-flow wp-block-column-is-layout-flow\"><jgu-base-teaserbox react-props=\"{\n    &quot;headline&quot;: {\n        &quot;htmlTag&quot;: &quot;h2&quot;,\n        &quot;classTag&quot;: &quot;&quot;,\n        &quot;tag&quot;: &quot;h2&quot;\n    },\n    &quot;image&quot;: {\n        &quot;id&quot;: 10147,\n        &quot;url&quot;: &quot;https:\\\/\\\/cms.zdv.uni-mainz.de\\\/studium\\\/wp-content\\\/uploads\\\/sites\\\/12\\\/2023\\\/07\\\/Anmeldung_Mainz.svg&quot;,\n        &quot;hideCredit&quot;: true,\n        &quot;alt&quot;: &quot;Illustration im Flat-Design vom Mainzer Dom&quot;,\n        &quot;credit&quot;: &quot;\\u00a9 Rebekka Sch\\u00f6nefu\\u00df Grafikdesign\\\/Illustration&quot;,\n        &quot;title&quot;: &quot;Anmeldung_Mainz&quot;\n    },\n    &quot;color&quot;: &quot;orange&quot;,\n    &quot;index&quot;: &quot;Student life &amp;amp; finances&quot;,\n    &quot;title&quot;: &quot;Living and studying in Mainz&quot;,\n    &quot;linkTitle&quot;: &quot;learn more&quot;,\n    &quot;link&quot;: {\n        &quot;url&quot;: &quot;https:\\\/\\\/cms.zdv.uni-mainz.de\\\/studium\\\/0-landingpage-studium-platzhalter\\\/studienstart\\\/erste-schritte\\\/&quot;,\n        &quot;title&quot;: &quot;&quot;\n    },\n    &quot;overboxImage&quot;: true,\n    &quot;template&quot;: &quot;red_h4&quot;,\n    &quot;align&quot;: &quot;wide&quot;,\n    &quot;icon&quot;: &quot;&quot;,\n    &quot;iconColor&quot;: &quot;default&quot;,\n    &quot;isCalendar&quot;: false,\n    &quot;iconBoxed&quot;: false,\n    &quot;useLinkList&quot;: false,\n    &quot;linkList&quot;: {},\n    &quot;hideThumbnail&quot;: false,\n    &quot;type&quot;: &quot;boxed&quot;,\n    &quot;excerpt&quot;: &quot;&quot;,\n    &quot;linkStyle&quot;: &quot;default&quot;,\n    &quot;differingHeadlineColor&quot;: false,\n    &quot;headlineColor&quot;: &quot;&quot;,\n    &quot;textPositionBottom&quot;: false,\n    &quot;video&quot;: {\n        &quot;provider&quot;: &quot;youtube&quot;,\n        &quot;id&quot;: &quot;&quot;,\n        &quot;poster&quot;: &quot;&quot;\n    },\n    &quot;audioUrl&quot;: &quot;&quot;,\n    &quot;unbound&quot;: false\n}\">\n    \n<\/jgu-base-teaserbox><\/div>\n\n\n\n<div class=\"wp-block-column is-layout-flow wp-block-column-is-layout-flow\"><jgu-base-teaserbox react-props=\"{\n    &quot;headline&quot;: {\n        &quot;htmlTag&quot;: &quot;h2&quot;,\n        &quot;classTag&quot;: &quot;&quot;,\n        &quot;tag&quot;: &quot;h2&quot;\n    },\n    &quot;image&quot;: {\n        &quot;id&quot;: 10171,\n        &quot;url&quot;: &quot;https:\\\/\\\/cms.zdv.uni-mainz.de\\\/studium\\\/wp-content\\\/uploads\\\/sites\\\/12\\\/2023\\\/07\\\/Diversitaet_02.svg&quot;,\n        &quot;hideCredit&quot;: true,\n        &quot;alt&quot;: &quot;Illustration im Flat-Design von einer Gruppe von vier Studierenden, wobei eine Studierende im Huckepack getragen wird&quot;,\n        &quot;credit&quot;: &quot;\\u00a9 Rebekka Sch\\u00f6nefu\\u00df Grafikdesign\\\/Illustration&quot;,\n        &quot;title&quot;: &quot;Diversita\\u0308t_02&quot;\n    },\n    &quot;useLinkList&quot;: true,\n    &quot;linkList&quot;: {\n        &quot;0&quot;: {\n            &quot;text&quot;: &quot;&lt;a href=\\&quot;https:\\\/\\\/www.family-services-center.uni-mainz.de\\\/\\&quot; target=\\&quot;_blank\\&quot; rel=\\&quot;noreferrer noopener\\&quot;&gt;Family Services Center&lt;\\\/a&gt;&quot;,\n            &quot;icon&quot;: &quot;info&quot;,\n            &quot;link&quot;: {\n                &quot;url&quot;: &quot;https:\\\/\\\/www.familienservice.uni-mainz.de\\\/&quot;\n            }\n        },\n        &quot;1&quot;: {\n            &quot;text&quot;: &quot;&lt;a href=\\&quot;https:\\\/\\\/accessible.uni-mainz.de\\\/\\&quot; target=\\&quot;_blank\\&quot; rel=\\&quot;noreferrer noopener\\&quot;&gt;Office of Accessibility&lt;\\\/a&gt;&quot;,\n            &quot;icon&quot;: &quot;info&quot;,\n            &quot;link&quot;: {\n                &quot;url&quot;: &quot;https:\\\/\\\/www.barrierefrei.uni-mainz.de\\\/&quot;\n            }\n        },\n        &quot;2&quot;: {\n            &quot;text&quot;: &quot;&lt;a href=\\&quot;https:\\\/\\\/healthycampus.uni-mainz.de\\\/\\&quot; target=\\&quot;_blank\\&quot; rel=\\&quot;noreferrer noopener\\&quot;&gt;Healthy student life&lt;\\\/a&gt;&quot;,\n            &quot;icon&quot;: &quot;info&quot;,\n            &quot;link&quot;: {\n                &quot;url&quot;: &quot;https:\\\/\\\/healthycampus.uni-mainz.de\\\/&quot;\n            }\n        }\n    },\n    &quot;color&quot;: &quot;gray&quot;,\n    &quot;index&quot;: &quot;Equal opportunities&quot;,\n    &quot;title&quot;: &quot;Meeting your needs&quot;,\n    &quot;linkTitle&quot;: &quot;learn more&quot;,\n    &quot;overboxImage&quot;: true,\n    &quot;template&quot;: &quot;linkList&quot;,\n    &quot;align&quot;: &quot;wide&quot;,\n    &quot;icon&quot;: &quot;&quot;,\n    &quot;iconColor&quot;: &quot;default&quot;,\n    &quot;isCalendar&quot;: false,\n    &quot;iconBoxed&quot;: false,\n    &quot;hideThumbnail&quot;: false,\n    &quot;type&quot;: &quot;boxed&quot;,\n    &quot;excerpt&quot;: &quot;&quot;,\n    &quot;linkStyle&quot;: &quot;default&quot;,\n    &quot;differingHeadlineColor&quot;: false,\n    &quot;headlineColor&quot;: &quot;&quot;,\n    &quot;textPositionBottom&quot;: false,\n    &quot;video&quot;: {\n        &quot;provider&quot;: &quot;youtube&quot;,\n        &quot;id&quot;: &quot;&quot;,\n        &quot;poster&quot;: &quot;&quot;\n    },\n    &quot;audioUrl&quot;: &quot;&quot;,\n    &quot;unbound&quot;: false\n}\">\n    \n<jgu-base-listitem react-props=\"{\n    &quot;allowNesting&quot;: false,\n    &quot;title&quot;: &quot;&lt;a href=\\&quot;https:\\\/\\\/www.family-services-center.uni-mainz.de\\\/\\&quot; target=\\&quot;_blank\\&quot; rel=\\&quot;noreferrer noopener\\&quot;&gt;Family Services Center&lt;\\\/a&gt;&quot;,\n    &quot;uuid&quot;: &quot;1688981502918&quot;,\n    &quot;link&quot;: {\n        &quot;url&quot;: &quot;https:\\\/\\\/www.familienservice.uni-mainz.de\\\/&quot;\n    },\n    &quot;align&quot;: &quot;wide&quot;,\n    &quot;showInActions&quot;: false,\n    &quot;icon&quot;: &quot;&quot;,\n    &quot;showExpandableContent&quot;: false,\n    &quot;expandableContent&quot;: &quot;&quot;\n}\">\n    \n<\/jgu-base-listitem>\n\n<jgu-base-listitem react-props=\"{\n    &quot;allowNesting&quot;: false,\n    &quot;title&quot;: &quot;&lt;a href=\\&quot;https:\\\/\\\/accessible.uni-mainz.de\\\/\\&quot; target=\\&quot;_blank\\&quot; rel=\\&quot;noreferrer noopener\\&quot;&gt;Office of Accessibility&lt;\\\/a&gt;&quot;,\n    &quot;uuid&quot;: &quot;1688981550904&quot;,\n    &quot;link&quot;: {\n        &quot;url&quot;: &quot;https:\\\/\\\/www.barrierefrei.uni-mainz.de\\\/&quot;\n    },\n    &quot;align&quot;: &quot;wide&quot;,\n    &quot;showInActions&quot;: false,\n    &quot;icon&quot;: &quot;&quot;,\n    &quot;showExpandableContent&quot;: false,\n    &quot;expandableContent&quot;: &quot;&quot;\n}\">\n    \n<\/jgu-base-listitem>\n\n<jgu-base-listitem react-props=\"{\n    &quot;allowNesting&quot;: false,\n    &quot;title&quot;: &quot;&lt;a href=\\&quot;https:\\\/\\\/healthycampus.uni-mainz.de\\\/\\&quot; target=\\&quot;_blank\\&quot; rel=\\&quot;noreferrer noopener\\&quot;&gt;Healthy student life&lt;\\\/a&gt;&quot;,\n    &quot;uuid&quot;: &quot;1688981550904&quot;,\n    &quot;link&quot;: {\n        &quot;url&quot;: &quot;https:\\\/\\\/healthycampus.uni-mainz.de\\\/&quot;\n    },\n    &quot;align&quot;: &quot;wide&quot;,\n    &quot;showInActions&quot;: false,\n    &quot;icon&quot;: &quot;&quot;,\n    &quot;showExpandableContent&quot;: false,\n    &quot;expandableContent&quot;: &quot;&quot;\n}\">\n    \n<\/jgu-base-listitem>\n\n<\/jgu-base-teaserbox><\/div>\n<\/div>\n<\/div><\/div>\n<\/jgu-base-section>\n\n<jgu-base-section react-props=\"{&quot;color&quot;:&quot;white&quot;,&quot;align&quot;:&quot;wide&quot;,&quot;padding&quot;:&quot;medium&quot;}\">\n<div class=\"jgu-bgsection bg bg-white \"><div class=\"content padding-medium\">\n<p class=\"has-big-font-size\"><\/p>\n\n\n<jgu-base-logogrid react-props=\"[]\">\n    \n<jgu-base-logogriditem react-props=\"{\n    &quot;image&quot;: {\n        &quot;url&quot;: &quot;https:\\\/\\\/cms.zdv.uni-mainz.de\\\/studium\\\/wp-content\\\/uploads\\\/sites\\\/12\\\/2023\\\/06\\\/Spotify_Icon_RGB_Green.png&quot;,\n        &quot;id&quot;: 5557,\n        &quot;title&quot;: &quot;Spotify_Icon_RGB_Green&quot;,\n        &quot;width&quot;: 709,\n        &quot;height&quot;: 709,\n        &quot;srcset&quot;: &quot;https:\\\/\\\/cms.zdv.uni-mainz.de\\\/studium\\\/wp-content\\\/uploads\\\/sites\\\/12\\\/2023\\\/06\\\/Spotify_Icon_RGB_Green.png 709w, https:\\\/\\\/cms.zdv.uni-mainz.de\\\/studium\\\/wp-content\\\/uploads\\\/sites\\\/12\\\/2023\\\/06\\\/Spotify_Icon_RGB_Green-300x300.png 300w, https:\\\/\\\/cms.zdv.uni-mainz.de\\\/studium\\\/wp-content\\\/uploads\\\/sites\\\/12\\\/2023\\\/06\\\/Spotify_Icon_RGB_Green-150x150.png 150w&quot;\n    },\n    &quot;link&quot;: {\n        &quot;url&quot;: &quot;https:\\\/\\\/open.spotify.com\\\/show\\\/6hloQwuQ8y5wPMV67MyVAw#:~:text=In%20dieser%20LIVE%2DAufzeichung%20vom,nach%20dem%20passenden%20Studienfach%20sind.&quot;,\n        &quot;linkTarget&quot;: &quot;_blank&quot;,\n        &quot;rel&quot;: &quot;noreferrer noopener&quot;\n    },\n    &quot;linkType&quot;: &quot;&quot;\n}\">\n    \n<\/jgu-base-logogriditem>\n\n\n<jgu-base-logogriditem react-props=\"{\n    &quot;image&quot;: {\n        &quot;url&quot;: &quot;https:\\\/\\\/cms.zdv.uni-mainz.de\\\/studium\\\/wp-content\\\/uploads\\\/sites\\\/12\\\/2023\\\/06\\\/Apple_Podcast_Icon.jpg&quot;,\n        &quot;id&quot;: 5554,\n        &quot;title&quot;: &quot;Apple_Podcast_Icon&quot;,\n        &quot;width&quot;: 512,\n        &quot;height&quot;: 512,\n        &quot;srcset&quot;: &quot;https:\\\/\\\/cms.zdv.uni-mainz.de\\\/studium\\\/wp-content\\\/uploads\\\/sites\\\/12\\\/2023\\\/06\\\/Apple_Podcast_Icon.jpg 512w, https:\\\/\\\/cms.zdv.uni-mainz.de\\\/studium\\\/wp-content\\\/uploads\\\/sites\\\/12\\\/2023\\\/06\\\/Apple_Podcast_Icon-300x300.jpg 300w, https:\\\/\\\/cms.zdv.uni-mainz.de\\\/studium\\\/wp-content\\\/uploads\\\/sites\\\/12\\\/2023\\\/06\\\/Apple_Podcast_Icon-150x150.jpg 150w&quot;\n    },\n    &quot;link&quot;: {\n        &quot;url&quot;: &quot;https:\\\/\\\/podcasts.apple.com\\\/de\\\/podcast\\\/studieren-aber-was\\\/id1523620014&quot;,\n        &quot;linkTarget&quot;: &quot;_blank&quot;,\n        &quot;rel&quot;: &quot;noreferrer noopener&quot;\n    },\n    &quot;linkType&quot;: &quot;&quot;\n}\">\n    \n<\/jgu-base-logogriditem>\n\n\n<jgu-base-logogriditem react-props=\"{\n    &quot;image&quot;: {\n        &quot;url&quot;: &quot;https:\\\/\\\/cms.zdv.uni-mainz.de\\\/studium\\\/wp-content\\\/uploads\\\/sites\\\/12\\\/2023\\\/06\\\/Colored_Equalizer@2x.png&quot;,\n        &quot;id&quot;: 5560,\n        &quot;title&quot;: &quot;Colored_Equalizer@2x&quot;,\n        &quot;width&quot;: 178,\n        &quot;height&quot;: 117\n    },\n    &quot;link&quot;: {\n        &quot;url&quot;: &quot;https:\\\/\\\/www.deezer.com\\\/de\\\/show\\\/1511382&quot;,\n        &quot;linkTarget&quot;: &quot;_blank&quot;,\n        &quot;rel&quot;: &quot;noreferrer noopener&quot;\n    },\n    &quot;linkType&quot;: &quot;&quot;\n}\">\n    \n<\/jgu-base-logogriditem>\n\n\n<\/jgu-base-logogrid>\n<\/div><\/div>\n<\/jgu-base-section>    <div style=\"display: none\">\n        \n    <\/div>","protected":false},"excerpt":{"rendered":"","protected":false},"author":90,"featured_media":0,"parent":58598,"menu_order":0,"comment_status":"closed","ping_status":"closed","template":"","meta":{"footnotes":""},"categories":[1195],"tags":[],"class_list":["post-76736","page","type-page","status-publish","hentry","category-portal-studium-en"],"content_raw":"<!-- wp:jgu\/pageheader {\"items\":[{\"box\":{\"index\":\"Podcast\",\"title\":\"Studieren! Aber was? Your Podcast on Choosing a Degree Program\",\"link\":{\"url\":\"\",\"title\":\"learn more\"}},\"color\":\"red\",\"image\":{\"url\":null,\"id\":48668},\"imgCredit\":\"\",\"useVideo\":false,\"video\":false}],\"type\":\"default\",\"useBreadcrumb\":true} \/-->\n\n<!-- wp:jgu\/anchornavigation \/-->\n\n<!-- wp:jgu\/anchorpoint {\"title\":\"Concept\",\"slug\":\"concept\"} \/-->\n\n<!-- wp:jgu\/section {\"color\":\"white\"} -->\n<div class=\"jgu-bgsection bg bg-white \"><div class=\"content padding-medium\"><!-- wp:jgu\/heading {\"index\":\"Study orientation \\u0026amp; choosing a degree program\",\"tags\":{\"htmlTag\":\"h2\",\"classTag\":\"\",\"tag\":\"h2\"},\"heading\":\"Studieren! Aber was? Your Podcast on Choosing a Degree Program\"} \/-->\n\n<!-- wp:columns {\"className\":\"\"} -->\n<div class=\"wp-block-columns\"><!-- wp:column {\"width\":\"60%\"} -->\n<div class=\"wp-block-column\" style=\"flex-basis:60%\"><!-- wp:paragraph {\"className\":\"has-big-font-size\"} -->\n<p class=\"has-big-font-size\">It is not always easy to find the right degree program. What\u2019s the best way to figure it out?<\/p>\n<!-- \/wp:paragraph -->\n\n<!-- wp:paragraph {\"className\":\"has-big-font-size\"} -->\n<p class=\"has-big-font-size\">In the podcast \u201cStudieren! Aber was?\u201d (\u201cStudy! But what?\u201d), academic advisors Franziska, Annabelle, and Julia provide simple <strong>tips and suggestions on how to find the right program of study for you<\/strong> and what you should look out for when choosing your degree. <\/p>\n<!-- \/wp:paragraph -->\n\n<!-- wp:paragraph {\"className\":\"has-big-font-size\"} -->\n<p class=\"has-big-font-size\">You can also learn more about <strong>individual subjects<\/strong>. Annabelle and Franziska each talk to a student at Mainz University and ask them what it is like to study a particular subject, what you need to know, and what career opportunities it opens up.<\/p>\n<!-- \/wp:paragraph -->\n\n<!-- wp:paragraph {\"className\":\"has-big-font-size\"} -->\n<p class=\"has-big-font-size\">Trying to find the right program of study? Let our podcast be your guide!<\/p>\n<!-- \/wp:paragraph -->\n\n<!-- wp:paragraph {\"className\":\"has-big-font-size\"} -->\n<p class=\"has-big-font-size\"><strong>Please note: All episodes of the podcast are in German.<\/strong> <\/p>\n<!-- \/wp:paragraph -->\n\n<!-- wp:paragraph {\"className\":\"has-big-font-size\"} -->\n<p class=\"has-big-font-size\">You can find them on all major podcast streaming platforms. <\/p>\n<!-- \/wp:paragraph -->\n\n<!-- wp:paragraph {\"className\":\"has-big-font-size\"} -->\n<p class=\"has-big-font-size\">Just browse and listen!<\/p>\n<!-- \/wp:paragraph --><\/div>\n<!-- \/wp:column -->\n\n<!-- wp:column {\"verticalAlignment\":\"bottom\",\"width\":\"33%\",\"fontSize\":\"medium\"} -->\n<div class=\"wp-block-column is-vertically-aligned-bottom has-medium-font-size\" style=\"flex-basis:33%\"><!-- wp:jgu\/teaserbox {\"headline\":{\"htmlTag\":\"h2\",\"classTag\":\"\",\"tag\":\"h2\"},\"image\":{\"id\":104576,\"url\":null,\"credit\":\"\",\"hideCredit\":true},\"useLinkList\":true,\"linkList\":[{\"text\":\"\\u003ca href=\\u0022https:\/\/open.spotify.com\/show\/6hloQwuQ8y5wPMV67MyVAw#:~:text=In%20dieser%20LIVE%2DAufzeichung%20vom,nach%20dem%20passenden%20Studienfach%20sind.\\u0022 target=\\u0022_blank\\u0022 rel=\\u0022noreferrer noopener\\u0022\\u003eSpotify\\u003c\/a\\u003e\",\"icon\":\"info\",\"link\":{\"url\":\"https:\/\/open.spotify.com\/show\/6hloQwuQ8y5wPMV67MyVAw#:~:text=In%20dieser%20LIVE%2DAufzeichung%20vom,nach%20dem%20passenden%20Studienfach%20sind.\"}},{\"text\":\"\\u003ca href=\\u0022https:\/\/podcasts.apple.com\/de\/podcast\/studieren-aber-was\/id1523620014\\u0022 target=\\u0022_blank\\u0022 rel=\\u0022noreferrer noopener\\u0022\\u003eApple Podcasts\\u003c\/a\\u003e\",\"icon\":\"info\",\"link\":{\"url\":\"https:\/\/podcasts.apple.com\/de\/podcast\/studieren-aber-was\/id1523620014\"}},{\"text\":\"\\u003ca href=\\u0022https:\/\/www.deezer.com\/de\/show\/1511382\\u0022 target=\\u0022_blank\\u0022 rel=\\u0022noreferrer noopener\\u0022\\u003eDeezer \\u003c\/a\\u003e\",\"icon\":\"info\",\"link\":{\"url\":\"https:\/\/www.deezer.com\/de\/show\/1511382\"}},{\"text\":\"\\u003ca href=\\u0022https:\/\/music.amazon.de\/podcasts\/69cbe9d5-be1c-43b4-9309-76660e054067\/studieren-aber-was\\u0022 data-type=\\u0022link\\u0022 data-id=\\u0022https:\/\/music.amazon.de\/podcasts\/69cbe9d5-be1c-43b4-9309-76660e054067\/studieren-aber-was\\u0022 target=\\u0022_blank\\u0022 rel=\\u0022noreferrer noopener\\u0022\\u003eAmazon Music\\u003c\/a\\u003e\",\"icon\":\"info\",\"link\":{\"url\":\"https:\/\/music.amazon.de\/podcasts\/69cbe9d5-be1c-43b4-9309-76660e054067\/studieren-aber-was\"}},{\"text\":\"\\u003ca href=\\u0022https:\/\/studieren-aber-was.podigee.io\/\\u0022\\u003ePodigee\\u003c\/a\\u003e\",\"icon\":\"info\",\"link\":{\"url\":\"https:\/\/studieren-aber-was.podigee.io\/\"}}],\"color\":\"blue\",\"title\":\"Where can I find the podcast?\",\"excerpt\":\"You can find the podcast on all popular streaming platforms. \",\"linkTitle\":\"learn more\",\"overboxImage\":true,\"template\":\"linkList\"} -->\n<!-- wp:jgu\/list-item {\"allowNesting\":false,\"title\":\"\\u003ca href=\\u0022https:\/\/open.spotify.com\/show\/6hloQwuQ8y5wPMV67MyVAw#:~:text=In%20dieser%20LIVE%2DAufzeichung%20vom,nach%20dem%20passenden%20Studienfach%20sind.\\u0022 target=\\u0022_blank\\u0022 rel=\\u0022noreferrer noopener\\u0022\\u003eSpotify\\u003c\/a\\u003e\",\"uuid\":\"1703240251929\",\"link\":{\"url\":\"https:\/\/open.spotify.com\/show\/6hloQwuQ8y5wPMV67MyVAw#:~:text=In%20dieser%20LIVE%2DAufzeichung%20vom,nach%20dem%20passenden%20Studienfach%20sind.\"}} \/-->\n\n<!-- wp:jgu\/list-item {\"allowNesting\":false,\"title\":\"\\u003ca href=\\u0022https:\/\/podcasts.apple.com\/de\/podcast\/studieren-aber-was\/id1523620014\\u0022 target=\\u0022_blank\\u0022 rel=\\u0022noreferrer noopener\\u0022\\u003eApple Podcasts\\u003c\/a\\u003e\",\"uuid\":\"1703240262623\",\"link\":{\"url\":\"https:\/\/podcasts.apple.com\/de\/podcast\/studieren-aber-was\/id1523620014\"}} \/-->\n\n<!-- wp:jgu\/list-item {\"allowNesting\":false,\"title\":\"\\u003ca href=\\u0022https:\/\/www.deezer.com\/de\/show\/1511382\\u0022 target=\\u0022_blank\\u0022 rel=\\u0022noreferrer noopener\\u0022\\u003eDeezer \\u003c\/a\\u003e\",\"uuid\":\"1703240279107\",\"link\":{\"url\":\"https:\/\/www.deezer.com\/de\/show\/1511382\"}} \/-->\n\n<!-- wp:jgu\/list-item {\"allowNesting\":false,\"title\":\"\\u003ca href=\\u0022https:\/\/music.amazon.de\/podcasts\/69cbe9d5-be1c-43b4-9309-76660e054067\/studieren-aber-was\\u0022 data-type=\\u0022link\\u0022 data-id=\\u0022https:\/\/music.amazon.de\/podcasts\/69cbe9d5-be1c-43b4-9309-76660e054067\/studieren-aber-was\\u0022 target=\\u0022_blank\\u0022 rel=\\u0022noreferrer noopener\\u0022\\u003eAmazon Music\\u003c\/a\\u003e\",\"uuid\":\"1703240291988\",\"link\":{\"url\":\"https:\/\/music.amazon.de\/podcasts\/69cbe9d5-be1c-43b4-9309-76660e054067\/studieren-aber-was\"}} \/-->\n\n<!-- wp:jgu\/list-item {\"allowNesting\":false,\"title\":\"\\u003ca href=\\u0022https:\/\/studieren-aber-was.podigee.io\/\\u0022\\u003ePodigee\\u003c\/a\\u003e\",\"uuid\":\"1726739158548\",\"link\":{\"url\":\"https:\/\/studieren-aber-was.podigee.io\/\"}} \/-->\n<!-- \/wp:jgu\/teaserbox --><\/div>\n<!-- \/wp:column --><\/div>\n<!-- \/wp:columns --><\/div><\/div>\n<!-- \/wp:jgu\/section -->\n\n<!-- wp:spacer {\"height\":\"55px\"} -->\n<div style=\"height:55px\" aria-hidden=\"true\" class=\"wp-block-spacer\"><\/div>\n<!-- \/wp:spacer -->\n\n<!-- wp:jgu\/section {\"color\":\"dark\"} -->\n<div class=\"jgu-bgsection bg bg-dark \"><div class=\"content padding-medium\"><!-- wp:jgu\/anchorpoint {\"title\":\"Testimonials\",\"slug\":\"testimonials\"} \/-->\n\n<!-- wp:spacer {\"height\":\"69px\"} -->\n<div style=\"height:69px\" aria-hidden=\"true\" class=\"wp-block-spacer\"><\/div>\n<!-- \/wp:spacer -->\n\n<!-- wp:jgu\/heading {\"index\":\"Testimonials\",\"color\":\"default\",\"tags\":{\"htmlTag\":\"h2\",\"classTag\":\"\",\"tag\":\"h2\"},\"heading\":\"What do listeners of the podcast think?\"} \/-->\n\n<!-- wp:columns {\"className\":\"\"} -->\n<div class=\"wp-block-columns\"><!-- wp:column -->\n<div class=\"wp-block-column\"><!-- wp:jgu\/testimonials {\"zitat\":\"In the very first episodes, the podcast made me question my interests, skills, and values \u2013 in short, myself. This helped me to get to know myself better so that I could find my way through the maze of subjects much more easily. The episodes on individual subjects helped me to include or rule out certain subjects according to my expectations and to make the decision that was best for me.\",\"subline\":\"Sarah, secondary school graduate\",\"background\":\"\"} \/--><\/div>\n<!-- \/wp:column -->\n\n<!-- wp:column -->\n<div class=\"wp-block-column\"><!-- wp:jgu\/testimonials {\"zitat\":\"How I wish the podcast \u201cStudieren! Aber was?\u201d had existed when I was choosing my degree program! I particularly appreciate the fact that the students talk about their personal experiences and don't leave out the difficult parts of their choices. As someone who switched programs, it was reassuring to hear that I am not alone in this experience.\",\"subline\":\"Jan, medical student\",\"background\":\"\"} \/--><\/div>\n<!-- \/wp:column -->\n\n<!-- wp:column -->\n<div class=\"wp-block-column\"><!-- wp:jgu\/testimonials {\"zitat\":\"Like many others, I didn't know what to do after graduating from secondary school. The podcast would have helped me a lot at the time to make a well-informed decision from the huge selection of subjects. I particularly like the authentic and often surprising insights that the students give into their subjects and how friendly the two presenters are.\",\"subline\":\"Theresa, former university student\",\"background\":\"\"} \/--><\/div>\n<!-- \/wp:column --><\/div>\n<!-- \/wp:columns --><\/div><\/div>\n<!-- \/wp:jgu\/section -->\n\n<!-- wp:spacer {\"height\":\"55px\"} -->\n<div style=\"height:55px\" aria-hidden=\"true\" class=\"wp-block-spacer\"><\/div>\n<!-- \/wp:spacer -->\n\n<!-- wp:jgu\/section {\"color\":\"white\"} -->\n<div class=\"jgu-bgsection bg bg-white \"><div class=\"content padding-medium\"><!-- wp:jgu\/anchorpoint {\"title\":\"All episodes\",\"slug\":\"all-episodes\"} \/-->\n\n<!-- wp:jgu\/heading {\"index\":\"Podcast episodes\",\"color\":\"default\",\"tags\":{\"htmlTag\":\"h2\",\"classTag\":\"\",\"tag\":\"h2\"},\"heading\":\"All previous episodes at a glance\"} \/-->\n\n<!-- wp:jgu\/alertbox {\"children\":\"\\u003cstrong\\u003eDue to technical difficulties, the podcast episodes are currently only accessible over the most common external steaming platforms.\",\"icon\":\"exclamation-triangle-solid\",\"iconColor\":\"red\"} \/-->\n\n<!-- wp:columns {\"className\":\"\"} -->\n<div class=\"wp-block-columns\"><!-- wp:column {\"width\":\"33.33%\"} -->\n<div class=\"wp-block-column\" style=\"flex-basis:33.33%\"><!-- wp:jgu\/image {\"image\":{\"url\":null,\"id\":29543,\"hideCredit\":true}} \/--><\/div>\n<!-- \/wp:column -->\n\n<!-- wp:column {\"width\":\"66.66%\"} -->\n<div class=\"wp-block-column\" style=\"flex-basis:66.66%\"><!-- wp:jgu\/accordion {\"selected\":1,\"hasAllOpenButton\":false,\"onlyOne\":true,\"enableSearch\":true} -->\n<!-- wp:jgu\/accordion-item {\"title\":\"Episode 57: Was macht man in Polonistik?\",\"init\":false,\"slug\":\"episode-57-was-macht-man-in-polonistik\"} -->\n<!-- wp:paragraph {\"className\":\"has-big-font-size\"} -->\n<p class=\"has-big-font-size\">This episode falls into the category of linguistics and cultural studies. Our guest Zuzanna is a student of Slavic Studies with a focus on Polish Studies. If you are interested in eastern European cultures and languages and you want to take a closer look at the history, society and politics of this cultural space, then this degree program is the right one for you! Let\u2019s see what it\u2019s all about.<\/p>\n<!-- \/wp:paragraph -->\n\n<!-- wp:columns {\"className\":\"\"} -->\n<div class=\"wp-block-columns\"><!-- wp:column {\"verticalAlignment\":\"top\"} -->\n<div class=\"wp-block-column is-vertically-aligned-top\"><!-- wp:jgu\/image {\"image\":{\"url\":null,\"id\":264}} \/--><\/div>\n<!-- \/wp:column -->\n\n<!-- wp:column -->\n<div class=\"wp-block-column\"><!-- wp:jgu\/alertbox {\"headline\":\"\\u003cstrong\\u003eLinks\\u003c\/strong\\u003e\",\"subline\":\"\\u003ca href=\\u0022https:\/\/www.hochschulkompass.de\/en\/study-in-germany.html\\u0022 target=\\u0022_blank\\u0022 rel=\\u0022noreferrer noopener\\u0022\\u003eHigher Education Compass\\u003c\/a\\u003e\\u003cbr\\u003e\\u003ca href=\\u0022https:\/\/www.studium.uni-mainz.de\/en\/choosing-your-degree-program\/courses-offered\/slavic-studies-eastern-european-studies-focus-polish-studies-ba\/\\u0022\\u003eSlavic\u00a0\/\u00a0Eastern European Studies\u00a0\u2013 Focus on Polish Studies (M.A.)\\u003cbr\\u003e\\u003ca href=\\u0022https:\/\/www.instagram.com\/mainzerpolonicum\/\\u0022\\u003eMainz Polonicum on Instagram\\u003c\/a\\u003e\\u003cbr\\u003e\\u003cbr\\u003e\",\"iconColor\":\"red\"} \/--><\/div>\n<!-- \/wp:column --><\/div>\n<!-- \/wp:columns -->\n<!-- \/wp:jgu\/accordion-item -->\n\n<!-- wp:jgu\/accordion-item {\"title\":\"Episode 56: Was macht man in Portugiesisch?\",\"init\":false,\"slug\":\"episode-56-was-macht-man-in-portugiesisch\"} -->\n<!-- wp:paragraph {\"className\":\"has-big-font-size\"} -->\n<p class=\"has-big-font-size\">With over 250 million speakers, Portuguese is one of the most widely spoken languages in the world. If you choose this program of study, you will become an expert on the countries and regions within Europe, the Americas, Africa, and Asia where Portuguese is spoken. You will learn to read, understand, and interpret Portuguese texts and get to know different cultures. The history of the Portuguese-speaking world also makes up a key component of the degree program. Sounds interesting? Then listen to what Mirco has to say about his program of study.<\/p>\n<!-- \/wp:paragraph -->\n\n<!-- wp:columns {\"className\":\"\"} -->\n<div class=\"wp-block-columns\"><!-- wp:column {\"verticalAlignment\":\"top\"} -->\n<div class=\"wp-block-column is-vertically-aligned-top\"><!-- wp:jgu\/image {\"image\":{\"url\":null,\"id\":249},\"link\":{\"url\":\"https:\/\/www.studium.uni-mainz.de\/en\/choosing-your-degree-program\/courses-offered\/portuguese-ba\/\",\"linkTarget\":\"_blank\",\"rel\":\"noreferrer noopener\"}} \/--><\/div>\n<!-- \/wp:column -->\n\n<!-- wp:column -->\n<div class=\"wp-block-column\"><!-- wp:jgu\/alertbox {\"headline\":\"\\u003cstrong\\u003eLinks\\u003c\/strong\\u003e\",\"subline\":\"\\u003ca href=\\u0022https:\/\/www.hochschulkompass.de\/en\/study-in-germany.html\\u0022 target=\\u0022_blank\\u0022 rel=\\u0022noreferrer noopener\\u0022\\u003eHigher Education Compass\\u003c\/a\\u003e\\u003cbr\\u003e\\u003ca href=\\u0022https:\/\/www.studium.uni-mainz.de\/en\/choosing-your-degree-program\/courses-offered\/portuguese-ba\/\\u0022 data-type=\\u0022link\\u0022 data-id=\\u0022https:\/\/www.studium.uni-mainz.de\/studienwahl\/studienangebot\/physik-bsc\/\\u0022 target=\\u0022_blank\\u0022 rel=\\u0022noreferrer noopener\\u0022\\u003ePortuguese degree description\\u003c\/a\\u003e\",\"iconColor\":\"red\"} \/--><\/div>\n<!-- \/wp:column --><\/div>\n<!-- \/wp:columns -->\n<!-- \/wp:jgu\/accordion-item -->\n\n<!-- wp:jgu\/accordion-item {\"title\":\"Episode 55: Summer Special 2\u00a0\u2013 Studis geben Tipps zur Studienwahl (LIVE in Mainz)\",\"init\":false,\"slug\":\"episode-55-summer-special-2-studis-geben-tipps-zur-studienwahl-live-in-mainz\"} -->\n<!-- wp:paragraph {\"className\":\"has-big-font-size\"} -->\n<p class=\"has-big-font-size\">We have recorded another LIVE episode. Similarly to last summer, we took to the stage during the university open house to speak with JGU students about the degree programs they chose. What helped you when deciding what to study? How did you overcome doubts? What tips do you have for those still deciding what to study?<\/p>\n<!-- \/wp:paragraph -->\n\n<!-- wp:columns {\"className\":\"\"} -->\n<div class=\"wp-block-columns\"><!-- wp:column {\"verticalAlignment\":\"top\"} -->\n<div class=\"wp-block-column is-vertically-aligned-top\"><!-- wp:jgu\/image {\"image\":{\"url\":null,\"id\":20462}} \/--><\/div>\n<!-- \/wp:column -->\n\n<!-- wp:column -->\n<div class=\"wp-block-column\"><!-- wp:jgu\/alertbox {\"headline\":\"\\u003cstrong\\u003eLinks\\u003c\/strong\\u003e\",\"subline\":\"\\u003ca href=\\u0022https:\/\/www.hochschulkompass.de\/en\/study-in-germany.html\\u0022 target=\\u0022_blank\\u0022 rel=\\u0022noreferrer noopener\\u0022\\u003eHigher Education Compass\\u003c\/a\\u003e\\u003cbr\\u003e\\u003ca href=\\u0022https:\/\/studienwahl.de\/en\\u0022 target=\\u0022_blank\\u0022 rel=\\u0022noreferrer noopener\\u0022\\u003eChoosing your degree and study orientation\\u003c\/a\\u003e\\u003cbr\\u003e\\u003ca href=\\u0022https:\/\/www.instagram.com\/unimainz\/\\u0022 target=\\u0022_blank\\u0022 rel=\\u0022noreferrer noopener\\u0022\\u003eJGU Mainz on Instagram\\u003c\/a\\u003e\\u003cbr\\u003e\",\"iconColor\":\"red\"} \/--><\/div>\n<!-- \/wp:column --><\/div>\n<!-- \/wp:columns -->\n<!-- \/wp:jgu\/accordion-item -->\n\n<!-- wp:jgu\/accordion-item {\"title\":\"Episode 54: Was macht man in Wirtschaftswissenschaften?\",\"init\":false,\"slug\":\"episode-54-was-macht-man-in-wirtschaftswissenschaften\"} -->\n<!-- wp:paragraph {\"className\":\"has-big-font-size\"} -->\n<p class=\"has-big-font-size\">What is the economy and how does it work? If this question interests you and you are not afraid of numbers, Economics may be the right degree program for you!  Tristan tells us about it.<\/p>\n<!-- \/wp:paragraph -->\n\n<!-- wp:columns {\"className\":\"\"} -->\n<div class=\"wp-block-columns\"><!-- wp:column {\"verticalAlignment\":\"top\"} -->\n<div class=\"wp-block-column is-vertically-aligned-top\"><!-- wp:jgu\/image {\"image\":{\"url\":null,\"id\":34886},\"link\":{\"url\":\"https:\/\/www.studium.uni-mainz.de\/en\/choosing-your-degree-program\/courses-offered\/business-economics-bsc\/\",\"linkTarget\":\"_blank\",\"rel\":\"noreferrer noopener\"}} \/--><\/div>\n<!-- \/wp:column -->\n\n<!-- wp:column -->\n<div class=\"wp-block-column\"><!-- wp:jgu\/alertbox {\"headline\":\"\\u003cstrong\\u003eLinks\\u003c\/strong\\u003e\",\"subline\":\"\\u003ca href=\\u0022https:\/\/www.hochschulkompass.de\/en\/study-in-germany.html\\u0022 target=\\u0022_blank\\u0022 rel=\\u0022noreferrer noopener\\u0022\\u003eHigher Education Compass\\u003c\/a\\u003e\\u003cbr\\u003e\\u003ca href=\\u0022https:\/\/www.studium.uni-mainz.de\/en\/choosing-your-degree-program\/courses-offered\/business-economics-bsc\/\\u0022 data-type=\\u0022link\\u0022 data-id=\\u0022https:\/\/www.studium.uni-mainz.de\/studienwahl\/studienangebot\/physik-bsc\/\\u0022 target=\\u0022_blank\\u0022 rel=\\u0022noreferrer noopener\\u0022\\u003eEconomics degree description\\u003c\/a\\u003e\",\"children\":\"\\u003cbr\\u003e\",\"iconColor\":\"red\"} \/--><\/div>\n<!-- \/wp:column --><\/div>\n<!-- \/wp:columns -->\n<!-- \/wp:jgu\/accordion-item -->\n\n<!-- wp:jgu\/accordion-item {\"title\":\"Episode 53: Studieren ohne Abitur?\",\"init\":false,\"slug\":\"episode-53-studieren-ohne-abitur\"} -->\n<!-- wp:paragraph {\"className\":\"has-big-font-size\"} -->\n<p class=\"has-big-font-size\">Is it possible to study without a German <i>Abitur?<\/i> Yes, it is! In this special episode, Annabelle and Franziska talk about which requirements you will need to fulfill to be able to study without a German <i>Abitur<\/i>, for example, by providing proof of completed vocational training.<\/p>\n<!-- \/wp:paragraph -->\n\n<!-- wp:columns {\"className\":\"\"} -->\n<div class=\"wp-block-columns\"><!-- wp:column {\"verticalAlignment\":\"top\"} -->\n<div class=\"wp-block-column is-vertically-aligned-top\"><!-- wp:jgu\/image {\"image\":{\"url\":null,\"id\":10738}} \/--><\/div>\n<!-- \/wp:column -->\n\n<!-- wp:column -->\n<div class=\"wp-block-column\"><!-- wp:jgu\/alertbox {\"headline\":\"\\u003cstrong\\u003eLinks\\u003c\/strong\\u003e\",\"subline\":\"\\u003ca href=\\u0022https:\/\/studieren-ohne-abitur.de\/\\u0022 target=\\u0022_blank\\u0022 rel=\\u0022noreferrer noopener\\u0022\\u003eStudying without a German\\u003ci\\u003e Abitur\\u003c\/i\\u003e\\u003c\/a\\u003e\\u003cbr\\u003e\\u003ca href=\\u0022https:\/\/www.studium.uni-mainz.de\/en\/your-application\/application-process\/studying-without-a-german-abitur\/\\u0022 data-type=\\u0022link\\u0022 data-id=\\u0022https:\/\/www.studium.uni-mainz.de\/studienwahl\/studienangebot\/physik-bsc\/\\u0022 target=\\u0022_blank\\u0022 rel=\\u0022noreferrer noopener\\u0022\\u003eStudying without a German \\u003ci\\u003eAbitur \\u003c\/i\\u003eat JGU\\u003c\/a\\u003e\\u003cbr\\u003e\\u003ca href=\\u0022https:\/\/www.studium.uni-mainz.de\/en\/your-application\/application-process\/university-entrance-qualification\/\\u0022\\u003eUniversity entrance qualification\\u003c\/a\\u003e\\u003cbr\\u003e\\u003ca href=\\u0022https:\/\/www.studium-ohne-abitur-rlp.de\/\\u0022\\u003eStudying without a German \\u003ci\\u003eAbitur \\u003c\/i\\u003ein Rhineland-Palatinate\\u003c\/a\\u003e\\u003cbr\\u003e\\u003ca href=\\u0022https:\/\/www.landesrecht.rlp.de\/bsrp\/document\/jlr-UniStudBVRP2010rahmen\\u0022\\u003eState ordinance on the direct university entrance qualification for professionally qualified applicants\\u003c\/a\\u003e\",\"iconColor\":\"red\"} \/--><\/div>\n<!-- \/wp:column --><\/div>\n<!-- \/wp:columns -->\n<!-- \/wp:jgu\/accordion-item -->\n\n<!-- wp:jgu\/accordion-item {\"title\":\"Episode 52: Was macht man in Biologie?\",\"init\":false,\"slug\":\"episode-52-was-macht-man-in-biologie\"} -->\n<!-- wp:paragraph {\"className\":\"has-big-font-size\"} -->\n<p class=\"has-big-font-size\">In the Biology degree program, you will delve into topics pertaining to all life forms&nbsp;\u2013 from humans, plants and animals down to microorganisms and viruses.  Biology is often referred to as \u201cthe science of life\u201d&nbsp;\u2013 and rightly so. It deals with both the broadness of everything that comprises all forms of life as well as with the distinctness of singular organisms. Listen to Robert tell us about it.<\/p>\n<!-- \/wp:paragraph -->\n\n<!-- wp:columns {\"className\":\"\"} -->\n<div class=\"wp-block-columns\"><!-- wp:column {\"verticalAlignment\":\"top\"} -->\n<div class=\"wp-block-column is-vertically-aligned-top\"><!-- wp:jgu\/image {\"image\":{\"url\":null,\"id\":45035},\"link\":{\"url\":\"https:\/\/www.studium.uni-mainz.de\/en\/choosing-your-degree-program\/courses-offered\/biology-bsc\/\",\"linkTarget\":\"_blank\",\"rel\":\"noreferrer noopener\"}} \/--><\/div>\n<!-- \/wp:column -->\n\n<!-- wp:column -->\n<div class=\"wp-block-column\"><!-- wp:jgu\/alertbox {\"headline\":\"\\u003cstrong\\u003eLinks\\u003c\/strong\\u003e\",\"subline\":\"\\u003ca href=\\u0022https:\/\/www.hochschulkompass.de\/en\/study-in-germany.html\\u0022 target=\\u0022_blank\\u0022 rel=\\u0022noreferrer noopener\\u0022\\u003eHigher Education Compass\\u003c\/a\\u003e\\u003cbr\\u003e\\u003ca href=\\u0022https:\/\/www.studium.uni-mainz.de\/en\/choosing-your-degree-program\/courses-offered\/biology-bsc\/\\u0022 data-type=\\u0022link\\u0022 data-id=\\u0022https:\/\/www.studium.uni-mainz.de\/studienwahl\/studienangebot\/physik-bsc\/\\u0022 target=\\u0022_blank\\u0022 rel=\\u0022noreferrer noopener\\u0022\\u003eBiology degree description\\u003c\/a\\u003e\",\"children\":\"\\u003cbr\\u003e\",\"iconColor\":\"red\"} \/--><\/div>\n<!-- \/wp:column --><\/div>\n<!-- \/wp:columns -->\n<!-- \/wp:jgu\/accordion-item -->\n\n<!-- wp:jgu\/accordion-item {\"title\":\"Episode 51: Was macht man in Englisch?\",\"init\":false,\"slug\":\"episode-51-was-macht-man-in-englisch\"} -->\n<!-- wp:paragraph {\"className\":\"has-big-font-size\"} -->\n<p class=\"has-big-font-size\">Our guest, Lena, studies English Literature and Culture.This program of study examines literature and culture from the English-speaking world (aside from the US), and considers, for example, what texts can tell us about British and Commonwealth history as well as the associated cultures. At other universities, this program may be called English or British Studies. Let\u2019s hear what Lena has to say about her program.<\/p>\n<!-- \/wp:paragraph -->\n\n<!-- wp:columns {\"className\":\"\"} -->\n<div class=\"wp-block-columns\"><!-- wp:column {\"verticalAlignment\":\"top\"} -->\n<div class=\"wp-block-column is-vertically-aligned-top\"><!-- wp:jgu\/image {\"image\":{\"url\":null,\"id\":138},\"link\":{\"url\":\"https:\/\/www.studium.uni-mainz.de\/en\/choosing-your-degree-program\/courses-offered\/english-literature-and-culture-ba\/\",\"linkTarget\":\"_blank\",\"rel\":\"noreferrer noopener\"}} \/--><\/div>\n<!-- \/wp:column -->\n\n<!-- wp:column -->\n<div class=\"wp-block-column\"><!-- wp:jgu\/alertbox {\"headline\":\"\\u003cstrong\\u003eLinks\\u003c\/strong\\u003e\",\"subline\":\"\\u003ca href=\\u0022https:\/\/www.hochschulkompass.de\/en\/study-in-germany.html\\u0022 target=\\u0022_blank\\u0022 rel=\\u0022noreferrer noopener\\u0022\\u003eHigher Education Compass\\u003c\/a\\u003e\\u003cbr\\u003e\\u003ca href=\\u0022https:\/\/www.studium.uni-mainz.de\/en\/choosing-your-degree-program\/courses-offered\/english-literature-and-culture-ba\/\\u0022 data-type=\\u0022link\\u0022 data-id=\\u0022https:\/\/www.studium.uni-mainz.de\/studienwahl\/studienangebot\/physik-bsc\/\\u0022 target=\\u0022_blank\\u0022 rel=\\u0022noreferrer noopener\\u0022\\u003eEnglish Literature and Culture degree description\\u003c\/a\\u003e\\u003cbr\\u003e\\u003cbr\\u003eEnglish-language TV series suggestions:\\u003cbr\\u003eThe Crown\\u003cbr\\u003eThe End of the F**ing World\\u003cbr\\u003eSe* Education\\u003cbr\\u003eMonty Python's Flying Circus\",\"children\":\"\\u003cbr\\u003e\",\"iconColor\":\"red\"} \/--><\/div>\n<!-- \/wp:column --><\/div>\n<!-- \/wp:columns -->\n<!-- \/wp:jgu\/accordion-item -->\n\n<!-- wp:jgu\/accordion-item {\"title\":\"Episode 50: Was macht man in Geographie?\",\"init\":false,\"slug\":\"episode-50-was-macht-man-in-geographie\"} -->\n<!-- wp:paragraph {\"className\":\"has-big-font-size\"} -->\n<p class=\"has-big-font-size\">Our global climate is a central topic of our day and the Geography degree program is one that addresses climate-related issues. To understand Geography is to understand human-environment relations. For this reason, this degree program encompasses a broader range of topics beyond climate, including associated social implications. Listen to what Marc has to say about what you will learn in this program of study.<\/p>\n<!-- \/wp:paragraph -->\n\n<!-- wp:columns {\"className\":\"\"} -->\n<div class=\"wp-block-columns\"><!-- wp:column {\"verticalAlignment\":\"top\"} -->\n<div class=\"wp-block-column is-vertically-aligned-top\"><!-- wp:jgu\/image {\"image\":{\"url\":null,\"id\":777},\"link\":{\"url\":\"https:\/\/www.studium.uni-mainz.de\/en\/choosing-your-degree-program\/courses-offered\/geography-bsc\/\",\"linkTarget\":\"_blank\",\"rel\":\"noreferrer noopener\"}} \/--><\/div>\n<!-- \/wp:column -->\n\n<!-- wp:column -->\n<div class=\"wp-block-column\"><!-- wp:jgu\/alertbox {\"headline\":\"\\u003cstrong\\u003eLinks\\u003c\/strong\\u003e\",\"subline\":\"\\u003ca href=\\u0022https:\/\/www.hochschulkompass.de\/en\/study-in-germany.html\\u0022 target=\\u0022_blank\\u0022 rel=\\u0022noreferrer noopener\\u0022\\u003eHigher Education Compass\\u003c\/a\\u003e\\u003cbr\\u003e\\u003ca href=\\u0022https:\/\/www.studium.uni-mainz.de\/en\/choosing-your-degree-program\/courses-offered\/geography-bsc\/\\u0022 data-type=\\u0022link\\u0022 data-id=\\u0022https:\/\/www.studium.uni-mainz.de\/studienwahl\/studienangebot\/physik-bsc\/\\u0022 target=\\u0022_blank\\u0022 rel=\\u0022noreferrer noopener\\u0022\\u003eGeography degree description\\u003c\/a\\u003e\",\"children\":\"\\u003cbr\\u003e\",\"iconColor\":\"red\"} \/--><\/div>\n<!-- \/wp:column --><\/div>\n<!-- \/wp:columns -->\n<!-- \/wp:jgu\/accordion-item -->\n\n<!-- wp:jgu\/accordion-item {\"title\":\"Episode 49: Was macht man in Physik?\",\"init\":false,\"slug\":\"episode-49-was-macht-man-in-physik\"} -->\n<!-- wp:paragraph {\"className\":\"has-big-font-size\"} -->\n<p class=\"has-big-font-size\">Physics is often considered the most fundamental field within the natural sciences. It allows us to understand the laws of the universe and of our world. How did the complex structures of matter in our world develop from a diffuse \u201cprimordial soup\u201d after the Big Bang? How do we know that the universe is expanding&nbsp;\u2013 and is evidently even accelerating? Where do the elements that first made life possible come from? Physics attempts to discover and describe the behavior of elementary particles, nuclei, atoms, solid materials, gases, liquids, and plasmas&nbsp;\u2013 just to name a few examples. Let\u2019s hear what Oscar has to say about this fascinating field.<\/p>\n<!-- \/wp:paragraph -->\n\n<!-- wp:columns {\"className\":\"\"} -->\n<div class=\"wp-block-columns\"><!-- wp:column {\"verticalAlignment\":\"top\"} -->\n<div class=\"wp-block-column is-vertically-aligned-top\"><!-- wp:jgu\/image {\"image\":{\"url\":null,\"id\":243},\"link\":{\"url\":\"https:\/\/www.studium.uni-mainz.de\/en\/choosing-your-degree-program\/courses-offered\/physics-bsc\/\",\"linkTarget\":\"_blank\",\"rel\":\"noreferrer noopener\"}} \/--><\/div>\n<!-- \/wp:column -->\n\n<!-- wp:column -->\n<div class=\"wp-block-column\"><!-- wp:jgu\/alertbox {\"headline\":\"\\u003cstrong\\u003eLinks\\u003c\/strong\\u003e\",\"subline\":\"\\u003ca href=\\u0022https:\/\/www.hochschulkompass.de\/en\/study-in-germany.html\\u0022 target=\\u0022_blank\\u0022 rel=\\u0022noreferrer noopener\\u0022\\u003eHigher Education Compass\\u003c\/a\\u003e\\u003cbr\\u003e\\u003ca href=\\u0022https:\/\/www.studium.uni-mainz.de\/en\/choosing-your-degree-program\/courses-offered\/physics-bsc\/\\u0022 data-type=\\u0022link\\u0022 data-id=\\u0022https:\/\/www.studium.uni-mainz.de\/studienwahl\/studienangebot\/physik-bsc\/\\u0022\\u003ePhysics degree description\\u003c\/a\\u003e\",\"children\":\"\\u003cbr\\u003e\",\"iconColor\":\"red\"} \/--><\/div>\n<!-- \/wp:column --><\/div>\n<!-- \/wp:columns -->\n<!-- \/wp:jgu\/accordion-item -->\n\n<!-- wp:jgu\/accordion-item {\"title\":\"Episode 48: Was macht man in Politikwissenschaft?\",\"init\":false,\"slug\":\"episode-48-was-macht-man-in-politikwissenschaft\"} -->\n<!-- wp:paragraph {\"className\":\"has-big-font-size\"} -->\n<p class=\"has-big-font-size\">What motivates people to vote or not vote for a particular party? What actually constitutes a democracy as opposed to a dictatorship and how can it be protected? If you find such questions exciting, then Political Science might be the subject for you. Political Science student Julian tells you all about it.<\/p>\n<!-- \/wp:paragraph -->\n\n<!-- wp:columns {\"className\":\"\"} -->\n<div class=\"wp-block-columns\"><!-- wp:column {\"verticalAlignment\":\"top\"} -->\n<div class=\"wp-block-column is-vertically-aligned-top\"><!-- wp:jgu\/image {\"image\":{\"url\":null,\"id\":1227},\"link\":{\"url\":\"https:\/\/www.studium.uni-mainz.de\/en\/choosing-your-degree-program\/courses-offered\/political-science-ba\/\",\"linkTarget\":\"_blank\",\"rel\":\"noreferrer noopener\"}} \/--><\/div>\n<!-- \/wp:column -->\n\n<!-- wp:column -->\n<div class=\"wp-block-column\"><!-- wp:jgu\/alertbox {\"headline\":\"\\u003cstrong\\u003eLinks\\u003c\/strong\\u003e\",\"subline\":\"\\u003ca href=\\u0022https:\/\/www.hochschulkompass.de\/en\/study-in-germany.html\\u0022 target=\\u0022_blank\\u0022 rel=\\u0022noreferrer noopener\\u0022\\u003eHigher Education Compass\\u003c\/a\\u003e\\u003cbr\\u003e\\u003ca href=\\u0022https:\/\/www.studium.uni-mainz.de\/en\/choosing-your-degree-program\/courses-offered\/political-science-ba\/\\u0022 data-type=\\u0022page\\u0022 data-id=\\u00221257\\u0022\\u003ePolitical Science degree description\\u003c\/a\\u003e\",\"children\":\"\\u003cstrong\\u003e\\u003ci\\u003eMitte-Studie\\u003c\/i\\u003e from the intro:\\u003cbr\\u003e\\u003c\/strong\\u003e\\u003ca href=\\u0022https:\/\/www.fes.de\/referat-demokratie-gesellschaft-und-innovation\/gegen-rechtsextremismus\/mitte-studie-2023\\u0022 target=\\u0022_blank\\u0022 rel=\\u0022noreferrer noopener\\u0022\\u003eAndreas Zick\/Beate K\u00fcpper\/Nico Mokros: Die distanzierte Mitte. Rechtsextreme und demokratiegef\u00e4hrdende Einstellungen in Deutschland 2022\/23\\u003c\/a\\u003e\\u003cbr\\u003e\\u003cbr\\u003e\\u003cstrong\\u003eOur podcast and YouTube recommendations on the topic of politics:\\u003c\/strong\\u003e\\u003cbr\\u003e\\u003ca href=\\u0022https:\/\/www.spiegel.de\/thema\/podcast_stimmenfang\/\\u0022 target=\\u0022_blank\\u0022 rel=\\u0022noreferrer noopener\\u0022\\u003eStimmenfang\\u003c\/a\\u003e\\u003cbr\\u003e\\u003ca href=\\u0022https:\/\/lagedernation.org\/\\u0022 target=\\u0022_blank\\u0022 rel=\\u0022noreferrer noopener\\u0022\\u003eLage der Nation\\u003c\/a\\u003e\\u003cbr\\u003e\\u003ca href=\\u0022https:\/\/www.zeit.de\/serie\/das-politikteil\\u0022 target=\\u0022_blank\\u0022 rel=\\u0022noreferrer noopener\\u0022\\u003eDas Politikteil\\u003c\/a\\u003e\\u003cbr\\u003e\\u003ca href=\\u0022https:\/\/www.youtube.com\/@MrWissen2go\\u0022 target=\\u0022_blank\\u0022 rel=\\u0022noreferrer noopener\\u0022\\u003eMrWissen2Go\\u003c\/a\\u003e\\u003cbr\\u003e\\u003ca href=\\u0022https:\/\/www.youtube.com\/channel\/UCfb7LAYCeJJiT3gyquv7V5Q\\u0022 target=\\u0022_blank\\u0022 rel=\\u0022noreferrer noopener\\u0022\\u003eDIE DA OBEN!\\u003c\/a\\u003e\\u003cbr\\u003e\",\"iconColor\":\"red\"} \/--><\/div>\n<!-- \/wp:column --><\/div>\n<!-- \/wp:columns -->\n<!-- \/wp:jgu\/accordion-item -->\n\n<!-- wp:jgu\/accordion-item {\"title\":\"Episode 47: Was macht man in Europ\u00e4ische Literatur?\",\"init\":false,\"slug\":\"episode-47-was-macht-man-in-europaische-literatur\"} -->\n<!-- wp:paragraph {\"className\":\"has-big-font-size\"} -->\n<p class=\"has-big-font-size\">If you are a real bookworm, then this might be the degree program for you. In this episode, we talk about literary studies. Sometimes you will find the subject under a different name, for example in Mainz it is called Comparative Literature\/European Literature (Komparatistik\/Europ\u00e4ische Literatur). Whatever the degree program is called, it's all about literature. Our guest today, Luzie, studies Comparative Literature and researches and compares the literature of different European countries.<\/p>\n<!-- \/wp:paragraph -->\n\n<!-- wp:columns {\"className\":\"\"} -->\n<div class=\"wp-block-columns\"><!-- wp:column -->\n<div class=\"wp-block-column\"><!-- wp:jgu\/image {\"image\":{\"url\":null,\"id\":198},\"link\":{\"url\":\"https:\/\/www.studium.uni-mainz.de\/en\/choosing-your-degree-program\/courses-offered\/comparative-literature-european-literature-ba\/\",\"linkTarget\":\"_blank\",\"rel\":\"noreferrer noopener\"}} \/--><\/div>\n<!-- \/wp:column -->\n\n<!-- wp:column -->\n<div class=\"wp-block-column\"><!-- wp:jgu\/alertbox {\"headline\":\"\\u003cstrong\\u003eLinks\\u003c\/strong\\u003e\",\"subline\":\"\\u003ca href=\\u0022https:\/\/www.hochschulkompass.de\/en\/study-in-germany.html\\u0022 target=\\u0022_blank\\u0022 rel=\\u0022noreferrer noopener\\u0022\\u003eHigher Education Compass\\u003c\/a\\u003e\\u003cbr\\u003e\\u003ca href=\\u0022https:\/\/www.studium.uni-mainz.de\/en\/choosing-your-degree-program\/courses-offered\/comparative-literature-european-literature-ba\/\\u0022 data-type=\\u0022page\\u0022 data-id=\\u0022918\\u0022\\u003eComparative Literature degree description\\u003c\/a\\u003e\",\"children\":\"\\u003cstrong\\u003eOur reading tips for your perusal:\\u003c\/strong\\u003e\\u003cbr\\u003eNino Haratischwili: \\u003cem\\u003eJuja\\u003c\/em\\u003e. Novel. Scribe UK 2023, ISBN 9781914484018\\u003cbr\\u003eMarlen Haushofer: \\u003cem\\u003eThe Wall\\u003c\/em\\u003e. Novel. Vintage Classics 2022, ISBN 9781784878030\\u003cbr\\u003eGaito Gasdanow: \\u003cem\\u003eAn Evening With Claire\\u003c\/em\\u003e. Novel.   Pushkin Press 2021, ISBN 9781782276050\\u003cbr\\u003eBonnie Garmus: \\u003cem\\u003eLessons in Chemistry\\u003c\/em\\u003e. Novel.   Penguin Books 2023, ISBN 9781804990926\\u003cbr\\u003eJohn Boyne: \\u003cem\\u003eThe Heart\u2019s Invisible Furies\\u003c\/em\\u003e. Novel.   Black Swan 2017, ISBN 9781784161002\\u003cbr\\u003eTheodor Storm: \\u003cem\\u003eThe Rider on the White Horse\\u003c\/em\\u003e. Novella. Start Publishing LLC, ISBN: 9781625580894\\u003cbr\\u003eBenjamin von Stuckrad-Barre: \\u003cem\\u003eNoch wach?\\u003c\/em\\u003e Novel. Kiepenheuer and Witsch 2023, ISBN 978-3-462-00467-0\\u003cbr\\u003e\",\"iconColor\":\"red\"} \/--><\/div>\n<!-- \/wp:column --><\/div>\n<!-- \/wp:columns -->\n<!-- \/wp:jgu\/accordion-item -->\n\n<!-- wp:jgu\/accordion-item {\"title\":\"Episode 46: Was macht man in Pharmazie?\",\"init\":false,\"slug\":\"episode-46-was-macht-man-in-pharmazie\"} -->\n<!-- wp:paragraph {\"className\":\"has-big-font-size\"} -->\n<p class=\"has-big-font-size\">Would you like to research new drugs in the lab? In this episode, Sophie, the daughter of a pharmacist, breaks down the stereotypes about studying Pharmaceutical Sciences and explains why she, too, is studying to become a pharmacist&nbsp;\u2212 a profession that is crucial to our healthcare system.<\/p>\n<!-- \/wp:paragraph -->\n\n<!-- wp:columns {\"className\":\"\"} -->\n<div class=\"wp-block-columns\"><!-- wp:column -->\n<div class=\"wp-block-column\"><!-- wp:jgu\/image {\"image\":{\"url\":null,\"id\":228},\"link\":{\"url\":\"https:\/\/www.studium.uni-mainz.de\/en\/choosing-your-degree-program\/courses-offered\/pharmaceutical-sciences-ste\/\",\"linkTarget\":\"_blank\",\"rel\":\"noreferrer noopener\"}} \/--><\/div>\n<!-- \/wp:column -->\n\n<!-- wp:column -->\n<div class=\"wp-block-column\"><!-- wp:jgu\/alertbox {\"headline\":\"\\u003cstrong\\u003eLinks\\u003c\/strong\\u003e\",\"subline\":\"\\u003ca href=\\u0022https:\/\/www.hochschulkompass.de\/en\/study-in-germany.html\\u0022 target=\\u0022_blank\\u0022 rel=\\u0022noreferrer noopener\\u0022\\u003eHigher Education Compass\\u003c\/a\\u003e\\u003cbr\\u003e\\u003ca href=\\u0022https:\/\/www.studium.uni-mainz.de\/en\/choosing-your-degree-program\/courses-offered\/pharmaceutical-sciences-ste\/\\u0022 data-type=\\u0022page\\u0022 data-id=\\u00221182\\u0022\\u003ePharmaceutical Sciences degree description\\u003c\/a\\u003e\\u003cbr\\u003e\\u003ca href=\\u0022https:\/\/itb-academic-tests.org\/en\/participants\/full-service-tests\/phast\/\\u0022 target=\\u0022_blank\\u0022 rel=\\u0022noreferrer noopener\\u0022\\u003ePharmaceutical Sciences aptitude test PhaST\\u003c\/a\\u003e\\u003cbr\\u003e\\u003ca href=\\u0022https:\/\/www.hochschulstart.de\/\\u0022 target=\\u0022_blank\\u0022 rel=\\u0022noreferrer noopener\\u0022\\u003ePharmaceutical Sciences application process\\u003c\/a\\u003e\",\"children\":\"\\u003cbr\\u003e\",\"iconColor\":\"red\"} \/--><\/div>\n<!-- \/wp:column --><\/div>\n<!-- \/wp:columns -->\n<!-- \/wp:jgu\/accordion-item -->\n\n<!-- wp:jgu\/accordion-item {\"title\":\"Episode 45: Summer Special 1\u00a0\u2013 Studis geben Tipps zur Studienwahl (LIVE in Mainz)\",\"init\":false,\"slug\":\"episode-45-summer-special-1-studis-geben-tipps-zur-studienwahl-live-in-mainz\"} -->\n<!-- wp:paragraph {\"className\":\"has-big-font-size\"} -->\n<p class=\"has-big-font-size\">In this LIVE recording from the university open house in Mainz, Annabelle and Franziska talk to four former guests of the podcast, students Jenny, Rachel, Jan and Marc, about their choice of studies and ask for tips for people who are currently trying to decide what to study.<\/p>\n<!-- \/wp:paragraph -->\n\n<!-- wp:paragraph {\"className\":\"has-big-font-size\"} -->\n<p class=\"has-big-font-size\">If you have any questions, just write to us at <a href=\"mailto:zsb@uni-mainz.de\">zsb@uni-mainz.de<\/a>.<\/p>\n<!-- \/wp:paragraph -->\n\n<!-- wp:columns {\"className\":\"\"} -->\n<div class=\"wp-block-columns\"><!-- wp:column -->\n<div class=\"wp-block-column\"><!-- wp:jgu\/image {\"image\":{\"url\":null,\"id\":36959}} \/--><\/div>\n<!-- \/wp:column -->\n\n<!-- wp:column -->\n<div class=\"wp-block-column\"><!-- wp:jgu\/alertbox {\"headline\":\"\\u003cstrong\\u003eLinks\\u003c\/strong\\u003e\",\"subline\":\"\\u003ca href=\\u0022https:\/\/www.hochschulkompass.de\/en\/study-in-germany.html\\u0022 target=\\u0022_blank\\u0022 rel=\\u0022noreferrer noopener\\u0022\\u003eHigher Education Compass\\u003c\/a\\u003e\\u003cbr\\u003e\\u003ca href=\\u0022https:\/\/studienwahl.de\/en\\u0022 target=\\u0022_blank\\u0022 rel=\\u0022noreferrer noopener\\u0022\\u003eChoosing a degree and initial orientation\\u003c\/a\\u003e\\u003cbr\\u003e\\u003ca href=\\u0022https:\/\/www.instagram.com\/unimainz\/\\u0022 target=\\u0022_blank\\u0022 rel=\\u0022noreferrer noopener\\u0022\\u003ePhotos from the university open house 2023 on Instagram\\u003c\/a\\u003e\",\"children\":\"\\u003cbr\\u003e\",\"iconColor\":\"red\"} \/--><\/div>\n<!-- \/wp:column --><\/div>\n<!-- \/wp:columns -->\n\n<!-- wp:paragraph {\"className\":\"has-big-font-size\"} -->\n<p class=\"has-big-font-size\"><\/p>\n<!-- \/wp:paragraph -->\n<!-- \/wp:jgu\/accordion-item -->\n\n<!-- wp:jgu\/accordion-item {\"title\":\"Episode 44: Was macht man in Ethnologie?\",\"init\":false,\"slug\":\"episode-44-was-macht-man-in-ethnologie\"} -->\n<!-- wp:paragraph {\"className\":\"has-big-font-size\"} -->\n<p class=\"has-big-font-size\">Are you interested in different living environments? Do you ever question how your own assumptions and behaviors have been shaped by your culture? Do you like to think outside the confines of your own bubble? Then perhaps Social and Cultural Anthropology is for you!<\/p>\n<!-- \/wp:paragraph -->\n\n<!-- wp:columns {\"className\":\"\"} -->\n<div class=\"wp-block-columns\"><!-- wp:column -->\n<div class=\"wp-block-column\"><!-- wp:jgu\/image {\"image\":{\"url\":null,\"id\":144},\"link\":{\"url\":\"https:\/\/www.studium.uni-mainz.de\/en\/choosing-your-degree-program\/courses-offered\/social-cultural-anthropology-ba\/\",\"linkTarget\":\"_blank\",\"rel\":\"noreferrer noopener\"}} \/--><\/div>\n<!-- \/wp:column -->\n\n<!-- wp:column -->\n<div class=\"wp-block-column\"><!-- wp:jgu\/alertbox {\"headline\":\"\\u003cstrong\\u003eLinks\\u003c\/strong\\u003e\",\"subline\":\"\\u003ca href=\\u0022https:\/\/www.hochschulkompass.de\/en\/study-in-germany.html\\u0022 target=\\u0022_blank\\u0022 rel=\\u0022noreferrer noopener\\u0022\\u003eHigher Education Compass\\u003c\/a\\u003e\\u003cbr\\u003e\\u003ca href=\\u0022https:\/\/www.studium.uni-mainz.de\/en\/choosing-your-degree-program\/courses-offered\/social-cultural-anthropology-ba\/\\u0022\\u003eSocial and Cultural Anthropology degree description\\u003c\/a\\u003e\\u003cbr\\u003eCultural Anthropology on Instagram:\u00a0\\u003ca href=\\u0022https:\/\/www.instagram.com\/ifeas_mainz\/\\u0022 target=\\u0022_blank\\u0022 rel=\\u0022noreferrer noopener\\u0022\\u003eifeas_mainz\\u003c\/a\\u003e\",\"children\":\"\\u003cbr\\u003e\",\"iconColor\":\"red\"} \/--><\/div>\n<!-- \/wp:column --><\/div>\n<!-- \/wp:columns -->\n<!-- \/wp:jgu\/accordion-item -->\n\n<!-- wp:jgu\/accordion-item {\"title\":\"Episode 43: Was macht man in Kunstgeschichte?\",\"init\":false,\"slug\":\"episode-43-was-macht-man-in-kunstgeschichte\"} -->\n<!-- wp:paragraph {\"className\":\"has-big-font-size\"} -->\n<p class=\"has-big-font-size\">In this episode, we talk about the subject of Art History. Art is more than just painting \u2013 and even that is a huge field of knowledge and research. It comprises sculptures, architecture, photography, digital media, performances, and much more. In Art History, you can expect a vibrant examination of works of art of all kinds. Let's see what Sophia, an enthusiastic Art History student, has to say about it.<\/p>\n<!-- \/wp:paragraph -->\n\n<!-- wp:columns {\"className\":\"\"} -->\n<div class=\"wp-block-columns\"><!-- wp:column -->\n<div class=\"wp-block-column\"><!-- wp:jgu\/image {\"image\":{\"url\":null,\"id\":8080},\"link\":{\"url\":\"https:\/\/www.studium.uni-mainz.de\/en\/choosing-your-degree-program\/courses-offered\/art-history-ba\/\",\"linkTarget\":\"_blank\",\"rel\":\"noreferrer noopener\"}} \/--><\/div>\n<!-- \/wp:column -->\n\n<!-- wp:column -->\n<div class=\"wp-block-column\"><!-- wp:jgu\/alertbox {\"headline\":\"\\u003cstrong\\u003eLinks\\u003c\/strong\\u003e\",\"subline\":\"\\u003ca href=\\u0022https:\/\/www.hochschulkompass.de\/en\/study-in-germany.html\\u0022 target=\\u0022_blank\\u0022 rel=\\u0022noreferrer noopener\\u0022\\u003eHigher Education Compass\\u003c\/a\\u003e\\u003cbr\\u003e\\u003ca href=\\u0022https:\/\/www.studium.uni-mainz.de\/en\/choosing-your-degree-program\/courses-offered\/art-history-ba\/\\u0022\\u003eArt History degree description\\u003c\/a\\u003e\\u003cbr\\u003e\\u003ca href=\\u0022https:\/\/www.instagram.com\/part.mainz\/\\u0022 target=\\u0022_blank\\u0022 rel=\\u0022noreferrer noopener\\u0022\\u003eSophia's project \u201cPart\u201d on Instagram\\u003c\/a\\u003e\\u003cbr\\u003e\\u003ca href=\\u0022https:\/\/www.partpartpart.de\/\\u0022 target=\\u0022_blank\\u0022 rel=\\u0022noreferrer noopener\\u0022\\u003e\u201cPart\u201d website\\u003c\/a\\u003e\",\"children\":\"\\u003cbr\\u003e\",\"iconColor\":\"red\"} \/--><\/div>\n<!-- \/wp:column --><\/div>\n<!-- \/wp:columns -->\n<!-- \/wp:jgu\/accordion-item -->\n\n<!-- wp:jgu\/accordion-item {\"title\":\"Episode 42: Was macht man in American Studies?\",\"init\":false,\"slug\":\"episode-42-was-macht-man-in-american-studies\"} -->\n<!-- wp:paragraph {\"className\":\"has-big-font-size\"} -->\n<p class=\"has-big-font-size\">This episode is for anyone interested in the USA. In order to understand a country like the United States of America, you have to get to grips with its history, politics, and society, but also with its culture and media. Even though the US is a relatively young country, its development has played&nbsp;\u2013 and continues to play&nbsp;\u2212 a significant role in world affairs. In this episode, we talk to Jan, who is currently on a semester abroad in Texas, as he tells us about his favorite subject, American Studies.<\/p>\n<!-- \/wp:paragraph -->\n\n<!-- wp:columns {\"className\":\"\"} -->\n<div class=\"wp-block-columns\"><!-- wp:column -->\n<div class=\"wp-block-column\"><!-- wp:jgu\/image {\"image\":{\"url\":null,\"id\":114},\"link\":{\"url\":\"https:\/\/www.studium.uni-mainz.de\/en\/choosing-your-degree-program\/courses-offered\/american-studies-ba\/\",\"linkTarget\":\"_blank\",\"rel\":\"noreferrer noopener\"}} \/--><\/div>\n<!-- \/wp:column -->\n\n<!-- wp:column -->\n<div class=\"wp-block-column\"><!-- wp:jgu\/alertbox {\"headline\":\"\\u003cstrong\\u003eLinks\\u003c\/strong\\u003e\",\"subline\":\"\\u003ca href=\\u0022http:\/\/www.obama-institute.com\/\\u0022 target=\\u0022_blank\\u0022 rel=\\u0022noreferrer noopener\\u0022\\u003eObama Institute Mainz\\u003c\/a\\u003e\\u003cbr\\u003e\\u003ca href=\\u0022https:\/\/www.hochschulkompass.de\/en\/study-in-germany.html\\u0022 target=\\u0022_blank\\u0022 rel=\\u0022noreferrer noopener\\u0022\\u003eHigher Education Compass\\u003c\/a\\u003e\\u003cbr\\u003e\\u003ca href=\\u0022https:\/\/www.studium.uni-mainz.de\/en\/choosing-your-degree-program\/courses-offered\/american-studies-b-a\/\\u0022\\u003eAmerican Studies degree description\\u003c\/a\\u003e\",\"children\":\"\\u003cbr\\u003e\",\"iconColor\":\"red\"} \/--><\/div>\n<!-- \/wp:column --><\/div>\n<!-- \/wp:columns -->\n<!-- \/wp:jgu\/accordion-item -->\n\n<!-- wp:jgu\/accordion-item {\"title\":\"Episode 41: Was macht man in Philosophie?\",\"init\":false,\"slug\":\"episode-41-was-macht-man-in-philosophie\"} -->\n<!-- wp:paragraph {\"className\":\"has-big-font-size\"} -->\n<p class=\"has-big-font-size\">Have you ever asked yourself questions that somehow take your thoughts to a higher plane? Here are a few examples: What is time? Is the reality that we as humans can perceive real and does it actually exist? What are the limits of our thinking and knowledge? What is the meaning of everything? In this episode, we talk about the subject of Philosophy and have invited two students&nbsp;\u2013 Emily and Johannes&nbsp;\u2013 to give us the rundown. <\/p>\n<!-- \/wp:paragraph -->\n\n<!-- wp:columns {\"className\":\"\"} -->\n<div class=\"wp-block-columns\"><!-- wp:column -->\n<div class=\"wp-block-column\"><!-- wp:jgu\/image {\"image\":{\"url\":null,\"id\":234},\"link\":{\"url\":\"https:\/\/www.studium.uni-mainz.de\/en\/choosing-your-degree-program\/courses-offered\/philosophy-ba\/\",\"linkTarget\":\"_blank\",\"rel\":\"noreferrer noopener\"}} \/--><\/div>\n<!-- \/wp:column -->\n\n<!-- wp:column -->\n<div class=\"wp-block-column\"><!-- wp:jgu\/alertbox {\"headline\":\"\\u003cstrong\\u003eLinks\\u003c\/strong\\u003e\",\"subline\":\"\\u003ca href=\\u0022https:\/\/www.hochschulkompass.de\/en\/study-in-germany.html\\u0022 target=\\u0022_blank\\u0022 rel=\\u0022noreferrer noopener\\u0022\\u003eHigher Education Compass\\u003c\/a\\u003e\\u003cbr\\u003e\\u003ca href=\\u0022https:\/\/www.studium.uni-mainz.de\/en\/choosing-your-degree-program\/courses-offered\/philosophy-ba\/\\u0022 data-type=\\u0022page\\u0022 data-id=\\u00221194\\u0022\\u003ePhilosophy degree description\\u003c\/a\\u003e\\u003cbr\\u003e\",\"children\":\"\\u003cstrong\\u003eJohannes\u2019s recommendations as an introduction to Philosophy:\\u003c\/strong\\u003e\\u003cbr\\u003e\\u003cem\\u003eBook: \\u003c\/em\\u003e\u201eDas Handwerk der Freiheit\u201c by Peter Bieri, ISBN-10: 3596156475.\\u003cbr\\u003e\\u003cem\\u003eAudiobook:\\u003c\/em\\u003e \u201e\\u003ca href=\\u0022https:\/\/open.spotify.com\/album\/1dk00WIlSvTF87W956f9wM\\u0022 target=\\u0022_blank\\u0022 rel=\\u0022noreferrer noopener\\u0022\\u003e\u00dcber das B\u00f6se. Eine Vorlesung zu Fragen der Ethik.\\u003c\/a\\u003e\u201c (\u201cSome Questions of Moral Philosophy\u201d) by Hannah Arendt.\\u003cbr\\u003e\\u003cbr\\u003e\\u003ca href=\\u0022https:\/\/www.youtube.com\/watch?v=SlNYVnCUvVg\\u0026amp;list=PLiR8NqajHNPbaX2rBoA2z6IPGpU0IPlS2\\u0022 target=\\u0022_blank\\u0022 rel=\\u0022noreferrer noopener\\u0022\\u003eEntertaining interviews\\u003c\/a\\u003e of varying lengths between the French philosopher Gilles Deleuze and his student Claire Parnet: \\u0022Ab\u00e9c\u00e9daire\\u0022 (French with English subtitles).\\u003cbr\\u003e\",\"iconColor\":\"red\"} \/--><\/div>\n<!-- \/wp:column --><\/div>\n<!-- \/wp:columns -->\n<!-- \/wp:jgu\/accordion-item -->\n\n<!-- wp:jgu\/accordion-item {\"title\":\"Episode 40: Was macht man in Mathematik?\",\"init\":false,\"slug\":\"episode-40-was-macht-man-in-mathematik\"} -->\n<!-- wp:paragraph {\"className\":\"has-big-font-size\"} -->\n<p class=\"has-big-font-size\">The freedom and imagination of mathematical thought will help you invent new things and pursue innovative ideas and creative solutions for the various challenges facing society. Isabelle tells us how much fun this can be.<\/p>\n<!-- \/wp:paragraph -->\n\n<!-- wp:columns {\"className\":\"\"} -->\n<div class=\"wp-block-columns\"><!-- wp:column -->\n<div class=\"wp-block-column\"><!-- wp:jgu\/image {\"image\":{\"url\":null,\"id\":210},\"link\":{\"url\":\"https:\/\/www.studium.uni-mainz.de\/en\/choosing-your-degree-program\/courses-offered\/mathematics-bsc\/\",\"linkTarget\":\"_blank\",\"rel\":\"noreferrer noopener\"}} \/--><\/div>\n<!-- \/wp:column -->\n\n<!-- wp:column -->\n<div class=\"wp-block-column\"><!-- wp:jgu\/alertbox {\"headline\":\"\\u003cstrong\\u003eLinks\\u003c\/strong\\u003e\",\"subline\":\"\\u003ca href=\\u0022https:\/\/www.hochschulkompass.de\/en\/study-in-germany.html\\u0022 target=\\u0022_blank\\u0022 rel=\\u0022noreferrer noopener\\u0022\\u003eHigher Education Compass\\u003c\/a\\u003e\\u003cbr\\u003e\\u003ca href=\\u0022https:\/\/www.studium.uni-mainz.de\/en\/choosing-your-degree-program\/courses-offered\/mathematics-bsc\/\\u0022\\u003eMathematics degree description\\u003c\/a\\u003e\\u003cbr\\u003e\\u003ca\\u003eStudying math in Mainz\\u003c\/a\\u003e\\u003cbr\\u003e\",\"children\":\"\\u003cbr\\u003e\",\"iconColor\":\"red\"} \/--><\/div>\n<!-- \/wp:column --><\/div>\n<!-- \/wp:columns -->\n<!-- \/wp:jgu\/accordion-item -->\n\n<!-- wp:jgu\/accordion-item {\"title\":\"Episode 39: Was macht man in Informatik?\",\"init\":false,\"slug\":\"episode-39-was-macht-man-in-informatik\"} -->\n<!-- wp:paragraph {\"className\":\"has-big-font-size\"} -->\n<p class=\"has-big-font-size\">Have you ever seen a self-driving car? Behind this phenomenon, as behind many things in our everyday lives, lies a computer system. How do you get a computer to automatically solve problems? This is just one part of what Computer Science is about. In today\u2019s society, information&nbsp;\u2013 in other words, data&nbsp;\u2013 plays an important role. Yet how is the flood of data stored and processed? And what impact does information technology have on our society and our daily lives? The Computer Science degree program provides answers to these questions, exploring both the opportunities and hazards inherent to the fields of data security, ethics and cybercrime. Computer Science student Markus tells us all about it.<\/p>\n<!-- \/wp:paragraph -->\n\n<!-- wp:columns {\"className\":\"\"} -->\n<div class=\"wp-block-columns\"><!-- wp:column -->\n<div class=\"wp-block-column\"><!-- wp:jgu\/image {\"image\":{\"url\":null,\"id\":186},\"link\":{\"url\":\"https:\/\/www.studium.uni-mainz.de\/en\/choosing-your-degree-program\/courses-offered\/computer-science-bsc\/\",\"linkTarget\":\"_blank\",\"rel\":\"noreferrer noopener\"}} \/--><\/div>\n<!-- \/wp:column -->\n\n<!-- wp:column -->\n<div class=\"wp-block-column\"><!-- wp:jgu\/alertbox {\"headline\":\"\\u003cstrong\\u003eLinks\\u003c\/strong\\u003e\",\"subline\":\"\\u003ca href=\\u0022https:\/\/www.hochschulkompass.de\/en\/study-in-germany.html\\u0022 target=\\u0022_blank\\u0022 rel=\\u0022noreferrer noopener\\u0022\\u003eHigher Education Compass\\u003c\/a\\u003e\\u003cbr\\u003e\\u003ca href=\\u0022https:\/\/www.studium.uni-mainz.de\/en\/choosing-your-degree-program\/courses-offered\/computer-science-bsc\/\\u0022 data-type=\\u0022page\\u0022 data-id=\\u0022870\\u0022 target=\\u0022_blank\\u0022 rel=\\u0022noreferrer noopener\\u0022\\u003eComputer Science degree description\\u003c\/a\\u003e\\u003cbr\\u003e\\u003cbr\\u003eThis page is also mentioned:\\u003cbr\\u003e\\u003ca href=\\u0022https:\/\/studieren-ohne-abitur.de\/\\u0022 target=\\u0022_blank\\u0022 rel=\\u0022noreferrer noopener\\u0022\\u003eStudying without a German\\u003ci\\u003e Abitur\\u003c\/i\\u003e\\u003c\/a\\u003e\",\"children\":\"\\u003cbr\\u003e\",\"iconColor\":\"red\"} \/--><\/div>\n<!-- \/wp:column --><\/div>\n<!-- \/wp:columns -->\n<!-- \/wp:jgu\/accordion-item -->\n\n<!-- wp:jgu\/accordion-item {\"title\":\"Episode 38: Was macht man im Sportstudium?\",\"init\":false,\"slug\":\"episode-38-was-macht-man-im-sportstudium\"} -->\n<!-- wp:paragraph {\"className\":\"has-big-font-size\"} -->\n<p class=\"has-big-font-size\">If you are interested in understanding and communicating about sport and its effects on the body, in sports organizations and sports management, and if you enjoy playing sports yourself, then perhaps a Sport degree is for you. We ask Sport student Gloria all about it.<\/p>\n<!-- \/wp:paragraph -->\n\n<!-- wp:columns {\"className\":\"\"} -->\n<div class=\"wp-block-columns\"><!-- wp:column -->\n<div class=\"wp-block-column\"><!-- wp:jgu\/image {\"image\":{\"url\":null,\"id\":1788},\"link\":{\"url\":\"https:\/\/www.studium.uni-mainz.de\/en\/choosing-your-degree-program\/courses-offered\/sport-and-sports-science-ba\/\",\"linkTarget\":\"_blank\",\"rel\":\"noreferrer noopener\"}} \/--><\/div>\n<!-- \/wp:column -->\n\n<!-- wp:column -->\n<div class=\"wp-block-column\"><!-- wp:jgu\/alertbox {\"headline\":\"\\u003cstrong\\u003eLinks\\u003c\/strong\\u003e\",\"subline\":\"\\u003ca href=\\u0022https:\/\/www.hochschulkompass.de\/en\/study-in-germany.html\\u0022 target=\\u0022_blank\\u0022 rel=\\u0022noreferrer noopener\\u0022\\u003eHigher Education Compass\\u003c\/a\\u003e\\u003cbr\\u003e\\u003ca href=\\u0022https:\/\/www.studium.uni-mainz.de\/en\/choosing-your-degree-program\/courses-offered\/sport-and-sports-science-ba\/\\u0022\\u003eSport and Sport Science degree description\\u003c\/a\\u003e\\u003cbr\\u003e\\u003cbr\\u003eThis podcast is also mentioned:\\u003cbr\\u003e\\u003ca href=\\u0022https:\/\/www.sportpaedagogik.uni-mainz.de\/one-and-a-half-sportsmen\/\\u0022 target=\\u0022_blank\\u0022 rel=\\u0022noreferrer noopener\\u0022\\u003e\\u0022One and a half sportsmen\\u0022\\u003c\/a\\u003e\\u003c\/a\\u003e\",\"children\":\"\\u003cbr\\u003e\",\"iconColor\":\"red\"} \/--><\/div>\n<!-- \/wp:column --><\/div>\n<!-- \/wp:columns -->\n<!-- \/wp:jgu\/accordion-item -->\n\n<!-- wp:jgu\/accordion-item {\"title\":\"Episode 37: Was macht man in Evangelische Theologie?\",\"init\":false,\"slug\":\"episode-37-was-macht-man-in-evangelische-theologie\"} -->\n<!-- wp:paragraph {\"className\":\"has-big-font-size\"} -->\n<p class=\"has-big-font-size\">Protestant Theology is a subject that is often associated with prejudices and misconceptions. Am I studying the Christian religion? Is this even a science or is it a matter of faith? Do you have to be a believer to study this? And what do you do during your studies? Do you read the Bible in every seminar? Are all the students completely devout? And then I have to become a pastor, right? Michelle is incredibly passionate about her Theology studies. She tells us all about it in this episode.<\/p>\n<!-- \/wp:paragraph -->\n\n<!-- wp:columns {\"className\":\"\"} -->\n<div class=\"wp-block-columns\"><!-- wp:column -->\n<div class=\"wp-block-column\"><!-- wp:jgu\/image {\"image\":{\"url\":null,\"id\":8044},\"link\":{\"url\":\"https:\/\/www.studium.uni-mainz.de\/en\/choosing-your-degree-program\/courses-offered\/protestant-theology-ba\/\",\"linkTarget\":\"_blank\",\"rel\":\"noreferrer noopener\"}} \/--><\/div>\n<!-- \/wp:column -->\n\n<!-- wp:column -->\n<div class=\"wp-block-column\"><!-- wp:jgu\/alertbox {\"headline\":\"\\u003cstrong\\u003eLinks\\u003c\/strong\\u003e\",\"subline\":\"\\u003ca href=\\u0022https:\/\/www.hochschulkompass.de\/en\/study-in-germany.html\\u0022 target=\\u0022_blank\\u0022 rel=\\u0022noreferrer noopener\\u0022\\u003eHigher Education Compass\\u003c\/a\\u003e\\u003cbr\\u003e\\u003ca href=\\u0022https:\/\/www.studium.uni-mainz.de\/en\/choosing-your-degree-program\/courses-offered\/protestant-theology-ba\/\\u0022 data-type=\\u0022page\\u0022 data-id=\\u002252070\\u0022\\u003eProtestant Theology degree description\\u003c\/a\\u003e\\u003cbr\\u003e\\u003cbr\\u003eThe projects below are also mentioned:\\u003cbr\\u003eDevotion Hotline: 06322 9883501\\u003cbr\\u003eInstagram:\u00a0\\u003ca href=\\u0022https:\/\/www.instagram.com\/mach_theologie\/\\u0022 target=\\u0022_blank\\u0022 rel=\\u0022noreferrer noopener\\u0022\\u003emach_theologie\\u003c\/a\\u003e\",\"children\":\"\\u003cbr\\u003e\",\"iconColor\":\"red\"} \/--><\/div>\n<!-- \/wp:column --><\/div>\n<!-- \/wp:columns -->\n<!-- \/wp:jgu\/accordion-item -->\n\n<!-- wp:jgu\/accordion-item {\"title\":\"Episode 36: Was macht man in Musikwissenschaft?\",\"init\":false,\"slug\":\"episode-36-was-macht-man-in-musikwissenschaft\"} -->\n<!-- wp:paragraph {\"className\":\"has-big-font-size\"} -->\n<p class=\"has-big-font-size\">Discover the world of music and everything that goes with it&nbsp;\u2013 from the music of ancient Greece, to ancient Chinese music, to symphonies, Mozart, and techno. What do you actually do when you study Musicology? We ask Anja this question and more.<\/p>\n<!-- \/wp:paragraph -->\n\n<!-- wp:columns {\"className\":\"\"} -->\n<div class=\"wp-block-columns\"><!-- wp:column -->\n<div class=\"wp-block-column\"><!-- wp:jgu\/image {\"image\":{\"url\":null,\"id\":47339},\"link\":{\"url\":\"https:\/\/www.studium.uni-mainz.de\/en\/choosing-your-degree-program\/courses-offered\/musiocology-ba\/\",\"linkTarget\":\"_blank\",\"rel\":\"noreferrer noopener\"}} \/--><\/div>\n<!-- \/wp:column -->\n\n<!-- wp:column -->\n<div class=\"wp-block-column\"><!-- wp:jgu\/alertbox {\"headline\":\"\\u003cstrong\\u003eLinks\\u003c\/strong\\u003e\",\"subline\":\"\\u003ca href=\\u0022https:\/\/www.hochschulkompass.de\/en\/study-in-germany.html\\u0022 target=\\u0022_blank\\u0022 rel=\\u0022noreferrer noopener\\u0022\\u003eHigher Education Compass\\u003c\/a\\u003e\\u003cbr\\u003e\\u003ca href=\\u0022https:\/\/www.studium.uni-mainz.de\/en\/choosing-your-degree-program\/courses-offered\/musiocology-ba\/\\u0022 data-type=\\u0022page\\u0022 data-id=\\u00221098\\u0022\\u003eMusicology degree description\\u003c\/a\\u003e\\u003cbr\\u003e\\u003cbr\\u003e\\u003cstrong\\u003eListening recommendations\\u003c\/strong\\u003e:\\u003cbr\\u003e\\u003ca href=\\u0022https:\/\/www.eule-findet-den-beat.de\/\\u0022 target=\\u0022_blank\\u0022 rel=\\u0022noreferrer noopener\\u0022\\u003eEule findet den Beat\\u003c\/a\\u003e\\u003cbr\\u003e\\u003ca href=\\u0022https:\/\/en.wikipedia.org\/wiki\/Anton%C3%ADn_Dvo%C5%99%C3%A1k\\u0022 target=\\u0022_blank\\u0022 rel=\\u0022noreferrer noopener\\u0022\\u003eAnton\u00edn Dvo\u0159\u00e1k\\u003c\/a\\u003e\",\"children\":\"\\u003cbr\\u003e\",\"iconColor\":\"red\"} \/--><\/div>\n<!-- \/wp:column --><\/div>\n<!-- \/wp:columns -->\n<!-- \/wp:jgu\/accordion-item -->\n\n<!-- wp:jgu\/accordion-item {\"title\":\"Episode 35: Was macht man in Filmwissenschaft?\",\"init\":false,\"slug\":\"episode-35-was-macht-man-in-filmwissenschaft\"} -->\n<!-- wp:paragraph {\"className\":\"has-big-font-size\"} -->\n<p class=\"has-big-font-size\">This episode is for everyone who likes to watch movies. So if you can be found in the movie theater at every film festival, if you still discover new aspects and effects in films that you've already seen a hundred times, and if you're interested in the different genres and narrative styles of films: Listen carefully to today\u2019s episode. Because today we're talking about Film Studies and have invited student Paula to join us.<\/p>\n<!-- \/wp:paragraph -->\n\n<!-- wp:columns {\"className\":\"\"} -->\n<div class=\"wp-block-columns\"><!-- wp:column -->\n<div class=\"wp-block-column\"><!-- wp:jgu\/image {\"image\":{\"url\":null,\"id\":45047},\"link\":{\"url\":\"https:\/\/www.studium.uni-mainz.de\/en\/choosing-your-degree-program\/courses-offered\/film-studies-ba\/\",\"linkTarget\":\"_blank\",\"rel\":\"noreferrer noopener\"}} \/--><\/div>\n<!-- \/wp:column -->\n\n<!-- wp:column -->\n<div class=\"wp-block-column\"><!-- wp:jgu\/alertbox {\"headline\":\"\\u003cstrong\\u003eLinks\\u003c\/strong\\u003e\",\"subline\":\"\\u003ca href=\\u0022https:\/\/www.hochschulkompass.de\/en\/study-in-germany.html\\u0022 target=\\u0022_blank\\u0022 rel=\\u0022noreferrer noopener\\u0022\\u003eHigher Education Compass\\u003c\/a\\u003e\\u003cbr\\u003e\\u003ca href=\\u0022https:\/\/www.studium.uni-mainz.de\/en\/choosing-your-degree-program\/courses-offered\/film-studies-ba\/\\u0022 data-type=\\u0022page\\u0022 data-id=\\u0022618\\u0022\\u003eFilm Studies degree description\\u003c\/a\\u003e\\u003cbr\\u003e\\u003cbr\\u003e\\u003cstrong\\u003eFilm recommendations\\u003c\/strong\\u003e:\\u003cbr\\u003e\\u003ca href=\\u0022https:\/\/en.wikipedia.org\/wiki\/Howl%27s_Moving_Castle_(film)\\u0022 target=\\u0022_blank\\u0022 rel=\\u0022noreferrer noopener\\u0022\\u003eHowl's Moving Castle\\u003c\/a\\u003e\\u003cbr\\u003e\\u003ca href=\\u0022https:\/\/de.wikipedia.org\/wiki\/Glei%C3%9Fendes_Gl%C3%BCck\\u0022 target=\\u0022_blank\\u0022 rel=\\u0022noreferrer noopener\\u0022\\u003eGlei\u00dfendes Gl\u00fcck (\u201cOriginal Bliss\u201d)\\u003c\/a\\u003e\\u003cbr\\u003e\\u003ca href=\\u0022https:\/\/en.wikipedia.org\/wiki\/The_English_Patient_(film)\\u0022 target=\\u0022_blank\\u0022 rel=\\u0022noreferrer noopener\\u0022\\u003eThe English Patient\\u003c\/a\\u003e\\u003cbr\\u003e\\u003ca href=\\u0022https:\/\/en.wikipedia.org\/wiki\/The_Lord_of_the_Rings_(film_series)\\u0022 target=\\u0022_blank\\u0022 rel=\\u0022noreferrer noopener\\u0022\\u003eThe Lord of the Rings\\u003c\/a\\u003e\",\"children\":\"\\u003cbr\\u003e\",\"iconColor\":\"red\"} \/--><\/div>\n<!-- \/wp:column --><\/div>\n<!-- \/wp:columns -->\n<!-- \/wp:jgu\/accordion-item -->\n\n<!-- wp:jgu\/accordion-item {\"title\":\"Episode 34: Was macht man in Geowissenschaften?\",\"init\":false,\"slug\":\"episode-34-was-macht-man-in-geowissenschaften\"} -->\n<!-- wp:paragraph {\"className\":\"has-big-font-size\"} -->\n<p class=\"has-big-font-size\">Dinosaurs, fossils, volcanoes, rocks, and earthquakes. What sounds like a collection of \"How and Why Wonder Books\" are all Geoscience topics. Julian talks about this exciting and important subject and explains why \"we need more geologists.\" In this episode, you can find out what Geosciences have to do with climate change, flood protection, and renewable energies.<\/p>\n<!-- \/wp:paragraph -->\n\n<!-- wp:columns {\"className\":\"\"} -->\n<div class=\"wp-block-columns\"><!-- wp:column -->\n<div class=\"wp-block-column\"><!-- wp:jgu\/image {\"image\":{\"url\":null,\"id\":171},\"link\":{\"url\":\"https:\/\/www.studium.uni-mainz.de\/en\/choosing-your-degree-program\/courses-offered\/geosciences-bsc\/\",\"linkTarget\":\"_blank\",\"rel\":\"noreferrer noopener\"}} \/--><\/div>\n<!-- \/wp:column -->\n\n<!-- wp:column -->\n<div class=\"wp-block-column\"><!-- wp:jgu\/alertbox {\"headline\":\"\\u003cstrong\\u003eLinks\\u003c\/strong\\u003e\",\"subline\":\"\\u003ca href=\\u0022https:\/\/www.hochschulkompass.de\/en\/study-in-germany.html\\u0022 target=\\u0022_blank\\u0022 rel=\\u0022noreferrer noopener\\u0022\\u003eHigher Education Compass\\u003c\/a\\u003e\\u003cbr\\u003e\\u003ca href=\\u0022https:\/\/www.studium.uni-mainz.de\/en\/choosing-your-degree-program\/courses-offered\/geosciences-bsc\/\\u0022 data-type=\\u0022page\\u0022 data-id=\\u0022750\\u0022\\u003eGeosciences degree description\\u003c\/a\\u003e\\u003cbr\\u003e\\u003ca href=\\u0022https:\/\/en.wikipedia.org\/wiki\/Mainz_Sand_Dunes\\u0022 target=\\u0022_blank\\u0022 rel=\\u0022noreferrer noopener\\u0022\\u003eInfo on the Mainz Sand Dunes nature reserve\\u003c\/a\\u003e\",\"children\":\"\\u003cbr\\u003e\",\"iconColor\":\"red\"} \/--><\/div>\n<!-- \/wp:column --><\/div>\n<!-- \/wp:columns -->\n<!-- \/wp:jgu\/accordion-item -->\n\n<!-- wp:jgu\/accordion-item {\"title\":\"Episode 33: Was macht man in Arch\u00e4ologie?\",\"init\":false,\"slug\":\"episode-33-was-macht-man-in-archaologie\"} -->\n<!-- wp:paragraph {\"className\":\"has-big-font-size\"} -->\n<p class=\"has-big-font-size\">Many years ago, archaeologists opened the alleged tomb of Jesus, which is said to be located in the Church of the Holy Sepulchre in Jerusalem. After comparing it with other archaeological tomb excavations, the mortar at the entrance could now be dated to 345 AD, the period in which, according to historical tradition, the Romans are said to have discovered Jesus' tomb and \"secured\" it. Isn't that amazing? How do you date a find so precisely? Let's start by asking what one actually does when studying Archaeology and whether what we read in such sensational articles really reflects the reality of research. Let's ask someone who actually studies Archaeology: Florine.<\/p>\n<!-- \/wp:paragraph -->\n\n<!-- wp:columns {\"className\":\"\"} -->\n<div class=\"wp-block-columns\"><!-- wp:column -->\n<div class=\"wp-block-column\"><!-- wp:jgu\/image {\"image\":{\"url\":null,\"id\":122969},\"link\":{\"url\":\"https:\/\/www.studium.uni-mainz.de\/en\/choosing-your-degree-program\/courses-offered\/classical-archaeology-ba\/\",\"linkTarget\":\"_blank\",\"rel\":\"noreferrer noopener\"}} \/--><\/div>\n<!-- \/wp:column -->\n\n<!-- wp:column -->\n<div class=\"wp-block-column\"><!-- wp:jgu\/alertbox {\"headline\":\"\\u003cstrong\\u003eLinks\\u003c\/strong\\u003e\",\"subline\":\"\\u003ca href=\\u0022https:\/\/www.hochschulkompass.de\/en\/study-in-germany.html\\u0022 target=\\u0022_blank\\u0022 rel=\\u0022noreferrer noopener\\u0022\\u003eHigher Education Compass\\u003c\/a\\u003e\\u003cbr\\u003e\\u003ca href=\\u0022https:\/\/www.studium.uni-mainz.de\/en\/choosing-your-degree-program\/courses-offered\/classical-archaeology-ba\/\\u0022 data-type=\\u0022page\\u0022 data-id=\\u0022909\\u0022 target=\\u0022_blank\\u0022 rel=\\u0022noreferrer noopener\\u0022\\u003eArchaeology degree description\\u003c\/a\\u003e\",\"children\":\"Also mentioned: \\u003cbr\\u003e\\u003ca href=\\u0022https:\/\/www.nationalgeographic.com\/premium\/article\/jesus-tomb-archaeology-jerusalem-christianity-rome\\u0022 target=\\u0022_blank\\u0022 rel=\\u0022noreferrer noopener\\u0022\\u003eNational Geographic: \u2018Exclusive: Age of Jesus Christ\u2019s purported tomb revealed\u2019\\u003c\/a\\u003e\",\"iconColor\":\"red\"} \/--><\/div>\n<!-- \/wp:column --><\/div>\n<!-- \/wp:columns -->\n<!-- \/wp:jgu\/accordion-item -->\n\n<!-- wp:jgu\/accordion-item {\"title\":\"Episode 32: Was macht man in Kulturanthropologie?\",\"init\":false,\"slug\":\"episode-32-was-macht-man-in-kulturanthropologie\"} -->\n<!-- wp:paragraph {\"className\":\"has-big-font-size\"} -->\n<p class=\"has-big-font-size\">What is culture? Is it just about countries and origins? Is it not also culture when people hang locks on bridges as a sign of their eternal love? Or when the crowds lie down on the grass in parks at the first rays of sunshine, stretch out slacklines, and play guitar? How do people actually organize their lives together? This is one of the central questions that Cultural Anthropology addresses. We ask Freya what else it is about.<\/p>\n<!-- \/wp:paragraph -->\n\n<!-- wp:columns {\"className\":\"\"} -->\n<div class=\"wp-block-columns\"><!-- wp:column -->\n<div class=\"wp-block-column\"><!-- wp:jgu\/image {\"image\":{\"url\":null,\"id\":204},\"link\":{\"url\":\"https:\/\/www.studium.uni-mainz.de\/en\/choosing-your-degree-program\/courses-offered\/cultural-anthropology-ba\/\",\"linkTarget\":\"_blank\",\"rel\":\"noreferrer noopener\"}} \/--><\/div>\n<!-- \/wp:column -->\n\n<!-- wp:column -->\n<div class=\"wp-block-column\"><!-- wp:jgu\/alertbox {\"headline\":\"\\u003cstrong\\u003eLinks\\u003c\/strong\\u003e\",\"subline\":\"\\u003ca href=\\u0022https:\/\/www.hochschulkompass.de\/en\/study-in-germany.html\\u0022 target=\\u0022_blank\\u0022 rel=\\u0022noreferrer noopener\\u0022\\u003eHigher Education Compass\\u003c\/a\\u003e\\u003cbr\\u003e\\u003ca href=\\u0022https:\/\/www.studium.uni-mainz.de\/en\/choosing-your-degree-program\/courses-offered\/cultural-anthropology-ba\/\\u0022 data-type=\\u0022page\\u0022 data-id=\\u0022939\\u0022 target=\\u0022_blank\\u0022 rel=\\u0022noreferrer noopener\\u0022\\u003eCultural Anthropology degree description\\u003c\/a\\u003e\\u003cbr\\u003e\\u003cbr\\u003e\\u003ca href=\\u0022https:\/\/www.ftmk.uni-mainz.de\/\\u0022 target=\\u0022_blank\\u0022 rel=\\u0022noreferrer noopener\\u0022\\u003eDepartment of Film, Theater, Media and Cultural Studies\\u003c\/a\\u003e\",\"iconColor\":\"red\"} \/--><\/div>\n<!-- \/wp:column --><\/div>\n<!-- \/wp:columns -->\n<!-- \/wp:jgu\/accordion-item -->\n\n<!-- wp:jgu\/accordion-item {\"title\":\"Episode 31: Was macht man in Germanistik?\",\"init\":false,\"slug\":\"episode-31-was-macht-man-in-germanistik\"} -->\n<!-- wp:paragraph {\"className\":\"has-big-font-size\"} -->\n<p class=\"has-big-font-size\">Who among you has chosen German as an advanced course in school? Do you sometimes think that pursuing German Studies must be similar? Is German Studies just like German as a school subject, only the \"extended version?\" And what can you actually do with it after graduation? We ask someone who knows all about it: German Studies student Lisa.<\/p>\n<!-- \/wp:paragraph -->\n\n<!-- wp:columns {\"className\":\"\"} -->\n<div class=\"wp-block-columns\"><!-- wp:column -->\n<div class=\"wp-block-column\"><!-- wp:jgu\/image {\"image\":{\"url\":null,\"id\":174},\"link\":{\"url\":\"https:\/\/www.studium.uni-mainz.de\/en\/choosing-your-degree-program\/courses-offered\/german-studies-ba\/\",\"linkTarget\":\"_blank\",\"rel\":\"noreferrer noopener\"}} \/--><\/div>\n<!-- \/wp:column -->\n\n<!-- wp:column -->\n<div class=\"wp-block-column\"><!-- wp:jgu\/alertbox {\"headline\":\"\\u003cstrong\\u003eLinks\\u003c\/strong\\u003e\",\"subline\":\"\\u003ca href=\\u0022https:\/\/www.hochschulkompass.de\/en\/study-in-germany.html\\u0022 target=\\u0022_blank\\u0022 rel=\\u0022noreferrer noopener\\u0022\\u003eHigher Education Compass\\u003c\/a\\u003e\\u003cbr\\u003e\\u003ca href=\\u0022https:\/\/www.studium.uni-mainz.de\/en\/choosing-your-degree-program\/courses-offered\/german-studies-ba\/\\u0022 data-type=\\u0022page\\u0022 data-id=\\u0022765\\u0022\\u003eGerman Studies degree description\\u003c\/a\\u003e\\u003cbr\\u003e\",\"iconColor\":\"red\"} \/--><\/div>\n<!-- \/wp:column --><\/div>\n<!-- \/wp:columns -->\n<!-- \/wp:jgu\/accordion-item -->\n\n<!-- wp:jgu\/accordion-item {\"title\":\"Episode 30: Was macht man in Theaterwissenschaft?\",\"init\":false,\"slug\":\"episode-30-was-macht-man-in-theaterwissenschaft\"} -->\n<!-- wp:paragraph {\"className\":\"has-big-font-size\"} -->\n<p class=\"has-big-font-size\">What does TikTok have to do with theater? Student Leo tells us that every form of performance can be considered theater. Theater is a medium that can convey a wide variety of messages and socially relevant themes. Theater Studies examines theater as a medium and as a part of culture. And this exciting degree program is the subject of this episode.<\/p>\n<!-- \/wp:paragraph -->\n\n<!-- wp:columns {\"className\":\"\"} -->\n<div class=\"wp-block-columns\"><!-- wp:column -->\n<div class=\"wp-block-column\"><!-- wp:jgu\/image {\"image\":{\"url\":null,\"id\":285},\"link\":{\"url\":\"https:\/\/www.studium.uni-mainz.de\/en\/choosing-your-degree-program\/courses-offered\/theater-studies-ba\/\",\"linkTarget\":\"_blank\",\"rel\":\"noreferrer noopener\"}} \/--><\/div>\n<!-- \/wp:column -->\n\n<!-- wp:column -->\n<div class=\"wp-block-column\"><!-- wp:jgu\/alertbox {\"headline\":\"\\u003cstrong\\u003eLinks\\u003c\/strong\\u003e\",\"subline\":\"\\u003ca href=\\u0022https:\/\/www.hochschulkompass.de\/en\/study-in-germany.html\\u0022 target=\\u0022_blank\\u0022 rel=\\u0022noreferrer noopener\\u0022\\u003eHigher Education Compass\\u003c\/a\\u003e\\u003cbr\\u003e\\u003ca href=\\u0022https:\/\/www.studium.uni-mainz.de\/en\/choosing-your-degree-program\/courses-offered\/theater-studies-ba\/\\u0022 data-type=\\u0022page\\u0022 data-id=\\u00221368\\u0022 target=\\u0022_blank\\u0022 rel=\\u0022noreferrer noopener\\u0022\\u003e Theater Studies degree description\\u003c\/a\\u003e\\u003cbr\\u003e\\u003ca href=\\u0022https:\/\/www.ftmk.uni-mainz.de\/\\u0022 target=\\u0022_blank\\u0022 rel=\\u0022noreferrer noopener\\u0022\\u003eDepartment of Film, Theater, Media and Cultural Studies\\u003c\/a\\u003e\",\"iconColor\":\"red\"} \/--><\/div>\n<!-- \/wp:column --><\/div>\n<!-- \/wp:columns -->\n<!-- \/wp:jgu\/accordion-item -->\n\n<!-- wp:jgu\/accordion-item {\"title\":\"Episode 29: Was macht man in Medizin?\",\"init\":false,\"slug\":\"episode-29-was-macht-man-in-medizin\"} -->\n<!-- wp:paragraph {\"className\":\"has-big-font-size\"} -->\n<p class=\"has-big-font-size\">Do you know those little toy doctor's kits for children? For many, it\u2019s been clear since childhood: I want to be a doctor! But what is it like to study Medicine and does reality match our imagination? We talk to medical student Jan.<\/p>\n<!-- \/wp:paragraph -->\n\n<!-- wp:columns {\"className\":\"\"} -->\n<div class=\"wp-block-columns\"><!-- wp:column -->\n<div class=\"wp-block-column\"><!-- wp:jgu\/image {\"image\":{\"url\":null,\"id\":213},\"link\":{\"url\":\"https:\/\/www.studium.uni-mainz.de\/en\/choosing-your-degree-program\/courses-offered\/medicine-ste\/\",\"linkTarget\":\"_blank\",\"rel\":\"noreferrer noopener\"}} \/--><\/div>\n<!-- \/wp:column -->\n\n<!-- wp:column -->\n<div class=\"wp-block-column\"><!-- wp:jgu\/alertbox {\"headline\":\"\\u003cstrong\\u003eLinks\\u003c\/strong\\u003e\",\"subline\":\"\\u003ca href=\\u0022https:\/\/www.hochschulkompass.de\/en\/study-in-germany.html\\u0022 target=\\u0022_blank\\u0022 rel=\\u0022noreferrer noopener\\u0022\\u003eHigher Education Compass\\u003c\/a\\u003e\\u003cbr\\u003e\\u003ca href=\\u0022https:\/\/www.studium.uni-mainz.de\/en\/choosing-your-degree-program\/courses-offered\/medicine-ste\/\\u0022\\u003eMedicine degree description\\u003c\/a\\u003e\\u003cbr\\u003e\\u003ca href=\\u0022https:\/\/www.studium.uni-mainz.de\/en\/your-application\/application-process\/european-applicants-for-pharmaceutical-sciences-dentistry-or-medicine\/\\u0022 target=\\u0022_blank\\u0022 rel=\\u0022noreferrer noopener\\u0022\\u003eMedicine Application Process\\u003c\/a\\u003e\\u003cbr\\u003e\\u003ca href=\\u0022https:\/\/www.youtube.com\/watch?v=-8MW8jFjlrk\\u0022 target=\\u0022_blank\\u0022 rel=\\u0022noreferrer noopener\\u0022\\u003eMusic video \\u0022Keine Hose, Kein Problem!\\u0022 (\u201cNo pants, no problem!\u201d) Medimeisterschaften Mainz 2021 (Medical Students Championships)\\u003c\/a\\u003e\\u003cbr\\u003e\\u003ca href=\\u0022https:\/\/www.youtube.com\/watch?v=iAl3irOh3Sw\\u0022 target=\\u0022_blank\\u0022 rel=\\u0022noreferrer noopener\\u0022\\u003eMusic video \\u0022Medicopter Mainz17\\u0022 Medimeisterschaften Mainz 2017 (Medical Students Championships)\\u003c\/a\\u003e\",\"iconColor\":\"red\"} \/--><\/div>\n<!-- \/wp:column --><\/div>\n<!-- \/wp:columns -->\n<!-- \/wp:jgu\/accordion-item -->\n\n<!-- wp:jgu\/accordion-item {\"title\":\"Episode 28: Willkommen Annabelle\",\"init\":false,\"slug\":\"episode-28-willkommen-annabelle\"} -->\n<!-- wp:paragraph {\"className\":\"has-big-font-size\"} -->\n<p class=\"has-big-font-size\">In this episode, we are not introducing you to a degree program, but rather to the new host of the podcast \u201cStudieren! Aber was?,\u201d together with Franziska. Welcome Annabelle!<\/p>\n<!-- \/wp:paragraph -->\n\n<!-- wp:columns {\"className\":\"\"} -->\n<div class=\"wp-block-columns\"><!-- wp:column {\"width\":\"50%\"} -->\n<div class=\"wp-block-column\" style=\"flex-basis:50%\"><!-- wp:jgu\/image {\"image\":{\"url\":null,\"id\":104567}} \/--><\/div>\n<!-- \/wp:column --><\/div>\n<!-- \/wp:columns -->\n<!-- \/wp:jgu\/accordion-item -->\n\n<!-- wp:jgu\/accordion-item {\"title\":\"Episode 27: Was macht man in \u00c4gyptologie?\",\"init\":false,\"slug\":\"episode-27-was-macht-man-in-agyptologie\"} -->\n<!-- wp:paragraph {\"className\":\"has-big-font-size\"} -->\n<p class=\"has-big-font-size\">What do you think of when you hear \u201cAncient Egypt?\u201d Somehow it immediately conjures the same images in our heads: Pyramids, mummies, pharaohs, hieroglyphics. Egyptology is a small, specialized subject belonging to the realm of Ancient Studies. And student Mahsa tells us all about it.<\/p>\n<!-- \/wp:paragraph -->\n\n<!-- wp:columns {\"className\":\"\"} -->\n<div class=\"wp-block-columns\"><!-- wp:column -->\n<div class=\"wp-block-column\"><!-- wp:jgu\/image {\"image\":{\"url\":null,\"id\":69750},\"link\":{\"url\":\"https:\/\/www.studium.uni-mainz.de\/en\/choosing-your-degree-program\/courses-offered\/egyptology-ba\/\",\"linkTarget\":\"_blank\",\"rel\":\"noreferrer noopener\"}} \/--><\/div>\n<!-- \/wp:column -->\n\n<!-- wp:column -->\n<div class=\"wp-block-column\"><!-- wp:jgu\/alertbox {\"headline\":\"\\u003cstrong\\u003eLinks\\u003c\/strong\\u003e\",\"subline\":\"\\u003ca href=\\u0022https:\/\/www.hochschulkompass.de\/en\/study-in-germany.html\\u0022 target=\\u0022_blank\\u0022 rel=\\u0022noreferrer noopener\\u0022\\u003eHigher Education Compass\\u003c\/a\\u003e\\u003cbr\\u003e\\u003ca href=\\u0022https:\/\/www.studium.uni-mainz.de\/en\/choosing-your-degree-program\/courses-offered\/egyptology-ba\/\\u0022 data-type=\\u0022page\\u0022 data-id=\\u002262012\\u0022\\u003eEgyptology degree description\\u003c\/a\\u003e\",\"iconColor\":\"red\"} \/--><\/div>\n<!-- \/wp:column --><\/div>\n<!-- \/wp:columns -->\n<!-- \/wp:jgu\/accordion-item -->\n\n<!-- wp:jgu\/accordion-item {\"title\":\"Episode 26: Was macht man in Soziologie?\",\"init\":false,\"slug\":\"episode-26-was-macht-man-in-soziologie\"} -->\n<!-- wp:paragraph {\"className\":\"has-big-font-size\"} -->\n<p class=\"has-big-font-size\">Have you ever wondered why we behave in a certain way in certain situations? We line up in queues when we wait. And when crossing a large pedestrian crossing, we manage not to bump into any of the people coming towards us, without saying a word. How do people behave within a society and how does it work? Sociology deals with all these questions and many more. Sociology student Elisa tells us all.<\/p>\n<!-- \/wp:paragraph -->\n\n<!-- wp:columns {\"className\":\"\"} -->\n<div class=\"wp-block-columns\"><!-- wp:column -->\n<div class=\"wp-block-column\"><!-- wp:jgu\/image {\"image\":{\"url\":null,\"id\":273},\"link\":{\"url\":\"https:\/\/www.studium.uni-mainz.de\/en\/choosing-your-degree-program\/courses-offered\/sociology-ba\/\",\"linkTarget\":\"_blank\",\"rel\":\"noreferrer noopener\"}} \/--><\/div>\n<!-- \/wp:column -->\n\n<!-- wp:column -->\n<div class=\"wp-block-column\"><!-- wp:jgu\/alertbox {\"headline\":\"\\u003cstrong\\u003eLinks\\u003c\/strong\\u003e\",\"subline\":\"\\u003ca href=\\u0022https:\/\/www.hochschulkompass.de\/en\/study-in-germany.html\\u0022 target=\\u0022_blank\\u0022 rel=\\u0022noreferrer noopener\\u0022\\u003eHigher Education Compass\\u003c\/a\\u003e\\u003cbr\\u003e\\u003ca href=\\u0022https:\/\/www.studium.uni-mainz.de\/en\/choosing-your-degree-program\/courses-offered\/sociology-ba\/\\u0022\\u003eSociology degree description\\u003c\/a\\u003e\\u003cbr\\u003e\\u003ca href=\\u0022https:\/\/en.wikipedia.org\/wiki\/Erving_Goffman\\u0022 target=\\u0022_blank\\u0022 rel=\\u0022noreferrer noopener\\u0022\\u003eErving Goffman\\u003c\/a\\u003e\\u003cbr\\u003e\\u003ca href=\\u0022https:\/\/en.wikipedia.org\/wiki\/Role_theory\\u0022 target=\\u0022_blank\\u0022 rel=\\u0022noreferrer noopener\\u0022\\u003eRole theory\\u003c\/a\\u003e\\u003cbr\\u003e\\u003ca href=\\u0022https:\/\/en.wikipedia.org\/wiki\/Habitus_(sociology)\\u0022 target=\\u0022_blank\\u0022 rel=\\u0022noreferrer noopener\\u0022\\u003eHabitus\\u003c\/a\\u003e\\u003cbr\\u003e\\u003ca href=\\u0022https:\/\/www.bpb.de\/mediathek\/223639\/sozialisation\\u0022 target=\\u0022_blank\\u0022 rel=\\u0022noreferrer noopener\\u0022\\u003eSozialisation (Socialization)\\u003c\/a\\u003e\\u003cbr\\u003e\\u003ca href=\\u0022https:\/\/en.wikipedia.org\/wiki\/Social_environment\\u0022 target=\\u0022_blank\\u0022 rel=\\u0022noreferrer noopener\\u0022\\u003eSocial environment\\u003c\/a\\u003e\\u003cbr\\u003e\\u003ca href=\\u0022https:\/\/en.wikipedia.org\/wiki\/Sociology\\u0022 target=\\u0022_blank\\u0022 rel=\\u0022noreferrer noopener\\u0022\\u003eSociology\\u003c\/a\\u003e\",\"iconColor\":\"red\"} \/--><\/div>\n<!-- \/wp:column --><\/div>\n<!-- \/wp:columns -->\n<!-- \/wp:jgu\/accordion-item -->\n\n<!-- wp:jgu\/accordion-item {\"title\":\"Episode 25: Was macht man in Geschichte?\",\"init\":false,\"slug\":\"episode-25-was-macht-man-in-geschichte\"} -->\n<!-- wp:paragraph {\"className\":\"has-big-font-size\"} -->\n<p class=\"has-big-font-size\">What do you have in mind when you think of studying history? Memorizing dates? School lessons about the French Revolution that make you wonder, \u201cWhy do I need to know this?\u201d Student Jan-Niclas explains why the past has an impact on all aspects of our world and that history is much more than just memorizing dates.<\/p>\n<!-- \/wp:paragraph -->\n\n<!-- wp:columns {\"className\":\"\"} -->\n<div class=\"wp-block-columns\"><!-- wp:column -->\n<div class=\"wp-block-column\"><!-- wp:jgu\/image {\"image\":{\"url\":null,\"id\":177},\"link\":{\"url\":\"https:\/\/www.studium.uni-mainz.de\/en\/choosing-your-degree-program\/courses-offered\/history-ba\/\",\"linkTarget\":\"_blank\",\"rel\":\"noreferrer noopener\"}} \/--><\/div>\n<!-- \/wp:column -->\n\n<!-- wp:column -->\n<div class=\"wp-block-column\"><!-- wp:jgu\/alertbox {\"headline\":\"\\u003cstrong\\u003eLinks\\u003c\/strong\\u003e\",\"subline\":\"\\u003ca href=\\u0022https:\/\/www.hochschulkompass.de\/en\/study-in-germany.html\\u0022 target=\\u0022_blank\\u0022 rel=\\u0022noreferrer noopener\\u0022\\u003eHigher Education Compass\\u003c\/a\\u003e\\u003cbr\\u003e\\u003ca href=\\u0022https:\/\/www.studium.uni-mainz.de\/en\/choosing-your-degree-program\/courses-offered\/history-ba\/\\u0022\\u003eHistory degree description\\u003c\/a\\u003e\\u003cbr\\u003e\\u003ca href=\\u0022https:\/\/www.funk.net\/channel\/mrwissen2go-8423\\u0022 target=\\u0022_blank\\u0022 rel=\\u0022noreferrer noopener\\u0022\\u003eMrWissen2go\\u003c\/a\\u003e\",\"iconColor\":\"red\"} \/--><\/div>\n<!-- \/wp:column --><\/div>\n<!-- \/wp:columns -->\n<!-- \/wp:jgu\/accordion-item -->\n\n<!-- wp:jgu\/accordion-item {\"title\":\"Episode 24: Und so geht es weiter\",\"init\":false,\"slug\":\"episode-24-und-so-geht-es-weiter\"} -->\n<!-- wp:paragraph {\"className\":\"has-big-font-size\"} -->\n<p class=\"has-big-font-size\">We tell you what\u2019s happening next with the podcast. The good news: There are still many subjects to introduce you to, so we are far from finished. But there will be one small change...<\/p>\n<!-- \/wp:paragraph -->\n\n<!-- wp:columns {\"className\":\"\"} -->\n<div class=\"wp-block-columns\"><!-- wp:column -->\n<div class=\"wp-block-column\"><!-- wp:jgu\/image {\"image\":{\"url\":null,\"id\":104576}} \/--><\/div>\n<!-- \/wp:column -->\n\n<!-- wp:column -->\n<div class=\"wp-block-column\"><\/div>\n<!-- \/wp:column --><\/div>\n<!-- \/wp:columns -->\n<!-- \/wp:jgu\/accordion-item -->\n\n<!-- wp:jgu\/accordion-item {\"title\":\"Episode 23: Was macht man in Erziehungswissenschaft?\",\"init\":false,\"slug\":\"episode-23-was-macht-man-in-erziehungswissenschaft\"} -->\n<!-- wp:paragraph {\"className\":\"has-big-font-size\"} -->\n<p class=\"has-big-font-size\">Dajana explains that Educational Science is not just about education and children, but about people in various developmental phases of life. We also talk about what you can do with the degree after your studies.<\/p>\n<!-- \/wp:paragraph -->\n\n<!-- wp:columns {\"className\":\"\"} -->\n<div class=\"wp-block-columns\"><!-- wp:column -->\n<div class=\"wp-block-column\"><!-- wp:jgu\/image {\"image\":{\"url\":null,\"id\":141},\"link\":{\"url\":\"https:\/\/www.studium.uni-mainz.de\/en\/choosing-your-degree-program\/courses-offered\/educational-sciences-ba\/\"}} \/--><\/div>\n<!-- \/wp:column -->\n\n<!-- wp:column -->\n<div class=\"wp-block-column\"><!-- wp:jgu\/alertbox {\"headline\":\"\\u003cstrong\\u003eLinks\\u003c\/strong\\u003e\",\"subline\":\"\\u003ca href=\\u0022https:\/\/www.hochschulkompass.de\/en\/study-in-germany.html\\u0022 target=\\u0022_blank\\u0022 rel=\\u0022noreferrer noopener\\u0022\\u003eHigher Education Compass\\u003c\/a\\u003e\\u003cbr\\u003e\\u003ca href=\\u0022https:\/\/www.studium.uni-mainz.de\/en\/choosing-your-degree-program\/courses-offered\/educational-science-ba\/\\u0022\\u003eEducational Science degree description\\u003c\/a\\u003e\\u003cbr\\u003e\\u003ca href=\\u0022https:\/\/en.wikipedia.org\/wiki\/Anthropology\\u0022 target=\\u0022_blank\\u0022 rel=\\u0022noreferrer noopener\\u0022\\u003eWikipedia page about anthropology\\u003c\/a\\u003e\\u003cbr\\u003e\\u003ca href=\\u0022https:\/\/en.wikipedia.org\/wiki\/Systems_theory\\u0022 target=\\u0022_blank\\u0022 rel=\\u0022noreferrer noopener\\u0022\\u003eWikipedia page about systems theory\\u003c\/a\\u003e\\u003cbr\\u003e\\u003ca href=\\u0022https:\/\/www.studierendenwerke.de\/themen\/studieren-mit-familie\\u0022 target=\\u0022_blank\\u0022 rel=\\u0022noreferrer noopener\\u0022\\u003eInformation on studying as a parent\\u003c\/a\\u003e\",\"iconColor\":\"red\"} \/--><\/div>\n<!-- \/wp:column --><\/div>\n<!-- \/wp:columns -->\n<!-- \/wp:jgu\/accordion-item -->\n\n<!-- wp:jgu\/accordion-item {\"title\":\"Episode 22: Was macht man in Meteorologie?\",\"init\":false,\"slug\":\"episode-22-was-macht-man-in-meteorologie\"} -->\n<!-- wp:paragraph {\"className\":\"has-big-font-size\"} -->\n<p class=\"has-big-font-size\">What will the weather be like today? Have you ever wondered how predicting the weather actually works? And who is actually researching the climate and how it is changing? Meteorology is behind both. We talk to Florina about this subject.<\/p>\n<!-- \/wp:paragraph -->\n\n<!-- wp:columns {\"className\":\"\"} -->\n<div class=\"wp-block-columns\"><!-- wp:column -->\n<div class=\"wp-block-column\"><!-- wp:jgu\/image {\"image\":{\"url\":null,\"id\":45071},\"link\":{\"url\":\"https:\/\/www.studium.uni-mainz.de\/en\/choosing-your-degree-program\/courses-offered\/meteorology-bsc\/\",\"linkTarget\":\"_blank\",\"rel\":\"noreferrer noopener\"}} \/--><\/div>\n<!-- \/wp:column -->\n\n<!-- wp:column -->\n<div class=\"wp-block-column\"><!-- wp:jgu\/alertbox {\"headline\":\"\\u003cstrong\\u003eLinks\\u003c\/strong\\u003e\",\"subline\":\"\\u003ca href=\\u0022https:\/\/www.dwd.de\/EN\/Home\/home_node.html;jsessionid=88713C8B0C4EB39A62BDBD27535F6650.live31083\\u0022 target=\\u0022_blank\\u0022 rel=\\u0022noreferrer noopener\\u0022\\u003eGerman Weather Service\\u003c\/a\\u003e\\u003cbr\\u003e\\u003ca href=\\u0022https:\/\/www.studium.uni-mainz.de\/en\/choosing-your-degree-program\/courses-offered\/meteorology-bsc\/\\u0022\\u003eMeteorology degree description\\u003c\/a\\u003e\\u003cbr\\u003e\\u003ca href=\\u0022https:\/\/www.youtube.com\/watch?v=XuBYGTFso8w\\u0022 target=\\u0022_blank\\u0022 rel=\\u0022noreferrer noopener\\u0022\\u003eCampus TV Quick Check Meteorologie\\u003c\/a\\u003e\\u003cbr\\u003e\\u003ca href=\\u0022https:\/\/www.hochschulkompass.de\/en\/study-in-germany.html\\u0022 target=\\u0022_blank\\u0022 rel=\\u0022noreferrer noopener\\u0022\\u003eHigher Education Compass\\u003c\/a\\u003e\",\"iconColor\":\"red\"} \/--><\/div>\n<!-- \/wp:column --><\/div>\n<!-- \/wp:columns -->\n<!-- \/wp:jgu\/accordion-item -->\n\n<!-- wp:jgu\/accordion-item {\"title\":\"Episode 21: Was macht man in Publizistik?\",\"init\":false,\"slug\":\"episode-21-was-macht-man-in-publizistik\"} -->\n<!-- wp:paragraph {\"className\":\"has-big-font-size\"} -->\n<p class=\"has-big-font-size\">How does media affect us and our society? How does communication in social media work? In this episode, we talk to Till, who is studying Communication Studies. Heads up: This episode is for anyone who wants to study something to do with media.<\/p>\n<!-- \/wp:paragraph -->\n\n<!-- wp:columns {\"className\":\"\"} -->\n<div class=\"wp-block-columns\"><!-- wp:column -->\n<div class=\"wp-block-column\"><!-- wp:jgu\/image {\"image\":{\"url\":null,\"id\":258},\"link\":{\"url\":\"https:\/\/www.studium.uni-mainz.de\/en\/choosing-your-degree-program\/courses-offered\/communication-studies-ba\/\",\"linkTarget\":\"_blank\",\"rel\":\"noreferrer noopener\"}} \/--><\/div>\n<!-- \/wp:column -->\n\n<!-- wp:column -->\n<div class=\"wp-block-column\"><!-- wp:jgu\/alertbox {\"headline\":\"\\u003cstrong\\u003eLinks\\u003c\/strong\\u003e\",\"subline\":\"\\u003ca href=\\u0022https:\/\/studienwahl.de\/en\/study-opportunities\/philology-cultural-sciences\/communication-media\\u0022 target=\\u0022_blank\\u0022 rel=\\u0022noreferrer noopener\\u0022\\u003eCommunication and Media Studies\\u003c\/a\\u003e\\u003cbr\\u003e\\u003ca href=\\u0022https:\/\/www.studium.uni-mainz.de\/en\/choosing-your-degree-program\/courses-offered\/communication-studies-ba\/\\u0022\\u003eCommunication Studies Profile\\u003c\/a\\u003e\\u003cbr\\u003e\\u003ca href=\\u0022https:\/\/www.dw.com\/de\/der-werther-effekt-wenn-selbstmord-zum-faszinosum-wird\/a-38882155\\u0022 target=\\u0022_blank\\u0022 rel=\\u0022noreferrer noopener\\u0022\\u003eDer Werther-Effekt (The Werther Effect)\\u003c\/a\\u003e\\u003cbr\\u003e\\u003ca href=\\u0022https:\/\/en.wikipedia.org\/wiki\/Spiral_of_silence\\u0022 target=\\u0022_blank\\u0022 rel=\\u0022noreferrer noopener\\u0022\\u003eThe spiral of silence\\u003c\/a\\u003e\",\"iconColor\":\"red\"} \/--><\/div>\n<!-- \/wp:column --><\/div>\n<!-- \/wp:columns -->\n<!-- \/wp:jgu\/accordion-item -->\n\n<!-- wp:jgu\/accordion-item {\"title\":\"Episode 20: Was macht man in Buchwissenschaft?\",\"init\":false,\"slug\":\"episode-20-was-macht-man-in-buchwissenschaft\"} -->\n<!-- wp:paragraph {\"className\":\"has-big-font-size\"} -->\n<p class=\"has-big-font-size\">Do people still read and what are they reading? Won't books soon fall out of fashion anyway? Book Studies deals with these questions. Sarah, a Book Studies student, tells us more about it in this episode.<\/p>\n<!-- \/wp:paragraph -->\n\n<!-- wp:columns {\"className\":\"\"} -->\n<div class=\"wp-block-columns\"><!-- wp:column -->\n<div class=\"wp-block-column\"><!-- wp:jgu\/image {\"image\":{\"url\":null,\"id\":123},\"link\":{\"url\":\"https:\/\/www.studium.uni-mainz.de\/en\/choosing-your-degree-program\/courses-offered\/book-studies-ba\/\",\"linkTarget\":\"_blank\",\"rel\":\"noreferrer noopener\"}} \/--><\/div>\n<!-- \/wp:column -->\n\n<!-- wp:column -->\n<div class=\"wp-block-column\"><!-- wp:jgu\/alertbox {\"headline\":\"\\u003cstrong\\u003eLinks\\u003c\/strong\\u003e\",\"subline\":\"\\u003ca href=\\u0022https:\/\/www.studium.uni-mainz.de\/en\/choosing-your-degree-program\/courses-offered\/book-studies-ba\/\\u0022\\u003eBook Studies degree description\\u003c\/a\\u003e\\u003cbr\\u003e\\u003ca href=\\u0022https:\/\/www.boersenverein.de\/english\/\\u0022 target=\\u0022_blank\\u0022 rel=\\u0022noreferrer noopener\\u0022\\u003eGerman Publishers and Booksellers Association\\u003c\/a\\u003e\\u003cbr\\u003e\\u003ca href=\\u0022https:\/\/www.jungeverlagsmenschen.de\/\\u0022 target=\\u0022_blank\\u0022 rel=\\u0022noreferrer noopener\\u0022\\u003eJunge Verlags- und Medienmenschen\\u003c\/a\\u003e\",\"iconColor\":\"red\"} \/--><\/div>\n<!-- \/wp:column --><\/div>\n<!-- \/wp:columns -->\n<!-- \/wp:jgu\/accordion-item -->\n\n<!-- wp:jgu\/accordion-item {\"title\":\"Episode 19: Kann man Dolmetschen und \u00dcbersetzen studieren?\",\"init\":false,\"slug\":\"episode-19-kann-man-dolmetschen-und-ubersetzen-studieren\"} -->\n<!-- wp:paragraph {\"className\":\"has-big-font-size\"} -->\n<p class=\"has-big-font-size\">What do you actually have to learn if you want to become an interpreter or translator? To find out, we talk to Dimitrios. He is a student of Language, Culture, Translation.<\/p>\n<!-- \/wp:paragraph -->\n\n<!-- wp:columns {\"className\":\"\"} -->\n<div class=\"wp-block-columns\"><!-- wp:column -->\n<div class=\"wp-block-column\"><!-- wp:jgu\/image {\"image\":{\"url\":null,\"id\":78449},\"link\":{\"url\":\"https:\/\/www.studium.uni-mainz.de\/en\/choosing-your-degree-program\/courses-offered\/translation-ba\/\",\"linkTarget\":\"_blank\",\"rel\":\"noreferrer noopener\"}} \/--><\/div>\n<!-- \/wp:column -->\n\n<!-- wp:column -->\n<div class=\"wp-block-column\"><!-- wp:jgu\/alertbox {\"headline\":\"\\u003cstrong\\u003eLinks\\u003c\/strong\\u003e\",\"subline\":\"\\u003ca href=\\u0022https:\/\/studium.fb06.uni-mainz.de\/information-studying-translating-interpreting-english\/\\u0022 target=\\u0022_blank\\u0022 rel=\\u0022noreferrer noopener\\u0022\\u003eFaculty of Translation Studies, Linguistics, and Cultural Studies\\u003c\/a\\u003e\\u003cbr\\u003e \\u003cbr\\u003e\\u003ca href=\\u0022https:\/\/asta.fb06.uni-mainz.de\/ftscast\/\\u0022 target=\\u0022_blank\\u0022 rel=\\u0022noreferrer noopener\\u0022\\u003ePodcast FTScast\u00a0\\u003c\/a\\u003e\\u003cbr\\u003e\\u003ca href=\\u0022https:\/\/www.studium.uni-mainz.de\/en\/choosing-your-degree-program\/courses-offered\/translation-ba\/\\u0022\\u003eTranslation degree description\\u003c\/a\\u003e\",\"iconColor\":\"red\"} \/--><\/div>\n<!-- \/wp:column --><\/div>\n<!-- \/wp:columns -->\n<!-- \/wp:jgu\/accordion-item -->\n\n<!-- wp:jgu\/accordion-item {\"title\":\"Episode 18: Wie bewirbt man sich auf einen Studienplatz?\",\"init\":false,\"slug\":\"episode-18-wie-bewirbt-man-sich-auf-einen-studienplatz\"} -->\n<!-- wp:paragraph {\"className\":\"has-big-font-size\"} -->\n<p class=\"has-big-font-size\">How do you actually apply for a spot at the university? What does NC stand for? And what does wait time mean? Together with their colleague Meike, Franziska and Julia discuss what you should bear in mind when applying to university and dispel common application myths.<\/p>\n<!-- \/wp:paragraph -->\n\n<!-- wp:columns {\"className\":\"\"} -->\n<div class=\"wp-block-columns\"><!-- wp:column -->\n<div class=\"wp-block-column\"><!-- wp:jgu\/image {\"image\":{\"url\":null,\"id\":10738}} \/--><\/div>\n<!-- \/wp:column -->\n\n<!-- wp:column -->\n<div class=\"wp-block-column\"><!-- wp:jgu\/alertbox {\"headline\":\"\\u003cstrong\\u003eLinks\\u003c\/strong\\u003e\",\"subline\":\"\\u003ca href=\\u0022https:\/\/www.studium.uni-mainz.de\/en\/your-application\/\\u0022\\u003eApplying to JGU\u00a0\\u003c\/a\\u003e\\u003cbr\\u003e\\u003ca href=\\u0022http:\/\/www.hochschulstart.de\/startseite\\u0022 target=\\u0022_blank\\u0022 rel=\\u0022noreferrer noopener\\u0022\\u003eApplication via Hochschulstart\u00a0\\u003c\/a\\u003e\",\"iconColor\":\"red\"} \/--><\/div>\n<!-- \/wp:column --><\/div>\n<!-- \/wp:columns -->\n<!-- \/wp:jgu\/accordion-item -->\n\n<!-- wp:jgu\/accordion-item {\"title\":\"Episode 17: Was macht man in Biomedizinischer Chemie?\",\"init\":false,\"slug\":\"episode-17-was-macht-man-in-biomedizinischer-chemie\"} -->\n<!-- wp:paragraph {\"className\":\"has-big-font-size\"} -->\n<p class=\"has-big-font-size\">In recent months, one topic has attracted a great deal of public attention: The development of vaccines and drugs. Within a very short time, researchers have developed vaccines to protect against Covid-19. However, research into drugs to treat Covid-19 has also been in full swing since the start of the pandemic. We read and hear about vector vaccines and mRNA vaccines and already feel a bit like experts. The development of drugs involves research disciplines such as chemistry, medicine, and biology. Today we are talking to a real expert about a subject that is unique in the German academic landscape: Biomedical Chemistry.<\/p>\n<!-- \/wp:paragraph -->\n\n<!-- wp:columns {\"className\":\"\"} -->\n<div class=\"wp-block-columns\"><!-- wp:column -->\n<div class=\"wp-block-column\"><!-- wp:jgu\/image {\"image\":{\"url\":null,\"id\":120},\"link\":{\"url\":\"https:\/\/www.studium.uni-mainz.de\/en\/choosing-your-degree-program\/courses-offered\/biomedical-chemistry-bsc\/\",\"linkTarget\":\"_blank\",\"rel\":\"noreferrer noopener\"}} \/--><\/div>\n<!-- \/wp:column -->\n\n<!-- wp:column -->\n<div class=\"wp-block-column\"><!-- wp:jgu\/alertbox {\"headline\":\"\\u003cstrong\\u003eLinks\\u003c\/strong\\u003e\",\"subline\":\"\\u003cbr\\u003e\\u003ca href=\\u0022https:\/\/www.youtube.com\/watch?v=1FtG172VM1w\\u0022 target=\\u0022_blank\\u0022 rel=\\u0022noreferrer noopener\\u0022\\u003eQuick Check \u201cBiomedizinische Chemie\u201d (\\u0022Biomedical Chemistry\\u0022) by CampusTV Mainz\\u003c\/a\\u003e\\u003cbr\\u003e\\u003ca href=\\u0022https:\/\/www.studium.uni-mainz.de\/en\/choosing-your-degree-program\/courses-offered\/biomedical-chemistry-bsc\/\\u0022\\u003eBiomedical Chemistry degree description\\u003c\/a\\u003e\\u003cbr\\u003e\\u003ca href=\\u0022https:\/\/www.youtube.com\/channel\/UCyHDQ5C6z1NDmJ4g6SerW8g\\u0022 target=\\u0022_blank\\u0022 rel=\\u0022noreferrer noopener\\u0022\\u003emailab YouTube channel\\u003c\/a\\u003e\",\"iconColor\":\"red\"} \/--><\/div>\n<!-- \/wp:column --><\/div>\n<!-- \/wp:columns -->\n<!-- \/wp:jgu\/accordion-item -->\n\n<!-- wp:jgu\/accordion-item {\"title\":\"Episode 16: Was macht man in Jura?\",\"init\":false,\"slug\":\"episode-16-was-macht-man-in-jura\"} -->\n<!-- wp:paragraph {\"className\":\"has-big-font-size\"} -->\n<p class=\"has-big-font-size\">Law is a degree course that somehow everyone has heard of. Student Felix explains what exactly it involves.<\/p>\n<!-- \/wp:paragraph -->\n\n<!-- wp:columns {\"className\":\"\"} -->\n<div class=\"wp-block-columns\"><!-- wp:column -->\n<div class=\"wp-block-column\"><!-- wp:jgu\/image {\"image\":{\"url\":null,\"id\":261},\"link\":{\"url\":\"https:\/\/www.studium.uni-mainz.de\/en\/choosing-your-degree-program\/courses-offered\/law-state-examination\/\",\"linkTarget\":\"_blank\",\"rel\":\"noreferrer noopener\"}} \/--><\/div>\n<!-- \/wp:column -->\n\n<!-- wp:column -->\n<div class=\"wp-block-column\"><!-- wp:jgu\/alertbox {\"headline\":\"\\u003cstrong\\u003eLinks\\u003c\/strong\\u003e\",\"subline\":\"\\u003cbr\\u003e\\u003ca href=\\u0022https:\/\/studienwahl.de\/en\/study-opportunities\/law-social-sciences\/law-sciences\\u0022 target=\\u0022_blank\\u0022 rel=\\u0022noreferrer noopener\\u0022\\u003eLaw on studienwahl.de\\u003c\/a\\u003e\\u003cbr\\u003e\\u003ca href=\\u0022https:\/\/www.studium.uni-mainz.de\/en\/choosing-your-degree-program\/courses-offered\/law-state-examination\/\\u0022\\u003eLaw degree description\\u003c\/a\\u003e\",\"iconColor\":\"red\"} \/--><\/div>\n<!-- \/wp:column --><\/div>\n<!-- \/wp:columns -->\n<!-- \/wp:jgu\/accordion-item -->\n\n<!-- wp:jgu\/accordion-item {\"title\":\"Episode 15: Was macht man in Wirtschaftsp\u00e4dagogik?\",\"init\":false,\"slug\":\"episode-15-was-macht-man-in-wirtschaftspadagogik\"} -->\n<!-- wp:paragraph {\"className\":\"has-big-font-size\"} -->\n<p class=\"has-big-font-size\">Franziska and Julia ask Holger about his studies in Business Education. He talks about the content of this exciting combination and the wide range of career opportunities after graduation.<\/p>\n<!-- \/wp:paragraph -->\n\n<!-- wp:columns {\"className\":\"\"} -->\n<div class=\"wp-block-columns\"><!-- wp:column -->\n<div class=\"wp-block-column\"><!-- wp:jgu\/image {\"image\":{\"url\":null,\"id\":1674},\"link\":{\"url\":\"https:\/\/www.studium.uni-mainz.de\/en\/choosing-your-degree-program\/courses-offered\/business-education-bsc\/\",\"linkTarget\":\"_blank\",\"rel\":\"noreferrer noopener\"}} \/--><\/div>\n<!-- \/wp:column -->\n\n<!-- wp:column -->\n<div class=\"wp-block-column\"><!-- wp:jgu\/alertbox {\"headline\":\"\\u003cstrong\\u003eLinks\\u003c\/strong\\u003e\",\"subline\":\"\\u003cbr\\u003e\\u003ca href=\\u0022https:\/\/www.hochschulkompass.de\/en\/study-in-germany.html\\u0022 target=\\u0022_blank\\u0022 rel=\\u0022noreferrer noopener\\u0022\\u003eHigher Education Compass\\u003c\/a\\u003e\\u003cbr\\u003e\\u003ca href=\\u0022https:\/\/www.studium.uni-mainz.de\/en\/choosing-your-degree-program\/courses-offered\/business-education-bsc\/\\u0022\\u003eBusiness Education degree description\\u003c\/a\\u003e\\u003cbr\\u003e\\u003ca href=\\u0022https:\/\/studienwahl.de\/en\/study-opportunities\/economic-sciences0\\u0022 target=\\u0022_blank\\u0022 rel=\\u0022noreferrer noopener\\u0022\\u003eEconomics on studienwahl.de\\u003c\/a\\u003e\",\"iconColor\":\"red\"} \/--><\/div>\n<!-- \/wp:column --><\/div>\n<!-- \/wp:columns -->\n<!-- \/wp:jgu\/accordion-item -->\n\n<!-- wp:jgu\/accordion-item {\"title\":\"Episode 14: Was macht man im Lehramt?\",\"init\":false,\"slug\":\"episode-14-was-macht-man-im-lehramt\"} -->\n<!-- wp:paragraph {\"className\":\"has-big-font-size\"} -->\n<p class=\"has-big-font-size\">In this episode, student Marc talks about his studies to become a teacher at a German <i>Gymnasium<\/i> (secondary school). Franziska and Julia chat to him about how this degree program is structured, how you prepare to be a teacher, and what the career prospects are.<\/p>\n<!-- \/wp:paragraph -->\n\n<!-- wp:columns {\"className\":\"\"} -->\n<div class=\"wp-block-columns\"><!-- wp:column -->\n<div class=\"wp-block-column\"><!-- wp:jgu\/image {\"image\":{\"url\":null,\"id\":29669}} \/--><\/div>\n<!-- \/wp:column -->\n\n<!-- wp:column -->\n<div class=\"wp-block-column\"><!-- wp:jgu\/alertbox {\"headline\":\"\\u003cstrong\\u003eLinks\\u003c\/strong\\u003e\",\"subline\":\"\\u003cbr\\u003e\\u003ca href=\\u0022https:\/\/www.hochschulkompass.de\/en\/study-in-germany.html\\u0022 target=\\u0022_blank\\u0022 rel=\\u0022noreferrer noopener\\u0022\\u003eHigher Education Compass\\u003c\/a\\u003e\\u003cbr\\u003e\\u003ca href=\\u0022https:\/\/www.studium.uni-mainz.de\/en\/choosing-your-degree-program\/study-orientation\/taster-days\/\\u0022\\u003eTaster days at JGU\\u003c\/a\\u003e\\u003cbr\\u003e\\u003ca href=\\u0022https:\/\/studienwahl.de\/studiengaenge-studienfelder\/lehraemter\\u0022 target=\\u0022_blank\\u0022 rel=\\u0022noreferrer noopener\\u0022\\u003eTeacher Education Programs on studienwahl.de\\u003c\/a\\u003e\\u003cbr\\u003e\\u003ca href=\\u0022https:\/\/www.career.uni-mainz.de\/fuer-studierende-und-absolvent-innen\/veranstaltungen\/\\u0022 target=\\u0022_blank\\u0022 rel=\\u0022noreferrer noopener\\u0022\\u003eWorkshop: Alternative Professions with a Teacher Education Degree\\u003c\/a\\u003e\",\"iconColor\":\"red\"} \/--><\/div>\n<!-- \/wp:column --><\/div>\n<!-- \/wp:columns -->\n<!-- \/wp:jgu\/accordion-item -->\n\n<!-- wp:jgu\/accordion-item {\"title\":\"Episode 13: Was macht man in Psychologie?\",\"init\":false,\"slug\":\"episode-13-was-macht-man-in-psychologie\"} -->\n<!-- wp:paragraph {\"className\":\"has-big-font-size\"} -->\n<p class=\"has-big-font-size\">This episode is about studying Psychology. What exactly are you going to deal with there? What can you do after graduation? And what are the chances of getting a spot at the university? Franziska and Julia talk about these and other questions with Beate Lipps, psychologist and head of the Student Advisory Center at Mainz University.<\/p>\n<!-- \/wp:paragraph -->\n\n<!-- wp:columns {\"className\":\"\"} -->\n<div class=\"wp-block-columns\"><!-- wp:column -->\n<div class=\"wp-block-column\"><!-- wp:jgu\/image {\"image\":{\"url\":null,\"id\":255},\"link\":{\"url\":\"https:\/\/www.studium.uni-mainz.de\/en\/choosing-your-degree-program\/courses-offered\/psychology-psychotherapy-bsc\/\",\"linkTarget\":\"_blank\",\"rel\":\"noreferrer noopener\"}} \/--><\/div>\n<!-- \/wp:column -->\n\n<!-- wp:column -->\n<div class=\"wp-block-column\"><!-- wp:jgu\/alertbox {\"headline\":\"\\u003cstrong\\u003eLinks\\u003c\/strong\\u003e\",\"subline\":\"\\u003cbr\\u003e\\u003ca href=\\u0022https:\/\/www.studium.uni-mainz.de\/en\/choosing-your-degree-program\/courses-offered\/psychology-psychotherapy-bsc\/\\u0022\\u003ePsychology \\u0026amp; Psychotherapy degree description\\u003c\/a\\u003e\\u003cbr\\u003e\\u003ca href=\\u0022https:\/\/www.hochschulkompass.de\/en\/study-in-germany.html\\u0022 target=\\u0022_blank\\u0022 rel=\\u0022noreferrer noopener\\u0022\\u003eHigher Education Compass\\u003c\/a\\u003e\\u003cbr\\u003e\\u003ca href=\\u0022https:\/\/hochschulstart.de\/startseite\\u0022 target=\\u0022_blank\\u0022 rel=\\u0022noreferrer noopener\\u0022\\u003eHochschulstart\\u003c\/a\\u003e\\u003cbr\\u003e\\u003ca href=\\u0022https:\/\/www.daad.de\/en\/\\u0022 target=\\u0022_blank\\u0022 rel=\\u0022noreferrer noopener\\u0022\\u003eGerman Academic Exchange Service (DAAD)\\u003c\/a\\u003e\\u003cbr\\u003e\\u003ca href=\\u0022https:\/\/www.studium.uni-mainz.de\/en\/choosing-your-degree-program\/study-orientation\/taster-days\/\\u0022\\u003eTaster days at JGU\\u003c\/a\\u003e\\u003cbr\\u003e\\u003ca href=\\u0022https:\/\/studienwahl.de\/en\/study-opportunities\/medical-health-sciences-psychology-sports\/psychology\\u0022 target=\\u0022_blank\\u0022 rel=\\u0022noreferrer noopener\\u0022\\u003eGeneral information on the subject of Psychology\\u003c\/a\\u003e\\u003cbr\\u003e\\u003ca href=\\u0022https:\/\/www.osa-portal.de\/\\u0022 target=\\u0022_blank\\u0022 rel=\\u0022noreferrer noopener\\u0022\\u003eOnline self-assessments for study orientation\\u003c\/a\\u003e\",\"iconColor\":\"red\"} \/--><\/div>\n<!-- \/wp:column --><\/div>\n<!-- \/wp:columns -->\n<!-- \/wp:jgu\/accordion-item -->\n\n<!-- wp:jgu\/accordion-item {\"title\":\"Episode 12: Wie finanziere ich mein Studium?\",\"init\":false,\"slug\":\"episode-12-wie-finanziere-ich-mein-studium\"} -->\n<!-- wp:paragraph {\"className\":\"has-big-font-size\"} -->\n<p class=\"has-big-font-size\">For many people, starting a degree course also means moving out, discovering a new city, standing on your own two feet. Some are financially supported by their parents, while others need to become partially or fully self-sufficient. Whatever your situation, sooner or later the question will arise: What costs will I incur during my studies? And how can I finance my studies? In this episode, Franziska and Julia talk about the costs of studying and about BAf\u00f6G, scholarships and more.<\/p>\n<!-- \/wp:paragraph -->\n\n<!-- wp:columns {\"className\":\"\"} -->\n<div class=\"wp-block-columns\"><!-- wp:column -->\n<div class=\"wp-block-column\"><!-- wp:jgu\/image {\"image\":{\"url\":null,\"id\":27580}} \/--><\/div>\n<!-- \/wp:column -->\n\n<!-- wp:column -->\n<div class=\"wp-block-column\"><!-- wp:jgu\/alertbox {\"headline\":\"\\u003cstrong\\u003eLinks\\u003c\/strong\\u003e\",\"subline\":\"\\u003cbr\\u003e\\u003ca href=\\u0022https:\/\/www.studierendenwerke.de\/en\/topics\/studienfinanzierung\\u0022 target=\\u0022_blank\\u0022 rel=\\u0022noreferrer noopener\\u0022\\u003e\\u003ci\\u003eDeutsches Studierendenwerk\\u003c\/i\\u003e on the topic of financing your studies\\u003c\/a\\u003e\\u003cbr\\u003e\\u003ca href=\\u0022https:\/\/www.studium.uni-mainz.de\/en\/during-your-studies\/organizing-your-studies\/financing-your-studies\/\\u0022\\u003eFinancing your studies\\u003c\/a\\u003e\\u003cbr\\u003e\\u003ca href=\\u0022https:\/\/www.xn\\u002d\\u002dbafg-7qa.de\/\\u0022 target=\\u0022_blank\\u0022 rel=\\u0022noreferrer noopener\\u0022\\u003eBAF\u00f6G\\u003c\/a\\u003e\\u003cbr\\u003e\\u003ca href=\\u0022https:\/\/www.stipendiumplus.de\/en\/dein-plus\/stipendiumplus-who-we-are.html\\u0022 target=\\u0022_blank\\u0022 rel=\\u0022noreferrer noopener\\u0022\\u003e\\u003ci\\u003eStipendium plus\\u003c\/i\\u003e scholarships\\u003c\/a\\u003e\\u003cbr\\u003eThe \u201cScholarship Guide\u201d has been discontinued. Further research options can be found on the following \u201cAptitude Guide\u201d \\u003ca href=\\u0022https:\/\/www.begabungslotse.de\/themen\/stipendium\/suchmaschinen-fuer-stipendien\\u0022 data-type=\\u0022link\\u0022 data-id=\\u0022https:\/\/www.begabungslotse.de\/themen\/stipendium\/suchmaschinen-fuer-stipendien\\u0022 target=\\u0022_blank\\u0022 rel=\\u0022noreferrer noopener\\u0022\\u003ewebpage\\u003c\/a\\u003e\",\"iconColor\":\"red\"} \/--><\/div>\n<!-- \/wp:column --><\/div>\n<!-- \/wp:columns -->\n<!-- \/wp:jgu\/accordion-item -->\n\n<!-- wp:jgu\/accordion-item {\"title\":\"Episode 11: Wie lebe ich mich an der Uni ein?\",\"init\":false,\"slug\":\"episode-11-wie-lebe-ich-mich-an-der-uni-ein\"} -->\n<!-- wp:paragraph {\"className\":\"has-big-font-size\"} -->\n<p class=\"has-big-font-size\">When you start your studies, you enter a completely new phase of your life. Many of you are moving to a new city, you have to find a new apartment, your old friends are suddenly spread all over the country. What does student life actually look like? How does one get to know people or find an apartment? What\u2019s the best way to get settled into this new phase of life? That's what we're talking about today with <a href=\"https:\/\/www.studium.uni-mainz.de\/en\/choosing-your-degree-program\/study-orientation-2\/student-ambassadors\/\">student ambassador<\/a> Jenny.<\/p>\n<!-- \/wp:paragraph -->\n\n<!-- wp:columns {\"className\":\"\"} -->\n<div class=\"wp-block-columns\"><!-- wp:column -->\n<div class=\"wp-block-column\"><!-- wp:jgu\/image {\"image\":{\"url\":null,\"id\":38105}} \/--><\/div>\n<!-- \/wp:column -->\n\n<!-- wp:column -->\n<div class=\"wp-block-column\"><!-- wp:jgu\/alertbox {\"headline\":\"\\u003cstrong\\u003eLinks\\u003c\/strong\\u003e\",\"subline\":\"\\u003cbr\\u003e\\u003ca href=\\u0022https:\/\/www.studium.uni-mainz.de\/en\/starting-your-studies\/student-life\/\\u0022\\u003eStudent life\\u003c\/a\\u003e\\u003cbr\\u003e\\u003ca href=\\u0022https:\/\/www.studierendenwerk-mainz.de\/en\/wohnen\\u0022 target=\\u0022_blank\\u0022 rel=\\u0022noreferrer noopener\\u0022\\u003eLiving in Mainz\\u003c\/a\\u003e\\u003cbr\\u003e\\u003ca href=\\u0022https:\/\/asta.uni-mainz.de\/service\/hochschulgruppen\/\\u0022 target=\\u0022_blank\\u0022 rel=\\u0022noreferrer noopener\\u0022\\u003eUniversity Clubs\\u003c\/a\\u003e\",\"iconColor\":\"red\"} \/--><\/div>\n<!-- \/wp:column --><\/div>\n<!-- \/wp:columns -->\n<!-- \/wp:jgu\/accordion-item -->\n\n<!-- wp:jgu\/accordion-item {\"title\":\"Episode 10: Wie laufen die ersten Tage an der Uni ab?\",\"init\":false,\"slug\":\"episode-10-wie-laufen-die-ersten-tage-an-der-uni-ab\"} -->\n<!-- wp:paragraph {\"className\":\"has-big-font-size\"} -->\n<p class=\"has-big-font-size\">At university, seemingly everything is different from school. How do I find my way around in the first few days? Do I get support or do I have to find everything myself? In this episode, Franziska and Julia talk to <a href=\"https:\/\/www.studium.uni-mainz.de\/en\/choosing-your-degree-program\/study-orientation-2\/student-ambassadors\/\">student ambassador<\/a> Pascal. Pascal talks about what the first days at university are like and what he noticed was the greatest difference between school and university.<\/p>\n<!-- \/wp:paragraph -->\n\n<!-- wp:columns {\"className\":\"\"} -->\n<div class=\"wp-block-columns\"><!-- wp:column -->\n<div class=\"wp-block-column\"><!-- wp:jgu\/image {\"image\":{\"url\":null,\"id\":134958}} \/--><\/div>\n<!-- \/wp:column -->\n\n<!-- wp:column -->\n<div class=\"wp-block-column\"><!-- wp:jgu\/alertbox {\"headline\":\"\\u003cstrong\\u003eLinks\\u003c\/strong\\u003e\",\"subline\":\"\\u003cbr\\u003e\\u003ca href=\\u0022https:\/\/www.studium.uni-mainz.de\/en\/starting-your-studies\/student-life\/\\u0022\\u003eStudent life\\u003c\/a\\u003e\\u003cbr\\u003e\\u003ca href=\\u0022https:\/\/www.studium.uni-mainz.de\/en\/choosing-your-degree-program\/study-orientation-2\/student-ambassadors\/\\u0022\\u003eStudent ambassadors\\u003c\/a\\u003e\",\"iconColor\":\"red\"} \/--><\/div>\n<!-- \/wp:column --><\/div>\n<!-- \/wp:columns -->\n<!-- \/wp:jgu\/accordion-item -->\n\n<!-- wp:jgu\/accordion-item {\"title\":\"Episode 9: Wie treffe ich eine gute Entscheidung?\",\"init\":false,\"slug\":\"episode-9-wie-treffe-ich-eine-gute-entscheidung\"} -->\n<!-- wp:paragraph {\"className\":\"has-big-font-size\"} -->\n<p class=\"has-big-font-size\">How do you actually make a good decision? Should you listen to your head or your gut? And if you make the wrong decision now, will it affect the rest of your life? In this episode, Franziska and Julia tell you how to make a good, reasoned decision and what will help you to do so.<audio><\/audio><\/p>\n<!-- \/wp:paragraph -->\n\n<!-- wp:columns {\"className\":\"\"} -->\n<div class=\"wp-block-columns\"><!-- wp:column -->\n<div class=\"wp-block-column\"><!-- wp:jgu\/image {\"image\":{\"url\":null,\"id\":131682}} \/--><\/div>\n<!-- \/wp:column -->\n\n<!-- wp:column -->\n<div class=\"wp-block-column\"><!-- wp:jgu\/alertbox {\"headline\":\"\\u003cstrong\\u003eLinks\\u003c\/strong\\u003e\",\"subline\":\"\\u003cbr\\u003e\",\"iconColor\":\"red\"} \/--><\/div>\n<!-- \/wp:column --><\/div>\n<!-- \/wp:columns -->\n<!-- \/wp:jgu\/accordion-item -->\n\n<!-- wp:jgu\/accordion-item {\"title\":\"Episode 8: Wie steuern meine Werte meine Studienwahl?\",\"init\":false,\"slug\":\"episode-8-wie-steuern-meine-werte-meine-studienwahl\"} -->\n<!-- wp:paragraph {\"className\":\"has-big-font-size\"} -->\n<p class=\"has-big-font-size\">Have you ever thought about your values? It\u2019s not something you think about all the time. What are values anyway? And why should I be concerned about them when choosing a degree program? In this episode, Franziska and Julia want to take a look at this often neglected topic with you, because it is very important not only for your choice of degree program, but for any decision that steers your life in a new direction.<\/p>\n<!-- \/wp:paragraph -->\n\n<!-- wp:columns {\"className\":\"\"} -->\n<div class=\"wp-block-columns\"><!-- wp:column -->\n<div class=\"wp-block-column\"><!-- wp:jgu\/image {\"image\":{\"url\":null,\"id\":129061}} \/--><\/div>\n<!-- \/wp:column -->\n\n<!-- wp:column -->\n<div class=\"wp-block-column\"><!-- wp:jgu\/alertbox {\"headline\":\"\\u003cstrong\\u003eLinks\\u003c\/strong\\u003e\",\"subline\":\"\\u003cbr\\u003eRecommended site: \\u003ca href=\\u0022https:\/\/einguterplan.de\/werte\/\\u0022 target=\\u0022_blank\\u0022 rel=\\u0022noreferrer noopener\\u0022\\u003ehttps:\/\/einguterplan.de\/werte\/\",\"iconColor\":\"red\"} \/--><\/div>\n<!-- \/wp:column --><\/div>\n<!-- \/wp:columns -->\n<!-- \/wp:jgu\/accordion-item -->\n\n<!-- wp:jgu\/accordion-item {\"title\":\"Episode 7: Was kann ich nach meinem Studium werden?\",\"init\":false,\"slug\":\"episode-7-was-kann-ich-nach-meinem-studium-werden\"} -->\n<!-- wp:paragraph {\"className\":\"has-big-font-size\"} -->\n<p class=\"has-big-font-size\">What can I actually become if I study a subject in the humanities? Can I only become a teacher if I have a teaching degree?<br>In this episode, Franziska and Julia, along with their colleague Magdalena from the Career Service, discuss what paths are open to them after graduation and how they can prepare for their careers while still studying.<\/p>\n<!-- \/wp:paragraph -->\n\n<!-- wp:columns {\"className\":\"\"} -->\n<div class=\"wp-block-columns\"><!-- wp:column -->\n<div class=\"wp-block-column\"><!-- wp:jgu\/image {\"image\":{\"url\":null,\"id\":10234}} \/--><\/div>\n<!-- \/wp:column -->\n\n<!-- wp:column -->\n<div class=\"wp-block-column\"><!-- wp:jgu\/alertbox {\"headline\":\"\\u003cstrong\\u003eLinks\\u003c\/strong\\u003e\",\"subline\":\"\\u003cbr\\u003e\\u003ca href=\\u0022https:\/\/www.whatchado.com\/de\/\\u0022 target=\\u0022_blank\\u0022 rel=\\u0022noreferrer noopener\\u0022\\u003ehttps:\/\/www.whatchado.com\/de\/\\u003c\/a\\u003e\",\"iconColor\":\"red\"} \/--><\/div>\n<!-- \/wp:column --><\/div>\n<!-- \/wp:columns -->\n<!-- \/wp:jgu\/accordion-item -->\n\n<!-- wp:jgu\/accordion-item {\"title\":\"Episode 6: Was hilft mir, eine Auswahl zu treffen?\",\"init\":false,\"slug\":\"episode-6-was-hilft-mir-eine-auswahl-zu-treffen\"} -->\n<!-- wp:paragraph {\"className\":\"has-big-font-size\"} -->\n<p class=\"has-big-font-size\">In order to choose the right subject, it helps to determine what you actually want beforehand. Franziska and Julia tell you what role your own criteria play in choosing a degree program and why they can make the decision easier.<\/p>\n<!-- \/wp:paragraph -->\n\n<!-- wp:columns {\"className\":\"\"} -->\n<div class=\"wp-block-columns\"><!-- wp:column -->\n<div class=\"wp-block-column\"><!-- wp:jgu\/image {\"image\":{\"url\":null,\"id\":135593}} \/--><\/div>\n<!-- \/wp:column -->\n\n<!-- wp:column -->\n<div class=\"wp-block-column\"><\/div>\n<!-- \/wp:column --><\/div>\n<!-- \/wp:columns -->\n<!-- \/wp:jgu\/accordion-item -->\n\n<!-- wp:jgu\/accordion-item {\"title\":\"Episode 5: Wie kann ich in ein Studienfach reinschnuppern?\",\"init\":false,\"slug\":\"episode-5-wie-kann-ich-in-ein-studienfach-reinschnuppern\"} -->\n<!-- wp:paragraph {\"className\":\"has-big-font-size\"} -->\n<p class=\"has-big-font-size\">Is there a way to preview a study program? How can I find out whether I will like the content of the program? In this episode, Franziska and Julia show you a few ways to get a taste of the courses and get as realistic a picture as possible of what to expect.<\/p>\n<!-- \/wp:paragraph -->\n\n<!-- wp:columns {\"className\":\"\"} -->\n<div class=\"wp-block-columns\"><!-- wp:column -->\n<div class=\"wp-block-column\"><!-- wp:jgu\/image {\"image\":{\"url\":null,\"id\":4810}} \/--><\/div>\n<!-- \/wp:column -->\n\n<!-- wp:column -->\n<div class=\"wp-block-column\"><!-- wp:jgu\/alertbox {\"headline\":\"\\u003cstrong\\u003eLinks\\u003c\/strong\\u003e\",\"subline\":\"\\u003cbr\\u003e\\u003ca href=\\u0022https:\/\/www.studium.uni-mainz.de\/en\/choosing-your-degree-program\/study-orientation\/taster-days\/\\u0022 data-type=\\u0022page\\u0022 data-id=\\u00224195\\u0022\\u003eTaster Days\\u003c\/a\\u003e\",\"iconColor\":\"red\"} \/--><\/div>\n<!-- \/wp:column --><\/div>\n<!-- \/wp:columns -->\n<!-- \/wp:jgu\/accordion-item -->\n\n<!-- wp:jgu\/accordion-item {\"title\":\"Episode 4: Wie erkenne ich meine eigenen Interessen und F\u00e4higkeiten?\",\"init\":false,\"slug\":\"episode-4-wie-erkenne-ich-meine-eigenen-interessen-und-fahigkeiten\"} -->\n<!-- wp:paragraph {\"className\":\"has-big-font-size\"} -->\n<p class=\"has-big-font-size\">When choosing a degree course, many only pay attention to which subjects they liked at school. Our interests and abilities often reveal themselves in everyday life. Franziska and Julia tell you how you can discover what your interests and abilities are, using two simple methods. They also explain why it is so important to pay attention to what you enjoy and what you are good at when choosing a program of study.<\/p>\n<!-- \/wp:paragraph -->\n\n<!-- wp:columns {\"className\":\"\"} -->\n<div class=\"wp-block-columns\"><!-- wp:column -->\n<div class=\"wp-block-column\"><!-- wp:jgu\/image {\"image\":{\"url\":null,\"id\":11575}} \/--><\/div>\n<!-- \/wp:column -->\n\n<!-- wp:column -->\n<div class=\"wp-block-column\"><\/div>\n<!-- \/wp:column --><\/div>\n<!-- \/wp:columns -->\n<!-- \/wp:jgu\/accordion-item -->\n\n<!-- wp:jgu\/accordion-item {\"title\":\"Episode 3: Wie bewerbe ich mich f\u00fcr Medizin?\",\"init\":false,\"slug\":\"episode-3-wie-bewerbe-ich-mich-fur-medizin\"} -->\n<!-- wp:paragraph {\"className\":\"has-big-font-size\"} -->\n<p class=\"has-big-font-size\">Receiving a place to study Medicine can seem like winning the lottery. But why is it so difficult to get into Medicine? Today, Franziska has invited her colleague Meike to join the podcast and together they explain the new application process for Medicine that has been put into place this year. Is it easier to get a place to study Medicine now? Are things other than your school grades taken into account?<\/p>\n<!-- \/wp:paragraph -->\n\n<!-- wp:columns {\"className\":\"\"} -->\n<div class=\"wp-block-columns\"><!-- wp:column -->\n<div class=\"wp-block-column\"><!-- wp:jgu\/image {\"image\":{\"url\":null,\"id\":10738}} \/--><\/div>\n<!-- \/wp:column -->\n\n<!-- wp:column -->\n<div class=\"wp-block-column\"><!-- wp:jgu\/alertbox {\"headline\":\"\\u003cstrong\\u003eLinks\\u003c\/strong\\u003e\",\"subline\":\"\\u003cbr\\u003eIn our study portal you will find detailed information about the \\u003ca href=\\u0022https:\/\/www.studium.uni-mainz.de\/en\/your-application\/application-process\/selection-process-nc\/\\u0022\\u003eselection procedure\\u003c\/a\\u003e\u00a0and on applying based on\u00a0\\u003ca href=\\u0022https:\/\/www.studium.uni-mainz.de\/en\/your-application\/application-process\/studying-without-a-german-abitur\/\\u0022\\u003evocational training\\u003c\/a\\u003e.\\u003cbr\\u003e\\u003cbr\\u003eFurther information is also available on the application portal\u00a0\\u003ca href=\\u0022https:\/\/www.hochschulstart.de\/\\u0022 target=\\u0022_blank\\u0022 rel=\\u0022noreferrer noopener\\u0022\\u003ehochschulstart\\u003c\/a\\u003e.\",\"iconColor\":\"red\"} \/--><\/div>\n<!-- \/wp:column --><\/div>\n<!-- \/wp:columns -->\n<!-- \/wp:jgu\/accordion-item -->\n\n<!-- wp:jgu\/accordion-item {\"title\":\"Episode 2: Wie gut sind Studienwahltests?\",\"init\":false,\"slug\":\"episode-2-wie-gut-sind-studienwahltests\"} -->\n<!-- wp:paragraph {\"className\":\"has-big-font-size\"} -->\n<p class=\"has-big-font-size\">There are so many aptitude tests from so many different providers on the internet \u2212 enough to make your head spin. Are the tests reliable? And which ones are actually recommended?<\/p>\n<!-- \/wp:paragraph -->\n\n<!-- wp:columns {\"className\":\"\"} -->\n<div class=\"wp-block-columns\"><!-- wp:column -->\n<div class=\"wp-block-column\"><!-- wp:jgu\/image {\"image\":{\"url\":null,\"id\":103730}} \/--><\/div>\n<!-- \/wp:column -->\n\n<!-- wp:column -->\n<div class=\"wp-block-column\"><!-- wp:jgu\/alertbox {\"headline\":\"\\u003cstrong\\u003eLinks\\u003c\/strong\\u003e\",\"subline\":\"\\u003cbr\\u003eThe following tests are recommended in the episode:\u00a0\\u003ca href=\\u0022https:\/\/www.was-studiere-ich.de\/\\u0022 target=\\u0022_blank\\u0022 rel=\\u0022noreferrer noopener\\u0022\\u003ewww.was-studiere-ich.de\\u003c\/a\\u003e\u00a0and the study choice test by the German Federal Employment Agency\u00a0\\u003ca href=\\u0022https:\/\/www.arbeitsagentur.de\/bildung\/welche-ausbildung-welches-studium-passt\\u0022 target=\\u0022_blank\\u0022 rel=\\u0022noreferrer noopener\\u0022\\u003eCheck-U\\u003c\/a\\u003e\",\"iconColor\":\"red\"} \/--><\/div>\n<!-- \/wp:column --><\/div>\n<!-- \/wp:columns -->\n<!-- \/wp:jgu\/accordion-item -->\n\n<!-- wp:jgu\/accordion-item {\"title\":\"Episode 1: Wo finde ich Infos, was es alles gibt?\",\"init\":false,\"slug\":\"episode-1-wo-finde-ich-infos-was-es-alles-gibt\"} -->\n<!-- wp:paragraph {\"className\":\"has-big-font-size\"} -->\n<p class=\"has-big-font-size\">The range of degree programs on offer in Germany is huge, so how do you find out what's out there? Franziska and Julia will tell you the best places to look and how to go about it. They also reveal how you can narrow down your selection.<\/p>\n<!-- \/wp:paragraph -->\n\n<!-- wp:columns {\"className\":\"\"} -->\n<div class=\"wp-block-columns\"><!-- wp:column -->\n<div class=\"wp-block-column\"><!-- wp:jgu\/image {\"image\":{\"url\":null,\"id\":4900}} \/--><\/div>\n<!-- \/wp:column -->\n\n<!-- wp:column -->\n<div class=\"wp-block-column\"><!-- wp:jgu\/alertbox {\"headline\":\"\\u003cstrong\\u003eLinks\\u003c\/strong\\u003e\",\"subline\":\"\\u003cbr\\u003e\\u003ca href=\\u0022https:\/\/studienwahl.de\/en\\u0022 target=\\u0022_blank\\u0022 rel=\\u0022noreferrer noopener\\u0022\\u003ewww.studienwahl.de\\u003c\/a\\u003e\u00a0\\u003cbr\\u003e\\u003ca href=\\u0022https:\/\/www.hochschulkompass.de\/en\/study-in-germany.html\\u0022 target=\\u0022_blank\\u0022 rel=\\u0022noreferrer noopener\\u0022\\u003ewww.hochschulkompass.de\\u003c\/a\\u003e\",\"iconColor\":\"red\"} \/--><\/div>\n<!-- \/wp:column --><\/div>\n<!-- \/wp:columns -->\n<!-- \/wp:jgu\/accordion-item -->\n<!-- \/wp:jgu\/accordion --><\/div>\n<!-- \/wp:column --><\/div>\n<!-- \/wp:columns --><\/div><\/div>\n<!-- \/wp:jgu\/section -->\n\n<!-- wp:jgu\/section {\"color\":\"light\"} -->\n<div class=\"jgu-bgsection bg bg-light \"><div class=\"content padding-medium\"><!-- wp:jgu\/anchorpoint {\"title\":\"Service \\u0026amp; advising\",\"slug\":\"service-advising\"} \/-->\n\n<!-- wp:jgu\/heading {\"index\":\"Service \\u0026amp; advising\",\"tags\":{\"htmlTag\":\"h2\",\"classTag\":\"\",\"tag\":\"h2\"},\"heading\":\"\\u003cstrong\\u003eLooking for more information?\\u003c\/strong\\u003e\"} \/-->\n\n<!-- wp:columns {\"className\":\"\"} -->\n<div class=\"wp-block-columns\"><!-- wp:column {\"verticalAlignment\":\"center\",\"width\":\"33.33%\"} -->\n<div class=\"wp-block-column is-vertically-aligned-center\" style=\"flex-basis:33.33%\"><!-- wp:jgu\/image {\"image\":{\"url\":null,\"id\":104567,\"hideCredit\":true},\"width\":100} \/--><\/div>\n<!-- \/wp:column -->\n\n<!-- wp:column {\"width\":\"66.66%\"} -->\n<div class=\"wp-block-column\" style=\"flex-basis:66.66%\"><!-- wp:jgu\/tabs {\"autoRatio\":false,\"stackMobile\":true,\"hasAllOpenButton\":false,\"onlyOne\":true,\"initAllClosed\":false,\"layout\":{\"type\":\"flex\",\"flexWrap\":\"nowrap\",\"justifyContent\":\"left\",\"orientation\":\"vertical\"}} -->\n<!-- wp:jgu\/tabs-item {\"title\":\"Podcasters\",\"slug\":\"podcasters\"} -->\n<!-- wp:paragraph {\"className\":\"has-big-font-size\"} -->\n<p class=\"has-big-font-size\">Do you have questions, ideas, or feedback about the podcast? <\/p>\n<!-- \/wp:paragraph -->\n\n<!-- wp:paragraph {\"className\":\"has-big-font-size\"} -->\n<p class=\"has-big-font-size\">Would you like to share what you\u2019ve learned about studying with other people? <\/p>\n<!-- \/wp:paragraph -->\n\n<!-- wp:paragraph {\"className\":\"has-big-font-size\"} -->\n<p class=\"has-big-font-size\">The podcasters Franziska and Annabelle are happy to receive your emails at <strong>zsb@uni-mainz.de<\/strong>! <\/p>\n<!-- \/wp:paragraph -->\n<!-- \/wp:jgu\/tabs-item -->\n\n<!-- wp:jgu\/tabs-item {\"title\":\"Student Advisory Center\",\"slug\":\"student-advisory-center\"} -->\n<!-- wp:block {\"ref\":87} \/-->\n<!-- \/wp:jgu\/tabs-item -->\n<!-- \/wp:jgu\/tabs --><\/div>\n<!-- \/wp:column --><\/div>\n<!-- \/wp:columns --><\/div><\/div>\n<!-- \/wp:jgu\/section -->\n\n<!-- wp:jgu\/section {\"color\":\"white\"} -->\n<div class=\"jgu-bgsection bg bg-white \"><div class=\"content padding-medium\"><!-- wp:jgu\/heading {\"color\":\"default\",\"tags\":{\"htmlTag\":\"h2\",\"classTag\":\"\",\"tag\":\"h2\"},\"heading\":\"Good to know\"} \/-->\n\n<!-- wp:columns {\"className\":\"\"} -->\n<div class=\"wp-block-columns\"><!-- wp:column -->\n<div class=\"wp-block-column\"><!-- wp:jgu\/teaserbox {\"headline\":{\"htmlTag\":\"h2\",\"classTag\":\"\",\"tag\":\"h2\"},\"image\":{\"id\":5203,\"url\":null,\"hideCredit\":true},\"color\":\"blue\",\"index\":\"Why JGU?\",\"title\":\"What our university has to offer\",\"linkTitle\":\"learn more\",\"link\":{\"url\":\"https:\/\/www.studium.uni-mainz.de\/en\/choosing-your-degree-program\/why-choose-jgu\/\",\"title\":\"\"},\"overboxImage\":true,\"template\":\"red_h4\"} \/--><\/div>\n<!-- \/wp:column -->\n\n<!-- wp:column -->\n<div class=\"wp-block-column\"><!-- wp:jgu\/teaserbox {\"headline\":{\"htmlTag\":\"h2\",\"classTag\":\"\",\"tag\":\"h2\"},\"image\":{\"id\":10147,\"url\":null,\"hideCredit\":true},\"color\":\"orange\",\"index\":\"Student life \\u0026amp; finances\",\"title\":\"Living and studying in Mainz\",\"linkTitle\":\"learn more\",\"link\":{\"url\":\"https:\/\/cms.zdv.uni-mainz.de\/studium\/0-landingpage-studium-platzhalter\/studienstart\/erste-schritte\/\",\"title\":\"\"},\"overboxImage\":true,\"template\":\"red_h4\"} \/--><\/div>\n<!-- \/wp:column -->\n\n<!-- wp:column -->\n<div class=\"wp-block-column\"><!-- wp:jgu\/teaserbox {\"headline\":{\"htmlTag\":\"h2\",\"classTag\":\"\",\"tag\":\"h2\"},\"image\":{\"id\":10171,\"url\":null,\"hideCredit\":true},\"useLinkList\":true,\"linkList\":[{\"text\":\"\\u003ca href=\\u0022https:\/\/www.family-services-center.uni-mainz.de\/\\u0022 target=\\u0022_blank\\u0022 rel=\\u0022noreferrer noopener\\u0022\\u003eFamily Services Center\\u003c\/a\\u003e\",\"icon\":\"info\",\"link\":{\"url\":\"https:\/\/www.familienservice.uni-mainz.de\/\"}},{\"text\":\"\\u003ca href=\\u0022https:\/\/accessible.uni-mainz.de\/\\u0022 target=\\u0022_blank\\u0022 rel=\\u0022noreferrer noopener\\u0022\\u003eOffice of Accessibility\\u003c\/a\\u003e\",\"icon\":\"info\",\"link\":{\"url\":\"https:\/\/www.barrierefrei.uni-mainz.de\/\"}},{\"text\":\"\\u003ca href=\\u0022https:\/\/healthycampus.uni-mainz.de\/\\u0022 target=\\u0022_blank\\u0022 rel=\\u0022noreferrer noopener\\u0022\\u003eHealthy student life\\u003c\/a\\u003e\",\"icon\":\"info\",\"link\":{\"url\":\"https:\/\/healthycampus.uni-mainz.de\/\"}}],\"color\":\"gray\",\"index\":\"Equal opportunities\",\"title\":\"Meeting your needs\",\"linkTitle\":\"learn more\",\"overboxImage\":true,\"template\":\"linkList\"} -->\n<!-- wp:jgu\/list-item {\"allowNesting\":false,\"title\":\"\\u003ca href=\\u0022https:\/\/www.family-services-center.uni-mainz.de\/\\u0022 target=\\u0022_blank\\u0022 rel=\\u0022noreferrer noopener\\u0022\\u003eFamily Services Center\\u003c\/a\\u003e\",\"uuid\":\"1688981502918\",\"link\":{\"url\":\"https:\/\/www.familienservice.uni-mainz.de\/\"}} \/-->\n\n<!-- wp:jgu\/list-item {\"allowNesting\":false,\"title\":\"\\u003ca href=\\u0022https:\/\/accessible.uni-mainz.de\/\\u0022 target=\\u0022_blank\\u0022 rel=\\u0022noreferrer noopener\\u0022\\u003eOffice of Accessibility\\u003c\/a\\u003e\",\"uuid\":\"1688981550904\",\"link\":{\"url\":\"https:\/\/www.barrierefrei.uni-mainz.de\/\"}} \/-->\n\n<!-- wp:jgu\/list-item {\"allowNesting\":false,\"title\":\"\\u003ca href=\\u0022https:\/\/healthycampus.uni-mainz.de\/\\u0022 target=\\u0022_blank\\u0022 rel=\\u0022noreferrer noopener\\u0022\\u003eHealthy student life\\u003c\/a\\u003e\",\"uuid\":\"1688981550904\",\"link\":{\"url\":\"https:\/\/healthycampus.uni-mainz.de\/\"}} \/-->\n<!-- \/wp:jgu\/teaserbox --><\/div>\n<!-- \/wp:column --><\/div>\n<!-- \/wp:columns --><\/div><\/div>\n<!-- \/wp:jgu\/section -->\n\n<!-- wp:jgu\/section {\"color\":\"white\"} -->\n<div class=\"jgu-bgsection bg bg-white \"><div class=\"content padding-medium\"><!-- wp:paragraph {\"className\":\"has-big-font-size\"} -->\n<p class=\"has-big-font-size\"><\/p>\n<!-- \/wp:paragraph -->\n\n<!-- wp:jgu\/logo-grid -->\n<!-- wp:jgu\/logo-grid-item {\"image\":{\"url\":null,\"id\":5557},\"link\":{\"url\":\"https:\/\/open.spotify.com\/show\/6hloQwuQ8y5wPMV67MyVAw#:~:text=In%20dieser%20LIVE%2DAufzeichung%20vom,nach%20dem%20passenden%20Studienfach%20sind.\",\"linkTarget\":\"_blank\",\"rel\":\"noreferrer noopener\"}} \/-->\n\n<!-- wp:jgu\/logo-grid-item {\"image\":{\"url\":null,\"id\":5554},\"link\":{\"url\":\"https:\/\/podcasts.apple.com\/de\/podcast\/studieren-aber-was\/id1523620014\",\"linkTarget\":\"_blank\",\"rel\":\"noreferrer noopener\"}} \/-->\n\n<!-- wp:jgu\/logo-grid-item {\"image\":{\"url\":null,\"id\":5560},\"link\":{\"url\":\"https:\/\/www.deezer.com\/de\/show\/1511382\",\"linkTarget\":\"_blank\",\"rel\":\"noreferrer noopener\"}} \/-->\n<!-- \/wp:jgu\/logo-grid --><\/div><\/div>\n<!-- \/wp:jgu\/section -->","_links":{"self":[{"href":"https:\/\/www.studium.uni-mainz.de\/en\/wp-json\/wp\/v2\/pages\/76736","targetHints":{"allow":["GET"]}}],"collection":[{"href":"https:\/\/www.studium.uni-mainz.de\/en\/wp-json\/wp\/v2\/pages"}],"about":[{"href":"https:\/\/www.studium.uni-mainz.de\/en\/wp-json\/wp\/v2\/types\/page"}],"author":[{"embeddable":true,"href":"https:\/\/www.studium.uni-mainz.de\/en\/wp-json\/wp\/v2\/users\/90"}],"replies":[{"embeddable":true,"href":"https:\/\/www.studium.uni-mainz.de\/en\/wp-json\/wp\/v2\/comments?post=76736"}],"version-history":[{"count":14,"href":"https:\/\/www.studium.uni-mainz.de\/en\/wp-json\/wp\/v2\/pages\/76736\/revisions"}],"predecessor-version":[{"id":206512,"href":"https:\/\/www.studium.uni-mainz.de\/en\/wp-json\/wp\/v2\/pages\/76736\/revisions\/206512"}],"up":[{"embeddable":true,"href":"https:\/\/www.studium.uni-mainz.de\/en\/wp-json\/wp\/v2\/pages\/58598"}],"wp:attachment":[{"href":"https:\/\/www.studium.uni-mainz.de\/en\/wp-json\/wp\/v2\/media?parent=76736"}],"wp:term":[{"taxonomy":"category","embeddable":true,"href":"https:\/\/www.studium.uni-mainz.de\/en\/wp-json\/wp\/v2\/categories?post=76736"},{"taxonomy":"post_tag","embeddable":true,"href":"https:\/\/www.studium.uni-mainz.de\/en\/wp-json\/wp\/v2\/tags?post=76736"}],"curies":[{"name":"wp","href":"https:\/\/api.w.org\/{rel}","templated":true}]}}