{"id":82985,"date":"2023-11-27T14:55:05","date_gmt":"2023-11-27T13:55:05","guid":{"rendered":"https:\/\/www.studium.uni-mainz.de\/german-and-french-law-ll-b\/"},"modified":"2024-03-15T11:51:49","modified_gmt":"2024-03-15T10:51:49","slug":"german-and-french-law-llb","status":"publish","type":"page","link":"https:\/\/www.studium.uni-mainz.de\/en\/choosing-your-degree-program\/courses-offered\/german-and-french-law-llb\/","title":{"rendered":"German and French Law (LL.B.)"},"content":{"rendered":"<jgu-base-pageheader react-props=\"{\n    &quot;items&quot;: [\n        {\n            &quot;box&quot;: {\n                &quot;index&quot;: &quot;German and French Law (LL.B.)&quot;,\n                &quot;title&quot;: &quot;Law and Justice in Germany and France&quot;,\n                &quot;link&quot;: {\n                    &quot;url&quot;: &quot;&quot;,\n                    &quot;title&quot;: &quot;learn more&quot;\n                }\n            },\n            &quot;color&quot;: &quot;red&quot;,\n            &quot;image&quot;: {\n                &quot;url&quot;: &quot;https:\\\/\\\/cms.zdv.uni-mainz.de\\\/studium\\\/wp-content\\\/uploads\\\/sites\\\/12\\\/2023\\\/06\\\/Deutsches-Franzoesisches-Recht-Dijon.jpg&quot;,\n                &quot;id&quot;: 8038,\n                &quot;credit&quot;: &quot;sebra\\\/ #192507317\\\/ stock.adobe.com&quot;,\n                &quot;title&quot;: &quot;Justice lady close up view&quot;,\n                &quot;width&quot;: 1250,\n                &quot;height&quot;: 700,\n                &quot;srcset&quot;: &quot;https:\\\/\\\/cms.zdv.uni-mainz.de\\\/studium\\\/wp-content\\\/uploads\\\/sites\\\/12\\\/2023\\\/06\\\/Deutsches-Franzoesisches-Recht-Dijon.jpg 1250w, https:\\\/\\\/cms.zdv.uni-mainz.de\\\/studium\\\/wp-content\\\/uploads\\\/sites\\\/12\\\/2023\\\/06\\\/Deutsches-Franzoesisches-Recht-Dijon-300x168.jpg 300w, https:\\\/\\\/cms.zdv.uni-mainz.de\\\/studium\\\/wp-content\\\/uploads\\\/sites\\\/12\\\/2023\\\/06\\\/Deutsches-Franzoesisches-Recht-Dijon-1024x573.jpg 1024w, https:\\\/\\\/cms.zdv.uni-mainz.de\\\/studium\\\/wp-content\\\/uploads\\\/sites\\\/12\\\/2023\\\/06\\\/Deutsches-Franzoesisches-Recht-Dijon-768x430.jpg 768w&quot;\n            },\n            &quot;imgCredit&quot;: &quot;&quot;,\n            &quot;useVideo&quot;: false,\n            &quot;video&quot;: false\n        }\n    ],\n    &quot;type&quot;: &quot;default&quot;,\n    &quot;useBreadcrumb&quot;: true,\n    &quot;align&quot;: &quot;full&quot;,\n    &quot;quicklinks&quot;: {\n        &quot;show&quot;: false,\n        &quot;selects&quot;: []\n    }\n}\">\n<\/jgu-base-pageheader>\n\n<jgu-base-anchornavigation react-props=\"{\n    &quot;align&quot;: &quot;wide&quot;,\n    &quot;theme&quot;: &quot;white&quot;\n}\">\n    \n<\/jgu-base-anchornavigation>\n\n<div\n\tclass=\"jgu-anchorpoint\"\n\tid=\"facts-figures\"\n\tdata-label=\"Facts &amp;amp; figures\"\n\tdata-hide-in-nav=\"false\"\n\ttabindex=\"0\"\n\tdata-initial-scroll=\"true\"\n><\/div>\n\n\n<jgu-base-section react-props=\"{&quot;color&quot;:&quot;light&quot;,&quot;align&quot;:&quot;wide&quot;,&quot;padding&quot;:&quot;medium&quot;}\">\n<div class=\"jgu-bgsection bg bg-light\"><div class=\"content padding-medium\"><jgu-base-heading react-props=\"{\n    &quot;index&quot;: &quot;Facts &amp;amp; figures&quot;,\n    &quot;tags&quot;: {\n        &quot;htmlTag&quot;: &quot;h2&quot;,\n        &quot;classTag&quot;: &quot;&quot;,\n        &quot;tag&quot;: &quot;h2&quot;\n    },\n    &quot;heading&quot;: &quot;&lt;strong&gt;At a glance&lt;\\\/strong&gt;&quot;,\n    &quot;textAlign&quot;: &quot;left&quot;,\n    &quot;anchor&quot;: &quot;&quot;,\n    &quot;color&quot;: &quot;red&quot;\n}\"><\/jgu-base-heading>\n\n\n<jgu-base-keyfacts react-props=\"{\n    &quot;align&quot;: &quot;wide&quot;\n}\">\n<jgu-base-keyfactsitem react-props=\"{\n    &quot;index&quot;: &quot;Degree&quot;,\n    &quot;text&quot;: &quot;Bachelor of Laws&quot;,\n    &quot;description&quot;: &quot;&lt;a href=\\&quot;https:\\\/\\\/www.studium.uni-mainz.de\\\/en\\\/choosing-your-degree-program\\\/program-structure\\\/#bachelors-and-masters-degrees\\&quot;&gt;One-subject bachelor\\u2019s degree program&lt;\\\/a&gt;&quot;,\n    &quot;icon&quot;: &quot;jgu-icon-abschluss&quot;,\n    &quot;wide&quot;: false,\n    &quot;showReadMore&quot;: false,\n    &quot;characterLimit&quot;: 500,\n    &quot;visibleLines&quot;: 3\n}\">\n    \n<\/jgu-base-keyfactsitem>\n\n<jgu-base-keyfactsitem react-props=\"{\n    &quot;index&quot;: &quot;Admission requirements&quot;,\n    &quot;text&quot;: &quot;Selective admission&quot;,\n    &quot;description&quot;: &quot;in the 1st academic semester&quot;,\n    &quot;icon&quot;: &quot;jgu-icon-zulassungsbedingungen_zulassungsbeschraenkt&quot;,\n    &quot;wide&quot;: false,\n    &quot;showReadMore&quot;: false,\n    &quot;characterLimit&quot;: 500,\n    &quot;visibleLines&quot;: 3\n}\">\n    \n<\/jgu-base-keyfactsitem>\n\n<jgu-base-keyfactsitem react-props=\"{\n    &quot;index&quot;: &quot;Standard period of study&quot;,\n    &quot;text&quot;: &quot;8 semesters&quot;,\n    &quot;icon&quot;: &quot;jgu-icon-studienzeit&quot;,\n    &quot;description&quot;: &quot;&quot;,\n    &quot;wide&quot;: false,\n    &quot;showReadMore&quot;: false,\n    &quot;characterLimit&quot;: 500,\n    &quot;visibleLines&quot;: 3\n}\">\n    \n<\/jgu-base-keyfactsitem>\n\n<jgu-base-keyfactsitem react-props=\"{\n    &quot;index&quot;: &quot;Main language of instruction&quot;,\n    &quot;text&quot;: &quot;German, French&quot;,\n    &quot;icon&quot;: &quot;jgu-icon-sprachen&quot;,\n    &quot;description&quot;: &quot;&quot;,\n    &quot;wide&quot;: false,\n    &quot;showReadMore&quot;: false,\n    &quot;characterLimit&quot;: 500,\n    &quot;visibleLines&quot;: 3\n}\">\n    \n<\/jgu-base-keyfactsitem>\n\n<jgu-base-keyfactsitem react-props=\"{\n    &quot;index&quot;: &quot;Start of degree program&quot;,\n    &quot;text&quot;: &quot;Winter semester&quot;,\n    &quot;description&quot;: &quot;Admission in the summer semester is possible if spots are available.&quot;,\n    &quot;icon&quot;: &quot;jgu-icon-studienbeginn&quot;,\n    &quot;wide&quot;: false,\n    &quot;showReadMore&quot;: false,\n    &quot;characterLimit&quot;: 500,\n    &quot;visibleLines&quot;: 3\n}\">\n    \n<\/jgu-base-keyfactsitem>\n\n<jgu-base-keyfactsitem react-props=\"{\n    &quot;index&quot;: &quot;Credit points&quot;,\n    &quot;text&quot;: &quot;246 ECTS&quot;,\n    &quot;icon&quot;: &quot;jgu-icon-cp&quot;,\n    &quot;description&quot;: &quot;&quot;,\n    &quot;wide&quot;: false,\n    &quot;showReadMore&quot;: false,\n    &quot;characterLimit&quot;: 500,\n    &quot;visibleLines&quot;: 3\n}\">\n    \n<\/jgu-base-keyfactsitem>\n\n<jgu-base-keyfactsitem react-props=\"{\n    &quot;index&quot;: &quot;Entrance requirements&quot;,\n    &quot;text&quot;: &quot;Language proficiency&quot;,\n    &quot;description&quot;: &quot;&lt;strong&gt;French language skills &lt;\\\/strong&gt;at B1 level according to the CEFR or 5 years of schooling&quot;,\n    &quot;wide&quot;: false,\n    &quot;showReadMore&quot;: false,\n    &quot;characterLimit&quot;: 500,\n    &quot;visibleLines&quot;: 3,\n    &quot;icon&quot;: &quot;jgu-icon-zulassung&quot;\n}\">\n    \n<\/jgu-base-keyfactsitem>\n\n<jgu-base-keyfactsitem react-props=\"{\n    &quot;index&quot;: &quot;Special characteristics&quot;,\n    &quot;text&quot;: &quot;International degree program&quot;,\n    &quot;description&quot;: &quot;German-French double degree; study at JGU and one of the French partner universities: Universit\\u00e9 de Bourgogne in Dijon, Nantes Universit\\u00e9, Universit\\u00e9 Paris-Est Cr\\u00e9teil Val de Marne&quot;,\n    &quot;icon&quot;: &quot;jgu-icon-besonderheiten&quot;,\n    &quot;wide&quot;: false,\n    &quot;showReadMore&quot;: false,\n    &quot;characterLimit&quot;: 500,\n    &quot;visibleLines&quot;: 3\n}\">\n    \n<\/jgu-base-keyfactsitem>\n<\/jgu-base-keyfacts><\/div><\/div>\n<\/jgu-base-section>\n\n<div\n\tclass=\"jgu-anchorpoint\"\n\tid=\"degree-overview\"\n\tdata-label=\"Degree overview\"\n\tdata-hide-in-nav=\"false\"\n\ttabindex=\"0\"\n\tdata-initial-scroll=\"true\"\n><\/div>\n\n\n<jgu-base-section react-props=\"{&quot;color&quot;:&quot;white&quot;,&quot;align&quot;:&quot;wide&quot;,&quot;padding&quot;:&quot;medium&quot;}\">\n<div class=\"jgu-bgsection bg bg-white\"><div class=\"content padding-medium\"><jgu-base-heading react-props=\"{\n    &quot;index&quot;: &quot;Degree overview&quot;,\n    &quot;tags&quot;: {\n        &quot;htmlTag&quot;: &quot;h2&quot;,\n        &quot;classTag&quot;: &quot;&quot;,\n        &quot;tag&quot;: &quot;h2&quot;\n    },\n    &quot;heading&quot;: &quot;&lt;strong&gt;What does the degree program cover?&lt;\\\/strong&gt;&quot;,\n    &quot;textAlign&quot;: &quot;left&quot;,\n    &quot;anchor&quot;: &quot;&quot;,\n    &quot;color&quot;: &quot;red&quot;\n}\"><\/jgu-base-heading>\n\n\n<jgu-base-collapsiblearea class=\"is-layout-flow wp-block-jgu-collapsible-area-is-layout-flow\" react-props=\"{&quot;visibleLines&quot;:10,&quot;collapse&quot;:&quot;always&quot;,&quot;collapsedHeight&quot;:150,&quot;content&quot;:&quot;\\n\\n&lt;p class=\\&quot;has-big-font-size\\&quot;&gt;Are you interested in matters of justice but don\\u2019t want to limit yourself to German law, and want to become an &lt;strong&gt;expert in French law&lt;\\\/strong&gt; as well? Would you like to obtain an &lt;strong&gt;international double degree&lt;\\\/strong&gt; in order to be able to live and work in both France and Germany? Our integrated Mainz-Dijon and Mainz-Nantes\\\/Paris degree programs are some of the few programs in Germany that allow you to do just that.&lt;\\\/p&gt;\\n\\n\\n\\n&lt;p class=\\&quot;has-big-font-size\\&quot;&gt;Within the framework of the German and French Law degree program, you will focus on the providence, interpretation, understanding, and application of sources of law \\u2013 from both German and French perspectives. In contrast to the Law program concluding with a state examination, this program will intimately acquaint you with not only German, but also with French law, especially through the year-long &lt;strong&gt;mandatory stay abroad&lt;\\\/strong&gt;.&lt;\\\/p&gt;\\n\\n\\n\\n&lt;p class=\\&quot;has-big-font-size\\&quot;&gt;Within the program of study, you will focus on the &lt;strong&gt;applicable laws in both countries&lt;\\\/strong&gt; (parliamentary laws, international contracts, etc.) as well as the different methods of applying and interpreting law. You will learn how to answer legal questions, especially through the application and implementation of laws.&lt;\\\/p&gt;\\n\\n\\n\\n&lt;p class=\\&quot;has-big-font-size\\&quot;&gt;A key competence you will acquire is an understanding of German and French law not only as separate, isolated systems, but how they relate to one another, including their similarities and differences, and you will learn to critically reflect on both. Legal comparisons will become your core skill! Seemingly trivial questions may be treated very differently in different legal systems.&lt;\\\/p&gt;\\n\\n\\n\\n&lt;p class=\\&quot;has-big-font-size\\&quot;&gt;&lt;strong&gt;During your studies, you will focus on questions such as:&lt;\\\/strong&gt;&lt;\\\/p&gt;\\n\\n\\n\\n&lt;ul class=\\&quot;has-big-font-size wp-block-list\\&quot;&gt;\\n&lt;li&gt;Which country\\u2019s laws regulate a Franco-German marriage? What are the differences between the two legal systems?&lt;\\\/li&gt;\\n\\n\\n\\n&lt;li&gt;Which different legal means do Germany and France use to combat the Covid-19 pandemic?&lt;\\\/li&gt;\\n\\n\\n\\n&lt;li&gt;In which areas do German and French law harmonize?&lt;\\\/li&gt;\\n&lt;\\\/ul&gt;\\n\\n\\n\\n&lt;div style=\\&quot;height:60px\\&quot; aria-hidden=\\&quot;true\\&quot; class=\\&quot;wp-block-spacer\\&quot;&gt;&lt;\\\/div&gt;\\n\\n\\n\\n&lt;p class=\\&quot;has-big-font-size\\&quot;&gt;Furthermore, you will get to know the legal systems on a European and international level, as well as their historical, philosophical, and sociological connections.&lt;\\\/p&gt;\\n\\n\\n\\n&lt;p class=\\&quot;has-big-font-size\\&quot;&gt;The program of study is as varied as the legal questions that are encountered every day. The three fields of law are:&lt;\\\/p&gt;\\n\\n\\n\\n&lt;ul class=\\&quot;has-big-font-size wp-block-list\\&quot;&gt;\\n&lt;li&gt;&lt;strong&gt;Private law&lt;\\\/strong&gt;, &lt;br&gt;comprising legal matters between legal persons&lt;\\\/li&gt;\\n\\n\\n\\n&lt;li&gt;&lt;strong&gt;Criminal law&lt;\\\/strong&gt;, &lt;br&gt;comprising legislation which penalizes specific behaviors&lt;\\\/li&gt;\\n\\n\\n\\n&lt;li&gt;&lt;strong&gt;Public law&lt;\\\/strong&gt;, &lt;br&gt;comprising legal matters between legal persons and the state or between states&lt;\\\/li&gt;\\n&lt;\\\/ul&gt;\\n\\n\\n\\n&lt;div style=\\&quot;height:60px\\&quot; aria-hidden=\\&quot;true\\&quot; class=\\&quot;wp-block-spacer\\&quot;&gt;&lt;\\\/div&gt;\\n\\n\\n\\n&lt;p class=\\&quot;has-big-font-size\\&quot;&gt;&lt;strong&gt;Please note:&lt;\\\/strong&gt; &lt;br&gt;Learning does not mean memorizing! Even if this is frequently said of law studies in general. Instead, you will acquire fundamental methodical skills for debating and resolving specific cases and issues through the use of abstract law.&lt;\\\/p&gt;\\n\\n\\n\\n&lt;p class=\\&quot;has-big-font-size\\&quot;&gt;&lt;strong&gt;Good to know:&lt;\\\/strong&gt; &lt;br&gt;If you want to work in the field of law as an attorney or judge in Germany, for example, then you need to take part in the &lt;strong&gt;&lt;a href=\\&quot;https:\\\/\\\/www.studium.uni-mainz.de\\\/en\\\/choosing-your-degree-program\\\/courses-offered\\\/law-state-examination\\\/\\&quot; data-type=\\&quot;page\\&quot; data-id=\\&quot;1284\\&quot;&gt;Law degree program&lt;\\\/a&gt; &lt;\\\/strong&gt; and take the state examination. The German and French Law degree program can be completed at the same time as the state examination degree program \\u2013 without greatly prolonging the duration of your studies. You can find more information through the &lt;strong&gt;&lt;a href=\\&quot;https:\\\/\\\/auslandsbuero.jura.uni-mainz.de\\\/\\&quot; target=\\&quot;_blank\\&quot; rel=\\&quot;noreferrer noopener\\&quot;&gt;Law School\\u2019s International Office&lt;\\\/a&gt;&lt;\\\/strong&gt;.&lt;\\\/p&gt;\\n\\n&quot;,&quot;className&quot;:&quot;alignwide &quot;}\"><\/jgu-base-collapsiblearea>\n\n<jgu-base-accordion react-props=\"{&quot;selected&quot;:2,&quot;align&quot;:&quot;wide&quot;,&quot;hasAllOpenButton&quot;:true,&quot;onlyOne&quot;:false,&quot;initAllClosed&quot;:true,&quot;enableSearch&quot;:false}\">\n    \n<jgu-base-accordionitem react-props=\"{&quot;title&quot;:&quot;What are the prerequisites?&quot;,&quot;init&quot;:false,&quot;slug&quot;:&quot;what-are-the-prerequisites&quot;,&quot;align&quot;:&quot;wide&quot;,&quot;customSlug&quot;:false}\">\n    \n\n<p class=\"has-big-font-size\">To begin with, similar prerequisites apply here as to the study of law in general: You should have a profound interest in working with texts, language, and argumentation, as well as a passion for societal, political, social, and economic issues. You should be interested in exchanging arguments and in constructive and professional disputes, while being able to empathize with people. You should also possess a sound, structured way of thinking and an interest in the issue of what justice is and how to act justly.<\/p>\n\n\n\n<p class=\"has-big-font-size\">When studying in a German-French program of study, good language skills are required. For this course of studies, you will therefore need <strong>French skills at level B1 of the European Framework of Reference, or proof of having studied the language for five years in secondary school<\/strong>. If you lack proficiency in the language, you can continually improve your French language skills in the courses on French law throughout the three years prior to your year abroad. When you <strong>begin your year in France, you should have reached a C1 level<\/strong>. In addition to proficiency in the French language, good English skills are also important.<\/p>\n\n\n\n<p class=\"has-big-font-size\">For the internships and study periods abroad, the ability to self-organize is also vital. In addition, you should possess both intellectual and intercultural openness, as well as good communication and teamwork skills in order to work with others in the Franco-German group.<\/p>\n\n\n<\/jgu-base-accordionitem>\n\n<jgu-base-accordionitem react-props=\"{&quot;title&quot;:&quot;How is the degree program structured?&quot;,&quot;init&quot;:false,&quot;slug&quot;:&quot;how-is-the-degree-program-structured&quot;,&quot;align&quot;:&quot;wide&quot;,&quot;customSlug&quot;:false}\">\n    \n\n<p class=\"has-big-font-size\"><strong>Regarding German law:<\/strong> <br>You will learn the norms and their application and interpretation in the area of private law, public law, criminal law, and European law.<\/p>\n\n\n\n<p class=\"has-big-font-size\"><strong>Regarding French law:<\/strong> <br>In addition to German law, you will learn the basics of French law starting in the first semester and focusing on private law, public law, and European law. You will become familiar with French legal terminology as well as specific French legal methods. This includes certain ways of working such as the French method of solving cases (\u201ccas pratique\u201d), the systematic discussion of a juridical topic (\u201cdissertation\u201d) and the commentary of a sentence (\u201ccommentaire d\u2019arr\u00eat\u201d). This will prepare you for the mandatory academic year abroad in France, during which you will earn a French master\u2019s degree. In doing so, you can choose between several options to specialize in separate topics in private law or public law at our three partner universities in Dijon, Nantes, and Paris-Est. A four-week internship in a French-speaking country completes the degree program.<\/p>\n\n\n\n<p class=\"has-big-font-size\"><strong>Program structure<\/strong><\/p>\n\n\n\n<p class=\"has-big-font-size\"><strong>1st\u20132nd year:<\/strong><\/p>\n\n\n\n<ul class=\"has-big-font-size wp-block-list\">\n<li>Foundational lectures in German law in the three legal fields of private, public, and criminal law.<\/li>\n\n\n\n<li>Methods for processing a case<\/li>\n\n\n\n<li>Introduction to French law<\/li>\n\n\n\n<li>French legal methods<\/li>\n\n\n\n<li>Informational excursion to partner universities<\/li>\n\n\n\n<li>Internship in France<\/li>\n<\/ul>\n\n\n\n<p class=\"has-big-font-size\"><strong>3rd year:<\/strong><\/p>\n\n\n\n<ul class=\"has-big-font-size wp-block-list\">\n<li>Special in-depth lectures in the three fields of law<\/li>\n\n\n\n<li>Practice classes for advanced students in the state examination program with case solutions of greater complexity<\/li>\n\n\n\n<li>Subject-specific specialization<\/li>\n\n\n\n<li>Course on French European Union law<\/li>\n\n\n\n<li>Intensive course on French international private law leading up to your stay abroad<\/li>\n\n\n\n<li>Seminar on comparing the laws of Germany and France<\/li>\n<\/ul>\n\n\n\n<p class=\"has-big-font-size\"><strong>4th year:<\/strong><\/p>\n\n\n\n<ul class=\"has-big-font-size wp-block-list\">\n<li>Study in France in a master\u2019s degree program (you can choose between different areas of civil and public law, depending on the university)<\/li>\n\n\n\n<li>Bachelor\u2019s thesis<\/li>\n<\/ul>\n\n\n\n<div style=\"height:60px\" aria-hidden=\"true\" class=\"wp-block-spacer\"><\/div>\n\n\n\n<p class=\"has-big-font-size\"><strong>Stay abroad<\/strong><\/p>\n\n\n\n<p class=\"has-big-font-size\">A master\u2019s degree at one of our French partner universities is a mandatory part of this program of study.<\/p>\n\n\n\n<p class=\"has-big-font-size\"><strong>Please note:<\/strong> <br>The program in France can only be started in the winter semester. The year abroad therefore takes place during the 7th and 8th semesters. If you begin this program of study in the summer semester, the year abroad can take place during your 6th and 7th or 9th and 10th semesters.<\/p>\n\n\n\n<div style=\"height:60px\" aria-hidden=\"true\" class=\"wp-block-spacer\"><\/div>\n\n\n\n<p class=\"has-big-font-size\"><strong>Internships<\/strong><\/p>\n\n\n\n<p class=\"has-big-font-size\">You will complete a mandatory four-week internship in a French-speaking country within the context of this program of study. However, you may choose in what area you would like to carry out your internship: jurisprudence and the judicial system, legal counselling, or administration.<\/p>\n\n\n\n<p>Voluntary internships are another good opportunity to obtain more in-depth insight into a professional field.<\/p>\n\n\n\n<p>An internship allows you to discover whether everyday life in a particular occupation suits your career expectations and interests. You can gain qualifications for a professional field and acquire important professional and personal skills to start a career. An internship helps you both shape your career path, and mold the remainder of your course sequence \u2013 in particular by selecting specializations that suit your practical experience.<\/p>\n\n\n\n<p class=\"has-big-font-size\">You can find further information and relevant internships on the <strong><a href=\"https:\/\/www.studium.uni-mainz.de\/en\/during-your-studies\/career-orientation\/\" data-type=\"page\" data-id=\"4360\">Career Service<\/a><\/strong> website.<\/p>\n\n\n\n<\/jgu-base-accordionitem>\n\n<jgu-base-accordionitem react-props=\"{&quot;title&quot;:&quot;What happens after graduation?&quot;,&quot;init&quot;:false,&quot;slug&quot;:&quot;what-happens-after-graduation&quot;,&quot;align&quot;:&quot;wide&quot;,&quot;customSlug&quot;:false}\">\n    \n\n<p class=\"has-big-font-size\">Even if laws are primarily characterized by the nation in which they written, knowledge of other legal systems is gaining importance in professional practice in this age of Europeanization and globalization. The European Union in particular is experiencing a strong tendency toward the harmonization and standardization of previously autonomous legal systems. The ability to see beyond one\u2019s own country\u2019s legal system and to work with different legal systems is therefore becoming more important.<\/p>\n\n\n\n<p class=\"has-big-font-size\">Students are technically able to take up a profession after earning the bachelor\u2019s degree and the French master\u2019s degree, but options are limited. Further study and completion of the two standard legal qualifications (the state examination with the first and second legal exams in Germany, the M2 degree program in France) greatly improve your job prospects.<\/p>\n\n\n\n<p class=\"has-big-font-size\">Therefore, a majority of students decide to take the first legal exam by studying the <strong><a href=\"https:\/\/www.studium.uni-mainz.de\/en\/choosing-your-degree-program\/courses-offered\/law-state-examination\/\" data-type=\"page\" data-id=\"1284\">Law state examination degree program<\/a><\/strong> at the same time.<\/p>\n\n\n\n<p class=\"has-big-font-size\">After completing the bachelor\u2019s degree, many students additionally complete the related master\u2019s degree in <a href=\"https:\/\/www.studium.uni-mainz.de\/internationales-privatrecht-und-europaeisches-einheitsrecht_llm\/\" data-type=\"page\" data-id=\"34328\"><strong>International Private Law and European Uniform Law<\/strong><\/a>; the University of Dijon recognizes it as an M2 qualification for students who completed their stay abroad in Dijon.<\/p>\n\n\n\n<p class=\"has-big-font-size\">In some cases, students continue their professional career path in France, usually with an M2 degree. Subsequently, the direct transition to a profession in economics is possible, while special schools exist for the regulated legal professions in France (e.g., school for lawyers) and specific selection processes must be completed for further professions in public service (<i>concours<\/i>). <\/p>\n\n\n\n<p class=\"has-big-font-size\"><strong>Upon completing the program of study in German and French Law, a variety of professional fields are open to you, including in the following:<\/strong><\/p>\n\n\n\n<ul class=\"has-big-font-size wp-block-list\">\n<li>National and international organizations and corporations<\/li>\n\n\n\n<li>Economic and social associations<\/li>\n\n\n\n<li>Politics<\/li>\n\n\n\n<li>Journalism<\/li>\n\n\n\n<li>Other freelance professions (tax advisor, statutory auditor)<\/li>\n<\/ul>\n\n\n\n<div style=\"height:60px\" aria-hidden=\"true\" class=\"wp-block-spacer\"><\/div>\n\n\n\n<p class=\"has-big-font-size\"><strong>Professions in the field of law (second state examination for Law necessary):<\/strong><\/p>\n\n\n\n<ul class=\"has-big-font-size wp-block-list\">\n<li>Judge<\/li>\n\n\n\n<li>Attorney<\/li>\n\n\n\n<li>Prosecutor<\/li>\n\n\n\n<li>Notary<\/li>\n<\/ul>\n\n\n\n<p class=\"has-big-font-size\">Passing the second state examination also qualifies you for entry into the higher level of the civil service.<\/p>\n\n\n\n<div style=\"height:60px\" aria-hidden=\"true\" class=\"wp-block-spacer\"><\/div>\n\n\n\n<p class=\"has-big-font-size\"><strong>Graduates of the Law program at JGU have found work as:<\/strong><\/p>\n\n\n\n<ul class=\"has-big-font-size wp-block-list\">\n<li>Minister-president of Rhineland-Palatinate<\/li>\n\n\n\n<li>Lawyer for a publicly financed broadcasting company<\/li>\n\n\n\n<li>Judge for the Federal Social Court<\/li>\n\n\n\n<li>Evaluator for the EU\u2019s Competition Commission<\/li>\n\n\n\n<li>Head of the code enforcement office for a large city in Rhineland-Palatinate<\/li>\n\n\n\n<li>Specialist lawyer for inheritance law<\/li>\n\n\n\n<li>Notary in a Hessian town<\/li>\n\n\n\n<li>Professor of Public Law at a university<\/li>\n\n\n\n<li>Professor of Regulatory Law at a university of applied sciences<\/li>\n\n\n\n<li>Prosecutor in Bavaria<\/li>\n\n\n\n<li>Employee in the research service of the German <i>Bundestag<\/i><\/li>\n\n\n\n<li>Advisor for a labor union<\/li>\n\n\n\n<li>Head of division for the association of Hessian cities (<i>Hessischer St\u00e4dtetag<\/i>)<\/li>\n<\/ul>\n\n\n<\/jgu-base-accordionitem>\n\n<\/jgu-base-accordion>\n<\/div><\/div>\n<\/jgu-base-section>\n\n<jgu-base-section react-props=\"{&quot;color&quot;:&quot;light&quot;,&quot;align&quot;:&quot;wide&quot;,&quot;padding&quot;:&quot;medium&quot;}\">\n<div class=\"jgu-bgsection bg bg-light\"><div class=\"content padding-medium\"><jgu-base-slider react-props=\"{&quot;slidesCount&quot;:4,&quot;responsiveSettings&quot;:{&quot;mobile&quot;:{&quot;perPage&quot;:1,&quot;arrows&quot;:true,&quot;pagination&quot;:false},&quot;tablet&quot;:{&quot;perPage&quot;:4,&quot;arrows&quot;:true,&quot;pagination&quot;:false},&quot;desktop&quot;:{&quot;perPage&quot;:4,&quot;arrows&quot;:true,&quot;pagination&quot;:false},&quot;desktop-xl&quot;:{&quot;perPage&quot;:4,&quot;arrows&quot;:true,&quot;pagination&quot;:false}},&quot;perPage&quot;:4,&quot;type&quot;:&quot;&quot;,&quot;template&quot;:&quot;&quot;,&quot;useNumbers&quot;:false,&quot;scrollDistance&quot;:&quot;screen&quot;}\">\n    \n\n<jgu-base-teaserbox react-props=\"{\n    &quot;headline&quot;: {\n        &quot;htmlTag&quot;: &quot;h2&quot;,\n        &quot;classTag&quot;: &quot;h4&quot;,\n        &quot;tag&quot;: &quot;h2.h4&quot;\n    },\n    &quot;color&quot;: &quot;blue&quot;,\n    &quot;title&quot;: &quot;Learn more&quot;,\n    &quot;excerpt&quot;: &quot;Would you like to find out more about the degree program\\u2019s content, focus, and structure?&lt;br&gt;&lt;br&gt;More detailed information as well as the module catalog and degree plan can be found on the department\\u2019s website.&quot;,\n    &quot;linkTitle&quot;: &quot;learn more&quot;,\n    &quot;link&quot;: {\n        &quot;url&quot;: &quot;https:\\\/\\\/auslandsbuero.jura.uni-mainz.de\\\/outgoing\\\/&quot;,\n        &quot;opensInNewTab&quot;: true\n    },\n    &quot;textPositionBottom&quot;: true,\n    &quot;template&quot;: &quot;red_h4&quot;,\n    &quot;align&quot;: &quot;wide&quot;,\n    &quot;icon&quot;: &quot;&quot;,\n    &quot;iconColor&quot;: &quot;default&quot;,\n    &quot;isCalendar&quot;: false,\n    &quot;iconBoxed&quot;: false,\n    &quot;useLinkList&quot;: false,\n    &quot;linkList&quot;: {},\n    &quot;hideThumbnail&quot;: false,\n    &quot;type&quot;: &quot;boxed&quot;,\n    &quot;index&quot;: &quot;&quot;,\n    &quot;linkStyle&quot;: &quot;default&quot;,\n    &quot;overboxImage&quot;: false,\n    &quot;differingHeadlineColor&quot;: false,\n    &quot;headlineColor&quot;: &quot;&quot;,\n    &quot;video&quot;: {\n        &quot;provider&quot;: &quot;youtube&quot;,\n        &quot;id&quot;: &quot;&quot;,\n        &quot;poster&quot;: &quot;&quot;\n    },\n    &quot;audioUrl&quot;: &quot;&quot;,\n    &quot;unbound&quot;: false\n}\">\n    \n<\/jgu-base-teaserbox>\n\n\n\n<jgu-base-teaserbox react-props=\"{\n    &quot;headline&quot;: {\n        &quot;htmlTag&quot;: &quot;h2&quot;,\n        &quot;classTag&quot;: &quot;h4&quot;,\n        &quot;tag&quot;: &quot;h2.h4&quot;\n    },\n    &quot;useLinklist&quot;: true,\n    &quot;color&quot;: &quot;red&quot;,\n    &quot;title&quot;: &quot;Study orientation programs&quot;,\n    &quot;linkTitle&quot;: &quot;learn more&quot;,\n    &quot;template&quot;: &quot;red_h4&quot;,\n    &quot;align&quot;: &quot;wide&quot;,\n    &quot;icon&quot;: &quot;&quot;,\n    &quot;iconColor&quot;: &quot;default&quot;,\n    &quot;isCalendar&quot;: false,\n    &quot;iconBoxed&quot;: false,\n    &quot;useLinkList&quot;: false,\n    &quot;linkList&quot;: {},\n    &quot;hideThumbnail&quot;: false,\n    &quot;type&quot;: &quot;boxed&quot;,\n    &quot;index&quot;: &quot;&quot;,\n    &quot;excerpt&quot;: &quot;&quot;,\n    &quot;linkStyle&quot;: &quot;default&quot;,\n    &quot;overboxImage&quot;: false,\n    &quot;differingHeadlineColor&quot;: false,\n    &quot;headlineColor&quot;: &quot;&quot;,\n    &quot;textPositionBottom&quot;: false,\n    &quot;video&quot;: {\n        &quot;provider&quot;: &quot;youtube&quot;,\n        &quot;id&quot;: &quot;&quot;,\n        &quot;poster&quot;: &quot;&quot;\n    },\n    &quot;audioUrl&quot;: &quot;&quot;,\n    &quot;unbound&quot;: false\n}\">\n    \n<jgu-base-listitem react-props=\"{\n    &quot;title&quot;: &quot;&lt;a href=\\&quot;https:\\\/\\\/www.studium.uni-mainz.de\\\/en\\\/choosing-your-degree-program\\\/study-orientation\\\/podcast\\\/\\&quot; data-type=\\&quot;page\\&quot; data-id=\\&quot;4183\\&quot;&gt;\\u201cStudieren! Aber Was?\\u201d podcast&lt;\\\/a&gt;&quot;,\n    &quot;uuid&quot;: &quot;1675696890085&quot;,\n    &quot;link&quot;: {\n        &quot;url&quot;: &quot;https:\\\/\\\/www.studium.uni-mainz.de\\\/en\\\/choosing-your-degree-program\\\/study-orientation\\\/podcast\\\/&quot;\n    },\n    &quot;align&quot;: &quot;wide&quot;,\n    &quot;showInActions&quot;: false,\n    &quot;allowNesting&quot;: true,\n    &quot;icon&quot;: &quot;&quot;,\n    &quot;showExpandableContent&quot;: false,\n    &quot;expandableContent&quot;: &quot;&quot;\n}\">\n    \n<\/jgu-base-listitem>\n\n<jgu-base-listitem react-props=\"{\n    &quot;title&quot;: &quot;&lt;a href=\\&quot;https:\\\/\\\/www.studium.uni-mainz.de\\\/en\\\/choosing-your-degree-program\\\/study-orientation\\\/taster-days\\\/\\&quot; data-type=\\&quot;page\\&quot; data-id=\\&quot;4195\\&quot;&gt;Taster days&lt;\\\/a&gt;&quot;,\n    &quot;uuid&quot;: &quot;1675696802162&quot;,\n    &quot;link&quot;: {\n        &quot;url&quot;: &quot;https:\\\/\\\/www.studium.uni-mainz.de\\\/en\\\/choosing-your-degree-program\\\/study-orientation\\\/taster-days\\\/&quot;\n    },\n    &quot;align&quot;: &quot;wide&quot;,\n    &quot;showInActions&quot;: false,\n    &quot;allowNesting&quot;: true,\n    &quot;icon&quot;: &quot;&quot;,\n    &quot;showExpandableContent&quot;: false,\n    &quot;expandableContent&quot;: &quot;&quot;\n}\">\n    \n<\/jgu-base-listitem>\n\n<jgu-base-listitem react-props=\"{\n    &quot;title&quot;: &quot;&lt;a href=\\&quot;https:\\\/\\\/www.studium.uni-mainz.de\\\/en\\\/choosing-your-degree-program\\\/study-orientation\\\/\\&quot; data-type=\\&quot;page\\&quot; data-id=\\&quot;4171\\&quot;&gt;Further orientation support&lt;\\\/a&gt;&quot;,\n    &quot;uuid&quot;: &quot;1675696921545&quot;,\n    &quot;link&quot;: {\n        &quot;url&quot;: &quot;https:\\\/\\\/www.studium.uni-mainz.de\\\/en\\\/choosing-your-degree-program\\\/study-orientation\\\/&quot;\n    },\n    &quot;align&quot;: &quot;wide&quot;,\n    &quot;showInActions&quot;: false,\n    &quot;allowNesting&quot;: true,\n    &quot;icon&quot;: &quot;&quot;,\n    &quot;showExpandableContent&quot;: false,\n    &quot;expandableContent&quot;: &quot;&quot;\n}\">\n    \n<\/jgu-base-listitem>\n\n<\/jgu-base-teaserbox>\n\n\n\n<jgu-base-teaserbox react-props=\"{\n    &quot;headline&quot;: {\n        &quot;htmlTag&quot;: &quot;h2&quot;,\n        &quot;classTag&quot;: &quot;h4&quot;,\n        &quot;tag&quot;: &quot;h2.h4&quot;\n    },\n    &quot;useLinklist&quot;: true,\n    &quot;color&quot;: &quot;orange&quot;,\n    &quot;title&quot;: &quot;Suitable master\\u2019s degree programs at JGU&quot;,\n    &quot;linkTitle&quot;: &quot;learn more&quot;,\n    &quot;textPositionBottom&quot;: true,\n    &quot;template&quot;: &quot;red_h4&quot;,\n    &quot;align&quot;: &quot;wide&quot;,\n    &quot;icon&quot;: &quot;&quot;,\n    &quot;iconColor&quot;: &quot;default&quot;,\n    &quot;isCalendar&quot;: false,\n    &quot;iconBoxed&quot;: false,\n    &quot;useLinkList&quot;: false,\n    &quot;linkList&quot;: {},\n    &quot;hideThumbnail&quot;: false,\n    &quot;type&quot;: &quot;boxed&quot;,\n    &quot;index&quot;: &quot;&quot;,\n    &quot;excerpt&quot;: &quot;&quot;,\n    &quot;linkStyle&quot;: &quot;default&quot;,\n    &quot;overboxImage&quot;: false,\n    &quot;differingHeadlineColor&quot;: false,\n    &quot;headlineColor&quot;: &quot;&quot;,\n    &quot;video&quot;: {\n        &quot;provider&quot;: &quot;youtube&quot;,\n        &quot;id&quot;: &quot;&quot;,\n        &quot;poster&quot;: &quot;&quot;\n    },\n    &quot;audioUrl&quot;: &quot;&quot;,\n    &quot;unbound&quot;: false\n}\">\n    \n<jgu-base-listitem react-props=\"{\n    &quot;title&quot;: &quot;&lt;a href=\\&quot;https:\\\/\\\/cms.zdv.uni-mainz.de\\\/studium\\\/internationales-privatrecht-und-europaeisches-einheitsrecht_llm\\\/\\&quot; data-type=\\&quot;page\\&quot; data-id=\\&quot;34328\\&quot;&gt;International Private Law and European Uniform Law (LL.M.)&lt;\\\/a&gt;&quot;,\n    &quot;uuid&quot;: &quot;1675697088920&quot;,\n    &quot;link&quot;: {\n        &quot;url&quot;: &quot;https:\\\/\\\/cms.zdv.uni-mainz.de\\\/studium\\\/internationales-privatrecht-und-europaeisches-einheitsrecht_llm\\\/&quot;\n    },\n    &quot;align&quot;: &quot;wide&quot;,\n    &quot;showInActions&quot;: false,\n    &quot;allowNesting&quot;: true,\n    &quot;icon&quot;: &quot;&quot;,\n    &quot;showExpandableContent&quot;: false,\n    &quot;expandableContent&quot;: &quot;&quot;\n}\">\n    \n<\/jgu-base-listitem>\n\n<\/jgu-base-teaserbox>\n\n\n\n<jgu-base-teaserbox react-props=\"{\n    &quot;headline&quot;: {\n        &quot;htmlTag&quot;: &quot;h2&quot;,\n        &quot;classTag&quot;: &quot;h4&quot;,\n        &quot;tag&quot;: &quot;h2.h4&quot;\n    },\n    &quot;useLinklist&quot;: true,\n    &quot;color&quot;: &quot;blue-gray&quot;,\n    &quot;title&quot;: &quot;Further information&quot;,\n    &quot;linkTitle&quot;: &quot;learn more&quot;,\n    &quot;template&quot;: &quot;red_h4&quot;,\n    &quot;align&quot;: &quot;wide&quot;,\n    &quot;icon&quot;: &quot;&quot;,\n    &quot;iconColor&quot;: &quot;default&quot;,\n    &quot;isCalendar&quot;: false,\n    &quot;iconBoxed&quot;: false,\n    &quot;useLinkList&quot;: false,\n    &quot;linkList&quot;: {},\n    &quot;hideThumbnail&quot;: false,\n    &quot;type&quot;: &quot;boxed&quot;,\n    &quot;index&quot;: &quot;&quot;,\n    &quot;excerpt&quot;: &quot;&quot;,\n    &quot;linkStyle&quot;: &quot;default&quot;,\n    &quot;overboxImage&quot;: false,\n    &quot;differingHeadlineColor&quot;: false,\n    &quot;headlineColor&quot;: &quot;&quot;,\n    &quot;textPositionBottom&quot;: false,\n    &quot;video&quot;: {\n        &quot;provider&quot;: &quot;youtube&quot;,\n        &quot;id&quot;: &quot;&quot;,\n        &quot;poster&quot;: &quot;&quot;\n    },\n    &quot;audioUrl&quot;: &quot;&quot;,\n    &quot;unbound&quot;: false\n}\">\n    \n<jgu-base-listitem react-props=\"{\n    &quot;title&quot;: &quot;&lt;a href=\\&quot;https:\\\/\\\/sl.uni-mainz.de\\\/deutsches-und-franzoesisches-recht\\\/\\&quot; target=\\&quot;_blank\\&quot; rel=\\&quot;noreferrer noopener\\&quot;&gt;Examination regulations&lt;\\\/a&gt;&quot;,\n    &quot;uuid&quot;: &quot;1675695347607&quot;,\n    &quot;link&quot;: {\n        &quot;url&quot;: &quot;https:\\\/\\\/sl.uni-mainz.de\\\/deutsches-und-franzoesisches-recht\\\/&quot;\n    },\n    &quot;align&quot;: &quot;wide&quot;,\n    &quot;showInActions&quot;: false,\n    &quot;allowNesting&quot;: true,\n    &quot;icon&quot;: &quot;&quot;,\n    &quot;showExpandableContent&quot;: false,\n    &quot;expandableContent&quot;: &quot;&quot;\n}\">\n    \n<\/jgu-base-listitem>\n\n<jgu-base-listitem react-props=\"{\n    &quot;title&quot;: &quot;&lt;a href=\\&quot;https:\\\/\\\/jura.uni-mainz.de\\\/\\&quot; target=\\&quot;_blank\\&quot; rel=\\&quot;noreferrer noopener\\&quot;&gt;Department of Law&lt;\\\/a&gt;&quot;,\n    &quot;uuid&quot;: &quot;1675695347607&quot;,\n    &quot;link&quot;: {\n        &quot;url&quot;: &quot;https:\\\/\\\/jura.uni-mainz.de\\\/&quot;\n    },\n    &quot;align&quot;: &quot;wide&quot;,\n    &quot;showInActions&quot;: false,\n    &quot;allowNesting&quot;: true,\n    &quot;icon&quot;: &quot;&quot;,\n    &quot;showExpandableContent&quot;: false,\n    &quot;expandableContent&quot;: &quot;&quot;\n}\">\n    \n<\/jgu-base-listitem>\n\n<jgu-base-listitem react-props=\"{\n    &quot;title&quot;: &quot;&lt;a href=\\&quot;https:\\\/\\\/en.rewi.uni-mainz.de\\\/\\&quot; target=\\&quot;_blank\\&quot; rel=\\&quot;noreferrer noopener\\&quot;&gt;Faculty 03 \\u2013 Law, Management and Economics&lt;\\\/a&gt;&quot;,\n    &quot;uuid&quot;: &quot;1675695322903&quot;,\n    &quot;link&quot;: {\n        &quot;url&quot;: &quot;https:\\\/\\\/rewi.uni-mainz.de\\\/&quot;\n    },\n    &quot;align&quot;: &quot;wide&quot;,\n    &quot;showInActions&quot;: false,\n    &quot;allowNesting&quot;: true,\n    &quot;icon&quot;: &quot;&quot;,\n    &quot;showExpandableContent&quot;: false,\n    &quot;expandableContent&quot;: &quot;&quot;\n}\">\n    \n<\/jgu-base-listitem>\n\n<jgu-base-listitem react-props=\"{\n    &quot;title&quot;: &quot;&lt;a href=\\&quot;https:\\\/\\\/fsjura.uni-mainz.de\\\/\\&quot; target=\\&quot;_blank\\&quot; rel=\\&quot;noreferrer noopener\\&quot;&gt;Student Council | Law&lt;\\\/a&gt;&quot;,\n    &quot;uuid&quot;: &quot;1675695342860&quot;,\n    &quot;link&quot;: {\n        &quot;url&quot;: &quot;https:\\\/\\\/fsjura.uni-mainz.de\\\/&quot;\n    },\n    &quot;align&quot;: &quot;wide&quot;,\n    &quot;showInActions&quot;: false,\n    &quot;allowNesting&quot;: true,\n    &quot;icon&quot;: &quot;&quot;,\n    &quot;showExpandableContent&quot;: false,\n    &quot;expandableContent&quot;: &quot;&quot;\n}\">\n    \n<\/jgu-base-listitem>\n\n<jgu-base-listitem react-props=\"{\n    &quot;title&quot;: &quot;&lt;a href=\\&quot;https:\\\/\\\/www.instagram.com\\\/fsjuramainz\\\/\\&quot; target=\\&quot;_blank\\&quot; rel=\\&quot;noreferrer noopener\\&quot;&gt;Instagram: Student Council | Law&lt;\\\/a&gt;&quot;,\n    &quot;uuid&quot;: &quot;1675695353400&quot;,\n    &quot;link&quot;: {\n        &quot;url&quot;: &quot;https:\\\/\\\/www.instagram.com\\\/fsjuramainz\\\/&quot;\n    },\n    &quot;align&quot;: &quot;wide&quot;,\n    &quot;showInActions&quot;: false,\n    &quot;allowNesting&quot;: true,\n    &quot;icon&quot;: &quot;&quot;,\n    &quot;showExpandableContent&quot;: false,\n    &quot;expandableContent&quot;: &quot;&quot;\n}\">\n    \n<\/jgu-base-listitem>\n\n<\/jgu-base-teaserbox>\n\n\n<\/jgu-base-slider>\n<\/div><\/div>\n<\/jgu-base-section>\n\n<div\n\tclass=\"jgu-anchorpoint\"\n\tid=\"applications\"\n\tdata-label=\"Applications\"\n\tdata-hide-in-nav=\"false\"\n\ttabindex=\"0\"\n\tdata-initial-scroll=\"true\"\n><\/div>\n\n\n<jgu-base-section react-props=\"{&quot;color&quot;:&quot;white&quot;,&quot;align&quot;:&quot;wide&quot;,&quot;padding&quot;:&quot;medium&quot;}\">\n<div class=\"jgu-bgsection bg bg-white\"><div class=\"content padding-medium\"><jgu-base-heading react-props=\"{\n    &quot;index&quot;: &quot;Applications&quot;,\n    &quot;tags&quot;: {\n        &quot;htmlTag&quot;: &quot;h2&quot;,\n        &quot;classTag&quot;: &quot;&quot;,\n        &quot;tag&quot;: &quot;h2&quot;\n    },\n    &quot;heading&quot;: &quot;&lt;strong&gt;Just a few steps to a spot at university&lt;\\\/strong&gt;&quot;,\n    &quot;textAlign&quot;: &quot;left&quot;,\n    &quot;anchor&quot;: &quot;&quot;,\n    &quot;color&quot;: &quot;red&quot;\n}\"><\/jgu-base-heading>\n\n\n\n<div class=\"wp-block-columns is-layout-flex wp-container-core-columns-is-layout-9d6595d7 wp-block-columns-is-layout-flex\">\n<div class=\"wp-block-column is-layout-flow wp-block-column-is-layout-flow\" style=\"flex-basis:66.66%\">\n<p class=\"has-big-font-size\">Found the degree program of your choice? <br>Your dream degree program is just an online application away! <br><br>We will show you how to apply for a spot at JGU and what you need to consider regarding <strong>requirements<\/strong>, <strong>admissions<\/strong> and <strong>application<\/strong> deadlines. <\/p>\n\n\n\n\n<div style=\"height:60px\" aria-hidden=\"true\" class=\"wp-block-spacer\"><\/div>\n\n\n<jgu-base-modal react-props=\"{&quot;text&quot;:&quot;Learn how to apply&quot;,&quot;buttonStyling&quot;:&quot;primary&quot;,&quot;children&quot;:&quot;\\n&lt;jgu-base-heading react-props=\\&quot;{\\n    &amp;quot;tags&amp;quot;: {\\n        &amp;quot;htmlTag&amp;quot;: &amp;quot;h2&amp;quot;,\\n        &amp;quot;classTag&amp;quot;: &amp;quot;&amp;quot;,\\n        &amp;quot;tag&amp;quot;: &amp;quot;h2&amp;quot;\\n    },\\n    &amp;quot;heading&amp;quot;: &amp;quot;Just a few steps to a spot at university&amp;quot;,\\n    &amp;quot;textAlign&amp;quot;: &amp;quot;left&amp;quot;,\\n    &amp;quot;anchor&amp;quot;: &amp;quot;&amp;quot;,\\n    &amp;quot;index&amp;quot;: &amp;quot;&amp;quot;,\\n    &amp;quot;color&amp;quot;: &amp;quot;red&amp;quot;\\n}\\&quot;&gt;&lt;\\\/jgu-base-heading&gt;\\n\\n\\n&lt;jgu-base-processsequence react-props=\\&quot;{\\n    &amp;quot;collapsible&amp;quot;: false,\\n    &amp;quot;color&amp;quot;: &amp;quot;red&amp;quot;,\\n    &amp;quot;hideImageOutline&amp;quot;: false,\\n    &amp;quot;limitWidth&amp;quot;: false,\\n    &amp;quot;showIndex&amp;quot;: true,\\n    &amp;quot;allowImages&amp;quot;: true\\n}\\&quot;&gt;\\n&lt;jgu-base-processsequenceitem react-props=\\&quot;{\\n    &amp;quot;blockIndex&amp;quot;: 0,\\n    &amp;quot;image&amp;quot;: {\\n        &amp;quot;id&amp;quot;: 2118,\\n        &amp;quot;url&amp;quot;: &amp;quot;https:\\\\\\\/\\\\\\\/cms.zdv.uni-mainz.de\\\\\\\/studium\\\\\\\/wp-content\\\\\\\/uploads\\\\\\\/sites\\\\\\\/12\\\\\\\/2023\\\\\\\/03\\\\\\\/Wie-und-wo-muss-ich-mich-bewerben_quadratisch.png&amp;quot;,\\n        &amp;quot;hideCredit&amp;quot;: true,\\n        &amp;quot;credit&amp;quot;: &amp;quot;Rebekka Sch\\\\u00f6nefu\\\\u00df&amp;quot;,\\n        &amp;quot;title&amp;quot;: &amp;quot;Wie und wo muss ich mich bewerben_quadratisch&amp;quot;,\\n        &amp;quot;width&amp;quot;: 2086,\\n        &amp;quot;height&amp;quot;: 2086,\\n        &amp;quot;srcset&amp;quot;: &amp;quot;https:\\\\\\\/\\\\\\\/cms.zdv.uni-mainz.de\\\\\\\/studium\\\\\\\/wp-content\\\\\\\/uploads\\\\\\\/sites\\\\\\\/12\\\\\\\/2023\\\\\\\/03\\\\\\\/Wie-und-wo-muss-ich-mich-bewerben_quadratisch.png 2086w, https:\\\\\\\/\\\\\\\/cms.zdv.uni-mainz.de\\\\\\\/studium\\\\\\\/wp-content\\\\\\\/uploads\\\\\\\/sites\\\\\\\/12\\\\\\\/2023\\\\\\\/03\\\\\\\/Wie-und-wo-muss-ich-mich-bewerben_quadratisch-300x300.png 300w, https:\\\\\\\/\\\\\\\/cms.zdv.uni-mainz.de\\\\\\\/studium\\\\\\\/wp-content\\\\\\\/uploads\\\\\\\/sites\\\\\\\/12\\\\\\\/2023\\\\\\\/03\\\\\\\/Wie-und-wo-muss-ich-mich-bewerben_quadratisch-1024x1024.png 1024w, https:\\\\\\\/\\\\\\\/cms.zdv.uni-mainz.de\\\\\\\/studium\\\\\\\/wp-content\\\\\\\/uploads\\\\\\\/sites\\\\\\\/12\\\\\\\/2023\\\\\\\/03\\\\\\\/Wie-und-wo-muss-ich-mich-bewerben_quadratisch-150x150.png 150w, https:\\\\\\\/\\\\\\\/cms.zdv.uni-mainz.de\\\\\\\/studium\\\\\\\/wp-content\\\\\\\/uploads\\\\\\\/sites\\\\\\\/12\\\\\\\/2023\\\\\\\/03\\\\\\\/Wie-und-wo-muss-ich-mich-bewerben_quadratisch-768x768.png 768w, https:\\\\\\\/\\\\\\\/cms.zdv.uni-mainz.de\\\\\\\/studium\\\\\\\/wp-content\\\\\\\/uploads\\\\\\\/sites\\\\\\\/12\\\\\\\/2023\\\\\\\/03\\\\\\\/Wie-und-wo-muss-ich-mich-bewerben_quadratisch-1536x1536.png 1536w, https:\\\\\\\/\\\\\\\/cms.zdv.uni-mainz.de\\\\\\\/studium\\\\\\\/wp-content\\\\\\\/uploads\\\\\\\/sites\\\\\\\/12\\\\\\\/2023\\\\\\\/03\\\\\\\/Wie-und-wo-muss-ich-mich-bewerben_quadratisch-2048x2048.png 2048w&amp;quot;\\n    },\\n    &amp;quot;title&amp;quot;: &amp;quot;How and where do I apply?&amp;quot;,\\n    &amp;quot;collapsible&amp;quot;: false,\\n    &amp;quot;allowImages&amp;quot;: true,\\n    &amp;quot;color&amp;quot;: &amp;quot;red&amp;quot;,\\n    &amp;quot;showIndex&amp;quot;: true,\\n    &amp;quot;content&amp;quot;: &amp;quot;\\\\n\\\\n&amp;lt;p class=\\\\&amp;quot;has-big-font-size\\\\&amp;quot;&amp;gt;The exact application process depends on various factors and is not the same for all degree programs or for every applicant.&amp;lt;\\\\\\\/p&amp;gt;\\\\n\\\\n\\\\n\\\\n&amp;lt;p class=\\\\&amp;quot;has-big-font-size\\\\&amp;quot;&amp;gt;Our application guide explains what applies to you and what you need to do.&amp;lt;\\\\\\\/p&amp;gt;\\\\n\\\\n\\\\n&amp;lt;jgu-base-button style=\\\\&amp;quot;display: flex; flex-wrap: wrap; column-gap: 30px; max-width: 100%; flex-direction: row; justify-content: left\\\\&amp;quot;&amp;gt;\\\\n  \\\\n&amp;lt;jgu-base-buttonitem react-props=\\\\&amp;quot;{\\\\n    &amp;amp;quot;text&amp;amp;quot;: &amp;amp;quot;Application guide&amp;amp;quot;,\\\\n    &amp;amp;quot;link&amp;amp;quot;: {\\\\n        &amp;amp;quot;url&amp;amp;quot;: &amp;amp;quot;https:\\\\\\\\\\\\\\\/\\\\\\\\\\\\\\\/www.studium.uni-mainz.de\\\\\\\\\\\\\\\/en\\\\\\\\\\\\\\\/your-application\\\\\\\\\\\\\\\/application-process\\\\\\\\\\\\\\\/application-guide\\\\\\\\\\\\\\\/&amp;amp;quot;,\\\\n        &amp;amp;quot;linkTarget&amp;amp;quot;: &amp;amp;quot;&amp;amp;quot;,\\\\n        &amp;amp;quot;rel&amp;amp;quot;: &amp;amp;quot;&amp;amp;quot;\\\\n    },\\\\n    &amp;amp;quot;align&amp;amp;quot;: &amp;amp;quot;left&amp;amp;quot;,\\\\n    &amp;amp;quot;styling&amp;amp;quot;: &amp;amp;quot;primary&amp;amp;quot;,\\\\n    &amp;amp;quot;icon&amp;amp;quot;: &amp;amp;quot;arrow-right-solid&amp;amp;quot;,\\\\n    &amp;amp;quot;type&amp;amp;quot;: &amp;amp;quot;default&amp;amp;quot;,\\\\n    &amp;amp;quot;iconBefore&amp;amp;quot;: false,\\\\n    &amp;amp;quot;isSmall&amp;amp;quot;: false,\\\\n    &amp;amp;quot;fullWidth&amp;amp;quot;: false,\\\\n    &amp;amp;quot;className&amp;amp;quot;: &amp;amp;quot;&amp;amp;quot;\\\\n}\\\\&amp;quot;&amp;gt;&amp;lt;\\\\\\\/jgu-base-buttonitem&amp;gt;\\\\n\\\\n&amp;lt;\\\\\\\/jgu-base-button&amp;gt;\\\\n\\\\n\\\\n&amp;lt;div style=\\\\&amp;quot;height:60px\\\\&amp;quot; aria-hidden=\\\\&amp;quot;true\\\\&amp;quot; class=\\\\&amp;quot;wp-block-spacer\\\\&amp;quot;&amp;gt;&amp;lt;\\\\\\\/div&amp;gt;\\\\n\\\\n\\\\n\\\\n&amp;lt;p class=\\\\&amp;quot;has-big-font-size\\\\&amp;quot;&amp;gt;&amp;lt;strong&amp;gt;International applicants&amp;lt;\\\\\\\/strong&amp;gt;:&amp;lt;\\\\\\\/p&amp;gt;\\\\n\\\\n\\\\n\\\\n&amp;lt;p class=\\\\&amp;quot;has-big-font-size\\\\&amp;quot;&amp;gt;Did you obtain your education outside of Germany? If this is the case, you should look into applying for a &amp;lt;a href=\\\\&amp;quot;https:\\\\\\\/\\\\\\\/www.studium.uni-mainz.de\\\\\\\/en\\\\\\\/your-application\\\\\\\/applying-with-international-certificates\\\\\\\/recognition\\\\\\\/\\\\&amp;quot;&amp;gt;Certificate of Recognition&amp;lt;\\\\\\\/a&amp;gt; and check for potentially required &amp;lt;a href=\\\\&amp;quot;https:\\\\\\\/\\\\\\\/www.studium.uni-mainz.de\\\\\\\/en\\\\\\\/your-application\\\\\\\/applying-with-international-certificates\\\\\\\/language-proficiency\\\\\\\/\\\\&amp;quot;&amp;gt;German language proficiency&amp;lt;\\\\\\\/a&amp;gt;. &amp;lt;\\\\\\\/p&amp;gt;\\\\n\\\\n\\\\n\\\\n&amp;lt;p class=\\\\&amp;quot;has-big-font-size\\\\&amp;quot;&amp;gt;Required German language skills\\\\\\\/certificates for this degree program: &amp;lt;\\\\\\\/p&amp;gt;\\\\n\\\\n\\\\n\\\\n\\\\n&amp;lt;p class=\\\\&amp;quot;has-big-font-size\\\\&amp;quot;&amp;gt;&amp;lt;strong&amp;gt;DSH-2&amp;lt;\\\\\\\/strong&amp;gt;&amp;lt;\\\\\\\/p&amp;gt;\\\\n\\\\n\\\\n\\\\n&amp;lt;p class=\\\\&amp;quot;has-big-font-size\\\\&amp;quot;&amp;gt;Are you first completing a &amp;lt;a href=\\\\&amp;quot;https:\\\\\\\/\\\\\\\/www.studium.uni-mainz.de\\\\\\\/en\\\\\\\/your-application\\\\\\\/applying-with-international-certificates\\\\\\\/studienkolleg\\\\\\\/\\\\&amp;quot;&amp;gt;&amp;lt;i&amp;gt;Studienkolleg&amp;lt;\\\\\\\/i&amp;gt;&amp;lt;\\\\\\\/a&amp;gt; course? You will need the following course for this program of study:&amp;lt;\\\\\\\/p&amp;gt;\\\\n\\\\n\\\\n\\\\n&amp;lt;p class=\\\\&amp;quot;has-big-font-size\\\\&amp;quot;&amp;gt;&amp;lt;strong&amp;gt;S\\\\\\\/G or G course&amp;lt;\\\\\\\/strong&amp;gt;&amp;lt;\\\\\\\/p&amp;gt;\\\\n\\\\n&amp;quot;\\n}\\&quot;&gt;\\n&lt;\\\/jgu-base-processsequenceitem&gt;\\n\\n&lt;jgu-base-processsequenceitem react-props=\\&quot;{\\n    &amp;quot;blockIndex&amp;quot;: 1,\\n    &amp;quot;image&amp;quot;: {\\n        &amp;quot;id&amp;quot;: 2112,\\n        &amp;quot;url&amp;quot;: &amp;quot;https:\\\\\\\/\\\\\\\/cms.zdv.uni-mainz.de\\\\\\\/studium\\\\\\\/wp-content\\\\\\\/uploads\\\\\\\/sites\\\\\\\/12\\\\\\\/2023\\\\\\\/03\\\\\\\/Bis-wann-muss-ich-mich-bewerben_quadratisch.png&amp;quot;,\\n        &amp;quot;hideCredit&amp;quot;: true,\\n        &amp;quot;credit&amp;quot;: &amp;quot;Rebekka Sch\\\\u00f6nefu\\\\u00df&amp;quot;,\\n        &amp;quot;title&amp;quot;: &amp;quot;Bis wann muss ich mich bewerben_quadratisch&amp;quot;,\\n        &amp;quot;width&amp;quot;: 1808,\\n        &amp;quot;height&amp;quot;: 1808,\\n        &amp;quot;srcset&amp;quot;: &amp;quot;https:\\\\\\\/\\\\\\\/cms.zdv.uni-mainz.de\\\\\\\/studium\\\\\\\/wp-content\\\\\\\/uploads\\\\\\\/sites\\\\\\\/12\\\\\\\/2023\\\\\\\/03\\\\\\\/Bis-wann-muss-ich-mich-bewerben_quadratisch.png 1808w, https:\\\\\\\/\\\\\\\/cms.zdv.uni-mainz.de\\\\\\\/studium\\\\\\\/wp-content\\\\\\\/uploads\\\\\\\/sites\\\\\\\/12\\\\\\\/2023\\\\\\\/03\\\\\\\/Bis-wann-muss-ich-mich-bewerben_quadratisch-300x300.png 300w, https:\\\\\\\/\\\\\\\/cms.zdv.uni-mainz.de\\\\\\\/studium\\\\\\\/wp-content\\\\\\\/uploads\\\\\\\/sites\\\\\\\/12\\\\\\\/2023\\\\\\\/03\\\\\\\/Bis-wann-muss-ich-mich-bewerben_quadratisch-1024x1024.png 1024w, https:\\\\\\\/\\\\\\\/cms.zdv.uni-mainz.de\\\\\\\/studium\\\\\\\/wp-content\\\\\\\/uploads\\\\\\\/sites\\\\\\\/12\\\\\\\/2023\\\\\\\/03\\\\\\\/Bis-wann-muss-ich-mich-bewerben_quadratisch-150x150.png 150w, https:\\\\\\\/\\\\\\\/cms.zdv.uni-mainz.de\\\\\\\/studium\\\\\\\/wp-content\\\\\\\/uploads\\\\\\\/sites\\\\\\\/12\\\\\\\/2023\\\\\\\/03\\\\\\\/Bis-wann-muss-ich-mich-bewerben_quadratisch-768x768.png 768w, https:\\\\\\\/\\\\\\\/cms.zdv.uni-mainz.de\\\\\\\/studium\\\\\\\/wp-content\\\\\\\/uploads\\\\\\\/sites\\\\\\\/12\\\\\\\/2023\\\\\\\/03\\\\\\\/Bis-wann-muss-ich-mich-bewerben_quadratisch-1536x1536.png 1536w&amp;quot;\\n    },\\n    &amp;quot;title&amp;quot;: &amp;quot;When are applications due?&amp;quot;,\\n    &amp;quot;collapsible&amp;quot;: false,\\n    &amp;quot;allowImages&amp;quot;: true,\\n    &amp;quot;color&amp;quot;: &amp;quot;red&amp;quot;,\\n    &amp;quot;showIndex&amp;quot;: true,\\n    &amp;quot;content&amp;quot;: &amp;quot;\\\\n\\\\n&amp;lt;p class=\\\\&amp;quot;has-big-font-size\\\\&amp;quot;&amp;gt;&amp;lt;strong&amp;gt;Winter semester application period&amp;lt;\\\\\\\/strong&amp;gt;&amp;lt;br&amp;gt;June\\\\u00a01\\\\u2013July\\\\u00a015&amp;lt;\\\\\\\/p&amp;gt;\\\\n\\\\n\\\\n\\\\n&amp;lt;p class=\\\\&amp;quot;has-big-font-size\\\\&amp;quot;&amp;gt;&amp;lt;strong&amp;gt;Summer semester application period&amp;lt;\\\\\\\/strong&amp;gt;&amp;lt;br&amp;gt;December\\\\u00a01\\\\u2013January\\\\u00a015&amp;lt;\\\\\\\/p&amp;gt;\\\\n\\\\n\\\\n\\\\n&amp;lt;jgu-base-button style=\\\\&amp;quot;display: flex; flex-wrap: wrap; column-gap: 30px; max-width: 100%; flex-direction: row; justify-content: left\\\\&amp;quot;&amp;gt;\\\\n  \\\\n&amp;lt;jgu-base-buttonitem react-props=\\\\&amp;quot;{\\\\n    &amp;amp;quot;text&amp;amp;quot;: &amp;amp;quot;JGU online application portal&amp;amp;quot;,\\\\n    &amp;amp;quot;link&amp;amp;quot;: {\\\\n        &amp;amp;quot;url&amp;amp;quot;: &amp;amp;quot;https:\\\\\\\\\\\\\\\/\\\\\\\\\\\\\\\/jogustine.uni-mainz.de\\\\\\\\\\\\\\\/&amp;amp;quot;,\\\\n        &amp;amp;quot;linkTarget&amp;amp;quot;: &amp;amp;quot;&amp;amp;quot;,\\\\n        &amp;amp;quot;rel&amp;amp;quot;: &amp;amp;quot;&amp;amp;quot;,\\\\n        &amp;amp;quot;title&amp;amp;quot;: &amp;amp;quot;&amp;amp;quot;\\\\n    },\\\\n    &amp;amp;quot;align&amp;amp;quot;: &amp;amp;quot;left&amp;amp;quot;,\\\\n    &amp;amp;quot;styling&amp;amp;quot;: &amp;amp;quot;primary&amp;amp;quot;,\\\\n    &amp;amp;quot;icon&amp;amp;quot;: &amp;amp;quot;arrow-right-solid&amp;amp;quot;,\\\\n    &amp;amp;quot;type&amp;amp;quot;: &amp;amp;quot;default&amp;amp;quot;,\\\\n    &amp;amp;quot;iconBefore&amp;amp;quot;: false,\\\\n    &amp;amp;quot;isSmall&amp;amp;quot;: false,\\\\n    &amp;amp;quot;fullWidth&amp;amp;quot;: false,\\\\n    &amp;amp;quot;className&amp;amp;quot;: &amp;amp;quot;&amp;amp;quot;\\\\n}\\\\&amp;quot;&amp;gt;&amp;lt;\\\\\\\/jgu-base-buttonitem&amp;gt;\\\\n\\\\n&amp;lt;\\\\\\\/jgu-base-button&amp;gt;\\\\n&amp;quot;\\n}\\&quot;&gt;\\n&lt;\\\/jgu-base-processsequenceitem&gt;\\n\\n&lt;jgu-base-processsequenceitem react-props=\\&quot;{\\n    &amp;quot;blockIndex&amp;quot;: 2,\\n    &amp;quot;image&amp;quot;: {\\n        &amp;quot;id&amp;quot;: 2109,\\n        &amp;quot;url&amp;quot;: &amp;quot;https:\\\\\\\/\\\\\\\/cms.zdv.uni-mainz.de\\\\\\\/studium\\\\\\\/wp-content\\\\\\\/uploads\\\\\\\/sites\\\\\\\/12\\\\\\\/2023\\\\\\\/03\\\\\\\/Bescheid-erhalten_quadratisch.png&amp;quot;,\\n        &amp;quot;hideCredit&amp;quot;: true,\\n        &amp;quot;credit&amp;quot;: &amp;quot;Rebekka Sch\\\\u00f6nefu\\\\u00df&amp;quot;,\\n        &amp;quot;title&amp;quot;: &amp;quot;Bescheid erhalten_quadratisch&amp;quot;,\\n        &amp;quot;width&amp;quot;: 2170,\\n        &amp;quot;height&amp;quot;: 2170,\\n        &amp;quot;srcset&amp;quot;: &amp;quot;https:\\\\\\\/\\\\\\\/cms.zdv.uni-mainz.de\\\\\\\/studium\\\\\\\/wp-content\\\\\\\/uploads\\\\\\\/sites\\\\\\\/12\\\\\\\/2023\\\\\\\/03\\\\\\\/Bescheid-erhalten_quadratisch.png 2170w, https:\\\\\\\/\\\\\\\/cms.zdv.uni-mainz.de\\\\\\\/studium\\\\\\\/wp-content\\\\\\\/uploads\\\\\\\/sites\\\\\\\/12\\\\\\\/2023\\\\\\\/03\\\\\\\/Bescheid-erhalten_quadratisch-300x300.png 300w, https:\\\\\\\/\\\\\\\/cms.zdv.uni-mainz.de\\\\\\\/studium\\\\\\\/wp-content\\\\\\\/uploads\\\\\\\/sites\\\\\\\/12\\\\\\\/2023\\\\\\\/03\\\\\\\/Bescheid-erhalten_quadratisch-1024x1024.png 1024w, https:\\\\\\\/\\\\\\\/cms.zdv.uni-mainz.de\\\\\\\/studium\\\\\\\/wp-content\\\\\\\/uploads\\\\\\\/sites\\\\\\\/12\\\\\\\/2023\\\\\\\/03\\\\\\\/Bescheid-erhalten_quadratisch-150x150.png 150w, https:\\\\\\\/\\\\\\\/cms.zdv.uni-mainz.de\\\\\\\/studium\\\\\\\/wp-content\\\\\\\/uploads\\\\\\\/sites\\\\\\\/12\\\\\\\/2023\\\\\\\/03\\\\\\\/Bescheid-erhalten_quadratisch-768x768.png 768w, https:\\\\\\\/\\\\\\\/cms.zdv.uni-mainz.de\\\\\\\/studium\\\\\\\/wp-content\\\\\\\/uploads\\\\\\\/sites\\\\\\\/12\\\\\\\/2023\\\\\\\/03\\\\\\\/Bescheid-erhalten_quadratisch-1536x1536.png 1536w, https:\\\\\\\/\\\\\\\/cms.zdv.uni-mainz.de\\\\\\\/studium\\\\\\\/wp-content\\\\\\\/uploads\\\\\\\/sites\\\\\\\/12\\\\\\\/2023\\\\\\\/03\\\\\\\/Bescheid-erhalten_quadratisch-2048x2048.png 2048w&amp;quot;\\n    },\\n    &amp;quot;title&amp;quot;: &amp;quot;Is it hard to get in?&amp;quot;,\\n    &amp;quot;collapsible&amp;quot;: false,\\n    &amp;quot;allowImages&amp;quot;: true,\\n    &amp;quot;color&amp;quot;: &amp;quot;red&amp;quot;,\\n    &amp;quot;showIndex&amp;quot;: true,\\n    &amp;quot;content&amp;quot;: &amp;quot;\\\\n\\\\n&amp;lt;p class=\\\\&amp;quot;has-big-font-size\\\\&amp;quot;&amp;gt;This degree program is &amp;lt;strong&amp;gt;selective&amp;lt;\\\\\\\/strong&amp;gt;; it therefore has a numerus clausus (NC). &amp;lt;\\\\\\\/p&amp;gt;\\\\n\\\\n\\\\n\\\\n&amp;lt;p class=\\\\&amp;quot;has-big-font-size\\\\&amp;quot;&amp;gt;If you fulfill the entrance requirements and properly apply on time, you will take part in the selection procedure. Spots for the first academic semester will be allocated according to the following &amp;lt;strong&amp;gt;selection criteria&amp;lt;\\\\\\\/strong&amp;gt;:&amp;lt;\\\\\\\/p&amp;gt;\\\\n\\\\n\\\\n\\\\n&amp;lt;ul class=\\\\&amp;quot;has-big-font-size wp-block-list\\\\&amp;quot;&amp;gt;\\\\n&amp;lt;li&amp;gt;80% according to  the grade of the University Entrance Qualification (generally, the &amp;lt;i&amp;gt;Abitur&amp;lt;\\\\\\\/i&amp;gt; grade)&amp;lt;\\\\\\\/li&amp;gt;\\\\n\\\\n\\\\n\\\\n&amp;lt;li&amp;gt;20% according to wait time&amp;lt;\\\\\\\/li&amp;gt;\\\\n&amp;lt;\\\\\\\/ul&amp;gt;\\\\n\\\\n\\\\n&amp;lt;jgu-base-button style=\\\\&amp;quot;display: flex; flex-wrap: wrap; column-gap: 30px; max-width: 100%; flex-direction: row; justify-content: left\\\\&amp;quot;&amp;gt;\\\\n  \\\\n&amp;lt;jgu-base-buttonitem react-props=\\\\&amp;quot;{\\\\n    &amp;amp;quot;text&amp;amp;quot;: &amp;amp;quot;Selection limits (NC values)&amp;amp;quot;,\\\\n    &amp;amp;quot;link&amp;amp;quot;: {\\\\n        &amp;amp;quot;url&amp;amp;quot;: &amp;amp;quot;https:\\\\\\\\\\\\\\\/\\\\\\\\\\\\\\\/www.studium.uni-mainz.de\\\\\\\\\\\\\\\/en\\\\\\\\\\\\\\\/your-application\\\\\\\\\\\\\\\/application-process\\\\\\\\\\\\\\\/selection-process-nc\\\\\\\\\\\\\\\/&amp;amp;quot;,\\\\n        &amp;amp;quot;linkTarget&amp;amp;quot;: &amp;amp;quot;&amp;amp;quot;,\\\\n        &amp;amp;quot;rel&amp;amp;quot;: &amp;amp;quot;&amp;amp;quot;\\\\n    },\\\\n    &amp;amp;quot;align&amp;amp;quot;: &amp;amp;quot;left&amp;amp;quot;,\\\\n    &amp;amp;quot;styling&amp;amp;quot;: &amp;amp;quot;primary&amp;amp;quot;,\\\\n    &amp;amp;quot;icon&amp;amp;quot;: &amp;amp;quot;arrow-right-solid&amp;amp;quot;,\\\\n    &amp;amp;quot;type&amp;amp;quot;: &amp;amp;quot;default&amp;amp;quot;,\\\\n    &amp;amp;quot;iconBefore&amp;amp;quot;: false,\\\\n    &amp;amp;quot;isSmall&amp;amp;quot;: false,\\\\n    &amp;amp;quot;fullWidth&amp;amp;quot;: false,\\\\n    &amp;amp;quot;className&amp;amp;quot;: &amp;amp;quot;&amp;amp;quot;\\\\n}\\\\&amp;quot;&amp;gt;&amp;lt;\\\\\\\/jgu-base-buttonitem&amp;gt;\\\\n\\\\n&amp;lt;\\\\\\\/jgu-base-button&amp;gt;\\\\n&amp;quot;\\n}\\&quot;&gt;\\n&lt;\\\/jgu-base-processsequenceitem&gt;\\n\\n&lt;jgu-base-processsequenceitem react-props=\\&quot;{\\n    &amp;quot;blockIndex&amp;quot;: 3,\\n    &amp;quot;image&amp;quot;: {\\n        &amp;quot;id&amp;quot;: 2115,\\n        &amp;quot;url&amp;quot;: &amp;quot;https:\\\\\\\/\\\\\\\/cms.zdv.uni-mainz.de\\\\\\\/studium\\\\\\\/wp-content\\\\\\\/uploads\\\\\\\/sites\\\\\\\/12\\\\\\\/2023\\\\\\\/03\\\\\\\/Wann-und-wie-geht-es-los_quaratisch.png&amp;quot;,\\n        &amp;quot;hideCredit&amp;quot;: true,\\n        &amp;quot;credit&amp;quot;: &amp;quot;Rebekka Sch\\\\u00f6nefu\\\\u00df&amp;quot;,\\n        &amp;quot;title&amp;quot;: &amp;quot;Wann und wie geht es los_quaratisch&amp;quot;,\\n        &amp;quot;width&amp;quot;: 1636,\\n        &amp;quot;height&amp;quot;: 1635,\\n        &amp;quot;srcset&amp;quot;: &amp;quot;https:\\\\\\\/\\\\\\\/cms.zdv.uni-mainz.de\\\\\\\/studium\\\\\\\/wp-content\\\\\\\/uploads\\\\\\\/sites\\\\\\\/12\\\\\\\/2023\\\\\\\/03\\\\\\\/Wann-und-wie-geht-es-los_quaratisch.png 1636w, https:\\\\\\\/\\\\\\\/cms.zdv.uni-mainz.de\\\\\\\/studium\\\\\\\/wp-content\\\\\\\/uploads\\\\\\\/sites\\\\\\\/12\\\\\\\/2023\\\\\\\/03\\\\\\\/Wann-und-wie-geht-es-los_quaratisch-300x300.png 300w, https:\\\\\\\/\\\\\\\/cms.zdv.uni-mainz.de\\\\\\\/studium\\\\\\\/wp-content\\\\\\\/uploads\\\\\\\/sites\\\\\\\/12\\\\\\\/2023\\\\\\\/03\\\\\\\/Wann-und-wie-geht-es-los_quaratisch-1024x1024.png 1024w, https:\\\\\\\/\\\\\\\/cms.zdv.uni-mainz.de\\\\\\\/studium\\\\\\\/wp-content\\\\\\\/uploads\\\\\\\/sites\\\\\\\/12\\\\\\\/2023\\\\\\\/03\\\\\\\/Wann-und-wie-geht-es-los_quaratisch-150x150.png 150w, https:\\\\\\\/\\\\\\\/cms.zdv.uni-mainz.de\\\\\\\/studium\\\\\\\/wp-content\\\\\\\/uploads\\\\\\\/sites\\\\\\\/12\\\\\\\/2023\\\\\\\/03\\\\\\\/Wann-und-wie-geht-es-los_quaratisch-768x768.png 768w, https:\\\\\\\/\\\\\\\/cms.zdv.uni-mainz.de\\\\\\\/studium\\\\\\\/wp-content\\\\\\\/uploads\\\\\\\/sites\\\\\\\/12\\\\\\\/2023\\\\\\\/03\\\\\\\/Wann-und-wie-geht-es-los_quaratisch-1536x1536.png 1536w&amp;quot;\\n    },\\n    &amp;quot;title&amp;quot;: &amp;quot;What happens next?&amp;quot;,\\n    &amp;quot;collapsible&amp;quot;: false,\\n    &amp;quot;allowImages&amp;quot;: true,\\n    &amp;quot;color&amp;quot;: &amp;quot;red&amp;quot;,\\n    &amp;quot;showIndex&amp;quot;: true,\\n    &amp;quot;content&amp;quot;: &amp;quot;\\\\n\\\\n&amp;lt;p class=\\\\&amp;quot;has-big-font-size\\\\&amp;quot;&amp;gt;After successfully applying, you will receive an &amp;lt;strong&amp;gt;official letter of admission&amp;lt;\\\\\\\/strong&amp;gt; from us, which will tell you how and by when you will need to accept your spot at the university and apply for enrollment. We will subsequently notify you about the status of your enrollment. &amp;lt;\\\\\\\/p&amp;gt;\\\\n\\\\n\\\\n\\\\n&amp;lt;p class=\\\\&amp;quot;has-big-font-size\\\\&amp;quot;&amp;gt;We offer various &amp;lt;strong&amp;gt;programs and information prior to the start of the semester&amp;lt;\\\\\\\/strong&amp;gt; to help prepare you for the start of your studies before you get to know JGU and your subject during the &amp;lt;strong&amp;gt;introduction week&amp;lt;\\\\\\\/strong&amp;gt;. The &amp;lt;strong&amp;gt;lecture period&amp;lt;\\\\\\\/strong&amp;gt; begins one week later, marking the start of your courses.&amp;lt;\\\\\\\/p&amp;gt;\\\\n\\\\n\\\\n&amp;lt;jgu-base-button style=\\\\&amp;quot;display: flex; flex-wrap: wrap; column-gap: 30px; max-width: 100%; flex-direction: row; justify-content: left\\\\&amp;quot;&amp;gt;\\\\n  \\\\n&amp;lt;jgu-base-buttonitem react-props=\\\\&amp;quot;{\\\\n    &amp;amp;quot;text&amp;amp;quot;: &amp;amp;quot;Starting your studies&amp;amp;quot;,\\\\n    &amp;amp;quot;link&amp;amp;quot;: {\\\\n        &amp;amp;quot;url&amp;amp;quot;: &amp;amp;quot;https:\\\\\\\\\\\\\\\/\\\\\\\\\\\\\\\/www.studium.uni-mainz.de\\\\\\\\\\\\\\\/en\\\\\\\\\\\\\\\/starting-your-studies\\\\\\\\\\\\\\\/&amp;amp;quot;,\\\\n        &amp;amp;quot;linkTarget&amp;amp;quot;: &amp;amp;quot;&amp;amp;quot;,\\\\n        &amp;amp;quot;rel&amp;amp;quot;: &amp;amp;quot;&amp;amp;quot;,\\\\n        &amp;amp;quot;opensInNewTab&amp;amp;quot;: false,\\\\n        &amp;amp;quot;title&amp;amp;quot;: &amp;amp;quot;Mein Studienstart&amp;amp;quot;,\\\\n        &amp;amp;quot;id&amp;amp;quot;: 4312,\\\\n        &amp;amp;quot;type&amp;amp;quot;: &amp;amp;quot;page&amp;amp;quot;,\\\\n        &amp;amp;quot;kind&amp;amp;quot;: &amp;amp;quot;post-type&amp;amp;quot;\\\\n    },\\\\n    &amp;amp;quot;align&amp;amp;quot;: &amp;amp;quot;left&amp;amp;quot;,\\\\n    &amp;amp;quot;styling&amp;amp;quot;: &amp;amp;quot;primary&amp;amp;quot;,\\\\n    &amp;amp;quot;icon&amp;amp;quot;: &amp;amp;quot;arrow-right-solid&amp;amp;quot;,\\\\n    &amp;amp;quot;type&amp;amp;quot;: &amp;amp;quot;default&amp;amp;quot;,\\\\n    &amp;amp;quot;iconBefore&amp;amp;quot;: false,\\\\n    &amp;amp;quot;isSmall&amp;amp;quot;: false,\\\\n    &amp;amp;quot;fullWidth&amp;amp;quot;: false,\\\\n    &amp;amp;quot;className&amp;amp;quot;: &amp;amp;quot;&amp;amp;quot;\\\\n}\\\\&amp;quot;&amp;gt;&amp;lt;\\\\\\\/jgu-base-buttonitem&amp;gt;\\\\n\\\\n&amp;lt;\\\\\\\/jgu-base-button&amp;gt;\\\\n\\\\n&amp;lt;jgu-base-button style=\\\\&amp;quot;display: flex; flex-wrap: wrap; column-gap: 30px; max-width: 100%; flex-direction: row; justify-content: left\\\\&amp;quot;&amp;gt;\\\\n  \\\\n&amp;lt;jgu-base-buttonitem react-props=\\\\&amp;quot;{\\\\n    &amp;amp;quot;text&amp;amp;quot;: &amp;amp;quot;Lecture periods&amp;amp;quot;,\\\\n    &amp;amp;quot;link&amp;amp;quot;: {\\\\n        &amp;amp;quot;url&amp;amp;quot;: &amp;amp;quot;https:\\\\\\\\\\\\\\\/\\\\\\\\\\\\\\\/www.studium.uni-mainz.de\\\\\\\\\\\\\\\/en\\\\\\\\\\\\\\\/during-your-studies\\\\\\\\\\\\\\\/dates-and-deadlines\\\\\\\\\\\\\\\/&amp;amp;quot;,\\\\n        &amp;amp;quot;linkTarget&amp;amp;quot;: &amp;amp;quot;&amp;amp;quot;,\\\\n        &amp;amp;quot;rel&amp;amp;quot;: &amp;amp;quot;&amp;amp;quot;,\\\\n        &amp;amp;quot;opensInNewTab&amp;amp;quot;: false,\\\\n        &amp;amp;quot;title&amp;amp;quot;: &amp;amp;quot;Fristen &amp;amp;amp; Termine&amp;amp;quot;,\\\\n        &amp;amp;quot;id&amp;amp;quot;: 5266,\\\\n        &amp;amp;quot;type&amp;amp;quot;: &amp;amp;quot;page&amp;amp;quot;,\\\\n        &amp;amp;quot;kind&amp;amp;quot;: &amp;amp;quot;post-type&amp;amp;quot;\\\\n    },\\\\n    &amp;amp;quot;align&amp;amp;quot;: &amp;amp;quot;left&amp;amp;quot;,\\\\n    &amp;amp;quot;styling&amp;amp;quot;: &amp;amp;quot;primary&amp;amp;quot;,\\\\n    &amp;amp;quot;icon&amp;amp;quot;: &amp;amp;quot;arrow-right-solid&amp;amp;quot;,\\\\n    &amp;amp;quot;type&amp;amp;quot;: &amp;amp;quot;default&amp;amp;quot;,\\\\n    &amp;amp;quot;iconBefore&amp;amp;quot;: false,\\\\n    &amp;amp;quot;isSmall&amp;amp;quot;: false,\\\\n    &amp;amp;quot;fullWidth&amp;amp;quot;: false,\\\\n    &amp;amp;quot;className&amp;amp;quot;: &amp;amp;quot;&amp;amp;quot;\\\\n}\\\\&amp;quot;&amp;gt;&amp;lt;\\\\\\\/jgu-base-buttonitem&amp;gt;\\\\n\\\\n&amp;lt;\\\\\\\/jgu-base-button&amp;gt;\\\\n\\\\n&amp;quot;\\n}\\&quot;&gt;\\n&lt;\\\/jgu-base-processsequenceitem&gt;\\n&lt;\\\/jgu-base-processsequence&gt;\\n&quot;}\">\n    \n<jgu-base-heading react-props=\"{\n    &quot;tags&quot;: {\n        &quot;htmlTag&quot;: &quot;h2&quot;,\n        &quot;classTag&quot;: &quot;&quot;,\n        &quot;tag&quot;: &quot;h2&quot;\n    },\n    &quot;heading&quot;: &quot;Just a few steps to a spot at university&quot;,\n    &quot;textAlign&quot;: &quot;left&quot;,\n    &quot;anchor&quot;: &quot;&quot;,\n    &quot;index&quot;: &quot;&quot;,\n    &quot;color&quot;: &quot;red&quot;\n}\"><\/jgu-base-heading>\n\n\n<jgu-base-processsequence react-props=\"{\n    &quot;collapsible&quot;: false,\n    &quot;color&quot;: &quot;red&quot;,\n    &quot;hideImageOutline&quot;: false,\n    &quot;limitWidth&quot;: false,\n    &quot;showIndex&quot;: true,\n    &quot;allowImages&quot;: true\n}\">\n<jgu-base-processsequenceitem react-props=\"{\n    &quot;blockIndex&quot;: 0,\n    &quot;image&quot;: {\n        &quot;id&quot;: 2118,\n        &quot;url&quot;: &quot;https:\\\/\\\/cms.zdv.uni-mainz.de\\\/studium\\\/wp-content\\\/uploads\\\/sites\\\/12\\\/2023\\\/03\\\/Wie-und-wo-muss-ich-mich-bewerben_quadratisch.png&quot;,\n        &quot;hideCredit&quot;: true,\n        &quot;credit&quot;: &quot;Rebekka Sch\\u00f6nefu\\u00df&quot;,\n        &quot;title&quot;: &quot;Wie und wo muss ich mich bewerben_quadratisch&quot;,\n        &quot;width&quot;: 2086,\n        &quot;height&quot;: 2086,\n        &quot;srcset&quot;: &quot;https:\\\/\\\/cms.zdv.uni-mainz.de\\\/studium\\\/wp-content\\\/uploads\\\/sites\\\/12\\\/2023\\\/03\\\/Wie-und-wo-muss-ich-mich-bewerben_quadratisch.png 2086w, https:\\\/\\\/cms.zdv.uni-mainz.de\\\/studium\\\/wp-content\\\/uploads\\\/sites\\\/12\\\/2023\\\/03\\\/Wie-und-wo-muss-ich-mich-bewerben_quadratisch-300x300.png 300w, https:\\\/\\\/cms.zdv.uni-mainz.de\\\/studium\\\/wp-content\\\/uploads\\\/sites\\\/12\\\/2023\\\/03\\\/Wie-und-wo-muss-ich-mich-bewerben_quadratisch-1024x1024.png 1024w, https:\\\/\\\/cms.zdv.uni-mainz.de\\\/studium\\\/wp-content\\\/uploads\\\/sites\\\/12\\\/2023\\\/03\\\/Wie-und-wo-muss-ich-mich-bewerben_quadratisch-150x150.png 150w, https:\\\/\\\/cms.zdv.uni-mainz.de\\\/studium\\\/wp-content\\\/uploads\\\/sites\\\/12\\\/2023\\\/03\\\/Wie-und-wo-muss-ich-mich-bewerben_quadratisch-768x768.png 768w, https:\\\/\\\/cms.zdv.uni-mainz.de\\\/studium\\\/wp-content\\\/uploads\\\/sites\\\/12\\\/2023\\\/03\\\/Wie-und-wo-muss-ich-mich-bewerben_quadratisch-1536x1536.png 1536w, https:\\\/\\\/cms.zdv.uni-mainz.de\\\/studium\\\/wp-content\\\/uploads\\\/sites\\\/12\\\/2023\\\/03\\\/Wie-und-wo-muss-ich-mich-bewerben_quadratisch-2048x2048.png 2048w&quot;\n    },\n    &quot;title&quot;: &quot;How and where do I apply?&quot;,\n    &quot;collapsible&quot;: false,\n    &quot;allowImages&quot;: true,\n    &quot;color&quot;: &quot;red&quot;,\n    &quot;showIndex&quot;: true,\n    &quot;content&quot;: &quot;\\n\\n&lt;p class=\\&quot;has-big-font-size\\&quot;&gt;The exact application process depends on various factors and is not the same for all degree programs or for every applicant.&lt;\\\/p&gt;\\n\\n\\n\\n&lt;p class=\\&quot;has-big-font-size\\&quot;&gt;Our application guide explains what applies to you and what you need to do.&lt;\\\/p&gt;\\n\\n\\n&lt;jgu-base-button style=\\&quot;display: flex; flex-wrap: wrap; column-gap: 30px; max-width: 100%; flex-direction: row; justify-content: left\\&quot;&gt;\\n  \\n&lt;jgu-base-buttonitem react-props=\\&quot;{\\n    &amp;quot;text&amp;quot;: &amp;quot;Application guide&amp;quot;,\\n    &amp;quot;link&amp;quot;: {\\n        &amp;quot;url&amp;quot;: &amp;quot;https:\\\\\\\/\\\\\\\/www.studium.uni-mainz.de\\\\\\\/en\\\\\\\/your-application\\\\\\\/application-process\\\\\\\/application-guide\\\\\\\/&amp;quot;,\\n        &amp;quot;linkTarget&amp;quot;: &amp;quot;&amp;quot;,\\n        &amp;quot;rel&amp;quot;: &amp;quot;&amp;quot;\\n    },\\n    &amp;quot;align&amp;quot;: &amp;quot;left&amp;quot;,\\n    &amp;quot;styling&amp;quot;: &amp;quot;primary&amp;quot;,\\n    &amp;quot;icon&amp;quot;: &amp;quot;arrow-right-solid&amp;quot;,\\n    &amp;quot;type&amp;quot;: &amp;quot;default&amp;quot;,\\n    &amp;quot;iconBefore&amp;quot;: false,\\n    &amp;quot;isSmall&amp;quot;: false,\\n    &amp;quot;fullWidth&amp;quot;: false,\\n    &amp;quot;className&amp;quot;: &amp;quot;&amp;quot;\\n}\\&quot;&gt;&lt;\\\/jgu-base-buttonitem&gt;\\n\\n&lt;\\\/jgu-base-button&gt;\\n\\n\\n&lt;div style=\\&quot;height:60px\\&quot; aria-hidden=\\&quot;true\\&quot; class=\\&quot;wp-block-spacer\\&quot;&gt;&lt;\\\/div&gt;\\n\\n\\n\\n&lt;p class=\\&quot;has-big-font-size\\&quot;&gt;&lt;strong&gt;International applicants&lt;\\\/strong&gt;:&lt;\\\/p&gt;\\n\\n\\n\\n&lt;p class=\\&quot;has-big-font-size\\&quot;&gt;Did you obtain your education outside of Germany? If this is the case, you should look into applying for a &lt;a href=\\&quot;https:\\\/\\\/www.studium.uni-mainz.de\\\/en\\\/your-application\\\/applying-with-international-certificates\\\/recognition\\\/\\&quot;&gt;Certificate of Recognition&lt;\\\/a&gt; and check for potentially required &lt;a href=\\&quot;https:\\\/\\\/www.studium.uni-mainz.de\\\/en\\\/your-application\\\/applying-with-international-certificates\\\/language-proficiency\\\/\\&quot;&gt;German language proficiency&lt;\\\/a&gt;. &lt;\\\/p&gt;\\n\\n\\n\\n&lt;p class=\\&quot;has-big-font-size\\&quot;&gt;Required German language skills\\\/certificates for this degree program: &lt;\\\/p&gt;\\n\\n\\n\\n\\n&lt;p class=\\&quot;has-big-font-size\\&quot;&gt;&lt;strong&gt;DSH-2&lt;\\\/strong&gt;&lt;\\\/p&gt;\\n\\n\\n\\n&lt;p class=\\&quot;has-big-font-size\\&quot;&gt;Are you first completing a &lt;a href=\\&quot;https:\\\/\\\/www.studium.uni-mainz.de\\\/en\\\/your-application\\\/applying-with-international-certificates\\\/studienkolleg\\\/\\&quot;&gt;&lt;i&gt;Studienkolleg&lt;\\\/i&gt;&lt;\\\/a&gt; course? You will need the following course for this program of study:&lt;\\\/p&gt;\\n\\n\\n\\n&lt;p class=\\&quot;has-big-font-size\\&quot;&gt;&lt;strong&gt;S\\\/G or G course&lt;\\\/strong&gt;&lt;\\\/p&gt;\\n\\n&quot;\n}\">\n<\/jgu-base-processsequenceitem>\n\n<jgu-base-processsequenceitem react-props=\"{\n    &quot;blockIndex&quot;: 1,\n    &quot;image&quot;: {\n        &quot;id&quot;: 2112,\n        &quot;url&quot;: &quot;https:\\\/\\\/cms.zdv.uni-mainz.de\\\/studium\\\/wp-content\\\/uploads\\\/sites\\\/12\\\/2023\\\/03\\\/Bis-wann-muss-ich-mich-bewerben_quadratisch.png&quot;,\n        &quot;hideCredit&quot;: true,\n        &quot;credit&quot;: &quot;Rebekka Sch\\u00f6nefu\\u00df&quot;,\n        &quot;title&quot;: &quot;Bis wann muss ich mich bewerben_quadratisch&quot;,\n        &quot;width&quot;: 1808,\n        &quot;height&quot;: 1808,\n        &quot;srcset&quot;: &quot;https:\\\/\\\/cms.zdv.uni-mainz.de\\\/studium\\\/wp-content\\\/uploads\\\/sites\\\/12\\\/2023\\\/03\\\/Bis-wann-muss-ich-mich-bewerben_quadratisch.png 1808w, https:\\\/\\\/cms.zdv.uni-mainz.de\\\/studium\\\/wp-content\\\/uploads\\\/sites\\\/12\\\/2023\\\/03\\\/Bis-wann-muss-ich-mich-bewerben_quadratisch-300x300.png 300w, https:\\\/\\\/cms.zdv.uni-mainz.de\\\/studium\\\/wp-content\\\/uploads\\\/sites\\\/12\\\/2023\\\/03\\\/Bis-wann-muss-ich-mich-bewerben_quadratisch-1024x1024.png 1024w, https:\\\/\\\/cms.zdv.uni-mainz.de\\\/studium\\\/wp-content\\\/uploads\\\/sites\\\/12\\\/2023\\\/03\\\/Bis-wann-muss-ich-mich-bewerben_quadratisch-150x150.png 150w, https:\\\/\\\/cms.zdv.uni-mainz.de\\\/studium\\\/wp-content\\\/uploads\\\/sites\\\/12\\\/2023\\\/03\\\/Bis-wann-muss-ich-mich-bewerben_quadratisch-768x768.png 768w, https:\\\/\\\/cms.zdv.uni-mainz.de\\\/studium\\\/wp-content\\\/uploads\\\/sites\\\/12\\\/2023\\\/03\\\/Bis-wann-muss-ich-mich-bewerben_quadratisch-1536x1536.png 1536w&quot;\n    },\n    &quot;title&quot;: &quot;When are applications due?&quot;,\n    &quot;collapsible&quot;: false,\n    &quot;allowImages&quot;: true,\n    &quot;color&quot;: &quot;red&quot;,\n    &quot;showIndex&quot;: true,\n    &quot;content&quot;: &quot;\\n\\n&lt;p class=\\&quot;has-big-font-size\\&quot;&gt;&lt;strong&gt;Winter semester application period&lt;\\\/strong&gt;&lt;br&gt;June\\u00a01\\u2013July\\u00a015&lt;\\\/p&gt;\\n\\n\\n\\n&lt;p class=\\&quot;has-big-font-size\\&quot;&gt;&lt;strong&gt;Summer semester application period&lt;\\\/strong&gt;&lt;br&gt;December\\u00a01\\u2013January\\u00a015&lt;\\\/p&gt;\\n\\n\\n\\n&lt;jgu-base-button style=\\&quot;display: flex; flex-wrap: wrap; column-gap: 30px; max-width: 100%; flex-direction: row; justify-content: left\\&quot;&gt;\\n  \\n&lt;jgu-base-buttonitem react-props=\\&quot;{\\n    &amp;quot;text&amp;quot;: &amp;quot;JGU online application portal&amp;quot;,\\n    &amp;quot;link&amp;quot;: {\\n        &amp;quot;url&amp;quot;: &amp;quot;https:\\\\\\\/\\\\\\\/jogustine.uni-mainz.de\\\\\\\/&amp;quot;,\\n        &amp;quot;linkTarget&amp;quot;: &amp;quot;&amp;quot;,\\n        &amp;quot;rel&amp;quot;: &amp;quot;&amp;quot;,\\n        &amp;quot;title&amp;quot;: &amp;quot;&amp;quot;\\n    },\\n    &amp;quot;align&amp;quot;: &amp;quot;left&amp;quot;,\\n    &amp;quot;styling&amp;quot;: &amp;quot;primary&amp;quot;,\\n    &amp;quot;icon&amp;quot;: &amp;quot;arrow-right-solid&amp;quot;,\\n    &amp;quot;type&amp;quot;: &amp;quot;default&amp;quot;,\\n    &amp;quot;iconBefore&amp;quot;: false,\\n    &amp;quot;isSmall&amp;quot;: false,\\n    &amp;quot;fullWidth&amp;quot;: false,\\n    &amp;quot;className&amp;quot;: &amp;quot;&amp;quot;\\n}\\&quot;&gt;&lt;\\\/jgu-base-buttonitem&gt;\\n\\n&lt;\\\/jgu-base-button&gt;\\n&quot;\n}\">\n<\/jgu-base-processsequenceitem>\n\n<jgu-base-processsequenceitem react-props=\"{\n    &quot;blockIndex&quot;: 2,\n    &quot;image&quot;: {\n        &quot;id&quot;: 2109,\n        &quot;url&quot;: &quot;https:\\\/\\\/cms.zdv.uni-mainz.de\\\/studium\\\/wp-content\\\/uploads\\\/sites\\\/12\\\/2023\\\/03\\\/Bescheid-erhalten_quadratisch.png&quot;,\n        &quot;hideCredit&quot;: true,\n        &quot;credit&quot;: &quot;Rebekka Sch\\u00f6nefu\\u00df&quot;,\n        &quot;title&quot;: &quot;Bescheid erhalten_quadratisch&quot;,\n        &quot;width&quot;: 2170,\n        &quot;height&quot;: 2170,\n        &quot;srcset&quot;: &quot;https:\\\/\\\/cms.zdv.uni-mainz.de\\\/studium\\\/wp-content\\\/uploads\\\/sites\\\/12\\\/2023\\\/03\\\/Bescheid-erhalten_quadratisch.png 2170w, https:\\\/\\\/cms.zdv.uni-mainz.de\\\/studium\\\/wp-content\\\/uploads\\\/sites\\\/12\\\/2023\\\/03\\\/Bescheid-erhalten_quadratisch-300x300.png 300w, https:\\\/\\\/cms.zdv.uni-mainz.de\\\/studium\\\/wp-content\\\/uploads\\\/sites\\\/12\\\/2023\\\/03\\\/Bescheid-erhalten_quadratisch-1024x1024.png 1024w, https:\\\/\\\/cms.zdv.uni-mainz.de\\\/studium\\\/wp-content\\\/uploads\\\/sites\\\/12\\\/2023\\\/03\\\/Bescheid-erhalten_quadratisch-150x150.png 150w, https:\\\/\\\/cms.zdv.uni-mainz.de\\\/studium\\\/wp-content\\\/uploads\\\/sites\\\/12\\\/2023\\\/03\\\/Bescheid-erhalten_quadratisch-768x768.png 768w, https:\\\/\\\/cms.zdv.uni-mainz.de\\\/studium\\\/wp-content\\\/uploads\\\/sites\\\/12\\\/2023\\\/03\\\/Bescheid-erhalten_quadratisch-1536x1536.png 1536w, https:\\\/\\\/cms.zdv.uni-mainz.de\\\/studium\\\/wp-content\\\/uploads\\\/sites\\\/12\\\/2023\\\/03\\\/Bescheid-erhalten_quadratisch-2048x2048.png 2048w&quot;\n    },\n    &quot;title&quot;: &quot;Is it hard to get in?&quot;,\n    &quot;collapsible&quot;: false,\n    &quot;allowImages&quot;: true,\n    &quot;color&quot;: &quot;red&quot;,\n    &quot;showIndex&quot;: true,\n    &quot;content&quot;: &quot;\\n\\n&lt;p class=\\&quot;has-big-font-size\\&quot;&gt;This degree program is &lt;strong&gt;selective&lt;\\\/strong&gt;; it therefore has a numerus clausus (NC). &lt;\\\/p&gt;\\n\\n\\n\\n&lt;p class=\\&quot;has-big-font-size\\&quot;&gt;If you fulfill the entrance requirements and properly apply on time, you will take part in the selection procedure. Spots for the first academic semester will be allocated according to the following &lt;strong&gt;selection criteria&lt;\\\/strong&gt;:&lt;\\\/p&gt;\\n\\n\\n\\n&lt;ul class=\\&quot;has-big-font-size wp-block-list\\&quot;&gt;\\n&lt;li&gt;80% according to  the grade of the University Entrance Qualification (generally, the &lt;i&gt;Abitur&lt;\\\/i&gt; grade)&lt;\\\/li&gt;\\n\\n\\n\\n&lt;li&gt;20% according to wait time&lt;\\\/li&gt;\\n&lt;\\\/ul&gt;\\n\\n\\n&lt;jgu-base-button style=\\&quot;display: flex; flex-wrap: wrap; column-gap: 30px; max-width: 100%; flex-direction: row; justify-content: left\\&quot;&gt;\\n  \\n&lt;jgu-base-buttonitem react-props=\\&quot;{\\n    &amp;quot;text&amp;quot;: &amp;quot;Selection limits (NC values)&amp;quot;,\\n    &amp;quot;link&amp;quot;: {\\n        &amp;quot;url&amp;quot;: &amp;quot;https:\\\\\\\/\\\\\\\/www.studium.uni-mainz.de\\\\\\\/en\\\\\\\/your-application\\\\\\\/application-process\\\\\\\/selection-process-nc\\\\\\\/&amp;quot;,\\n        &amp;quot;linkTarget&amp;quot;: &amp;quot;&amp;quot;,\\n        &amp;quot;rel&amp;quot;: &amp;quot;&amp;quot;\\n    },\\n    &amp;quot;align&amp;quot;: &amp;quot;left&amp;quot;,\\n    &amp;quot;styling&amp;quot;: &amp;quot;primary&amp;quot;,\\n    &amp;quot;icon&amp;quot;: &amp;quot;arrow-right-solid&amp;quot;,\\n    &amp;quot;type&amp;quot;: &amp;quot;default&amp;quot;,\\n    &amp;quot;iconBefore&amp;quot;: false,\\n    &amp;quot;isSmall&amp;quot;: false,\\n    &amp;quot;fullWidth&amp;quot;: false,\\n    &amp;quot;className&amp;quot;: &amp;quot;&amp;quot;\\n}\\&quot;&gt;&lt;\\\/jgu-base-buttonitem&gt;\\n\\n&lt;\\\/jgu-base-button&gt;\\n&quot;\n}\">\n<\/jgu-base-processsequenceitem>\n\n<jgu-base-processsequenceitem react-props=\"{\n    &quot;blockIndex&quot;: 3,\n    &quot;image&quot;: {\n        &quot;id&quot;: 2115,\n        &quot;url&quot;: &quot;https:\\\/\\\/cms.zdv.uni-mainz.de\\\/studium\\\/wp-content\\\/uploads\\\/sites\\\/12\\\/2023\\\/03\\\/Wann-und-wie-geht-es-los_quaratisch.png&quot;,\n        &quot;hideCredit&quot;: true,\n        &quot;credit&quot;: &quot;Rebekka Sch\\u00f6nefu\\u00df&quot;,\n        &quot;title&quot;: &quot;Wann und wie geht es los_quaratisch&quot;,\n        &quot;width&quot;: 1636,\n        &quot;height&quot;: 1635,\n        &quot;srcset&quot;: &quot;https:\\\/\\\/cms.zdv.uni-mainz.de\\\/studium\\\/wp-content\\\/uploads\\\/sites\\\/12\\\/2023\\\/03\\\/Wann-und-wie-geht-es-los_quaratisch.png 1636w, https:\\\/\\\/cms.zdv.uni-mainz.de\\\/studium\\\/wp-content\\\/uploads\\\/sites\\\/12\\\/2023\\\/03\\\/Wann-und-wie-geht-es-los_quaratisch-300x300.png 300w, https:\\\/\\\/cms.zdv.uni-mainz.de\\\/studium\\\/wp-content\\\/uploads\\\/sites\\\/12\\\/2023\\\/03\\\/Wann-und-wie-geht-es-los_quaratisch-1024x1024.png 1024w, https:\\\/\\\/cms.zdv.uni-mainz.de\\\/studium\\\/wp-content\\\/uploads\\\/sites\\\/12\\\/2023\\\/03\\\/Wann-und-wie-geht-es-los_quaratisch-150x150.png 150w, https:\\\/\\\/cms.zdv.uni-mainz.de\\\/studium\\\/wp-content\\\/uploads\\\/sites\\\/12\\\/2023\\\/03\\\/Wann-und-wie-geht-es-los_quaratisch-768x768.png 768w, https:\\\/\\\/cms.zdv.uni-mainz.de\\\/studium\\\/wp-content\\\/uploads\\\/sites\\\/12\\\/2023\\\/03\\\/Wann-und-wie-geht-es-los_quaratisch-1536x1536.png 1536w&quot;\n    },\n    &quot;title&quot;: &quot;What happens next?&quot;,\n    &quot;collapsible&quot;: false,\n    &quot;allowImages&quot;: true,\n    &quot;color&quot;: &quot;red&quot;,\n    &quot;showIndex&quot;: true,\n    &quot;content&quot;: &quot;\\n\\n&lt;p class=\\&quot;has-big-font-size\\&quot;&gt;After successfully applying, you will receive an &lt;strong&gt;official letter of admission&lt;\\\/strong&gt; from us, which will tell you how and by when you will need to accept your spot at the university and apply for enrollment. We will subsequently notify you about the status of your enrollment. &lt;\\\/p&gt;\\n\\n\\n\\n&lt;p class=\\&quot;has-big-font-size\\&quot;&gt;We offer various &lt;strong&gt;programs and information prior to the start of the semester&lt;\\\/strong&gt; to help prepare you for the start of your studies before you get to know JGU and your subject during the &lt;strong&gt;introduction week&lt;\\\/strong&gt;. The &lt;strong&gt;lecture period&lt;\\\/strong&gt; begins one week later, marking the start of your courses.&lt;\\\/p&gt;\\n\\n\\n&lt;jgu-base-button style=\\&quot;display: flex; flex-wrap: wrap; column-gap: 30px; max-width: 100%; flex-direction: row; justify-content: left\\&quot;&gt;\\n  \\n&lt;jgu-base-buttonitem react-props=\\&quot;{\\n    &amp;quot;text&amp;quot;: &amp;quot;Starting your studies&amp;quot;,\\n    &amp;quot;link&amp;quot;: {\\n        &amp;quot;url&amp;quot;: &amp;quot;https:\\\\\\\/\\\\\\\/www.studium.uni-mainz.de\\\\\\\/en\\\\\\\/starting-your-studies\\\\\\\/&amp;quot;,\\n        &amp;quot;linkTarget&amp;quot;: &amp;quot;&amp;quot;,\\n        &amp;quot;rel&amp;quot;: &amp;quot;&amp;quot;,\\n        &amp;quot;opensInNewTab&amp;quot;: false,\\n        &amp;quot;title&amp;quot;: &amp;quot;Mein Studienstart&amp;quot;,\\n        &amp;quot;id&amp;quot;: 4312,\\n        &amp;quot;type&amp;quot;: &amp;quot;page&amp;quot;,\\n        &amp;quot;kind&amp;quot;: &amp;quot;post-type&amp;quot;\\n    },\\n    &amp;quot;align&amp;quot;: &amp;quot;left&amp;quot;,\\n    &amp;quot;styling&amp;quot;: &amp;quot;primary&amp;quot;,\\n    &amp;quot;icon&amp;quot;: &amp;quot;arrow-right-solid&amp;quot;,\\n    &amp;quot;type&amp;quot;: &amp;quot;default&amp;quot;,\\n    &amp;quot;iconBefore&amp;quot;: false,\\n    &amp;quot;isSmall&amp;quot;: false,\\n    &amp;quot;fullWidth&amp;quot;: false,\\n    &amp;quot;className&amp;quot;: &amp;quot;&amp;quot;\\n}\\&quot;&gt;&lt;\\\/jgu-base-buttonitem&gt;\\n\\n&lt;\\\/jgu-base-button&gt;\\n\\n&lt;jgu-base-button style=\\&quot;display: flex; flex-wrap: wrap; column-gap: 30px; max-width: 100%; flex-direction: row; justify-content: left\\&quot;&gt;\\n  \\n&lt;jgu-base-buttonitem react-props=\\&quot;{\\n    &amp;quot;text&amp;quot;: &amp;quot;Lecture periods&amp;quot;,\\n    &amp;quot;link&amp;quot;: {\\n        &amp;quot;url&amp;quot;: &amp;quot;https:\\\\\\\/\\\\\\\/www.studium.uni-mainz.de\\\\\\\/en\\\\\\\/during-your-studies\\\\\\\/dates-and-deadlines\\\\\\\/&amp;quot;,\\n        &amp;quot;linkTarget&amp;quot;: &amp;quot;&amp;quot;,\\n        &amp;quot;rel&amp;quot;: &amp;quot;&amp;quot;,\\n        &amp;quot;opensInNewTab&amp;quot;: false,\\n        &amp;quot;title&amp;quot;: &amp;quot;Fristen &amp;amp; Termine&amp;quot;,\\n        &amp;quot;id&amp;quot;: 5266,\\n        &amp;quot;type&amp;quot;: &amp;quot;page&amp;quot;,\\n        &amp;quot;kind&amp;quot;: &amp;quot;post-type&amp;quot;\\n    },\\n    &amp;quot;align&amp;quot;: &amp;quot;left&amp;quot;,\\n    &amp;quot;styling&amp;quot;: &amp;quot;primary&amp;quot;,\\n    &amp;quot;icon&amp;quot;: &amp;quot;arrow-right-solid&amp;quot;,\\n    &amp;quot;type&amp;quot;: &amp;quot;default&amp;quot;,\\n    &amp;quot;iconBefore&amp;quot;: false,\\n    &amp;quot;isSmall&amp;quot;: false,\\n    &amp;quot;fullWidth&amp;quot;: false,\\n    &amp;quot;className&amp;quot;: &amp;quot;&amp;quot;\\n}\\&quot;&gt;&lt;\\\/jgu-base-buttonitem&gt;\\n\\n&lt;\\\/jgu-base-button&gt;\\n\\n&quot;\n}\">\n<\/jgu-base-processsequenceitem>\n<\/jgu-base-processsequence>\n\n<\/jgu-base-modal><\/div>\n\n\n\n<div class=\"wp-block-column is-layout-flow wp-block-column-is-layout-flow\" style=\"flex-basis:33.33%\"><jgu-base-image react-props=\"{\n    &quot;image&quot;: {\n        &quot;url&quot;: &quot;https:\\\/\\\/cms.zdv.uni-mainz.de\\\/studium\\\/wp-content\\\/uploads\\\/sites\\\/12\\\/2023\\\/02\\\/Student_Laptop.png&quot;,\n        &quot;id&quot;: 63,\n        &quot;hideCredit&quot;: true,\n        &quot;hideImageDescription&quot;: true,\n        &quot;darkBackground&quot;: false,\n        &quot;alt&quot;: &quot;Eine m\\u00e4nnliche Person arbeitet an einem Laptop. Neben dem Mann liegen ein Rucksack und B\\u00fccher.&quot;,\n        &quot;caption&quot;: &quot;Illustration eines Studenten, der am Laptop arbeitet&quot;,\n        &quot;credit&quot;: &quot;\\u00a9 Rebekka Sch\\u00f6nefu\\u00df Grafikdesign\\\/Illustration&quot;,\n        &quot;description&quot;: &quot;Eine m\\u00e4nnliche Person arbeitet an einem Laptop. Neben dem Mann liegen ein Rucksack und B\\u00fccher.&quot;,\n        &quot;title&quot;: &quot;Student_Laptop&quot;,\n        &quot;width&quot;: 2098,\n        &quot;height&quot;: 2169,\n        &quot;srcset&quot;: &quot;https:\\\/\\\/cms.zdv.uni-mainz.de\\\/studium\\\/wp-content\\\/uploads\\\/sites\\\/12\\\/2023\\\/02\\\/Student_Laptop.png 2098w, https:\\\/\\\/cms.zdv.uni-mainz.de\\\/studium\\\/wp-content\\\/uploads\\\/sites\\\/12\\\/2023\\\/02\\\/Student_Laptop-290x300.png 290w, https:\\\/\\\/cms.zdv.uni-mainz.de\\\/studium\\\/wp-content\\\/uploads\\\/sites\\\/12\\\/2023\\\/02\\\/Student_Laptop-990x1024.png 990w, https:\\\/\\\/cms.zdv.uni-mainz.de\\\/studium\\\/wp-content\\\/uploads\\\/sites\\\/12\\\/2023\\\/02\\\/Student_Laptop-768x794.png 768w, https:\\\/\\\/cms.zdv.uni-mainz.de\\\/studium\\\/wp-content\\\/uploads\\\/sites\\\/12\\\/2023\\\/02\\\/Student_Laptop-1486x1536.png 1486w, https:\\\/\\\/cms.zdv.uni-mainz.de\\\/studium\\\/wp-content\\\/uploads\\\/sites\\\/12\\\/2023\\\/02\\\/Student_Laptop-1981x2048.png 1981w&quot;\n    },\n    &quot;align&quot;: &quot;&quot;,\n    &quot;hasLightbox&quot;: false,\n    &quot;caption&quot;: &quot;&quot;,\n    &quot;imgWidth&quot;: 0,\n    &quot;link&quot;: {\n        &quot;url&quot;: &quot;&quot;,\n        &quot;target&quot;: &quot;&quot;,\n        &quot;rel&quot;: &quot;&quot;\n    }\n}\" class=\"align-\">\n    \n<\/jgu-base-image><\/div>\n<\/div>\n<\/div><\/div>\n<\/jgu-base-section>\n\n<div\n\tclass=\"jgu-anchorpoint\"\n\tid=\"service-advising\"\n\tdata-label=\"Service &amp;amp; advising\"\n\tdata-hide-in-nav=\"false\"\n\ttabindex=\"0\"\n\tdata-initial-scroll=\"true\"\n><\/div>\n\n\n<jgu-base-section react-props=\"{&quot;color&quot;:&quot;light&quot;,&quot;align&quot;:&quot;wide&quot;,&quot;padding&quot;:&quot;medium&quot;}\">\n<div class=\"jgu-bgsection bg bg-light\"><div class=\"content padding-medium\"><jgu-base-heading react-props=\"{\n    &quot;index&quot;: &quot;Service &amp;amp; advising&quot;,\n    &quot;tags&quot;: {\n        &quot;htmlTag&quot;: &quot;h2&quot;,\n        &quot;classTag&quot;: &quot;&quot;,\n        &quot;tag&quot;: &quot;h2&quot;\n    },\n    &quot;heading&quot;: &quot;&lt;strong&gt;Looking for more information?&lt;\\\/strong&gt;&quot;,\n    &quot;textAlign&quot;: &quot;left&quot;,\n    &quot;anchor&quot;: &quot;&quot;,\n    &quot;color&quot;: &quot;red&quot;\n}\"><\/jgu-base-heading>\n\n\n\n<div class=\"wp-block-columns is-layout-flex wp-container-core-columns-is-layout-9d6595d7 wp-block-columns-is-layout-flex\">\n<div class=\"wp-block-column is-layout-flow wp-block-column-is-layout-flow\" style=\"flex-basis:33.33%\"><jgu-base-image react-props=\"{\n    &quot;image&quot;: {\n        &quot;url&quot;: &quot;https:\\\/\\\/cms.zdv.uni-mainz.de\\\/studium\\\/wp-content\\\/uploads\\\/sites\\\/12\\\/2023\\\/08\\\/Beratung_03_Rahmen.svg&quot;,\n        &quot;id&quot;: 18014,\n        &quot;darkBackground&quot;: true,\n        &quot;hideCredit&quot;: true,\n        &quot;credit&quot;: &quot;\\u00a9 Rebekka Sch\\u00f6nefu\\u00df Grafikdesign\\\/Illustration&quot;,\n        &quot;title&quot;: &quot;Beratung_03_Rahmen&quot;\n    },\n    &quot;align&quot;: &quot;&quot;,\n    &quot;hasLightbox&quot;: false,\n    &quot;caption&quot;: &quot;&quot;,\n    &quot;imgWidth&quot;: 0,\n    &quot;link&quot;: {\n        &quot;url&quot;: &quot;&quot;,\n        &quot;target&quot;: &quot;&quot;,\n        &quot;rel&quot;: &quot;&quot;\n    }\n}\" class=\"align-\">\n    \n<\/jgu-base-image><\/div>\n\n\n\n<div class=\"wp-block-column is-layout-flow wp-block-column-is-layout-flow\" style=\"flex-basis:66.66%\"><jgu-base-tabs react-props=\"{\n    &quot;autoRatio&quot;: false,\n    &quot;stackMobile&quot;: true,\n    &quot;hasAllOpenButton&quot;: false,\n    &quot;onlyOne&quot;: true,\n    &quot;initAllClosed&quot;: false,\n    &quot;layout&quot;: {\n        &quot;type&quot;: &quot;flex&quot;,\n        &quot;flexWrap&quot;: &quot;nowrap&quot;,\n        &quot;justifyContent&quot;: &quot;left&quot;,\n        &quot;orientation&quot;: &quot;vertical&quot;\n    },\n    &quot;align&quot;: &quot;wide&quot;,\n    &quot;selected&quot;: 1,\n    &quot;ratio&quot;: 0,\n    &quot;enableSearch&quot;: false\n}\">\n    \n<jgu-base-tabsitem react-props=\"{\n    &quot;title&quot;: &quot;Student Advisory Center&quot;,\n    &quot;slug&quot;: &quot;student-advisory-center&quot;,\n    &quot;align&quot;: &quot;wide&quot;,\n    &quot;customSlug&quot;: false\n}\">\n    \n\n<p class=\"has-big-font-size\">Not sure what subject suits you? Don\u2019t know what your chance of securing a place at the university is? Or just can\u2019t decide what comes next?<\/p>\n\n\n\n<p class=\"has-big-font-size\">Call the hotline below to make an appointment with the <b>Student Advisory Center<\/b>. They can advise you in all study-related matters. <br>The advisors will be happy to help you in person, by phone, or online with the following:<\/p>\n\n\n\n<ul class=\"has-big-font-size wp-block-list\">\n<li>Choice of degree &amp; subject combination<\/li>\n\n\n\n<li>Change of subject<\/li>\n\n\n\n<li>Overcoming doubts &amp; decision-making guidance<\/li>\n\n\n\n<li>Application strategies<\/li>\n\n\n\n<li>Career orientation during your studies<\/li>\n\n\n\n<li>And much more &#8230;<\/li>\n<\/ul>\n\n\n\n<p class=\"has-big-font-size\">Call the hotline to make an appointment!<\/p>\n\n\n<jgu-base-contactcard react-props=\"{\n    &quot;name&quot;: &quot;Student Advisory Center (ZSB)&quot;,\n    &quot;align&quot;: &quot;wide&quot;,\n    &quot;actions&quot;: [],\n    &quot;color&quot;: &quot;default&quot;\n}\">\n    \n<jgu-base-listitem react-props=\"{\n    &quot;icon&quot;: &quot;envelope-solid&quot;,\n    &quot;title&quot;: &quot;&lt;a href=\\&quot;mailto:zsb@uni-mainz.de\\&quot;&gt;zsb@uni-mainz.de&lt;\\\/a&gt;&quot;,\n    &quot;uuid&quot;: &quot;1692005074190&quot;,\n    &quot;link&quot;: {\n        &quot;url&quot;: &quot;mailto:zsb@uni-mainz.de&quot;\n    },\n    &quot;align&quot;: &quot;wide&quot;,\n    &quot;showInActions&quot;: false,\n    &quot;allowNesting&quot;: true,\n    &quot;showExpandableContent&quot;: false,\n    &quot;expandableContent&quot;: &quot;&quot;\n}\">\n    \n<\/jgu-base-listitem>\n\n<jgu-base-listitem react-props=\"{\n    &quot;icon&quot;: &quot;phone-solid&quot;,\n    &quot;title&quot;: &quot;&lt;a href=\\&quot;tel:+49 6131 39-22122\\&quot;&gt;+49 6131 39-22122&lt;\\\/a&gt; (hotline)&lt;br&gt;&lt;br&gt;Service hours:&lt;br&gt;Mon, Wed, Thu, 9:00 am\\u201312:00\\u00a0noon and 1:00\\u20134:00\\u00a0pm&lt;br&gt;Tues, 10:00\\u00a0am\\u201312:00\\u00a0noon and 1:00\\u20134:00\\u00a0pm&lt;br&gt;Fri, 9:00\\u00a0am\\u201312:00\\u00a0noon&quot;,\n    &quot;uuid&quot;: &quot;1692005506040&quot;,\n    &quot;link&quot;: {\n        &quot;url&quot;: &quot;tel:+49 6131 39-22122&quot;\n    },\n    &quot;align&quot;: &quot;wide&quot;,\n    &quot;showInActions&quot;: false,\n    &quot;allowNesting&quot;: true,\n    &quot;showExpandableContent&quot;: false,\n    &quot;expandableContent&quot;: &quot;&quot;\n}\">\n    \n<\/jgu-base-listitem>\n\n<jgu-base-listitem react-props=\"{\n    &quot;icon&quot;: &quot;map-marker-alt-solid&quot;,\n    &quot;title&quot;: &quot;Visitors\\u2019 address:&lt;br&gt;&lt;br&gt;Student Service Center&lt;br&gt;Forum universitatis &lt;br&gt;Entrance 1, 2nd floor &lt;br&gt;Johann-Joachim-Becher-Weg 2 &lt;br&gt;55128 Mainz, Germany&quot;,\n    &quot;uuid&quot;: &quot;1692005529395&quot;,\n    &quot;link&quot;: {\n        &quot;url&quot;: null\n    },\n    &quot;align&quot;: &quot;wide&quot;,\n    &quot;showInActions&quot;: false,\n    &quot;allowNesting&quot;: true,\n    &quot;showExpandableContent&quot;: false,\n    &quot;expandableContent&quot;: &quot;&quot;\n}\">\n    \n<\/jgu-base-listitem>\n\n<jgu-base-listitem react-props=\"{\n    &quot;icon&quot;: &quot;map-solid&quot;,\n    &quot;title&quot;: &quot;&lt;a href=\\&quot;https:\\\/\\\/startseite.uni-mainz.de\\\/campusplan\\\/\\&quot; data-type=\\&quot;link\\&quot; data-id=\\&quot;https:\\\/\\\/startseite.uni-mainz.de\\\/campusplan\\\/\\&quot;&gt;Campus map&lt;\\\/a&gt;&quot;,\n    &quot;uuid&quot;: &quot;1692005566325&quot;,\n    &quot;link&quot;: {\n        &quot;url&quot;: &quot;https:\\\/\\\/startseite.uni-mainz.de\\\/campusplan\\\/&quot;\n    },\n    &quot;align&quot;: &quot;wide&quot;,\n    &quot;showInActions&quot;: false,\n    &quot;allowNesting&quot;: true,\n    &quot;showExpandableContent&quot;: false,\n    &quot;expandableContent&quot;: &quot;&quot;\n}\">\n    \n<\/jgu-base-listitem>\n\n<jgu-base-listitem react-props=\"{\n    &quot;icon&quot;: &quot;arrow-right-solid&quot;,\n    &quot;title&quot;: &quot;&lt;a href=\\&quot;https:\\\/\\\/cms.zdv.uni-mainz.de\\\/studium\\\/0-landingpage-studium-platzhalter\\\/mein-studium\\\/service_beratung\\\/zsb\\\/\\&quot; data-type=\\&quot;page\\&quot; data-id=\\&quot;4372\\&quot;&gt;www.studium.uni-mainz.de\\\/zsb&lt;\\\/a&gt;&quot;,\n    &quot;uuid&quot;: &quot;1692005651114&quot;,\n    &quot;link&quot;: {\n        &quot;url&quot;: &quot;https:\\\/\\\/www.studium.uni-mainz.de\\\/en\\\/during-your-studies\\\/service-advising\\\/student-advisory-center\\\/&quot;\n    },\n    &quot;align&quot;: &quot;wide&quot;,\n    &quot;showInActions&quot;: false,\n    &quot;allowNesting&quot;: true,\n    &quot;showExpandableContent&quot;: false,\n    &quot;expandableContent&quot;: &quot;&quot;\n}\">\n    \n<\/jgu-base-listitem>\n\n<jgu-base-listitem react-props=\"{\n    &quot;icon&quot;: &quot;calendar-solid&quot;,\n    &quot;title&quot;: &quot;Advising appointments are available via video, by phone or in person. &lt;br&gt;&lt;br&gt;Appointments can be made via the &lt;a href=\\&quot;tel:+4961313922122\\&quot;&gt;hotline&lt;\\\/a&gt; (see contact details and service hours above). &lt;br&gt; &lt;br&gt;We are also happy to answer short questions via email.&quot;,\n    &quot;uuid&quot;: &quot;1692005784247&quot;,\n    &quot;align&quot;: &quot;wide&quot;,\n    &quot;showInActions&quot;: false,\n    &quot;allowNesting&quot;: true,\n    &quot;showExpandableContent&quot;: false,\n    &quot;expandableContent&quot;: &quot;&quot;,\n    &quot;link&quot;: {\n        &quot;url&quot;: &quot;&quot;\n    }\n}\">\n    \n<\/jgu-base-listitem>\n\n<\/jgu-base-contactcard>\n\n\n\n<\/jgu-base-tabsitem>\n\n<jgu-base-tabsitem react-props=\"{\n    &quot;title&quot;: &quot;Academic Advisory Office&quot;,\n    &quot;slug&quot;: &quot;academic-advisory-office&quot;,\n    &quot;align&quot;: &quot;wide&quot;,\n    &quot;customSlug&quot;: false\n}\">\n    \n\n<p class=\"has-big-font-size\">Do you have questions about a specific degree program? If you do, feel free to contact the responsible <strong>academic advisory office<\/strong>.<\/p>\n\n\n\n<p class=\"has-big-font-size\">The academic advisory offices are the best points of contact for the following topics:<\/p>\n\n\n\n<ul class=\"has-big-font-size wp-block-list\">\n<li>Structure and content of the program of study<\/li>\n\n\n\n<li>Planning your course schedule<\/li>\n\n\n\n<li>Recognition of credits and examinations when changing subject or university<\/li>\n\n\n\n<li>Examination process<\/li>\n<\/ul>\n\n\n\n<jgu-base-heading react-props=\"{\n    &quot;tags&quot;: {\n        &quot;htmlTag&quot;: &quot;h2&quot;,\n        &quot;classTag&quot;: &quot;h5&quot;,\n        &quot;tag&quot;: &quot;h2.h5&quot;\n    },\n    &quot;heading&quot;: &quot;Academic Advisory Office&lt;br&gt;Recognition of study and examination achievements&lt;br&gt;Contact for pre-university program (for school pupils)&quot;,\n    &quot;textAlign&quot;: &quot;left&quot;,\n    &quot;anchor&quot;: &quot;&quot;,\n    &quot;index&quot;: &quot;&quot;,\n    &quot;color&quot;: &quot;red&quot;\n}\"><\/jgu-base-heading>\n\n\n\n\n<jgu-base-heading react-props=\"{\n    &quot;tags&quot;: {\n        &quot;htmlTag&quot;: &quot;h2&quot;,\n        &quot;classTag&quot;: &quot;h5&quot;,\n        &quot;tag&quot;: &quot;h2.h5&quot;\n    },\n    &quot;heading&quot;: &quot;Questions about studying abroad&quot;,\n    &quot;textAlign&quot;: &quot;left&quot;,\n    &quot;anchor&quot;: &quot;&quot;,\n    &quot;index&quot;: &quot;&quot;,\n    &quot;color&quot;: &quot;red&quot;\n}\"><\/jgu-base-heading>\n\n\n<jgu-base-idm-person react-props=\"{\n    &quot;id&quot;: &quot;575&quot;,\n    &quot;organizationId&quot;: 2280,\n    &quot;roleId&quot;: 5,\n    &quot;name&quot;: &quot;&quot;,\n    &quot;link&quot;: &quot;idm&quot;,\n    &quot;skipDetails&quot;: [],\n    &quot;align&quot;: &quot;left&quot;,\n    &quot;color&quot;: &quot;default&quot;,\n    &quot;mode&quot;: &quot;edit&quot;,\n    &quot;linkType&quot;: &quot;idm&quot;\n}\">\n        \n<\/jgu-base-idm-person>\n\n\n<jgu-base-heading react-props=\"{\n    &quot;tags&quot;: {\n        &quot;htmlTag&quot;: &quot;h2&quot;,\n        &quot;classTag&quot;: &quot;h5&quot;,\n        &quot;tag&quot;: &quot;h2.h5&quot;\n    },\n    &quot;heading&quot;: &quot;Questions about the integrated German-French study programs&quot;,\n    &quot;textAlign&quot;: &quot;left&quot;,\n    &quot;anchor&quot;: &quot;&quot;,\n    &quot;index&quot;: &quot;&quot;,\n    &quot;color&quot;: &quot;red&quot;\n}\"><\/jgu-base-heading>\n\n\n<jgu-base-idm-person react-props=\"{\n    &quot;id&quot;: &quot;2708&quot;,\n    &quot;organizationId&quot;: 2280,\n    &quot;roleId&quot;: 5,\n    &quot;name&quot;: &quot;&quot;,\n    &quot;link&quot;: &quot;idm&quot;,\n    &quot;skipDetails&quot;: [],\n    &quot;align&quot;: &quot;left&quot;,\n    &quot;color&quot;: &quot;default&quot;,\n    &quot;mode&quot;: &quot;edit&quot;,\n    &quot;linkType&quot;: &quot;idm&quot;\n}\">\n        \n<\/jgu-base-idm-person>\n\n\n<\/jgu-base-tabsitem>\n\n<jgu-base-tabsitem react-props=\"{\n    &quot;title&quot;: &quot;Student Representative Council&quot;,\n    &quot;slug&quot;: &quot;student-representative-council&quot;,\n    &quot;align&quot;: &quot;wide&quot;,\n    &quot;customSlug&quot;: false\n}\">\n    \n\n<p class=\"has-big-font-size\">Are you looking for information and advice from students in your (future) program of study?<br>Then get in touch with your <strong>student council<\/strong>!<\/p>\n\n\n\n<p class=\"has-big-font-size\">They represent students\u2019 interests and would be happy to hear from you!<\/p>\n\n\n\n<jgu-base-contactcard react-props=\"{\n    &quot;name&quot;: &quot;Student Council | &lt;a href=\\&quot;https:\\\/\\\/www.studium.uni-mainz.de\\\/fachschaften\\\/#collapse17\\&quot;&gt;German and French Law&lt;\\\/a&gt;&quot;,\n    &quot;actions&quot;: [],\n    &quot;align&quot;: &quot;wide&quot;,\n    &quot;color&quot;: &quot;default&quot;\n}\">\n    \n<jgu-base-listitem react-props=\"{\n    &quot;icon&quot;: &quot;envelope-solid&quot;,\n    &quot;title&quot;: &quot;&lt;a href=\\&quot;mailto:Fs-jura@uni-mainz.de\\&quot;&gt;Fs-jura@uni-mainz.de&lt;\\\/a&gt;&quot;,\n    &quot;uuid&quot;: &quot;1695202928092&quot;,\n    &quot;link&quot;: {\n        &quot;url&quot;: &quot;mailto:Fs-jura@uni-mainz.de&quot;\n    },\n    &quot;align&quot;: &quot;wide&quot;,\n    &quot;showInActions&quot;: false,\n    &quot;allowNesting&quot;: true,\n    &quot;showExpandableContent&quot;: false,\n    &quot;expandableContent&quot;: &quot;&quot;\n}\">\n    \n<\/jgu-base-listitem>\n\n<jgu-base-listitem react-props=\"{\n    &quot;icon&quot;: &quot;phone-solid&quot;,\n    &quot;title&quot;: &quot;&lt;a href=\\&quot;tel:+49 6131 39-23017\\&quot;&gt;+49 6131 39-23017&lt;\\\/a&gt;&quot;,\n    &quot;uuid&quot;: &quot;1695202980666&quot;,\n    &quot;link&quot;: {\n        &quot;url&quot;: &quot;tel:+49 6131 39-23017&quot;\n    },\n    &quot;align&quot;: &quot;wide&quot;,\n    &quot;showInActions&quot;: false,\n    &quot;allowNesting&quot;: true,\n    &quot;showExpandableContent&quot;: false,\n    &quot;expandableContent&quot;: &quot;&quot;\n}\">\n    \n<\/jgu-base-listitem>\n\n<jgu-base-listitem react-props=\"{\n    &quot;icon&quot;: &quot;map-marker-alt-solid&quot;,\n    &quot;title&quot;: &quot;Visitors\\u2019 address:&lt;br&gt;&lt;br&gt;Jakob-Welder-Weg 9 &lt;br&gt;Room 00-219&quot;,\n    &quot;uuid&quot;: &quot;1695202994404&quot;,\n    &quot;align&quot;: &quot;wide&quot;,\n    &quot;showInActions&quot;: false,\n    &quot;allowNesting&quot;: true,\n    &quot;showExpandableContent&quot;: false,\n    &quot;expandableContent&quot;: &quot;&quot;,\n    &quot;link&quot;: {\n        &quot;url&quot;: &quot;&quot;\n    }\n}\">\n    \n<\/jgu-base-listitem>\n\n<jgu-base-listitem react-props=\"{\n    &quot;icon&quot;: &quot;arrow-right-solid&quot;,\n    &quot;title&quot;: &quot;&lt;a href=\\&quot;https:\\\/\\\/fsjura.uni-mainz.de\\\/\\&quot; data-type=\\&quot;link\\&quot; data-id=\\&quot;https:\\\/\\\/www.fachschaft.wiwi.uni-mainz.de\\\/\\&quot; target=\\&quot;_blank\\&quot; rel=\\&quot;noreferrer noopener\\&quot;&gt;Homepage&lt;\\\/a&gt;&quot;,\n    &quot;uuid&quot;: &quot;1695203029384&quot;,\n    &quot;link&quot;: {\n        &quot;url&quot;: &quot;https:\\\/\\\/fsjura.uni-mainz.de\\\/&quot;\n    },\n    &quot;align&quot;: &quot;wide&quot;,\n    &quot;showInActions&quot;: false,\n    &quot;allowNesting&quot;: true,\n    &quot;showExpandableContent&quot;: false,\n    &quot;expandableContent&quot;: &quot;&quot;\n}\">\n    \n<\/jgu-base-listitem>\n\n<jgu-base-listitem react-props=\"{\n    &quot;icon&quot;: &quot;map-solid&quot;,\n    &quot;title&quot;: &quot;&lt;a href=\\&quot;https:\\\/\\\/homepage.uni-mainz.de\\\/campus-map\\\/\\&quot; data-type=\\&quot;link\\&quot; data-id=\\&quot;https:\\\/\\\/startseite.uni-mainz.de\\\/campusplan\\\/\\&quot; target=\\&quot;_blank\\&quot; rel=\\&quot;noreferrer noopener\\&quot;&gt;Campus map&lt;\\\/a&gt;&quot;,\n    &quot;uuid&quot;: &quot;1695203077190&quot;,\n    &quot;link&quot;: {\n        &quot;url&quot;: &quot;https:\\\/\\\/startseite.uni-mainz.de\\\/campusplan\\\/&quot;\n    },\n    &quot;align&quot;: &quot;wide&quot;,\n    &quot;showInActions&quot;: false,\n    &quot;allowNesting&quot;: true,\n    &quot;showExpandableContent&quot;: false,\n    &quot;expandableContent&quot;: &quot;&quot;\n}\">\n    \n<\/jgu-base-listitem>\n\n<\/jgu-base-contactcard>\n\n\n<\/jgu-base-tabsitem>\n\n<\/jgu-base-tabs><\/div>\n<\/div>\n<\/div><\/div>\n<\/jgu-base-section>    <div style=\"display: none\">\n        \n    <\/div>","protected":false},"excerpt":{"rendered":"","protected":false},"author":27,"featured_media":0,"parent":45944,"menu_order":0,"comment_status":"closed","ping_status":"closed","template":"","meta":{"footnotes":""},"categories":[],"tags":[],"class_list":["post-82985","page","type-page","status-publish","hentry"],"content_raw":"<!-- wp:jgu\/pageheader {\"items\":[{\"box\":{\"index\":\"German and French Law (LL.B.)\",\"title\":\"Law and Justice in Germany and France\",\"link\":{\"url\":\"\",\"title\":\"learn more\"}},\"color\":\"red\",\"image\":{\"url\":null,\"id\":8038},\"imgCredit\":\"\",\"useVideo\":false,\"video\":false}],\"type\":\"default\",\"useBreadcrumb\":true} \/-->\n\n<!-- wp:jgu\/anchornavigation \/-->\n\n<!-- wp:jgu\/anchorpoint {\"title\":\"Facts \\u0026amp; figures\",\"slug\":\"facts-figures\"} \/-->\n\n<!-- wp:jgu\/section {\"color\": \"light\"} -->\n<div class=\"jgu-bgsection bg bg-light\"><div class=\"content padding-medium\"><!-- wp:jgu\/heading {\"index\":\"Facts \\u0026amp; figures\",\"tags\":{\"htmlTag\":\"h2\",\"classTag\":\"\",\"tag\":\"h2\"},\"heading\":\"\\u003cstrong\\u003eAt a glance\\u003c\/strong\\u003e\"} \/-->\n\n<!-- wp:jgu\/key-facts -->\n<!-- wp:jgu\/key-facts-item {\"index\":\"Degree\",\"text\":\"Bachelor of Laws\",\"description\":\"\\u003ca href=\\u0022https:\/\/www.studium.uni-mainz.de\/en\/choosing-your-degree-program\/program-structure\/#bachelors-and-masters-degrees\\u0022\\u003eOne-subject bachelor\u2019s degree program\\u003c\/a\\u003e\",\"icon\":\"jgu-icon-abschluss\"} \/-->\n\n<!-- wp:jgu\/key-facts-item {\"index\":\"Admission requirements\",\"text\":\"Selective admission\",\"description\":\"in the 1st academic semester\",\"icon\":\"jgu-icon-zulassungsbedingungen_zulassungsbeschraenkt\"} \/-->\n\n<!-- wp:jgu\/key-facts-item {\"index\":\"Standard period of study\",\"text\":\"8 semesters\",\"icon\":\"jgu-icon-studienzeit\"} \/-->\n\n<!-- wp:jgu\/key-facts-item {\"index\":\"Main language of instruction\",\"text\":\"German, French\",\"icon\":\"jgu-icon-sprachen\"} \/-->\n\n<!-- wp:jgu\/key-facts-item {\"index\":\"Start of degree program\",\"text\":\"Winter semester\",\"description\":\"Admission in the summer semester is possible if spots are available.\",\"icon\":\"jgu-icon-studienbeginn\"} \/-->\n\n<!-- wp:jgu\/key-facts-item {\"index\":\"Credit points\",\"text\":\"246 ECTS\",\"icon\":\"jgu-icon-cp\"} \/-->\n\n<!-- wp:jgu\/key-facts-item {\"index\":\"Entrance requirements\",\"text\":\"Language proficiency\",\"description\":\"\\u003cstrong\\u003eFrench language skills \\u003c\/strong\\u003eat B1 level according to the CEFR or 5 years of schooling\"} \/-->\n\n<!-- wp:jgu\/key-facts-item {\"index\":\"Special characteristics\",\"text\":\"International degree program\",\"description\":\"German-French double degree; study at JGU and one of the French partner universities: Universit\u00e9 de Bourgogne in Dijon, Nantes Universit\u00e9, Universit\u00e9 Paris-Est Cr\u00e9teil Val de Marne\",\"icon\":\"jgu-icon-besonderheiten\"} \/-->\n<!-- \/wp:jgu\/key-facts --><\/div><\/div>\n<!-- \/wp:jgu\/section -->\n\n<!-- wp:jgu\/anchorpoint {\"title\":\"Degree overview\",\"slug\":\"degree-overview\"} \/-->\n\n<!-- wp:jgu\/section {\"color\": \"white\"} -->\n<div class=\"jgu-bgsection bg bg-white\"><div class=\"content padding-medium\"><!-- wp:jgu\/heading {\"index\":\"Degree overview\",\"tags\":{\"htmlTag\":\"h2\",\"classTag\":\"\",\"tag\":\"h2\"},\"heading\":\"\\u003cstrong\\u003eWhat does the degree program cover?\\u003c\/strong\\u003e\"} \/-->\n\n<!-- wp:jgu\/collapsible-area {\"visibleLines\":10} -->\n<!-- wp:paragraph -->\n<p class=\"has-big-font-size\">Are you interested in matters of justice but don\u2019t want to limit yourself to German law, and want to become an <strong>expert in French law<\/strong> as well? Would you like to obtain an <strong>international double degree<\/strong> in order to be able to live and work in both France and Germany? Our integrated Mainz-Dijon and Mainz-Nantes\/Paris degree programs are some of the few programs in Germany that allow you to do just that.<\/p>\n<!-- \/wp:paragraph -->\n\n<!-- wp:paragraph -->\n<p class=\"has-big-font-size\">Within the framework of the German and French Law degree program, you will focus on the providence, interpretation, understanding, and application of sources of law \u2013 from both German and French perspectives. In contrast to the Law program concluding with a state examination, this program will intimately acquaint you with not only German, but also with French law, especially through the year-long <strong>mandatory stay abroad<\/strong>.<\/p>\n<!-- \/wp:paragraph -->\n\n<!-- wp:paragraph -->\n<p class=\"has-big-font-size\">Within the program of study, you will focus on the <strong>applicable laws in both countries<\/strong> (parliamentary laws, international contracts, etc.) as well as the different methods of applying and interpreting law. You will learn how to answer legal questions, especially through the application and implementation of laws.<\/p>\n<!-- \/wp:paragraph -->\n\n<!-- wp:paragraph -->\n<p class=\"has-big-font-size\">A key competence you will acquire is an understanding of German and French law not only as separate, isolated systems, but how they relate to one another, including their similarities and differences, and you will learn to critically reflect on both. Legal comparisons will become your core skill! Seemingly trivial questions may be treated very differently in different legal systems.<\/p>\n<!-- \/wp:paragraph -->\n\n<!-- wp:paragraph -->\n<p class=\"has-big-font-size\"><strong>During your studies, you will focus on questions such as:<\/strong><\/p>\n<!-- \/wp:paragraph -->\n\n<!-- wp:list -->\n<ul class=\"has-big-font-size\"><!-- wp:list-item -->\n<li>Which country\u2019s laws regulate a Franco-German marriage? What are the differences between the two legal systems?<\/li>\n<!-- \/wp:list-item -->\n\n<!-- wp:list-item -->\n<li>Which different legal means do Germany and France use to combat the Covid-19 pandemic?<\/li>\n<!-- \/wp:list-item -->\n\n<!-- wp:list-item -->\n<li>In which areas do German and French law harmonize?<\/li>\n<!-- \/wp:list-item --><\/ul>\n<!-- \/wp:list -->\n\n<!-- wp:spacer {\"height\":\"60px\"} -->\n<div style=\"height:60px\" aria-hidden=\"true\" class=\"wp-block-spacer\"><\/div>\n<!-- \/wp:spacer -->\n\n<!-- wp:paragraph -->\n<p class=\"has-big-font-size\">Furthermore, you will get to know the legal systems on a European and international level, as well as their historical, philosophical, and sociological connections.<\/p>\n<!-- \/wp:paragraph -->\n\n<!-- wp:paragraph -->\n<p class=\"has-big-font-size\">The program of study is as varied as the legal questions that are encountered every day. The three fields of law are:<\/p>\n<!-- \/wp:paragraph -->\n\n<!-- wp:list -->\n<ul class=\"has-big-font-size\"><!-- wp:list-item -->\n<li><strong>Private law<\/strong>, <br>comprising legal matters between legal persons<\/li>\n<!-- \/wp:list-item -->\n\n<!-- wp:list-item -->\n<li><strong>Criminal law<\/strong>, <br>comprising legislation which penalizes specific behaviors<\/li>\n<!-- \/wp:list-item -->\n\n<!-- wp:list-item -->\n<li><strong>Public law<\/strong>, <br>comprising legal matters between legal persons and the state or between states<\/li>\n<!-- \/wp:list-item --><\/ul>\n<!-- \/wp:list -->\n\n<!-- wp:spacer {\"height\":\"60px\"} -->\n<div style=\"height:60px\" aria-hidden=\"true\" class=\"wp-block-spacer\"><\/div>\n<!-- \/wp:spacer -->\n\n<!-- wp:paragraph -->\n<p class=\"has-big-font-size\"><strong>Please note:<\/strong> <br>Learning does not mean memorizing! Even if this is frequently said of law studies in general. Instead, you will acquire fundamental methodical skills for debating and resolving specific cases and issues through the use of abstract law.<\/p>\n<!-- \/wp:paragraph -->\n\n<!-- wp:paragraph -->\n<p class=\"has-big-font-size\"><strong>Good to know:<\/strong> <br>If you want to work in the field of law as an attorney or judge in Germany, for example, then you need to take part in the <strong><a href=\"https:\/\/www.studium.uni-mainz.de\/en\/choosing-your-degree-program\/courses-offered\/law-state-examination\/\" data-type=\"page\" data-id=\"1284\">Law degree program<\/a> <\/strong> and take the state examination. The German and French Law degree program can be completed at the same time as the state examination degree program \u2013 without greatly prolonging the duration of your studies. You can find more information through the <strong><a href=\"https:\/\/auslandsbuero.jura.uni-mainz.de\/\" target=\"_blank\" rel=\"noreferrer noopener\">Law School\u2019s International Office<\/a><\/strong>.<\/p>\n<!-- \/wp:paragraph -->\n<!-- \/wp:jgu\/collapsible-area -->\n\n<!-- wp:jgu\/accordion {\"selected\":2} -->\n<!-- wp:jgu\/accordion-item {\"title\":\"What are the prerequisites?\",\"init\":false,\"slug\":\"what-are-the-prerequisites\"} -->\n<!-- wp:paragraph -->\n<p class=\"has-big-font-size\">To begin with, similar prerequisites apply here as to the study of law in general: You should have a profound interest in working with texts, language, and argumentation, as well as a passion for societal, political, social, and economic issues. You should be interested in exchanging arguments and in constructive and professional disputes, while being able to empathize with people. You should also possess a sound, structured way of thinking and an interest in the issue of what justice is and how to act justly.<\/p>\n<!-- \/wp:paragraph -->\n\n<!-- wp:paragraph -->\n<p class=\"has-big-font-size\">When studying in a German-French program of study, good language skills are required. For this course of studies, you will therefore need <strong>French skills at level B1 of the European Framework of Reference, or proof of having studied the language for five years in secondary school<\/strong>. If you lack proficiency in the language, you can continually improve your French language skills in the courses on French law throughout the three years prior to your year abroad. When you <strong>begin your year in France, you should have reached a C1 level<\/strong>. In addition to proficiency in the French language, good English skills are also important.<\/p>\n<!-- \/wp:paragraph -->\n\n<!-- wp:paragraph -->\n<p class=\"has-big-font-size\">For the internships and study periods abroad, the ability to self-organize is also vital. In addition, you should possess both intellectual and intercultural openness, as well as good communication and teamwork skills in order to work with others in the Franco-German group.<\/p>\n<!-- \/wp:paragraph -->\n<!-- \/wp:jgu\/accordion-item -->\n\n<!-- wp:jgu\/accordion-item {\"title\":\"How is the degree program structured?\",\"init\":false,\"slug\":\"how-is-the-degree-program-structured\"} -->\n<!-- wp:paragraph -->\n<p class=\"has-big-font-size\"><strong>Regarding German law:<\/strong> <br>You will learn the norms and their application and interpretation in the area of private law, public law, criminal law, and European law.<\/p>\n<!-- \/wp:paragraph -->\n\n<!-- wp:paragraph -->\n<p class=\"has-big-font-size\"><strong>Regarding French law:<\/strong> <br>In addition to German law, you will learn the basics of French law starting in the first semester and focusing on private law, public law, and European law. You will become familiar with French legal terminology as well as specific French legal methods. This includes certain ways of working such as the French method of solving cases (\u201ccas pratique\u201d), the systematic discussion of a juridical topic (\u201cdissertation\u201d) and the commentary of a sentence (\u201ccommentaire d\u2019arr\u00eat\u201d). This will prepare you for the mandatory academic year abroad in France, during which you will earn a French master\u2019s degree. In doing so, you can choose between several options to specialize in separate topics in private law or public law at our three partner universities in Dijon, Nantes, and Paris-Est. A four-week internship in a French-speaking country completes the degree program.<\/p>\n<!-- \/wp:paragraph -->\n\n<!-- wp:paragraph -->\n<p class=\"has-big-font-size\"><strong>Program structure<\/strong><\/p>\n<!-- \/wp:paragraph -->\n\n<!-- wp:paragraph -->\n<p class=\"has-big-font-size\"><strong>1st\u20132nd year:<\/strong><\/p>\n<!-- \/wp:paragraph -->\n\n<!-- wp:list -->\n<ul class=\"has-big-font-size\"><!-- wp:list-item -->\n<li>Foundational lectures in German law in the three legal fields of private, public, and criminal law.<\/li>\n<!-- \/wp:list-item -->\n\n<!-- wp:list-item -->\n<li>Methods for processing a case<\/li>\n<!-- \/wp:list-item -->\n\n<!-- wp:list-item -->\n<li>Introduction to French law<\/li>\n<!-- \/wp:list-item -->\n\n<!-- wp:list-item -->\n<li>French legal methods<\/li>\n<!-- \/wp:list-item -->\n\n<!-- wp:list-item -->\n<li>Informational excursion to partner universities<\/li>\n<!-- \/wp:list-item -->\n\n<!-- wp:list-item -->\n<li>Internship in France<\/li>\n<!-- \/wp:list-item --><\/ul>\n<!-- \/wp:list -->\n\n<!-- wp:paragraph -->\n<p class=\"has-big-font-size\"><strong>3rd year:<\/strong><\/p>\n<!-- \/wp:paragraph -->\n\n<!-- wp:list -->\n<ul class=\"has-big-font-size\"><!-- wp:list-item -->\n<li>Special in-depth lectures in the three fields of law<\/li>\n<!-- \/wp:list-item -->\n\n<!-- wp:list-item -->\n<li>Practice classes for advanced students in the state examination program with case solutions of greater complexity<\/li>\n<!-- \/wp:list-item -->\n\n<!-- wp:list-item -->\n<li>Subject-specific specialization<\/li>\n<!-- \/wp:list-item -->\n\n<!-- wp:list-item -->\n<li>Course on French European Union law<\/li>\n<!-- \/wp:list-item -->\n\n<!-- wp:list-item -->\n<li>Intensive course on French international private law leading up to your stay abroad<\/li>\n<!-- \/wp:list-item -->\n\n<!-- wp:list-item -->\n<li>Seminar on comparing the laws of Germany and France<\/li>\n<!-- \/wp:list-item --><\/ul>\n<!-- \/wp:list -->\n\n<!-- wp:paragraph -->\n<p class=\"has-big-font-size\"><strong>4th year:<\/strong><\/p>\n<!-- \/wp:paragraph -->\n\n<!-- wp:list -->\n<ul class=\"has-big-font-size\"><!-- wp:list-item -->\n<li>Study in France in a master\u2019s degree program (you can choose between different areas of civil and public law, depending on the university)<\/li>\n<!-- \/wp:list-item -->\n\n<!-- wp:list-item -->\n<li>Bachelor\u2019s thesis<\/li>\n<!-- \/wp:list-item --><\/ul>\n<!-- \/wp:list -->\n\n<!-- wp:spacer {\"height\":\"60px\"} -->\n<div style=\"height:60px\" aria-hidden=\"true\" class=\"wp-block-spacer\"><\/div>\n<!-- \/wp:spacer -->\n\n<!-- wp:paragraph -->\n<p class=\"has-big-font-size\"><strong>Stay abroad<\/strong><\/p>\n<!-- \/wp:paragraph -->\n\n<!-- wp:paragraph -->\n<p class=\"has-big-font-size\">A master\u2019s degree at one of our French partner universities is a mandatory part of this program of study.<\/p>\n<!-- \/wp:paragraph -->\n\n<!-- wp:paragraph -->\n<p class=\"has-big-font-size\"><strong>Please note:<\/strong> <br>The program in France can only be started in the winter semester. The year abroad therefore takes place during the 7th and 8th semesters. If you begin this program of study in the summer semester, the year abroad can take place during your 6th and 7th or 9th and 10th semesters.<\/p>\n<!-- \/wp:paragraph -->\n\n<!-- wp:spacer {\"height\":\"60px\"} -->\n<div style=\"height:60px\" aria-hidden=\"true\" class=\"wp-block-spacer\"><\/div>\n<!-- \/wp:spacer -->\n\n<!-- wp:paragraph -->\n<p class=\"has-big-font-size\"><strong>Internships<\/strong><\/p>\n<!-- \/wp:paragraph -->\n\n<!-- wp:paragraph -->\n<p class=\"has-big-font-size\">You will complete a mandatory four-week internship in a French-speaking country within the context of this program of study. However, you may choose in what area you would like to carry out your internship: jurisprudence and the judicial system, legal counselling, or administration.<\/p>\n<!-- \/wp:paragraph -->\n\n<!-- wp:block {\"ref\":345} \/-->\n<!-- \/wp:jgu\/accordion-item -->\n\n<!-- wp:jgu\/accordion-item {\"title\":\"What happens after graduation?\",\"init\":false,\"slug\":\"what-happens-after-graduation\"} -->\n<!-- wp:paragraph -->\n<p class=\"has-big-font-size\">Even if laws are primarily characterized by the nation in which they written, knowledge of other legal systems is gaining importance in professional practice in this age of Europeanization and globalization. The European Union in particular is experiencing a strong tendency toward the harmonization and standardization of previously autonomous legal systems. The ability to see beyond one\u2019s own country\u2019s legal system and to work with different legal systems is therefore becoming more important.<\/p>\n<!-- \/wp:paragraph -->\n\n<!-- wp:paragraph -->\n<p class=\"has-big-font-size\">Students are technically able to take up a profession after earning the bachelor\u2019s degree and the French master\u2019s degree, but options are limited. Further study and completion of the two standard legal qualifications (the state examination with the first and second legal exams in Germany, the M2 degree program in France) greatly improve your job prospects.<\/p>\n<!-- \/wp:paragraph -->\n\n<!-- wp:paragraph -->\n<p class=\"has-big-font-size\">Therefore, a majority of students decide to take the first legal exam by studying the <strong><a href=\"https:\/\/www.studium.uni-mainz.de\/en\/choosing-your-degree-program\/courses-offered\/law-state-examination\/\" data-type=\"page\" data-id=\"1284\">Law state examination degree program<\/a><\/strong> at the same time.<\/p>\n<!-- \/wp:paragraph -->\n\n<!-- wp:paragraph -->\n<p class=\"has-big-font-size\">After completing the bachelor\u2019s degree, many students additionally complete the related master\u2019s degree in <a href=\"https:\/\/cms.zdv.uni-mainz.de\/studium\/internationales-privatrecht-und-europaeisches-einheitsrecht_llm\/\" data-type=\"page\" data-id=\"34328\"><strong>International Private Law and European Uniform Law<\/strong><\/a>; the University of Dijon recognizes it as an M2 qualification for students who completed their stay abroad in Dijon.<\/p>\n<!-- \/wp:paragraph -->\n\n<!-- wp:paragraph -->\n<p class=\"has-big-font-size\">In some cases, students continue their professional career path in France, usually with an M2 degree. Subsequently, the direct transition to a profession in economics is possible, while special schools exist for the regulated legal professions in France (e.g., school for lawyers) and specific selection processes must be completed for further professions in public service (<i>concours<\/i>). <\/p>\n<!-- \/wp:paragraph -->\n\n<!-- wp:paragraph -->\n<p class=\"has-big-font-size\"><strong>Upon completing the program of study in German and French Law, a variety of professional fields are open to you, including in the following:<\/strong><\/p>\n<!-- \/wp:paragraph -->\n\n<!-- wp:list -->\n<ul class=\"has-big-font-size\"><!-- wp:list-item -->\n<li>National and international organizations and corporations<\/li>\n<!-- \/wp:list-item -->\n\n<!-- wp:list-item -->\n<li>Economic and social associations<\/li>\n<!-- \/wp:list-item -->\n\n<!-- wp:list-item -->\n<li>Politics<\/li>\n<!-- \/wp:list-item -->\n\n<!-- wp:list-item -->\n<li>Journalism<\/li>\n<!-- \/wp:list-item -->\n\n<!-- wp:list-item -->\n<li>Other freelance professions (tax advisor, statutory auditor)<\/li>\n<!-- \/wp:list-item --><\/ul>\n<!-- \/wp:list -->\n\n<!-- wp:spacer {\"height\":\"60px\"} -->\n<div style=\"height:60px\" aria-hidden=\"true\" class=\"wp-block-spacer\"><\/div>\n<!-- \/wp:spacer -->\n\n<!-- wp:paragraph -->\n<p class=\"has-big-font-size\"><strong>Professions in the field of law (second state examination for Law necessary):<\/strong><\/p>\n<!-- \/wp:paragraph -->\n\n<!-- wp:list -->\n<ul class=\"has-big-font-size\"><!-- wp:list-item -->\n<li>Judge<\/li>\n<!-- \/wp:list-item -->\n\n<!-- wp:list-item -->\n<li>Attorney<\/li>\n<!-- \/wp:list-item -->\n\n<!-- wp:list-item -->\n<li>Prosecutor<\/li>\n<!-- \/wp:list-item -->\n\n<!-- wp:list-item -->\n<li>Notary<\/li>\n<!-- \/wp:list-item --><\/ul>\n<!-- \/wp:list -->\n\n<!-- wp:paragraph -->\n<p class=\"has-big-font-size\">Passing the second state examination also qualifies you for entry into the higher level of the civil service.<\/p>\n<!-- \/wp:paragraph -->\n\n<!-- wp:spacer {\"height\":\"60px\"} -->\n<div style=\"height:60px\" aria-hidden=\"true\" class=\"wp-block-spacer\"><\/div>\n<!-- \/wp:spacer -->\n\n<!-- wp:paragraph -->\n<p class=\"has-big-font-size\"><strong>Graduates of the Law program at JGU have found work as:<\/strong><\/p>\n<!-- \/wp:paragraph -->\n\n<!-- wp:list -->\n<ul class=\"has-big-font-size\"><!-- wp:list-item -->\n<li>Minister-president of Rhineland-Palatinate<\/li>\n<!-- \/wp:list-item -->\n\n<!-- wp:list-item -->\n<li>Lawyer for a publicly financed broadcasting company<\/li>\n<!-- \/wp:list-item -->\n\n<!-- wp:list-item -->\n<li>Judge for the Federal Social Court<\/li>\n<!-- \/wp:list-item -->\n\n<!-- wp:list-item -->\n<li>Evaluator for the EU\u2019s Competition Commission<\/li>\n<!-- \/wp:list-item -->\n\n<!-- wp:list-item -->\n<li>Head of the code enforcement office for a large city in Rhineland-Palatinate<\/li>\n<!-- \/wp:list-item -->\n\n<!-- wp:list-item -->\n<li>Specialist lawyer for inheritance law<\/li>\n<!-- \/wp:list-item -->\n\n<!-- wp:list-item -->\n<li>Notary in a Hessian town<\/li>\n<!-- \/wp:list-item -->\n\n<!-- wp:list-item -->\n<li>Professor of Public Law at a university<\/li>\n<!-- \/wp:list-item -->\n\n<!-- wp:list-item -->\n<li>Professor of Regulatory Law at a university of applied sciences<\/li>\n<!-- \/wp:list-item -->\n\n<!-- wp:list-item -->\n<li>Prosecutor in Bavaria<\/li>\n<!-- \/wp:list-item -->\n\n<!-- wp:list-item -->\n<li>Employee in the research service of the German <i>Bundestag<\/i><\/li>\n<!-- \/wp:list-item -->\n\n<!-- wp:list-item -->\n<li>Advisor for a labor union<\/li>\n<!-- \/wp:list-item -->\n\n<!-- wp:list-item -->\n<li>Head of division for the association of Hessian cities (<i>Hessischer St\u00e4dtetag<\/i>)<\/li>\n<!-- \/wp:list-item --><\/ul>\n<!-- \/wp:list -->\n<!-- \/wp:jgu\/accordion-item -->\n<!-- \/wp:jgu\/accordion --><\/div><\/div>\n<!-- \/wp:jgu\/section -->\n\n<!-- wp:jgu\/section {\"color\": \"light\"} -->\n<div class=\"jgu-bgsection bg bg-light\"><div class=\"content padding-medium\"><!-- wp:jgu\/slider {\"slidesCount\": 4, \"responsiveSettings\": {\"mobile\": {\"perPage\": 1, \"arrows\": true, \"pagination\": false}, \"tablet\": {\"perPage\": 4, \"arrows\": true, \"pagination\": false}, \"desktop\": {\"perPage\": 4, \"arrows\": true, \"pagination\": false}, \"desktop-xl\": {\"perPage\": 4, \"arrows\": true, \"pagination\": false}}, \"perPage\": 4} -->\n\n<!-- wp:jgu\/teaserbox {\"headline\":{\"htmlTag\":\"h2\",\"classTag\":\"h4\",\"tag\":\"h2.h4\"},\"color\":\"blue\",\"title\":\"Learn more\",\"excerpt\":\"Would you like to find out more about the degree program\u2019s content, focus, and structure?\\u003cbr\\u003e\\u003cbr\\u003eMore detailed information as well as the module catalog and degree plan can be found on the department\u2019s website.\",\"linkTitle\":\"learn more\",\"link\":{\"url\":\"https:\/\/auslandsbuero.jura.uni-mainz.de\/outgoing\/\",\"opensInNewTab\":true},\"textPositionBottom\":true,\"template\":\"red_h4\"} \/-->\n\n\n\n<!-- wp:jgu\/teaserbox {\"headline\":{\"htmlTag\":\"h2\",\"classTag\":\"h4\",\"tag\":\"h2.h4\"},\"useLinklist\":true,\"color\":\"red\",\"title\":\"Study orientation programs\",\"linkTitle\":\"learn more\",\"template\":\"red_h4\"} -->\n<!-- wp:jgu\/list-item {\"title\":\"\\u003ca href=\\u0022https:\/\/www.studium.uni-mainz.de\/en\/choosing-your-degree-program\/study-orientation\/podcast\/\\u0022 data-type=\\u0022page\\u0022 data-id=\\u00224183\\u0022\\u003e\u201cStudieren! Aber Was?\u201d podcast\\u003c\/a\\u003e\",\"uuid\":\"1675696890085\",\"link\":{\"url\":\"https:\/\/www.studium.uni-mainz.de\/en\/choosing-your-degree-program\/study-orientation\/podcast\/\"}} \/-->\n\n<!-- wp:jgu\/list-item {\"title\":\"\\u003ca href=\\u0022https:\/\/www.studium.uni-mainz.de\/en\/choosing-your-degree-program\/study-orientation\/taster-days\/\\u0022 data-type=\\u0022page\\u0022 data-id=\\u00224195\\u0022\\u003eTaster days\\u003c\/a\\u003e\",\"uuid\":\"1675696802162\",\"link\":{\"url\":\"https:\/\/www.studium.uni-mainz.de\/en\/choosing-your-degree-program\/study-orientation\/taster-days\/\"}} \/-->\n\n<!-- wp:jgu\/list-item {\"title\":\"\\u003ca href=\\u0022https:\/\/www.studium.uni-mainz.de\/en\/choosing-your-degree-program\/study-orientation\/\\u0022 data-type=\\u0022page\\u0022 data-id=\\u00224171\\u0022\\u003eFurther orientation support\\u003c\/a\\u003e\",\"uuid\":\"1675696921545\",\"link\":{\"url\":\"https:\/\/www.studium.uni-mainz.de\/en\/choosing-your-degree-program\/study-orientation\/\"}} \/-->\n<!-- \/wp:jgu\/teaserbox -->\n\n\n\n<!-- wp:jgu\/teaserbox {\"headline\":{\"htmlTag\":\"h2\",\"classTag\":\"h4\",\"tag\":\"h2.h4\"},\"useLinklist\":true,\"color\":\"orange\",\"title\":\"Suitable master\u2019s degree programs at JGU\",\"linkTitle\":\"learn more\",\"textPositionBottom\":true,\"template\":\"red_h4\"} -->\n<!-- wp:jgu\/list-item {\"title\":\"\\u003ca href=\\u0022https:\/\/cms.zdv.uni-mainz.de\/studium\/internationales-privatrecht-und-europaeisches-einheitsrecht_llm\/\\u0022 data-type=\\u0022page\\u0022 data-id=\\u002234328\\u0022\\u003eInternational Private Law and European Uniform Law (LL.M.)\\u003c\/a\\u003e\",\"uuid\":\"1675697088920\",\"link\":{\"url\":\"https:\/\/cms.zdv.uni-mainz.de\/studium\/internationales-privatrecht-und-europaeisches-einheitsrecht_llm\/\"}} \/-->\n<!-- \/wp:jgu\/teaserbox -->\n\n\n\n<!-- wp:jgu\/teaserbox {\"headline\":{\"htmlTag\":\"h2\",\"classTag\":\"h4\",\"tag\":\"h2.h4\"},\"useLinklist\":true,\"color\":\"blue-gray\",\"title\":\"Further information\",\"linkTitle\":\"learn more\",\"template\":\"red_h4\"} -->\n<!-- wp:jgu\/list-item {\"title\":\"\\u003ca href=\\u0022https:\/\/sl.uni-mainz.de\/deutsches-und-franzoesisches-recht\/\\u0022 target=\\u0022_blank\\u0022 rel=\\u0022noreferrer noopener\\u0022\\u003eExamination regulations\\u003c\/a\\u003e\",\"uuid\":\"1675695347607\",\"link\":{\"url\":\"https:\/\/sl.uni-mainz.de\/deutsches-und-franzoesisches-recht\/\"}} \/-->\n\n<!-- wp:jgu\/list-item {\"title\":\"\\u003ca href=\\u0022https:\/\/jura.uni-mainz.de\/\\u0022 target=\\u0022_blank\\u0022 rel=\\u0022noreferrer noopener\\u0022\\u003eDepartment of Law\\u003c\/a\\u003e\",\"uuid\":\"1675695347607\",\"link\":{\"url\":\"https:\/\/jura.uni-mainz.de\/\"}} \/-->\n\n<!-- wp:jgu\/list-item {\"title\":\"\\u003ca href=\\u0022https:\/\/en.rewi.uni-mainz.de\/\\u0022 target=\\u0022_blank\\u0022 rel=\\u0022noreferrer noopener\\u0022\\u003eFaculty 03 \u2013 Law, Management and Economics\\u003c\/a\\u003e\",\"uuid\":\"1675695322903\",\"link\":{\"url\":\"https:\/\/rewi.uni-mainz.de\/\"}} \/-->\n\n<!-- wp:jgu\/list-item {\"title\":\"\\u003ca href=\\u0022https:\/\/fsjura.uni-mainz.de\/\\u0022 target=\\u0022_blank\\u0022 rel=\\u0022noreferrer noopener\\u0022\\u003eStudent Council | Law\\u003c\/a\\u003e\",\"uuid\":\"1675695342860\",\"link\":{\"url\":\"https:\/\/fsjura.uni-mainz.de\/\"}} \/-->\n\n<!-- wp:jgu\/list-item {\"title\":\"\\u003ca href=\\u0022https:\/\/www.instagram.com\/fsjuramainz\/\\u0022 target=\\u0022_blank\\u0022 rel=\\u0022noreferrer noopener\\u0022\\u003eInstagram: Student Council | Law\\u003c\/a\\u003e\",\"uuid\":\"1675695353400\",\"link\":{\"url\":\"https:\/\/www.instagram.com\/fsjuramainz\/\"}} \/-->\n<!-- \/wp:jgu\/teaserbox -->\n\n<!-- \/wp:jgu\/slider --><\/div><\/div>\n<!-- \/wp:jgu\/section -->\n\n<!-- wp:jgu\/anchorpoint {\"title\":\"Applications\",\"slug\":\"applications\"} \/-->\n\n<!-- wp:jgu\/section {\"color\": \"white\"} -->\n<div class=\"jgu-bgsection bg bg-white\"><div class=\"content padding-medium\"><!-- wp:jgu\/heading {\"index\":\"Applications\",\"tags\":{\"htmlTag\":\"h2\",\"classTag\":\"\",\"tag\":\"h2\"},\"heading\":\"\\u003cstrong\\u003eJust a few steps to a spot at university\\u003c\/strong\\u003e\"} \/-->\n\n<!-- wp:columns {\"className\":\"\"} -->\n<div class=\"wp-block-columns\"><!-- wp:column {\"width\":\"66.66%\"} -->\n<div class=\"wp-block-column\" style=\"flex-basis:66.66%\"><!-- wp:block {\"ref\":69} \/-->\n\n<!-- wp:spacer {\"height\":\"60px\"} -->\n<div style=\"height:60px\" aria-hidden=\"true\" class=\"wp-block-spacer\"><\/div>\n<!-- \/wp:spacer -->\n\n<!-- wp:jgu\/modal {\"text\":\"Learn how to apply\"} -->\n<!-- wp:jgu\/heading {\"tags\":{\"htmlTag\":\"h2\",\"classTag\":\"\",\"tag\":\"h2\"},\"heading\":\"Just a few steps to a spot at university\"} \/-->\n\n<!-- wp:jgu\/process-sequence -->\n<!-- wp:jgu\/process-sequence-item {\"blockIndex\":0,\"image\":{\"id\":2118,\"url\":null,\"hideCredit\":true},\"title\":\"How and where do I apply?\"} -->\n<!-- wp:block {\"ref\":978} \/-->\n\n<!-- wp:spacer {\"height\":\"60px\"} -->\n<div style=\"height:60px\" aria-hidden=\"true\" class=\"wp-block-spacer\"><\/div>\n<!-- \/wp:spacer -->\n\n<!-- wp:block {\"ref\":981} \/-->\n\n<!-- wp:paragraph -->\n<p class=\"has-big-font-size\"><strong>DSH-2<\/strong><\/p>\n<!-- \/wp:paragraph -->\n\n<!-- wp:block {\"ref\":1077} \/-->\n\n<!-- wp:paragraph -->\n<p class=\"has-big-font-size\"><strong>S\/G or G course<\/strong><\/p>\n<!-- \/wp:paragraph -->\n<!-- \/wp:jgu\/process-sequence-item -->\n\n<!-- wp:jgu\/process-sequence-item {\"blockIndex\":1,\"image\":{\"id\":2112,\"url\":null,\"hideCredit\":true},\"title\":\"When are applications due?\"} -->\n<!-- wp:block {\"ref\":3078} \/-->\n\n<!-- wp:jgu\/button -->\n<!-- wp:jgu\/button-item {\"text\":\"JGU online application portal\",\"link\":{\"url\":\"https:\/\/jogustine.uni-mainz.de\/\",\"linkTarget\":\"\",\"rel\":\"\",\"title\":\"\"}} \/-->\n<!-- \/wp:jgu\/button -->\n<!-- \/wp:jgu\/process-sequence-item -->\n\n<!-- wp:jgu\/process-sequence-item {\"blockIndex\":2,\"image\":{\"id\":2109,\"url\":null,\"hideCredit\":true},\"title\":\"Is it hard to get in?\"} -->\n<!-- wp:block {\"ref\":3051} \/-->\n<!-- \/wp:jgu\/process-sequence-item -->\n\n<!-- wp:jgu\/process-sequence-item {\"blockIndex\":3,\"image\":{\"id\":2115,\"url\":null,\"hideCredit\":true},\"title\":\"What happens next?\"} -->\n<!-- wp:block {\"ref\":1002} \/-->\n<!-- \/wp:jgu\/process-sequence-item -->\n<!-- \/wp:jgu\/process-sequence -->\n<!-- \/wp:jgu\/modal --><\/div>\n<!-- \/wp:column -->\n\n<!-- wp:column {\"width\":\"33.33%\"} -->\n<div class=\"wp-block-column\" style=\"flex-basis:33.33%\"><!-- wp:block {\"ref\":2067} \/--><\/div>\n<!-- \/wp:column --><\/div>\n<!-- \/wp:columns --><\/div><\/div>\n<!-- \/wp:jgu\/section -->\n\n<!-- wp:jgu\/anchorpoint {\"title\":\"Service \\u0026amp; advising\",\"slug\":\"service-advising\"} \/-->\n\n<!-- wp:jgu\/section {\"color\": \"light\"} -->\n<div class=\"jgu-bgsection bg bg-light\"><div class=\"content padding-medium\"><!-- wp:jgu\/heading {\"index\":\"Service \\u0026amp; advising\",\"tags\":{\"htmlTag\":\"h2\",\"classTag\":\"\",\"tag\":\"h2\"},\"heading\":\"\\u003cstrong\\u003eLooking for more information?\\u003c\/strong\\u003e\"} \/-->\n\n<!-- wp:columns {\"className\":\"\"} -->\n<div class=\"wp-block-columns\"><!-- wp:column {\"width\":\"33.33%\"} -->\n<div class=\"wp-block-column\" style=\"flex-basis:33.33%\"><!-- wp:block {\"ref\":2091} \/--><\/div>\n<!-- \/wp:column -->\n\n<!-- wp:column {\"width\":\"66.66%\"} -->\n<div class=\"wp-block-column\" style=\"flex-basis:66.66%\"><!-- wp:jgu\/tabs {\"autoRatio\":false,\"stackMobile\":true,\"hasAllOpenButton\":false,\"onlyOne\":true,\"initAllClosed\":false,\"layout\":{\"type\":\"flex\",\"flexWrap\":\"nowrap\",\"justifyContent\":\"left\",\"orientation\":\"vertical\"}} -->\n<!-- wp:jgu\/tabs-item {\"title\":\"Student Advisory Center\",\"slug\":\"student-advisory-center\"} -->\n<!-- wp:block {\"ref\":87} \/-->\n<!-- \/wp:jgu\/tabs-item -->\n\n<!-- wp:jgu\/tabs-item {\"title\":\"Academic Advisory Office\",\"slug\":\"academic-advisory-office\"} -->\n<!-- wp:block {\"ref\":73587} \/-->\n\n<!-- wp:jgu\/heading {\"tags\":{\"htmlTag\":\"h2\",\"classTag\":\"h5\",\"tag\":\"h2.h5\"},\"heading\":\"Academic Advisory Office\\u003cbr\\u003eRecognition of study and examination achievements\\u003cbr\\u003eContact for pre-university program (for school pupils)\"} \/-->\n\n<!-- wp:block {\"ref\":70113} \/-->\n\n<!-- wp:jgu\/heading {\"tags\":{\"htmlTag\":\"h2\",\"classTag\":\"h5\",\"tag\":\"h2.h5\"},\"heading\":\"Questions about studying abroad\"} \/-->\n\n<!-- wp:block {\"ref\":68682} \/-->\n\n<!-- wp:jgu\/heading {\"tags\":{\"htmlTag\":\"h2\",\"classTag\":\"h5\",\"tag\":\"h2.h5\"},\"heading\":\"Questions about the integrated German-French study programs\"} \/-->\n\n<!-- wp:block {\"ref\":68688} \/-->\n<!-- \/wp:jgu\/tabs-item -->\n\n<!-- wp:jgu\/tabs-item {\"title\":\"Student Representative Council\",\"slug\":\"student-representative-council\"} -->\n<!-- wp:block {\"ref\":77141} \/-->\n\n<!-- wp:block {\"ref\":33749} \/-->\n<!-- \/wp:jgu\/tabs-item -->\n<!-- \/wp:jgu\/tabs --><\/div>\n<!-- \/wp:column --><\/div>\n<!-- \/wp:columns --><\/div><\/div>\n<!-- \/wp:jgu\/section -->","_links":{"self":[{"href":"https:\/\/www.studium.uni-mainz.de\/en\/wp-json\/wp\/v2\/pages\/82985","targetHints":{"allow":["GET"]}}],"collection":[{"href":"https:\/\/www.studium.uni-mainz.de\/en\/wp-json\/wp\/v2\/pages"}],"about":[{"href":"https:\/\/www.studium.uni-mainz.de\/en\/wp-json\/wp\/v2\/types\/page"}],"author":[{"embeddable":true,"href":"https:\/\/www.studium.uni-mainz.de\/en\/wp-json\/wp\/v2\/users\/27"}],"replies":[{"embeddable":true,"href":"https:\/\/www.studium.uni-mainz.de\/en\/wp-json\/wp\/v2\/comments?post=82985"}],"version-history":[{"count":4,"href":"https:\/\/www.studium.uni-mainz.de\/en\/wp-json\/wp\/v2\/pages\/82985\/revisions"}],"predecessor-version":[{"id":85256,"href":"https:\/\/www.studium.uni-mainz.de\/en\/wp-json\/wp\/v2\/pages\/82985\/revisions\/85256"}],"up":[{"embeddable":true,"href":"https:\/\/www.studium.uni-mainz.de\/en\/wp-json\/wp\/v2\/pages\/45944"}],"wp:attachment":[{"href":"https:\/\/www.studium.uni-mainz.de\/en\/wp-json\/wp\/v2\/media?parent=82985"}],"wp:term":[{"taxonomy":"category","embeddable":true,"href":"https:\/\/www.studium.uni-mainz.de\/en\/wp-json\/wp\/v2\/categories?post=82985"},{"taxonomy":"post_tag","embeddable":true,"href":"https:\/\/www.studium.uni-mainz.de\/en\/wp-json\/wp\/v2\/tags?post=82985"}],"curies":[{"name":"wp","href":"https:\/\/api.w.org\/{rel}","templated":true}]}}